{"version":"1.0","provider_name":"\u00c9quipe Canada | Site officiel de l&#039;\u00e9quipe olympique","provider_url":"https:\/\/develop.olympic.ca\/olympique","author_name":"Paula Nichols","author_url":"https:\/\/develop.olympic.ca\/olympique\/author\/pnichols\/","title":"Emma Miskew - \u00c9quipe Canada | Site officiel de l&#039;\u00e9quipe olympique","type":"rich","width":600,"height":338,"html":"<blockquote class=\"wp-embedded-content\" data-secret=\"4uYdWliZU8\"><a href=\"https:\/\/develop.olympic.ca\/olympique\/team-canada\/emma-miskew\/\">Emma Miskew<\/a><\/blockquote><iframe sandbox=\"allow-scripts\" security=\"restricted\" src=\"https:\/\/develop.olympic.ca\/olympique\/team-canada\/emma-miskew\/embed\/#?secret=4uYdWliZU8\" width=\"600\" height=\"338\" title=\"\u00ab\u00a0Emma Miskew\u00a0\u00bb &#8212; \u00c9quipe Canada | Site officiel de l&#039;\u00e9quipe olympique\" data-secret=\"4uYdWliZU8\" frameborder=\"0\" marginwidth=\"0\" marginheight=\"0\" scrolling=\"no\" class=\"wp-embedded-content\"><\/iframe><script>\n\/*! This file is auto-generated *\/\n!function(d,l){\"use strict\";l.querySelector&&d.addEventListener&&\"undefined\"!=typeof URL&&(d.wp=d.wp||{},d.wp.receiveEmbedMessage||(d.wp.receiveEmbedMessage=function(e){var t=e.data;if((t||t.secret||t.message||t.value)&&!\/[^a-zA-Z0-9]\/.test(t.secret)){for(var s,r,n,a=l.querySelectorAll('iframe[data-secret=\"'+t.secret+'\"]'),o=l.querySelectorAll('blockquote[data-secret=\"'+t.secret+'\"]'),c=new RegExp(\"^https?:$\",\"i\"),i=0;i<o.length;i++)o[i].style.display=\"none\";for(i=0;i<a.length;i++)s=a[i],e.source===s.contentWindow&&(s.removeAttribute(\"style\"),\"height\"===t.message?(1e3<(r=parseInt(t.value,10))?r=1e3:~~r<200&&(r=200),s.height=r):\"link\"===t.message&&(r=new URL(s.getAttribute(\"src\")),n=new URL(t.value),c.test(n.protocol))&&n.host===r.host&&l.activeElement===s&&(d.top.location.href=t.value))}},d.addEventListener(\"message\",d.wp.receiveEmbedMessage,!1),l.addEventListener(\"DOMContentLoaded\",function(){for(var e,t,s=l.querySelectorAll(\"iframe.wp-embedded-content\"),r=0;r<s.length;r++)(t=(e=s[r]).getAttribute(\"data-secret\"))||(t=Math.random().toString(36).substring(2,12),e.src+=\"#?secret=\"+t,e.setAttribute(\"data-secret\",t)),e.contentWindow.postMessage({message:\"ready\",secret:t},\"*\")},!1)))}(window,document);\n\/\/# sourceURL=https:\/\/develop.olympic.ca\/olympique\/wp-includes\/js\/wp-embed.min.js\n<\/script>\n","thumbnail_url":"https:\/\/develop.olympic.ca\/olympique\/wp-content\/uploads\/sites\/2\/2017\/12\/team-canada-emma-miskew-e1512957545966.jpg?quality=100","thumbnail_width":1340,"thumbnail_height":754,"description":"Emma Miskew \u00e9tait la troisi\u00e8me joueuse de l\u2019\u00e9quipe dirig\u00e9e par la capitaine Rachel Homan, qui a remport\u00e9 l\u2019or aux Championnats du monde de curling f\u00e9minin\u00a02017. Cette \u00e9quipe, qui \u00e9tait \u00e9galement compos\u00e9e de Joanne Courtney (deuxi\u00e8me) et de Lisa Weagle (premi\u00e8re), a d\u00e9croch\u00e9 le premier titre mondial du Canada en curling f\u00e9minin depuis 2008, mettant ainsi fin \u00e0 la plus longue disette du pays. Elle est \u00e9galement devenue la premi\u00e8re \u00e9quipe invaincue aux Championnats du monde f\u00e9minins en 39\u00a0ans d\u2019existence de l\u2019\u00e9v\u00e9nement gr\u00e2ce \u00e0 une fiche parfaite de 13-0."}