{"version":"1.0","provider_name":"\u00c9quipe Canada | Site officiel de l&#039;\u00e9quipe olympique","provider_url":"https:\/\/develop.olympic.ca\/olympique","author_name":"aguiney1","author_url":"https:\/\/develop.olympic.ca\/olympique\/author\/aguiney1\/","title":"Jos\u00e9e B\u00e9langer - \u00c9quipe Canada | Site officiel de l&#039;\u00e9quipe olympique","type":"rich","width":600,"height":338,"html":"<blockquote class=\"wp-embedded-content\" data-secret=\"7fOeSxYku9\"><a href=\"https:\/\/develop.olympic.ca\/olympique\/team-canada\/josee-belanger\/\">Jos\u00e9e B\u00e9langer<\/a><\/blockquote><iframe sandbox=\"allow-scripts\" security=\"restricted\" src=\"https:\/\/develop.olympic.ca\/olympique\/team-canada\/josee-belanger\/embed\/#?secret=7fOeSxYku9\" width=\"600\" height=\"338\" title=\"\u00ab\u00a0Jos\u00e9e B\u00e9langer\u00a0\u00bb &#8212; \u00c9quipe Canada | Site officiel de l&#039;\u00e9quipe olympique\" data-secret=\"7fOeSxYku9\" frameborder=\"0\" marginwidth=\"0\" marginheight=\"0\" scrolling=\"no\" class=\"wp-embedded-content\"><\/iframe><script>\n\/*! This file is auto-generated *\/\n!function(d,l){\"use strict\";l.querySelector&&d.addEventListener&&\"undefined\"!=typeof URL&&(d.wp=d.wp||{},d.wp.receiveEmbedMessage||(d.wp.receiveEmbedMessage=function(e){var t=e.data;if((t||t.secret||t.message||t.value)&&!\/[^a-zA-Z0-9]\/.test(t.secret)){for(var s,r,n,a=l.querySelectorAll('iframe[data-secret=\"'+t.secret+'\"]'),o=l.querySelectorAll('blockquote[data-secret=\"'+t.secret+'\"]'),c=new RegExp(\"^https?:$\",\"i\"),i=0;i<o.length;i++)o[i].style.display=\"none\";for(i=0;i<a.length;i++)s=a[i],e.source===s.contentWindow&&(s.removeAttribute(\"style\"),\"height\"===t.message?(1e3<(r=parseInt(t.value,10))?r=1e3:~~r<200&&(r=200),s.height=r):\"link\"===t.message&&(r=new URL(s.getAttribute(\"src\")),n=new URL(t.value),c.test(n.protocol))&&n.host===r.host&&l.activeElement===s&&(d.top.location.href=t.value))}},d.addEventListener(\"message\",d.wp.receiveEmbedMessage,!1),l.addEventListener(\"DOMContentLoaded\",function(){for(var e,t,s=l.querySelectorAll(\"iframe.wp-embedded-content\"),r=0;r<s.length;r++)(t=(e=s[r]).getAttribute(\"data-secret\"))||(t=Math.random().toString(36).substring(2,12),e.src+=\"#?secret=\"+t,e.setAttribute(\"data-secret\",t)),e.contentWindow.postMessage({message:\"ready\",secret:t},\"*\")},!1)))}(window,document);\n\/\/# sourceURL=https:\/\/develop.olympic.ca\/olympique\/wp-includes\/js\/wp-embed.min.js\n<\/script>\n","thumbnail_url":"https:\/\/develop.olympic.ca\/olympique\/wp-content\/uploads\/sites\/2\/2016\/06\/vs-brazil-4.jpg?quality=100","thumbnail_width":1340,"thumbnail_height":754,"description":"C\u2019est lors des Jeux panam\u00e9ricains de 2003 \u00e0 Santo Domingo que Jos\u00e9e B\u00e9langer a port\u00e9 l\u2019uniforme du Canada pour la premi\u00e8re fois. L\u2019ann\u00e9e suivante, alors \u00e2g\u00e9e de 18\u00a0ans, elle fait ses d\u00e9buts dans l\u2019\u00e9quipe nationale senior. En 2004, elle a aid\u00e9 le Canada \u00e0 remporter la m\u00e9daille d\u2019or du Championnat des moins de 20\u00a0ans de la CONCACAF et pris part \u00e0 la Coupe du monde f\u00e9minine de la FIFA des moins de 19\u00a0ans o\u00f9 le Canada s\u2019est class\u00e9 au 5e rang."}