{"version":"1.0","provider_name":"\u00c9quipe Canada | Site officiel de l&#039;\u00e9quipe olympique","provider_url":"https:\/\/develop.olympic.ca\/olympique","author_name":"Florence Gauthier","author_url":"https:\/\/develop.olympic.ca\/olympique\/author\/florencegauthier\/","title":"Olivier Jean - \u00c9quipe Canada | Site officiel de l&#039;\u00e9quipe olympique","type":"rich","width":600,"height":338,"html":"<blockquote class=\"wp-embedded-content\" data-secret=\"DjTimuI3bS\"><a href=\"https:\/\/develop.olympic.ca\/olympique\/team-canada\/olivier-jean\/\">Olivier Jean<\/a><\/blockquote><iframe sandbox=\"allow-scripts\" security=\"restricted\" src=\"https:\/\/develop.olympic.ca\/olympique\/team-canada\/olivier-jean\/embed\/#?secret=DjTimuI3bS\" width=\"600\" height=\"338\" title=\"\u00ab\u00a0Olivier Jean\u00a0\u00bb &#8212; \u00c9quipe Canada | Site officiel de l&#039;\u00e9quipe olympique\" data-secret=\"DjTimuI3bS\" frameborder=\"0\" marginwidth=\"0\" marginheight=\"0\" scrolling=\"no\" class=\"wp-embedded-content\"><\/iframe><script>\n\/*! This file is auto-generated *\/\n!function(d,l){\"use strict\";l.querySelector&&d.addEventListener&&\"undefined\"!=typeof URL&&(d.wp=d.wp||{},d.wp.receiveEmbedMessage||(d.wp.receiveEmbedMessage=function(e){var t=e.data;if((t||t.secret||t.message||t.value)&&!\/[^a-zA-Z0-9]\/.test(t.secret)){for(var s,r,n,a=l.querySelectorAll('iframe[data-secret=\"'+t.secret+'\"]'),o=l.querySelectorAll('blockquote[data-secret=\"'+t.secret+'\"]'),c=new RegExp(\"^https?:$\",\"i\"),i=0;i<o.length;i++)o[i].style.display=\"none\";for(i=0;i<a.length;i++)s=a[i],e.source===s.contentWindow&&(s.removeAttribute(\"style\"),\"height\"===t.message?(1e3<(r=parseInt(t.value,10))?r=1e3:~~r<200&&(r=200),s.height=r):\"link\"===t.message&&(r=new URL(s.getAttribute(\"src\")),n=new URL(t.value),c.test(n.protocol))&&n.host===r.host&&l.activeElement===s&&(d.top.location.href=t.value))}},d.addEventListener(\"message\",d.wp.receiveEmbedMessage,!1),l.addEventListener(\"DOMContentLoaded\",function(){for(var e,t,s=l.querySelectorAll(\"iframe.wp-embedded-content\"),r=0;r<s.length;r++)(t=(e=s[r]).getAttribute(\"data-secret\"))||(t=Math.random().toString(36).substring(2,12),e.src+=\"#?secret=\"+t,e.setAttribute(\"data-secret\",t)),e.contentWindow.postMessage({message:\"ready\",secret:t},\"*\")},!1)))}(window,document);\n\/\/# sourceURL=https:\/\/develop.olympic.ca\/olympique\/wp-includes\/js\/wp-embed.min.js\n<\/script>\n","thumbnail_url":"https:\/\/develop.olympic.ca\/olympique\/wp-content\/uploads\/sites\/2\/2011\/09\/olivier_jean_action_2010_e_1340px.jpg?quality=100","thumbnail_width":1340,"thumbnail_height":887,"description":"Champion olympique et mondial en patinage de vitesse sur courte piste, Olivier Jean a remport\u00e9 la m\u00e9daille de bronze aux Championnats du monde par distances individuelles en 2017 seulement \u00e0 sa troisi\u00e8me participation \u00e0 une \u00e9preuve de d\u00e9part group\u00e9. Olivier a pris part \u00e0 sa premi\u00e8re Coupe du monde sur longue piste \u00e0 l\u2019automne\u00a02015. Il n\u2019aimait pas l\u2019id\u00e9e de courser contre la montre, mais il \u00e9tait d\u2019avis que le d\u00e9part group\u00e9 (qui fait son entr\u00e9e au programme olympique \u00e0 PyeongChang\u00a02018) pouvait lui convenir parfaitement. Il a pass\u00e9 quatre mois aux Pays-Bas \u00e0 s\u2019entra\u00eener pour des marathons de patinage afin d\u2019am\u00e9liorer sa forme physique pour les courses de distances."}