{"id":102562,"date":"2015-05-22T09:36:12","date_gmt":"2015-05-22T13:36:12","guid":{"rendered":"http:\/\/develop.olympic.ca\/olympique\/?post_type=athletes&#038;p=102562"},"modified":"2015-05-22T16:54:52","modified_gmt":"2015-05-22T20:54:52","slug":"jay-deakin","status":"publish","type":"athletes","link":"https:\/\/develop.olympic.ca\/olympique\/team-canada\/jay-deakin\/","title":{"rendered":"Jay Deakin"},"content":{"rendered":"<p><a href=\"https:\/\/develop.olympic.ca\/wp-content\/uploads\/sites\/2\/2015\/05\/jay-deakin_600.jpg?quality=100\"><img loading=\"lazy\" decoding=\"async\" class=\"alignleft wp-image-102563 \" src=\"https:\/\/develop.olympic.ca\/wp-content\/uploads\/sites\/2\/2015\/05\/jay-deakin_600-e1432301765690.jpg?quality=100&amp;w=311\" alt=\"Jay-Deakin_600\" width=\"181\" height=\"216\" srcset=\"https:\/\/develop.olympic.ca\/olympique\/wp-content\/uploads\/sites\/2\/2015\/05\/jay-deakin_600-e1432301765690.jpg 430w, https:\/\/develop.olympic.ca\/olympique\/wp-content\/uploads\/sites\/2\/2015\/05\/jay-deakin_600-e1432301765690.jpg?resize=132,158 132w, https:\/\/develop.olympic.ca\/olympique\/wp-content\/uploads\/sites\/2\/2015\/05\/jay-deakin_600-e1432301765690.jpg?resize=311,371 311w\" sizes=\"(max-width: 181px) 100vw, 181px\" \/><\/a>Jay Deakin poss\u00e8de une grande exp\u00e9rience de la comp\u00e9tition internationale avec ses cinq participations aux Championnats du monde de Lightning (1999, 2003, 2005, 2007, 2009) et ses deux participations aux Championnats du monde de Soling (2007, 2009). En 2009, le skipper de son Lightning \u00e9tait son co\u00e9quipier des Jeux panam\u00e9ricains, Jamie Allan. Son meilleur r\u00e9sultat en carri\u00e8re est une septi\u00e8me place aux Championnats du monde de 2003.<\/p>\n<h2>\u00c0 PROPOS DE L\u2019ATHL\u00c8TE<\/h2>\n<p><strong>Famille\u00a0: <\/strong>Il est le fils de John Deakin et Nancy Kemp-Deakin. Sa s\u0153ur cadette s\u2019appelle Lindsay. Sa conjointe s\u2019appelle Cynthia Ferlaino. Il a deux fils, Ben (n\u00e9 en juin 2010) et Luke (n\u00e9 en f\u00e9vrier 2012).<strong> D\u00e9buts\u00a0: <\/strong>Il a fait ses d\u00e9buts en voile \u00e0 l\u2019\u00e2ge de 10 ans parce que ce sport \u00e9tait une affaire de famille. <strong>Autres int\u00e9r\u00eats\u00a0: <\/strong>Il aime jouer au golf, faire du ski et courir. Il travaille comme courtier immobilier. Il est titulaire d\u2019un baccalaur\u00e9at en commerce et d\u2019un dipl\u00f4me de deuxi\u00e8me cycle en \u00e9valuation fonci\u00e8re. Il appuie Les services \u00e0 la famille Amcal, \u00e0 Pointe-Claire, un organisme de bienfaisance qui vient en aide aux adolescents en difficult\u00e9. <strong>De tout et de rien\u00a0:<\/strong> On le surnomme Jay Bird. Son mod\u00e8le est le m\u00e9daill\u00e9 de bronze des Jeux panam\u00e9ricains de 1999 Larry McDonald pour son engagement envers les jeunes navigateurs. Il aime que son bateau soit le premier \u00e0 l\u2019eau.<\/p>\n<h2>PALMAR\u00c8S INTERNATIONAL<\/h2>\n<p>ChM Lightning\u00a0:<strong> 2009 <\/strong>\u2013 18<sup>e<\/sup>; <strong>2007<\/strong> \u2013 10<sup>e<\/sup>; <strong>2003 <\/strong>\u2013 7<sup>e<\/sup><\/p>\n","protected":false},"excerpt":{"rendered":"<p>Jay Deakin poss\u00e8de une grande exp\u00e9rience de la comp\u00e9tition internationale avec ses cinq participations aux Championnats du monde de Lightning&#8230;<\/p>\n","protected":false},"featured_media":0,"template":"","tags":[],"hof-categories":[],"year-inducted":[],"gender":[42123],"season":[],"sport":[49360],"game":[334881982],"team":[415982999],"event":[358006129],"province":[],"class_list":["post-102562","athletes","type-athletes","status-publish","hentry","gender-masculin","sport-voile","game-2015-toronto","team-toronto-2015-voile","event-lightning-hommes"],"acf":[],"featured_image_url":"","category_names":[],"tag_names":[],"sport_names":[520],"game_names":["Toronto 2015"],"season_names":[],"team_names":["Toronto 2015 - Voile"],"province_names":[],"social_facebook":"","social_twitter":"","social_linkedin":"","social_gplus":"","social_instagram":"","social_website":"www.deakinrealty.ca","total_medal_count_gold":"","total_medal_count_silver":"","total_medal_count_bronze":"","athlete_headshot":"","athlete_height":"175","athlete_weight":"70","athlete_hometown":"Point-Claire (Qc)","athlete_birthplace":"Point-Claire (Qc)","coc_gracenote_id":"","athlete_dob":"June 8, 1978","athlete_age":48,"jetpack_sharing_enabled":true,"_links":{"self":[{"href":"https:\/\/develop.olympic.ca\/olympique\/wp-json\/wp\/v2\/athletes\/102562","targetHints":{"allow":["GET"]}}],"collection":[{"href":"https:\/\/develop.olympic.ca\/olympique\/wp-json\/wp\/v2\/athletes"}],"about":[{"href":"https:\/\/develop.olympic.ca\/olympique\/wp-json\/wp\/v2\/types\/athletes"}],"version-history":[{"count":0,"href":"https:\/\/develop.olympic.ca\/olympique\/wp-json\/wp\/v2\/athletes\/102562\/revisions"}],"wp:attachment":[{"href":"https:\/\/develop.olympic.ca\/olympique\/wp-json\/wp\/v2\/media?parent=102562"}],"wp:term":[{"taxonomy":"post_tag","embeddable":true,"href":"https:\/\/develop.olympic.ca\/olympique\/wp-json\/wp\/v2\/tags?post=102562"},{"taxonomy":"hof-categories","embeddable":true,"href":"https:\/\/develop.olympic.ca\/olympique\/wp-json\/wp\/v2\/hof-categories?post=102562"},{"taxonomy":"year-inducted","embeddable":true,"href":"https:\/\/develop.olympic.ca\/olympique\/wp-json\/wp\/v2\/year-inducted?post=102562"},{"taxonomy":"gender","embeddable":true,"href":"https:\/\/develop.olympic.ca\/olympique\/wp-json\/wp\/v2\/gender?post=102562"},{"taxonomy":"season","embeddable":true,"href":"https:\/\/develop.olympic.ca\/olympique\/wp-json\/wp\/v2\/season?post=102562"},{"taxonomy":"sport","embeddable":true,"href":"https:\/\/develop.olympic.ca\/olympique\/wp-json\/wp\/v2\/sport?post=102562"},{"taxonomy":"game","embeddable":true,"href":"https:\/\/develop.olympic.ca\/olympique\/wp-json\/wp\/v2\/game?post=102562"},{"taxonomy":"team","embeddable":true,"href":"https:\/\/develop.olympic.ca\/olympique\/wp-json\/wp\/v2\/team?post=102562"},{"taxonomy":"event","embeddable":true,"href":"https:\/\/develop.olympic.ca\/olympique\/wp-json\/wp\/v2\/event?post=102562"},{"taxonomy":"province","embeddable":true,"href":"https:\/\/develop.olympic.ca\/olympique\/wp-json\/wp\/v2\/province?post=102562"}],"curies":[{"name":"wp","href":"https:\/\/api.w.org\/{rel}","templated":true}]}}