{"id":102590,"date":"2015-05-22T11:39:51","date_gmt":"2015-05-22T15:39:51","guid":{"rendered":"http:\/\/develop.olympic.ca\/olympique\/?post_type=athletes&#038;p=102590"},"modified":"2015-05-22T11:39:51","modified_gmt":"2015-05-22T15:39:51","slug":"nathalie-iliesco","status":"publish","type":"athletes","link":"https:\/\/develop.olympic.ca\/olympique\/team-canada\/nathalie-iliesco\/","title":{"rendered":"Nathalie Iliesco"},"content":{"rendered":"<p><a href=\"https:\/\/develop.olympic.ca\/wp-content\/uploads\/sites\/2\/2015\/05\/nathalie-iliesco_600.jpg?quality=100\"><img loading=\"lazy\" decoding=\"async\" class=\"  wp-image-102592 alignleft\" src=\"https:\/\/develop.olympic.ca\/wp-content\/uploads\/sites\/2\/2015\/05\/nathalie-iliesco_600.jpg?quality=100&amp;w=371\" alt=\"Nathalie-Iliesco_600\" width=\"212\" height=\"212\" srcset=\"https:\/\/develop.olympic.ca\/olympique\/wp-content\/uploads\/sites\/2\/2015\/05\/nathalie-iliesco_600.jpg 600w, https:\/\/develop.olympic.ca\/olympique\/wp-content\/uploads\/sites\/2\/2015\/05\/nathalie-iliesco_600.jpg?resize=158,158 158w, https:\/\/develop.olympic.ca\/olympique\/wp-content\/uploads\/sites\/2\/2015\/05\/nathalie-iliesco_600.jpg?resize=371,371 371w\" sizes=\"(max-width: 212px) 100vw, 212px\" \/><\/a>Nathalie Iliesco a mont\u00e9 les marches du podium \u00e0 sa toute premi\u00e8re \u00e9preuve internationale quand elle a remport\u00e9 la m\u00e9daille d\u2019argent \u00e0 l\u2019Omnium des Pays-Bas en 2013. Cette m\u00eame ann\u00e9e a \u00e9t\u00e9 pleine de rebondissements pour Nathalie qui a fait ses d\u00e9buts aux Championnats du monde de taekwondo, o\u00f9 elle a termin\u00e9 parmi les 16 premi\u00e8res, et a particip\u00e9 \u00e0 sa premi\u00e8re \u00e9preuve de Grand Prix \u00e0 Manchester. En 2014, elle a d\u00e9croch\u00e9 sa premi\u00e8re m\u00e9daille d\u2019or sur la sc\u00e8ne internationale \u00e0 l\u2019Omnium mexicain et a ajout\u00e9 par la suite des m\u00e9dailles d\u2019argent aux Championnats du Commonwealth et \u00e0 l\u2019Omnium panam\u00e9ricain. Elle a commenc\u00e9 l\u2019ann\u00e9e 2015 avec une m\u00e9daille d\u2019argent \u00e0 l\u2019Omnium canadien avant sa deuxi\u00e8me participation aux Championnats du monde.<\/p>\n<h2>\u00c0 PROPOS DE L\u2019ATHL\u00c8TE<\/h2>\n<p><strong>Famille\u00a0:<\/strong> Ses parents s\u2019appellent Serge Iliesco et Nadia Parker. Son fr\u00e8re a\u00een\u00e9 Christopher fait aussi partie de l\u2019\u00e9quipe canadienne de taekwondo pour les Jeux panam\u00e9ricains de 2015 \u00e0 Toronto. <strong>D\u00e9buts\u00a0:<\/strong> Elle s\u2019est initi\u00e9e au taekwondo \u00e0 l\u2019\u00e2ge de 4\u00a0ans. Son p\u00e8re a toujours aim\u00e9 les arts martiaux, lui qui d\u00e9tient aussi une ceinture noire en judo et en taekwondo. Apr\u00e8s l\u2019initiation de son fr\u00e8re au taekwondo, elle voulait faire comme lui et a d\u00e9cid\u00e9 d\u2019essayer le sport. <strong>Autres int\u00e9r\u00eats\u00a0<\/strong>: Elle fait ses \u00e9tudes en urbanisme \u00e0 l\u2019UQAM. Elle aime pratiquer le yoga chaud, dessiner, faire de la photographie, nager, faire des randonn\u00e9es p\u00e9destres et voyager. Elle travaille \u00e0 temps partiel dans une garderie. <strong>De tout et de rien\u00a0<\/strong>: On la surnomme Nat. Elle s\u2019inspire de Roxane Forget qui a d\u00e9croch\u00e9 une m\u00e9daille d\u2019argent aux Championnats du monde de 1997, prouvant du coup que les femmes pouvaient \u00eatre, elles aussi, de grandes combattantes. Elle se procure toujours des barres Vector au chocolat pour la journ\u00e9e de comp\u00e9tition. Elle voyage toujours avec son carnet de notes. Elle collectionne de la monnaie et des porte-cl\u00e9s de ses voyages. Sa devise\u00a0: \u00ab\u00a0Quand on veut, on peut!\u00a0\u00bb<\/p>\n<h2>PALMAR\u00c8S INTERNATIONAL<\/h2>\n<p>ChM WTF\u00a0: <strong>2015<\/strong> \u2013 16<sup>es<\/sup> de finales (73\u00a0kg); <strong>2013<\/strong> \u2013 8<sup>es<\/sup> de finales (67\u00a0kg)<\/p>\n","protected":false},"excerpt":{"rendered":"<p>Nathalie Iliesco a mont\u00e9 les marches du podium \u00e0 sa toute premi\u00e8re \u00e9preuve internationale quand elle a remport\u00e9 la m\u00e9daille&#8230;<\/p>\n","protected":false},"featured_media":0,"template":"","tags":[],"hof-categories":[],"year-inducted":[],"gender":[23319],"season":[],"sport":[19815],"game":[334881982],"team":[415982993],"event":[181822020],"province":[],"class_list":["post-102590","athletes","type-athletes","status-publish","hentry","gender-feminin","sport-taekwondo","game-2015-toronto","team-toronto-2015-taekwondo","event-67kg-women"],"acf":[],"featured_image_url":"","category_names":[],"tag_names":[],"sport_names":[548],"game_names":["Toronto 2015"],"season_names":[],"team_names":["Toronto 2015 Taekwondo"],"province_names":[],"social_facebook":"","social_twitter":"@NatIliesco","social_linkedin":"","social_gplus":"","social_instagram":"","social_website":"","total_medal_count_gold":"","total_medal_count_silver":"","total_medal_count_bronze":"","athlete_headshot":"","athlete_height":"180","athlete_weight":"68","athlete_hometown":"Montr\u00e9al (Qc)","athlete_birthplace":"Montr\u00e9al (Qc)","coc_gracenote_id":"","athlete_dob":"February 14, 1991","athlete_age":35,"jetpack_sharing_enabled":true,"_links":{"self":[{"href":"https:\/\/develop.olympic.ca\/olympique\/wp-json\/wp\/v2\/athletes\/102590","targetHints":{"allow":["GET"]}}],"collection":[{"href":"https:\/\/develop.olympic.ca\/olympique\/wp-json\/wp\/v2\/athletes"}],"about":[{"href":"https:\/\/develop.olympic.ca\/olympique\/wp-json\/wp\/v2\/types\/athletes"}],"version-history":[{"count":0,"href":"https:\/\/develop.olympic.ca\/olympique\/wp-json\/wp\/v2\/athletes\/102590\/revisions"}],"wp:attachment":[{"href":"https:\/\/develop.olympic.ca\/olympique\/wp-json\/wp\/v2\/media?parent=102590"}],"wp:term":[{"taxonomy":"post_tag","embeddable":true,"href":"https:\/\/develop.olympic.ca\/olympique\/wp-json\/wp\/v2\/tags?post=102590"},{"taxonomy":"hof-categories","embeddable":true,"href":"https:\/\/develop.olympic.ca\/olympique\/wp-json\/wp\/v2\/hof-categories?post=102590"},{"taxonomy":"year-inducted","embeddable":true,"href":"https:\/\/develop.olympic.ca\/olympique\/wp-json\/wp\/v2\/year-inducted?post=102590"},{"taxonomy":"gender","embeddable":true,"href":"https:\/\/develop.olympic.ca\/olympique\/wp-json\/wp\/v2\/gender?post=102590"},{"taxonomy":"season","embeddable":true,"href":"https:\/\/develop.olympic.ca\/olympique\/wp-json\/wp\/v2\/season?post=102590"},{"taxonomy":"sport","embeddable":true,"href":"https:\/\/develop.olympic.ca\/olympique\/wp-json\/wp\/v2\/sport?post=102590"},{"taxonomy":"game","embeddable":true,"href":"https:\/\/develop.olympic.ca\/olympique\/wp-json\/wp\/v2\/game?post=102590"},{"taxonomy":"team","embeddable":true,"href":"https:\/\/develop.olympic.ca\/olympique\/wp-json\/wp\/v2\/team?post=102590"},{"taxonomy":"event","embeddable":true,"href":"https:\/\/develop.olympic.ca\/olympique\/wp-json\/wp\/v2\/event?post=102590"},{"taxonomy":"province","embeddable":true,"href":"https:\/\/develop.olympic.ca\/olympique\/wp-json\/wp\/v2\/province?post=102590"}],"curies":[{"name":"wp","href":"https:\/\/api.w.org\/{rel}","templated":true}]}}