{"id":102874,"date":"2015-05-31T15:35:01","date_gmt":"2015-05-31T19:35:01","guid":{"rendered":"http:\/\/develop.olympic.ca\/olympique\/?post_type=athletes&#038;p=102874"},"modified":"2015-05-31T15:35:01","modified_gmt":"2015-05-31T19:35:01","slug":"evan-carey","status":"publish","type":"athletes","link":"https:\/\/develop.olympic.ca\/olympique\/team-canada\/evan-carey\/","title":{"rendered":"Evan Carey"},"content":{"rendered":"<p>Evan Carey a \u00e9t\u00e9 appel\u00e9 \u00e0 faire partie de l\u2019\u00e9quipe nationale pour la premi\u00e8re fois \u00e0 l\u2019automne\u00a02014, apr\u00e8s avoir impressionn\u00e9 les d\u00e9pisteurs au cours d\u2019un camp d\u2019entra\u00eenement \u00e0 Los Angeles. Il a particip\u00e9 aux \u00e9preuves de la Coupe du monde UCI pour la premi\u00e8re fois en novembre 2014 comme membre de l\u2019\u00e9quipe de sprint. En janvier 2015, il a fait partie de l\u2019\u00e9quipe de sprint gagnante de la m\u00e9daille d\u2019or et a remport\u00e9 le bronze aux \u00e9preuves de sprint et de keirin aux Championnats canadiens qui ont eu lieu au v\u00e9lodrome de Milton. Evan a ensuite particip\u00e9 \u00e0 ses premiers Championnats du monde UCI en f\u00e9vrier. Il a aid\u00e9 le Canada \u00e0 finir en 13<sup>e<\/sup> place \u00e0 l\u2019\u00e9preuve de sprint par \u00e9quipes.<\/p>\n<h2>\u00c0 PROPOS DE L\u2019ATHL\u00c8TE<\/h2>\n<p><strong>Famille\u00a0:<\/strong> Ses parents se nomment Doug et Linda Carey. Il a une s\u0153ur cadette, Rachel. <strong>D\u00e9buts\u00a0:<\/strong> Il a commenc\u00e9 \u00e0 faire du cyclisme sur piste \u00e0 18\u00a0ans. Il pratiquait l\u2019athl\u00e9tisme, mais apr\u00e8s avoir souffert d\u2019une blessure, il a d\u00fb trouver une m\u00e9thode d\u2019entra\u00eenement diff\u00e9rente. Le cyclisme lui offrait ce qu\u2019il recherchait. \u00c0 partir du moment o\u00f9 il a commenc\u00e9 \u00e0 faire du v\u00e9lo pour s\u2019entra\u00eener, sa passion pour ce sport a commenc\u00e9 \u00e0 cro\u00eetre. <strong>Autres int\u00e9r\u00eats\u00a0:<\/strong> Il est \u00e9tudiant en deuxi\u00e8me ann\u00e9e \u00e0 la Camosun College School of Business et souhaite obtenir un baccalaur\u00e9at en comptabilit\u00e9. Il aime faire de la voile et passer du temps dehors. <strong>De tout et de rien\u00a0:<\/strong> Il souhaite repr\u00e9senter le Canada depuis qu\u2019il a regard\u00e9 les Jeux olympiques de 2002 \u00e0 Salt Lake City \u00e0 la t\u00e9l\u00e9vision. Il s\u2019inspire de Sir Chris Hoy, sextuple m\u00e9daill\u00e9 d\u2019or olympique britannique. Il voyage toujours avec son iPhone qui lui sert aussi d\u2019appareil photo, de bloc-notes, d\u2019enregistreur et de syst\u00e8me de classement.<\/p>\n<h2>PALMAR\u00c8S INTERNATIONAL<\/h2>\n<p>ChM UCI\u00a0: <strong>2015 <\/strong>\u201313<sup>e<\/sup> (sprint par \u00e9quipes)<\/p>\n","protected":false},"excerpt":{"rendered":"<p>Evan Carey a \u00e9t\u00e9 appel\u00e9 \u00e0 faire partie de l\u2019\u00e9quipe nationale pour la premi\u00e8re fois \u00e0 l\u2019automne\u00a02014, apr\u00e8s avoir impressionn\u00e9&#8230;<\/p>\n","protected":false},"featured_media":0,"template":"","tags":[],"hof-categories":[],"year-inducted":[],"gender":[42123],"season":[],"sport":[45096687],"game":[334881982],"team":[87705094],"event":[46639],"province":[],"class_list":["post-102874","athletes","type-athletes","status-publish","hentry","gender-masculin","sport-cyclisme-sur-piste","game-2015-toronto","team-toronto-2015-cyclisme-piste","event-hommes"],"acf":[],"yoast_head":"<!-- This site is optimized with the Yoast SEO plugin v27.3 - https:\/\/yoast.com\/product\/yoast-seo-wordpress\/ -->\n<title>Evan Carey - \u00c9quipe Canada | Site officiel de l&#039;\u00e9quipe olympique<\/title>\n<meta name=\"robots\" content=\"index, follow, max-snippet:-1, max-image-preview:large, max-video-preview:-1\" \/>\n<link rel=\"canonical\" href=\"https:\/\/develop.olympic.ca\/olympique\/team-canada\/evan-carey\/\" \/>\n<meta property=\"og:locale\" content=\"fr_FR\" \/>\n<meta property=\"og:type\" content=\"article\" \/>\n<meta property=\"og:title\" content=\"Evan Carey - \u00c9quipe Canada | Site officiel de l&#039;\u00e9quipe olympique\" \/>\n<meta property=\"og:description\" content=\"Evan Carey a \u00e9t\u00e9 appel\u00e9 \u00e0 faire partie de l\u2019\u00e9quipe nationale pour la premi\u00e8re fois \u00e0 l\u2019automne\u00a02014, apr\u00e8s avoir impressionn\u00e9...\" \/>\n<meta property=\"og:url\" content=\"https:\/\/develop.olympic.ca\/olympique\/team-canada\/evan-carey\/\" \/>\n<meta property=\"og:site_name\" content=\"\u00c9quipe Canada | Site officiel de l&#039;\u00e9quipe olympique\" \/>\n<meta name=\"twitter:card\" content=\"summary_large_image\" \/>\n<meta name=\"twitter:label1\" content=\"Est. reading time\" \/>\n\t<meta name=\"twitter:data1\" content=\"2 minutes\" \/>\n\t<meta name=\"twitter:label2\" content=\"Written by\" \/>\n\t<meta name=\"twitter:data2\" content=\"joshsu\" \/>\n<script type=\"application\/ld+json\" class=\"yoast-schema-graph\">{\"@context\":\"https:\\\/\\\/schema.org\",\"@graph\":[{\"@type\":\"WebPage\",\"@id\":\"https:\\\/\\\/develop.olympic.ca\\\/olympique\\\/team-canada\\\/evan-carey\\\/\",\"url\":\"https:\\\/\\\/develop.olympic.ca\\\/olympique\\\/team-canada\\\/evan-carey\\\/\",\"name\":\"Evan Carey - \u00c9quipe Canada | Site officiel de l&#039;\u00e9quipe olympique\",\"isPartOf\":{\"@id\":\"https:\\\/\\\/develop.olympic.ca\\\/olympique\\\/#website\"},\"datePublished\":\"2015-05-31T19:35:01+00:00\",\"inLanguage\":\"fr-FR\",\"potentialAction\":[{\"@type\":\"ReadAction\",\"target\":[\"https:\\\/\\\/develop.olympic.ca\\\/olympique\\\/team-canada\\\/evan-carey\\\/\"]}]},{\"@type\":\"WebSite\",\"@id\":\"https:\\\/\\\/develop.olympic.ca\\\/olympique\\\/#website\",\"url\":\"https:\\\/\\\/develop.olympic.ca\\\/olympique\\\/\",\"name\":\"\u00c9quipe Canada | Site officiel de l&#039;\u00e9quipe olympique\",\"description\":\"Votre source pour l\u2019\u00c9quipe olympique canadienne. Retrouvez les r\u00e9cits, vid\u00e9os et photos des athl\u00e8tes canadiens, sports olympiques, Jeux olympiques de 2020 et bien plus!\",\"potentialAction\":[{\"@type\":\"SearchAction\",\"target\":{\"@type\":\"EntryPoint\",\"urlTemplate\":\"https:\\\/\\\/develop.olympic.ca\\\/olympique\\\/?s={search_term_string}\"},\"query-input\":{\"@type\":\"PropertyValueSpecification\",\"valueRequired\":true,\"valueName\":\"search_term_string\"}}],\"inLanguage\":\"fr-FR\"}]}<\/script>\n<!-- \/ Yoast SEO plugin. -->","yoast_head_json":{"title":"Evan Carey - \u00c9quipe Canada | Site officiel de l&#039;\u00e9quipe olympique","robots":{"index":"index","follow":"follow","max-snippet":"max-snippet:-1","max-image-preview":"max-image-preview:large","max-video-preview":"max-video-preview:-1"},"canonical":"https:\/\/develop.olympic.ca\/olympique\/team-canada\/evan-carey\/","og_locale":"fr_FR","og_type":"article","og_title":"Evan Carey - \u00c9quipe Canada | Site officiel de l&#039;\u00e9quipe olympique","og_description":"Evan Carey a \u00e9t\u00e9 appel\u00e9 \u00e0 faire partie de l\u2019\u00e9quipe nationale pour la premi\u00e8re fois \u00e0 l\u2019automne\u00a02014, apr\u00e8s avoir impressionn\u00e9...","og_url":"https:\/\/develop.olympic.ca\/olympique\/team-canada\/evan-carey\/","og_site_name":"\u00c9quipe Canada | Site officiel de l&#039;\u00e9quipe olympique","twitter_card":"summary_large_image","twitter_misc":{"Est. reading time":"2 minutes","Written by":"joshsu"},"schema":{"@context":"https:\/\/schema.org","@graph":[{"@type":"WebPage","@id":"https:\/\/develop.olympic.ca\/olympique\/team-canada\/evan-carey\/","url":"https:\/\/develop.olympic.ca\/olympique\/team-canada\/evan-carey\/","name":"Evan Carey - \u00c9quipe Canada | Site officiel de l&#039;\u00e9quipe olympique","isPartOf":{"@id":"https:\/\/develop.olympic.ca\/olympique\/#website"},"datePublished":"2015-05-31T19:35:01+00:00","inLanguage":"fr-FR","potentialAction":[{"@type":"ReadAction","target":["https:\/\/develop.olympic.ca\/olympique\/team-canada\/evan-carey\/"]}]},{"@type":"WebSite","@id":"https:\/\/develop.olympic.ca\/olympique\/#website","url":"https:\/\/develop.olympic.ca\/olympique\/","name":"\u00c9quipe Canada | Site officiel de l&#039;\u00e9quipe olympique","description":"Votre source pour l\u2019\u00c9quipe olympique canadienne. Retrouvez les r\u00e9cits, vid\u00e9os et photos des athl\u00e8tes canadiens, sports olympiques, Jeux olympiques de 2020 et bien plus!","potentialAction":[{"@type":"SearchAction","target":{"@type":"EntryPoint","urlTemplate":"https:\/\/develop.olympic.ca\/olympique\/?s={search_term_string}"},"query-input":{"@type":"PropertyValueSpecification","valueRequired":true,"valueName":"search_term_string"}}],"inLanguage":"fr-FR"}]}},"featured_image_url":"","category_names":[],"tag_names":[],"sport_names":[402],"game_names":["Toronto 2015"],"season_names":[],"team_names":["Toronto 2015 Cyclisme sur piste"],"province_names":[],"social_facebook":"Facebook.com\/evan.carey.cycling","social_twitter":"evan_carey","social_linkedin":"","social_gplus":"","social_instagram":"","social_website":"","total_medal_count_gold":"","total_medal_count_silver":"","total_medal_count_bronze":"","athlete_headshot":"","athlete_height":"183","athlete_weight":"83","athlete_hometown":"Victoria (C.-B.)","athlete_birthplace":"Victoria (C.-B.)","coc_gracenote_id":"","athlete_dob":"March 29, 1994","athlete_age":32,"jetpack_sharing_enabled":true,"_links":{"self":[{"href":"https:\/\/develop.olympic.ca\/olympique\/wp-json\/wp\/v2\/athletes\/102874","targetHints":{"allow":["GET"]}}],"collection":[{"href":"https:\/\/develop.olympic.ca\/olympique\/wp-json\/wp\/v2\/athletes"}],"about":[{"href":"https:\/\/develop.olympic.ca\/olympique\/wp-json\/wp\/v2\/types\/athletes"}],"version-history":[{"count":0,"href":"https:\/\/develop.olympic.ca\/olympique\/wp-json\/wp\/v2\/athletes\/102874\/revisions"}],"wp:attachment":[{"href":"https:\/\/develop.olympic.ca\/olympique\/wp-json\/wp\/v2\/media?parent=102874"}],"wp:term":[{"taxonomy":"post_tag","embeddable":true,"href":"https:\/\/develop.olympic.ca\/olympique\/wp-json\/wp\/v2\/tags?post=102874"},{"taxonomy":"hof-categories","embeddable":true,"href":"https:\/\/develop.olympic.ca\/olympique\/wp-json\/wp\/v2\/hof-categories?post=102874"},{"taxonomy":"year-inducted","embeddable":true,"href":"https:\/\/develop.olympic.ca\/olympique\/wp-json\/wp\/v2\/year-inducted?post=102874"},{"taxonomy":"gender","embeddable":true,"href":"https:\/\/develop.olympic.ca\/olympique\/wp-json\/wp\/v2\/gender?post=102874"},{"taxonomy":"season","embeddable":true,"href":"https:\/\/develop.olympic.ca\/olympique\/wp-json\/wp\/v2\/season?post=102874"},{"taxonomy":"sport","embeddable":true,"href":"https:\/\/develop.olympic.ca\/olympique\/wp-json\/wp\/v2\/sport?post=102874"},{"taxonomy":"game","embeddable":true,"href":"https:\/\/develop.olympic.ca\/olympique\/wp-json\/wp\/v2\/game?post=102874"},{"taxonomy":"team","embeddable":true,"href":"https:\/\/develop.olympic.ca\/olympique\/wp-json\/wp\/v2\/team?post=102874"},{"taxonomy":"event","embeddable":true,"href":"https:\/\/develop.olympic.ca\/olympique\/wp-json\/wp\/v2\/event?post=102874"},{"taxonomy":"province","embeddable":true,"href":"https:\/\/develop.olympic.ca\/olympique\/wp-json\/wp\/v2\/province?post=102874"}],"curies":[{"name":"wp","href":"https:\/\/api.w.org\/{rel}","templated":true}]}}