{"id":103472,"date":"2015-06-12T21:33:21","date_gmt":"2015-06-13T01:33:21","guid":{"rendered":"http:\/\/develop.olympic.ca\/olympique\/?post_type=athletes&#038;p=103472"},"modified":"2018-07-25T16:46:27","modified_gmt":"2018-07-25T20:46:27","slug":"megan-lane","status":"publish","type":"athletes","link":"https:\/\/develop.olympic.ca\/olympique\/team-canada\/megan-lane\/","title":{"rendered":"Megan Lane"},"content":{"rendered":"<p>Megan Lane a d\u00e9couvert le dressage \u00e0 l\u2019\u00e2ge de 8\u00a0ans et elle n\u2019a jamais regard\u00e9 en arri\u00e8re. Son entra\u00eenement a atteint un autre niveau pendant son passage \u00e0 l\u2019acad\u00e9mie Hannoversche Reit-Und Fahrschule, \u00e0 Verden, en Allemagne. Peu de temps apr\u00e8s, elle a repr\u00e9sent\u00e9 le Canada pour la premi\u00e8re fois aux Championnats nord-am\u00e9ricains pour juniors et jeunes cavaliers de la FEI en 2008 \u00e0 Parker, au Colorado. Elle y est retourn\u00e9e \u00e0 quatre reprises et a remport\u00e9 six m\u00e9dailles individuelles avec Caravella, qu\u2019elle a elle-m\u00eame entra\u00een\u00e9e pour le niveau Grand Prix apr\u00e8s l\u2019avoir d\u00e9couverte dans une vente-d\u00e9barras de chevaux de selle anglaise.<\/p>\n<p>Megan a repr\u00e9sent\u00e9 le Canada au sein de l\u2019\u00e9quipe senior pour la premi\u00e8re fois en 2014 \u00e0 l\u2019occasion des Jeux \u00e9questres mondiaux de la FEI en Normandie (France). Toujours sur Caravella, elle a aid\u00e9 l\u2019\u00e9quipe canadienne de dressage \u00e0 se classer en 9<sup>e<\/sup> position en plus de sa 37<sup>e<\/sup> place \u00e0 l\u2019\u00e9preuve individuelle. En 2014, Dressage Canada l\u2019a nomm\u00e9e propri\u00e9taire de l\u2019ann\u00e9e. Megan et Caravella ont commenc\u00e9 la saison 2015 \u00e0 Wellington, en Floride.<\/p>\n<p>Au printemps, le duo a remport\u00e9 plusieurs victoires en sol canadien pendant les derni\u00e8res \u00e9tapes de la qualification pour les Jeux panam\u00e9ricains. Lors des Jeux panam\u00e9ricains de 2015 \u00e0 Toronto, Megan et Caravella \u00e9taient membres de l\u2019\u00e9quipe m\u00e9daill\u00e9e d\u2019argent en dressage qui a battu le record canadien de points r\u00e9colt\u00e9s dans le cadre de grands Jeux. Megan a fait ses d\u00e9buts olympiques aux Jeux de Rio, en 2016, en compagnie de Caravella.<\/p>\n<p><strong style=\"line-height:1.5;\"> \u00c0 propos de Megan<\/strong><\/p>\n<p><strong>Famille\u00a0: <\/strong>Elle est la fille de James et Cathy Lane. Sa s\u0153ur cadette s\u2019appelle Kelsey. <strong>D\u00e9buts\u00a0:<\/strong> D\u00e8s l\u2019\u00e2ge de 4\u00a0ans, elle a d\u00e9montr\u00e9 des habilet\u00e9s exceptionnelles pour l\u2019\u00e9quitation. Un v\u00e9t\u00e9rinaire a \u00e9t\u00e9 si impressionn\u00e9 par son talent naturel qu\u2019il lui a fait cadeau d\u2019un petit poney noir appel\u00e9 \u00ab\u00a0Crazy Bull\u00a0\u00bb. Elle a commenc\u00e9 par faire des comp\u00e9titions de hunter avant de se mettre au dressage. <strong>Au-del\u00e0 des sports \u00e9questres\u00a0:<\/strong> Elle aime la course, la lecture, le jardinage, les sports aquatiques et le ski. Elle parraine un enfant en \u00c9quateur par l\u2019interm\u00e9diaire de Vision mondiale. Elle est entra\u00eeneuse de chevaux pour l\u2019\u00e9curie Deer Ridge Equestrian. On la surnomme Megs. Sa philosophie sportive\u00a0: C\u2019est tr\u00e8s simple, les chevaux sont toute ma vie. Sa devise\u00a0: C\u2019est en s\u2019exer\u00e7ant \u00e0 la perfection qu\u2019on devient parfait.<\/p>\n","protected":false},"excerpt":{"rendered":"<p>Megan Lane a d\u00e9couvert le dressage \u00e0 l\u2019\u00e2ge de 8\u00a0ans et elle n\u2019a jamais regard\u00e9 en arri\u00e8re. Son entra\u00eenement a atteint un autre niveau pendant son passage \u00e0 l\u2019acad\u00e9mie Hannoversche Reit-Und Fahrschule, \u00e0 Verden, en Allemagne. Peu de temps apr\u00e8s, elle a repr\u00e9sent\u00e9 le Canada pour la premi\u00e8re fois aux Championnats nord-am\u00e9ricains pour juniors et jeunes cavaliers de la FEI en 2008 \u00e0 Parker, au Colorado.<\/p>\n","protected":false},"featured_media":120298,"template":"","tags":[73400,1104411,415987417,28952817,415987418,713425,24092971,415983981,415984177,20292794],"hof-categories":[],"year-inducted":[],"gender":[23319],"season":[415983968],"sport":[87705169],"game":[415984561,334881982],"team":[415984141,25963371],"event":[181822782],"province":[415983158],"class_list":["post-103472","athletes","type-athletes","status-publish","has-post-thumbnail","hentry","tag-dressage","tag-equipe-canada","tag-individuel","tag-megan-lane","tag-mixte","tag-rio-2016","tag-sport-equestre","tag-sports-equestres","tag-sports-equestres-dressage","tag-toronto-2015","gender-feminin","season-ete","sport-sports-equestres-dressage","game-2016-rio","game-2015-toronto","team-rio-2016-sports-equestres-dressage","team-toronto-2015-sports-equestres","event-individuel-mixte","province-ontario"],"acf":[],"yoast_head":"<!-- This site is optimized with the Yoast SEO plugin v27.3 - https:\/\/yoast.com\/product\/yoast-seo-wordpress\/ -->\n<title>Megan Lane - \u00c9quipe Canada | Site officiel de l&#039;\u00e9quipe olympique<\/title>\n<meta name=\"robots\" content=\"index, follow, max-snippet:-1, max-image-preview:large, max-video-preview:-1\" \/>\n<link rel=\"canonical\" href=\"https:\/\/develop.olympic.ca\/olympique\/team-canada\/megan-lane\/\" \/>\n<meta property=\"og:locale\" content=\"fr_FR\" \/>\n<meta property=\"og:type\" content=\"article\" \/>\n<meta property=\"og:title\" content=\"Megan Lane - \u00c9quipe Canada | Site officiel de l&#039;\u00e9quipe olympique\" \/>\n<meta property=\"og:description\" content=\"Megan Lane a d\u00e9couvert le dressage \u00e0 l\u2019\u00e2ge de 8\u00a0ans et elle n\u2019a jamais regard\u00e9 en arri\u00e8re. Son entra\u00eenement a atteint un autre niveau pendant son passage \u00e0 l\u2019acad\u00e9mie Hannoversche Reit-Und Fahrschule, \u00e0 Verden, en Allemagne. Peu de temps apr\u00e8s, elle a repr\u00e9sent\u00e9 le Canada pour la premi\u00e8re fois aux Championnats nord-am\u00e9ricains pour juniors et jeunes cavaliers de la FEI en 2008 \u00e0 Parker, au Colorado.\" \/>\n<meta property=\"og:url\" content=\"https:\/\/develop.olympic.ca\/olympique\/team-canada\/megan-lane\/\" \/>\n<meta property=\"og:site_name\" content=\"\u00c9quipe Canada | Site officiel de l&#039;\u00e9quipe olympique\" \/>\n<meta property=\"article:modified_time\" content=\"2018-07-25T20:46:27+00:00\" \/>\n<meta property=\"og:image\" content=\"https:\/\/develop.olympic.ca\/olympique\/wp-content\/uploads\/sites\/2\/2015\/06\/megan-lane-f.jpg?quality=100\" \/>\n\t<meta property=\"og:image:width\" content=\"1242\" \/>\n\t<meta property=\"og:image:height\" content=\"729\" \/>\n\t<meta property=\"og:image:type\" content=\"image\/jpeg\" \/>\n<meta name=\"twitter:card\" content=\"summary_large_image\" \/>\n<meta name=\"twitter:label1\" content=\"Est. reading time\" \/>\n\t<meta name=\"twitter:data1\" content=\"2 minutes\" \/>\n\t<meta name=\"twitter:label2\" content=\"Written by\" \/>\n\t<meta name=\"twitter:data2\" content=\"joshsu\" \/>\n<script type=\"application\/ld+json\" class=\"yoast-schema-graph\">{\"@context\":\"https:\\\/\\\/schema.org\",\"@graph\":[{\"@type\":\"WebPage\",\"@id\":\"https:\\\/\\\/develop.olympic.ca\\\/olympique\\\/team-canada\\\/megan-lane\\\/\",\"url\":\"https:\\\/\\\/develop.olympic.ca\\\/olympique\\\/team-canada\\\/megan-lane\\\/\",\"name\":\"Megan Lane - \u00c9quipe Canada | Site officiel de l&#039;\u00e9quipe olympique\",\"isPartOf\":{\"@id\":\"https:\\\/\\\/develop.olympic.ca\\\/olympique\\\/#website\"},\"primaryImageOfPage\":{\"@id\":\"https:\\\/\\\/develop.olympic.ca\\\/olympique\\\/team-canada\\\/megan-lane\\\/#primaryimage\"},\"image\":{\"@id\":\"https:\\\/\\\/develop.olympic.ca\\\/olympique\\\/team-canada\\\/megan-lane\\\/#primaryimage\"},\"thumbnailUrl\":\"https:\\\/\\\/develop.olympic.ca\\\/olympique\\\/wp-content\\\/uploads\\\/sites\\\/2\\\/2015\\\/06\\\/megan-lane-f.jpg?quality=100\",\"datePublished\":\"2015-06-13T01:33:21+00:00\",\"dateModified\":\"2018-07-25T20:46:27+00:00\",\"inLanguage\":\"fr-FR\",\"potentialAction\":[{\"@type\":\"ReadAction\",\"target\":[\"https:\\\/\\\/develop.olympic.ca\\\/olympique\\\/team-canada\\\/megan-lane\\\/\"]}]},{\"@type\":\"ImageObject\",\"inLanguage\":\"fr-FR\",\"@id\":\"https:\\\/\\\/develop.olympic.ca\\\/olympique\\\/team-canada\\\/megan-lane\\\/#primaryimage\",\"url\":\"https:\\\/\\\/develop.olympic.ca\\\/olympique\\\/wp-content\\\/uploads\\\/sites\\\/2\\\/2015\\\/06\\\/megan-lane-f.jpg?quality=100\",\"contentUrl\":\"https:\\\/\\\/develop.olympic.ca\\\/olympique\\\/wp-content\\\/uploads\\\/sites\\\/2\\\/2015\\\/06\\\/megan-lane-f.jpg?quality=100\",\"width\":1242,\"height\":729,\"caption\":\"Megan Lane of Canada rides Caravella during the second day of the dressage team competition at the FEI World Equestrian Games, at Michel d'Ornano stadium in Caen, western France, Tuesday, Aug. 26, 2014. (AP Photo\\\/Michel Euler)\"},{\"@type\":\"WebSite\",\"@id\":\"https:\\\/\\\/develop.olympic.ca\\\/olympique\\\/#website\",\"url\":\"https:\\\/\\\/develop.olympic.ca\\\/olympique\\\/\",\"name\":\"\u00c9quipe Canada | Site officiel de l&#039;\u00e9quipe olympique\",\"description\":\"Votre source pour l\u2019\u00c9quipe olympique canadienne. Retrouvez les r\u00e9cits, vid\u00e9os et photos des athl\u00e8tes canadiens, sports olympiques, Jeux olympiques de 2020 et bien plus!\",\"potentialAction\":[{\"@type\":\"SearchAction\",\"target\":{\"@type\":\"EntryPoint\",\"urlTemplate\":\"https:\\\/\\\/develop.olympic.ca\\\/olympique\\\/?s={search_term_string}\"},\"query-input\":{\"@type\":\"PropertyValueSpecification\",\"valueRequired\":true,\"valueName\":\"search_term_string\"}}],\"inLanguage\":\"fr-FR\"}]}<\/script>\n<!-- \/ Yoast SEO plugin. -->","yoast_head_json":{"title":"Megan Lane - \u00c9quipe Canada | Site officiel de l&#039;\u00e9quipe olympique","robots":{"index":"index","follow":"follow","max-snippet":"max-snippet:-1","max-image-preview":"max-image-preview:large","max-video-preview":"max-video-preview:-1"},"canonical":"https:\/\/develop.olympic.ca\/olympique\/team-canada\/megan-lane\/","og_locale":"fr_FR","og_type":"article","og_title":"Megan Lane - \u00c9quipe Canada | Site officiel de l&#039;\u00e9quipe olympique","og_description":"Megan Lane a d\u00e9couvert le dressage \u00e0 l\u2019\u00e2ge de 8\u00a0ans et elle n\u2019a jamais regard\u00e9 en arri\u00e8re. Son entra\u00eenement a atteint un autre niveau pendant son passage \u00e0 l\u2019acad\u00e9mie Hannoversche Reit-Und Fahrschule, \u00e0 Verden, en Allemagne. Peu de temps apr\u00e8s, elle a repr\u00e9sent\u00e9 le Canada pour la premi\u00e8re fois aux Championnats nord-am\u00e9ricains pour juniors et jeunes cavaliers de la FEI en 2008 \u00e0 Parker, au Colorado.","og_url":"https:\/\/develop.olympic.ca\/olympique\/team-canada\/megan-lane\/","og_site_name":"\u00c9quipe Canada | Site officiel de l&#039;\u00e9quipe olympique","article_modified_time":"2018-07-25T20:46:27+00:00","og_image":[{"width":1242,"height":729,"url":"https:\/\/develop.olympic.ca\/olympique\/wp-content\/uploads\/sites\/2\/2015\/06\/megan-lane-f.jpg?quality=100","type":"image\/jpeg"}],"twitter_card":"summary_large_image","twitter_misc":{"Est. reading time":"2 minutes","Written by":"joshsu"},"schema":{"@context":"https:\/\/schema.org","@graph":[{"@type":"WebPage","@id":"https:\/\/develop.olympic.ca\/olympique\/team-canada\/megan-lane\/","url":"https:\/\/develop.olympic.ca\/olympique\/team-canada\/megan-lane\/","name":"Megan Lane - \u00c9quipe Canada | Site officiel de l&#039;\u00e9quipe olympique","isPartOf":{"@id":"https:\/\/develop.olympic.ca\/olympique\/#website"},"primaryImageOfPage":{"@id":"https:\/\/develop.olympic.ca\/olympique\/team-canada\/megan-lane\/#primaryimage"},"image":{"@id":"https:\/\/develop.olympic.ca\/olympique\/team-canada\/megan-lane\/#primaryimage"},"thumbnailUrl":"https:\/\/develop.olympic.ca\/olympique\/wp-content\/uploads\/sites\/2\/2015\/06\/megan-lane-f.jpg?quality=100","datePublished":"2015-06-13T01:33:21+00:00","dateModified":"2018-07-25T20:46:27+00:00","inLanguage":"fr-FR","potentialAction":[{"@type":"ReadAction","target":["https:\/\/develop.olympic.ca\/olympique\/team-canada\/megan-lane\/"]}]},{"@type":"ImageObject","inLanguage":"fr-FR","@id":"https:\/\/develop.olympic.ca\/olympique\/team-canada\/megan-lane\/#primaryimage","url":"https:\/\/develop.olympic.ca\/olympique\/wp-content\/uploads\/sites\/2\/2015\/06\/megan-lane-f.jpg?quality=100","contentUrl":"https:\/\/develop.olympic.ca\/olympique\/wp-content\/uploads\/sites\/2\/2015\/06\/megan-lane-f.jpg?quality=100","width":1242,"height":729,"caption":"Megan Lane of Canada rides Caravella during the second day of the dressage team competition at the FEI World Equestrian Games, at Michel d'Ornano stadium in Caen, western France, Tuesday, Aug. 26, 2014. (AP Photo\/Michel Euler)"},{"@type":"WebSite","@id":"https:\/\/develop.olympic.ca\/olympique\/#website","url":"https:\/\/develop.olympic.ca\/olympique\/","name":"\u00c9quipe Canada | Site officiel de l&#039;\u00e9quipe olympique","description":"Votre source pour l\u2019\u00c9quipe olympique canadienne. Retrouvez les r\u00e9cits, vid\u00e9os et photos des athl\u00e8tes canadiens, sports olympiques, Jeux olympiques de 2020 et bien plus!","potentialAction":[{"@type":"SearchAction","target":{"@type":"EntryPoint","urlTemplate":"https:\/\/develop.olympic.ca\/olympique\/?s={search_term_string}"},"query-input":{"@type":"PropertyValueSpecification","valueRequired":true,"valueName":"search_term_string"}}],"inLanguage":"fr-FR"}]}},"featured_image_url":"https:\/\/develop.olympic.ca\/olympique\/wp-content\/uploads\/sites\/2\/2015\/06\/megan-lane-f.jpg?quality=100","category_names":[],"tag_names":["dressage","\u00c9quipe canada","individuel","Megan Lane","mixte","Rio 2016","sport \u00e9questre","Sports \u00e9questres","Sports \u00e9questres - Dressage","Toronto 2015"],"sport_names":[411],"game_names":["Rio 2016","Toronto 2015"],"season_names":["\u00c9t\u00e9"],"team_names":["Rio 2016 Sports \u00e9questres - Dressage","Toronto 2015 Sports \u00e9questres"],"province_names":["Ontario"],"social_facebook":"Facebook.com\/megantherider","social_twitter":"","social_linkedin":"","social_gplus":"","social_instagram":"","social_website":"www.meganlanedressage.com","total_medal_count_gold":"","total_medal_count_silver":"","total_medal_count_bronze":"","athlete_headshot":"https:\/\/develop.olympic.ca\/wp-content\/uploads\/sites\/2\/2015\/06\/megan_lane_web_2016-66.jpg?quality=100","athlete_height":"178","athlete_weight":"66","athlete_hometown":"Collingwood (Ont.)","athlete_birthplace":"Collingwood (Ont.)","coc_gracenote_id":"","athlete_dob":"May 4, 1991","athlete_age":34,"jetpack_sharing_enabled":true,"_links":{"self":[{"href":"https:\/\/develop.olympic.ca\/olympique\/wp-json\/wp\/v2\/athletes\/103472","targetHints":{"allow":["GET"]}}],"collection":[{"href":"https:\/\/develop.olympic.ca\/olympique\/wp-json\/wp\/v2\/athletes"}],"about":[{"href":"https:\/\/develop.olympic.ca\/olympique\/wp-json\/wp\/v2\/types\/athletes"}],"version-history":[{"count":3,"href":"https:\/\/develop.olympic.ca\/olympique\/wp-json\/wp\/v2\/athletes\/103472\/revisions"}],"predecessor-version":[{"id":141907,"href":"https:\/\/develop.olympic.ca\/olympique\/wp-json\/wp\/v2\/athletes\/103472\/revisions\/141907"}],"wp:featuredmedia":[{"embeddable":true,"href":"https:\/\/develop.olympic.ca\/olympique\/wp-json\/wp\/v2\/media\/120298"}],"wp:attachment":[{"href":"https:\/\/develop.olympic.ca\/olympique\/wp-json\/wp\/v2\/media?parent=103472"}],"wp:term":[{"taxonomy":"post_tag","embeddable":true,"href":"https:\/\/develop.olympic.ca\/olympique\/wp-json\/wp\/v2\/tags?post=103472"},{"taxonomy":"hof-categories","embeddable":true,"href":"https:\/\/develop.olympic.ca\/olympique\/wp-json\/wp\/v2\/hof-categories?post=103472"},{"taxonomy":"year-inducted","embeddable":true,"href":"https:\/\/develop.olympic.ca\/olympique\/wp-json\/wp\/v2\/year-inducted?post=103472"},{"taxonomy":"gender","embeddable":true,"href":"https:\/\/develop.olympic.ca\/olympique\/wp-json\/wp\/v2\/gender?post=103472"},{"taxonomy":"season","embeddable":true,"href":"https:\/\/develop.olympic.ca\/olympique\/wp-json\/wp\/v2\/season?post=103472"},{"taxonomy":"sport","embeddable":true,"href":"https:\/\/develop.olympic.ca\/olympique\/wp-json\/wp\/v2\/sport?post=103472"},{"taxonomy":"game","embeddable":true,"href":"https:\/\/develop.olympic.ca\/olympique\/wp-json\/wp\/v2\/game?post=103472"},{"taxonomy":"team","embeddable":true,"href":"https:\/\/develop.olympic.ca\/olympique\/wp-json\/wp\/v2\/team?post=103472"},{"taxonomy":"event","embeddable":true,"href":"https:\/\/develop.olympic.ca\/olympique\/wp-json\/wp\/v2\/event?post=103472"},{"taxonomy":"province","embeddable":true,"href":"https:\/\/develop.olympic.ca\/olympique\/wp-json\/wp\/v2\/province?post=103472"}],"curies":[{"name":"wp","href":"https:\/\/api.w.org\/{rel}","templated":true}]}}