{"id":104387,"date":"2015-06-23T15:15:44","date_gmt":"2015-06-23T19:15:44","guid":{"rendered":"http:\/\/develop.olympic.ca\/olympique\/?post_type=athletes&#038;p=104387"},"modified":"2015-06-26T11:42:05","modified_gmt":"2015-06-26T15:42:05","slug":"benjamin-taylor","status":"publish","type":"athletes","link":"https:\/\/develop.olympic.ca\/olympique\/team-canada\/benjamin-taylor\/","title":{"rendered":"Benjamin Taylor"},"content":{"rendered":"<p>Benjamin Taylor est une \u00e9toile montante du tir au Canada depuis les deux m\u00e9dailles de bronze qu\u2019il a remport\u00e9es aux \u00e9preuves individuelles et par \u00e9quipes de tir \u00e0 la carabine \u00e0 air comprim\u00e9 10\u00a0m lors des Jeux d\u2019hiver du Canada de 2011, \u00e0 peine trois ans apr\u00e8s ses d\u00e9buts dans la discipline. Champion canadien en 2013 et 2014, Benjamin a particip\u00e9 \u00e0 ses premi\u00e8res comp\u00e9titions internationales en 2014 lorsqu\u2019il a termin\u00e9 au 11<sup>e\u00a0<\/sup>rang de l\u2019\u00e9preuve de carabine \u00e0 air comprim\u00e9 10\u00a0m des Championnats continentaux am\u00e9ricains et pris part \u00e0 ses deux premi\u00e8res Coupes du monde \u00e0 Maribor et Munich. La F\u00e9d\u00e9ration de tir du Canada a nomm\u00e9 Benjamin tireur masculin de l\u2019ann\u00e9e en 2013.<\/p>\n<h2><strong>\u00c0 PROPOS DE L\u2019ATHL\u00c8TE<\/strong><\/h2>\n<p><strong>Famille\u00a0: <\/strong>Il est le fils de David et Tracey Taylor. Son fr\u00e8re cadet s\u2019appelle Andrew. <strong>D\u00e9buts\u00a0: <\/strong>Il a commenc\u00e9 le tir \u00e0 l\u2019\u00e2ge de 16 \u00a0ans. Son p\u00e8re pratique le tir depuis toujours et il a \u00e9t\u00e9 membre de l\u2019\u00e9quipe de Terre-Neuve lors des Jeux du Canada de 1977 \u00e0 St. John\u2019s. En 2008, quand l\u2019entra\u00eeneur de l\u2019\u00e9quipe de tir de Terre-Neuve, Dave Woolridge, s\u2019est mis \u00e0 la recherche de nouveaux athl\u00e8tes en vue des Jeux du Canada de 2011, il a sugg\u00e9r\u00e9 au p\u00e8re de Benjamin de lui faire essayer le sport. Il s\u2019est qualifi\u00e9 pour les Jeux et n\u2019a jamais regard\u00e9 en arri\u00e8re. <strong>Autres int\u00e9r\u00eats\u00a0:<\/strong> Il a obtenu son baccalaur\u00e9at \u00e8s sciences avec sp\u00e9cialisation en sciences de la Terre de l\u2019Universit\u00e9 Memorial. Il aime lire, regarder des films, passer du temps avec sa famille et ses amis et relaxer. <strong>De tout et de rien\u00a0: <\/strong>Sa devise\u00a0: \u00ab\u00a0Les gagnants ne l\u00e2chent jamais et les l\u00e2cheurs ne gagnent jamais.\u00a0\u00bb Il poss\u00e8de une paire de chaussettes porte-bonheur. On le surnomme Ben.<\/p>\n<h2><strong>PALMAR\u00c8S INTERNATIONAL<\/strong><\/h2>\n<p>CCA\u00a0: <strong>2014 \u2013 <\/strong>11<sup>e<\/sup> (carabine \u00e0 air comprim\u00e9 10\u00a0m)<\/p>\n","protected":false},"excerpt":{"rendered":"<p>Benjamin Taylor est une \u00e9toile montante du tir au Canada depuis les deux m\u00e9dailles de bronze qu\u2019il a remport\u00e9es aux&#8230;<\/p>\n","protected":false},"featured_media":88525,"template":"","tags":[],"hof-categories":[],"year-inducted":[],"gender":[42123],"season":[],"sport":[117238],"game":[334881982],"team":[415982996],"event":[],"province":[],"class_list":["post-104387","athletes","type-athletes","status-publish","has-post-thumbnail","hentry","gender-masculin","sport-tir","game-2015-toronto","team-toronto-2015-tir"],"acf":[],"yoast_head":"<!-- This site is optimized with the Yoast SEO plugin v27.3 - https:\/\/yoast.com\/product\/yoast-seo-wordpress\/ -->\n<title>Benjamin Taylor - \u00c9quipe Canada | Site officiel de l&#039;\u00e9quipe olympique<\/title>\n<meta name=\"robots\" content=\"index, follow, max-snippet:-1, max-image-preview:large, max-video-preview:-1\" \/>\n<link rel=\"canonical\" href=\"https:\/\/develop.olympic.ca\/olympique\/team-canada\/benjamin-taylor\/\" \/>\n<meta property=\"og:locale\" content=\"fr_FR\" \/>\n<meta property=\"og:type\" content=\"article\" \/>\n<meta property=\"og:title\" content=\"Benjamin Taylor - \u00c9quipe Canada | Site officiel de l&#039;\u00e9quipe olympique\" \/>\n<meta property=\"og:description\" content=\"Benjamin Taylor est une \u00e9toile montante du tir au Canada depuis les deux m\u00e9dailles de bronze qu\u2019il a remport\u00e9es aux...\" \/>\n<meta property=\"og:url\" content=\"https:\/\/develop.olympic.ca\/olympique\/team-canada\/benjamin-taylor\/\" \/>\n<meta property=\"og:site_name\" content=\"\u00c9quipe Canada | Site officiel de l&#039;\u00e9quipe olympique\" \/>\n<meta property=\"article:modified_time\" content=\"2015-06-26T15:42:05+00:00\" \/>\n<meta property=\"og:image\" content=\"https:\/\/develop.olympic.ca\/olympique\/wp-content\/uploads\/sites\/2\/2013\/12\/coc_men_feature_placeholder_1340x754.png\" \/>\n\t<meta property=\"og:image:width\" content=\"670\" \/>\n\t<meta property=\"og:image:height\" content=\"377\" \/>\n\t<meta property=\"og:image:type\" content=\"image\/png\" \/>\n<meta name=\"twitter:card\" content=\"summary_large_image\" \/>\n<meta name=\"twitter:label1\" content=\"Est. reading time\" \/>\n\t<meta name=\"twitter:data1\" content=\"2 minutes\" \/>\n\t<meta name=\"twitter:label2\" content=\"Written by\" \/>\n\t<meta name=\"twitter:data2\" content=\"joshsu\" \/>\n<script type=\"application\/ld+json\" class=\"yoast-schema-graph\">{\"@context\":\"https:\\\/\\\/schema.org\",\"@graph\":[{\"@type\":\"WebPage\",\"@id\":\"https:\\\/\\\/develop.olympic.ca\\\/olympique\\\/team-canada\\\/benjamin-taylor\\\/\",\"url\":\"https:\\\/\\\/develop.olympic.ca\\\/olympique\\\/team-canada\\\/benjamin-taylor\\\/\",\"name\":\"Benjamin Taylor - \u00c9quipe Canada | Site officiel de l&#039;\u00e9quipe olympique\",\"isPartOf\":{\"@id\":\"https:\\\/\\\/develop.olympic.ca\\\/olympique\\\/#website\"},\"primaryImageOfPage\":{\"@id\":\"https:\\\/\\\/develop.olympic.ca\\\/olympique\\\/team-canada\\\/benjamin-taylor\\\/#primaryimage\"},\"image\":{\"@id\":\"https:\\\/\\\/develop.olympic.ca\\\/olympique\\\/team-canada\\\/benjamin-taylor\\\/#primaryimage\"},\"thumbnailUrl\":\"https:\\\/\\\/develop.olympic.ca\\\/olympique\\\/wp-content\\\/uploads\\\/sites\\\/2\\\/2013\\\/12\\\/coc_men_feature_placeholder_1340x754.png\",\"datePublished\":\"2015-06-23T19:15:44+00:00\",\"dateModified\":\"2015-06-26T15:42:05+00:00\",\"inLanguage\":\"fr-FR\",\"potentialAction\":[{\"@type\":\"ReadAction\",\"target\":[\"https:\\\/\\\/develop.olympic.ca\\\/olympique\\\/team-canada\\\/benjamin-taylor\\\/\"]}]},{\"@type\":\"ImageObject\",\"inLanguage\":\"fr-FR\",\"@id\":\"https:\\\/\\\/develop.olympic.ca\\\/olympique\\\/team-canada\\\/benjamin-taylor\\\/#primaryimage\",\"url\":\"https:\\\/\\\/develop.olympic.ca\\\/olympique\\\/wp-content\\\/uploads\\\/sites\\\/2\\\/2013\\\/12\\\/coc_men_feature_placeholder_1340x754.png\",\"contentUrl\":\"https:\\\/\\\/develop.olympic.ca\\\/olympique\\\/wp-content\\\/uploads\\\/sites\\\/2\\\/2013\\\/12\\\/coc_men_feature_placeholder_1340x754.png\",\"width\":670,\"height\":377},{\"@type\":\"WebSite\",\"@id\":\"https:\\\/\\\/develop.olympic.ca\\\/olympique\\\/#website\",\"url\":\"https:\\\/\\\/develop.olympic.ca\\\/olympique\\\/\",\"name\":\"\u00c9quipe Canada | Site officiel de l&#039;\u00e9quipe olympique\",\"description\":\"Votre source pour l\u2019\u00c9quipe olympique canadienne. Retrouvez les r\u00e9cits, vid\u00e9os et photos des athl\u00e8tes canadiens, sports olympiques, Jeux olympiques de 2020 et bien plus!\",\"potentialAction\":[{\"@type\":\"SearchAction\",\"target\":{\"@type\":\"EntryPoint\",\"urlTemplate\":\"https:\\\/\\\/develop.olympic.ca\\\/olympique\\\/?s={search_term_string}\"},\"query-input\":{\"@type\":\"PropertyValueSpecification\",\"valueRequired\":true,\"valueName\":\"search_term_string\"}}],\"inLanguage\":\"fr-FR\"}]}<\/script>\n<!-- \/ Yoast SEO plugin. -->","yoast_head_json":{"title":"Benjamin Taylor - \u00c9quipe Canada | Site officiel de l&#039;\u00e9quipe olympique","robots":{"index":"index","follow":"follow","max-snippet":"max-snippet:-1","max-image-preview":"max-image-preview:large","max-video-preview":"max-video-preview:-1"},"canonical":"https:\/\/develop.olympic.ca\/olympique\/team-canada\/benjamin-taylor\/","og_locale":"fr_FR","og_type":"article","og_title":"Benjamin Taylor - \u00c9quipe Canada | Site officiel de l&#039;\u00e9quipe olympique","og_description":"Benjamin Taylor est une \u00e9toile montante du tir au Canada depuis les deux m\u00e9dailles de bronze qu\u2019il a remport\u00e9es aux...","og_url":"https:\/\/develop.olympic.ca\/olympique\/team-canada\/benjamin-taylor\/","og_site_name":"\u00c9quipe Canada | Site officiel de l&#039;\u00e9quipe olympique","article_modified_time":"2015-06-26T15:42:05+00:00","og_image":[{"width":670,"height":377,"url":"https:\/\/develop.olympic.ca\/olympique\/wp-content\/uploads\/sites\/2\/2013\/12\/coc_men_feature_placeholder_1340x754.png","type":"image\/png"}],"twitter_card":"summary_large_image","twitter_misc":{"Est. reading time":"2 minutes","Written by":"joshsu"},"schema":{"@context":"https:\/\/schema.org","@graph":[{"@type":"WebPage","@id":"https:\/\/develop.olympic.ca\/olympique\/team-canada\/benjamin-taylor\/","url":"https:\/\/develop.olympic.ca\/olympique\/team-canada\/benjamin-taylor\/","name":"Benjamin Taylor - \u00c9quipe Canada | Site officiel de l&#039;\u00e9quipe olympique","isPartOf":{"@id":"https:\/\/develop.olympic.ca\/olympique\/#website"},"primaryImageOfPage":{"@id":"https:\/\/develop.olympic.ca\/olympique\/team-canada\/benjamin-taylor\/#primaryimage"},"image":{"@id":"https:\/\/develop.olympic.ca\/olympique\/team-canada\/benjamin-taylor\/#primaryimage"},"thumbnailUrl":"https:\/\/develop.olympic.ca\/olympique\/wp-content\/uploads\/sites\/2\/2013\/12\/coc_men_feature_placeholder_1340x754.png","datePublished":"2015-06-23T19:15:44+00:00","dateModified":"2015-06-26T15:42:05+00:00","inLanguage":"fr-FR","potentialAction":[{"@type":"ReadAction","target":["https:\/\/develop.olympic.ca\/olympique\/team-canada\/benjamin-taylor\/"]}]},{"@type":"ImageObject","inLanguage":"fr-FR","@id":"https:\/\/develop.olympic.ca\/olympique\/team-canada\/benjamin-taylor\/#primaryimage","url":"https:\/\/develop.olympic.ca\/olympique\/wp-content\/uploads\/sites\/2\/2013\/12\/coc_men_feature_placeholder_1340x754.png","contentUrl":"https:\/\/develop.olympic.ca\/olympique\/wp-content\/uploads\/sites\/2\/2013\/12\/coc_men_feature_placeholder_1340x754.png","width":670,"height":377},{"@type":"WebSite","@id":"https:\/\/develop.olympic.ca\/olympique\/#website","url":"https:\/\/develop.olympic.ca\/olympique\/","name":"\u00c9quipe Canada | Site officiel de l&#039;\u00e9quipe olympique","description":"Votre source pour l\u2019\u00c9quipe olympique canadienne. Retrouvez les r\u00e9cits, vid\u00e9os et photos des athl\u00e8tes canadiens, sports olympiques, Jeux olympiques de 2020 et bien plus!","potentialAction":[{"@type":"SearchAction","target":{"@type":"EntryPoint","urlTemplate":"https:\/\/develop.olympic.ca\/olympique\/?s={search_term_string}"},"query-input":{"@type":"PropertyValueSpecification","valueRequired":true,"valueName":"search_term_string"}}],"inLanguage":"fr-FR"}]}},"featured_image_url":"https:\/\/develop.olympic.ca\/olympique\/wp-content\/uploads\/sites\/2\/2013\/12\/coc_men_feature_placeholder_1340x754.png","category_names":[],"tag_names":[],"sport_names":[526],"game_names":["Toronto 2015"],"season_names":[],"team_names":["Toronto 2015 Tir"],"province_names":[],"social_facebook":"Facebook.com\/BenTaylorCAN","social_twitter":"BenTaylorCAN","social_linkedin":"","social_gplus":"","social_instagram":"","social_website":"","total_medal_count_gold":"","total_medal_count_silver":"","total_medal_count_bronze":"","athlete_headshot":"","athlete_height":"180","athlete_weight":"85","athlete_hometown":"St. John's (T.-N.-L.)","athlete_birthplace":"St. John's (T.-N.-L.)","coc_gracenote_id":"","athlete_dob":"October 16, 1992","athlete_age":33,"jetpack_sharing_enabled":true,"_links":{"self":[{"href":"https:\/\/develop.olympic.ca\/olympique\/wp-json\/wp\/v2\/athletes\/104387","targetHints":{"allow":["GET"]}}],"collection":[{"href":"https:\/\/develop.olympic.ca\/olympique\/wp-json\/wp\/v2\/athletes"}],"about":[{"href":"https:\/\/develop.olympic.ca\/olympique\/wp-json\/wp\/v2\/types\/athletes"}],"version-history":[{"count":0,"href":"https:\/\/develop.olympic.ca\/olympique\/wp-json\/wp\/v2\/athletes\/104387\/revisions"}],"wp:featuredmedia":[{"embeddable":true,"href":"https:\/\/develop.olympic.ca\/olympique\/wp-json\/wp\/v2\/media\/88525"}],"wp:attachment":[{"href":"https:\/\/develop.olympic.ca\/olympique\/wp-json\/wp\/v2\/media?parent=104387"}],"wp:term":[{"taxonomy":"post_tag","embeddable":true,"href":"https:\/\/develop.olympic.ca\/olympique\/wp-json\/wp\/v2\/tags?post=104387"},{"taxonomy":"hof-categories","embeddable":true,"href":"https:\/\/develop.olympic.ca\/olympique\/wp-json\/wp\/v2\/hof-categories?post=104387"},{"taxonomy":"year-inducted","embeddable":true,"href":"https:\/\/develop.olympic.ca\/olympique\/wp-json\/wp\/v2\/year-inducted?post=104387"},{"taxonomy":"gender","embeddable":true,"href":"https:\/\/develop.olympic.ca\/olympique\/wp-json\/wp\/v2\/gender?post=104387"},{"taxonomy":"season","embeddable":true,"href":"https:\/\/develop.olympic.ca\/olympique\/wp-json\/wp\/v2\/season?post=104387"},{"taxonomy":"sport","embeddable":true,"href":"https:\/\/develop.olympic.ca\/olympique\/wp-json\/wp\/v2\/sport?post=104387"},{"taxonomy":"game","embeddable":true,"href":"https:\/\/develop.olympic.ca\/olympique\/wp-json\/wp\/v2\/game?post=104387"},{"taxonomy":"team","embeddable":true,"href":"https:\/\/develop.olympic.ca\/olympique\/wp-json\/wp\/v2\/team?post=104387"},{"taxonomy":"event","embeddable":true,"href":"https:\/\/develop.olympic.ca\/olympique\/wp-json\/wp\/v2\/event?post=104387"},{"taxonomy":"province","embeddable":true,"href":"https:\/\/develop.olympic.ca\/olympique\/wp-json\/wp\/v2\/province?post=104387"}],"curies":[{"name":"wp","href":"https:\/\/api.w.org\/{rel}","templated":true}]}}