{"id":104400,"date":"2015-06-23T15:47:31","date_gmt":"2015-06-23T19:47:31","guid":{"rendered":"http:\/\/develop.olympic.ca\/olympique\/?post_type=athletes&#038;p=104400"},"modified":"2015-06-24T13:02:19","modified_gmt":"2015-06-24T17:02:19","slug":"drew-shaw","status":"publish","type":"athletes","link":"https:\/\/develop.olympic.ca\/olympique\/team-canada\/drew-shaw\/","title":{"rendered":"Drew Shaw"},"content":{"rendered":"<p>Drew Shaw est membre de l\u2019\u00e9quipe nationale depuis 2010. Avant son entr\u00e9e au sein de l\u2019\u00e9quipe, il a particip\u00e9 aux Championnats du monde juniors de l\u2019ISSF de 2003 et fait ses d\u00e9buts en Coupe du monde la m\u00eame ann\u00e9e. Les Jeux panam\u00e9ricains de 2015 \u00e0 Toronto seront les deuxi\u00e8mes de Drew aux c\u00f4t\u00e9s de son p\u00e8re Paul, qui prendra part \u00e0 l\u2019\u00e9preuve de double fosse. Drew a connu une tr\u00e8s bonne ann\u00e9e 2014. Il a obtenu son meilleur r\u00e9sultat en fosse olympique aux Championnats du monde ainsi que son meilleur r\u00e9sultat en fosse olympique en Coupe du monde en terminant au 32<sup>e<\/sup> rang \u00e0 Beijing. Il a \u00e9galement am\u00e9lior\u00e9 son r\u00e9sultat des Jeux du Commonwealth pr\u00e9c\u00e9dents et r\u00e9p\u00e9t\u00e9 son meilleur r\u00e9sultat en fosse olympique aux Championnats continentaux am\u00e9ricains.<\/p>\n<h2><strong>\u00c0 PROPOS DE L\u2019ATHL\u00c8TE<\/strong><\/h2>\n<p><strong>Famille\u00a0: <\/strong>Il est le fils de Paul et Beverley Shaw. Sa s\u0153ur s\u2019appelle Destiny. Son p\u00e8re Paul est aussi membre de l\u2019\u00e9quipe canadienne des Jeux panam\u00e9ricains de 2015. <strong>D\u00e9buts\u00a0:<\/strong> Il a particip\u00e9 \u00e0 ses premi\u00e8res comp\u00e9titions de fosse olympique \u00e0 l\u2019\u00e2ge de 8\u00a0ans. Avec son p\u00e8re, il a voyag\u00e9 partout au Canada et aux \u00c9tats-Unis. Son p\u00e8re lui a montr\u00e9 comment faire pour r\u00e9ussir en tir. <strong>Autres int\u00e9r\u00eats\u00a0:<\/strong> Il est titulaire d\u2019un dipl\u00f4me de l\u2019Universit\u00e9 Western Ontario. Il g\u00e8re les risques de change et li\u00e9s aux produits de base pour une entreprise \u00e9nerg\u00e9tique \u00e0 Sarnia. Auparavant, il a \u00e9t\u00e9 n\u00e9gociateur sur les march\u00e9s des produits d\u00e9riv\u00e9s dans une grande banque pendant trois ans. <strong>De tout et de rien\u00a0: <\/strong>Il poss\u00e8de un chat de ruelle nomm\u00e9 The Zohan et un grand caniche fauve orang\u00e9 nomm\u00e9 Beau.<\/p>\n<h2><strong>PALMAR\u00c8S INTERNATIONAL<\/strong><\/h2>\n<p>JPA: <strong>2011 \u2013 <\/strong>14<sup>e<\/sup> (fosse olympique)<\/p>\n<p>JCW\u00a0: <strong>2014 \u2013 <\/strong>12<sup>e<\/sup> (fosse olympique); <strong>2010 <\/strong>\u2013 17<sup>e <\/sup>(fosse olympique), 12<sup>e<\/sup>\u00a0(double fosse)<\/p>\n<p>ChM ISSF\u00a0: <strong>2014<\/strong> \u2013 82<sup>e<\/sup> (fosse olympique); <strong>2011 \u2013<\/strong> 104<sup>e<\/sup> (fosse olympique), 57<sup>e<\/sup> (double fosse); <strong>2010 \u2013 <\/strong>98<sup>e<\/sup> (fosse olympique), 55<sup>e<\/sup> (double fosse)<\/p>\n<p>CCA: <strong>2014 \u2013 <\/strong>17<sup>e<\/sup> (fosse olympique); <strong>2010 \u2013 <\/strong>17<sup>e<\/sup> (fosse olympique), 10<sup>e<\/sup> (double fosse)<\/p>\n","protected":false},"excerpt":{"rendered":"<p>Drew Shaw est membre de l\u2019\u00e9quipe nationale depuis 2010. Avant son entr\u00e9e au sein de l\u2019\u00e9quipe, il a particip\u00e9 aux&#8230;<\/p>\n","protected":false},"featured_media":88525,"template":"","tags":[],"hof-categories":[],"year-inducted":[],"gender":[42123],"season":[],"sport":[117238],"game":[334881982],"team":[415982996],"event":[181822543],"province":[],"class_list":["post-104400","athletes","type-athletes","status-publish","has-post-thumbnail","hentry","gender-masculin","sport-tir","game-2015-toronto","team-toronto-2015-tir","event-fosse-hommes"],"acf":[],"yoast_head":"<!-- This site is optimized with the Yoast SEO plugin v27.3 - https:\/\/yoast.com\/product\/yoast-seo-wordpress\/ -->\n<title>Drew Shaw - \u00c9quipe Canada | Site officiel de l&#039;\u00e9quipe olympique<\/title>\n<meta name=\"robots\" content=\"index, follow, max-snippet:-1, max-image-preview:large, max-video-preview:-1\" \/>\n<link rel=\"canonical\" href=\"https:\/\/develop.olympic.ca\/olympique\/team-canada\/drew-shaw\/\" \/>\n<meta property=\"og:locale\" content=\"fr_FR\" \/>\n<meta property=\"og:type\" content=\"article\" \/>\n<meta property=\"og:title\" content=\"Drew Shaw - \u00c9quipe Canada | Site officiel de l&#039;\u00e9quipe olympique\" \/>\n<meta property=\"og:description\" content=\"Drew Shaw est membre de l\u2019\u00e9quipe nationale depuis 2010. Avant son entr\u00e9e au sein de l\u2019\u00e9quipe, il a particip\u00e9 aux...\" \/>\n<meta property=\"og:url\" content=\"https:\/\/develop.olympic.ca\/olympique\/team-canada\/drew-shaw\/\" \/>\n<meta property=\"og:site_name\" content=\"\u00c9quipe Canada | Site officiel de l&#039;\u00e9quipe olympique\" \/>\n<meta property=\"article:modified_time\" content=\"2015-06-24T17:02:19+00:00\" \/>\n<meta property=\"og:image\" content=\"https:\/\/develop.olympic.ca\/olympique\/wp-content\/uploads\/sites\/2\/2013\/12\/coc_men_feature_placeholder_1340x754.png\" \/>\n\t<meta property=\"og:image:width\" content=\"670\" \/>\n\t<meta property=\"og:image:height\" content=\"377\" \/>\n\t<meta property=\"og:image:type\" content=\"image\/png\" \/>\n<meta name=\"twitter:card\" content=\"summary_large_image\" \/>\n<meta name=\"twitter:label1\" content=\"Est. reading time\" \/>\n\t<meta name=\"twitter:data1\" content=\"2 minutes\" \/>\n\t<meta name=\"twitter:label2\" content=\"Written by\" \/>\n\t<meta name=\"twitter:data2\" content=\"joshsu\" \/>\n<script type=\"application\/ld+json\" class=\"yoast-schema-graph\">{\"@context\":\"https:\\\/\\\/schema.org\",\"@graph\":[{\"@type\":\"WebPage\",\"@id\":\"https:\\\/\\\/develop.olympic.ca\\\/olympique\\\/team-canada\\\/drew-shaw\\\/\",\"url\":\"https:\\\/\\\/develop.olympic.ca\\\/olympique\\\/team-canada\\\/drew-shaw\\\/\",\"name\":\"Drew Shaw - \u00c9quipe Canada | Site officiel de l&#039;\u00e9quipe olympique\",\"isPartOf\":{\"@id\":\"https:\\\/\\\/develop.olympic.ca\\\/olympique\\\/#website\"},\"primaryImageOfPage\":{\"@id\":\"https:\\\/\\\/develop.olympic.ca\\\/olympique\\\/team-canada\\\/drew-shaw\\\/#primaryimage\"},\"image\":{\"@id\":\"https:\\\/\\\/develop.olympic.ca\\\/olympique\\\/team-canada\\\/drew-shaw\\\/#primaryimage\"},\"thumbnailUrl\":\"https:\\\/\\\/develop.olympic.ca\\\/olympique\\\/wp-content\\\/uploads\\\/sites\\\/2\\\/2013\\\/12\\\/coc_men_feature_placeholder_1340x754.png\",\"datePublished\":\"2015-06-23T19:47:31+00:00\",\"dateModified\":\"2015-06-24T17:02:19+00:00\",\"inLanguage\":\"fr-FR\",\"potentialAction\":[{\"@type\":\"ReadAction\",\"target\":[\"https:\\\/\\\/develop.olympic.ca\\\/olympique\\\/team-canada\\\/drew-shaw\\\/\"]}]},{\"@type\":\"ImageObject\",\"inLanguage\":\"fr-FR\",\"@id\":\"https:\\\/\\\/develop.olympic.ca\\\/olympique\\\/team-canada\\\/drew-shaw\\\/#primaryimage\",\"url\":\"https:\\\/\\\/develop.olympic.ca\\\/olympique\\\/wp-content\\\/uploads\\\/sites\\\/2\\\/2013\\\/12\\\/coc_men_feature_placeholder_1340x754.png\",\"contentUrl\":\"https:\\\/\\\/develop.olympic.ca\\\/olympique\\\/wp-content\\\/uploads\\\/sites\\\/2\\\/2013\\\/12\\\/coc_men_feature_placeholder_1340x754.png\",\"width\":670,\"height\":377},{\"@type\":\"WebSite\",\"@id\":\"https:\\\/\\\/develop.olympic.ca\\\/olympique\\\/#website\",\"url\":\"https:\\\/\\\/develop.olympic.ca\\\/olympique\\\/\",\"name\":\"\u00c9quipe Canada | Site officiel de l&#039;\u00e9quipe olympique\",\"description\":\"Votre source pour l\u2019\u00c9quipe olympique canadienne. Retrouvez les r\u00e9cits, vid\u00e9os et photos des athl\u00e8tes canadiens, sports olympiques, Jeux olympiques de 2020 et bien plus!\",\"potentialAction\":[{\"@type\":\"SearchAction\",\"target\":{\"@type\":\"EntryPoint\",\"urlTemplate\":\"https:\\\/\\\/develop.olympic.ca\\\/olympique\\\/?s={search_term_string}\"},\"query-input\":{\"@type\":\"PropertyValueSpecification\",\"valueRequired\":true,\"valueName\":\"search_term_string\"}}],\"inLanguage\":\"fr-FR\"}]}<\/script>\n<!-- \/ Yoast SEO plugin. -->","yoast_head_json":{"title":"Drew Shaw - \u00c9quipe Canada | Site officiel de l&#039;\u00e9quipe olympique","robots":{"index":"index","follow":"follow","max-snippet":"max-snippet:-1","max-image-preview":"max-image-preview:large","max-video-preview":"max-video-preview:-1"},"canonical":"https:\/\/develop.olympic.ca\/olympique\/team-canada\/drew-shaw\/","og_locale":"fr_FR","og_type":"article","og_title":"Drew Shaw - \u00c9quipe Canada | Site officiel de l&#039;\u00e9quipe olympique","og_description":"Drew Shaw est membre de l\u2019\u00e9quipe nationale depuis 2010. Avant son entr\u00e9e au sein de l\u2019\u00e9quipe, il a particip\u00e9 aux...","og_url":"https:\/\/develop.olympic.ca\/olympique\/team-canada\/drew-shaw\/","og_site_name":"\u00c9quipe Canada | Site officiel de l&#039;\u00e9quipe olympique","article_modified_time":"2015-06-24T17:02:19+00:00","og_image":[{"width":670,"height":377,"url":"https:\/\/develop.olympic.ca\/olympique\/wp-content\/uploads\/sites\/2\/2013\/12\/coc_men_feature_placeholder_1340x754.png","type":"image\/png"}],"twitter_card":"summary_large_image","twitter_misc":{"Est. reading time":"2 minutes","Written by":"joshsu"},"schema":{"@context":"https:\/\/schema.org","@graph":[{"@type":"WebPage","@id":"https:\/\/develop.olympic.ca\/olympique\/team-canada\/drew-shaw\/","url":"https:\/\/develop.olympic.ca\/olympique\/team-canada\/drew-shaw\/","name":"Drew Shaw - \u00c9quipe Canada | Site officiel de l&#039;\u00e9quipe olympique","isPartOf":{"@id":"https:\/\/develop.olympic.ca\/olympique\/#website"},"primaryImageOfPage":{"@id":"https:\/\/develop.olympic.ca\/olympique\/team-canada\/drew-shaw\/#primaryimage"},"image":{"@id":"https:\/\/develop.olympic.ca\/olympique\/team-canada\/drew-shaw\/#primaryimage"},"thumbnailUrl":"https:\/\/develop.olympic.ca\/olympique\/wp-content\/uploads\/sites\/2\/2013\/12\/coc_men_feature_placeholder_1340x754.png","datePublished":"2015-06-23T19:47:31+00:00","dateModified":"2015-06-24T17:02:19+00:00","inLanguage":"fr-FR","potentialAction":[{"@type":"ReadAction","target":["https:\/\/develop.olympic.ca\/olympique\/team-canada\/drew-shaw\/"]}]},{"@type":"ImageObject","inLanguage":"fr-FR","@id":"https:\/\/develop.olympic.ca\/olympique\/team-canada\/drew-shaw\/#primaryimage","url":"https:\/\/develop.olympic.ca\/olympique\/wp-content\/uploads\/sites\/2\/2013\/12\/coc_men_feature_placeholder_1340x754.png","contentUrl":"https:\/\/develop.olympic.ca\/olympique\/wp-content\/uploads\/sites\/2\/2013\/12\/coc_men_feature_placeholder_1340x754.png","width":670,"height":377},{"@type":"WebSite","@id":"https:\/\/develop.olympic.ca\/olympique\/#website","url":"https:\/\/develop.olympic.ca\/olympique\/","name":"\u00c9quipe Canada | Site officiel de l&#039;\u00e9quipe olympique","description":"Votre source pour l\u2019\u00c9quipe olympique canadienne. Retrouvez les r\u00e9cits, vid\u00e9os et photos des athl\u00e8tes canadiens, sports olympiques, Jeux olympiques de 2020 et bien plus!","potentialAction":[{"@type":"SearchAction","target":{"@type":"EntryPoint","urlTemplate":"https:\/\/develop.olympic.ca\/olympique\/?s={search_term_string}"},"query-input":{"@type":"PropertyValueSpecification","valueRequired":true,"valueName":"search_term_string"}}],"inLanguage":"fr-FR"}]}},"featured_image_url":"https:\/\/develop.olympic.ca\/olympique\/wp-content\/uploads\/sites\/2\/2013\/12\/coc_men_feature_placeholder_1340x754.png","category_names":[],"tag_names":[],"sport_names":[526],"game_names":["Toronto 2015"],"season_names":[],"team_names":["Toronto 2015 Tir"],"province_names":[],"social_facebook":"Facebook.com\/shootingwithshaw","social_twitter":"ShootwithShaw","social_linkedin":"","social_gplus":"","social_instagram":"","social_website":"www.drewshaw.com","total_medal_count_gold":"","total_medal_count_silver":"","total_medal_count_bronze":"","athlete_headshot":"","athlete_height":"166","athlete_weight":"70","athlete_hometown":"Collingwood, ON","athlete_birthplace":"Hamilton, ON","coc_gracenote_id":"","athlete_dob":"September 25, 1987","athlete_age":38,"jetpack_sharing_enabled":true,"_links":{"self":[{"href":"https:\/\/develop.olympic.ca\/olympique\/wp-json\/wp\/v2\/athletes\/104400","targetHints":{"allow":["GET"]}}],"collection":[{"href":"https:\/\/develop.olympic.ca\/olympique\/wp-json\/wp\/v2\/athletes"}],"about":[{"href":"https:\/\/develop.olympic.ca\/olympique\/wp-json\/wp\/v2\/types\/athletes"}],"version-history":[{"count":0,"href":"https:\/\/develop.olympic.ca\/olympique\/wp-json\/wp\/v2\/athletes\/104400\/revisions"}],"wp:featuredmedia":[{"embeddable":true,"href":"https:\/\/develop.olympic.ca\/olympique\/wp-json\/wp\/v2\/media\/88525"}],"wp:attachment":[{"href":"https:\/\/develop.olympic.ca\/olympique\/wp-json\/wp\/v2\/media?parent=104400"}],"wp:term":[{"taxonomy":"post_tag","embeddable":true,"href":"https:\/\/develop.olympic.ca\/olympique\/wp-json\/wp\/v2\/tags?post=104400"},{"taxonomy":"hof-categories","embeddable":true,"href":"https:\/\/develop.olympic.ca\/olympique\/wp-json\/wp\/v2\/hof-categories?post=104400"},{"taxonomy":"year-inducted","embeddable":true,"href":"https:\/\/develop.olympic.ca\/olympique\/wp-json\/wp\/v2\/year-inducted?post=104400"},{"taxonomy":"gender","embeddable":true,"href":"https:\/\/develop.olympic.ca\/olympique\/wp-json\/wp\/v2\/gender?post=104400"},{"taxonomy":"season","embeddable":true,"href":"https:\/\/develop.olympic.ca\/olympique\/wp-json\/wp\/v2\/season?post=104400"},{"taxonomy":"sport","embeddable":true,"href":"https:\/\/develop.olympic.ca\/olympique\/wp-json\/wp\/v2\/sport?post=104400"},{"taxonomy":"game","embeddable":true,"href":"https:\/\/develop.olympic.ca\/olympique\/wp-json\/wp\/v2\/game?post=104400"},{"taxonomy":"team","embeddable":true,"href":"https:\/\/develop.olympic.ca\/olympique\/wp-json\/wp\/v2\/team?post=104400"},{"taxonomy":"event","embeddable":true,"href":"https:\/\/develop.olympic.ca\/olympique\/wp-json\/wp\/v2\/event?post=104400"},{"taxonomy":"province","embeddable":true,"href":"https:\/\/develop.olympic.ca\/olympique\/wp-json\/wp\/v2\/province?post=104400"}],"curies":[{"name":"wp","href":"https:\/\/api.w.org\/{rel}","templated":true}]}}