{"id":104846,"date":"2015-06-27T18:04:32","date_gmt":"2015-06-27T22:04:32","guid":{"rendered":"http:\/\/develop.olympic.ca\/olympique\/?post_type=athletes&#038;p=104846"},"modified":"2018-07-30T12:54:56","modified_gmt":"2018-07-30T16:54:56","slug":"noemie-thomas","status":"publish","type":"athletes","link":"https:\/\/develop.olympic.ca\/olympique\/team-canada\/noemie-thomas\/","title":{"rendered":"Noemie Thomas"},"content":{"rendered":"<p>Noemie Thomas se souvient avec \u00e9motion d\u2019avoir regard\u00e9 les Jeux olympiques de 2004 \u00e0 Ath\u00e8nes sur un minuscule \u00e9cran de t\u00e9l\u00e9vision dans le petit bureau de la piscine de son club de natation d\u2019\u00e9t\u00e9. Elle a r\u00e9alis\u00e9 une perc\u00e9e internationale aux Championnats du monde de natation de la FINA en 2012 (au 25\u00a0m) lorsqu\u2019elle a \u00e9tabli des records nationaux de courte distance au 50\u00a0m papillon et au 100\u00a0m papillon, se classant au 4<sup>e<\/sup>\u00a0rang aux deux \u00e9preuves.<\/p>\n<p>En 2013, elle a particip\u00e9 aux Championnats du monde de la FINA o\u00f9 elle s\u2019est qualifi\u00e9e pour la finale du 100\u00a0m papillon, d\u00e9crochant une 7<sup>e<\/sup> place. Cet extraordinaire d\u00e9but lui a valu d\u2019\u00eatre nomm\u00e9e Nageuse junior f\u00e9minine de l\u2019ann\u00e9e par Natation Canada en 2013. Sa premi\u00e8re ann\u00e9e \u00e0 l\u2019universit\u00e9 de Californie, \u00e0 Berkeley, a \u00e9t\u00e9 marqu\u00e9e par sa contribution \u00e0 la victoire des Golden Bears au championnat de la NCAA en 2015.<\/p>\n<p>Apr\u00e8s avoir rat\u00e9 l\u2019\u00e9quipe nationale en 2014 en raison d\u2019une blessure \u00e0 la cheville qui a perturb\u00e9 son entra\u00eenement, elle a remport\u00e9 deux m\u00e9dailles d\u2019argent du 100\u00a0m papillon et du relais 4&#215;100\u00a0m quatre nages lors des Jeux panam\u00e9ricains. Elle a ensuite particip\u00e9 \u00e0 sa deuxi\u00e8me finale cons\u00e9cutive du 100\u00a0m papillon aux Championnats du monde.<\/p>\n<p><strong>\u00c0 propos de Noemie<\/strong><\/p>\n<p><strong>Famille\u00a0:<\/strong> Ses parents se nomment Kenneth Thomas et Cecilia Yee-Wah Ip. Son fr\u00e8re cadet, Evan Thomas, joue au hockey. <strong>D\u00e9buts\u00a0: <\/strong>Elle a appris \u00e0 nager \u00e0 l\u2019\u00e2ge de 5\u00a0ans avec sa grand-m\u00e8re. Elle a particip\u00e9 \u00e0 ses premi\u00e8res comp\u00e9titions de natation quand elle avait 7\u00a0ans, mais ses meilleurs souvenirs de sa premi\u00e8re comp\u00e9tition sont une bonne tasse de chocolat chaud et l\u2019odeur des cr\u00eapes. <strong>Au-del\u00e0 de la natation\u00a0:<\/strong> Elle aime faire la cuisine, magasiner, visiter les zoos, les aquariums et les parcs d\u2019attractions. Elle \u00e9tudie la psychologie \u00e0 l\u2019universit\u00e9 de Californie \u00e0 Berkeley. On la surnomme Nono ou Ting. Avant une course, elle aime boire du caf\u00e9 et manger du gruau avec de la cassonade et du beurre d\u2019arachide. Elle touche toujours le fuselage ext\u00e9rieur des avions \u00e0 bord desquels elle voyage. Sa devise\u00a0: Ce que les autres pensent de vous n\u2019est pas de vos affaires.<\/p>\n","protected":false},"excerpt":{"rendered":"<p>Noemie Thomas se souvient avec \u00e9motion d\u2019avoir regard\u00e9 les Jeux olympiques de 2004 \u00e0 Ath\u00e8nes sur un minuscule \u00e9cran de t\u00e9l\u00e9vision dans le petit bureau de la piscine de son club de natation d\u2019\u00e9t\u00e9. Elle a r\u00e9alis\u00e9 une perc\u00e9e internationale aux Championnats du monde de natation de la FINA en 2012 (au 25\u00a0m) lorsqu\u2019elle a \u00e9tabli des records nationaux de courte distance au 50\u00a0m papillon et au 100\u00a0m papillon, se classant au 4e\u00a0rang aux deux \u00e9preuves.<\/p>\n","protected":false},"featured_media":113983,"template":"","tags":[415986980,415987434,415987392,415984726,415986985,415987433,1104411,767313,415984855,415930299,94426833,415987435,713425,181823657,20292794],"hof-categories":[],"year-inducted":[],"gender":[23319],"season":[415983968],"sport":[763074],"game":[415984561,334881982],"team":[415929679,415982984],"event":[203533],"province":[415983153],"class_list":["post-104846","athletes","type-athletes","status-publish","has-post-thumbnail","hentry","tag-100-m-papillon","tag-100m-papillon","tag-4x100-m-quatre-nages","tag-4x100m","tag-50-m-papillon","tag-50m-papillon","tag-equipe-canada","tag-fina","tag-nage","tag-natation","tag-noemie-thomas","tag-quatre-nages","tag-rio-2016","tag-sports-aquatiques-natation","tag-toronto-2015","gender-feminin","season-ete","sport-sports-aquatiques-natation","game-2016-rio","game-2015-toronto","team-rio-2016-natation","team-toronto-2015-natation","event-femmes","province-colombie-britannique"],"acf":[],"yoast_head":"<!-- This site is optimized with the Yoast SEO plugin v27.3 - https:\/\/yoast.com\/product\/yoast-seo-wordpress\/ -->\n<title>Noemie Thomas - \u00c9quipe Canada | Site officiel de l&#039;\u00e9quipe olympique<\/title>\n<meta name=\"robots\" content=\"index, follow, max-snippet:-1, max-image-preview:large, max-video-preview:-1\" \/>\n<link rel=\"canonical\" href=\"https:\/\/develop.olympic.ca\/olympique\/team-canada\/noemie-thomas\/\" \/>\n<meta property=\"og:locale\" content=\"fr_FR\" \/>\n<meta property=\"og:type\" content=\"article\" \/>\n<meta property=\"og:title\" content=\"Noemie Thomas - \u00c9quipe Canada | Site officiel de l&#039;\u00e9quipe olympique\" \/>\n<meta property=\"og:description\" content=\"Noemie Thomas se souvient avec \u00e9motion d\u2019avoir regard\u00e9 les Jeux olympiques de 2004 \u00e0 Ath\u00e8nes sur un minuscule \u00e9cran de t\u00e9l\u00e9vision dans le petit bureau de la piscine de son club de natation d\u2019\u00e9t\u00e9. Elle a r\u00e9alis\u00e9 une perc\u00e9e internationale aux Championnats du monde de natation de la FINA en 2012 (au 25\u00a0m) lorsqu\u2019elle a \u00e9tabli des records nationaux de courte distance au 50\u00a0m papillon et au 100\u00a0m papillon, se classant au 4e\u00a0rang aux deux \u00e9preuves.\" \/>\n<meta property=\"og:url\" content=\"https:\/\/develop.olympic.ca\/olympique\/team-canada\/noemie-thomas\/\" \/>\n<meta property=\"og:site_name\" content=\"\u00c9quipe Canada | Site officiel de l&#039;\u00e9quipe olympique\" \/>\n<meta property=\"article:modified_time\" content=\"2018-07-30T16:54:56+00:00\" \/>\n<meta property=\"og:image\" content=\"https:\/\/develop.olympic.ca\/olympique\/wp-content\/uploads\/sites\/2\/2015\/06\/noemie-thomas-2.jpg?quality=100\" \/>\n\t<meta property=\"og:image:width\" content=\"1340\" \/>\n\t<meta property=\"og:image:height\" content=\"754\" \/>\n\t<meta property=\"og:image:type\" content=\"image\/jpeg\" \/>\n<meta name=\"twitter:card\" content=\"summary_large_image\" \/>\n<meta name=\"twitter:label1\" content=\"Est. reading time\" \/>\n\t<meta name=\"twitter:data1\" content=\"2 minutes\" \/>\n\t<meta name=\"twitter:label2\" content=\"Written by\" \/>\n\t<meta name=\"twitter:data2\" content=\"joshsu\" \/>\n<script type=\"application\/ld+json\" class=\"yoast-schema-graph\">{\"@context\":\"https:\\\/\\\/schema.org\",\"@graph\":[{\"@type\":\"WebPage\",\"@id\":\"https:\\\/\\\/develop.olympic.ca\\\/olympique\\\/team-canada\\\/noemie-thomas\\\/\",\"url\":\"https:\\\/\\\/develop.olympic.ca\\\/olympique\\\/team-canada\\\/noemie-thomas\\\/\",\"name\":\"Noemie Thomas - \u00c9quipe Canada | Site officiel de l&#039;\u00e9quipe olympique\",\"isPartOf\":{\"@id\":\"https:\\\/\\\/develop.olympic.ca\\\/olympique\\\/#website\"},\"primaryImageOfPage\":{\"@id\":\"https:\\\/\\\/develop.olympic.ca\\\/olympique\\\/team-canada\\\/noemie-thomas\\\/#primaryimage\"},\"image\":{\"@id\":\"https:\\\/\\\/develop.olympic.ca\\\/olympique\\\/team-canada\\\/noemie-thomas\\\/#primaryimage\"},\"thumbnailUrl\":\"https:\\\/\\\/develop.olympic.ca\\\/olympique\\\/wp-content\\\/uploads\\\/sites\\\/2\\\/2015\\\/06\\\/noemie-thomas-2.jpg?quality=100\",\"datePublished\":\"2015-06-27T22:04:32+00:00\",\"dateModified\":\"2018-07-30T16:54:56+00:00\",\"inLanguage\":\"fr-FR\",\"potentialAction\":[{\"@type\":\"ReadAction\",\"target\":[\"https:\\\/\\\/develop.olympic.ca\\\/olympique\\\/team-canada\\\/noemie-thomas\\\/\"]}]},{\"@type\":\"ImageObject\",\"inLanguage\":\"fr-FR\",\"@id\":\"https:\\\/\\\/develop.olympic.ca\\\/olympique\\\/team-canada\\\/noemie-thomas\\\/#primaryimage\",\"url\":\"https:\\\/\\\/develop.olympic.ca\\\/olympique\\\/wp-content\\\/uploads\\\/sites\\\/2\\\/2015\\\/06\\\/noemie-thomas-2.jpg?quality=100\",\"contentUrl\":\"https:\\\/\\\/develop.olympic.ca\\\/olympique\\\/wp-content\\\/uploads\\\/sites\\\/2\\\/2015\\\/06\\\/noemie-thomas-2.jpg?quality=100\",\"width\":1340,\"height\":754},{\"@type\":\"WebSite\",\"@id\":\"https:\\\/\\\/develop.olympic.ca\\\/olympique\\\/#website\",\"url\":\"https:\\\/\\\/develop.olympic.ca\\\/olympique\\\/\",\"name\":\"\u00c9quipe Canada | Site officiel de l&#039;\u00e9quipe olympique\",\"description\":\"Votre source pour l\u2019\u00c9quipe olympique canadienne. Retrouvez les r\u00e9cits, vid\u00e9os et photos des athl\u00e8tes canadiens, sports olympiques, Jeux olympiques de 2020 et bien plus!\",\"potentialAction\":[{\"@type\":\"SearchAction\",\"target\":{\"@type\":\"EntryPoint\",\"urlTemplate\":\"https:\\\/\\\/develop.olympic.ca\\\/olympique\\\/?s={search_term_string}\"},\"query-input\":{\"@type\":\"PropertyValueSpecification\",\"valueRequired\":true,\"valueName\":\"search_term_string\"}}],\"inLanguage\":\"fr-FR\"}]}<\/script>\n<!-- \/ Yoast SEO plugin. -->","yoast_head_json":{"title":"Noemie Thomas - \u00c9quipe Canada | Site officiel de l&#039;\u00e9quipe olympique","robots":{"index":"index","follow":"follow","max-snippet":"max-snippet:-1","max-image-preview":"max-image-preview:large","max-video-preview":"max-video-preview:-1"},"canonical":"https:\/\/develop.olympic.ca\/olympique\/team-canada\/noemie-thomas\/","og_locale":"fr_FR","og_type":"article","og_title":"Noemie Thomas - \u00c9quipe Canada | Site officiel de l&#039;\u00e9quipe olympique","og_description":"Noemie Thomas se souvient avec \u00e9motion d\u2019avoir regard\u00e9 les Jeux olympiques de 2004 \u00e0 Ath\u00e8nes sur un minuscule \u00e9cran de t\u00e9l\u00e9vision dans le petit bureau de la piscine de son club de natation d\u2019\u00e9t\u00e9. Elle a r\u00e9alis\u00e9 une perc\u00e9e internationale aux Championnats du monde de natation de la FINA en 2012 (au 25\u00a0m) lorsqu\u2019elle a \u00e9tabli des records nationaux de courte distance au 50\u00a0m papillon et au 100\u00a0m papillon, se classant au 4e\u00a0rang aux deux \u00e9preuves.","og_url":"https:\/\/develop.olympic.ca\/olympique\/team-canada\/noemie-thomas\/","og_site_name":"\u00c9quipe Canada | Site officiel de l&#039;\u00e9quipe olympique","article_modified_time":"2018-07-30T16:54:56+00:00","og_image":[{"width":1340,"height":754,"url":"https:\/\/develop.olympic.ca\/olympique\/wp-content\/uploads\/sites\/2\/2015\/06\/noemie-thomas-2.jpg?quality=100","type":"image\/jpeg"}],"twitter_card":"summary_large_image","twitter_misc":{"Est. reading time":"2 minutes","Written by":"joshsu"},"schema":{"@context":"https:\/\/schema.org","@graph":[{"@type":"WebPage","@id":"https:\/\/develop.olympic.ca\/olympique\/team-canada\/noemie-thomas\/","url":"https:\/\/develop.olympic.ca\/olympique\/team-canada\/noemie-thomas\/","name":"Noemie Thomas - \u00c9quipe Canada | Site officiel de l&#039;\u00e9quipe olympique","isPartOf":{"@id":"https:\/\/develop.olympic.ca\/olympique\/#website"},"primaryImageOfPage":{"@id":"https:\/\/develop.olympic.ca\/olympique\/team-canada\/noemie-thomas\/#primaryimage"},"image":{"@id":"https:\/\/develop.olympic.ca\/olympique\/team-canada\/noemie-thomas\/#primaryimage"},"thumbnailUrl":"https:\/\/develop.olympic.ca\/olympique\/wp-content\/uploads\/sites\/2\/2015\/06\/noemie-thomas-2.jpg?quality=100","datePublished":"2015-06-27T22:04:32+00:00","dateModified":"2018-07-30T16:54:56+00:00","inLanguage":"fr-FR","potentialAction":[{"@type":"ReadAction","target":["https:\/\/develop.olympic.ca\/olympique\/team-canada\/noemie-thomas\/"]}]},{"@type":"ImageObject","inLanguage":"fr-FR","@id":"https:\/\/develop.olympic.ca\/olympique\/team-canada\/noemie-thomas\/#primaryimage","url":"https:\/\/develop.olympic.ca\/olympique\/wp-content\/uploads\/sites\/2\/2015\/06\/noemie-thomas-2.jpg?quality=100","contentUrl":"https:\/\/develop.olympic.ca\/olympique\/wp-content\/uploads\/sites\/2\/2015\/06\/noemie-thomas-2.jpg?quality=100","width":1340,"height":754},{"@type":"WebSite","@id":"https:\/\/develop.olympic.ca\/olympique\/#website","url":"https:\/\/develop.olympic.ca\/olympique\/","name":"\u00c9quipe Canada | Site officiel de l&#039;\u00e9quipe olympique","description":"Votre source pour l\u2019\u00c9quipe olympique canadienne. Retrouvez les r\u00e9cits, vid\u00e9os et photos des athl\u00e8tes canadiens, sports olympiques, Jeux olympiques de 2020 et bien plus!","potentialAction":[{"@type":"SearchAction","target":{"@type":"EntryPoint","urlTemplate":"https:\/\/develop.olympic.ca\/olympique\/?s={search_term_string}"},"query-input":{"@type":"PropertyValueSpecification","valueRequired":true,"valueName":"search_term_string"}}],"inLanguage":"fr-FR"}]}},"featured_image_url":"https:\/\/develop.olympic.ca\/olympique\/wp-content\/uploads\/sites\/2\/2015\/06\/noemie-thomas-2.jpg?quality=100","category_names":[],"tag_names":["100 m papillon","100m papillon","4x100 m quatre nages","4x100m","50 m papillon","50m papillon","\u00c9quipe canada","FINA","Nage","Natation","Noemie Thomas","quatre nages","Rio 2016","Sports aquatiques - Natation","Toronto 2015"],"sport_names":[],"game_names":["Rio 2016","Toronto 2015"],"season_names":["\u00c9t\u00e9"],"team_names":["Rio 2016 Natation","Toronto 2015 Natation"],"province_names":["Colombie-Britannique"],"social_facebook":"Facebook.com\/noemie.thomas.14","social_twitter":"noemie_thomas","social_linkedin":"","social_gplus":"","social_instagram":"","social_website":"","total_medal_count_gold":"","total_medal_count_silver":"","total_medal_count_bronze":"","athlete_headshot":"https:\/\/develop.olympic.ca\/wp-content\/uploads\/sites\/2\/2015\/06\/noemie_thomas_web_2016-207.jpg?quality=100","athlete_height":"163","athlete_weight":"59","athlete_hometown":"Richmond (C.-B.)","athlete_birthplace":"Richmond (C.-B.)","coc_gracenote_id":"","athlete_dob":"February 4, 1996","athlete_age":30,"jetpack_sharing_enabled":true,"_links":{"self":[{"href":"https:\/\/develop.olympic.ca\/olympique\/wp-json\/wp\/v2\/athletes\/104846","targetHints":{"allow":["GET"]}}],"collection":[{"href":"https:\/\/develop.olympic.ca\/olympique\/wp-json\/wp\/v2\/athletes"}],"about":[{"href":"https:\/\/develop.olympic.ca\/olympique\/wp-json\/wp\/v2\/types\/athletes"}],"version-history":[{"count":3,"href":"https:\/\/develop.olympic.ca\/olympique\/wp-json\/wp\/v2\/athletes\/104846\/revisions"}],"predecessor-version":[{"id":142018,"href":"https:\/\/develop.olympic.ca\/olympique\/wp-json\/wp\/v2\/athletes\/104846\/revisions\/142018"}],"wp:featuredmedia":[{"embeddable":true,"href":"https:\/\/develop.olympic.ca\/olympique\/wp-json\/wp\/v2\/media\/113983"}],"wp:attachment":[{"href":"https:\/\/develop.olympic.ca\/olympique\/wp-json\/wp\/v2\/media?parent=104846"}],"wp:term":[{"taxonomy":"post_tag","embeddable":true,"href":"https:\/\/develop.olympic.ca\/olympique\/wp-json\/wp\/v2\/tags?post=104846"},{"taxonomy":"hof-categories","embeddable":true,"href":"https:\/\/develop.olympic.ca\/olympique\/wp-json\/wp\/v2\/hof-categories?post=104846"},{"taxonomy":"year-inducted","embeddable":true,"href":"https:\/\/develop.olympic.ca\/olympique\/wp-json\/wp\/v2\/year-inducted?post=104846"},{"taxonomy":"gender","embeddable":true,"href":"https:\/\/develop.olympic.ca\/olympique\/wp-json\/wp\/v2\/gender?post=104846"},{"taxonomy":"season","embeddable":true,"href":"https:\/\/develop.olympic.ca\/olympique\/wp-json\/wp\/v2\/season?post=104846"},{"taxonomy":"sport","embeddable":true,"href":"https:\/\/develop.olympic.ca\/olympique\/wp-json\/wp\/v2\/sport?post=104846"},{"taxonomy":"game","embeddable":true,"href":"https:\/\/develop.olympic.ca\/olympique\/wp-json\/wp\/v2\/game?post=104846"},{"taxonomy":"team","embeddable":true,"href":"https:\/\/develop.olympic.ca\/olympique\/wp-json\/wp\/v2\/team?post=104846"},{"taxonomy":"event","embeddable":true,"href":"https:\/\/develop.olympic.ca\/olympique\/wp-json\/wp\/v2\/event?post=104846"},{"taxonomy":"province","embeddable":true,"href":"https:\/\/develop.olympic.ca\/olympique\/wp-json\/wp\/v2\/province?post=104846"}],"curies":[{"name":"wp","href":"https:\/\/api.w.org\/{rel}","templated":true}]}}