{"id":12722,"date":"2011-09-18T21:44:47","date_gmt":"2011-09-19T01:44:47","guid":{"rendered":"http:\/\/develop.olympic.ca\/team-canada\/carl-schwende-2\/"},"modified":"2021-12-09T12:10:33","modified_gmt":"2021-12-09T17:10:33","slug":"carl-schwende","status":"publish","type":"athletes","link":"https:\/\/develop.olympic.ca\/olympique\/team-canada\/carl-schwende\/","title":{"rendered":"Carl Schwende"},"content":{"rendered":"\n<p class=\"wp-block-paragraph\">\u00c0 son unique participation olympique, l\u2019escrimeur Carl Schwende \u00e9tait porte-drapeau du Canada \u00e0 la c\u00e9r\u00e9monie d\u2019ouverture de <a href=\"https:\/\/develop.olympic.ca\/olympique\/jeux\/1960-rome\/\">Rome 1960<\/a>. Il a \u00e9t\u00e9 \u00e9limin\u00e9 au premier tour de l\u2019\u00e9preuve du fleuret individuel.<\/p>\n\n\n\n<p class=\"wp-block-paragraph\">M\u00e9daill\u00e9 \u00e0 sept reprises des Jeux de l\u2019Empire et du Commonwealth britannique, Schwende a remport\u00e9 une m\u00e9daille d\u2019or (sabre par \u00e9quipes en 1954), trois m\u00e9dailles d\u2019argent (\u00e9p\u00e9e par \u00e9quipes en 1954 et 1958 et sabre par \u00e9quipes en 1962) et quatre m\u00e9dailles de bronze (\u00e9p\u00e9e individuelle et fleuret par \u00e9quipes en 1954, fleuret par \u00e9quipe et \u00e9p\u00e9e par \u00e9quipe en 1962). Aux Jeux panam\u00e9ricains de 1959, Schwende a remport\u00e9 des m\u00e9dailles de bronze en double au fleuret et au sabre.<\/p>\n\n\n\n<p class=\"wp-block-paragraph\">Schwende a entrepris la pratique de l\u2019escrime dans sa Suisse natale dans les ann\u00e9es 1930. En 1948, il a \u00e9migr\u00e9 au Canada et s\u2019est imm\u00e9diatement joint au club d\u2019escrime montr\u00e9alais Les Mousquetaires, avant de transf\u00e9rer au club \u00c9quibec l\u2019ann\u00e9e suivante jusqu\u2019en 1975. Directeur \u00e0 la F\u00e9d\u00e9ration d\u2019escrime du Qu\u00e9bec de 1952 \u00e0 1982 et pr\u00e9sident de 1965 \u00e0 1974, Schwende a \u00e9galement \u00e9t\u00e9 pr\u00e9sident de la F\u00e9d\u00e9ration canadienne d\u2019escrime de 1979 \u00e0 1988 et un des meneurs derri\u00e8re la cr\u00e9ation du Panth\u00e9on des sports du Qu\u00e9bec en 1974. Ing\u00e9nieur en m\u00e9canique de profession durant 37 ans, Schwende est d\u00e9c\u00e9d\u00e9 en 2002 \u00e0 Montr\u00e9al.<\/p>\n\n\n\n<p class=\"wp-block-paragraph\">Schwende a \u00e9t\u00e9 intronis\u00e9 au Panth\u00e9on des sports canadiens en 1985 en tant qu\u2019athl\u00e8te et b\u00e2tisseur et au Panth\u00e9on des sports du Qu\u00e9bec en 2001.&nbsp;<\/p>\n","protected":false},"excerpt":{"rendered":"<p>\u00c0 son unique participation olympique, l\u2019escrimeur Carl Schwende \u00e9tait porte-drapeau du Canada \u00e0 la c\u00e9r\u00e9monie d\u2019ouverture de Rome 1960. Il&#8230;<\/p>\n","protected":false},"featured_media":83203,"template":"","tags":[40783077,12143523],"hof-categories":[682162651,682162654],"year-inducted":[682162670],"gender":[42123],"season":[415983968],"sport":[5515721],"game":[9241347],"team":[415983464],"event":[181822522],"province":[],"class_list":["post-12722","athletes","type-athletes","status-publish","has-post-thumbnail","hentry","tag-escrime-2","tag-rome-1960","hof-categories-athlete","hof-categories-batisseure","year-inducted-682162670","gender-masculin","season-ete","sport-escrime","game-1960-rome","team-rome-1960-escrime","event-fleuret-individuel-hommes"],"acf":[],"featured_image_url":"https:\/\/develop.olympic.ca\/olympique\/wp-content\/uploads\/sites\/2\/2013\/08\/coc_men_ph_1340x754.png","category_names":[],"tag_names":["escrime","rome 1960"],"sport_names":[427],"game_names":["Rome 1960"],"season_names":["\u00c9t\u00e9"],"team_names":["Rome 1960 Escrime"],"province_names":[],"social_facebook":"","social_twitter":"","social_linkedin":"","social_gplus":"","social_instagram":"","social_website":"","total_medal_count_gold":"","total_medal_count_silver":"","total_medal_count_bronze":"","athlete_headshot":"","athlete_height":"","athlete_weight":"","athlete_hometown":"","athlete_birthplace":"B\u00e2le, Suisse","coc_gracenote_id":"","athlete_dob":"February 20, 1920","athlete_age":"","jetpack_sharing_enabled":true,"_links":{"self":[{"href":"https:\/\/develop.olympic.ca\/olympique\/wp-json\/wp\/v2\/athletes\/12722","targetHints":{"allow":["GET"]}}],"collection":[{"href":"https:\/\/develop.olympic.ca\/olympique\/wp-json\/wp\/v2\/athletes"}],"about":[{"href":"https:\/\/develop.olympic.ca\/olympique\/wp-json\/wp\/v2\/types\/athletes"}],"version-history":[{"count":3,"href":"https:\/\/develop.olympic.ca\/olympique\/wp-json\/wp\/v2\/athletes\/12722\/revisions"}],"predecessor-version":[{"id":195714,"href":"https:\/\/develop.olympic.ca\/olympique\/wp-json\/wp\/v2\/athletes\/12722\/revisions\/195714"}],"wp:featuredmedia":[{"embeddable":true,"href":"https:\/\/develop.olympic.ca\/olympique\/wp-json\/wp\/v2\/media\/83203"}],"wp:attachment":[{"href":"https:\/\/develop.olympic.ca\/olympique\/wp-json\/wp\/v2\/media?parent=12722"}],"wp:term":[{"taxonomy":"post_tag","embeddable":true,"href":"https:\/\/develop.olympic.ca\/olympique\/wp-json\/wp\/v2\/tags?post=12722"},{"taxonomy":"hof-categories","embeddable":true,"href":"https:\/\/develop.olympic.ca\/olympique\/wp-json\/wp\/v2\/hof-categories?post=12722"},{"taxonomy":"year-inducted","embeddable":true,"href":"https:\/\/develop.olympic.ca\/olympique\/wp-json\/wp\/v2\/year-inducted?post=12722"},{"taxonomy":"gender","embeddable":true,"href":"https:\/\/develop.olympic.ca\/olympique\/wp-json\/wp\/v2\/gender?post=12722"},{"taxonomy":"season","embeddable":true,"href":"https:\/\/develop.olympic.ca\/olympique\/wp-json\/wp\/v2\/season?post=12722"},{"taxonomy":"sport","embeddable":true,"href":"https:\/\/develop.olympic.ca\/olympique\/wp-json\/wp\/v2\/sport?post=12722"},{"taxonomy":"game","embeddable":true,"href":"https:\/\/develop.olympic.ca\/olympique\/wp-json\/wp\/v2\/game?post=12722"},{"taxonomy":"team","embeddable":true,"href":"https:\/\/develop.olympic.ca\/olympique\/wp-json\/wp\/v2\/team?post=12722"},{"taxonomy":"event","embeddable":true,"href":"https:\/\/develop.olympic.ca\/olympique\/wp-json\/wp\/v2\/event?post=12722"},{"taxonomy":"province","embeddable":true,"href":"https:\/\/develop.olympic.ca\/olympique\/wp-json\/wp\/v2\/province?post=12722"}],"curies":[{"name":"wp","href":"https:\/\/api.w.org\/{rel}","templated":true}]}}