{"id":135359,"date":"2018-01-30T15:19:12","date_gmt":"2018-01-30T20:19:12","guid":{"rendered":"http:\/\/develop.olympic.ca\/olympique\/?post_type=athletes&#038;p=135359"},"modified":"2021-10-29T16:45:03","modified_gmt":"2021-10-29T20:45:03","slug":"calynn-irwin","status":"publish","type":"athletes","link":"https:\/\/develop.olympic.ca\/olympique\/team-canada\/calynn-irwin\/","title":{"rendered":"Calynn Irwin"},"content":{"rendered":"<p>Calynn Irwin n\u2019avait que 16&nbsp;ans au moment de participer pour la premi\u00e8re fois \u00e0 une comp\u00e9tition de Coupe du monde, en d\u00e9cembre 2005, \u00e0 Whistler. Cette \u00e9preuve a suivi les Championnats du monde juniors de la FIS qui ont eu lieu en avril 2005, o\u00f9 Calynn a termin\u00e9 en 5<sup>e<\/sup>&nbsp;place. Mais durant l\u2019\u00e9t\u00e9 2006, elle a subi une commotion c\u00e9r\u00e9brale qui l\u2019a tenue \u00e0 l\u2019\u00e9cart de la comp\u00e9tition pendant deux ans. C\u2019est au cours de cette p\u00e9riode de r\u00e9tablissement qu\u2019elle s\u2019est rendu compte que le snowboard \u00e9tait sa passion, et elle a r\u00e9int\u00e9gr\u00e9 le circuit de la Coupe du monde en f\u00e9vrier 2009 \u00e0 l\u2019occasion de l\u2019\u00e9preuve test en vue de Vancouver&nbsp;2010.<\/p>\n<p>En 2012, aux Championnats canadiens, Calynn s\u2019est class\u00e9e au 3<sup>e<\/sup>&nbsp;rang derri\u00e8re Mercedes Nicoll et Katie Tsuyuki pour ainsi m\u00e9riter sa premi\u00e8re m\u00e9daille. C\u2019est en f\u00e9vrier 2011 que Calynn a inscrit son meilleur r\u00e9sultat sur le circuit de la Coupe du monde lorsqu\u2019elle a obtenu la 10<sup>e<\/sup>&nbsp;place \u00e0 Stoneham (Qu\u00e9bec). Elle a presque r\u00e9p\u00e9t\u00e9 l\u2019exploit en d\u00e9cembre&nbsp;2017 alors qu\u2019elle a termin\u00e9 au 11<sup>e<\/sup>&nbsp;rang \u00e0 Secret Garden, en Chine. Elle a aussi pris part \u00e0 des comp\u00e9titions du World Snowboard Tour. En mars&nbsp;2016, elle a termin\u00e9 au 10<sup>e<\/sup>&nbsp;rang du Burton US Open, une comp\u00e9tition tr\u00e8s relev\u00e9e.<\/p>\n<p><strong>\u00c0 propos de Calynn<\/strong><\/p>\n<p><strong>D\u00e9buts&nbsp;:<\/strong> Elle s\u2019est initi\u00e9e au snowboard \u00e0 la suite de la construction de la premi\u00e8re demi-lune au centre de vill\u00e9giature Georgian Peaks en vue des Championnats canadiens qui ont eu lieu en 1996. Elle vient d\u2019une famille de skieurs. M\u00eame si ses parents lui ont interdit de faire du snowboard avant qu\u2019elle n\u2019ait atteint l\u2019\u00e2ge de 8&nbsp;ans, elle se montrait si d\u00e9termin\u00e9e qu\u2019elle se livrait \u00e0 des tours d\u2019acrobatie apr\u00e8s la fermeture des remonte-pentes. Elle aspire \u00e0 devenir olympienne depuis l\u2019ajout de la discipline au programme olympique de Nagano&nbsp;1998.&nbsp;<strong>Au\u2011del\u00e0 du snowboard&nbsp;:<\/strong> Elle aime jouer au tennis et au golf. Elle \u00e9tudie les lettres classiques et anciennes \u00e0 l\u2019Universit\u00e9 Queen\u2019s. Elle parraine le Camp Amici, \u0153uvre de bienfaisance qui permet aux enfants d\u00e9favoris\u00e9s de fr\u00e9quenter des camps d\u2019\u00e9t\u00e9. Elle fabrique des cache-cous quand elle en a le temps. Elle est gestionnaire des m\u00e9dias sociaux du Camp Oconto. Son souvenir olympique pr\u00e9f\u00e9r\u00e9 est celui d\u2019avoir vu Ma\u00eblle Ricker et Mercedes Nicoll concourir \u00e0 la t\u00e9l\u00e9vision alors qu\u2019elle \u00e9tait \u00e0 l\u2019universit\u00e9. Elle voyage toujours avec son ours polaire nomm\u00e9 Paul.<\/p>\n","protected":false},"excerpt":{"rendered":"<p>Calynn Irwin n\u2019avait que 16\u00a0ans au moment de participer pour la premi\u00e8re fois \u00e0 une comp\u00e9tition de Coupe du monde, en d\u00e9cembre 2005, \u00e0 Whistler. Cette \u00e9preuve a suivi les Championnats du monde juniors de la FIS qui ont eu lieu en avril 2005, o\u00f9 Calynn a termin\u00e9 en 5e\u00a0place. Mais durant l\u2019\u00e9t\u00e9 2006, elle a subi une commotion c\u00e9r\u00e9brale qui l\u2019a tenue \u00e0 l\u2019\u00e9cart de la comp\u00e9tition pendant deux ans. C\u2019est au cours de cette p\u00e9riode de r\u00e9tablissement qu\u2019elle s\u2019est rendu compte que le snowboard \u00e9tait sa passion, et elle a r\u00e9int\u00e9gr\u00e9 le circuit de la Coupe du monde en f\u00e9vrier 2009 \u00e0 l\u2019occasion de l\u2019\u00e9preuve test en vue de Vancouver\u00a02010.<\/p>\n","protected":false},"featured_media":135462,"template":"","tags":[415986364,415986365,415986363,415986366,415986002,415986367,11516746,1104411,415655544,54771154,21412],"hof-categories":[],"year-inducted":[],"gender":[23319],"season":[415983969],"sport":[18758654],"game":[415985119],"team":[415985486],"event":[181822371],"province":[415983158],"class_list":["post-135359","athletes","type-athletes","status-publish","has-post-thumbnail","hentry","tag-calinn-irwin","tag-callnn-irwin","tag-calyn-irwin","tag-calynn-erwin","tag-calynn-irwin","tag-celynn-irwin","tag-demi-lune","tag-equipe-canada","tag-pyeongchang","tag-pyeongchang-2018","tag-snowboard","gender-feminin","season-hiver","sport-snowboard","game-2018-pyeongchang","team-pyeongchang-2018-snowboard","event-demi-lune-femmes","province-ontario"],"acf":[],"yoast_head":"<!-- This site is optimized with the Yoast SEO plugin v27.3 - https:\/\/yoast.com\/product\/yoast-seo-wordpress\/ -->\n<title>Calynn Irwin - \u00c9quipe Canada | Site officiel de l&#039;\u00e9quipe olympique<\/title>\n<meta name=\"robots\" content=\"index, follow, max-snippet:-1, max-image-preview:large, max-video-preview:-1\" \/>\n<link rel=\"canonical\" href=\"https:\/\/develop.olympic.ca\/olympique\/team-canada\/calynn-irwin\/\" \/>\n<meta property=\"og:locale\" content=\"fr_FR\" \/>\n<meta property=\"og:type\" content=\"article\" \/>\n<meta property=\"og:title\" content=\"Calynn Irwin - \u00c9quipe Canada | Site officiel de l&#039;\u00e9quipe olympique\" \/>\n<meta property=\"og:description\" content=\"Calynn Irwin n\u2019avait que 16\u00a0ans au moment de participer pour la premi\u00e8re fois \u00e0 une comp\u00e9tition de Coupe du monde, en d\u00e9cembre 2005, \u00e0 Whistler. Cette \u00e9preuve a suivi les Championnats du monde juniors de la FIS qui ont eu lieu en avril 2005, o\u00f9 Calynn a termin\u00e9 en 5e\u00a0place. Mais durant l\u2019\u00e9t\u00e9 2006, elle a subi une commotion c\u00e9r\u00e9brale qui l\u2019a tenue \u00e0 l\u2019\u00e9cart de la comp\u00e9tition pendant deux ans. C\u2019est au cours de cette p\u00e9riode de r\u00e9tablissement qu\u2019elle s\u2019est rendu compte que le snowboard \u00e9tait sa passion, et elle a r\u00e9int\u00e9gr\u00e9 le circuit de la Coupe du monde en f\u00e9vrier 2009 \u00e0 l\u2019occasion de l\u2019\u00e9preuve test en vue de Vancouver\u00a02010.\" \/>\n<meta property=\"og:url\" content=\"https:\/\/develop.olympic.ca\/olympique\/team-canada\/calynn-irwin\/\" \/>\n<meta property=\"og:site_name\" content=\"\u00c9quipe Canada | Site officiel de l&#039;\u00e9quipe olympique\" \/>\n<meta property=\"article:modified_time\" content=\"2021-10-29T20:45:03+00:00\" \/>\n<meta property=\"og:image\" content=\"https:\/\/develop.olympic.ca\/olympique\/wp-content\/uploads\/sites\/2\/2018\/01\/image1.jpg?quality=100\" \/>\n\t<meta property=\"og:image:width\" content=\"1120\" \/>\n\t<meta property=\"og:image:height\" content=\"673\" \/>\n\t<meta property=\"og:image:type\" content=\"image\/jpeg\" \/>\n<meta name=\"twitter:card\" content=\"summary_large_image\" \/>\n<meta name=\"twitter:label1\" content=\"Est. reading time\" \/>\n\t<meta name=\"twitter:data1\" content=\"2 minutes\" \/>\n\t<meta name=\"twitter:label2\" content=\"Written by\" \/>\n\t<meta name=\"twitter:data2\" content=\"Florence Gauthier\" \/>\n<script type=\"application\/ld+json\" class=\"yoast-schema-graph\">{\"@context\":\"https:\\\/\\\/schema.org\",\"@graph\":[{\"@type\":\"WebPage\",\"@id\":\"https:\\\/\\\/develop.olympic.ca\\\/olympique\\\/team-canada\\\/calynn-irwin\\\/\",\"url\":\"https:\\\/\\\/develop.olympic.ca\\\/olympique\\\/team-canada\\\/calynn-irwin\\\/\",\"name\":\"Calynn Irwin - \u00c9quipe Canada | Site officiel de l&#039;\u00e9quipe olympique\",\"isPartOf\":{\"@id\":\"https:\\\/\\\/develop.olympic.ca\\\/olympique\\\/#website\"},\"primaryImageOfPage\":{\"@id\":\"https:\\\/\\\/develop.olympic.ca\\\/olympique\\\/team-canada\\\/calynn-irwin\\\/#primaryimage\"},\"image\":{\"@id\":\"https:\\\/\\\/develop.olympic.ca\\\/olympique\\\/team-canada\\\/calynn-irwin\\\/#primaryimage\"},\"thumbnailUrl\":\"https:\\\/\\\/develop.olympic.ca\\\/olympique\\\/wp-content\\\/uploads\\\/sites\\\/2\\\/2018\\\/01\\\/image1.jpg?quality=100\",\"datePublished\":\"2018-01-30T20:19:12+00:00\",\"dateModified\":\"2021-10-29T20:45:03+00:00\",\"inLanguage\":\"fr-FR\",\"potentialAction\":[{\"@type\":\"ReadAction\",\"target\":[\"https:\\\/\\\/develop.olympic.ca\\\/olympique\\\/team-canada\\\/calynn-irwin\\\/\"]}]},{\"@type\":\"ImageObject\",\"inLanguage\":\"fr-FR\",\"@id\":\"https:\\\/\\\/develop.olympic.ca\\\/olympique\\\/team-canada\\\/calynn-irwin\\\/#primaryimage\",\"url\":\"https:\\\/\\\/develop.olympic.ca\\\/olympique\\\/wp-content\\\/uploads\\\/sites\\\/2\\\/2018\\\/01\\\/image1.jpg?quality=100\",\"contentUrl\":\"https:\\\/\\\/develop.olympic.ca\\\/olympique\\\/wp-content\\\/uploads\\\/sites\\\/2\\\/2018\\\/01\\\/image1.jpg?quality=100\",\"width\":1120,\"height\":673},{\"@type\":\"WebSite\",\"@id\":\"https:\\\/\\\/develop.olympic.ca\\\/olympique\\\/#website\",\"url\":\"https:\\\/\\\/develop.olympic.ca\\\/olympique\\\/\",\"name\":\"\u00c9quipe Canada | Site officiel de l&#039;\u00e9quipe olympique\",\"description\":\"Votre source pour l\u2019\u00c9quipe olympique canadienne. Retrouvez les r\u00e9cits, vid\u00e9os et photos des athl\u00e8tes canadiens, sports olympiques, Jeux olympiques de 2020 et bien plus!\",\"potentialAction\":[{\"@type\":\"SearchAction\",\"target\":{\"@type\":\"EntryPoint\",\"urlTemplate\":\"https:\\\/\\\/develop.olympic.ca\\\/olympique\\\/?s={search_term_string}\"},\"query-input\":{\"@type\":\"PropertyValueSpecification\",\"valueRequired\":true,\"valueName\":\"search_term_string\"}}],\"inLanguage\":\"fr-FR\"}]}<\/script>\n<!-- \/ Yoast SEO plugin. -->","yoast_head_json":{"title":"Calynn Irwin - \u00c9quipe Canada | Site officiel de l&#039;\u00e9quipe olympique","robots":{"index":"index","follow":"follow","max-snippet":"max-snippet:-1","max-image-preview":"max-image-preview:large","max-video-preview":"max-video-preview:-1"},"canonical":"https:\/\/develop.olympic.ca\/olympique\/team-canada\/calynn-irwin\/","og_locale":"fr_FR","og_type":"article","og_title":"Calynn Irwin - \u00c9quipe Canada | Site officiel de l&#039;\u00e9quipe olympique","og_description":"Calynn Irwin n\u2019avait que 16\u00a0ans au moment de participer pour la premi\u00e8re fois \u00e0 une comp\u00e9tition de Coupe du monde, en d\u00e9cembre 2005, \u00e0 Whistler. Cette \u00e9preuve a suivi les Championnats du monde juniors de la FIS qui ont eu lieu en avril 2005, o\u00f9 Calynn a termin\u00e9 en 5e\u00a0place. Mais durant l\u2019\u00e9t\u00e9 2006, elle a subi une commotion c\u00e9r\u00e9brale qui l\u2019a tenue \u00e0 l\u2019\u00e9cart de la comp\u00e9tition pendant deux ans. C\u2019est au cours de cette p\u00e9riode de r\u00e9tablissement qu\u2019elle s\u2019est rendu compte que le snowboard \u00e9tait sa passion, et elle a r\u00e9int\u00e9gr\u00e9 le circuit de la Coupe du monde en f\u00e9vrier 2009 \u00e0 l\u2019occasion de l\u2019\u00e9preuve test en vue de Vancouver\u00a02010.","og_url":"https:\/\/develop.olympic.ca\/olympique\/team-canada\/calynn-irwin\/","og_site_name":"\u00c9quipe Canada | Site officiel de l&#039;\u00e9quipe olympique","article_modified_time":"2021-10-29T20:45:03+00:00","og_image":[{"width":1120,"height":673,"url":"https:\/\/develop.olympic.ca\/olympique\/wp-content\/uploads\/sites\/2\/2018\/01\/image1.jpg?quality=100","type":"image\/jpeg"}],"twitter_card":"summary_large_image","twitter_misc":{"Est. reading time":"2 minutes","Written by":"Florence Gauthier"},"schema":{"@context":"https:\/\/schema.org","@graph":[{"@type":"WebPage","@id":"https:\/\/develop.olympic.ca\/olympique\/team-canada\/calynn-irwin\/","url":"https:\/\/develop.olympic.ca\/olympique\/team-canada\/calynn-irwin\/","name":"Calynn Irwin - \u00c9quipe Canada | Site officiel de l&#039;\u00e9quipe olympique","isPartOf":{"@id":"https:\/\/develop.olympic.ca\/olympique\/#website"},"primaryImageOfPage":{"@id":"https:\/\/develop.olympic.ca\/olympique\/team-canada\/calynn-irwin\/#primaryimage"},"image":{"@id":"https:\/\/develop.olympic.ca\/olympique\/team-canada\/calynn-irwin\/#primaryimage"},"thumbnailUrl":"https:\/\/develop.olympic.ca\/olympique\/wp-content\/uploads\/sites\/2\/2018\/01\/image1.jpg?quality=100","datePublished":"2018-01-30T20:19:12+00:00","dateModified":"2021-10-29T20:45:03+00:00","inLanguage":"fr-FR","potentialAction":[{"@type":"ReadAction","target":["https:\/\/develop.olympic.ca\/olympique\/team-canada\/calynn-irwin\/"]}]},{"@type":"ImageObject","inLanguage":"fr-FR","@id":"https:\/\/develop.olympic.ca\/olympique\/team-canada\/calynn-irwin\/#primaryimage","url":"https:\/\/develop.olympic.ca\/olympique\/wp-content\/uploads\/sites\/2\/2018\/01\/image1.jpg?quality=100","contentUrl":"https:\/\/develop.olympic.ca\/olympique\/wp-content\/uploads\/sites\/2\/2018\/01\/image1.jpg?quality=100","width":1120,"height":673},{"@type":"WebSite","@id":"https:\/\/develop.olympic.ca\/olympique\/#website","url":"https:\/\/develop.olympic.ca\/olympique\/","name":"\u00c9quipe Canada | Site officiel de l&#039;\u00e9quipe olympique","description":"Votre source pour l\u2019\u00c9quipe olympique canadienne. Retrouvez les r\u00e9cits, vid\u00e9os et photos des athl\u00e8tes canadiens, sports olympiques, Jeux olympiques de 2020 et bien plus!","potentialAction":[{"@type":"SearchAction","target":{"@type":"EntryPoint","urlTemplate":"https:\/\/develop.olympic.ca\/olympique\/?s={search_term_string}"},"query-input":{"@type":"PropertyValueSpecification","valueRequired":true,"valueName":"search_term_string"}}],"inLanguage":"fr-FR"}]}},"featured_image_url":"https:\/\/develop.olympic.ca\/olympique\/wp-content\/uploads\/sites\/2\/2018\/01\/image1.jpg?quality=100","category_names":[],"tag_names":["Calinn Irwin","Callnn Irwin","Calyn Irwin","Calynn Erwin","Calynn Irwin","Celynn Irwin","demi-lune","\u00c9quipe canada","PyeongChang","pyeongchang 2018","Snowboard"],"sport_names":[287],"game_names":["PyeongChang 2018"],"season_names":["Hiver"],"team_names":["PyeongChang 2018 Snowboard"],"province_names":["Ontario"],"social_facebook":"https:\/\/www.facebook.com\/calynnirwin","social_twitter":"CalynnMIrwin","social_linkedin":"","social_gplus":"","social_instagram":"caleventures","social_website":"","total_medal_count_gold":"","total_medal_count_silver":"","total_medal_count_bronze":"","athlete_headshot":"https:\/\/develop.olympic.ca\/wp-content\/uploads\/sites\/2\/2018\/01\/calynn_irwin.jpg?quality=100","athlete_height":"160","athlete_weight":"56","athlete_hometown":"Toronto (Ont.)","athlete_birthplace":"Toronto (Ont.)","coc_gracenote_id":"","athlete_dob":"","athlete_age":"","jetpack_sharing_enabled":true,"_links":{"self":[{"href":"https:\/\/develop.olympic.ca\/olympique\/wp-json\/wp\/v2\/athletes\/135359","targetHints":{"allow":["GET"]}}],"collection":[{"href":"https:\/\/develop.olympic.ca\/olympique\/wp-json\/wp\/v2\/athletes"}],"about":[{"href":"https:\/\/develop.olympic.ca\/olympique\/wp-json\/wp\/v2\/types\/athletes"}],"version-history":[{"count":1,"href":"https:\/\/develop.olympic.ca\/olympique\/wp-json\/wp\/v2\/athletes\/135359\/revisions"}],"predecessor-version":[{"id":192414,"href":"https:\/\/develop.olympic.ca\/olympique\/wp-json\/wp\/v2\/athletes\/135359\/revisions\/192414"}],"wp:featuredmedia":[{"embeddable":true,"href":"https:\/\/develop.olympic.ca\/olympique\/wp-json\/wp\/v2\/media\/135462"}],"wp:attachment":[{"href":"https:\/\/develop.olympic.ca\/olympique\/wp-json\/wp\/v2\/media?parent=135359"}],"wp:term":[{"taxonomy":"post_tag","embeddable":true,"href":"https:\/\/develop.olympic.ca\/olympique\/wp-json\/wp\/v2\/tags?post=135359"},{"taxonomy":"hof-categories","embeddable":true,"href":"https:\/\/develop.olympic.ca\/olympique\/wp-json\/wp\/v2\/hof-categories?post=135359"},{"taxonomy":"year-inducted","embeddable":true,"href":"https:\/\/develop.olympic.ca\/olympique\/wp-json\/wp\/v2\/year-inducted?post=135359"},{"taxonomy":"gender","embeddable":true,"href":"https:\/\/develop.olympic.ca\/olympique\/wp-json\/wp\/v2\/gender?post=135359"},{"taxonomy":"season","embeddable":true,"href":"https:\/\/develop.olympic.ca\/olympique\/wp-json\/wp\/v2\/season?post=135359"},{"taxonomy":"sport","embeddable":true,"href":"https:\/\/develop.olympic.ca\/olympique\/wp-json\/wp\/v2\/sport?post=135359"},{"taxonomy":"game","embeddable":true,"href":"https:\/\/develop.olympic.ca\/olympique\/wp-json\/wp\/v2\/game?post=135359"},{"taxonomy":"team","embeddable":true,"href":"https:\/\/develop.olympic.ca\/olympique\/wp-json\/wp\/v2\/team?post=135359"},{"taxonomy":"event","embeddable":true,"href":"https:\/\/develop.olympic.ca\/olympique\/wp-json\/wp\/v2\/event?post=135359"},{"taxonomy":"province","embeddable":true,"href":"https:\/\/develop.olympic.ca\/olympique\/wp-json\/wp\/v2\/province?post=135359"}],"curies":[{"name":"wp","href":"https:\/\/api.w.org\/{rel}","templated":true}]}}