{"id":16144,"date":"2011-09-18T22:03:56","date_gmt":"2011-09-19T02:03:56","guid":{"rendered":"http:\/\/develop.olympic.ca\/team-canada\/corey-perry-2\/"},"modified":"2019-08-21T09:28:40","modified_gmt":"2019-08-21T13:28:40","slug":"corey-perry","status":"publish","type":"athletes","link":"https:\/\/develop.olympic.ca\/olympique\/team-canada\/corey-perry\/","title":{"rendered":"Corey Perry"},"content":{"rendered":"<p>Membre de l\u2019exclusif <em>Triple Gold Club<\/em>, Corey Perry a fait ses d\u00e9buts olympiques aux <a href=\"http:\/\/develop.olympic.ca\/olympique\/jeux\/2010-vancouver\/\" target=\"_blank\" rel=\"noopener noreferrer\">Jeux de Vancouver en 2010<\/a>, aidant le Canada \u00e0 gagner la m\u00e9daille d\u2019or sur sa patinoire avec une r\u00e9colte de cinq points (quatre buts et une passe) en sept matchs. Perry est retourn\u00e9 aux <a href=\"https:\/\/develop.olympic.ca\/olympique\/jeux\/2014-sotchi\/\" target=\"_blank\" rel=\"noopener noreferrer\">Jeux olympiques \u00e0 Sotchi en 2014<\/a> pour contribuer \u00e0 la d\u00e9fense du titre par les Canadiens.<\/p>\n<p>Perry a port\u00e9 le chandail du Canada pour la premi\u00e8re fois en 2002 avec l\u2019\u00c9quipe Ontario au D\u00e9fi mondial de hockey des moins de 17 ans de l\u2019IIHF. Il remportera ensuite l\u2019or avec \u00c9quipe Canada au Championnat du monde U18 de l\u2019IIHF en 2003. Au Championnat du monde de hockey junior de l\u2019IIHF de 2005, Perry a amass\u00e9 sept points (deux buts et cinq passes) en six matchs, en route vers une m\u00e9daille d\u2019or. Perry a aussi particip\u00e9 \u00e0 trois \u00e9ditions du Championnat du monde de l\u2019IIHF (2010, 2012 et 2016), servant \u00e0 titre de capitaine pour l\u2019\u00e9quipe qui a d\u00e9croch\u00e9 la m\u00e9daille d\u2019or en 2016. Plus tard dans l\u2019ann\u00e9e, Perry a \u00e9t\u00e9 membre d\u2019\u00c9quipe Canada pour la Coupe du monde de hockey de 2016, marquant deux buts dans le parcours qui a conduit \u00e0 la conqu\u00eate du titre.<\/p>\n<p>La carri\u00e8re de Perry dans la LNH a d\u00e9marr\u00e9 par sa s\u00e9lection au 28<sup>e<\/sup> rang du Rep\u00eachage de 2003 par les Ducks d\u2019Anaheim, organisation avec laquelle il \u00e9voluait toujours en date de la saison 2018-2019. Les r\u00e9compenses individuelles de Perry comprennent un troph\u00e9e Maurice Richard (2011) et un troph\u00e9e Hart (2011). En 2007, Perry et les Ducks ont remport\u00e9 la premi\u00e8re Coupe Stanley de l\u2019histoire de la franchise.<\/p>\n<p>Perry a \u00e9t\u00e9 intronis\u00e9 au Temple de la renomm\u00e9e olympique du Canada en 2012 avec ses co\u00e9quipiers de l\u2019\u00e9quipe olympique canadienne de hockey de 2010.<\/p>\n<h3>\u00c0 PROPOS DE COREY<\/h3>\n<p>Il appuie l\u2019organisme caritatif Wellspring London qui offre du soutien psychologique, \u00e9motionnel, social, spirituel et informationnel aux personnes atteintes du cancer et \u00e0 leur famille. Ses parents s\u2019appellent Geoff et Nancy, et son fr\u00e8re Adam. \u00c9missions de t\u00e9l\u00e9vision pr\u00e9f\u00e9r\u00e9es\u00a0: <i>La Grande \u00c9vasion<\/i>, <i>Homeland.<\/i>\u00a0Il aime faire du camping.<\/p>\n","protected":false},"excerpt":{"rendered":"<p>\u00c9quipe Canada &#8211; Membre de l\u2019exclusif Triple Gold Club, Corey Perry a fait ses d\u00e9buts olympiques aux Jeux de Vancouver en 2010, aidant le Canada \u00e0 gagner la m\u00e9daille d\u2019or sur sa patinoire.<\/p>\n","protected":false},"featured_media":83460,"template":"","tags":[23694705,415984533,9114162,22277118,549999],"hof-categories":[],"year-inducted":[],"gender":[42123],"season":[415983969],"sport":[891977],"game":[191933058,7906021],"team":[209268884,415983753],"event":[46639],"province":[415983158],"class_list":["post-16144","athletes","type-athletes","status-publish","has-post-thumbnail","hentry","tag-hockey-masculin","tag-hockey-sur-glace","tag-medaille-dor","tag-sotchi-2014","tag-vancouver-2010","gender-masculin","season-hiver","sport-hockey-sur-glace","game-2014-sotchi","game-2010-vancouver","team-sotchi-2014-hockey-sur-glace-masculin","team-vancouver-2010-hockey-sur-glace-hommes","event-hommes","province-ontario"],"acf":[],"yoast_head":"<!-- This site is optimized with the Yoast SEO plugin v27.3 - https:\/\/yoast.com\/product\/yoast-seo-wordpress\/ -->\n<title>Corey Perry - \u00c9quipe Canada | Site officiel de l&#039;\u00e9quipe olympique<\/title>\n<meta name=\"robots\" content=\"index, follow, max-snippet:-1, max-image-preview:large, max-video-preview:-1\" \/>\n<link rel=\"canonical\" href=\"https:\/\/develop.olympic.ca\/olympique\/team-canada\/corey-perry\/\" \/>\n<meta property=\"og:locale\" content=\"fr_FR\" \/>\n<meta property=\"og:type\" content=\"article\" \/>\n<meta property=\"og:title\" content=\"Corey Perry - \u00c9quipe Canada | Site officiel de l&#039;\u00e9quipe olympique\" \/>\n<meta property=\"og:description\" content=\"\u00c9quipe Canada - Membre de l\u2019exclusif Triple Gold Club, Corey Perry a fait ses d\u00e9buts olympiques aux Jeux de Vancouver en 2010, aidant le Canada \u00e0 gagner la m\u00e9daille d\u2019or sur sa patinoire.\" \/>\n<meta property=\"og:url\" content=\"https:\/\/develop.olympic.ca\/olympique\/team-canada\/corey-perry\/\" \/>\n<meta property=\"og:site_name\" content=\"\u00c9quipe Canada | Site officiel de l&#039;\u00e9quipe olympique\" \/>\n<meta property=\"article:modified_time\" content=\"2019-08-21T13:28:40+00:00\" \/>\n<meta property=\"og:image\" content=\"https:\/\/develop.olympic.ca\/olympique\/wp-content\/uploads\/sites\/2\/2011\/09\/corey_perry_2010_1340px-e1551797757721.jpg?quality=100\" \/>\n\t<meta property=\"og:image:width\" content=\"1340\" \/>\n\t<meta property=\"og:image:height\" content=\"753\" \/>\n\t<meta property=\"og:image:type\" content=\"image\/jpeg\" \/>\n<meta name=\"twitter:card\" content=\"summary_large_image\" \/>\n<meta name=\"twitter:label1\" content=\"Est. reading time\" \/>\n\t<meta name=\"twitter:data1\" content=\"2 minutes\" \/>\n\t<meta name=\"twitter:label2\" content=\"Written by\" \/>\n\t<meta name=\"twitter:data2\" content=\"cdnolympicteam\" \/>\n<script type=\"application\/ld+json\" class=\"yoast-schema-graph\">{\"@context\":\"https:\\\/\\\/schema.org\",\"@graph\":[{\"@type\":\"WebPage\",\"@id\":\"https:\\\/\\\/develop.olympic.ca\\\/olympique\\\/team-canada\\\/corey-perry\\\/\",\"url\":\"https:\\\/\\\/develop.olympic.ca\\\/olympique\\\/team-canada\\\/corey-perry\\\/\",\"name\":\"Corey Perry - \u00c9quipe Canada | Site officiel de l&#039;\u00e9quipe olympique\",\"isPartOf\":{\"@id\":\"https:\\\/\\\/develop.olympic.ca\\\/olympique\\\/#website\"},\"primaryImageOfPage\":{\"@id\":\"https:\\\/\\\/develop.olympic.ca\\\/olympique\\\/team-canada\\\/corey-perry\\\/#primaryimage\"},\"image\":{\"@id\":\"https:\\\/\\\/develop.olympic.ca\\\/olympique\\\/team-canada\\\/corey-perry\\\/#primaryimage\"},\"thumbnailUrl\":\"https:\\\/\\\/develop.olympic.ca\\\/olympique\\\/wp-content\\\/uploads\\\/sites\\\/2\\\/2011\\\/09\\\/corey_perry_2010_1340px-e1551797757721.jpg?quality=100\",\"datePublished\":\"2011-09-19T02:03:56+00:00\",\"dateModified\":\"2019-08-21T13:28:40+00:00\",\"inLanguage\":\"fr-FR\",\"potentialAction\":[{\"@type\":\"ReadAction\",\"target\":[\"https:\\\/\\\/develop.olympic.ca\\\/olympique\\\/team-canada\\\/corey-perry\\\/\"]}]},{\"@type\":\"ImageObject\",\"inLanguage\":\"fr-FR\",\"@id\":\"https:\\\/\\\/develop.olympic.ca\\\/olympique\\\/team-canada\\\/corey-perry\\\/#primaryimage\",\"url\":\"https:\\\/\\\/develop.olympic.ca\\\/olympique\\\/wp-content\\\/uploads\\\/sites\\\/2\\\/2011\\\/09\\\/corey_perry_2010_1340px-e1551797757721.jpg?quality=100\",\"contentUrl\":\"https:\\\/\\\/develop.olympic.ca\\\/olympique\\\/wp-content\\\/uploads\\\/sites\\\/2\\\/2011\\\/09\\\/corey_perry_2010_1340px-e1551797757721.jpg?quality=100\",\"width\":1340,\"height\":753},{\"@type\":\"WebSite\",\"@id\":\"https:\\\/\\\/develop.olympic.ca\\\/olympique\\\/#website\",\"url\":\"https:\\\/\\\/develop.olympic.ca\\\/olympique\\\/\",\"name\":\"\u00c9quipe Canada | Site officiel de l&#039;\u00e9quipe olympique\",\"description\":\"Votre source pour l\u2019\u00c9quipe olympique canadienne. Retrouvez les r\u00e9cits, vid\u00e9os et photos des athl\u00e8tes canadiens, sports olympiques, Jeux olympiques de 2020 et bien plus!\",\"potentialAction\":[{\"@type\":\"SearchAction\",\"target\":{\"@type\":\"EntryPoint\",\"urlTemplate\":\"https:\\\/\\\/develop.olympic.ca\\\/olympique\\\/?s={search_term_string}\"},\"query-input\":{\"@type\":\"PropertyValueSpecification\",\"valueRequired\":true,\"valueName\":\"search_term_string\"}}],\"inLanguage\":\"fr-FR\"}]}<\/script>\n<!-- \/ Yoast SEO plugin. -->","yoast_head_json":{"title":"Corey Perry - \u00c9quipe Canada | Site officiel de l&#039;\u00e9quipe olympique","robots":{"index":"index","follow":"follow","max-snippet":"max-snippet:-1","max-image-preview":"max-image-preview:large","max-video-preview":"max-video-preview:-1"},"canonical":"https:\/\/develop.olympic.ca\/olympique\/team-canada\/corey-perry\/","og_locale":"fr_FR","og_type":"article","og_title":"Corey Perry - \u00c9quipe Canada | Site officiel de l&#039;\u00e9quipe olympique","og_description":"\u00c9quipe Canada - Membre de l\u2019exclusif Triple Gold Club, Corey Perry a fait ses d\u00e9buts olympiques aux Jeux de Vancouver en 2010, aidant le Canada \u00e0 gagner la m\u00e9daille d\u2019or sur sa patinoire.","og_url":"https:\/\/develop.olympic.ca\/olympique\/team-canada\/corey-perry\/","og_site_name":"\u00c9quipe Canada | Site officiel de l&#039;\u00e9quipe olympique","article_modified_time":"2019-08-21T13:28:40+00:00","og_image":[{"width":1340,"height":753,"url":"https:\/\/develop.olympic.ca\/olympique\/wp-content\/uploads\/sites\/2\/2011\/09\/corey_perry_2010_1340px-e1551797757721.jpg?quality=100","type":"image\/jpeg"}],"twitter_card":"summary_large_image","twitter_misc":{"Est. reading time":"2 minutes","Written by":"cdnolympicteam"},"schema":{"@context":"https:\/\/schema.org","@graph":[{"@type":"WebPage","@id":"https:\/\/develop.olympic.ca\/olympique\/team-canada\/corey-perry\/","url":"https:\/\/develop.olympic.ca\/olympique\/team-canada\/corey-perry\/","name":"Corey Perry - \u00c9quipe Canada | Site officiel de l&#039;\u00e9quipe olympique","isPartOf":{"@id":"https:\/\/develop.olympic.ca\/olympique\/#website"},"primaryImageOfPage":{"@id":"https:\/\/develop.olympic.ca\/olympique\/team-canada\/corey-perry\/#primaryimage"},"image":{"@id":"https:\/\/develop.olympic.ca\/olympique\/team-canada\/corey-perry\/#primaryimage"},"thumbnailUrl":"https:\/\/develop.olympic.ca\/olympique\/wp-content\/uploads\/sites\/2\/2011\/09\/corey_perry_2010_1340px-e1551797757721.jpg?quality=100","datePublished":"2011-09-19T02:03:56+00:00","dateModified":"2019-08-21T13:28:40+00:00","inLanguage":"fr-FR","potentialAction":[{"@type":"ReadAction","target":["https:\/\/develop.olympic.ca\/olympique\/team-canada\/corey-perry\/"]}]},{"@type":"ImageObject","inLanguage":"fr-FR","@id":"https:\/\/develop.olympic.ca\/olympique\/team-canada\/corey-perry\/#primaryimage","url":"https:\/\/develop.olympic.ca\/olympique\/wp-content\/uploads\/sites\/2\/2011\/09\/corey_perry_2010_1340px-e1551797757721.jpg?quality=100","contentUrl":"https:\/\/develop.olympic.ca\/olympique\/wp-content\/uploads\/sites\/2\/2011\/09\/corey_perry_2010_1340px-e1551797757721.jpg?quality=100","width":1340,"height":753},{"@type":"WebSite","@id":"https:\/\/develop.olympic.ca\/olympique\/#website","url":"https:\/\/develop.olympic.ca\/olympique\/","name":"\u00c9quipe Canada | Site officiel de l&#039;\u00e9quipe olympique","description":"Votre source pour l\u2019\u00c9quipe olympique canadienne. Retrouvez les r\u00e9cits, vid\u00e9os et photos des athl\u00e8tes canadiens, sports olympiques, Jeux olympiques de 2020 et bien plus!","potentialAction":[{"@type":"SearchAction","target":{"@type":"EntryPoint","urlTemplate":"https:\/\/develop.olympic.ca\/olympique\/?s={search_term_string}"},"query-input":{"@type":"PropertyValueSpecification","valueRequired":true,"valueName":"search_term_string"}}],"inLanguage":"fr-FR"}]}},"featured_image_url":"https:\/\/develop.olympic.ca\/olympique\/wp-content\/uploads\/sites\/2\/2011\/09\/corey_perry_2010_1340px-e1551797757721.jpg?quality=100","category_names":[],"tag_names":["Hockey masculin","Hockey sur glace","M\u00e9daille d'Or","Sotchi 2014","Vancouver 2010"],"sport_names":[253],"game_names":["Sotchi 2014","Vancouver 2010"],"season_names":["Hiver"],"team_names":["Sotchi 2014 Hockey sur glace (hommes)","Vancouver 2010 Hockey sur Glace (Hommes)"],"province_names":["Ontario"],"social_facebook":"","social_twitter":"","social_linkedin":"","social_gplus":"","social_instagram":"","social_website":"","total_medal_count_gold":"2","total_medal_count_silver":"","total_medal_count_bronze":"","athlete_headshot":"https:\/\/develop.olympic.ca\/wp-content\/uploads\/sites\/2\/2011\/09\/perry_corey.jpg?quality=100","athlete_height":"","athlete_weight":"","athlete_hometown":"Peterborough, Ontario","athlete_birthplace":"New Liskeard, Ontario","coc_gracenote_id":"","athlete_dob":"May 16, 1985","athlete_age":"","jetpack_sharing_enabled":true,"_links":{"self":[{"href":"https:\/\/develop.olympic.ca\/olympique\/wp-json\/wp\/v2\/athletes\/16144","targetHints":{"allow":["GET"]}}],"collection":[{"href":"https:\/\/develop.olympic.ca\/olympique\/wp-json\/wp\/v2\/athletes"}],"about":[{"href":"https:\/\/develop.olympic.ca\/olympique\/wp-json\/wp\/v2\/types\/athletes"}],"version-history":[{"count":5,"href":"https:\/\/develop.olympic.ca\/olympique\/wp-json\/wp\/v2\/athletes\/16144\/revisions"}],"predecessor-version":[{"id":150774,"href":"https:\/\/develop.olympic.ca\/olympique\/wp-json\/wp\/v2\/athletes\/16144\/revisions\/150774"}],"wp:featuredmedia":[{"embeddable":true,"href":"https:\/\/develop.olympic.ca\/olympique\/wp-json\/wp\/v2\/media\/83460"}],"wp:attachment":[{"href":"https:\/\/develop.olympic.ca\/olympique\/wp-json\/wp\/v2\/media?parent=16144"}],"wp:term":[{"taxonomy":"post_tag","embeddable":true,"href":"https:\/\/develop.olympic.ca\/olympique\/wp-json\/wp\/v2\/tags?post=16144"},{"taxonomy":"hof-categories","embeddable":true,"href":"https:\/\/develop.olympic.ca\/olympique\/wp-json\/wp\/v2\/hof-categories?post=16144"},{"taxonomy":"year-inducted","embeddable":true,"href":"https:\/\/develop.olympic.ca\/olympique\/wp-json\/wp\/v2\/year-inducted?post=16144"},{"taxonomy":"gender","embeddable":true,"href":"https:\/\/develop.olympic.ca\/olympique\/wp-json\/wp\/v2\/gender?post=16144"},{"taxonomy":"season","embeddable":true,"href":"https:\/\/develop.olympic.ca\/olympique\/wp-json\/wp\/v2\/season?post=16144"},{"taxonomy":"sport","embeddable":true,"href":"https:\/\/develop.olympic.ca\/olympique\/wp-json\/wp\/v2\/sport?post=16144"},{"taxonomy":"game","embeddable":true,"href":"https:\/\/develop.olympic.ca\/olympique\/wp-json\/wp\/v2\/game?post=16144"},{"taxonomy":"team","embeddable":true,"href":"https:\/\/develop.olympic.ca\/olympique\/wp-json\/wp\/v2\/team?post=16144"},{"taxonomy":"event","embeddable":true,"href":"https:\/\/develop.olympic.ca\/olympique\/wp-json\/wp\/v2\/event?post=16144"},{"taxonomy":"province","embeddable":true,"href":"https:\/\/develop.olympic.ca\/olympique\/wp-json\/wp\/v2\/province?post=16144"}],"curies":[{"name":"wp","href":"https:\/\/api.w.org\/{rel}","templated":true}]}}