{"id":229023,"date":"2023-10-03T12:37:42","date_gmt":"2023-10-03T16:37:42","guid":{"rendered":"https:\/\/develop.olympic.ca\/olympique\/?post_type=athletes&#038;p=229023"},"modified":"2024-07-25T15:02:43","modified_gmt":"2024-07-25T19:02:43","slug":"camille-carier-bergeron","status":"publish","type":"athletes","link":"https:\/\/develop.olympic.ca\/olympique\/team-canada\/camille-carier-bergeron\/","title":{"rendered":"Camille Carier Bergeron"},"content":{"rendered":"\n<p class=\"wp-block-paragraph\">Camille Carier Bergeron est pr\u00eate \u00e0 faire ses d\u00e9buts olympiques \u00e0 Paris 2024 avec sa jument, Finnl\u00e4nderin. Elles ont commenc\u00e9 \u00e0 concourir ensemble en f\u00e9vrier 2024. Lors de leur deuxi\u00e8me concours ensemble, elles ont remport\u00e9 le Grand Prix Special au Global Dressage Festival CDI 3* \u00e0 Wellington, en Floride.<\/p>\n\n\n\n<p class=\"wp-block-paragraph\">Carier Bergeron a repr\u00e9sent\u00e9 le Canada lors des Jeux panam\u00e9ricains de Santiago 2023 \u00e0 bord de Sound of Silence 4, contribuant \u00e0 la victoire du Canada en dressage par \u00e9quipes et \u00e0 la qualification d\u2019une \u00e9quipe compl\u00e8te de dressage pour Paris 2024.<\/p>\n\n\n\n<p class=\"wp-block-paragraph\">Elle a particip\u00e9 pour la premi\u00e8re fois \u00e0 la Coupe des Nations FEI U25 Grand Prix en mars 2020 et a remport\u00e9 trois m\u00e9dailles.<\/p>\n\n\n\n<h4 class=\"wp-block-heading\">\u00c0 propos de Camille<\/h4>\n\n\n\n<p class=\"wp-block-paragraph\"><strong>D\u00e9buts :<\/strong>&nbsp;A commenc\u00e9 \u00e0 pratiquer le dressage en&nbsp;2008\u2026&nbsp;<\/p>\n","protected":false},"excerpt":{"rendered":"<p>Camille Carier Bergeron est pr\u00eate \u00e0 faire ses d\u00e9buts olympiques \u00e0 Paris 2024 avec sa jument, Finnl\u00e4nderin. Elles ont commenc\u00e9&#8230;<\/p>\n","protected":false},"featured_media":248550,"template":"","tags":[682166219,1104411,415985124,682165310,415983981],"hof-categories":[],"year-inducted":[],"gender":[23319],"season":[415983968],"sport":[87705169],"game":[415985140,682165315],"team":[682166826,682166218],"event":[],"province":[415983157],"class_list":["post-229023","athletes","type-athletes","status-publish","has-post-thumbnail","hentry","tag-camille-carier-bergeron","tag-equipe-canada","tag-paris-2024","tag-santiago-2023","tag-sports-equestres","gender-feminin","season-ete","sport-sports-equestres-dressage","game-paris-2024","game-santiago-2023","team-paris-2024-sports-equestres-dressage","team-santiago-2023-sports-equestres","province-quebec"],"acf":[],"yoast_head":"<!-- This site is optimized with the Yoast SEO plugin v27.3 - https:\/\/yoast.com\/product\/yoast-seo-wordpress\/ -->\n<title>Camille Carier Bergeron - \u00c9quipe Canada | Site officiel de l&#039;\u00e9quipe olympique<\/title>\n<meta name=\"description\" content=\"Une biographie de l&#039;athl\u00e8te des sports \u00e9questres Camille Carier Bergeron.\" \/>\n<meta name=\"robots\" content=\"index, follow, max-snippet:-1, max-image-preview:large, max-video-preview:-1\" \/>\n<link rel=\"canonical\" href=\"https:\/\/develop.olympic.ca\/olympique\/team-canada\/camille-carier-bergeron\/\" \/>\n<meta property=\"og:locale\" content=\"fr_FR\" \/>\n<meta property=\"og:type\" content=\"article\" \/>\n<meta property=\"og:title\" content=\"Camille Carier Bergeron - \u00c9quipe Canada | Site officiel de l&#039;\u00e9quipe olympique\" \/>\n<meta property=\"og:description\" content=\"Une biographie de l&#039;athl\u00e8te des sports \u00e9questres Camille Carier Bergeron.\" \/>\n<meta property=\"og:url\" content=\"https:\/\/develop.olympic.ca\/olympique\/team-canada\/camille-carier-bergeron\/\" \/>\n<meta property=\"og:site_name\" content=\"\u00c9quipe Canada | Site officiel de l&#039;\u00e9quipe olympique\" \/>\n<meta property=\"article:modified_time\" content=\"2024-07-25T19:02:43+00:00\" \/>\n<meta property=\"og:image\" content=\"https:\/\/develop.olympic.ca\/olympique\/wp-content\/uploads\/sites\/2\/2023\/10\/Camille-and-Finnlanderin-1st-CHOICE-by-Cealy-Tetley-e1720196743213.jpg?quality=100\" \/>\n\t<meta property=\"og:image:width\" content=\"2818\" \/>\n\t<meta property=\"og:image:height\" content=\"1590\" \/>\n\t<meta property=\"og:image:type\" content=\"image\/jpeg\" \/>\n<meta name=\"twitter:card\" content=\"summary_large_image\" \/>\n<meta name=\"twitter:label1\" content=\"Est. reading time\" \/>\n\t<meta name=\"twitter:data1\" content=\"1 minute\" \/>\n\t<meta name=\"twitter:label2\" content=\"Written by\" \/>\n\t<meta name=\"twitter:data2\" content=\"Maxime Bernier\" \/>\n<script type=\"application\/ld+json\" class=\"yoast-schema-graph\">{\"@context\":\"https:\\\/\\\/schema.org\",\"@graph\":[{\"@type\":\"WebPage\",\"@id\":\"https:\\\/\\\/develop.olympic.ca\\\/olympique\\\/team-canada\\\/camille-carier-bergeron\\\/\",\"url\":\"https:\\\/\\\/develop.olympic.ca\\\/olympique\\\/team-canada\\\/camille-carier-bergeron\\\/\",\"name\":\"Camille Carier Bergeron - \u00c9quipe Canada | Site officiel de l&#039;\u00e9quipe olympique\",\"isPartOf\":{\"@id\":\"https:\\\/\\\/develop.olympic.ca\\\/olympique\\\/#website\"},\"primaryImageOfPage\":{\"@id\":\"https:\\\/\\\/develop.olympic.ca\\\/olympique\\\/team-canada\\\/camille-carier-bergeron\\\/#primaryimage\"},\"image\":{\"@id\":\"https:\\\/\\\/develop.olympic.ca\\\/olympique\\\/team-canada\\\/camille-carier-bergeron\\\/#primaryimage\"},\"thumbnailUrl\":\"https:\\\/\\\/develop.olympic.ca\\\/olympique\\\/wp-content\\\/uploads\\\/sites\\\/2\\\/2023\\\/10\\\/Camille-and-Finnlanderin-1st-CHOICE-by-Cealy-Tetley-e1720196743213.jpg?quality=100\",\"datePublished\":\"2023-10-03T16:37:42+00:00\",\"dateModified\":\"2024-07-25T19:02:43+00:00\",\"description\":\"Une biographie de l'athl\u00e8te des sports \u00e9questres Camille Carier Bergeron.\",\"inLanguage\":\"fr-FR\",\"potentialAction\":[{\"@type\":\"ReadAction\",\"target\":[\"https:\\\/\\\/develop.olympic.ca\\\/olympique\\\/team-canada\\\/camille-carier-bergeron\\\/\"]}]},{\"@type\":\"ImageObject\",\"inLanguage\":\"fr-FR\",\"@id\":\"https:\\\/\\\/develop.olympic.ca\\\/olympique\\\/team-canada\\\/camille-carier-bergeron\\\/#primaryimage\",\"url\":\"https:\\\/\\\/develop.olympic.ca\\\/olympique\\\/wp-content\\\/uploads\\\/sites\\\/2\\\/2023\\\/10\\\/Camille-and-Finnlanderin-1st-CHOICE-by-Cealy-Tetley-e1720196743213.jpg?quality=100\",\"contentUrl\":\"https:\\\/\\\/develop.olympic.ca\\\/olympique\\\/wp-content\\\/uploads\\\/sites\\\/2\\\/2023\\\/10\\\/Camille-and-Finnlanderin-1st-CHOICE-by-Cealy-Tetley-e1720196743213.jpg?quality=100\",\"width\":2818,\"height\":1590,\"caption\":\"Camille Carier Bergeron et Finnlanderin\"},{\"@type\":\"WebSite\",\"@id\":\"https:\\\/\\\/develop.olympic.ca\\\/olympique\\\/#website\",\"url\":\"https:\\\/\\\/develop.olympic.ca\\\/olympique\\\/\",\"name\":\"\u00c9quipe Canada | Site officiel de l&#039;\u00e9quipe olympique\",\"description\":\"Votre source pour l\u2019\u00c9quipe olympique canadienne. Retrouvez les r\u00e9cits, vid\u00e9os et photos des athl\u00e8tes canadiens, sports olympiques, Jeux olympiques de 2020 et bien plus!\",\"potentialAction\":[{\"@type\":\"SearchAction\",\"target\":{\"@type\":\"EntryPoint\",\"urlTemplate\":\"https:\\\/\\\/develop.olympic.ca\\\/olympique\\\/?s={search_term_string}\"},\"query-input\":{\"@type\":\"PropertyValueSpecification\",\"valueRequired\":true,\"valueName\":\"search_term_string\"}}],\"inLanguage\":\"fr-FR\"}]}<\/script>\n<!-- \/ Yoast SEO plugin. -->","yoast_head_json":{"title":"Camille Carier Bergeron - \u00c9quipe Canada | Site officiel de l&#039;\u00e9quipe olympique","description":"Une biographie de l'athl\u00e8te des sports \u00e9questres Camille Carier Bergeron.","robots":{"index":"index","follow":"follow","max-snippet":"max-snippet:-1","max-image-preview":"max-image-preview:large","max-video-preview":"max-video-preview:-1"},"canonical":"https:\/\/develop.olympic.ca\/olympique\/team-canada\/camille-carier-bergeron\/","og_locale":"fr_FR","og_type":"article","og_title":"Camille Carier Bergeron - \u00c9quipe Canada | Site officiel de l&#039;\u00e9quipe olympique","og_description":"Une biographie de l'athl\u00e8te des sports \u00e9questres Camille Carier Bergeron.","og_url":"https:\/\/develop.olympic.ca\/olympique\/team-canada\/camille-carier-bergeron\/","og_site_name":"\u00c9quipe Canada | Site officiel de l&#039;\u00e9quipe olympique","article_modified_time":"2024-07-25T19:02:43+00:00","og_image":[{"width":2818,"height":1590,"url":"https:\/\/develop.olympic.ca\/olympique\/wp-content\/uploads\/sites\/2\/2023\/10\/Camille-and-Finnlanderin-1st-CHOICE-by-Cealy-Tetley-e1720196743213.jpg?quality=100","type":"image\/jpeg"}],"twitter_card":"summary_large_image","twitter_misc":{"Est. reading time":"1 minute","Written by":"Maxime Bernier"},"schema":{"@context":"https:\/\/schema.org","@graph":[{"@type":"WebPage","@id":"https:\/\/develop.olympic.ca\/olympique\/team-canada\/camille-carier-bergeron\/","url":"https:\/\/develop.olympic.ca\/olympique\/team-canada\/camille-carier-bergeron\/","name":"Camille Carier Bergeron - \u00c9quipe Canada | Site officiel de l&#039;\u00e9quipe olympique","isPartOf":{"@id":"https:\/\/develop.olympic.ca\/olympique\/#website"},"primaryImageOfPage":{"@id":"https:\/\/develop.olympic.ca\/olympique\/team-canada\/camille-carier-bergeron\/#primaryimage"},"image":{"@id":"https:\/\/develop.olympic.ca\/olympique\/team-canada\/camille-carier-bergeron\/#primaryimage"},"thumbnailUrl":"https:\/\/develop.olympic.ca\/olympique\/wp-content\/uploads\/sites\/2\/2023\/10\/Camille-and-Finnlanderin-1st-CHOICE-by-Cealy-Tetley-e1720196743213.jpg?quality=100","datePublished":"2023-10-03T16:37:42+00:00","dateModified":"2024-07-25T19:02:43+00:00","description":"Une biographie de l'athl\u00e8te des sports \u00e9questres Camille Carier Bergeron.","inLanguage":"fr-FR","potentialAction":[{"@type":"ReadAction","target":["https:\/\/develop.olympic.ca\/olympique\/team-canada\/camille-carier-bergeron\/"]}]},{"@type":"ImageObject","inLanguage":"fr-FR","@id":"https:\/\/develop.olympic.ca\/olympique\/team-canada\/camille-carier-bergeron\/#primaryimage","url":"https:\/\/develop.olympic.ca\/olympique\/wp-content\/uploads\/sites\/2\/2023\/10\/Camille-and-Finnlanderin-1st-CHOICE-by-Cealy-Tetley-e1720196743213.jpg?quality=100","contentUrl":"https:\/\/develop.olympic.ca\/olympique\/wp-content\/uploads\/sites\/2\/2023\/10\/Camille-and-Finnlanderin-1st-CHOICE-by-Cealy-Tetley-e1720196743213.jpg?quality=100","width":2818,"height":1590,"caption":"Camille Carier Bergeron et Finnlanderin"},{"@type":"WebSite","@id":"https:\/\/develop.olympic.ca\/olympique\/#website","url":"https:\/\/develop.olympic.ca\/olympique\/","name":"\u00c9quipe Canada | Site officiel de l&#039;\u00e9quipe olympique","description":"Votre source pour l\u2019\u00c9quipe olympique canadienne. Retrouvez les r\u00e9cits, vid\u00e9os et photos des athl\u00e8tes canadiens, sports olympiques, Jeux olympiques de 2020 et bien plus!","potentialAction":[{"@type":"SearchAction","target":{"@type":"EntryPoint","urlTemplate":"https:\/\/develop.olympic.ca\/olympique\/?s={search_term_string}"},"query-input":{"@type":"PropertyValueSpecification","valueRequired":true,"valueName":"search_term_string"}}],"inLanguage":"fr-FR"}]}},"featured_image_url":"https:\/\/develop.olympic.ca\/olympique\/wp-content\/uploads\/sites\/2\/2023\/10\/Camille-and-Finnlanderin-1st-CHOICE-by-Cealy-Tetley-e1720196743213.jpg?quality=100","category_names":[],"tag_names":["Camille Carier Bergeron","\u00c9quipe canada","Paris 2024","Santiago 2023","Sports \u00e9questres"],"sport_names":[411],"game_names":["Paris 2024","Santiago 2023"],"season_names":["\u00c9t\u00e9"],"team_names":["Paris 2024 Sports \u00e9questres - Dressage","Santiago 2023 Sports \u00e9questres"],"province_names":["Qu\u00e9bec"],"social_facebook":"","social_twitter":"","social_linkedin":"","social_gplus":"","social_instagram":"camille_carier_bergeron","social_website":"","total_medal_count_gold":"","total_medal_count_silver":"","total_medal_count_bronze":"","athlete_headshot":"","athlete_height":"","athlete_weight":"","athlete_hometown":"Laval, Qu\u00e9bec","athlete_birthplace":"Laval, Qu\u00e9bec","coc_gracenote_id":"","athlete_dob":"August 20, 1970","athlete_age":55,"jetpack_sharing_enabled":true,"_links":{"self":[{"href":"https:\/\/develop.olympic.ca\/olympique\/wp-json\/wp\/v2\/athletes\/229023","targetHints":{"allow":["GET"]}}],"collection":[{"href":"https:\/\/develop.olympic.ca\/olympique\/wp-json\/wp\/v2\/athletes"}],"about":[{"href":"https:\/\/develop.olympic.ca\/olympique\/wp-json\/wp\/v2\/types\/athletes"}],"version-history":[{"count":4,"href":"https:\/\/develop.olympic.ca\/olympique\/wp-json\/wp\/v2\/athletes\/229023\/revisions"}],"predecessor-version":[{"id":250589,"href":"https:\/\/develop.olympic.ca\/olympique\/wp-json\/wp\/v2\/athletes\/229023\/revisions\/250589"}],"wp:featuredmedia":[{"embeddable":true,"href":"https:\/\/develop.olympic.ca\/olympique\/wp-json\/wp\/v2\/media\/248550"}],"wp:attachment":[{"href":"https:\/\/develop.olympic.ca\/olympique\/wp-json\/wp\/v2\/media?parent=229023"}],"wp:term":[{"taxonomy":"post_tag","embeddable":true,"href":"https:\/\/develop.olympic.ca\/olympique\/wp-json\/wp\/v2\/tags?post=229023"},{"taxonomy":"hof-categories","embeddable":true,"href":"https:\/\/develop.olympic.ca\/olympique\/wp-json\/wp\/v2\/hof-categories?post=229023"},{"taxonomy":"year-inducted","embeddable":true,"href":"https:\/\/develop.olympic.ca\/olympique\/wp-json\/wp\/v2\/year-inducted?post=229023"},{"taxonomy":"gender","embeddable":true,"href":"https:\/\/develop.olympic.ca\/olympique\/wp-json\/wp\/v2\/gender?post=229023"},{"taxonomy":"season","embeddable":true,"href":"https:\/\/develop.olympic.ca\/olympique\/wp-json\/wp\/v2\/season?post=229023"},{"taxonomy":"sport","embeddable":true,"href":"https:\/\/develop.olympic.ca\/olympique\/wp-json\/wp\/v2\/sport?post=229023"},{"taxonomy":"game","embeddable":true,"href":"https:\/\/develop.olympic.ca\/olympique\/wp-json\/wp\/v2\/game?post=229023"},{"taxonomy":"team","embeddable":true,"href":"https:\/\/develop.olympic.ca\/olympique\/wp-json\/wp\/v2\/team?post=229023"},{"taxonomy":"event","embeddable":true,"href":"https:\/\/develop.olympic.ca\/olympique\/wp-json\/wp\/v2\/event?post=229023"},{"taxonomy":"province","embeddable":true,"href":"https:\/\/develop.olympic.ca\/olympique\/wp-json\/wp\/v2\/province?post=229023"}],"curies":[{"name":"wp","href":"https:\/\/api.w.org\/{rel}","templated":true}]}}