{"id":26994,"date":"2011-10-25T14:18:56","date_gmt":"2011-10-25T18:18:56","guid":{"rendered":"http:\/\/develop.olympic.ca\/team-canada\/kai-langerfeld-2"},"modified":"2021-09-21T16:33:31","modified_gmt":"2021-09-21T20:33:31","slug":"kai-langerfeld","status":"publish","type":"athletes","link":"https:\/\/develop.olympic.ca\/olympique\/team-canada\/kai-langerfeld\/","title":{"rendered":"Kai Langerfeld"},"content":{"rendered":"<p><span style=\"font-weight: 400\">Kai Langerfeld a essay\u00e9 l\u2019aviron pour la premi\u00e8re fois \u00e0 l\u2019\u00e2ge de 13 ans, avec son p\u00e8re York \u2013 qui a particip\u00e9 aux \u00e9preuves d\u2019aviron aux Jeux de Montr\u00e9al en 1976 et qu\u2019il a accompagn\u00e9 \u00e0 l\u2019occasion d\u2019une rencontre avec des olympiens. Selon lui, l\u2019aviron \u00e9tait le pire de tous les sports qu\u2019il ait essay\u00e9. Quelques ann\u00e9es plus tard \u00e0 l\u2019Universit\u00e9 de Victoria, il a d\u00e9cid\u00e9 de faire un autre essai, cette fois-ci, avec succ\u00e8s! \u00c0 sa deuxi\u00e8me ann\u00e9e d\u2019aviron, il a \u00e9t\u00e9 double m\u00e9daill\u00e9 d\u2019or des Championnats canadiens universitaires au huit de pointe et au deux de couple. L\u2019ann\u00e9e suivante, il a ajout\u00e9 une m\u00e9daille de bronze du huit \u00e0 sa collection.\u00a0<\/span><\/p>\n<p><span style=\"font-weight: 400\">Aux Jeux panam\u00e9ricains de 2011, il a \u00e9t\u00e9 double m\u00e9daill\u00e9 d\u2019argent aux \u00e9preuves du huit et du quatre de pointe. Apr\u00e8s avoir rat\u00e9 sa qualification pour les Jeux olympiques de Londres, il a particip\u00e9 aux Championnats du monde de World Rowing de 2012 o\u00f9 il a gagn\u00e9 la m\u00e9daille de bronze du deux de pointe avec barreur. Apr\u00e8s s\u2019\u00eatre remis d\u2019une hernie discale en 2013, Kai a particip\u00e9 \u00e0 l\u2019\u00e9preuve du quatre de pointe de la Coupe du monde \u00e0 Lucerne (Suisse), o\u00f9 il a remport\u00e9 une m\u00e9daille de bronze. La m\u00eame ann\u00e9e, il a aussi pris le cinqui\u00e8me rang aux Championnats du monde.\u00a0<\/span><\/p>\n<p><span style=\"font-weight: 400\">En 2015, Kai et le \u00ab True North Four \u00bb ont \u00e0 nouveau remport\u00e9 la m\u00e9daille de bronze de la Coupe du monde de Varese en Italie, tout juste avant de terminer quatri\u00e8mes aux Championnats du monde. Entre ces deux comp\u00e9titions, il a obtenu deux m\u00e9dailles d\u2019or aux Jeux panam\u00e9ricains de Toronto 2015 avec les \u00e9quipes du quatre et du huit de pointe. Langerfeld est devenu un olympien de deuxi\u00e8me g\u00e9n\u00e9ration quand il s\u2019est taill\u00e9 une place au sein du quatre qui a atteint la finale A.\u00a0<\/span><\/p>\n<p><span style=\"font-weight: 400\">Langerfeld \u00e9tait le seul membre de cet \u00e9quipage qui a particip\u00e9 \u00e0 l\u2019\u00e9preuve du quatre aux Championnats du monde de 2017, terminant au deuxi\u00e8me rang de la finale B. Aux Championnats du monde de 2018, il a fait partie de l\u2019\u00e9quipage du huit qui a pris le deuxi\u00e8me rang de la finale B. Langerfeld a fait \u00e9quipe avec Conlin McCabe au cours de la saison 2019 au deux de pointe. Ils ont remport\u00e9 une m\u00e9daille de bronze \u00e0 leur seule Coupe du monde et ont pris le deuxi\u00e8me rang de la finale B aux Championnats du monde de 2019, qualifiant leur embarcation pour les Jeux de Tokyo 2020 pour le Canada. \u00c0 ses deuxi\u00e8mes Jeux olympiques, Langerfeld a termin\u00e9 quatri\u00e8me \u00e0 la finale A du deux de couple masculin avec McCabe, manquant le podium de seulement une demi-seconde.<\/span><\/p>\n<h3><b>\u00c0 propos de Kai<\/b><\/h3>\n<p><b>D\u00e9buts :<\/b><span style=\"font-weight: 400\">\u00a0Il\u00a0a commenc\u00e9 \u00e0 faire de l\u2019aviron en 2009 \u00e0 l\u2019\u00e2ge de 21\u00a0ans. Lorsqu\u2019il travaillait chez Costco, il voulait faire un retour au sport d\u2019\u00e9quipe et a choisi l\u2019aviron, car son p\u00e8re en avait aussi fait.<\/span> <b>Autres int\u00e9r\u00eats <\/b><span style=\"font-weight: 400\">: Il a termin\u00e9 ses \u00e9tudes en 2012 \u00e0 l\u2019Universit\u00e9 de Victoria avec un dipl\u00f4me en sciences sociales\u2026 Il aime regarder des films et \u00e9couter de la musique.<\/span> <span style=\"font-weight: 400\">\u00a0<\/span><b>De tout et de rien :\u00a0<\/b><span style=\"font-weight: 400\">Son dicton pr\u00e9f\u00e9r\u00e9 est : \u00ab La fa\u00e7on dont nous passons nos journ\u00e9es repr\u00e9sente en soi la fa\u00e7on dont nous vivons notre vie. \u00bb On le surnomme \u00ab Kaiser \u00bb. Son mets pr\u00e9f\u00e9r\u00e9 est le sushi.<\/span><\/p>\n","protected":false},"excerpt":{"rendered":"<p>Langerfeld est devenu un olympien de deuxi\u00e8me g\u00e9n\u00e9ration quand il s\u2019est taill\u00e9 une place au sein du quatre qui a atteint la finale A.\u00a0<\/p>\n<p>Langerfeld \u00e9tait le seul membre de cet \u00e9quipage qui a particip\u00e9 \u00e0 l\u2019\u00e9preuve du quatre aux Championnats du monde de 2017, terminant au deuxi\u00e8me rang de la finale B. Aux Championnats du monde de 2018, il a fait partie de l\u2019\u00e9quipage du huit qui a pris le deuxi\u00e8me rang de la finale B. Langerfeld a fait \u00e9quipe avec Conlin McCabe au cours de la saison 2019 au deux de pointe. Ils ont remport\u00e9 une m\u00e9daille de bronze \u00e0 leur seule Coupe du monde et ont pris le deuxi\u00e8me rang de la finale B aux Championnats du monde de 2019, qualifiant leur embarcation pour les Jeux de Tokyo 2020 pour le Canada.\u00a0<\/p>\n","protected":false},"featured_media":181645,"template":"","tags":[415966755,415984254,1104411,415984257,263200514,415984256,713425,57868344,20292794,415987343],"hof-categories":[],"year-inducted":[],"gender":[42123],"season":[415983968],"sport":[392824],"game":[415984561,193413370,334881982],"team":[415983086,682163206,415982969],"event":[371460879,181822427,371460600],"province":[415983153],"class_list":["post-26994","athletes","type-athletes","status-publish","has-post-thumbnail","hentry","tag-aviron","tag-deux-de-couple","tag-equipe-canada","tag-huit-de-pointe","tag-kai-langerfeld","tag-quatre-de-pointe","tag-rio-2016","tag-tokyo-2020","tag-toronto-2015","tag-true-north-four","gender-masculin","season-ete","sport-aviron","game-2016-rio","game-tokyo-2020","game-2015-toronto","team-rio-2016-aviron","team-tokyo-2020-aviron","team-toronto-2015-aviron","event-deux-de-pointe-hommes","event-deux-en-pointe-sans-barreur-hommes","event-huit-de-pointe-hommes","province-colombie-britannique"],"acf":[],"yoast_head":"<!-- This site is optimized with the Yoast SEO plugin v27.5 - https:\/\/yoast.com\/product\/yoast-seo-wordpress\/ -->\n<title>Kai Langerfeld - \u00c9quipe Canada | Site officiel de l&#039;\u00e9quipe olympique<\/title>\n<meta name=\"description\" content=\"Kai Langerfeld est devenu un olympien de deuxi\u00e8me g\u00e9n\u00e9ration quand il s\u2019est taill\u00e9 une place au sein du quatre qui a atteint la finale A.\u00a0Aux Championnats du monde de 2018, il a fait partie de l\u2019\u00e9quipage du huit qui a pris le deuxi\u00e8me rang de la finale B. Langerfeld a fait \u00e9quipe avec Conlin McCabe au cours de la saison 2019 au deux de pointe. Ils ont remport\u00e9 une m\u00e9daille de bronze \u00e0 leur seule Coupe du monde et ont pris le deuxi\u00e8me rang de la finale B aux Championnats du monde de 2019, qualifiant leur embarcation pour les Jeux de Tokyo 2020 pour le Canada.\u00a0\" \/>\n<meta name=\"robots\" content=\"index, follow, max-snippet:-1, max-image-preview:large, max-video-preview:-1\" \/>\n<link rel=\"canonical\" href=\"https:\/\/develop.olympic.ca\/olympique\/team-canada\/kai-langerfeld\/\" \/>\n<meta property=\"og:locale\" content=\"fr_FR\" \/>\n<meta property=\"og:type\" content=\"article\" \/>\n<meta property=\"og:title\" content=\"Kai Langerfeld - \u00c9quipe Canada | Site officiel de l&#039;\u00e9quipe olympique\" \/>\n<meta property=\"og:description\" content=\"Kai Langerfeld est devenu un olympien de deuxi\u00e8me g\u00e9n\u00e9ration quand il s\u2019est taill\u00e9 une place au sein du quatre qui a atteint la finale A.\u00a0Aux Championnats du monde de 2018, il a fait partie de l\u2019\u00e9quipage du huit qui a pris le deuxi\u00e8me rang de la finale B. Langerfeld a fait \u00e9quipe avec Conlin McCabe au cours de la saison 2019 au deux de pointe. Ils ont remport\u00e9 une m\u00e9daille de bronze \u00e0 leur seule Coupe du monde et ont pris le deuxi\u00e8me rang de la finale B aux Championnats du monde de 2019, qualifiant leur embarcation pour les Jeux de Tokyo 2020 pour le Canada.\u00a0\" \/>\n<meta property=\"og:url\" content=\"https:\/\/develop.olympic.ca\/olympique\/team-canada\/kai-langerfeld\/\" \/>\n<meta property=\"og:site_name\" content=\"\u00c9quipe Canada | Site officiel de l&#039;\u00e9quipe olympique\" \/>\n<meta property=\"article:modified_time\" content=\"2021-09-21T20:33:31+00:00\" \/>\n<meta property=\"og:image\" content=\"https:\/\/develop.olympic.ca\/olympique\/wp-content\/uploads\/sites\/2\/2011\/10\/MerijnSoeters-lr-9103.jpeg?quality=100\" \/>\n\t<meta property=\"og:image:width\" content=\"1080\" \/>\n\t<meta property=\"og:image:height\" content=\"610\" \/>\n\t<meta property=\"og:image:type\" content=\"image\/jpeg\" \/>\n<meta name=\"twitter:card\" content=\"summary_large_image\" \/>\n<meta name=\"twitter:label1\" content=\"Est. reading time\" \/>\n\t<meta name=\"twitter:data1\" content=\"3 minutes\" \/>\n\t<meta name=\"twitter:label2\" content=\"Written by\" \/>\n\t<meta name=\"twitter:data2\" content=\"Marie-Eve Leclerc\" \/>\n<script type=\"application\/ld+json\" class=\"yoast-schema-graph\">{\"@context\":\"https:\\\/\\\/schema.org\",\"@graph\":[{\"@type\":\"WebPage\",\"@id\":\"https:\\\/\\\/develop.olympic.ca\\\/olympique\\\/team-canada\\\/kai-langerfeld\\\/\",\"url\":\"https:\\\/\\\/develop.olympic.ca\\\/olympique\\\/team-canada\\\/kai-langerfeld\\\/\",\"name\":\"Kai Langerfeld - \u00c9quipe Canada | Site officiel de l&#039;\u00e9quipe olympique\",\"isPartOf\":{\"@id\":\"https:\\\/\\\/develop.olympic.ca\\\/olympique\\\/#website\"},\"primaryImageOfPage\":{\"@id\":\"https:\\\/\\\/develop.olympic.ca\\\/olympique\\\/team-canada\\\/kai-langerfeld\\\/#primaryimage\"},\"image\":{\"@id\":\"https:\\\/\\\/develop.olympic.ca\\\/olympique\\\/team-canada\\\/kai-langerfeld\\\/#primaryimage\"},\"thumbnailUrl\":\"https:\\\/\\\/develop.olympic.ca\\\/olympique\\\/wp-content\\\/uploads\\\/sites\\\/2\\\/2011\\\/10\\\/MerijnSoeters-lr-9103.jpeg?quality=100\",\"datePublished\":\"2011-10-25T18:18:56+00:00\",\"dateModified\":\"2021-09-21T20:33:31+00:00\",\"description\":\"Kai Langerfeld est devenu un olympien de deuxi\u00e8me g\u00e9n\u00e9ration quand il s\u2019est taill\u00e9 une place au sein du quatre qui a atteint la finale A.\u00a0Aux Championnats du monde de 2018, il a fait partie de l\u2019\u00e9quipage du huit qui a pris le deuxi\u00e8me rang de la finale B. Langerfeld a fait \u00e9quipe avec Conlin McCabe au cours de la saison 2019 au deux de pointe. Ils ont remport\u00e9 une m\u00e9daille de bronze \u00e0 leur seule Coupe du monde et ont pris le deuxi\u00e8me rang de la finale B aux Championnats du monde de 2019, qualifiant leur embarcation pour les Jeux de Tokyo 2020 pour le Canada.\u00a0\",\"inLanguage\":\"fr-FR\",\"potentialAction\":[{\"@type\":\"ReadAction\",\"target\":[\"https:\\\/\\\/develop.olympic.ca\\\/olympique\\\/team-canada\\\/kai-langerfeld\\\/\"]}]},{\"@type\":\"ImageObject\",\"inLanguage\":\"fr-FR\",\"@id\":\"https:\\\/\\\/develop.olympic.ca\\\/olympique\\\/team-canada\\\/kai-langerfeld\\\/#primaryimage\",\"url\":\"https:\\\/\\\/develop.olympic.ca\\\/olympique\\\/wp-content\\\/uploads\\\/sites\\\/2\\\/2011\\\/10\\\/MerijnSoeters-lr-9103.jpeg?quality=100\",\"contentUrl\":\"https:\\\/\\\/develop.olympic.ca\\\/olympique\\\/wp-content\\\/uploads\\\/sites\\\/2\\\/2011\\\/10\\\/MerijnSoeters-lr-9103.jpeg?quality=100\",\"width\":1080,\"height\":610,\"caption\":\"Deux athl\u00e8tes d'aviron en action\"},{\"@type\":\"WebSite\",\"@id\":\"https:\\\/\\\/develop.olympic.ca\\\/olympique\\\/#website\",\"url\":\"https:\\\/\\\/develop.olympic.ca\\\/olympique\\\/\",\"name\":\"\u00c9quipe Canada | Site officiel de l&#039;\u00e9quipe olympique\",\"description\":\"Votre source pour l\u2019\u00c9quipe olympique canadienne. Retrouvez les r\u00e9cits, vid\u00e9os et photos des athl\u00e8tes canadiens, sports olympiques, Jeux olympiques de 2020 et bien plus!\",\"potentialAction\":[{\"@type\":\"SearchAction\",\"target\":{\"@type\":\"EntryPoint\",\"urlTemplate\":\"https:\\\/\\\/develop.olympic.ca\\\/olympique\\\/?s={search_term_string}\"},\"query-input\":{\"@type\":\"PropertyValueSpecification\",\"valueRequired\":true,\"valueName\":\"search_term_string\"}}],\"inLanguage\":\"fr-FR\"}]}<\/script>\n<!-- \/ Yoast SEO plugin. -->","yoast_head_json":{"title":"Kai Langerfeld - \u00c9quipe Canada | Site officiel de l&#039;\u00e9quipe olympique","description":"Kai Langerfeld est devenu un olympien de deuxi\u00e8me g\u00e9n\u00e9ration quand il s\u2019est taill\u00e9 une place au sein du quatre qui a atteint la finale A.\u00a0Aux Championnats du monde de 2018, il a fait partie de l\u2019\u00e9quipage du huit qui a pris le deuxi\u00e8me rang de la finale B. Langerfeld a fait \u00e9quipe avec Conlin McCabe au cours de la saison 2019 au deux de pointe. Ils ont remport\u00e9 une m\u00e9daille de bronze \u00e0 leur seule Coupe du monde et ont pris le deuxi\u00e8me rang de la finale B aux Championnats du monde de 2019, qualifiant leur embarcation pour les Jeux de Tokyo 2020 pour le Canada.\u00a0","robots":{"index":"index","follow":"follow","max-snippet":"max-snippet:-1","max-image-preview":"max-image-preview:large","max-video-preview":"max-video-preview:-1"},"canonical":"https:\/\/develop.olympic.ca\/olympique\/team-canada\/kai-langerfeld\/","og_locale":"fr_FR","og_type":"article","og_title":"Kai Langerfeld - \u00c9quipe Canada | Site officiel de l&#039;\u00e9quipe olympique","og_description":"Kai Langerfeld est devenu un olympien de deuxi\u00e8me g\u00e9n\u00e9ration quand il s\u2019est taill\u00e9 une place au sein du quatre qui a atteint la finale A.\u00a0Aux Championnats du monde de 2018, il a fait partie de l\u2019\u00e9quipage du huit qui a pris le deuxi\u00e8me rang de la finale B. Langerfeld a fait \u00e9quipe avec Conlin McCabe au cours de la saison 2019 au deux de pointe. Ils ont remport\u00e9 une m\u00e9daille de bronze \u00e0 leur seule Coupe du monde et ont pris le deuxi\u00e8me rang de la finale B aux Championnats du monde de 2019, qualifiant leur embarcation pour les Jeux de Tokyo 2020 pour le Canada.\u00a0","og_url":"https:\/\/develop.olympic.ca\/olympique\/team-canada\/kai-langerfeld\/","og_site_name":"\u00c9quipe Canada | Site officiel de l&#039;\u00e9quipe olympique","article_modified_time":"2021-09-21T20:33:31+00:00","og_image":[{"width":1080,"height":610,"url":"https:\/\/develop.olympic.ca\/olympique\/wp-content\/uploads\/sites\/2\/2011\/10\/MerijnSoeters-lr-9103.jpeg?quality=100","type":"image\/jpeg"}],"twitter_card":"summary_large_image","twitter_misc":{"Est. reading time":"3 minutes","Written by":"Marie-Eve Leclerc"},"schema":{"@context":"https:\/\/schema.org","@graph":[{"@type":"WebPage","@id":"https:\/\/develop.olympic.ca\/olympique\/team-canada\/kai-langerfeld\/","url":"https:\/\/develop.olympic.ca\/olympique\/team-canada\/kai-langerfeld\/","name":"Kai Langerfeld - \u00c9quipe Canada | Site officiel de l&#039;\u00e9quipe olympique","isPartOf":{"@id":"https:\/\/develop.olympic.ca\/olympique\/#website"},"primaryImageOfPage":{"@id":"https:\/\/develop.olympic.ca\/olympique\/team-canada\/kai-langerfeld\/#primaryimage"},"image":{"@id":"https:\/\/develop.olympic.ca\/olympique\/team-canada\/kai-langerfeld\/#primaryimage"},"thumbnailUrl":"https:\/\/develop.olympic.ca\/olympique\/wp-content\/uploads\/sites\/2\/2011\/10\/MerijnSoeters-lr-9103.jpeg?quality=100","datePublished":"2011-10-25T18:18:56+00:00","dateModified":"2021-09-21T20:33:31+00:00","description":"Kai Langerfeld est devenu un olympien de deuxi\u00e8me g\u00e9n\u00e9ration quand il s\u2019est taill\u00e9 une place au sein du quatre qui a atteint la finale A.\u00a0Aux Championnats du monde de 2018, il a fait partie de l\u2019\u00e9quipage du huit qui a pris le deuxi\u00e8me rang de la finale B. Langerfeld a fait \u00e9quipe avec Conlin McCabe au cours de la saison 2019 au deux de pointe. Ils ont remport\u00e9 une m\u00e9daille de bronze \u00e0 leur seule Coupe du monde et ont pris le deuxi\u00e8me rang de la finale B aux Championnats du monde de 2019, qualifiant leur embarcation pour les Jeux de Tokyo 2020 pour le Canada.\u00a0","inLanguage":"fr-FR","potentialAction":[{"@type":"ReadAction","target":["https:\/\/develop.olympic.ca\/olympique\/team-canada\/kai-langerfeld\/"]}]},{"@type":"ImageObject","inLanguage":"fr-FR","@id":"https:\/\/develop.olympic.ca\/olympique\/team-canada\/kai-langerfeld\/#primaryimage","url":"https:\/\/develop.olympic.ca\/olympique\/wp-content\/uploads\/sites\/2\/2011\/10\/MerijnSoeters-lr-9103.jpeg?quality=100","contentUrl":"https:\/\/develop.olympic.ca\/olympique\/wp-content\/uploads\/sites\/2\/2011\/10\/MerijnSoeters-lr-9103.jpeg?quality=100","width":1080,"height":610,"caption":"Deux athl\u00e8tes d'aviron en action"},{"@type":"WebSite","@id":"https:\/\/develop.olympic.ca\/olympique\/#website","url":"https:\/\/develop.olympic.ca\/olympique\/","name":"\u00c9quipe Canada | Site officiel de l&#039;\u00e9quipe olympique","description":"Votre source pour l\u2019\u00c9quipe olympique canadienne. Retrouvez les r\u00e9cits, vid\u00e9os et photos des athl\u00e8tes canadiens, sports olympiques, Jeux olympiques de 2020 et bien plus!","potentialAction":[{"@type":"SearchAction","target":{"@type":"EntryPoint","urlTemplate":"https:\/\/develop.olympic.ca\/olympique\/?s={search_term_string}"},"query-input":{"@type":"PropertyValueSpecification","valueRequired":true,"valueName":"search_term_string"}}],"inLanguage":"fr-FR"}]}},"featured_image_url":"https:\/\/develop.olympic.ca\/olympique\/wp-content\/uploads\/sites\/2\/2011\/10\/MerijnSoeters-lr-9103.jpeg?quality=100","category_names":[],"tag_names":["aviron","deux de couple","\u00c9quipe canada","huit de pointe","Kai Langerfeld","quatre de pointe","Rio 2016","Tokyo 2020","Toronto 2015","True North Four"],"sport_names":[515],"game_names":["Rio 2016","Tokyo 2020","Toronto 2015"],"season_names":["\u00c9t\u00e9"],"team_names":["Rio 2016 Aviron","Tokyo 2020 Aviron","Toronto 2015 Aviron"],"province_names":["Colombie-Britannique"],"social_facebook":"","social_twitter":"","social_linkedin":"","social_gplus":"","social_instagram":"kaiserper2016","social_website":"","total_medal_count_gold":"","total_medal_count_silver":"","total_medal_count_bronze":"","athlete_headshot":"https:\/\/develop.olympic.ca\/olympique\/wp-content\/uploads\/sites\/2\/2021\/06\/KAI_LANGERFELD.jpg?quality=100","athlete_height":"197","athlete_weight":"","athlete_hometown":"North Vancouver, Colombie-Britannique","athlete_birthplace":"North Vancouver, Colombie-Britannique","coc_gracenote_id":"","athlete_dob":"July 5, 1987","athlete_age":38,"jetpack_sharing_enabled":true,"_links":{"self":[{"href":"https:\/\/develop.olympic.ca\/olympique\/wp-json\/wp\/v2\/athletes\/26994","targetHints":{"allow":["GET"]}}],"collection":[{"href":"https:\/\/develop.olympic.ca\/olympique\/wp-json\/wp\/v2\/athletes"}],"about":[{"href":"https:\/\/develop.olympic.ca\/olympique\/wp-json\/wp\/v2\/types\/athletes"}],"version-history":[{"count":0,"href":"https:\/\/develop.olympic.ca\/olympique\/wp-json\/wp\/v2\/athletes\/26994\/revisions"}],"wp:featuredmedia":[{"embeddable":true,"href":"https:\/\/develop.olympic.ca\/olympique\/wp-json\/wp\/v2\/media\/181645"}],"wp:attachment":[{"href":"https:\/\/develop.olympic.ca\/olympique\/wp-json\/wp\/v2\/media?parent=26994"}],"wp:term":[{"taxonomy":"post_tag","embeddable":true,"href":"https:\/\/develop.olympic.ca\/olympique\/wp-json\/wp\/v2\/tags?post=26994"},{"taxonomy":"hof-categories","embeddable":true,"href":"https:\/\/develop.olympic.ca\/olympique\/wp-json\/wp\/v2\/hof-categories?post=26994"},{"taxonomy":"year-inducted","embeddable":true,"href":"https:\/\/develop.olympic.ca\/olympique\/wp-json\/wp\/v2\/year-inducted?post=26994"},{"taxonomy":"gender","embeddable":true,"href":"https:\/\/develop.olympic.ca\/olympique\/wp-json\/wp\/v2\/gender?post=26994"},{"taxonomy":"season","embeddable":true,"href":"https:\/\/develop.olympic.ca\/olympique\/wp-json\/wp\/v2\/season?post=26994"},{"taxonomy":"sport","embeddable":true,"href":"https:\/\/develop.olympic.ca\/olympique\/wp-json\/wp\/v2\/sport?post=26994"},{"taxonomy":"game","embeddable":true,"href":"https:\/\/develop.olympic.ca\/olympique\/wp-json\/wp\/v2\/game?post=26994"},{"taxonomy":"team","embeddable":true,"href":"https:\/\/develop.olympic.ca\/olympique\/wp-json\/wp\/v2\/team?post=26994"},{"taxonomy":"event","embeddable":true,"href":"https:\/\/develop.olympic.ca\/olympique\/wp-json\/wp\/v2\/event?post=26994"},{"taxonomy":"province","embeddable":true,"href":"https:\/\/develop.olympic.ca\/olympique\/wp-json\/wp\/v2\/province?post=26994"}],"curies":[{"name":"wp","href":"https:\/\/api.w.org\/{rel}","templated":true}]}}