{"id":37303,"date":"2012-07-25T14:38:07","date_gmt":"2012-07-25T18:38:07","guid":{"rendered":"http:\/\/develop.olympic.ca\/?post_type=athletes&#038;p=37303"},"modified":"2018-07-30T10:12:26","modified_gmt":"2018-07-30T14:12:26","slug":"nikkita-holder","status":"publish","type":"athletes","link":"https:\/\/develop.olympic.ca\/olympique\/team-canada\/nikkita-holder\/","title":{"rendered":"Nikkita Holder"},"content":{"rendered":"<p>Nikkita Holder s\u2019est qualifi\u00e9e pour ses premiers Jeux olympiques \u00e0 Londres\u00a02012 en terminant 3<sup>e<\/sup>\u00a0aux Championnats canadiens tant attendus de 2012 en raison de la pr\u00e9sence de six coureuses du 100\u00a0m haies ayant toutes atteint le standard de qualification. En 2011, elle a pris part \u00e0 la finale des Championnats du monde de l\u2019IAAF et y a termin\u00e9 6<sup>e<\/sup>, soit le meilleur r\u00e9sultat des Canadiennes. Aux Jeux olympiques, elle a atteint la demi-finale.<\/p>\n<p>En 2014, apr\u00e8s avoir donn\u00e9 naissance \u00e0 son fils, Kaedence, en octobre 2013, elle s\u2019est class\u00e9e 5<sup>e<\/sup> aux Championnats canadiens. Apr\u00e8s sa 3<sup>e<\/sup> place au 100\u00a0m haies des Championnats canadiens de 2015, Nikkita a remport\u00e9 une m\u00e9daille de bronze aux Jeux panam\u00e9ricains de 2105 \u00e0 Toronto avec un meilleur temps en saison de 12,85 secondes, soit \u00e0 0,05 seconde pr\u00e8s de son record personnel.<\/p>\n<p>Cette performance a \u00e9t\u00e9 suivie d\u2019une qualification pour la demi-finale des Championnats du monde de l\u2019IAAF de 2015 \u00e0 Beijing. Nikkita a particip\u00e9 aux Jeux olympiques pour une deuxi\u00e8me fois \u00e0 Rio 2016, o\u00f9 elle a acc\u00e9d\u00e9 encore une fois \u00e0 la demi-finale.<\/p>\n<p><strong style=\"line-height:1.5;\">\u00c0\u00a0propos de Nikkita<\/strong><\/p>\n<p><strong>Famille\u00a0:<\/strong> Ses parents s\u2019appellent Lincoln et Sandra Colaire. Ses jeunes fr\u00e8res s\u2019appellent Trystan et Ashton, et sa s\u0153ur cadette, Shaleah. Son fils, Kaedence Warner, est n\u00e9 en octobre 2013. <strong>D\u00e9buts\u00a0<\/strong><strong>:<\/strong> Elle a commenc\u00e9 \u00e0 courir \u00e0 l\u2019\u00e2ge de 7\u00a0ans. Durant les trois premi\u00e8res ann\u00e9es, elle d\u00e9testait cela. Puis, \u00e0 12\u00a0ans, elle est pass\u00e9e aux \u00e9preuves de sprint. <strong>Au-del\u00e0 de l\u2019athl\u00e9tisme\u00a0:<\/strong> Elle aime la lecture et l\u2019\u00e9criture. Elle a obtenu son dipl\u00f4me de l\u2019universit\u00e9 de l\u2019Illinois en 2010. On la surnomme Kita. Citation personnelle\u00a0: \u00ab\u00a0Lorsqu\u2019on a envie d\u2019abandonner, il faut se souvenir pourquoi on ne l\u2019a pas fait.\u00a0\u00bb &#8211; Nikkita Holder. \u00c0 l\u2019\u00e9chauffement, elle \u00e9coute de la musique soca. Elle ne part jamais sans son journal personnel parce que l\u2019\u00e9criture l\u2019aide \u00e0 avoir les id\u00e9es claires.<\/p>\n","protected":false},"excerpt":{"rendered":"<p>Nikkita Holder s\u2019est qualifi\u00e9e pour ses premiers Jeux olympiques \u00e0 Londres\u00a02012 en terminant 3e\u00a0aux Championnats canadiens tant attendus de 2012 en raison de la pr\u00e9sence de six coureuses du 100\u00a0m haies ayant toutes atteint le standard de qualification. En 2011, elle a pris part \u00e0 la finale des Championnats du monde de l\u2019IAAF et y a termin\u00e9 6e, soit le meilleur r\u00e9sultat des Canadiennes.<\/p>\n","protected":false},"featured_media":83801,"template":"","tags":[191463059,415984548,1104411,3238209,16081,18594,1379432,63813718,91138920,713425,20292794],"hof-categories":[],"year-inducted":[],"gender":[23319],"season":[415983968],"sport":[48770],"game":[31757719,415984561,334881982],"team":[415983269,415983070,415982968],"event":[181822615],"province":[415983158],"class_list":["post-37303","athletes","type-athletes","status-publish","has-post-thumbnail","hentry","tag-2012-londres-2","tag-athletisme","tag-equipe-canada","tag-haies","tag-jeux","tag-londres","tag-londres-2012","tag-nikita-holder","tag-nikkita-holder","tag-rio-2016","tag-toronto-2015","gender-feminin","season-ete","sport-athletisme","game-2012-londres","game-2016-rio","game-2015-toronto","team-londres-2012-athletisme","team-rio-2016-athletisme","team-toronto-2015-athletisme","event-haies-100-m-femmes","province-ontario"],"acf":[],"yoast_head":"<!-- This site is optimized with the Yoast SEO plugin v27.3 - https:\/\/yoast.com\/product\/yoast-seo-wordpress\/ -->\n<title>Nikkita Holder - \u00c9quipe Canada | Site officiel de l&#039;\u00e9quipe olympique<\/title>\n<meta name=\"robots\" content=\"index, follow, max-snippet:-1, max-image-preview:large, max-video-preview:-1\" \/>\n<link rel=\"canonical\" href=\"https:\/\/develop.olympic.ca\/olympique\/team-canada\/nikkita-holder\/\" \/>\n<meta property=\"og:locale\" content=\"fr_FR\" \/>\n<meta property=\"og:type\" content=\"article\" \/>\n<meta property=\"og:title\" content=\"Nikkita Holder - \u00c9quipe Canada | Site officiel de l&#039;\u00e9quipe olympique\" \/>\n<meta property=\"og:description\" content=\"Nikkita Holder s\u2019est qualifi\u00e9e pour ses premiers Jeux olympiques \u00e0 Londres\u00a02012 en terminant 3e\u00a0aux Championnats canadiens tant attendus de 2012 en raison de la pr\u00e9sence de six coureuses du 100\u00a0m haies ayant toutes atteint le standard de qualification. En 2011, elle a pris part \u00e0 la finale des Championnats du monde de l\u2019IAAF et y a termin\u00e9 6e, soit le meilleur r\u00e9sultat des Canadiennes.\" \/>\n<meta property=\"og:url\" content=\"https:\/\/develop.olympic.ca\/olympique\/team-canada\/nikkita-holder\/\" \/>\n<meta property=\"og:site_name\" content=\"\u00c9quipe Canada | Site officiel de l&#039;\u00e9quipe olympique\" \/>\n<meta property=\"article:modified_time\" content=\"2018-07-30T14:12:26+00:00\" \/>\n<meta property=\"og:image\" content=\"https:\/\/develop.olympic.ca\/olympique\/wp-content\/uploads\/sites\/2\/2012\/07\/nikkita_holder_2012_e_1340px.jpg?quality=100\" \/>\n\t<meta property=\"og:image:width\" content=\"1339\" \/>\n\t<meta property=\"og:image:height\" content=\"811\" \/>\n\t<meta property=\"og:image:type\" content=\"image\/jpeg\" \/>\n<meta name=\"twitter:card\" content=\"summary_large_image\" \/>\n<meta name=\"twitter:label1\" content=\"Est. reading time\" \/>\n\t<meta name=\"twitter:data1\" content=\"2 minutes\" \/>\n\t<meta name=\"twitter:label2\" content=\"Written by\" \/>\n\t<meta name=\"twitter:data2\" content=\"cdnolympicteam\" \/>\n<script type=\"application\/ld+json\" class=\"yoast-schema-graph\">{\"@context\":\"https:\\\/\\\/schema.org\",\"@graph\":[{\"@type\":\"WebPage\",\"@id\":\"https:\\\/\\\/develop.olympic.ca\\\/olympique\\\/team-canada\\\/nikkita-holder\\\/\",\"url\":\"https:\\\/\\\/develop.olympic.ca\\\/olympique\\\/team-canada\\\/nikkita-holder\\\/\",\"name\":\"Nikkita Holder - \u00c9quipe Canada | Site officiel de l&#039;\u00e9quipe olympique\",\"isPartOf\":{\"@id\":\"https:\\\/\\\/develop.olympic.ca\\\/olympique\\\/#website\"},\"primaryImageOfPage\":{\"@id\":\"https:\\\/\\\/develop.olympic.ca\\\/olympique\\\/team-canada\\\/nikkita-holder\\\/#primaryimage\"},\"image\":{\"@id\":\"https:\\\/\\\/develop.olympic.ca\\\/olympique\\\/team-canada\\\/nikkita-holder\\\/#primaryimage\"},\"thumbnailUrl\":\"https:\\\/\\\/develop.olympic.ca\\\/olympique\\\/wp-content\\\/uploads\\\/sites\\\/2\\\/2012\\\/07\\\/nikkita_holder_2012_e_1340px.jpg?quality=100\",\"datePublished\":\"2012-07-25T18:38:07+00:00\",\"dateModified\":\"2018-07-30T14:12:26+00:00\",\"inLanguage\":\"fr-FR\",\"potentialAction\":[{\"@type\":\"ReadAction\",\"target\":[\"https:\\\/\\\/develop.olympic.ca\\\/olympique\\\/team-canada\\\/nikkita-holder\\\/\"]}]},{\"@type\":\"ImageObject\",\"inLanguage\":\"fr-FR\",\"@id\":\"https:\\\/\\\/develop.olympic.ca\\\/olympique\\\/team-canada\\\/nikkita-holder\\\/#primaryimage\",\"url\":\"https:\\\/\\\/develop.olympic.ca\\\/olympique\\\/wp-content\\\/uploads\\\/sites\\\/2\\\/2012\\\/07\\\/nikkita_holder_2012_e_1340px.jpg?quality=100\",\"contentUrl\":\"https:\\\/\\\/develop.olympic.ca\\\/olympique\\\/wp-content\\\/uploads\\\/sites\\\/2\\\/2012\\\/07\\\/nikkita_holder_2012_e_1340px.jpg?quality=100\",\"width\":1339,\"height\":811},{\"@type\":\"WebSite\",\"@id\":\"https:\\\/\\\/develop.olympic.ca\\\/olympique\\\/#website\",\"url\":\"https:\\\/\\\/develop.olympic.ca\\\/olympique\\\/\",\"name\":\"\u00c9quipe Canada | Site officiel de l&#039;\u00e9quipe olympique\",\"description\":\"Votre source pour l\u2019\u00c9quipe olympique canadienne. Retrouvez les r\u00e9cits, vid\u00e9os et photos des athl\u00e8tes canadiens, sports olympiques, Jeux olympiques de 2020 et bien plus!\",\"potentialAction\":[{\"@type\":\"SearchAction\",\"target\":{\"@type\":\"EntryPoint\",\"urlTemplate\":\"https:\\\/\\\/develop.olympic.ca\\\/olympique\\\/?s={search_term_string}\"},\"query-input\":{\"@type\":\"PropertyValueSpecification\",\"valueRequired\":true,\"valueName\":\"search_term_string\"}}],\"inLanguage\":\"fr-FR\"}]}<\/script>\n<!-- \/ Yoast SEO plugin. -->","yoast_head_json":{"title":"Nikkita Holder - \u00c9quipe Canada | Site officiel de l&#039;\u00e9quipe olympique","robots":{"index":"index","follow":"follow","max-snippet":"max-snippet:-1","max-image-preview":"max-image-preview:large","max-video-preview":"max-video-preview:-1"},"canonical":"https:\/\/develop.olympic.ca\/olympique\/team-canada\/nikkita-holder\/","og_locale":"fr_FR","og_type":"article","og_title":"Nikkita Holder - \u00c9quipe Canada | Site officiel de l&#039;\u00e9quipe olympique","og_description":"Nikkita Holder s\u2019est qualifi\u00e9e pour ses premiers Jeux olympiques \u00e0 Londres\u00a02012 en terminant 3e\u00a0aux Championnats canadiens tant attendus de 2012 en raison de la pr\u00e9sence de six coureuses du 100\u00a0m haies ayant toutes atteint le standard de qualification. En 2011, elle a pris part \u00e0 la finale des Championnats du monde de l\u2019IAAF et y a termin\u00e9 6e, soit le meilleur r\u00e9sultat des Canadiennes.","og_url":"https:\/\/develop.olympic.ca\/olympique\/team-canada\/nikkita-holder\/","og_site_name":"\u00c9quipe Canada | Site officiel de l&#039;\u00e9quipe olympique","article_modified_time":"2018-07-30T14:12:26+00:00","og_image":[{"width":1339,"height":811,"url":"https:\/\/develop.olympic.ca\/olympique\/wp-content\/uploads\/sites\/2\/2012\/07\/nikkita_holder_2012_e_1340px.jpg?quality=100","type":"image\/jpeg"}],"twitter_card":"summary_large_image","twitter_misc":{"Est. reading time":"2 minutes","Written by":"cdnolympicteam"},"schema":{"@context":"https:\/\/schema.org","@graph":[{"@type":"WebPage","@id":"https:\/\/develop.olympic.ca\/olympique\/team-canada\/nikkita-holder\/","url":"https:\/\/develop.olympic.ca\/olympique\/team-canada\/nikkita-holder\/","name":"Nikkita Holder - \u00c9quipe Canada | Site officiel de l&#039;\u00e9quipe olympique","isPartOf":{"@id":"https:\/\/develop.olympic.ca\/olympique\/#website"},"primaryImageOfPage":{"@id":"https:\/\/develop.olympic.ca\/olympique\/team-canada\/nikkita-holder\/#primaryimage"},"image":{"@id":"https:\/\/develop.olympic.ca\/olympique\/team-canada\/nikkita-holder\/#primaryimage"},"thumbnailUrl":"https:\/\/develop.olympic.ca\/olympique\/wp-content\/uploads\/sites\/2\/2012\/07\/nikkita_holder_2012_e_1340px.jpg?quality=100","datePublished":"2012-07-25T18:38:07+00:00","dateModified":"2018-07-30T14:12:26+00:00","inLanguage":"fr-FR","potentialAction":[{"@type":"ReadAction","target":["https:\/\/develop.olympic.ca\/olympique\/team-canada\/nikkita-holder\/"]}]},{"@type":"ImageObject","inLanguage":"fr-FR","@id":"https:\/\/develop.olympic.ca\/olympique\/team-canada\/nikkita-holder\/#primaryimage","url":"https:\/\/develop.olympic.ca\/olympique\/wp-content\/uploads\/sites\/2\/2012\/07\/nikkita_holder_2012_e_1340px.jpg?quality=100","contentUrl":"https:\/\/develop.olympic.ca\/olympique\/wp-content\/uploads\/sites\/2\/2012\/07\/nikkita_holder_2012_e_1340px.jpg?quality=100","width":1339,"height":811},{"@type":"WebSite","@id":"https:\/\/develop.olympic.ca\/olympique\/#website","url":"https:\/\/develop.olympic.ca\/olympique\/","name":"\u00c9quipe Canada | Site officiel de l&#039;\u00e9quipe olympique","description":"Votre source pour l\u2019\u00c9quipe olympique canadienne. Retrouvez les r\u00e9cits, vid\u00e9os et photos des athl\u00e8tes canadiens, sports olympiques, Jeux olympiques de 2020 et bien plus!","potentialAction":[{"@type":"SearchAction","target":{"@type":"EntryPoint","urlTemplate":"https:\/\/develop.olympic.ca\/olympique\/?s={search_term_string}"},"query-input":{"@type":"PropertyValueSpecification","valueRequired":true,"valueName":"search_term_string"}}],"inLanguage":"fr-FR"}]}},"featured_image_url":"https:\/\/develop.olympic.ca\/olympique\/wp-content\/uploads\/sites\/2\/2012\/07\/nikkita_holder_2012_e_1340px.jpg?quality=100","category_names":[],"tag_names":["2012 londres","Athl\u00e9tisme","\u00c9quipe canada","Haies","Jeux","londres","Londres 2012","Nikita Holder","Nikkita Holder","Rio 2016","Toronto 2015"],"sport_names":[342],"game_names":["Londres 2012","Rio 2016","Toronto 2015"],"season_names":["\u00c9t\u00e9"],"team_names":["Londres 2012 Athl\u00e9tisme","Rio 2016 Athl\u00e9tisme","Toronto 2015 Athl\u00e9tisme"],"province_names":["Ontario"],"social_facebook":"","social_twitter":"brownnstone","social_linkedin":"","social_gplus":"","social_instagram":"brownnstone","social_website":"www.runtomom.com","total_medal_count_gold":"","total_medal_count_silver":"","total_medal_count_bronze":"","athlete_headshot":"https:\/\/develop.olympic.ca\/wp-content\/uploads\/sites\/2\/2012\/07\/nikkitaholder_web7.jpg?quality=100","athlete_height":"170","athlete_weight":"59","athlete_hometown":"Pickering (Ont.)","athlete_birthplace":"East York (Ont.)","coc_gracenote_id":"","athlete_dob":"May 7, 1987","athlete_age":38,"jetpack_sharing_enabled":true,"_links":{"self":[{"href":"https:\/\/develop.olympic.ca\/olympique\/wp-json\/wp\/v2\/athletes\/37303","targetHints":{"allow":["GET"]}}],"collection":[{"href":"https:\/\/develop.olympic.ca\/olympique\/wp-json\/wp\/v2\/athletes"}],"about":[{"href":"https:\/\/develop.olympic.ca\/olympique\/wp-json\/wp\/v2\/types\/athletes"}],"version-history":[{"count":3,"href":"https:\/\/develop.olympic.ca\/olympique\/wp-json\/wp\/v2\/athletes\/37303\/revisions"}],"predecessor-version":[{"id":142009,"href":"https:\/\/develop.olympic.ca\/olympique\/wp-json\/wp\/v2\/athletes\/37303\/revisions\/142009"}],"wp:featuredmedia":[{"embeddable":true,"href":"https:\/\/develop.olympic.ca\/olympique\/wp-json\/wp\/v2\/media\/83801"}],"wp:attachment":[{"href":"https:\/\/develop.olympic.ca\/olympique\/wp-json\/wp\/v2\/media?parent=37303"}],"wp:term":[{"taxonomy":"post_tag","embeddable":true,"href":"https:\/\/develop.olympic.ca\/olympique\/wp-json\/wp\/v2\/tags?post=37303"},{"taxonomy":"hof-categories","embeddable":true,"href":"https:\/\/develop.olympic.ca\/olympique\/wp-json\/wp\/v2\/hof-categories?post=37303"},{"taxonomy":"year-inducted","embeddable":true,"href":"https:\/\/develop.olympic.ca\/olympique\/wp-json\/wp\/v2\/year-inducted?post=37303"},{"taxonomy":"gender","embeddable":true,"href":"https:\/\/develop.olympic.ca\/olympique\/wp-json\/wp\/v2\/gender?post=37303"},{"taxonomy":"season","embeddable":true,"href":"https:\/\/develop.olympic.ca\/olympique\/wp-json\/wp\/v2\/season?post=37303"},{"taxonomy":"sport","embeddable":true,"href":"https:\/\/develop.olympic.ca\/olympique\/wp-json\/wp\/v2\/sport?post=37303"},{"taxonomy":"game","embeddable":true,"href":"https:\/\/develop.olympic.ca\/olympique\/wp-json\/wp\/v2\/game?post=37303"},{"taxonomy":"team","embeddable":true,"href":"https:\/\/develop.olympic.ca\/olympique\/wp-json\/wp\/v2\/team?post=37303"},{"taxonomy":"event","embeddable":true,"href":"https:\/\/develop.olympic.ca\/olympique\/wp-json\/wp\/v2\/event?post=37303"},{"taxonomy":"province","embeddable":true,"href":"https:\/\/develop.olympic.ca\/olympique\/wp-json\/wp\/v2\/province?post=37303"}],"curies":[{"name":"wp","href":"https:\/\/api.w.org\/{rel}","templated":true}]}}