{"id":91120,"date":"2014-01-29T12:26:11","date_gmt":"2014-01-29T17:26:11","guid":{"rendered":"http:\/\/develop.olympic.ca\/olympique\/?post_type=athletes&#038;p=91120"},"modified":"2014-03-21T12:46:30","modified_gmt":"2014-03-21T16:46:30","slug":"morgan-pridy","status":"publish","type":"athletes","link":"https:\/\/develop.olympic.ca\/olympique\/team-canada\/morgan-pridy\/","title":{"rendered":"Morgan Pridy"},"content":{"rendered":"<p><a href=\"http:\/\/develop.olympic.ca\/wp-content\/uploads\/sites\/2\/2014\/01\/morgan.jpg\"><img loading=\"lazy\" decoding=\"async\" class=\"alignleft size-full wp-image-91123\" alt=\"morgan\" src=\"http:\/\/develop.olympic.ca\/wp-content\/uploads\/sites\/2\/2014\/01\/morgan.jpg\" width=\"139\" height=\"207\" srcset=\"https:\/\/develop.olympic.ca\/olympique\/wp-content\/uploads\/sites\/2\/2014\/01\/morgan.jpg 139w, https:\/\/develop.olympic.ca\/olympique\/wp-content\/uploads\/sites\/2\/2014\/01\/morgan.jpg?resize=106,158 106w\" sizes=\"(max-width: 139px) 100vw, 139px\" \/><\/a>Morgan Pridy a fait l\u2019exp\u00e9rience des Jeux olympiques lorsqu\u2019il a agi comme ouvreur de piste pour les \u00e9preuves de descente et de super-G \u00e0 Vancouver 2010. Cette exp\u00e9rience a intensifi\u00e9 son d\u00e9sir de lui-m\u00eame prendre part aux Jeux.<\/p>\n<p>Il a fait ses d\u00e9buts en Coupe du monde en mars 2012, \u00e0 Kvitfjell, en Norv\u00e8ge. Il a obtenu son premier <i>top-30 <\/i>en Coupe du monde en d\u00e9cembre 2013, avec une 24<sup>e<\/sup> place au super-G de Beaver Creek. Il a \u00e9volu\u00e9 sur le circuit Nor-Am pendant la majorit\u00e9 de la saison 2012-2013 o\u00f9 il a connu beaucoup de succ\u00e8s, terminant au premier rang du classement g\u00e9n\u00e9ral en super-G et au super-combin\u00e9 gr\u00e2ce \u00e0 une r\u00e9colte de trois m\u00e9dailles d\u2019or et de trois m\u00e9dailles d\u2019argent en saison.<\/p>\n<h2>\u00c0 PROPOS DE L\u2019ATHL\u00c8TE<\/h2>\n<p><strong>Autres int\u00e9r\u00eats :<\/strong> Il aime faire du v\u00e9lo, jouer au tennis et nager. S\u2019il pouvait \u00e9couter une seule chose dans le portillon de d\u00e9part, ce serait les livres audio de Harry Potter&#8230; <strong>De tout et de rien :<\/strong> Surnoms\u00a0: Jimmy et Conrad. Ses athl\u00e8tes pr\u00e9f\u00e9r\u00e9s sont Roger Federer et Randy Johnson. Il apporte toujours en voyage une raquette de tennis de table et des feuilles assouplissantes pour le s\u00e9chage. Il a obtenu son dipl\u00f4me d\u2019\u00e9tudes secondaires en 2009.<\/p>\n","protected":false},"excerpt":{"rendered":"<p>Morgan Pridy a fait l\u2019exp\u00e9rience des Jeux olympiques lorsqu\u2019il a agi comme ouvreur de piste pour les \u00e9preuves de descente&#8230;<\/p>\n","protected":false},"featured_media":91122,"template":"","tags":[],"hof-categories":[],"year-inducted":[],"gender":[42123],"season":[],"sport":[181823548],"game":[191933058],"team":[210081951],"event":[],"province":[],"class_list":["post-91120","athletes","type-athletes","status-publish","has-post-thumbnail","hentry","gender-masculin","sport-ski-saut-a-ski","game-2014-sotchi","team-sotchi-2014-saut-a-ski"],"acf":[],"yoast_head":"<!-- This site is optimized with the Yoast SEO plugin v27.3 - https:\/\/yoast.com\/product\/yoast-seo-wordpress\/ -->\n<title>Morgan Pridy - \u00c9quipe Canada | Site officiel de l&#039;\u00e9quipe olympique<\/title>\n<meta name=\"robots\" content=\"index, follow, max-snippet:-1, max-image-preview:large, max-video-preview:-1\" \/>\n<link rel=\"canonical\" href=\"https:\/\/develop.olympic.ca\/olympique\/team-canada\/morgan-pridy\/\" \/>\n<meta property=\"og:locale\" content=\"fr_FR\" \/>\n<meta property=\"og:type\" content=\"article\" \/>\n<meta property=\"og:title\" content=\"Morgan Pridy - \u00c9quipe Canada | Site officiel de l&#039;\u00e9quipe olympique\" \/>\n<meta property=\"og:description\" content=\"Morgan Pridy a fait l\u2019exp\u00e9rience des Jeux olympiques lorsqu\u2019il a agi comme ouvreur de piste pour les \u00e9preuves de descente...\" \/>\n<meta property=\"og:url\" content=\"https:\/\/develop.olympic.ca\/olympique\/team-canada\/morgan-pridy\/\" \/>\n<meta property=\"og:site_name\" content=\"\u00c9quipe Canada | Site officiel de l&#039;\u00e9quipe olympique\" \/>\n<meta property=\"article:modified_time\" content=\"2014-03-21T16:46:30+00:00\" \/>\n<meta property=\"og:image\" content=\"https:\/\/develop.olympic.ca\/olympique\/wp-content\/uploads\/sites\/2\/2014\/01\/054508181.jpg?quality=100\" \/>\n\t<meta property=\"og:image:width\" content=\"1340\" \/>\n\t<meta property=\"og:image:height\" content=\"754\" \/>\n\t<meta property=\"og:image:type\" content=\"image\/jpeg\" \/>\n<meta name=\"twitter:card\" content=\"summary_large_image\" \/>\n<meta name=\"twitter:label1\" content=\"Est. reading time\" \/>\n\t<meta name=\"twitter:data1\" content=\"1 minute\" \/>\n\t<meta name=\"twitter:label2\" content=\"Written by\" \/>\n\t<meta name=\"twitter:data2\" content=\"Mark Nadolny\" \/>\n<script type=\"application\/ld+json\" class=\"yoast-schema-graph\">{\"@context\":\"https:\\\/\\\/schema.org\",\"@graph\":[{\"@type\":\"WebPage\",\"@id\":\"https:\\\/\\\/develop.olympic.ca\\\/olympique\\\/team-canada\\\/morgan-pridy\\\/\",\"url\":\"https:\\\/\\\/develop.olympic.ca\\\/olympique\\\/team-canada\\\/morgan-pridy\\\/\",\"name\":\"Morgan Pridy - \u00c9quipe Canada | Site officiel de l&#039;\u00e9quipe olympique\",\"isPartOf\":{\"@id\":\"https:\\\/\\\/develop.olympic.ca\\\/olympique\\\/#website\"},\"primaryImageOfPage\":{\"@id\":\"https:\\\/\\\/develop.olympic.ca\\\/olympique\\\/team-canada\\\/morgan-pridy\\\/#primaryimage\"},\"image\":{\"@id\":\"https:\\\/\\\/develop.olympic.ca\\\/olympique\\\/team-canada\\\/morgan-pridy\\\/#primaryimage\"},\"thumbnailUrl\":\"https:\\\/\\\/develop.olympic.ca\\\/olympique\\\/wp-content\\\/uploads\\\/sites\\\/2\\\/2014\\\/01\\\/054508181.jpg?quality=100\",\"datePublished\":\"2014-01-29T17:26:11+00:00\",\"dateModified\":\"2014-03-21T16:46:30+00:00\",\"inLanguage\":\"fr-FR\",\"potentialAction\":[{\"@type\":\"ReadAction\",\"target\":[\"https:\\\/\\\/develop.olympic.ca\\\/olympique\\\/team-canada\\\/morgan-pridy\\\/\"]}]},{\"@type\":\"ImageObject\",\"inLanguage\":\"fr-FR\",\"@id\":\"https:\\\/\\\/develop.olympic.ca\\\/olympique\\\/team-canada\\\/morgan-pridy\\\/#primaryimage\",\"url\":\"https:\\\/\\\/develop.olympic.ca\\\/olympique\\\/wp-content\\\/uploads\\\/sites\\\/2\\\/2014\\\/01\\\/054508181.jpg?quality=100\",\"contentUrl\":\"https:\\\/\\\/develop.olympic.ca\\\/olympique\\\/wp-content\\\/uploads\\\/sites\\\/2\\\/2014\\\/01\\\/054508181.jpg?quality=100\",\"width\":1340,\"height\":754},{\"@type\":\"WebSite\",\"@id\":\"https:\\\/\\\/develop.olympic.ca\\\/olympique\\\/#website\",\"url\":\"https:\\\/\\\/develop.olympic.ca\\\/olympique\\\/\",\"name\":\"\u00c9quipe Canada | Site officiel de l&#039;\u00e9quipe olympique\",\"description\":\"Votre source pour l\u2019\u00c9quipe olympique canadienne. Retrouvez les r\u00e9cits, vid\u00e9os et photos des athl\u00e8tes canadiens, sports olympiques, Jeux olympiques de 2020 et bien plus!\",\"potentialAction\":[{\"@type\":\"SearchAction\",\"target\":{\"@type\":\"EntryPoint\",\"urlTemplate\":\"https:\\\/\\\/develop.olympic.ca\\\/olympique\\\/?s={search_term_string}\"},\"query-input\":{\"@type\":\"PropertyValueSpecification\",\"valueRequired\":true,\"valueName\":\"search_term_string\"}}],\"inLanguage\":\"fr-FR\"}]}<\/script>\n<!-- \/ Yoast SEO plugin. -->","yoast_head_json":{"title":"Morgan Pridy - \u00c9quipe Canada | Site officiel de l&#039;\u00e9quipe olympique","robots":{"index":"index","follow":"follow","max-snippet":"max-snippet:-1","max-image-preview":"max-image-preview:large","max-video-preview":"max-video-preview:-1"},"canonical":"https:\/\/develop.olympic.ca\/olympique\/team-canada\/morgan-pridy\/","og_locale":"fr_FR","og_type":"article","og_title":"Morgan Pridy - \u00c9quipe Canada | Site officiel de l&#039;\u00e9quipe olympique","og_description":"Morgan Pridy a fait l\u2019exp\u00e9rience des Jeux olympiques lorsqu\u2019il a agi comme ouvreur de piste pour les \u00e9preuves de descente...","og_url":"https:\/\/develop.olympic.ca\/olympique\/team-canada\/morgan-pridy\/","og_site_name":"\u00c9quipe Canada | Site officiel de l&#039;\u00e9quipe olympique","article_modified_time":"2014-03-21T16:46:30+00:00","og_image":[{"width":1340,"height":754,"url":"https:\/\/develop.olympic.ca\/olympique\/wp-content\/uploads\/sites\/2\/2014\/01\/054508181.jpg?quality=100","type":"image\/jpeg"}],"twitter_card":"summary_large_image","twitter_misc":{"Est. reading time":"1 minute","Written by":"Mark Nadolny"},"schema":{"@context":"https:\/\/schema.org","@graph":[{"@type":"WebPage","@id":"https:\/\/develop.olympic.ca\/olympique\/team-canada\/morgan-pridy\/","url":"https:\/\/develop.olympic.ca\/olympique\/team-canada\/morgan-pridy\/","name":"Morgan Pridy - \u00c9quipe Canada | Site officiel de l&#039;\u00e9quipe olympique","isPartOf":{"@id":"https:\/\/develop.olympic.ca\/olympique\/#website"},"primaryImageOfPage":{"@id":"https:\/\/develop.olympic.ca\/olympique\/team-canada\/morgan-pridy\/#primaryimage"},"image":{"@id":"https:\/\/develop.olympic.ca\/olympique\/team-canada\/morgan-pridy\/#primaryimage"},"thumbnailUrl":"https:\/\/develop.olympic.ca\/olympique\/wp-content\/uploads\/sites\/2\/2014\/01\/054508181.jpg?quality=100","datePublished":"2014-01-29T17:26:11+00:00","dateModified":"2014-03-21T16:46:30+00:00","inLanguage":"fr-FR","potentialAction":[{"@type":"ReadAction","target":["https:\/\/develop.olympic.ca\/olympique\/team-canada\/morgan-pridy\/"]}]},{"@type":"ImageObject","inLanguage":"fr-FR","@id":"https:\/\/develop.olympic.ca\/olympique\/team-canada\/morgan-pridy\/#primaryimage","url":"https:\/\/develop.olympic.ca\/olympique\/wp-content\/uploads\/sites\/2\/2014\/01\/054508181.jpg?quality=100","contentUrl":"https:\/\/develop.olympic.ca\/olympique\/wp-content\/uploads\/sites\/2\/2014\/01\/054508181.jpg?quality=100","width":1340,"height":754},{"@type":"WebSite","@id":"https:\/\/develop.olympic.ca\/olympique\/#website","url":"https:\/\/develop.olympic.ca\/olympique\/","name":"\u00c9quipe Canada | Site officiel de l&#039;\u00e9quipe olympique","description":"Votre source pour l\u2019\u00c9quipe olympique canadienne. Retrouvez les r\u00e9cits, vid\u00e9os et photos des athl\u00e8tes canadiens, sports olympiques, Jeux olympiques de 2020 et bien plus!","potentialAction":[{"@type":"SearchAction","target":{"@type":"EntryPoint","urlTemplate":"https:\/\/develop.olympic.ca\/olympique\/?s={search_term_string}"},"query-input":{"@type":"PropertyValueSpecification","valueRequired":true,"valueName":"search_term_string"}}],"inLanguage":"fr-FR"}]}},"featured_image_url":"https:\/\/develop.olympic.ca\/olympique\/wp-content\/uploads\/sites\/2\/2014\/01\/054508181.jpg?quality=100","category_names":[],"tag_names":[],"sport_names":[281],"game_names":["Sotchi 2014"],"season_names":[],"team_names":["Sotchi 2014 Saut \u00e0 ski"],"province_names":[],"social_facebook":"","social_twitter":"MorganPridy","social_linkedin":"","social_gplus":"","social_instagram":"","social_website":"morganpridy.wordpress.com","total_medal_count_gold":"","total_medal_count_silver":"","total_medal_count_bronze":"","athlete_headshot":"","athlete_height":"173","athlete_weight":"78","athlete_hometown":"Whistler, C.-B.","athlete_birthplace":"Vancouver, C.-B.","coc_gracenote_id":"","athlete_dob":"October 9, 1990","athlete_age":35,"jetpack_sharing_enabled":true,"_links":{"self":[{"href":"https:\/\/develop.olympic.ca\/olympique\/wp-json\/wp\/v2\/athletes\/91120","targetHints":{"allow":["GET"]}}],"collection":[{"href":"https:\/\/develop.olympic.ca\/olympique\/wp-json\/wp\/v2\/athletes"}],"about":[{"href":"https:\/\/develop.olympic.ca\/olympique\/wp-json\/wp\/v2\/types\/athletes"}],"version-history":[{"count":0,"href":"https:\/\/develop.olympic.ca\/olympique\/wp-json\/wp\/v2\/athletes\/91120\/revisions"}],"wp:featuredmedia":[{"embeddable":true,"href":"https:\/\/develop.olympic.ca\/olympique\/wp-json\/wp\/v2\/media\/91122"}],"wp:attachment":[{"href":"https:\/\/develop.olympic.ca\/olympique\/wp-json\/wp\/v2\/media?parent=91120"}],"wp:term":[{"taxonomy":"post_tag","embeddable":true,"href":"https:\/\/develop.olympic.ca\/olympique\/wp-json\/wp\/v2\/tags?post=91120"},{"taxonomy":"hof-categories","embeddable":true,"href":"https:\/\/develop.olympic.ca\/olympique\/wp-json\/wp\/v2\/hof-categories?post=91120"},{"taxonomy":"year-inducted","embeddable":true,"href":"https:\/\/develop.olympic.ca\/olympique\/wp-json\/wp\/v2\/year-inducted?post=91120"},{"taxonomy":"gender","embeddable":true,"href":"https:\/\/develop.olympic.ca\/olympique\/wp-json\/wp\/v2\/gender?post=91120"},{"taxonomy":"season","embeddable":true,"href":"https:\/\/develop.olympic.ca\/olympique\/wp-json\/wp\/v2\/season?post=91120"},{"taxonomy":"sport","embeddable":true,"href":"https:\/\/develop.olympic.ca\/olympique\/wp-json\/wp\/v2\/sport?post=91120"},{"taxonomy":"game","embeddable":true,"href":"https:\/\/develop.olympic.ca\/olympique\/wp-json\/wp\/v2\/game?post=91120"},{"taxonomy":"team","embeddable":true,"href":"https:\/\/develop.olympic.ca\/olympique\/wp-json\/wp\/v2\/team?post=91120"},{"taxonomy":"event","embeddable":true,"href":"https:\/\/develop.olympic.ca\/olympique\/wp-json\/wp\/v2\/event?post=91120"},{"taxonomy":"province","embeddable":true,"href":"https:\/\/develop.olympic.ca\/olympique\/wp-json\/wp\/v2\/province?post=91120"}],"curies":[{"name":"wp","href":"https:\/\/api.w.org\/{rel}","templated":true}]}}