{"id":109774,"date":"2015-08-24T12:12:29","date_gmt":"2015-08-24T16:12:29","guid":{"rendered":"http:\/\/develop.olympic.ca\/olympique\/?page_id=109774"},"modified":"2016-08-01T11:31:45","modified_gmt":"2016-08-01T15:31:45","slug":"suivi-des-qualifications-pour-rio-2016","status":"publish","type":"page","link":"https:\/\/develop.olympic.ca\/olympique\/suivi-des-qualifications-pour-rio-2016\/","title":{"rendered":"Suivi des qualifications pour Rio 2016"},"content":{"rendered":"<h1>Les qualifications pour <a href=\"http:\/\/develop.olympic.ca\/olympique\/jeux\/2016-rio\/\">Rio\u00a02016<\/a>\u00a0vont bon train. Olympique.ca suivra pour vous les sports et les \u00e9preuves dans lesquels le Canada a obtenu un quota de participation.<\/h1>\n<p>Il faut garder \u00e0 l\u2019esprit que les places sont attribu\u00e9es au Canada et non \u00e0 l\u2019athl\u00e8te, \u00e0 moins que le nom d\u2019un repr\u00e9sentant canadien soit indiqu\u00e9 ci-dessous. Les membres de l\u2019\u00e9quipe olympique seront confirm\u00e9s \u00e0 une date ult\u00e9rieure, conform\u00e9ment aux politiques de s\u00e9lection nationale de chaque sport.<strong>\u00a0<\/strong><\/p>\n<p><em>Seules les qualifications olympiques officiellement confirm\u00e9es seront ajout\u00e9es \u00e0 cette liste.\u00a0<\/em><\/p>\n<h2>Athl\u00e9tisme<\/h2>\n<p><img loading=\"lazy\" decoding=\"async\" class=\"size-full wp-image-123504\" src=\"https:\/\/cdnolympic.files.wordpress.com\/2015\/07\/wrelay2.jpg?quality=100\" alt=\"Canadian women's 4x100m Pan Am Games relay team takes a celebratory lap after winning bronze on July 25, 2015. \" width=\"1340\" height=\"754\" \/><\/p>\n<table style=\"height:302px;\" width=\"594\">\n<tbody>\n<tr>\n<td><strong>\u00c9preuve<\/strong><\/td>\n<td><strong>Genre<\/strong><\/td>\n<td><strong>Entr\u00e9e(s)<\/strong><\/td>\n<td><strong>Athl\u00e8tes<\/strong><\/td>\n<\/tr>\n<tr>\n<td>100m<\/td>\n<td>Masculin<\/td>\n<td>3<\/td>\n<td><a href=\"http:\/\/develop.olympic.ca\/olympique\/team-canada\/aaron-brown\/\">Aaron Brown<\/a>, <a href=\"http:\/\/develop.olympic.ca\/olympique\/team-canada\/andre-de-grasse\/\">Andre De Grasse<\/a>, <a href=\"http:\/\/develop.olympic.ca\/olympique\/team-canada\/akheen-haynes\/\">Akeem Haynes<\/a><\/td>\n<\/tr>\n<tr>\n<td>200m<\/td>\n<td>Masculin<\/td>\n<td>3<\/td>\n<td><a href=\"http:\/\/develop.olympic.ca\/olympique\/team-canada\/aaron-brown\/\">Aaron Brown<\/a>, <a href=\"http:\/\/develop.olympic.ca\/olympique\/team-canada\/andre-de-grasse\/\">Andre De Grasse<\/a>, <a href=\"http:\/\/develop.olympic.ca\/olympique\/team-canada\/brandon-mcbride\/\">Brandon Rodney<\/a><\/td>\n<\/tr>\n<tr>\n<td>800m<\/td>\n<td>Masculin<\/td>\n<td>2<\/td>\n<td><a href=\"http:\/\/develop.olympic.ca\/olympique\/team-canada\/brandon-mcbride\/\">Brandon McBride<\/a>, <a href=\"http:\/\/develop.olympic.ca\/olympique\/team-canada\/anthony-romaniw\/\">Anthony Romaniw<\/a><\/td>\n<\/tr>\n<tr>\n<td>1500m<\/td>\n<td>Masculin<\/td>\n<td>2<\/td>\n<td><a href=\"http:\/\/develop.olympic.ca\/olympique\/team-canada\/nathan-brannen\/\">Nathan Brannen<\/a>, <a href=\"http:\/\/develop.olympic.ca\/olympique\/team-canada\/charles-philibert-thiboutot\/\">Charles Philibert-Thiboutot<\/a><\/td>\n<\/tr>\n<tr>\n<td>5000m<\/td>\n<td>Masculin<\/td>\n<td>2<\/td>\n<td><a href=\"http:\/\/develop.olympic.ca\/olympique\/team-canada\/mohammed-ahmed\/\">Mohammed Ahmed<\/a>, <a href=\"http:\/\/develop.olympic.ca\/olympique\/team-canada\/lucas-bruchet\/\">Luc Bruchet<\/a><\/td>\n<\/tr>\n<tr>\n<td>10,000m<\/td>\n<td>Masculin<\/td>\n<td>1<\/td>\n<td><a href=\"http:\/\/develop.olympic.ca\/olympique\/team-canada\/mohammed-ahmed\/\">Mohammed Ahmed<\/a><\/td>\n<\/tr>\n<tr>\n<td>Marathon<\/td>\n<td>Masculin<\/td>\n<td>2<\/td>\n<td><a href=\"http:\/\/develop.olympic.ca\/olympique\/team-canada\/reid-coolsaet\/\">Reid Coolsaet<\/a>, <a href=\"http:\/\/develop.olympic.ca\/olympique\/team-canada\/eric-gillis\/\">Eric Gillis<\/a><\/td>\n<\/tr>\n<tr>\n<td>110m haies<\/td>\n<td>Masculin<\/td>\n<td>2<\/td>\n<td><a href=\"http:\/\/develop.olympic.ca\/olympique\/team-canada\/johnathan-cabral\/\">Johnathan Cabral<\/a>, <a href=\"http:\/\/develop.olympic.ca\/olympique\/team-canada\/sekou-kaba\/\">Sekou Kaba<\/a><\/td>\n<\/tr>\n<tr>\n<td>3000m Steeplechase<\/td>\n<td>Masculin<\/td>\n<td>3<\/td>\n<td><a href=\"http:\/\/develop.olympic.ca\/olympique\/team-canada\/matthew-hughes\/\">Matthew Hughes<\/a>, <a href=\"http:\/\/develop.olympic.ca\/olympique\/team-canada\/taylor-milne\/\">Taylor Milne<\/a>, <a href=\"http:\/\/develop.olympic.ca\/olympique\/team-canada\/chris-winter\/\">Chris Winter<\/a><\/td>\n<\/tr>\n<tr>\n<td>Saut en hauteur<\/td>\n<td>Masculin<\/td>\n<td>2<\/td>\n<td><a href=\"http:\/\/develop.olympic.ca\/olympique\/team-canada\/derek-drouin\/\">Derek Drouin<\/a>, <a href=\"http:\/\/develop.olympic.ca\/olympique\/team-canada\/michael-mason-2\/\">Mike Mason<\/a><\/td>\n<\/tr>\n<tr>\n<td>Saut \u00e0 la perche<\/td>\n<td>Masculin<\/td>\n<td>1<\/td>\n<td><a href=\"http:\/\/develop.olympic.ca\/olympique\/team-canada\/shawnacy-barber\/\">Shawn Barber<\/a><\/td>\n<\/tr>\n<tr>\n<td>Lancer du poids<\/td>\n<td>Masculin<\/td>\n<td>1<\/td>\n<td><a href=\"http:\/\/develop.olympic.ca\/olympique\/team-canada\/tim-nedow\/\">Tim Nedow<\/a><\/td>\n<\/tr>\n<tr>\n<td>D\u00e9cathlon<\/td>\n<td>Masculin<\/td>\n<td>1<\/td>\n<td><a href=\"http:\/\/develop.olympic.ca\/olympique\/team-canada\/damian-warner\/\">Damian Warner<\/a><\/td>\n<\/tr>\n<tr>\n<td>20km marche<\/td>\n<td>Masculin<\/td>\n<td>3<\/td>\n<td><a href=\"http:\/\/develop.olympic.ca\/olympique\/team-canada\/evan-dunfee\/\">Evan Dunfee<\/a>, <a href=\"http:\/\/develop.olympic.ca\/olympique\/team-canada\/inaki-gomez\/\">Inaki Gomez<\/a>, <a href=\"http:\/\/develop.olympic.ca\/olympique\/team-canada\/ben-thorne\/\">Ben Thorne<\/a><\/td>\n<\/tr>\n<tr>\n<td>50km marche<\/td>\n<td>Masculin<\/td>\n<td>2<\/td>\n<td><a href=\"http:\/\/develop.olympic.ca\/olympique\/team-canada\/mathieu-bilodeau\/\">Mathieu Bilodeau<\/a>, <a href=\"http:\/\/develop.olympic.ca\/olympique\/team-canada\/evan-dunfee\/\">Evan Dunfee<\/a><\/td>\n<\/tr>\n<tr>\n<td>4x100m relais<\/td>\n<td>Masculin<\/td>\n<td>1<\/td>\n<td><a href=\"http:\/\/develop.olympic.ca\/olympique\/team-canada\/bolade-ajomale\/\">Bolade Ajomale<\/a>, <a href=\"http:\/\/develop.olympic.ca\/olympique\/team-canada\/aaron-brown\/\">Aaron Brown<\/a>, <a href=\"http:\/\/develop.olympic.ca\/olympique\/team-canada\/andre-de-grasse\/\">Andre De Grasse<\/a>, <a href=\"http:\/\/develop.olympic.ca\/olympique\/team-canada\/akheen-haynes\/\">Akeem Haynes<\/a>, <a href=\"http:\/\/develop.olympic.ca\/olympique\/team-canada\/segun-makinde\/\">Segun Makinde<\/a>, <a href=\"http:\/\/develop.olympic.ca\/olympique\/team-canada\/brandon-mcbride\/\">Brandon Rodney<\/a><\/td>\n<\/tr>\n<tr>\n<td>100m<\/td>\n<td>F\u00e9minin<\/td>\n<td>2<\/td>\n<td><a href=\"http:\/\/develop.olympic.ca\/olympique\/team-canada\/crystal-emmanuel\/\">Crystal Emmanuel<\/a>, <a href=\"http:\/\/develop.olympic.ca\/olympique\/team-canada\/khamica-bingham\/\">Khamica Bingham<\/a><\/td>\n<\/tr>\n<tr>\n<td>200m<\/td>\n<td>F\u00e9minin<\/td>\n<td>2<\/td>\n<td><a href=\"http:\/\/develop.olympic.ca\/olympique\/team-canada\/crystal-emmanuel\/\">Crystal Emmanuel<\/a>, <a href=\"http:\/\/develop.olympic.ca\/olympique\/team-canada\/kimberly-hyacinthe\/\">Kimberly Hyacinthe<\/a><\/td>\n<\/tr>\n<tr>\n<td>400m<\/td>\n<td>F\u00e9minin<\/td>\n<td>3<\/td>\n<td><a href=\"http:\/\/develop.olympic.ca\/olympique\/team-canada\/alicia-brown\/\">Alicia Brown<\/a>, <a href=\"http:\/\/develop.olympic.ca\/olympique\/team-canada\/kendra-clarke\/\">Kendra Clarke<\/a>, <a href=\"http:\/\/develop.olympic.ca\/olympique\/team-canada\/carline-muir\/\">Carline Muir<\/a><\/td>\n<\/tr>\n<tr>\n<td>800m<\/td>\n<td>F\u00e9minin<\/td>\n<td>1<\/td>\n<td><a href=\"http:\/\/develop.olympic.ca\/olympique\/team-canada\/melissa-bishop\/\">Melissa Bishop<\/a><\/td>\n<\/tr>\n<tr>\n<td>1500m<\/td>\n<td>F\u00e9minin<\/td>\n<td>3<\/td>\n<td><a href=\"http:\/\/develop.olympic.ca\/olympique\/team-canada\/nicole-sifuentes\/\">Nicole Sifuentes<\/a>, <a href=\"http:\/\/develop.olympic.ca\/olympique\/team-canada\/gabriela-stafford\/\">Gabriela Stafford<\/a>, <a href=\"http:\/\/develop.olympic.ca\/olympique\/team-canada\/hilary-stellingwerff\/\">Hilary Stellingwerff<\/a><\/td>\n<\/tr>\n<tr>\n<td>5000m<\/td>\n<td>F\u00e9minin<\/td>\n<td>2<\/td>\n<td><a href=\"http:\/\/develop.olympic.ca\/olympique\/team-canada\/jessica-oconnell\/\">Jessica O&rsquo;Connell<\/a>, <a href=\"http:\/\/develop.olympic.ca\/olympique\/team-canada\/andrea-seccafien\/\">Andrea Seccafien<\/a><\/td>\n<\/tr>\n<tr>\n<td>10,000m<\/td>\n<td>F\u00e9minin<\/td>\n<td>2<\/td>\n<td><a href=\"http:\/\/develop.olympic.ca\/team-canada\/lanni-marchant\/\">Lanni Marchant<\/a>, <a href=\"http:\/\/develop.olympic.ca\/olympique\/team-canada\/natasha-wodak\/\">Natasha Wodak<\/a><\/td>\n<\/tr>\n<tr>\n<td>Marathon<\/td>\n<td>F\u00e9minin<\/td>\n<td>2<\/td>\n<td><a href=\"http:\/\/develop.olympic.ca\/olympique\/team-canada\/krista-duchene\/\">Krista DuChene<\/a>, <a href=\"http:\/\/develop.olympic.ca\/team-canada\/lanni-marchant\/\">Lanni Marchant<\/a><\/td>\n<\/tr>\n<tr>\n<td>100m haies<\/td>\n<td>F\u00e9minin<\/td>\n<td>3<\/td>\n<td><a href=\"http:\/\/develop.olympic.ca\/olympique\/team-canada\/phylicia-george\/\">Phylicia George<\/a>, <a href=\"http:\/\/develop.olympic.ca\/olympique\/team-canada\/nikkita-holder\/\">Nikkita Holder<\/a>, <a href=\"http:\/\/develop.olympic.ca\/olympique\/team-canada\/angela-whyte\/\">Angela Whyte<\/a><\/td>\n<\/tr>\n<tr>\n<td>400m haies<\/td>\n<td>F\u00e9minin<\/td>\n<td>3<\/td>\n<td><a href=\"http:\/\/develop.olympic.ca\/olympique\/team-canada\/chanice-chase-taylor\/\">Chanice Chase-Taylor<\/a>, <a href=\"http:\/\/develop.olympic.ca\/olympique\/team-canada\/noelle-montcalm\/\">Noelle Montcalm<\/a>, <a href=\"http:\/\/develop.olympic.ca\/olympique\/team-canada\/sage-watson\/\">Sage Watson<\/a><\/td>\n<\/tr>\n<tr>\n<td>3000m Steeplechase<\/td>\n<td>F\u00e9minin<\/td>\n<td>3<\/td>\n<td><a href=\"http:\/\/develop.olympic.ca\/olympique\/team-canada\/maria-bernard\/\">Maria Bernard<\/a>, <a href=\"http:\/\/develop.olympic.ca\/olympique\/team-canada\/genevieve-lalonde\/\">Genevi\u00e8ve Lalonde<\/a>, <a href=\"http:\/\/develop.olympic.ca\/olympique\/team-canada\/erin-teschuk\/\">Erin Teschuk<\/a><\/td>\n<\/tr>\n<tr>\n<td>Saut en hauteur<\/td>\n<td>F\u00e9minin<\/td>\n<td>1<\/td>\n<td><a href=\"http:\/\/develop.olympic.ca\/olympique\/team-canada\/alyxandria-treasure\/\">Alyxandria Treasure<\/a><\/td>\n<\/tr>\n<tr>\n<td>Saut \u00e0 la percher<\/td>\n<td>F\u00e9minin<\/td>\n<td>3<\/td>\n<td><a href=\"http:\/\/develop.olympic.ca\/olympique\/team-canada\/kelsie-ahbe\/\">Kelsie Ahbe<\/a>, <a href=\"http:\/\/develop.olympic.ca\/olympique\/team-canada\/anicka-newell\/\">Anicka Newell<\/a>, <a href=\"http:\/\/develop.olympic.ca\/olympique\/team-canada\/alysha-newman\/\">Alysha Newman<\/a><\/td>\n<\/tr>\n<tr>\n<td>Saut en longueur<\/td>\n<td>F\u00e9minin<\/td>\n<td>1<\/td>\n<td><a href=\"http:\/\/develop.olympic.ca\/olympique\/team-canada\/christabel-nettey\/\">Christabel Nettey<\/a><\/td>\n<\/tr>\n<tr>\n<td>Lancer du poids<\/td>\n<td>F\u00e9minin<\/td>\n<td>2<\/td>\n<td><a href=\"http:\/\/develop.olympic.ca\/team-canada\/brittany-crew\/\">Brittany Crew<\/a>, <a href=\"http:\/\/develop.olympic.ca\/team-canada\/taryn-suttie\/\">Taryn Suttie<\/a><\/td>\n<\/tr>\n<tr>\n<td>Lancer du marteau<\/td>\n<td>F\u00e9minin<\/td>\n<td>1<\/td>\n<td><a href=\"http:\/\/develop.olympic.ca\/team-canada\/heather-steacy\/\">Heather Steacy<\/a><\/td>\n<\/tr>\n<tr>\n<td>Javelot<\/td>\n<td>F\u00e9minin<\/td>\n<td>1<\/td>\n<td><a href=\"http:\/\/develop.olympic.ca\/team-canada\/elizabeth-gleadle\/\">Liz Gleadle<\/a><\/td>\n<\/tr>\n<tr>\n<td>Heptathlon<\/td>\n<td>F\u00e9minin<\/td>\n<td>1<\/td>\n<td><a href=\"http:\/\/develop.olympic.ca\/team-canada\/brainne-theisen\/\">Brianne Theisen-Eaton<\/a><\/td>\n<\/tr>\n<tr>\n<td>4x100m relais<\/td>\n<td>F\u00e9minin<\/td>\n<td>1<\/td>\n<td><a href=\"http:\/\/develop.olympic.ca\/olympique\/team-canada\/khamica-bingham\/\">Khamica Bingham<\/a>, <a href=\"http:\/\/develop.olympic.ca\/olympique\/team-canada\/crystal-emmanuel\/\">Crystal Emmanuel<\/a>, <a href=\"http:\/\/develop.olympic.ca\/olympique\/team-canada\/phylicia-george\/\">Phylicia George<\/a>, <a href=\"http:\/\/develop.olympic.ca\/olympique\/team-canada\/kimberly-hyacinthe\/\">Kimberly Hyacinthe<\/a>, <a href=\"http:\/\/develop.olympic.ca\/olympique\/team-canada\/farah-jacques\/\">Farah Jacques<\/a>, <a href=\"http:\/\/develop.olympic.ca\/olympique\/team-canada\/marissa-kurtimah\/\">Marissa Kurtimah<\/a><\/td>\n<\/tr>\n<tr>\n<td>4x400m relais<\/td>\n<td>F\u00e9minin<\/td>\n<td>1<\/td>\n<td><a href=\"http:\/\/develop.olympic.ca\/olympique\/team-canada\/alicia-brown\/\">Alicia Brown<\/a>, <a href=\"http:\/\/develop.olympic.ca\/olympique\/team-canada\/chanice-chase-taylor\/\">Chanice Chase-Taylor<\/a>, <a href=\"http:\/\/develop.olympic.ca\/olympique\/team-canada\/kendra-clarke\/\">Kendra Clarke<\/a>, <a href=\"http:\/\/develop.olympic.ca\/olympique\/team-canada\/carline-muir\/\">Carline Muir<\/a>, <a href=\"http:\/\/develop.olympic.ca\/olympique\/team-canada\/micha-powell\/\">Micha Powell<\/a>, <a href=\"http:\/\/develop.olympic.ca\/olympique\/team-canada\/sage-watson\/\">Sage Watson<\/a><\/td>\n<\/tr>\n<\/tbody>\n<\/table>\n<h2>Aviron<\/h2>\n<p><a href=\"https:\/\/cdnolympic.files.wordpress.com\/2015\/09\/w8canada.jpg?quality=100\"><img loading=\"lazy\" decoding=\"async\" class=\"size-full wp-image-124942\" src=\"https:\/\/cdnolympic.files.wordpress.com\/2015\/09\/w8canada.jpg?quality=100\" alt=\"Canada's women's eight crew show their 2015 World Rowing Championships bronze medals (Photo: Rowing Canada). \" width=\"1024\" height=\"576\" \/><\/a><\/p>\n<table width=\"590\">\n<tbody>\n<tr>\n<td><b>\u00c9preuve<\/b><\/td>\n<td><b>Genre<\/b><\/td>\n<td><b>Entr\u00e9e(s)<\/b><\/td>\n<td><strong>Athl\u00e8tes<\/strong><\/td>\n<\/tr>\n<tr>\n<td>Deux de couple poids l\u00e9ger<\/td>\n<td>F\u00e9minin<\/td>\n<td>1<\/td>\n<td><a href=\"http:\/\/develop.olympic.ca\/olympique\/team-canada\/lindsay-jennerich-2\/\">Lindsay Jennerich<\/a>, <a href=\"http:\/\/develop.olympic.ca\/olympique\/team-canada\/patricia-obee-2\/\">Patricia Obee<\/a><\/td>\n<\/tr>\n<tr>\n<td>Deux de pointe<\/td>\n<td>F\u00e9minin<\/td>\n<td>1<\/td>\n<td><a href=\"http:\/\/develop.olympic.ca\/olympique\/team-canada\/jennifer-martins\/\">Jennifer Martins<\/a>, <a href=\"http:\/\/develop.olympic.ca\/olympique\/team-canada\/nicole-hare\/\">Nicole Hare<\/a><\/td>\n<\/tr>\n<tr>\n<td>Skiff<\/td>\n<td>F\u00e9minin<\/td>\n<td>1<\/td>\n<td><a href=\"http:\/\/develop.olympic.ca\/olympique\/team-canada\/carling-zeeman\/\">Carling Zeeman<\/a><\/td>\n<\/tr>\n<tr>\n<td>Huit de pointe<\/td>\n<td>F\u00e9minin<\/td>\n<td>1<\/td>\n<td><a href=\"http:\/\/develop.olympic.ca\/olympique\/team-canada\/caileigh-filmer\/\">Caileigh Filmer<\/a>, <a href=\"http:\/\/develop.olympic.ca\/olympique\/team-canada\/susanne-grainger\/\">Susanne Grainger<\/a>, <a href=\"http:\/\/develop.olympic.ca\/olympique\/team-canada\/natalie-mastracci\/\">Natalie Mastracci<\/a>, <a href=\"http:\/\/develop.olympic.ca\/olympique\/team-canada\/cristy-nurse\/\">Cristy Nurse<\/a>, <a href=\"http:\/\/develop.olympic.ca\/olympique\/team-canada\/lisa-roman\/\">Lisa Roman<\/a>, <a href=\"http:\/\/develop.olympic.ca\/olympique\/team-canada\/christine-roper\/\">Christine Roper<\/a>, <a href=\"http:\/\/develop.olympic.ca\/olympique\/team-canada\/lesley-thompson-willie\/\">Lesley Thompson-Willie<\/a>, <a href=\"http:\/\/develop.olympic.ca\/olympique\/team-canada\/antje-von-seydlitz\/\">Antje von Seydlitz<\/a>, <a href=\"http:\/\/develop.olympic.ca\/olympique\/team-canada\/lauren-wilkinson\/\">Lauren Wilkinson<\/a><\/td>\n<\/tr>\n<tr>\n<td>Quatre de pointe<\/td>\n<td>Masculin<\/td>\n<td>1<\/td>\n<td><a href=\"http:\/\/develop.olympic.ca\/olympique\/team-canada\/will-crothers\/\">Will Crothers<\/a>, <a href=\"http:\/\/develop.olympic.ca\/olympique\/team-canada\/kai-langerfeld\/\">Kai Langerfeld<\/a>, <a href=\"http:\/\/develop.olympic.ca\/olympique\/team-canada\/conlin-mccabe\/\">Conlin McCabe<\/a>, <a href=\"http:\/\/develop.olympic.ca\/olympique\/team-canada\/tim-schrijver\/\">Tim Schrijver<\/a><\/td>\n<\/tr>\n<tr>\n<td>Quatre de pointe poids l\u00e9ger<\/td>\n<td>Masculin<\/td>\n<td>1<\/td>\n<td><a href=\"http:\/\/develop.olympic.ca\/olympique\/team-canada\/brendan-hodge\/\">Brendan Hodge<\/a>, <a href=\"http:\/\/develop.olympic.ca\/olympique\/team-canada\/maxwell-lattimer\/\">Maxwell Lattimer<\/a>, <a href=\"http:\/\/develop.olympic.ca\/olympique\/team-canada\/nicolas-pratt\/\">Nicolas Pratt<\/a>, <a href=\"http:\/\/develop.olympic.ca\/olympique\/team-canada\/eric-woelfl\/\">Eric Woelfl<\/a><\/td>\n<\/tr>\n<tr>\n<td>Quatre de couple<\/td>\n<td>Masculin<\/td>\n<td>1<\/td>\n<td><a href=\"http:\/\/develop.olympic.ca\/olympique\/team-canada\/julien-bahain\/\">Julien Bahain<\/a>, <a href=\"http:\/\/develop.olympic.ca\/olympique\/team-canada\/will-dean\/\">Will Dean<\/a>, <a href=\"http:\/\/develop.olympic.ca\/olympique\/team-canada\/rob-gibson\/\">Rob Gibson<\/a>, <a href=\"http:\/\/develop.olympic.ca\/olympique\/team-canada\/pascal-lussier\/\">Pascal Lussier<\/a><\/td>\n<\/tr>\n<\/tbody>\n<\/table>\n<h2>Badminton<\/h2>\n<p><img loading=\"lazy\" decoding=\"async\" class=\"alignnone wp-image-121209 size-full\" src=\"https:\/\/cdnolympic.files.wordpress.com\/2015\/07\/li_2mikeridewood-photo1.jpg?quality=100\" alt=\"Michelle Li of Markham, Ont. was the gold medalist in badminton finals play at the PanAmerican Games in Markham, Ont. Photo by Mike Ridewood\" width=\"1340\" height=\"754\" \/><\/p>\n<table style=\"height:72px;\" width=\"583\">\n<tbody>\n<tr>\n<td><strong>\u00c9preuve<\/strong><\/td>\n<td><strong>Genre<\/strong><\/td>\n<td><strong>Entr\u00e9e(s)<\/strong><\/td>\n<td><strong>Athl\u00e8tes<\/strong><\/td>\n<\/tr>\n<tr>\n<td>Simple<\/td>\n<td>F\u00e9minin<\/td>\n<td>1<\/td>\n<td><a href=\"http:\/\/develop.olympic.ca\/olympique\/team-canada\/michelle-li\/\">Michelle Li<\/a><\/td>\n<\/tr>\n<tr>\n<td>Simple<\/td>\n<td>Masculin<\/td>\n<td>1<\/td>\n<td><a href=\"http:\/\/develop.olympic.ca\/olympique\/team-canada\/martin-giuffre\/\">Martin Giuffre<\/a><\/td>\n<\/tr>\n<\/tbody>\n<\/table>\n<h2>Basketball<\/h2>\n<p><img loading=\"lazy\" decoding=\"async\" class=\"size-large wp-image-123916\" src=\"https:\/\/cdnolympic.files.wordpress.com\/2015\/07\/david-jackson362-e1438360468932.jpg?quality=100&amp;w=1131\" alt=\"Canada's women's basketball team moments after receiving their gold medals (COC photo by David Jackson). \" width=\"1131\" height=\"754\" \/><\/p>\n<table style=\"height:66px;\" width=\"590\">\n<tbody>\n<tr>\n<td><b>\u00c9preuve<\/b><\/td>\n<td><strong>Genre<\/strong><\/td>\n<td><strong>Entr\u00e9e(s)<\/strong><\/td>\n<td><strong>Athl\u00e8tes<\/strong><\/td>\n<\/tr>\n<tr>\n<td>F\u00e9minin<\/td>\n<td>F\u00e9minin<\/td>\n<td>1<\/td>\n<td><a href=\"http:\/\/develop.olympic.ca\/olympique\/team-canada\/natalie-achonwa\/\">Natalie Achonwa<\/a>, <a href=\"http:\/\/develop.olympic.ca\/olympique\/team-canada\/miranda-ayim\/\">Miranda Ayim<\/a>, <a href=\"http:\/\/develop.olympic.ca\/olympique\/team-canada\/nirra-fields\/\">Nirra Fields<\/a>, <a href=\"http:\/\/develop.olympic.ca\/olympique\/team-canada\/kim-gaucher\/\">Kim Gaucher<\/a>, <a href=\"http:\/\/develop.olympic.ca\/olympique\/team-canada\/miah-marie-langlois\/\">Miah-Marie Langlois<\/a>, <a href=\"http:\/\/develop.olympic.ca\/olympique\/team-canada\/lizanne-murphy\/\">Lizanne Murphy<\/a>, <a href=\"http:\/\/develop.olympic.ca\/olympique\/team-canada\/kia-nurse\/\">Kia Nurse<\/a>, <a href=\"http:\/\/develop.olympic.ca\/olympique\/team-canada\/katherine-plouffe\/\">Katherine Plouffe<\/a>, <a href=\"http:\/\/develop.olympic.ca\/olympique\/team-canada\/michelle-plouffe\/\">Michelle Plouffe<\/a>, <a href=\"http:\/\/develop.olympic.ca\/olympique\/team-canada\/104086\/\">Nayo Raincock-Ekunwe<\/a>, <a href=\"http:\/\/develop.olympic.ca\/olympique\/team-canada\/tamara-tatham\/\">Tamara Tatham<\/a>, <a href=\"http:\/\/develop.olympic.ca\/olympique\/team-canada\/shona-thorburn\/\">Shona Thorburn<\/a><\/td>\n<\/tr>\n<\/tbody>\n<\/table>\n<h2>Boxe<\/h2>\n<p><img loading=\"lazy\" decoding=\"async\" class=\"size-medium wp-image-130717\" src=\"https:\/\/cdnolympic.files.wordpress.com\/2016\/03\/09108672.jpg?quality=100&amp;w=567\" alt=\"Mandy Bujold, right, of Canada, competes against Marlen Esparza, of the United States, in the women's 48-51kg flyweight gold medal boxing final during the Pan American Games in Oshawa, Ontario, on Thursday, July 25, 2015. Bujold won gold. THE CANADIAN PRESS\/Nathan Denette\" width=\"567\" height=\"371\" \/><\/p>\n<table style=\"height:127px;\" width=\"486\">\n<tbody>\n<tr>\n<td><strong>\u00c9preuve<\/strong><\/td>\n<td><strong>Genre<\/strong><\/td>\n<td><b>Entr\u00e9e(s)<\/b><\/td>\n<td><strong>Nombre d&rsquo;athl\u00e8tes<\/strong><\/td>\n<td><strong>Athl\u00e8tes<\/strong><\/td>\n<\/tr>\n<tr>\n<td>51 kg<\/td>\n<td>F\u00e9minin<\/td>\n<td>1<\/td>\n<td>1<\/td>\n<td><a href=\"http:\/\/develop.olympic.ca\/olympique\/team-canada\/mandy-bujold\/\">Mandy Bujold<\/a><\/td>\n<\/tr>\n<tr>\n<td>75 kg<\/td>\n<td>F\u00e9minin<\/td>\n<td>1<\/td>\n<td>1<\/td>\n<td><a href=\"http:\/\/develop.olympic.ca\/olympique\/team-canada\/ariane-fortin\/\">Ariane Fortin<\/a><\/td>\n<\/tr>\n<tr>\n<td>64 kg<\/td>\n<td>Masculin<\/td>\n<td>1<\/td>\n<td>1<\/td>\n<td><a href=\"http:\/\/develop.olympic.ca\/olympique\/team-canada\/arthur-biyarslanov\/\">Arthur Biyarslanov<\/a><\/td>\n<\/tr>\n<\/tbody>\n<\/table>\n<h2><strong>Cano\u00eb-kayak \u2013 Slalom<\/strong><\/h2>\n<p><img loading=\"lazy\" decoding=\"async\" class=\"size-full wp-image-121788\" src=\"https:\/\/cdnolympic.files.wordpress.com\/2015\/07\/w-k1-jazmyne-denhollander_july-18_davehollandphoto-6031.jpg?quality=100\" alt=\"Jazmyne Denhollander won gold in the women's K-1 slalom. (Photo: Dave Holland)\" width=\"1340\" height=\"754\" \/><\/p>\n<table width=\"513\">\n<tbody>\n<tr>\n<td><strong>\u00c9preuve<\/strong><\/td>\n<td><strong>Genre<\/strong><\/td>\n<td><strong><b>Entr\u00e9e(s)<\/b><\/strong><\/td>\n<td width=\"108\"><strong>Athl\u00e8tes<\/strong><\/td>\n<\/tr>\n<tr>\n<td>K-1<\/td>\n<td>Masculin<\/td>\n<td>1<\/td>\n<td width=\"108\"><a href=\"http:\/\/develop.olympic.ca\/olympique\/team-canada\/michael-tayler\/\">Michael Tayler<\/a><\/td>\n<\/tr>\n<tr>\n<td>C-1<\/td>\n<td>Masculin<\/td>\n<td>1<\/td>\n<td width=\"108\"><a href=\"http:\/\/develop.olympic.ca\/olympique\/team-canada\/cameron-smedley\/\">Cameron Smedley<\/a><\/td>\n<\/tr>\n<\/tbody>\n<\/table>\n<h2>Cano\u00eb-kayak\u00a0<strong>\u2013<\/strong> Vitesse<\/h2>\n<p><a href=\"https:\/\/cdnolympic.files.wordpress.com\/2015\/07\/32i0258-crop.jpg?quality=100\"><img loading=\"lazy\" decoding=\"async\" class=\"aligncenter size-full wp-image-120471\" src=\"https:\/\/cdnolympic.files.wordpress.com\/2015\/07\/32i0258-crop.jpg?quality=100\" alt=\"Mark De Jonge\" width=\"1340\" height=\"750\" \/><\/a><\/p>\n<table style=\"height:53px;\" width=\"498\">\n<tbody>\n<tr>\n<td><b>\u00c9preuve<\/b><\/td>\n<td><strong>Genre<\/strong><\/td>\n<td><b>Entr\u00e9e(s)<\/b><\/td>\n<td><strong>Athl\u00e8tes<\/strong><\/td>\n<\/tr>\n<tr>\n<td>K-1 200 m<\/td>\n<td>Masculin<\/td>\n<td>1<\/td>\n<td><a href=\"http:\/\/develop.olympic.ca\/olympique\/team-canada\/mark-de-jonge\/\">Mark de Jonge<\/a><\/td>\n<\/tr>\n<tr>\n<td>K-1 1000 m<\/td>\n<td>Masculin<\/td>\n<td>1<\/td>\n<td><a href=\"http:\/\/develop.olympic.ca\/olympique\/team-canada\/adam-van-koeverden\/\">Adam van Koeverden<\/a><\/td>\n<\/tr>\n<tr>\n<td>K-2 200 m<\/td>\n<td>Masculin<\/td>\n<td>1<\/td>\n<td><a href=\"http:\/\/develop.olympic.ca\/olympique\/team-canada\/ryan-cochrane-2\/\">Ryan Cochrane<\/a>, <a href=\"http:\/\/develop.olympic.ca\/olympique\/team-canada\/hugues-fournel\/\">Hugues Fournel<\/a><\/td>\n<\/tr>\n<tr>\n<td>C-1 1000 m<\/td>\n<td>Masculin<\/td>\n<td>1<\/td>\n<td><a href=\"http:\/\/develop.olympic.ca\/olympique\/team-canada\/mark-oldershaw\/\">Mark Oldershaw<\/a><\/td>\n<\/tr>\n<tr>\n<td>K-1 200 m<\/td>\n<td>F\u00e9minin<\/td>\n<td>1<\/td>\n<td><a href=\"http:\/\/develop.olympic.ca\/team-canada\/andreanne-langlois\/\">Andr\u00e9anne Langlois<\/a><\/td>\n<\/tr>\n<tr>\n<td>K-1 500 m<\/td>\n<td>F\u00e9minin<\/td>\n<td>1<\/td>\n<td><a href=\"http:\/\/develop.olympic.ca\/olympique\/team-canada\/emilie-fournel\/\">\u00c9milie Fournel<\/a><\/td>\n<\/tr>\n<tr>\n<td>K-2 500 m<\/td>\n<td>F\u00e9minin<\/td>\n<td>1<\/td>\n<td><a href=\"http:\/\/develop.olympic.ca\/olympique\/team-canada\/kathleen-fraser\/\">KC Fraser<\/a>, <a href=\"http:\/\/develop.olympic.ca\/olympique\/team-canada\/genevieve-orton\/\">Genevieve Orton<\/a><\/td>\n<\/tr>\n<\/tbody>\n<\/table>\n<h2>Cyclisme &#8211; BMX<\/h2>\n<p><img loading=\"lazy\" decoding=\"async\" class=\"size-medium wp-image-106186\" src=\"https:\/\/develop.olympic.ca\/wp-content\/uploads\/sites\/2\/2015\/07\/tory-nyhaug-3.jpg?quality=100&amp;w=660\" alt=\"Tory Nyhaug \" width=\"660\" height=\"357\" srcset=\"https:\/\/develop.olympic.ca\/olympique\/wp-content\/uploads\/sites\/2\/2015\/07\/tory-nyhaug-3.jpg 1133w, https:\/\/develop.olympic.ca\/olympique\/wp-content\/uploads\/sites\/2\/2015\/07\/tory-nyhaug-3.jpg?resize=280,151 280w, https:\/\/develop.olympic.ca\/olympique\/wp-content\/uploads\/sites\/2\/2015\/07\/tory-nyhaug-3.jpg?resize=660,357 660w, https:\/\/develop.olympic.ca\/olympique\/wp-content\/uploads\/sites\/2\/2015\/07\/tory-nyhaug-3.jpg?resize=768,415 768w\" sizes=\"(max-width: 660px) 100vw, 660px\" \/><\/p>\n<table style=\"height:49px;\" width=\"469\">\n<tbody>\n<tr>\n<td><strong>\u00c9preuve<\/strong><\/td>\n<td><strong>Genre<\/strong><\/td>\n<td><strong>Entr\u00e9e<\/strong><\/td>\n<td><strong>Athl\u00e8tes<\/strong><\/td>\n<\/tr>\n<tr>\n<td>Hommes<\/td>\n<td>Masculin<\/td>\n<td>1<\/td>\n<td><a href=\"http:\/\/develop.olympic.ca\/olympique\/team-canada\/tory-nyhaug-heinonen-1\/\">Tory Nyhaug<\/a><\/td>\n<\/tr>\n<\/tbody>\n<\/table>\n<h2>Cyclisme &#8211; Piste<\/h2>\n<p><img loading=\"lazy\" decoding=\"async\" class=\"size-medium wp-image-130164 aligncenter\" src=\"https:\/\/cdnolympic.files.wordpress.com\/2016\/03\/womens-team-pursit.jpg?quality=100&amp;w=660\" alt=\"Canada rides to a silver medal at the World Track Cycling Championships in London, Friday March 4, 2016. (Tim Ireland)\" width=\"660\" height=\"371\" \/><\/p>\n<table style=\"height:56px;\" width=\"542\">\n<tbody>\n<tr>\n<td><strong>\u00c9preuve<\/strong><\/td>\n<td><strong>Genre<\/strong><\/td>\n<td><strong>Entr\u00e9e(s)<\/strong><\/td>\n<td><strong>Athl\u00e8tes<\/strong><\/td>\n<\/tr>\n<tr>\n<td>Sprint &#8211; \u00c9quipes<\/td>\n<td>F\u00e9minin<\/td>\n<td>1<\/td>\n<td><a href=\"http:\/\/develop.olympic.ca\/olympique\/team-canada\/kate-obrien\/\">Kate O&rsquo;Brien<\/a>, <a href=\"http:\/\/develop.olympic.ca\/olympique\/team-canada\/monique-sullivan\/\">Monique Sullivan<\/a><\/td>\n<\/tr>\n<tr>\n<td>Sprint<\/td>\n<td>F\u00e9minin<\/td>\n<td>2<\/td>\n<td><a href=\"http:\/\/develop.olympic.ca\/olympique\/team-canada\/kate-obrien\/\">Kate O&rsquo;Brien<\/a>, <a href=\"http:\/\/develop.olympic.ca\/olympique\/team-canada\/monique-sullivan\/\">Monique Sullivan<\/a><\/td>\n<\/tr>\n<tr>\n<td>Keirin<\/td>\n<td>F\u00e9minin<\/td>\n<td>2<\/td>\n<td><a href=\"http:\/\/develop.olympic.ca\/olympique\/team-canada\/kate-obrien\/\">Kate O&rsquo;Brien<\/a>, <a href=\"http:\/\/develop.olympic.ca\/olympique\/team-canada\/monique-sullivan\/\">Monique Sullivan<\/a><\/td>\n<\/tr>\n<tr>\n<td>Poursuite &#8211; \u00c9quipes<\/td>\n<td>F\u00e9minin<\/td>\n<td>1<\/td>\n<td><a href=\"http:\/\/develop.olympic.ca\/olympique\/team-canada\/allison-beveridge\/\">Allison Beveridge<\/a>, <a href=\"http:\/\/develop.olympic.ca\/olympique\/team-canada\/laura-brown\/\">Laura Brown<\/a>, <a href=\"http:\/\/develop.olympic.ca\/olympique\/team-canada\/jasmin-glaesser\/\">Jasmin Glaesser<\/a>, <a href=\"http:\/\/develop.olympic.ca\/olympique\/team-canada\/kirsti-lay\/\">Kirsti Lay<\/a>, <a href=\"http:\/\/develop.olympic.ca\/olympique\/team-canada\/georgia-simmerling\/\">Georgia Simmerling<\/a><\/td>\n<\/tr>\n<tr>\n<td>Omnium<\/td>\n<td>F\u00e9minin<\/td>\n<td>1<\/td>\n<td><a href=\"http:\/\/develop.olympic.ca\/olympique\/team-canada\/allison-beveridge\/\">Allison Beveridge<\/a><\/td>\n<\/tr>\n<tr>\n<td>Keirin<\/td>\n<td>Masculin<\/td>\n<td>1<\/td>\n<td><a href=\"http:\/\/develop.olympic.ca\/olympique\/team-canada\/hugo-barrette\/\">Hugo Barrette<\/a><\/td>\n<\/tr>\n<\/tbody>\n<\/table>\n<h2>Cyclisme &#8211; route<\/h2>\n<p><a href=\"https:\/\/cdnolympic.files.wordpress.com\/2015\/08\/roadcycling.jpg?quality=100\"><img loading=\"lazy\" decoding=\"async\" class=\"aligncenter size-full wp-image-126332\" src=\"https:\/\/cdnolympic.files.wordpress.com\/2015\/08\/roadcycling.jpg?quality=100\" alt=\"Road Cycling - Toronto 2015\" width=\"1340\" height=\"754\" \/><\/a><\/p>\n<table style=\"height:78px;\" width=\"534\">\n<tbody>\n<tr>\n<td><strong>\u00c9preuve<\/strong><\/td>\n<td><strong>Genre<\/strong><\/td>\n<td><strong>Entr\u00e9e(s)<\/strong><\/td>\n<td><strong>Nombre d&rsquo;athl\u00e8tes<\/strong><\/td>\n<\/tr>\n<tr>\n<td>Course sur route<\/td>\n<td>F\u00e9minin<\/td>\n<td>3<\/td>\n<td><a href=\"http:\/\/develop.olympic.ca\/olympique\/team-canada\/karol-ann-canuel\/\">Karol-Ann Canuel<\/a>, <a href=\"http:\/\/develop.olympic.ca\/olympique\/team-canada\/leah-kirchmann\/\">Leah Kirchmann<\/a>, <a href=\"http:\/\/develop.olympic.ca\/olympique\/team-canada\/tara-whitten\/\">Tara Whitten<\/a><\/td>\n<\/tr>\n<tr>\n<td>Contre-la-montre individuel<\/td>\n<td>F\u00e9minin<\/td>\n<td>2<\/td>\n<td>inclus ci-haut<\/td>\n<\/tr>\n<tr>\n<td>Course sur route<\/td>\n<td>Masculin<\/td>\n<td>3<\/td>\n<td><a href=\"http:\/\/develop.olympic.ca\/olympique\/team-canada\/antoine-duchesne\/\">Antoine Duchesne<\/a>, <a href=\"http:\/\/develop.olympic.ca\/olympique\/team-canada\/hugo-houle\/\">Hugo Houle<\/a>, <a href=\"http:\/\/develop.olympic.ca\/olympique\/team-canada\/mike-woods\/\">Mike Woods<\/a><\/td>\n<\/tr>\n<tr>\n<td>Contre-la-montre individuel<\/td>\n<td>Masculin<\/td>\n<td>1<\/td>\n<td>inclus ci-haut<\/td>\n<\/tr>\n<\/tbody>\n<\/table>\n<h2>Cyclisme\u00a0&#8211;\u00a0V\u00e9lo de montagne<\/h2>\n<p><img loading=\"lazy\" decoding=\"async\" class=\"size-medium wp-image-120195\" src=\"https:\/\/cdnolympic.files.wordpress.com\/2015\/07\/14i4853_11.jpg?quality=100&amp;w=521\" alt=\"Emily Batty and Catharine Pendrel\" width=\"521\" height=\"371\" \/><\/p>\n<table style=\"height:125px;\" width=\"599\">\n<tbody>\n<tr>\n<td><strong>\u00c9preuve<\/strong><\/td>\n<td><strong>Genre<\/strong><\/td>\n<td><strong>Entr\u00e9e(s)<\/strong><\/td>\n<td><strong>Nombre d&rsquo;athl\u00e8tes<\/strong><\/td>\n<\/tr>\n<tr>\n<td>Cross-Country<\/td>\n<td>Masculin<\/td>\n<td>2<\/td>\n<td><a href=\"http:\/\/develop.olympic.ca\/olympique\/team-canada\/raphael-gagne\/\">Rapha\u00ebl Gagn\u00e9<\/a>, <a href=\"http:\/\/develop.olympic.ca\/olympique\/team-canada\/leandre-bouchard\/\">L\u00e9andre Bouchard<\/a><\/td>\n<\/tr>\n<tr>\n<td>Cross-Country<\/td>\n<td>F\u00e9minin<\/td>\n<td>2<\/td>\n<td><a href=\"http:\/\/develop.olympic.ca\/olympique\/team-canada\/catharine-pendrel\/\">Catharine Pendrel<\/a>, <a href=\"http:\/\/develop.olympic.ca\/olympique\/team-canada\/emily-batty\/\">Emily Batty<\/a><\/td>\n<\/tr>\n<\/tbody>\n<\/table>\n<h2>Escrime<\/h2>\n<p><img loading=\"lazy\" decoding=\"async\" class=\"alignnone size-full wp-image-113979\" src=\"https:\/\/develop.olympic.ca\/wp-content\/uploads\/sites\/2\/2015\/08\/fencing.jpg?quality=100\" alt=\"Fencing\" width=\"542\" height=\"371\" srcset=\"https:\/\/develop.olympic.ca\/olympique\/wp-content\/uploads\/sites\/2\/2015\/08\/fencing.jpg 542w, https:\/\/develop.olympic.ca\/olympique\/wp-content\/uploads\/sites\/2\/2015\/08\/fencing.jpg?resize=231,158 231w\" sizes=\"(max-width: 542px) 100vw, 542px\" \/><\/p>\n<table style=\"height:217px;\" width=\"547\">\n<tbody>\n<tr>\n<td><b>\u00c9preuve<\/b><\/td>\n<td><strong><b>Genre<\/b><\/strong><\/td>\n<td><b>Entr\u00e9e(s)<\/b><\/td>\n<td><strong>Nombre d&rsquo;athl\u00e8tes<\/strong><\/td>\n<td><strong>Athl\u00e8tes<\/strong><\/td>\n<\/tr>\n<tr>\n<td>\u00c9p\u00e9e individuel<\/td>\n<td>Masculin<\/td>\n<td>1<\/td>\n<td>1<\/td>\n<td><a href=\"http:\/\/develop.olympic.ca\/olympique\/team-canada\/maxime-brinck-croteau\/\">Maxime Brinck-Croteau<\/a><\/td>\n<\/tr>\n<tr>\n<td>Fleuret individuel<\/td>\n<td>Masculin<\/td>\n<td>1<\/td>\n<td>1<\/td>\n<td><a href=\"http:\/\/develop.olympic.ca\/olympique\/team-canada\/maximilien-van-haaster\/\">Maximilien Van Haaster<\/a><\/td>\n<\/tr>\n<tr>\n<td>Sabre individuel<\/td>\n<td>Masculin<\/td>\n<td>1<\/td>\n<td>1<\/td>\n<td><a href=\"http:\/\/develop.olympic.ca\/olympique\/team-canada\/joseph-polossifakis\/\">Joseph Polossifakis<\/a><\/td>\n<\/tr>\n<tr>\n<td>\u00c9p\u00e9e individuel<\/td>\n<td>F\u00e9minin<\/td>\n<td>1<\/td>\n<td>1<\/td>\n<td><a href=\"http:\/\/develop.olympic.ca\/olympique\/team-canada\/leonora-mackinnon\/\">Leonora Mackinnon<\/a><\/td>\n<\/tr>\n<tr>\n<td>Fleuret individuel<\/td>\n<td>F\u00e9minin<\/td>\n<td>1<\/td>\n<td>1<\/td>\n<td><a href=\"http:\/\/develop.olympic.ca\/olympique\/team-canada\/eleanor-harvey\/\">Eleanor Harvey<\/a><\/td>\n<\/tr>\n<\/tbody>\n<\/table>\n<h2>Golf<\/h2>\n<p><img loading=\"lazy\" decoding=\"async\" class=\"size-medium wp-image-138343\" src=\"https:\/\/cdnolympic.files.wordpress.com\/2016\/07\/henderson1.jpg?quality=100&amp;w=660\" alt=\"Brooke Henderson hits off the tee at the third hole of the Portland Classic on July 3, 2016. \" width=\"660\" height=\"371\" \/><\/p>\n<table style=\"height:81px;\" width=\"581\">\n<tbody>\n<tr>\n<td><b>\u00c9preuve<\/b><\/td>\n<td><strong>Genre<\/strong><\/td>\n<td><strong>Entr\u00e9e(s)<\/strong><\/td>\n<td><strong>Athl\u00e8tes<\/strong><\/td>\n<\/tr>\n<tr>\n<td>Individuel<\/td>\n<td>Masculin<\/td>\n<td>2<\/td>\n<td><a href=\"http:\/\/develop.olympic.ca\/olympique\/team-canada\/david-hearn\/\">David Hearn<\/a>, <a href=\"http:\/\/develop.olympic.ca\/olympique\/team-canada\/graham-delaet\/\">Graham DeLaet<\/a><\/td>\n<\/tr>\n<tr>\n<td>Individuel<\/td>\n<td>F\u00e9minin<\/td>\n<td>2<\/td>\n<td><a href=\"http:\/\/develop.olympic.ca\/olympique\/team-canada\/brooke-henderson\/\">Brooke Henderson<\/a>, <a href=\"http:\/\/develop.olympic.ca\/olympique\/team-canada\/alena-sharp\/\">Alena Sharp<\/a><\/td>\n<\/tr>\n<\/tbody>\n<\/table>\n<h2>Gymnastique &#8211; Artistique<\/h2>\n<p><a href=\"https:\/\/cdnolympic.files.wordpress.com\/2015\/10\/blackworlds.jpg?quality=100\"><img loading=\"lazy\" decoding=\"async\" class=\"size-full wp-image-126206\" src=\"https:\/\/cdnolympic.files.wordpress.com\/2015\/10\/blackworlds.jpg?quality=100\" alt=\"Ellie Black competes in the uneven bars at the world artistic gymnastics championship all-around finals in Glasgow on October 29, 2015. \" width=\"1340\" height=\"754\" \/><\/a><\/p>\n<table style=\"height:71px;\" width=\"495\">\n<tbody>\n<tr>\n<td><strong>\u00c9preuve<\/strong><\/td>\n<td><strong>Genre<\/strong><\/td>\n<td><strong>Entr\u00e9e<\/strong><\/td>\n<td><strong>Nombre d&rsquo;athl\u00e8tes<\/strong><\/td>\n<\/tr>\n<tr>\n<td>\u00c9quipe<\/td>\n<td>F\u00e9minin<\/td>\n<td>1<\/td>\n<td><a href=\"http:\/\/develop.olympic.ca\/olympique\/team-canada\/ellie-black\/\">Ellie Black<\/a>, <a href=\"http:\/\/develop.olympic.ca\/olympique\/team-canada\/isabela-onyshko\/\">Isabela Onyshko<\/a>, <a href=\"http:\/\/develop.olympic.ca\/olympique\/team-canada\/brittany-rogers\/\">Brittany Rogers<\/a>, <a href=\"http:\/\/develop.olympic.ca\/olympique\/team-canada\/shallon-olsen\/\">Shallon Olsen<\/a>, <a href=\"http:\/\/develop.olympic.ca\/olympique\/team-canada\/rose-kaying-woo\/\">Rose-Kaying Woo<\/a><\/td>\n<\/tr>\n<tr>\n<td>Individuelle<\/td>\n<td>Masculin<\/td>\n<td>1<\/td>\n<td><a href=\"http:\/\/develop.olympic.ca\/olympique\/team-canada\/scott-morgan\/\">Scott Morgan<\/a><\/td>\n<\/tr>\n<\/tbody>\n<\/table>\n<h2>Gymnastique &#8211; Trampoline<\/h2>\n<p><img loading=\"lazy\" decoding=\"async\" class=\"size-full wp-image-126908\" src=\"https:\/\/cdnolympic.files.wordpress.com\/2015\/11\/maclennan.jpg?quality=100\" alt=\"Rosie MacLennan competes in the trampoline at the Toronto 2015 Pan American Games on July 19, 2015. \" width=\"1340\" height=\"754\" \/><\/p>\n<table style=\"height:48px;\" width=\"493\">\n<tbody>\n<tr>\n<td><strong>\u00c9preuve<\/strong><\/td>\n<td><strong>Genre<\/strong><\/td>\n<td><strong>Entr\u00e9e(s)<\/strong><\/td>\n<td><strong>Athl\u00e8tes<\/strong><\/td>\n<\/tr>\n<tr>\n<td>Individuelle<\/td>\n<td>F\u00e9minin<\/td>\n<td>1<\/td>\n<td><a href=\"http:\/\/develop.olympic.ca\/olympique\/team-canada\/rosannagh-maclennan\/\">Rosie MacLennan<\/a><\/td>\n<\/tr>\n<tr>\n<td>Individuelle<\/td>\n<td>Masculin<\/td>\n<td>1<\/td>\n<td><a href=\"http:\/\/develop.olympic.ca\/olympique\/team-canada\/jason-burnett\/\">Jason Burnett<\/a><\/td>\n<\/tr>\n<\/tbody>\n<\/table>\n<h2>Halt\u00e9rophilie<\/h2>\n<p><img loading=\"lazy\" decoding=\"async\" class=\"alignnone wp-image-123937 size-full\" src=\"https:\/\/cdnolympic.files.wordpress.com\/2015\/07\/jeffrey-sze367-e1438362554296.jpg?quality=100\" alt=\"Marie-Josee Ares-Pilon on July 14th in the 69kg category of women's weightlifting (Jeffrey Sze\/COC).\" width=\"1340\" height=\"893\" \/><\/p>\n<table style=\"height:97px;\" width=\"575\">\n<tbody>\n<tr>\n<td><b>\u00c9preuve<\/b><\/td>\n<td><strong>Genre<\/strong><\/td>\n<td><strong>Entr\u00e9e(s)<\/strong><\/td>\n<td><b>Athl\u00e8tes<\/b><\/td>\n<\/tr>\n<tr>\n<td>85kg<\/td>\n<td>Masculin<\/td>\n<td>1<\/td>\n<td><a href=\"http:\/\/develop.olympic.ca\/olympique\/team-canada\/pascal-plamondon\/\">Pascal Plamondon<\/a><\/td>\n<\/tr>\n<tr>\n<td>69kg<\/td>\n<td>F\u00e9minin<\/td>\n<td>1<\/td>\n<td><a href=\"http:\/\/develop.olympic.ca\/olympique\/team-canada\/marie-eve-beauchemin-nadeau\/\">Marie-\u00c8ve Beauchemin-Nadeau<\/a><\/td>\n<\/tr>\n<\/tbody>\n<\/table>\n<h2><strong>Hockey sur gazon<\/strong><\/h2>\n<p><img loading=\"lazy\" decoding=\"async\" class=\"size-large wp-image-120856\" src=\"https:\/\/cdnolympic.files.wordpress.com\/2015\/07\/mens-team-bra.jpg?quality=100&amp;w=1133\" alt=\"Team Canada qualifies for Rio in the semifinal match at TO2015\" width=\"1133\" height=\"754\" \/><\/p>\n<table width=\"495\">\n<tbody>\n<tr>\n<td><strong>\u00c9preuve<\/strong><\/td>\n<td><strong>Genre<\/strong><\/td>\n<td><strong><b>Entr\u00e9e(s)<\/b><\/strong><\/td>\n<td><strong>Athl\u00e8tes<\/strong><\/td>\n<\/tr>\n<tr>\n<td>Hommes<\/td>\n<td>Masculin<\/td>\n<td>1<\/td>\n<td><a href=\"http:\/\/develop.olympic.ca\/olympique\/team-canada\/brenden-bissett\/\">Brenden Bissett<\/a>, <a href=\"http:\/\/develop.olympic.ca\/olympique\/team-canada\/david-carter\/\">David Carter<\/a>, <a href=\"http:\/\/develop.olympic.ca\/olympique\/team-canada\/taylor-curran\/\">Taylor Curran<\/a>, <a href=\"http:\/\/develop.olympic.ca\/olympique\/team-canada\/adam-froese\/\">Adam Froese<\/a>, <a href=\"http:\/\/develop.olympic.ca\/olympique\/team-canada\/jagdish-gill\/\">Jagdish Gill<\/a>, <a href=\"http:\/\/develop.olympic.ca\/olympique\/team-canada\/matthew-guest\/\">Matthew Guest<\/a>, <a href=\"http:\/\/develop.olympic.ca\/olympique\/team-canada\/gabriel-ho-garcia\/\">Gabriel Ho-Garcia<\/a>, <a href=\"http:\/\/develop.olympic.ca\/olympique\/team-canada\/gordon-johnston\/\">Gordon Johnston<\/a>, <a href=\"http:\/\/develop.olympic.ca\/olympique\/team-canada\/benjamin-martin\/\">Benjamin Martin<\/a>, <a href=\"http:\/\/develop.olympic.ca\/olympique\/team-canada\/devohn-noronha-teixeira\/\">Devohn Noronha Teixeira<\/a>, <a href=\"http:\/\/develop.olympic.ca\/olympique\/team-canada\/sukhi-panesar\/\">Sukhi Panesar<\/a>, <a href=\"http:\/\/develop.olympic.ca\/olympique\/team-canada\/mark-pearson\/\">Mark Pearson<\/a>, <a href=\"http:\/\/develop.olympic.ca\/olympique\/team-canada\/keegan-pereira\/\">Keegan Pereira<\/a>, <a href=\"http:\/\/develop.olympic.ca\/olympique\/team-canada\/matthew-sarmento\/\">Matthew Sarmento<\/a>, <a href=\"http:\/\/develop.olympic.ca\/olympique\/team-canada\/iain-smythe\/\">Iain Smythe<\/a>, <a href=\"http:\/\/develop.olympic.ca\/olympique\/team-canada\/scott-tupper\/\">Scott Tupper<\/a><\/td>\n<\/tr>\n<\/tbody>\n<\/table>\n<h2>Judo<\/h2>\n<p><img loading=\"lazy\" decoding=\"async\" class=\"alignnone wp-image-120749 size-full\" src=\"https:\/\/cdnolympic.files.wordpress.com\/2015\/07\/tse_9388-zupancic-crop1.jpg?quality=100\" alt=\"Kelita Zupancic beat the defending women\u2019s 70kg Pan Am Games champion Onix Cortes of Cuba to give Team Canada its first judo gold medal of Toronto 2015.\" width=\"1340\" height=\"778\" \/><\/p>\n<table style=\"height:251px;\" width=\"590\">\n<tbody>\n<tr>\n<td><strong>\u00c9preuve<\/strong><\/td>\n<td><strong>Genre<\/strong><\/td>\n<td><strong>Entr\u00e9e(s)<\/strong><\/td>\n<td><strong>Athl\u00e8tes<\/strong><\/td>\n<\/tr>\n<tr>\n<td>60 kg<\/td>\n<td>Masculin<\/td>\n<td>1<\/td>\n<td><a href=\"http:\/\/develop.olympic.ca\/olympique\/team-canada\/sergio-pessoa\/\">Sergio Pessoa<\/a><\/td>\n<\/tr>\n<tr>\n<td>66 kg<\/td>\n<td>Masculin<\/td>\n<td>1<\/td>\n<td><a href=\"http:\/\/develop.olympic.ca\/olympique\/team-canada\/antoine-bouchard\/\">Antoine Bouchard<\/a><\/td>\n<\/tr>\n<tr>\n<td>73 kg<\/td>\n<td>Masculin<\/td>\n<td>1<\/td>\n<td>Arthur Margelidon<\/td>\n<\/tr>\n<tr>\n<td>81 kg<\/td>\n<td>Masculin<\/td>\n<td>1<\/td>\n<td><a href=\"http:\/\/develop.olympic.ca\/olympique\/team-canada\/antoine-valois-fortier\/\">Antoine Valois-Fortier<\/a><\/td>\n<\/tr>\n<tr>\n<td>100 kg<\/td>\n<td>Masculin<\/td>\n<td>1<\/td>\n<td><a href=\"http:\/\/develop.olympic.ca\/olympique\/team-canada\/kyle-reyes\/\">Kyle Reyes<\/a><\/td>\n<\/tr>\n<tr>\n<td>52 kg<\/td>\n<td>F\u00e9minin<\/td>\n<td>1<\/td>\n<td><a href=\"http:\/\/develop.olympic.ca\/olympique\/team-canada\/ecaterina-guica\/\">Ecaterina Guica<\/a><\/td>\n<\/tr>\n<tr>\n<td>57 kg<\/td>\n<td>F\u00e9minin<\/td>\n<td>1<\/td>\n<td><a href=\"http:\/\/develop.olympic.ca\/olympique\/team-canada\/catherine-beauchemin-pinard\/\">Catherine Beauchemin-Pinard<\/a><\/td>\n<\/tr>\n<tr>\n<td>70 kg<\/td>\n<td>F\u00e9minin<\/td>\n<td>1<\/td>\n<td><a href=\"http:\/\/develop.olympic.ca\/olympique\/team-canada\/kelita-zupancic\/\">Kelita Zupancic<\/a><\/td>\n<\/tr>\n<\/tbody>\n<\/table>\n<h2>Lutte<\/h2>\n<p><img loading=\"lazy\" decoding=\"async\" class=\"wp-image-121357 size-medium\" src=\"https:\/\/cdnolympic.files.wordpress.com\/2015\/07\/yeats.jpg?quality=100&amp;w=660\" alt=\"\" width=\"660\" height=\"371\" \/><\/p>\n<table style=\"height:217px;\" width=\"547\">\n<tbody>\n<tr>\n<td><b>\u00c9preuve<\/b><\/td>\n<td><strong><b>Genre<\/b><\/strong><\/td>\n<td><b>Entr\u00e9e(s)<\/b><\/td>\n<td><strong>Athl\u00e8tes<\/strong><\/td>\n<\/tr>\n<tr>\n<td>48 kg<\/td>\n<td>F\u00e9minin<\/td>\n<td>1<\/td>\n<td><a href=\"http:\/\/develop.olympic.ca\/olympique\/team-canada\/jasmine-mian\/\">Jasmine Mian<\/a><\/td>\n<\/tr>\n<tr>\n<td>53 kg<\/td>\n<td>F\u00e9minin<\/td>\n<td>1<\/td>\n<td><a href=\"http:\/\/develop.olympic.ca\/olympique\/team-canada\/jillian-gallays\/\">Jillian Gallays<\/a><\/td>\n<\/tr>\n<tr>\n<td>58 kg<\/td>\n<td>F\u00e9minin<\/td>\n<td>1<\/td>\n<td><a href=\"http:\/\/develop.olympic.ca\/olympique\/team-canada\/michelle-fazzari\/\">Michelle Fazzari<\/a><\/td>\n<\/tr>\n<tr>\n<td>63 kg<\/td>\n<td>F\u00e9minin<\/td>\n<td>1<\/td>\n<td><a href=\"http:\/\/develop.olympic.ca\/olympique\/team-canada\/danielle-lappage\/\">Danielle Lappage<\/a><\/td>\n<\/tr>\n<tr>\n<td>69 kg<\/td>\n<td>F\u00e9minin<\/td>\n<td>1<\/td>\n<td><a href=\"http:\/\/develop.olympic.ca\/team-canada\/dorothy-yeats\/\">Dori Yeats<\/a><\/td>\n<\/tr>\n<tr>\n<td>75 kg<\/td>\n<td>F\u00e9minin<\/td>\n<td>1<\/td>\n<td><a href=\"http:\/\/develop.olympic.ca\/olympique\/team-canada\/erica-wiebe\/\">Erica Wiebe<\/a><\/td>\n<\/tr>\n<tr>\n<td>65kg<\/td>\n<td>Masculin<\/td>\n<td>1<\/td>\n<td><a href=\"http:\/\/develop.olympic.ca\/olympique\/team-canada\/haislan-garcia\/\">Haislan Garcia<\/a><\/td>\n<\/tr>\n<tr>\n<td>125 kg<\/td>\n<td>Masculin<\/td>\n<td>1<\/td>\n<td><a href=\"http:\/\/develop.olympic.ca\/olympique\/team-canada\/korey-jarvis\/\">Korey Jarvis<\/a><\/td>\n<\/tr>\n<\/tbody>\n<\/table>\n<h2><strong>Pentathlon moderne<\/strong><\/h2>\n<p><img loading=\"lazy\" decoding=\"async\" class=\"size-large wp-image-121629\" src=\"https:\/\/cdnolympic.files.wordpress.com\/2015\/07\/donna-vakalis_modern-pent_july18_jaytsephoto532.jpg?quality=100&amp;w=1282\" alt=\"Donna Vakalis finished 4th in the women's modern pentathlon, securing a berth for Rio 2016.\" width=\"1282\" height=\"754\" \/><\/p>\n<table style=\"height:62px;\" width=\"592\">\n<tbody>\n<tr>\n<td><strong>\u00c9preuve<\/strong><\/td>\n<td><strong>Genre<\/strong><\/td>\n<td><b>Entr\u00e9e(s)<\/b><\/td>\n<td><strong>Nombre d&rsquo;athl\u00e8tes<\/strong><\/td>\n<td width=\"130\"><strong>Athl\u00e8tes<\/strong><\/td>\n<\/tr>\n<tr>\n<td>Concours individuel<\/td>\n<td>F\u00e9minin<\/td>\n<td>1<\/td>\n<td>2<\/td>\n<td width=\"130\"><a href=\"http:\/\/develop.olympic.ca\/olympique\/team-canada\/donna-marie-vakalis\/\" target=\"_blank\">Donna Vakalis<\/a>, <a href=\"http:\/\/develop.olympic.ca\/olympique\/team-canada\/melanie-mccann\/\">Melanie McCann<\/a><\/td>\n<\/tr>\n<\/tbody>\n<\/table>\n<h2>Rugby<\/h2>\n<p><img loading=\"lazy\" decoding=\"async\" class=\"size-large wp-image-119549\" src=\"https:\/\/cdnolympic.files.wordpress.com\/2015\/07\/09019751.jpg?quality=100&amp;w=1131\" alt=\"Women's Rugby Team\" width=\"1131\" height=\"754\" \/><\/p>\n<table style=\"height:49px;\" width=\"590\">\n<tbody>\n<tr>\n<td><b>\u00c9preuve<\/b><\/td>\n<td><strong>Genre<\/strong><\/td>\n<td><strong>Entr\u00e9e(s)<\/strong><\/td>\n<td><b>Athl\u00e8tes<\/b><\/td>\n<\/tr>\n<tr>\n<td>F\u00e9minin<\/td>\n<td>F\u00e9minin<\/td>\n<td>1<\/td>\n<td><a href=\"http:\/\/develop.olympic.ca\/olympique\/team-canada\/britt-benn\/\">Britt Benn<\/a>, <a href=\"http:\/\/develop.olympic.ca\/olympique\/team-canada\/hannah-darling\/\">Hannah Darling<\/a>, <a href=\"http:\/\/develop.olympic.ca\/olympique\/team-canada\/bianca-farella\/\">Bianca Farella<\/a>, <a href=\"http:\/\/develop.olympic.ca\/olympique\/team-canada\/jennifer-kish\/\">Jen Kish<\/a>, <a href=\"http:\/\/develop.olympic.ca\/olympique\/team-canada\/ghislaine-landry\/\">Ghislaine Landry<\/a>, <a href=\"http:\/\/develop.olympic.ca\/olympique\/team-canada\/megan-lukan\/\">Megan Lukan<\/a>, <a href=\"http:\/\/develop.olympic.ca\/olympique\/team-canada\/kayla-moleschi\/\">Kayla Moleschi<\/a>, <a href=\"http:\/\/develop.olympic.ca\/olympique\/team-canada\/karen-paquin\/\">Karen Paquin<\/a>, <a href=\"http:\/\/develop.olympic.ca\/olympique\/team-canada\/kelly-russell\/\">Kelly Russell<\/a>, <a href=\"http:\/\/develop.olympic.ca\/olympique\/team-canada\/ashley-steacy\/\">Ashley Steacy<\/a>, <a href=\"http:\/\/develop.olympic.ca\/olympique\/team-canada\/natasha-watcham-roy\/\">Natasha Watcham-Roy<\/a>, <a href=\"http:\/\/develop.olympic.ca\/olympique\/team-canada\/charity-williams\/\">Charity Williams<\/a><\/td>\n<\/tr>\n<\/tbody>\n<\/table>\n<h2>Soccer<\/h2>\n<p><img loading=\"lazy\" decoding=\"async\" class=\"size-medium wp-image-129537\" src=\"https:\/\/cdnolympic.files.wordpress.com\/2016\/02\/sinclair7.jpg?quality=100&amp;w=660\" alt=\"Christine Sinclair (right) celebrates her second goal against Costa Rica in Olympic qualifying with Desiree Scott looking on - February 19, 2016. \" width=\"660\" height=\"371\" \/><\/p>\n<table style=\"height:26px;\" width=\"569\">\n<tbody>\n<tr>\n<td><strong>\u00c9preuve<\/strong><\/td>\n<td><strong>Genre<\/strong><\/td>\n<td><strong>Entr\u00e9e(s)<\/strong><\/td>\n<td><strong>Athl\u00e8tes<\/strong><\/td>\n<\/tr>\n<tr>\n<td>Femmes<\/td>\n<td>F\u00e9minin<\/td>\n<td>1<\/td>\n<td><a href=\"http:\/\/develop.olympic.ca\/olympique\/team-canada\/janine-beckie\/\">Janine Beckie<\/a>, <a href=\"http:\/\/develop.olympic.ca\/olympique\/team-canada\/josee-belanger\/\">Jos\u00e9e B\u00e9langer<\/a>, <a href=\"http:\/\/develop.olympic.ca\/olympique\/team-canada\/kadeisha-buchanan\/\">Kadeisha Buchanan<\/a>, <a href=\"http:\/\/develop.olympic.ca\/olympique\/team-canada\/allysha-chapman\/\">Allysha Chapman<\/a>, <a href=\"http:\/\/develop.olympic.ca\/olympique\/team-canada\/sabrina-dangelo\/\">Sabrina D\u2019Angelo<\/a>, <a href=\"http:\/\/develop.olympic.ca\/olympique\/team-canada\/jessie-fleming\/\">Jessie Fleming<\/a>, <a href=\"http:\/\/develop.olympic.ca\/olympique\/team-canada\/stephanie-labbe\/\">Stephanie Labb\u00e9<\/a>, <a href=\"http:\/\/develop.olympic.ca\/olympique\/team-canada\/ashley-lawrence\/\">Ashley Lawrence<\/a>, <a href=\"http:\/\/develop.olympic.ca\/team-canada\/diana-matheson\/\">Diana Matheson<\/a>, <a href=\"http:\/\/develop.olympic.ca\/olympique\/team-canada\/nichelle-prince\/\">Nichelle Prince<\/a>, <a href=\"http:\/\/develop.olympic.ca\/olympique\/team-canada\/rebecca-quinn\/\">Rebecca Quinn<\/a>, <a href=\"http:\/\/develop.olympic.ca\/olympique\/team-canada\/deanne-rose\/\">Deanne Rose<\/a>, <a href=\"http:\/\/develop.olympic.ca\/olympique\/team-canada\/sophie-schmidt\/\">Sophie Schmidt<\/a>, <a href=\"http:\/\/develop.olympic.ca\/olympique\/team-canada\/desiree-scott\/\">Desiree Scott<\/a>, <a href=\"http:\/\/develop.olympic.ca\/olympique\/team-canada\/christine-sinclair\/\">Christine Sinclair<\/a>, <a href=\"http:\/\/develop.olympic.ca\/olympique\/team-canada\/melissa-tancredi\/\">Melissa Tancredi<\/a>, <a href=\"http:\/\/develop.olympic.ca\/olympique\/team-canada\/rhian-wilkinson\/\">Rhian Wilkinson<\/a>, <a href=\"http:\/\/develop.olympic.ca\/olympique\/team-canada\/shelina-zakorsky\/\">Shelina Zadorsky<\/a><\/td>\n<\/tr>\n<\/tbody>\n<\/table>\n<h2><strong>Sports aquatiques \u2013 Plongeon<\/strong><\/h2>\n<p><img loading=\"lazy\" decoding=\"async\" class=\"size-full wp-image-123419\" src=\"https:\/\/cdnolympic.files.wordpress.com\/2015\/07\/abelware1.jpg?quality=100\" alt=\"Jennifer Abel (right) and Pamela Ware compete at the FINA World Championships in diving (Kazan, Russia) on July 25, 2015. \" width=\"1340\" height=\"754\" \/><\/p>\n<table style=\"height:379px;\" width=\"578\">\n<tbody>\n<tr>\n<td width=\"284\"><strong>\u00c9preuve<\/strong><\/td>\n<td width=\"83\"><strong>Genre<\/strong><\/td>\n<td width=\"94\"><b>Entr\u00e9e(s)<\/b><\/td>\n<td width=\"51\"><strong>Athl\u00e8tes<\/strong><\/td>\n<\/tr>\n<tr>\n<td width=\"284\">Tremplin de 3\u00a0m<\/td>\n<td width=\"83\">F\u00e9minin<\/td>\n<td width=\"94\">2<\/td>\n<td width=\"51\"><a href=\"http:\/\/develop.olympic.ca\/olympique\/team-canada\/jennifer-abel\/\">Jennifer Abel<\/a>, <a href=\"http:\/\/develop.olympic.ca\/olympique\/team-canada\/pamela-ware\/\">Pamela Ware<\/a><\/td>\n<\/tr>\n<tr>\n<td width=\"284\">Plateforme de 10\u00a0m<\/td>\n<td width=\"83\">F\u00e9minin<\/td>\n<td width=\"94\">2<\/td>\n<td width=\"51\"><a href=\"http:\/\/develop.olympic.ca\/olympique\/team-canada\/meaghan-benfeito\/\">Meaghan Benfeito<\/a>, <a href=\"http:\/\/develop.olympic.ca\/olympique\/team-canada\/roseline-filion\/\">Roseline Filion<\/a><\/td>\n<\/tr>\n<tr>\n<td width=\"284\">Plongeon synchronis\u00e9, tremplin de 3\u00a0m<\/td>\n<td width=\"83\">F\u00e9minin<\/td>\n<td width=\"94\">1<\/td>\n<td width=\"51\"><a href=\"http:\/\/develop.olympic.ca\/olympique\/team-canada\/jennifer-abel\/\">Jennifer Abel<\/a>\/<a href=\"http:\/\/develop.olympic.ca\/olympique\/team-canada\/pamela-ware\/\">Pamela Ware<\/a><\/td>\n<\/tr>\n<tr>\n<td width=\"284\">Plongeon synchronis\u00e9, plateforme de 10\u00a0m<\/td>\n<td width=\"83\">F\u00e9minin<\/td>\n<td width=\"94\">1<\/td>\n<td width=\"51\"><a href=\"http:\/\/develop.olympic.ca\/olympique\/team-canada\/meaghan-benfeito\/\">Meaghan Benfeito<\/a>\/<a href=\"http:\/\/develop.olympic.ca\/olympique\/team-canada\/roseline-filion\/\">Roseline Filion<\/a><\/td>\n<\/tr>\n<tr>\n<td width=\"284\">Tremplin de 3\u00a0m<\/td>\n<td width=\"83\">Masculin<\/td>\n<td width=\"94\">1<\/td>\n<td width=\"51\"><a href=\"http:\/\/develop.olympic.ca\/olympique\/team-canada\/philippe-gagne\/\">Philippe Gagn\u00e9<\/a><\/td>\n<\/tr>\n<tr>\n<td width=\"284\">Plateforme de 10\u00a0m<\/td>\n<td width=\"83\">Masculin<\/td>\n<td width=\"94\">2<\/td>\n<td width=\"51\"><a href=\"http:\/\/develop.olympic.ca\/olympique\/team-canada\/vincent-riendeau\/\">Vincent Riendeau<\/a>, <a href=\"http:\/\/develop.olympic.ca\/olympique\/team-canada\/maxim-bouchard\/\">Maxim Bouchard<\/a><\/td>\n<\/tr>\n<\/tbody>\n<\/table>\n<h2><strong>Sports aquatiques \u2013 Natation<\/strong><\/h2>\n<p><img loading=\"lazy\" decoding=\"async\" class=\"aligncenter size-large wp-image-120513\" src=\"https:\/\/cdnolympic.files.wordpress.com\/2015\/07\/womens-4x100-relay-panam-games-heats-14july201528281.jpg?quality=100&amp;w=1310\" alt=\"womens 4x100-relay\" width=\"1310\" height=\"754\" \/><\/p>\n<p>Les noms des nageurs sont inscrits \u00e0 c\u00f4t\u00e9 de l&rsquo;\u00e9preuve \u00e0 laquelle ils se sont qualifi\u00e9s aux essais olympiques. Natation Canada nommera les participants de chaque \u00e9preuve olympique \u00e0 Rio en ao\u00fbt prochain.<\/p>\n<table style=\"height:1143px;\" width=\"564\">\n<tbody>\n<tr>\n<td><strong>\u00c9preuve<\/strong><\/td>\n<td><strong>Genre<\/strong><\/td>\n<td><strong>Entr\u00e9e (s)<\/strong><\/td>\n<td><strong>Athl\u00e8tes<\/strong><\/td>\n<\/tr>\n<tr>\n<td>50 m style libre<\/td>\n<td>Masculin<\/td>\n<td>2<\/td>\n<td><a href=\"http:\/\/develop.olympic.ca\/olympique\/team-canada\/yuri-kisil\/\">Yuri Kisil<\/a>, <a href=\"http:\/\/develop.olympic.ca\/olympique\/team-canada\/santo-condorelli\/\">Santo Condorelli<\/a><\/td>\n<\/tr>\n<tr>\n<td>50 m style libre<\/td>\n<td>F\u00e9minin<\/td>\n<td>2<\/td>\n<td><a href=\"http:\/\/develop.olympic.ca\/olympique\/team-canada\/chantal-van-landeghem\/\">Chantal Van Landeghem<\/a>, <a href=\"http:\/\/develop.olympic.ca\/olympique\/team-canada\/michelle-williams\/\">Michelle Williams<\/a><\/td>\n<\/tr>\n<tr>\n<td>100 m style libre<\/td>\n<td>Masculin<\/td>\n<td>2<\/td>\n<td><a href=\"http:\/\/develop.olympic.ca\/olympique\/team-canada\/santo-condorelli\/\">Santo Condorelli<\/a>, <a href=\"http:\/\/develop.olympic.ca\/olympique\/team-canada\/yuri-kisil\/\">Yuri Kisil<\/a><\/td>\n<\/tr>\n<tr>\n<td>100 m style libre<\/td>\n<td>F\u00e9minin<\/td>\n<td>2<\/td>\n<td><a href=\"http:\/\/develop.olympic.ca\/olympique\/team-canada\/penny-oleksiak\/\">Penny Oleksiak<\/a>, <a href=\"http:\/\/develop.olympic.ca\/olympique\/team-canada\/chantal-van-landeghem\/\">Chantal Van Landeghem<\/a><\/td>\n<\/tr>\n<tr>\n<td>200 m style libre<\/td>\n<td>Women<\/td>\n<td>2<\/td>\n<td><a href=\"http:\/\/develop.olympic.ca\/olympique\/team-canada\/brittany-maclean\/\">Brittany MacLean<\/a>, <a href=\"http:\/\/develop.olympic.ca\/olympique\/team-canada\/penny-oleksiak\/\">Penny Oleksiak<\/a><\/td>\n<\/tr>\n<tr>\n<td>400 m style libre<\/td>\n<td>F\u00e9minin<\/td>\n<td>1<\/td>\n<td><a href=\"http:\/\/develop.olympic.ca\/olympique\/team-canada\/ryan-cochrane\/\">Ryan Cochrane<\/a><\/td>\n<\/tr>\n<tr>\n<td>400 m style libre<\/td>\n<td>F\u00e9minin<\/td>\n<td>1<\/td>\n<td><a href=\"http:\/\/develop.olympic.ca\/olympique\/team-canada\/brittany-maclean\/\">Brittany MacLean<\/a><\/p>\n<p><a href=\"http:\/\/develop.olympic.ca\/olympique\/team-canada\/emily-overholt\/\">Emily Overholt<\/a><\/td>\n<\/tr>\n<tr>\n<td>800 m style libre<\/td>\n<td>F\u00e9minin<\/td>\n<td>1<\/td>\n<td><a href=\"http:\/\/develop.olympic.ca\/olympique\/team-canada\/brittany-maclean\/\">Brittany MacLean<\/a><\/td>\n<\/tr>\n<tr>\n<td>1500 m style libre<\/td>\n<td>Masculin<\/td>\n<td>1<\/td>\n<td><a href=\"http:\/\/develop.olympic.ca\/olympique\/team-canada\/ryan-cochrane\/\">Ryan Cochrane<\/a><\/td>\n<\/tr>\n<tr>\n<td>100 m\u00a0dos<\/td>\n<td>Masculin<\/td>\n<td>1<\/td>\n<td><a href=\"http:\/\/develop.olympic.ca\/olympique\/team-canada\/javier-acevedo\/\">Javier Acevedo<\/a><\/td>\n<\/tr>\n<tr>\n<td>100 m\u00a0dos<\/td>\n<td>F\u00e9minin<\/td>\n<td>2<\/td>\n<td><a href=\"http:\/\/develop.olympic.ca\/olympique\/team-canada\/kylie-masse\/\">Kylie Masse<\/a>, <a href=\"http:\/\/develop.olympic.ca\/olympique\/team-canada\/dominique-bouchard\/\">Dominique Bouchard<\/a><\/td>\n<\/tr>\n<tr>\n<td>200 m\u00a0dos<\/td>\n<td>F\u00e9minin<\/td>\n<td>2<\/td>\n<td><a href=\"http:\/\/develop.olympic.ca\/olympique\/team-canada\/hilary-caldwell\/\">Hilary Caldwell<\/a>, <a href=\"http:\/\/develop.olympic.ca\/olympique\/team-canada\/dominique-bouchard\/\">Dominique Bouchard<\/a><\/td>\n<\/tr>\n<tr>\n<td>100 m brasse<\/td>\n<td>F\u00e9minin<\/td>\n<td>2<\/td>\n<td><a href=\"http:\/\/develop.olympic.ca\/olympique\/team-canada\/kierra-smith\/\">Kierra Smith<\/a>, <a href=\"http:\/\/develop.olympic.ca\/olympique\/team-canada\/104820\/\">Rachel Nicol<\/a><\/td>\n<\/tr>\n<tr>\n<td>200 m brasse<\/td>\n<td>Masculin<\/td>\n<td>1<\/td>\n<td><a href=\"http:\/\/develop.olympic.ca\/olympique\/team-canada\/ashton-baumann\/\">Ashton Baumann<\/a><\/td>\n<\/tr>\n<tr>\n<td>200 m\u00a0brasse<\/td>\n<td>F\u00e9minin<\/td>\n<td>2<\/td>\n<td><a href=\"http:\/\/develop.olympic.ca\/olympique\/team-canada\/kierra-smith\/\">Kierra Smith<\/a>, <a href=\"http:\/\/develop.olympic.ca\/olympique\/team-canada\/martha-mccabe\/\">Martha McCabe<\/a><\/td>\n<\/tr>\n<tr>\n<td>100 m papillon<\/td>\n<td>F\u00e9minin<\/td>\n<td>2<\/td>\n<td><a href=\"http:\/\/develop.olympic.ca\/olympique\/team-canada\/penny-oleksiak\/\">Penny Oleksiak<\/a>, <a href=\"http:\/\/develop.olympic.ca\/olympique\/team-canada\/noemie-thomas\/\">Noemie Thomas<\/a><\/td>\n<\/tr>\n<tr>\n<td>200 m papillon<\/td>\n<td>F\u00e9minin<\/td>\n<td>1<\/td>\n<td><a href=\"http:\/\/develop.olympic.ca\/olympique\/team-canada\/audrey-lacroix\/\">Audrey Lacroix<\/a><\/td>\n<\/tr>\n<tr>\n<td>200 m\u00a0QNI<\/td>\n<td>F\u00e9minin<\/td>\n<td>2<\/td>\n<td><a href=\"http:\/\/develop.olympic.ca\/olympique\/team-canada\/sydney-pickrem\/\">Sydney Pickrem<\/a>, <a href=\"http:\/\/develop.olympic.ca\/olympique\/team-canada\/erika-seltenreich-hodgson\/\">Erika Seltenreich-Hodgson<\/a><\/td>\n<\/tr>\n<tr>\n<td>400 m\u00a0QNI<\/td>\n<td>F\u00e9minin<\/td>\n<td>2<\/td>\n<td><a href=\"http:\/\/develop.olympic.ca\/olympique\/team-canada\/sydney-pickrem\/\">Sydney Pickrem<\/a>, <a href=\"http:\/\/develop.olympic.ca\/olympique\/team-canada\/emily-overholt\/\">Emily Overholt<\/a><\/td>\n<\/tr>\n<tr>\n<td>Relais 4&#215;100 m style libre<\/td>\n<td>Masculin<\/td>\n<td>1<\/td>\n<td><a href=\"http:\/\/develop.olympic.ca\/olympique\/team-canada\/santo-condorelli\/\">Santo Condorelli<\/a>, <a href=\"http:\/\/develop.olympic.ca\/olympique\/team-canada\/yuri-kisil\/\">Yuri Kisil<\/a>, <a href=\"http:\/\/develop.olympic.ca\/olympique\/team-canada\/markus-thormeyer\/\">Markus Thormeyer<\/a>, <a href=\"http:\/\/develop.olympic.ca\/olympique\/team-canada\/evan-van-moerkerke\/\">Evan Van Moerkerke<\/a><\/td>\n<\/tr>\n<tr>\n<td>Relais 4&#215;100 m style libre<\/td>\n<td>F\u00e9minin<\/td>\n<td>1<\/td>\n<td><a href=\"http:\/\/develop.olympic.ca\/olympique\/team-canada\/penny-oleksiak\/\">Penny Oleksiak<\/a>, <a href=\"http:\/\/develop.olympic.ca\/olympique\/team-canada\/chantal-van-landeghem\/\">Chantal Van Landeghem<\/a>, <a href=\"http:\/\/develop.olympic.ca\/olympique\/team-canada\/sandrine-mainville\/\">Sandrine Mainville<\/a>, <a href=\"http:\/\/develop.olympic.ca\/olympique\/team-canada\/michelle-williams\/\">Michelle Williams<\/a><\/td>\n<\/tr>\n<tr>\n<td>Relais 4&#215;200 m style libre<\/td>\n<td>F\u00e9minin<\/td>\n<td>1<\/td>\n<td><a href=\"http:\/\/develop.olympic.ca\/olympique\/team-canada\/brittany-maclean\/\">Brittany MacLean<\/a>, <a href=\"http:\/\/develop.olympic.ca\/olympique\/team-canada\/penny-oleksiak\/\">Penny Oleksiak<\/a>, <a href=\"http:\/\/develop.olympic.ca\/olympique\/team-canada\/katerine-savard\/\">Katerine Savard<\/a>, <a href=\"http:\/\/develop.olympic.ca\/team-canada\/kennedy-goss\/\">Kennedy Goss<\/a>, <a href=\"http:\/\/develop.olympic.ca\/olympique\/team-canada\/taylor-ruck\/\">Taylor Ruck<\/a><\/td>\n<\/tr>\n<tr>\n<td>Relais 4&#215;100 m QN<\/td>\n<td>Masculin<\/td>\n<td>1<\/td>\n<td><a href=\"http:\/\/develop.olympic.ca\/team-canada\/jason-block\/\">Jason Block<\/a>, <a href=\"http:\/\/develop.olympic.ca\/team-canada\/mackenzie-darragh\/\">Mackenzie Darragh<\/a>, <a href=\"http:\/\/develop.olympic.ca\/team-canada\/markus-thormeyer\/\">Markus Thormeyer<\/a>, <a href=\"http:\/\/develop.olympic.ca\/team-canada\/evan-van-moerkerke\/\">Evan Van Moerkerke<\/a><\/td>\n<\/tr>\n<tr>\n<td>Relais 4&#215;100 m\u00a0QN<\/td>\n<td>F\u00e9minin<\/td>\n<td>1<\/td>\n<td><a href=\"http:\/\/develop.olympic.ca\/team-canada\/sandrine-mainville\/\">Sandrine Mainville<\/a>, <a href=\"http:\/\/develop.olympic.ca\/team-canada\/taylor-ruck\/\">Taylor Ruck<\/a><\/td>\n<\/tr>\n<tr>\n<td>10 km\u00a0Eau libre<\/td>\n<td>Masculin<\/td>\n<td>1<\/td>\n<td><a href=\"http:\/\/develop.olympic.ca\/team-canada\/richard-weinberger\/\">Richard Weinberger<\/a><\/td>\n<\/tr>\n<tr>\n<td>10 km Eau libre<\/td>\n<td>F\u00e9minin<\/td>\n<td>1<\/td>\n<td><a href=\"http:\/\/develop.olympic.ca\/team-canada\/stephanie-horner\/\">Stephanie Horner<\/a><\/td>\n<\/tr>\n<\/tbody>\n<\/table>\n<h2><strong>Sports aquatiques \u2013 Nage synchronis\u00e9e<\/strong><\/h2>\n<p><img loading=\"lazy\" decoding=\"async\" class=\"size-full wp-image-119419\" src=\"https:\/\/cdnolympic.files.wordpress.com\/2015\/07\/synchro_duet_resized.jpg?quality=100\" alt=\"Simoneau (left) and Thomas complete their free routine, Saturday, July 11th, 2015. \" width=\"1340\" height=\"754\" \/><\/p>\n<table width=\"520\">\n<tbody>\n<tr>\n<td><strong>\u00c9preuve<\/strong><\/td>\n<td><strong>Genre<\/strong><\/td>\n<td><b>Entr\u00e9e(s)<\/b><\/td>\n<td width=\"102\"><strong>Athl\u00e8tes<\/strong><\/td>\n<\/tr>\n<tr>\n<td>Duo<\/td>\n<td>F\u00e9minin<\/td>\n<td>1<\/td>\n<td width=\"102\"><a href=\"http:\/\/develop.olympic.ca\/olympique\/team-canada\/jacqueline-simoneau\/\">Jacqueline Simoneau<\/a>, <a href=\"http:\/\/develop.olympic.ca\/olympique\/team-canada\/karine-thomas\/\">Karine Thomas<\/a><\/td>\n<\/tr>\n<\/tbody>\n<\/table>\n<h2>Sports \u00e9questres<\/h2>\n<p><img loading=\"lazy\" decoding=\"async\" class=\"size-full wp-image-123184\" src=\"https:\/\/cdnolympic.files.wordpress.com\/2015\/07\/jumping_team_july23_jasonransomphoto_00681.jpg?quality=100\" alt=\"Jumping team (L-R) Yann Candele, Tiffany Foster, Eric Lamaze and Ian Millar. \" width=\"1131\" height=\"754\" \/><\/p>\n<table style=\"height:159px;\" width=\"590\">\n<tbody>\n<tr>\n<td><b>\u00c9preuve<\/b><\/td>\n<td><strong>Genre<\/strong><\/td>\n<td><strong>Entr\u00e9e(s)<\/strong><\/td>\n<td><b>Athl\u00e8tes<\/b><\/td>\n<\/tr>\n<tr>\n<td>Concours complet &#8211;\u00a0\u00c9quipe<\/td>\n<td>Mixe<\/td>\n<td>1<\/td>\n<td><a href=\"http:\/\/develop.olympic.ca\/olympique\/team-canada\/rebecca-howard\/\">Rebecca Howard<\/a>, <a href=\"http:\/\/develop.olympic.ca\/olympique\/team-canada\/colleen-loach\/\">Colleen Loach<\/a>, <a href=\"http:\/\/develop.olympic.ca\/olympique\/team-canada\/kathryn-robinson\/\">Kathryn Robinson<\/a>, <a href=\"http:\/\/develop.olympic.ca\/olympique\/team-canada\/jessica-phoenix\/\">Jessica Phoenix<\/a><\/td>\n<\/tr>\n<tr>\n<td>Concours complet &#8211; Individuel<\/td>\n<td>Mixe<\/td>\n<td>4<\/td>\n<td>\u00a0Inclus ci-haut<\/td>\n<\/tr>\n<tr>\n<td>Saut \u00e0 obstacles &#8211; \u00c9quipe<\/td>\n<td>Mixe<\/td>\n<td>1<\/td>\n<td><a href=\"http:\/\/develop.olympic.ca\/olympique\/team-canada\/yann-candele\/\">Yann Candele<\/a>, <a href=\"http:\/\/develop.olympic.ca\/olympique\/team-canada\/tiffany-foster\/\">Tiffany Foster<\/a>, <a href=\"http:\/\/develop.olympic.ca\/olympique\/team-canada\/eric-lamaze\/\">Eric Lamaze<\/a>, <a href=\"http:\/\/develop.olympic.ca\/olympique\/team-canada\/amy-millar\/\">Amy Millar<\/a><\/td>\n<\/tr>\n<tr>\n<td>Saut \u00e0 obstacles &#8211; Individuel<\/td>\n<td>Mixe<\/td>\n<td>4<\/td>\n<td>Inclus ci-haut<\/td>\n<\/tr>\n<tr>\n<td>Dressage &#8211; Individuel<\/td>\n<td>Mixe<\/td>\n<td>2<\/td>\n<td><a href=\"http:\/\/develop.olympic.ca\/olympique\/team-canada\/megan-lane\/\">Megan Lane<\/a>, <a href=\"http:\/\/develop.olympic.ca\/olympique\/team-canada\/belinda-kim-trussell\/\">Belinda Trussell<\/a><\/td>\n<\/tr>\n<\/tbody>\n<\/table>\n<h2>Taekwondo<\/h2>\n<p><img loading=\"lazy\" decoding=\"async\" class=\"size-medium wp-image-122072\" src=\"https:\/\/cdnolympic.files.wordpress.com\/2015\/07\/09079218.jpg?quality=100&amp;w=557\" alt=\"Maxime Potvin fought to silver medal in the men\u2019s -68kg category.\" width=\"557\" height=\"371\" \/><\/p>\n<table style=\"height:110px;\" width=\"553\">\n<tbody>\n<tr>\n<td><strong>\u00c9preuve<\/strong><\/td>\n<td><strong>Genre<\/strong><\/td>\n<td><b>Entr\u00e9e(s)<\/b><\/td>\n<td><strong>Nombre d&rsquo;athl\u00e8tes<\/strong><\/td>\n<td><strong>Athl\u00e8te<\/strong><\/td>\n<\/tr>\n<tr>\n<td>67 kg<\/td>\n<td>F\u00e9minin<\/td>\n<td>1<\/td>\n<td>1<\/td>\n<td><a href=\"http:\/\/develop.olympic.ca\/olympique\/team-canada\/melissa-pagnotta\/\">Melissa Pagnotta<\/a><\/td>\n<\/tr>\n<\/tbody>\n<\/table>\n<h2>Tennis<\/h2>\n<p><img loading=\"lazy\" decoding=\"async\" class=\"size-medium wp-image-137892\" src=\"https:\/\/cdnolympic.files.wordpress.com\/2016\/06\/genie1.jpg?quality=100&amp;w=660\" alt=\"Eugenie Bouchard of Canada plays a return to Magdalena Rybarikova of Slovakia during their women's singles match on day three of the Wimbledon Tennis Championships in London, Wednesday, June 29, 2016. (AP Photo\/Tim Ireland)\" width=\"660\" height=\"371\" \/><\/p>\n<table style=\"height:135px;\" width=\"599\">\n<tbody>\n<tr>\n<td><b>\u00c9preuve<\/b><\/td>\n<td><strong>Genre<\/strong><\/td>\n<td><strong>Entr\u00e9e(s)<\/strong><\/td>\n<td><strong>Athl\u00e8tes<\/strong><\/td>\n<\/tr>\n<tr>\n<td>Simple<\/td>\n<td>Masculin<\/td>\n<td>1<\/td>\n<td><a href=\"http:\/\/develop.olympic.ca\/olympique\/team-canada\/vasek-pospisil-1\/\">Vasek Pospisil<\/a><\/td>\n<\/tr>\n<tr>\n<td>Double<\/td>\n<td>Masculin<\/td>\n<td>1<\/td>\n<td><a href=\"http:\/\/develop.olympic.ca\/olympique\/team-canada\/daniel-nestor\/\">Daniel Nestor<\/a>\/<a href=\"http:\/\/develop.olympic.ca\/olympique\/team-canada\/vasek-pospisil-1\/\">Vasek Pospisil<\/a><\/td>\n<\/tr>\n<tr>\n<td>Simple<\/td>\n<td>F\u00e9minin<\/td>\n<td>1<\/td>\n<td><a href=\"http:\/\/develop.olympic.ca\/olympique\/team-canada\/eugenie-bouchard\/\">Eugenie Bouchard<\/a><\/td>\n<\/tr>\n<tr>\n<td>Double<\/td>\n<td>F\u00e9minin<\/td>\n<td>1<\/td>\n<td><a href=\"http:\/\/develop.olympic.ca\/olympique\/team-canada\/eugenie-bouchard\/\">Eugenie Bouchard<\/a>\/<a href=\"http:\/\/develop.olympic.ca\/olympique\/team-canada\/gabriela-gaby-dabrowski\/\">Gaby Dabrowski<\/a><\/td>\n<\/tr>\n<\/tbody>\n<\/table>\n<h2>Tennis de table<\/h2>\n<p><img loading=\"lazy\" decoding=\"async\" class=\"size-medium wp-image-122410\" src=\"https:\/\/cdnolympic.files.wordpress.com\/2015\/07\/w-team-bronze_mo-zhang-_july-21_jeffszephoto.jpeg?quality=100&amp;w=660\" alt=\"Mo Zhang returns a serve in the game against Chile July 20, 2015. The Canadian women's team goes on to win bronze.\" width=\"660\" height=\"371\" \/><\/p>\n<table style=\"height:74px;\" width=\"604\">\n<tbody>\n<tr>\n<td><strong>\u00c9preuve<\/strong><\/td>\n<td><strong>Genre<\/strong><\/td>\n<td><strong>Entr\u00e9e (s)<\/strong><\/td>\n<td><strong>Athl\u00e8tes<\/strong><\/td>\n<\/tr>\n<tr>\n<td>Simple<\/td>\n<td>Masculin<\/td>\n<td>1<\/td>\n<td><a href=\"http:\/\/develop.olympic.ca\/olympique\/team-canada\/eugene-zhen-wang-2\/\">Eugene Wang<\/a><\/td>\n<\/tr>\n<tr>\n<td>Simple<\/td>\n<td>F\u00e9minin<\/td>\n<td>1<\/td>\n<td><a href=\"http:\/\/develop.olympic.ca\/olympique\/team-canada\/mo-zhang\/\">Mo Zhang<\/a><\/td>\n<\/tr>\n<\/tbody>\n<\/table>\n<h2>Tir<\/h2>\n<p><img loading=\"lazy\" decoding=\"async\" class=\"size-full wp-image-120577\" src=\"https:\/\/cdnolympic.files.wordpress.com\/2015\/07\/kiejko.jpg?quality=100\" alt=\"Lynda Kiejko shoots in the 10m pistol event where she won the first of her two Toronto 2015 Pan Am Games gold medals. \" width=\"1340\" height=\"754\" \/><\/p>\n<table style=\"height:212px;\" width=\"566\">\n<tbody>\n<tr>\n<td width=\"175\"><strong>\u00c9preuve<\/strong><\/td>\n<td width=\"119\"><strong>Genre<\/strong><\/td>\n<td width=\"112\"><b>Entr\u00e9e(s)<\/b><\/td>\n<td width=\"125\"><strong>Athl\u00e8tes<\/strong><\/td>\n<\/tr>\n<tr>\n<td width=\"175\">Pistolet \u00e0 air comprim\u00e9 10\u00a0m<\/td>\n<td width=\"119\">F\u00e9minin<\/td>\n<td width=\"112\">1<\/td>\n<td width=\"125\"><a href=\"http:\/\/develop.olympic.ca\/olympique\/team-canada\/lynda-kiejko\/\">Lynda Kiejko<\/a><\/td>\n<\/tr>\n<tr>\n<td width=\"175\">Pistolet 25 m<\/td>\n<td width=\"119\">F\u00e9minin<\/td>\n<td width=\"112\">1<\/td>\n<td width=\"125\"><a href=\"http:\/\/develop.olympic.ca\/olympique\/team-canada\/lynda-kiejko\/\">Lynda Kiejko<\/a><\/td>\n<\/tr>\n<tr>\n<td width=\"175\">Tir \u00e0 la fosse<\/td>\n<td width=\"119\">F\u00e9minin<\/td>\n<td width=\"112\">1<\/td>\n<td width=\"125\"><a href=\"http:\/\/develop.olympic.ca\/olympique\/team-canada\/cynthia-meyer\/\">Cynthia Meyer<\/a><\/td>\n<\/tr>\n<\/tbody>\n<\/table>\n<h2><strong>Tir \u00e0 l\u2019arc<\/strong><\/h2>\n<p><img loading=\"lazy\" decoding=\"async\" class=\"size-full wp-image-116504\" src=\"https:\/\/cdnolympic.files.wordpress.com\/2015\/06\/duenas.jpg?quality=100\" alt=\"Crispin Duenas releases an arrow during London 2012. \" width=\"1340\" height=\"754\" \/><\/p>\n<table width=\"513\">\n<tbody>\n<tr>\n<td><strong>\u00c9preuve<\/strong><\/td>\n<td><strong>Genre<\/strong><\/td>\n<td><strong>Inscriptions<\/strong><\/td>\n<td width=\"90\"><strong>Athl\u00e8tes<\/strong><\/td>\n<\/tr>\n<tr>\n<td>Concours individuel<\/td>\n<td>Masculin<\/td>\n<td>1<\/td>\n<td width=\"90\"><a href=\"http:\/\/develop.olympic.ca\/olympique\/team-canada\/crispin-duenas\/\">Crispin Duenas<\/a><\/td>\n<\/tr>\n<tr>\n<td>Concours individuel<\/td>\n<td>F\u00e9minin<\/td>\n<td>1<\/td>\n<td width=\"90\"><a href=\"http:\/\/develop.olympic.ca\/olympique\/team-canada\/georcy-stephanie-thiffeault-picard\/\">Georcy-St\u00e9phanie Thiffeault Picard<\/a><\/td>\n<\/tr>\n<\/tbody>\n<\/table>\n<h2>Triathlon<\/h2>\n<p><img loading=\"lazy\" decoding=\"async\" class=\"size-medium wp-image-133684\" src=\"https:\/\/cdnolympic.files.wordpress.com\/2016\/05\/tyler-m.jpg?quality=100&amp;w=660\" alt=\"Tyler Mislawchuk competes in men's triathlon at the 2015 Pan Am Games in Toronto. \" width=\"660\" height=\"371\" \/><\/p>\n<table style=\"height:118px;\" width=\"657\">\n<tbody>\n<tr>\n<td><strong>\u00c9preuve<\/strong><\/td>\n<td><strong>Genre<\/strong><\/td>\n<td><strong>Entr\u00e9e(s)<\/strong><\/td>\n<td><strong>Nombre d&rsquo;athl\u00e8tes<\/strong><\/td>\n<\/tr>\n<tr>\n<td>Masculine<\/td>\n<td>Masculin<\/td>\n<td>2<\/td>\n<td><a href=\"http:\/\/develop.olympic.ca\/olympique\/team-canada\/tyler-mislawchuk\/\">Tyler Mislawchuk<\/a>, <a href=\"http:\/\/develop.olympic.ca\/olympique\/team-canada\/andrew-yorke\/\">Andrew Yorke<\/a><\/td>\n<\/tr>\n<tr>\n<td>F\u00e9minine<\/td>\n<td>F\u00e9minin<\/td>\n<td>3<\/td>\n<td>\u00a0<a href=\"http:\/\/develop.olympic.ca\/olympique\/team-canada\/sarah-anne-brault\/\">Sarah-Anne Brault<\/a>, <a href=\"http:\/\/develop.olympic.ca\/olympique\/team-canada\/amelie-kretz\/\">Amelie Kretz<\/a>, <a href=\"http:\/\/develop.olympic.ca\/olympique\/team-canada\/kirsten-sweetland\/\">Kirsten Sweetland<\/a><\/td>\n<\/tr>\n<\/tbody>\n<\/table>\n<h2><strong>Voile<\/strong><\/h2>\n<p><img loading=\"lazy\" decoding=\"async\" class=\"size-full wp-image-124089\" src=\"https:\/\/cdnolympic.files.wordpress.com\/2015\/08\/riomarina.jpg?quality=100\" alt=\"Rio 2016 sailing venue (Photo: Rio2016.com).\" width=\"890\" height=\"500\" \/><\/p>\n<table style=\"height:54px;\" width=\"568\">\n<tbody>\n<tr>\n<td><strong>\u00c9preuve<\/strong><\/td>\n<td><strong>Genre<\/strong><\/td>\n<td><strong>Entr\u00e9e(s)<\/strong><\/td>\n<td><strong>Nombre d&rsquo;athl\u00e8tes<\/strong><\/td>\n<td><strong>Athl\u00e8tes<\/strong><\/td>\n<\/tr>\n<tr>\n<td>Laser<\/td>\n<td>Masculin<\/td>\n<td>1<\/td>\n<td>1<\/td>\n<td><a href=\"http:\/\/develop.olympic.ca\/olympique\/team-canada\/lee-parkhill\/\">Lee Parkhill<\/a><\/td>\n<\/tr>\n<tr>\n<td>Finn<\/td>\n<td>Masculin<\/td>\n<td>1<\/td>\n<td>1<\/td>\n<td><a href=\"http:\/\/develop.olympic.ca\/olympique\/team-canada\/tom-ramshaw\/\">Tom Ramshaw<\/a><\/td>\n<\/tr>\n<tr>\n<td>470<\/td>\n<td>Masculin<\/td>\n<td>1<\/td>\n<td>2<\/td>\n<td><a href=\"http:\/\/develop.olympic.ca\/olympique\/team-canada\/jacob-saunders\/\">Jacob Saunders<\/a>, <a href=\"http:\/\/develop.olympic.ca\/olympique\/team-canada\/graeme-saunders\/\">Graeme Saunders<\/a><\/td>\n<\/tr>\n<tr>\n<td>Laser Radial<\/td>\n<td>F\u00e9minin<\/td>\n<td>1<\/td>\n<td>1<\/td>\n<td><a href=\"http:\/\/develop.olympic.ca\/olympique\/team-canada\/brenda-bowskill\/\">Brenda Bowskill<\/a><\/td>\n<\/tr>\n<tr>\n<td>49 FX<\/td>\n<td>F\u00e9minin<\/td>\n<td>1<\/td>\n<td>2<\/td>\n<td><a href=\"http:\/\/develop.olympic.ca\/olympique\/team-canada\/erin-rafuse\/\">Erin Rafuse<\/a>, <a href=\"http:\/\/develop.olympic.ca\/olympique\/team-canada\/danielle-boyd\/\">Danielle Boyd<\/a><\/td>\n<\/tr>\n<tr>\n<td>Nacra 17<\/td>\n<td>Mixte<\/td>\n<td>1<\/td>\n<td>2<\/td>\n<td><a href=\"http:\/\/develop.olympic.ca\/olympique\/team-canada\/luke-ramsay-1\/\">Luke Ramsay<\/a>, <a href=\"http:\/\/develop.olympic.ca\/olympique\/team-canada\/nikola-girke\/\">Nikola Girke<\/a><\/td>\n<\/tr>\n<\/tbody>\n<\/table>\n<h2>Volleyball<\/h2>\n<p><img loading=\"lazy\" decoding=\"async\" class=\"alignnone wp-image-125096 size-full\" src=\"https:\/\/cdnolympic.files.wordpress.com\/2015\/09\/09111095.jpg?quality=100\" alt=\"Members of the Canadian men's volleyball team celebrate a point during their 3-1 win over Puerto Rico in the men's volleyball bronze medal game at the Pan Am Toronto 2015 games in Toronto on Sunday, July 26, 2015. THE CANADIAN PRESS\/Chris Young\" width=\"3600\" height=\"2400\" \/><\/p>\n<table style=\"height:46px;\" width=\"574\">\n<tbody>\n<tr>\n<td><b>\u00c9preuve<\/b><\/td>\n<td><strong>Genre<\/strong><\/td>\n<td><strong>Entr\u00e9e(s)<\/strong><\/td>\n<td><strong>Athl\u00e8tes<\/strong><\/td>\n<\/tr>\n<tr>\n<td>Masculin<\/td>\n<td>Masculin<\/td>\n<td>1<\/td>\n<td><a href=\"http:\/\/develop.olympic.ca\/olympique\/team-canada\/blair-bann\/\">Blair Bann<\/a>, <a href=\"http:\/\/develop.olympic.ca\/olympique\/team-canada\/jay-blankenau\/\">Jay Blankenau<\/a>, <a href=\"http:\/\/develop.olympic.ca\/olympique\/team-canada\/justin-duff\/\">Justin Duff<\/a>, <a href=\"http:\/\/develop.olympic.ca\/olympique\/team-canada\/nick-hoag\/\">Nick Hoag<\/a>, <a href=\"http:\/\/develop.olympic.ca\/olympique\/team-canada\/daniel-jansen-vandoorn\/\">Daniel Jansen VanDoorn<\/a>, <a href=\"http:\/\/develop.olympic.ca\/olympique\/team-canada\/steve-marshall-2\/\">Steve Marshall<\/a>, <a href=\"http:\/\/develop.olympic.ca\/olympique\/team-canada\/gord-perrin\/\">Gord Perrin<\/a>, <a href=\"http:\/\/develop.olympic.ca\/olympique\/team-canada\/tj-sanders\/\">TJ Sanders<\/a>, <a href=\"http:\/\/develop.olympic.ca\/olympique\/team-canada\/gavin-schmitt\/\">Gavin Schmitt<\/a>, <a href=\"http:\/\/develop.olympic.ca\/olympique\/team-canada\/rudy-verhoeff\/\">Rudy Verhoeff<\/a>, <a href=\"http:\/\/develop.olympic.ca\/olympique\/team-canada\/graham-vigrass\/\">Graham Vigrass<\/a>, <a href=\"http:\/\/develop.olympic.ca\/olympique\/team-canada\/frederic-winters\/\">Frederic Winters<\/a><\/td>\n<\/tr>\n<\/tbody>\n<\/table>\n<h2>Volleyball de plage<\/h2>\n<p><img loading=\"lazy\" decoding=\"async\" class=\"alignnone wp-image-135752 size-full\" src=\"https:\/\/cdnolympic.files.wordpress.com\/2016\/06\/banspav.jpg?quality=100\" alt=\"Heather Bansley (left), and Sarah Pavan at the 2016 Hamburg Major (Photo: FIVB)\" width=\"1340\" height=\"754\" \/><\/p>\n<table style=\"height:111px;\" width=\"569\">\n<tbody>\n<tr>\n<td><b>\u00c9preuve<\/b><\/td>\n<td><strong>Genre<\/strong><\/td>\n<td><strong>Entr\u00e9e(s)<\/strong><\/td>\n<td><strong>Athl\u00e8tes<\/strong><\/td>\n<\/tr>\n<tr>\n<td>F\u00e9minin<\/td>\n<td>F\u00e9minin<\/td>\n<td>2<\/td>\n<td><a href=\"http:\/\/develop.olympic.ca\/team-canada\/sarah-pavan\/\">Sarah Pavan<\/a>\/<a href=\"http:\/\/develop.olympic.ca\/team-canada\/heather-bansley\/\">Heather Bansley<\/a>, <a href=\"http:\/\/develop.olympic.ca\/team-canada\/jamie-broder\/\">Jamie Broder<\/a>\/<a href=\"http:\/\/develop.olympic.ca\/team-canada\/kristina-valjas\/\">Kristina Valjas<\/a><\/td>\n<\/tr>\n<tr>\n<td>Masculin<\/td>\n<td>Masculin<\/td>\n<td>2<\/td>\n<td><a href=\"http:\/\/develop.olympic.ca\/team-canada\/chaim-schalk\/\">Chaim Schalk<\/a>\/<a href=\"http:\/\/develop.olympic.ca\/team-canada\/benjamin-saxton\/\">Ben Saxton<\/a>, <a href=\"http:\/\/develop.olympic.ca\/team-canada\/josh-binstock-2\/\">Josh Binstock<\/a>\/<a href=\"http:\/\/develop.olympic.ca\/team-canada\/sam-schachter\/\">Sam Schachter<\/a><\/td>\n<\/tr>\n<\/tbody>\n<\/table>\n<p><em>Pour en savoir plus \u00e0 propos de\u00a0<a href=\"http:\/\/develop.olympic.ca\/olympique\/games\/2016-rio\/\" target=\"_blank\">Rio 2016<\/a>.<\/em><\/p>\n<p class=\"p2\"><span class=\"s1\"><div class=\"instory-ad-shortcode\"><a aria-hidden=\"true\" tabindex=\"-1\" class=\"ad\" href=\"https:\/\/twitter.com\/OlympiqueCanada\" target=\"_blank\"><img decoding=\"async\" src=\"http:\/\/cdnolympic.files.wordpress.com\/2014\/02\/tw-fr-ad-1180-x-100.png\" alt=\"\" \/><\/a><\/div><\/span><\/p>\n","protected":false},"excerpt":{"rendered":"<p>Les qualifications pour Rio\u00a02016\u00a0vont bon train. Olympique.ca suivra pour vous les sports et les \u00e9preuves dans lesquels le Canada a&#8230;<\/p>\n","protected":false},"author":52435451,"featured_media":109776,"parent":0,"menu_order":0,"comment_status":"closed","ping_status":"closed","template":"","meta":{"_edit_lock":["1470065422:52435451"],"_edit_last":["52435451"],"_wp_page_template":["default"],"coc_campaign_options":["a:4:{s:16:\"coc_campaign_tag\";s:0:\"\";s:15:\"coc_campaign_bg\";N;s:25:\"coc_campaign_bg_downloads\";a:0:{}s:20:\"coc_campaign_posters\";a:0:{}}"],"coc_team_options":["a:1:{s:15:\"coc_game_select\";i:75922;}"],"coc_oc_landing_options":["a:2:{s:17:\"coc_oc_landing_bg\";N;s:22:\"coc_oc_landing_stories\";a:0:{}}"],"coc_edit_profile_options":["a:1:{s:20:\"coc_favourite_sports\";a:0:{}}"],"coc_oc_reward_options":["a:7:{s:16:\"coc_oc_reward_id\";s:0:\"\";s:20:\"coc_oc_reward_points\";s:0:\"\";s:19:\"coc_oc_reward_rules\";N;s:31:\"coc_oc_digital_download_desktop\";N;s:30:\"coc_oc_digital_download_mobile\";N;s:32:\"coc_oc_digital_download_facebook\";N;s:29:\"coc_oc_reward_success_message\";s:0:\"\";}"],"geo_public":["0"],"_x_multifield_seo_accordion":["a:1:{i:0;a:2:{s:19:\"seo_accordion_title\";s:0:\"\";s:25:\"seo_accordion_description\";s:0:\"\";}}"],"_elasticsearch_indexed_on":["1970-01-01 00:00:00"],"_thumbnail_id":["109776"],"_publicize_pending":["1"],"seo_translation_link":["http:\/\/develop.olympic.ca\/rio-2016-qualification-tracker\/"],"_akismet_post_spam":["0"],"_zoninator_order_415983142":["1"],"_oembed_a21bb3a64d2f4e3691ebf878f8cb2ec5":["<div class=\"embed-youtube\"><iframe width=\"500\" height=\"281\" src=\"https:\/\/www.youtube.com\/embed\/z82gzBJbmAI?feature=oembed\" frameborder=\"0\" allowfullscreen><\/iframe><\/div>"],"_oembed_time_a21bb3a64d2f4e3691ebf878f8cb2ec5":["1477646391"],"_oembed_dea71432dc8dc707d626dabfcaa8eed1":["<div class=\"embed-youtube\"><iframe width=\"500\" height=\"281\" src=\"https:\/\/www.youtube.com\/embed\/PcqTHNKGLuU?feature=oembed\" frameborder=\"0\" allowfullscreen><\/iframe><\/div>"],"_oembed_time_dea71432dc8dc707d626dabfcaa8eed1":["1477646392"],"_oembed_89307f117e50ce9738333ba616450399":["<div class=\"embed-youtube\"><iframe width=\"500\" height=\"281\" src=\"https:\/\/www.youtube.com\/embed\/QYezxVvcuV8?feature=oembed\" frameborder=\"0\" allowfullscreen><\/iframe><\/div>"],"_oembed_time_89307f117e50ce9738333ba616450399":["1477646392"],"_oembed_59cce6eaa6108940bbd91869640b9e24":["<div class=\"embed-youtube\"><iframe width=\"500\" height=\"281\" src=\"https:\/\/www.youtube.com\/embed\/694cOFlpHh4?feature=oembed\" frameborder=\"0\" allowfullscreen><\/iframe><\/div>"],"_oembed_time_59cce6eaa6108940bbd91869640b9e24":["1477646392"],"_is_empty_after_transformation":["yes"]},"coauthors":[197557601],"class_list":["post-109774","page","type-page","status-publish","format-standard","has-post-thumbnail","hentry"],"acf":[],"yoast_head":"<!-- This site is optimized with the Yoast SEO plugin v27.3 - https:\/\/yoast.com\/product\/yoast-seo-wordpress\/ -->\n<title>Suivi des qualifications pour Rio 2016 - \u00c9quipe Canada | Site officiel de l&#039;\u00e9quipe olympique<\/title>\n<meta name=\"robots\" content=\"index, follow, max-snippet:-1, max-image-preview:large, max-video-preview:-1\" \/>\n<link rel=\"canonical\" href=\"https:\/\/develop.olympic.ca\/olympique\/suivi-des-qualifications-pour-rio-2016\/\" \/>\n<meta property=\"og:locale\" content=\"fr_FR\" \/>\n<meta property=\"og:type\" content=\"article\" \/>\n<meta property=\"og:title\" content=\"Suivi des qualifications pour Rio 2016 - \u00c9quipe Canada | Site officiel de l&#039;\u00e9quipe olympique\" \/>\n<meta property=\"og:description\" content=\"Les qualifications pour Rio\u00a02016\u00a0vont bon train. Olympique.ca suivra pour vous les sports et les \u00e9preuves dans lesquels le Canada a...\" \/>\n<meta property=\"og:url\" content=\"https:\/\/develop.olympic.ca\/olympique\/suivi-des-qualifications-pour-rio-2016\/\" \/>\n<meta property=\"og:site_name\" content=\"\u00c9quipe Canada | Site officiel de l&#039;\u00e9quipe olympique\" \/>\n<meta property=\"article:modified_time\" content=\"2016-08-01T15:31:45+00:00\" \/>\n<meta property=\"og:image\" content=\"https:\/\/develop.olympic.ca\/olympique\/wp-content\/uploads\/sites\/2\/2015\/08\/riocover.jpg?quality=100\" \/>\n\t<meta property=\"og:image:width\" content=\"670\" \/>\n\t<meta property=\"og:image:height\" content=\"377\" \/>\n\t<meta property=\"og:image:type\" content=\"image\/jpeg\" \/>\n<meta name=\"twitter:card\" content=\"summary_large_image\" \/>\n<meta name=\"twitter:label1\" content=\"Est. reading time\" \/>\n\t<meta name=\"twitter:data1\" content=\"9 minutes\" \/>\n\t<meta name=\"twitter:label2\" content=\"Written by\" \/>\n\t<meta name=\"twitter:data2\" content=\"Paula Nichols\" \/>\n<script type=\"application\/ld+json\" class=\"yoast-schema-graph\">{\"@context\":\"https:\\\/\\\/schema.org\",\"@graph\":[{\"@type\":\"WebPage\",\"@id\":\"https:\\\/\\\/develop.olympic.ca\\\/olympique\\\/suivi-des-qualifications-pour-rio-2016\\\/\",\"url\":\"https:\\\/\\\/develop.olympic.ca\\\/olympique\\\/suivi-des-qualifications-pour-rio-2016\\\/\",\"name\":\"Suivi des qualifications pour Rio 2016 - \u00c9quipe Canada | Site officiel de l&#039;\u00e9quipe olympique\",\"isPartOf\":{\"@id\":\"https:\\\/\\\/develop.olympic.ca\\\/olympique\\\/#website\"},\"primaryImageOfPage\":{\"@id\":\"https:\\\/\\\/develop.olympic.ca\\\/olympique\\\/suivi-des-qualifications-pour-rio-2016\\\/#primaryimage\"},\"image\":{\"@id\":\"https:\\\/\\\/develop.olympic.ca\\\/olympique\\\/suivi-des-qualifications-pour-rio-2016\\\/#primaryimage\"},\"thumbnailUrl\":\"https:\\\/\\\/develop.olympic.ca\\\/olympique\\\/wp-content\\\/uploads\\\/sites\\\/2\\\/2015\\\/08\\\/riocover.jpg?quality=100\",\"datePublished\":\"2015-08-24T16:12:29+00:00\",\"dateModified\":\"2016-08-01T15:31:45+00:00\",\"inLanguage\":\"fr-FR\",\"potentialAction\":[{\"@type\":\"ReadAction\",\"target\":[\"https:\\\/\\\/develop.olympic.ca\\\/olympique\\\/suivi-des-qualifications-pour-rio-2016\\\/\"]}]},{\"@type\":\"ImageObject\",\"inLanguage\":\"fr-FR\",\"@id\":\"https:\\\/\\\/develop.olympic.ca\\\/olympique\\\/suivi-des-qualifications-pour-rio-2016\\\/#primaryimage\",\"url\":\"https:\\\/\\\/develop.olympic.ca\\\/olympique\\\/wp-content\\\/uploads\\\/sites\\\/2\\\/2015\\\/08\\\/riocover.jpg?quality=100\",\"contentUrl\":\"https:\\\/\\\/develop.olympic.ca\\\/olympique\\\/wp-content\\\/uploads\\\/sites\\\/2\\\/2015\\\/08\\\/riocover.jpg?quality=100\",\"width\":670,\"height\":377},{\"@type\":\"WebSite\",\"@id\":\"https:\\\/\\\/develop.olympic.ca\\\/olympique\\\/#website\",\"url\":\"https:\\\/\\\/develop.olympic.ca\\\/olympique\\\/\",\"name\":\"\u00c9quipe Canada | Site officiel de l&#039;\u00e9quipe olympique\",\"description\":\"Votre source pour l\u2019\u00c9quipe olympique canadienne. Retrouvez les r\u00e9cits, vid\u00e9os et photos des athl\u00e8tes canadiens, sports olympiques, Jeux olympiques de 2020 et bien plus!\",\"potentialAction\":[{\"@type\":\"SearchAction\",\"target\":{\"@type\":\"EntryPoint\",\"urlTemplate\":\"https:\\\/\\\/develop.olympic.ca\\\/olympique\\\/?s={search_term_string}\"},\"query-input\":{\"@type\":\"PropertyValueSpecification\",\"valueRequired\":true,\"valueName\":\"search_term_string\"}}],\"inLanguage\":\"fr-FR\"}]}<\/script>\n<!-- \/ Yoast SEO plugin. -->","yoast_head_json":{"title":"Suivi des qualifications pour Rio 2016 - \u00c9quipe Canada | Site officiel de l&#039;\u00e9quipe olympique","robots":{"index":"index","follow":"follow","max-snippet":"max-snippet:-1","max-image-preview":"max-image-preview:large","max-video-preview":"max-video-preview:-1"},"canonical":"https:\/\/develop.olympic.ca\/olympique\/suivi-des-qualifications-pour-rio-2016\/","og_locale":"fr_FR","og_type":"article","og_title":"Suivi des qualifications pour Rio 2016 - \u00c9quipe Canada | Site officiel de l&#039;\u00e9quipe olympique","og_description":"Les qualifications pour Rio\u00a02016\u00a0vont bon train. Olympique.ca suivra pour vous les sports et les \u00e9preuves dans lesquels le Canada a...","og_url":"https:\/\/develop.olympic.ca\/olympique\/suivi-des-qualifications-pour-rio-2016\/","og_site_name":"\u00c9quipe Canada | Site officiel de l&#039;\u00e9quipe olympique","article_modified_time":"2016-08-01T15:31:45+00:00","og_image":[{"width":670,"height":377,"url":"https:\/\/develop.olympic.ca\/olympique\/wp-content\/uploads\/sites\/2\/2015\/08\/riocover.jpg?quality=100","type":"image\/jpeg"}],"twitter_card":"summary_large_image","twitter_misc":{"Est. reading time":"9 minutes","Written by":"Paula Nichols"},"schema":{"@context":"https:\/\/schema.org","@graph":[{"@type":"WebPage","@id":"https:\/\/develop.olympic.ca\/olympique\/suivi-des-qualifications-pour-rio-2016\/","url":"https:\/\/develop.olympic.ca\/olympique\/suivi-des-qualifications-pour-rio-2016\/","name":"Suivi des qualifications pour Rio 2016 - \u00c9quipe Canada | Site officiel de l&#039;\u00e9quipe olympique","isPartOf":{"@id":"https:\/\/develop.olympic.ca\/olympique\/#website"},"primaryImageOfPage":{"@id":"https:\/\/develop.olympic.ca\/olympique\/suivi-des-qualifications-pour-rio-2016\/#primaryimage"},"image":{"@id":"https:\/\/develop.olympic.ca\/olympique\/suivi-des-qualifications-pour-rio-2016\/#primaryimage"},"thumbnailUrl":"https:\/\/develop.olympic.ca\/olympique\/wp-content\/uploads\/sites\/2\/2015\/08\/riocover.jpg?quality=100","datePublished":"2015-08-24T16:12:29+00:00","dateModified":"2016-08-01T15:31:45+00:00","inLanguage":"fr-FR","potentialAction":[{"@type":"ReadAction","target":["https:\/\/develop.olympic.ca\/olympique\/suivi-des-qualifications-pour-rio-2016\/"]}]},{"@type":"ImageObject","inLanguage":"fr-FR","@id":"https:\/\/develop.olympic.ca\/olympique\/suivi-des-qualifications-pour-rio-2016\/#primaryimage","url":"https:\/\/develop.olympic.ca\/olympique\/wp-content\/uploads\/sites\/2\/2015\/08\/riocover.jpg?quality=100","contentUrl":"https:\/\/develop.olympic.ca\/olympique\/wp-content\/uploads\/sites\/2\/2015\/08\/riocover.jpg?quality=100","width":670,"height":377},{"@type":"WebSite","@id":"https:\/\/develop.olympic.ca\/olympique\/#website","url":"https:\/\/develop.olympic.ca\/olympique\/","name":"\u00c9quipe Canada | Site officiel de l&#039;\u00e9quipe olympique","description":"Votre source pour l\u2019\u00c9quipe olympique canadienne. Retrouvez les r\u00e9cits, vid\u00e9os et photos des athl\u00e8tes canadiens, sports olympiques, Jeux olympiques de 2020 et bien plus!","potentialAction":[{"@type":"SearchAction","target":{"@type":"EntryPoint","urlTemplate":"https:\/\/develop.olympic.ca\/olympique\/?s={search_term_string}"},"query-input":{"@type":"PropertyValueSpecification","valueRequired":true,"valueName":"search_term_string"}}],"inLanguage":"fr-FR"}]}},"jetpack_sharing_enabled":true,"jetpack-related-posts":[],"jetpack_shortlink":"https:\/\/wp.me\/PbmyEP-syy","_links":{"self":[{"href":"https:\/\/develop.olympic.ca\/olympique\/wp-json\/wp\/v2\/pages\/109774","targetHints":{"allow":["GET"]}}],"collection":[{"href":"https:\/\/develop.olympic.ca\/olympique\/wp-json\/wp\/v2\/pages"}],"about":[{"href":"https:\/\/develop.olympic.ca\/olympique\/wp-json\/wp\/v2\/types\/page"}],"author":[{"embeddable":true,"href":"https:\/\/develop.olympic.ca\/olympique\/wp-json\/wp\/v2\/users\/52435451"}],"replies":[{"embeddable":true,"href":"https:\/\/develop.olympic.ca\/olympique\/wp-json\/wp\/v2\/comments?post=109774"}],"version-history":[{"count":77,"href":"https:\/\/develop.olympic.ca\/olympique\/wp-json\/wp\/v2\/pages\/109774\/revisions"}],"predecessor-version":[{"id":119704,"href":"https:\/\/develop.olympic.ca\/olympique\/wp-json\/wp\/v2\/pages\/109774\/revisions\/119704"}],"wp:featuredmedia":[{"embeddable":true,"href":"https:\/\/develop.olympic.ca\/olympique\/wp-json\/wp\/v2\/media\/109776"}],"wp:attachment":[{"href":"https:\/\/develop.olympic.ca\/olympique\/wp-json\/wp\/v2\/media?parent=109774"}],"wp:term":[{"taxonomy":"author","embeddable":true,"href":"https:\/\/develop.olympic.ca\/olympique\/wp-json\/wp\/v2\/coauthors?post=109774"}],"curies":[{"name":"wp","href":"https:\/\/api.w.org\/{rel}","templated":true}]}}