{"id":163717,"date":"2020-10-22T11:19:42","date_gmt":"2020-10-22T15:19:42","guid":{"rendered":"https:\/\/develop.olympic.ca\/olympique\/?page_id=163717"},"modified":"2020-10-22T11:19:42","modified_gmt":"2020-10-22T15:19:42","slug":"dave-steen","status":"publish","type":"page","link":"https:\/\/develop.olympic.ca\/olympique\/temple-de-la-renommee-olympique-du-canada\/dave-steen\/","title":{"rendered":"Dave Steen"},"content":{"rendered":"<p class=\"p1\"><i>Le sp\u00e9cialiste du lancer du poids Dave Steen avait rat\u00e9 les Jeux olympiques de Tokyo en 1964, mais il a tout de m\u00eame connu une impressionnante carri\u00e8re internationale au cours de laquelle il a d\u00e9croch\u00e9 trois m\u00e9dailles aux Jeux du Commonwealth.\u00a0<\/i><\/p>\n<p class=\"p1\">Favori pour une m\u00e9daille en vue des Jeux de Tokyo en 1964, la carri\u00e8re olympique du lanceur de poids de Dave Steen a \u00e9t\u00e9 d\u00e9vi\u00e9e par un cas tr\u00e8s contagieux de mononucl\u00e9ose, lui faisant rater toute la saison 1964 ainsi que les Jeux olympiques.<\/p>\n<p class=\"p1\">Trois fois m\u00e9daill\u00e9 aux Jeux du Commonwealth, Steen a fait ses d\u00e9buts en 1962 o\u00f9 il avait mis la main sur la m\u00e9daille de bronze avec un jet de 17,90 m\u00e8tres. Il a ensuite remport\u00e9 deux m\u00e9dailles d\u2019or cons\u00e9cutives en 1966 et 1970 au lancer du poids aux Jeux du Commonwealth, \u00e9tablissant un record des Jeux chaque fois, devenant le premier homme \u00e0 d\u00e9fendre ce titre depuis 1934. Il a gagn\u00e9 le bronze au lancer du poids des Jeux panam\u00e9ricains de 1968 en plus de r\u00e9colter deux autres m\u00e9dailles de bronze aux Jeux de la conf\u00e9rence du Pacifique en 1969 au lancer du poids et du disque. Class\u00e9 \u00e0 l\u2019\u00e9chelle nationale au lancer du disque et du marteau, Steen a \u00e9t\u00e9 neuf fois champion canadien au lancer du poids en plus d\u2019avoir \u00e9t\u00e9 le premier \u00e0 lancer un poids \u00e0 plus de 60 pieds (18,29 m). Un membre de l\u2019\u00e9quipe nationale d\u2019athl\u00e9tisme pendant huit ans, il a am\u00e9lior\u00e9 le record national au lancer du poids de 15,88 m jusqu\u2019\u00e0 son propre record de 19,21 m, \u00e9tabli aux Jeux du Commonwealth de 1970.<\/p>\n<p class=\"p1\">Steen a d\u00e9couvert l\u2019athl\u00e9tisme par l\u2019entremise de son grand fr\u00e8re Don qui avait \u00e9t\u00e9 champion national au d\u00e9cathlon en 1956. Il a d\u00e9but\u00e9 la pratique du lancer du poids \u00e0 l\u2019\u00e2ge de 11 ans alors qu\u2019il \u00e9tait \u00e9tudiait \u00e0 l\u2019\u00e9cole primaire Douglas Road \u00e0 Burnaby en Colombie-Britannique et a commenc\u00e9 \u00e0 \u00e9tablir des records dans ses groupes d\u2019\u00e2ge alors qu\u2019il \u00e9tait \u00e9tudiant \u00e0 l\u2019\u00e9cole secondaire Burnaby South. Steen a \u00e9tudi\u00e9 \u00e0 l\u2019Universit\u00e9 de l\u2019Oregon, qu\u2019il a aussi repr\u00e9sent\u00e9 en athl\u00e9tisme, sous la tutelle de l\u2019entra\u00eeneur Bill Bowerman, terminant cinqui\u00e8me aux Championnats de la NCAA en 1962 et deuxi\u00e8me en 1963, terminant l\u2019ann\u00e9e au septi\u00e8me rang mondial.<\/p>\n<p class=\"p1\">Steen annon\u00e7ait sa retraite apr\u00e8s les Jeux du Commonwealth de 1970, pour devenir entra\u00eeneur et \u00e9crivain. Il a \u00e9t\u00e9 auteur de plusieurs livres incluant le <i>Canadian Pilot\u2019s Fitness Manual<\/i> en 1979, <i>Aerobic Fun for Kids <\/i>en 1982 et <i>Exercise is Fun<\/i> en 1992. Steen est ensuite devenu journaliste sportif pour le compte du <i>Toronto Star <\/i>et du <i>Toronto Mirror<\/i>. Il a \u00e9pous\u00e9 Margaret Daly, elle aussi journaliste, \u00e0 Chicago \u00e0 la fin de 1963. Steen est l\u2019oncle du m\u00e9daill\u00e9 de bronze en d\u00e9cathlon aux Jeux olympiques de S\u00e9oul en 1988, le Canadien Dave Steen et est l\u2019inspiration derri\u00e8re son nom.<\/p>\n<p class=\"p1\">Steen a \u00e9t\u00e9 intronis\u00e9 au Temple de la renomm\u00e9e olympique du Canada en 1977 et au Panth\u00e9on du sport de Burnaby en 2002.<\/p>\n","protected":false},"excerpt":{"rendered":"<p>Le sp\u00e9cialiste du lancer du poids Dave Steen avait rat\u00e9 les Jeux olympiques de Tokyo en 1964, mais il a&#8230;<\/p>\n","protected":false},"author":132655687,"featured_media":163718,"parent":28614,"menu_order":0,"comment_status":"closed","ping_status":"closed","template":"","meta":{"_edit_lock":["1603379933:132655687"],"_edit_last":["132655687"],"_thumbnail_id":["163718"],"_wp_page_template":["default"],"coc_games":[""],"_coc_games":["field_5e83bf020f51f"],"coc_trivia":[""],"_coc_trivia":["field_5e83bacdec2aa"],"coc_sharing_options":["a:1:{s:18:\"coc_hide_share_bar\";b:0;}"],"coc_campaign_options":["a:4:{s:16:\"coc_campaign_tag\";s:0:\"\";s:15:\"coc_campaign_bg\";N;s:25:\"coc_campaign_bg_downloads\";a:0:{}s:20:\"coc_campaign_posters\";a:0:{}}"],"coc_team_options":["a:1:{s:15:\"coc_game_select\";i:156417;}"],"coc_oc_landing_options":["a:2:{s:17:\"coc_oc_landing_bg\";N;s:22:\"coc_oc_landing_stories\";a:0:{}}"],"coc_edit_profile_options":["a:1:{s:20:\"coc_favourite_sports\";a:0:{}}"],"coc_oc_reward_options":["a:12:{s:16:\"coc_oc_reward_id\";s:0:\"\";s:20:\"coc_oc_reward_points\";s:0:\"\";s:19:\"coc_oc_reward_rules\";N;s:31:\"coc_oc_digital_download_desktop\";N;s:30:\"coc_oc_digital_download_mobile\";N;s:32:\"coc_oc_digital_download_facebook\";N;s:29:\"coc_oc_reward_success_message\";s:0:\"\";s:23:\"coc_oc_facebook_content\";s:0:\"\";s:22:\"coc_oc_twitter_content\";s:0:\"\";s:24:\"coc_oc_social_contest_id\";s:0:\"\";s:31:\"coc_oc_reward_logged_in_message\";s:0:\"\";s:32:\"coc_oc_reward_logged_out_message\";s:0:\"\";}"],"coc_press_options":["a:2:{s:28:\"coc_press_additional_content\";s:0:\"\";s:27:\"coc_press_resource_category\";a:0:{}}"],"coc_breaking_news_options":["a:1:{s:25:\"coc_breaking_news_details\";a:0:{}}"],"coc_be_olympic_options":["a:8:{s:37:\"coc_be_olympic_exclusive_content_link\";s:0:\"\";s:27:\"coc_be_olympic_videos_title\";s:0:\"\";s:21:\"coc_be_olympic_videos\";a:0:{}s:27:\"coc_be_olympic_photos_title\";s:0:\"\";s:21:\"coc_be_olympic_photos\";a:0:{}s:24:\"coc_be_olympic_downloads\";a:0:{}s:22:\"coc_be_olympic_quizzes\";a:0:{}s:26:\"coc_be_olympic_fan_fun_ads\";a:0:{}}"],"coc_fan_fun_options":["a:2:{s:23:\"coc_fan_fun_hammer_time\";a:2:{s:29:\"coc_fan_fun_hammer_time_image\";N;s:27:\"coc_fan_fun_hammer_time_url\";s:0:\"\";}s:22:\"coc_fan_fun_torch_dash\";a:2:{s:28:\"coc_fan_fun_torch_dash_image\";N;s:26:\"coc_fan_fun_torch_dash_url\";s:0:\"\";}}"],"coc_interactive_game_options":["a:3:{s:28:\"coc_interactive_game_message\";s:0:\"\";s:24:\"coc_interactive_game_url\";s:0:\"\";s:27:\"coc_interactive_game_iframe\";b:0;}"],"coc_olympic_club_options":["a:1:{s:12:\"redirect_url\";s:0:\"\";}"],"coc_favorites_options":["a:3:{s:13:\"content_types\";a:0:{}s:7:\"seasons\";a:0:{}s:4:\"gear\";a:0:{}}"],"coc_og_tags":["a:3:{s:8:\"og_title\";s:0:\"\";s:14:\"og_description\";s:0:\"\";s:8:\"og_image\";N;}"],"coc_education_options":["A"],"coc_page_options":["a:2:{s:14:\"show_crazy_egg\";b:0;s:30:\"coc_partner_takeover_ads_story\";a:5:{s:20:\"coc_ad_story_desktop\";N;s:26:\"coc_ad_story_desktop_label\";s:0:\"\";s:19:\"coc_ad_story_mobile\";N;s:25:\"coc_ad_story_mobile_label\";s:0:\"\";s:16:\"coc_ad_story_url\";s:0:\"\";}}"],"coc_donor_video_options":["a:1:{s:21:\"donor_featured_videos\";a:0:{}}"],"coc_about_video_options":["a:1:{s:11:\"about_video\";a:3:{s:21:\"coc_about_video_title\";s:0:\"\";s:20:\"coc_about_video_text\";s:0:\"\";s:21:\"coc_about_youtube_url\";s:0:\"\";}}"],"coc_about_image_options":["a:1:{s:11:\"about_image\";a:3:{s:21:\"coc_about_image_title\";s:0:\"\";s:20:\"coc_about_image_text\";s:0:\"\";s:19:\"coc_about_image_url\";N;}}"],"coc_about_reporting_options":["a:1:{s:23:\"about_reporting_options\";a:0:{}}"],"coc_about_audit_options":["a:1:{s:19:\"about_audit_options\";a:0:{}}"],"coc_giving_options":["a:1:{s:14:\"giving_options\";a:0:{}}"],"coc_homepage_video_options":["a:1:{s:13:\"video_options\";a:1:{s:18:\"coc_homepage_video\";s:0:\"\";}}"],"coc_homepage_priorities":["a:1:{s:16:\"priority_options\";a:0:{}}"],"coc_homepage_campaign_options":["a:1:{s:16:\"campaign_options\";a:3:{s:24:\"coc_campaign_video_title\";s:0:\"\";s:23:\"coc_campaign_video_text\";s:0:\"\";s:24:\"coc_campaign_youtube_url\";s:0:\"\";}}"],"hof_selected_committee":["a:1:{s:11:\"hof_members\";a:0:{}}"],"hof_partners_options":["a:1:{s:12:\"hof_partners\";a:0:{}}"],"hof_search_excerpt":["a:1:{s:18:\"coc_search_excerpt\";s:0:\"\";}"],"_x_multifield_seo_accordion":["a:1:{i:0;a:2:{s:19:\"seo_accordion_title\";s:0:\"\";s:25:\"seo_accordion_description\";s:0:\"\";}}"]},"coauthors":[415985478],"class_list":["post-163717","page","type-page","status-publish","format-standard","has-post-thumbnail","hentry"],"acf":[],"yoast_head":"<!-- This site is optimized with the Yoast SEO plugin v27.3 - https:\/\/yoast.com\/product\/yoast-seo-wordpress\/ -->\n<title>Dave Steen - \u00c9quipe Canada | Site officiel de l&#039;\u00e9quipe olympique<\/title>\n<meta name=\"robots\" content=\"index, follow, max-snippet:-1, max-image-preview:large, max-video-preview:-1\" \/>\n<link rel=\"canonical\" href=\"https:\/\/develop.olympic.ca\/olympique\/temple-de-la-renommee-olympique-du-canada\/dave-steen\/\" \/>\n<meta property=\"og:locale\" content=\"fr_FR\" \/>\n<meta property=\"og:type\" content=\"article\" \/>\n<meta property=\"og:title\" content=\"Dave Steen - \u00c9quipe Canada | Site officiel de l&#039;\u00e9quipe olympique\" \/>\n<meta property=\"og:description\" content=\"Le sp\u00e9cialiste du lancer du poids Dave Steen avait rat\u00e9 les Jeux olympiques de Tokyo en 1964, mais il a...\" \/>\n<meta property=\"og:url\" content=\"https:\/\/develop.olympic.ca\/olympique\/temple-de-la-renommee-olympique-du-canada\/dave-steen\/\" \/>\n<meta property=\"og:site_name\" content=\"\u00c9quipe Canada | Site officiel de l&#039;\u00e9quipe olympique\" \/>\n<meta property=\"og:image\" content=\"https:\/\/develop.olympic.ca\/olympique\/wp-content\/uploads\/sites\/2\/2020\/10\/dave-steen.png\" \/>\n\t<meta property=\"og:image:width\" content=\"1010\" \/>\n\t<meta property=\"og:image:height\" content=\"568\" \/>\n\t<meta property=\"og:image:type\" content=\"image\/png\" \/>\n<meta name=\"twitter:card\" content=\"summary_large_image\" \/>\n<meta name=\"twitter:label1\" content=\"Est. reading time\" \/>\n\t<meta name=\"twitter:data1\" content=\"3 minutes\" \/>\n\t<meta name=\"twitter:label2\" content=\"Written by\" \/>\n\t<meta name=\"twitter:data2\" content=\"Camille Laventure\" \/>\n<script type=\"application\/ld+json\" class=\"yoast-schema-graph\">{\"@context\":\"https:\\\/\\\/schema.org\",\"@graph\":[{\"@type\":\"WebPage\",\"@id\":\"https:\\\/\\\/develop.olympic.ca\\\/olympique\\\/temple-de-la-renommee-olympique-du-canada\\\/dave-steen\\\/\",\"url\":\"https:\\\/\\\/develop.olympic.ca\\\/olympique\\\/temple-de-la-renommee-olympique-du-canada\\\/dave-steen\\\/\",\"name\":\"Dave Steen - \u00c9quipe Canada | Site officiel de l&#039;\u00e9quipe olympique\",\"isPartOf\":{\"@id\":\"https:\\\/\\\/develop.olympic.ca\\\/olympique\\\/#website\"},\"primaryImageOfPage\":{\"@id\":\"https:\\\/\\\/develop.olympic.ca\\\/olympique\\\/temple-de-la-renommee-olympique-du-canada\\\/dave-steen\\\/#primaryimage\"},\"image\":{\"@id\":\"https:\\\/\\\/develop.olympic.ca\\\/olympique\\\/temple-de-la-renommee-olympique-du-canada\\\/dave-steen\\\/#primaryimage\"},\"thumbnailUrl\":\"https:\\\/\\\/develop.olympic.ca\\\/olympique\\\/wp-content\\\/uploads\\\/sites\\\/2\\\/2020\\\/10\\\/dave-steen.png\",\"datePublished\":\"2020-10-22T15:19:42+00:00\",\"breadcrumb\":{\"@id\":\"https:\\\/\\\/develop.olympic.ca\\\/olympique\\\/temple-de-la-renommee-olympique-du-canada\\\/dave-steen\\\/#breadcrumb\"},\"inLanguage\":\"fr-FR\",\"potentialAction\":[{\"@type\":\"ReadAction\",\"target\":[\"https:\\\/\\\/develop.olympic.ca\\\/olympique\\\/temple-de-la-renommee-olympique-du-canada\\\/dave-steen\\\/\"]}]},{\"@type\":\"ImageObject\",\"inLanguage\":\"fr-FR\",\"@id\":\"https:\\\/\\\/develop.olympic.ca\\\/olympique\\\/temple-de-la-renommee-olympique-du-canada\\\/dave-steen\\\/#primaryimage\",\"url\":\"https:\\\/\\\/develop.olympic.ca\\\/olympique\\\/wp-content\\\/uploads\\\/sites\\\/2\\\/2020\\\/10\\\/dave-steen.png\",\"contentUrl\":\"https:\\\/\\\/develop.olympic.ca\\\/olympique\\\/wp-content\\\/uploads\\\/sites\\\/2\\\/2020\\\/10\\\/dave-steen.png\",\"width\":1010,\"height\":568},{\"@type\":\"BreadcrumbList\",\"@id\":\"https:\\\/\\\/develop.olympic.ca\\\/olympique\\\/temple-de-la-renommee-olympique-du-canada\\\/dave-steen\\\/#breadcrumb\",\"itemListElement\":[{\"@type\":\"ListItem\",\"position\":1,\"name\":\"Temple de la renomm\u00e9e olympique du Canada\",\"item\":\"https:\\\/\\\/develop.olympic.ca\\\/olympique\\\/temple-de-la-renommee-olympique-du-canada\\\/\"},{\"@type\":\"ListItem\",\"position\":2,\"name\":\"Dave Steen\"}]},{\"@type\":\"WebSite\",\"@id\":\"https:\\\/\\\/develop.olympic.ca\\\/olympique\\\/#website\",\"url\":\"https:\\\/\\\/develop.olympic.ca\\\/olympique\\\/\",\"name\":\"\u00c9quipe Canada | Site officiel de l&#039;\u00e9quipe olympique\",\"description\":\"Votre source pour l\u2019\u00c9quipe olympique canadienne. Retrouvez les r\u00e9cits, vid\u00e9os et photos des athl\u00e8tes canadiens, sports olympiques, Jeux olympiques de 2020 et bien plus!\",\"potentialAction\":[{\"@type\":\"SearchAction\",\"target\":{\"@type\":\"EntryPoint\",\"urlTemplate\":\"https:\\\/\\\/develop.olympic.ca\\\/olympique\\\/?s={search_term_string}\"},\"query-input\":{\"@type\":\"PropertyValueSpecification\",\"valueRequired\":true,\"valueName\":\"search_term_string\"}}],\"inLanguage\":\"fr-FR\"}]}<\/script>\n<!-- \/ Yoast SEO plugin. -->","yoast_head_json":{"title":"Dave Steen - \u00c9quipe Canada | Site officiel de l&#039;\u00e9quipe olympique","robots":{"index":"index","follow":"follow","max-snippet":"max-snippet:-1","max-image-preview":"max-image-preview:large","max-video-preview":"max-video-preview:-1"},"canonical":"https:\/\/develop.olympic.ca\/olympique\/temple-de-la-renommee-olympique-du-canada\/dave-steen\/","og_locale":"fr_FR","og_type":"article","og_title":"Dave Steen - \u00c9quipe Canada | Site officiel de l&#039;\u00e9quipe olympique","og_description":"Le sp\u00e9cialiste du lancer du poids Dave Steen avait rat\u00e9 les Jeux olympiques de Tokyo en 1964, mais il a...","og_url":"https:\/\/develop.olympic.ca\/olympique\/temple-de-la-renommee-olympique-du-canada\/dave-steen\/","og_site_name":"\u00c9quipe Canada | Site officiel de l&#039;\u00e9quipe olympique","og_image":[{"width":1010,"height":568,"url":"https:\/\/develop.olympic.ca\/olympique\/wp-content\/uploads\/sites\/2\/2020\/10\/dave-steen.png","type":"image\/png"}],"twitter_card":"summary_large_image","twitter_misc":{"Est. reading time":"3 minutes","Written by":"Camille Laventure"},"schema":{"@context":"https:\/\/schema.org","@graph":[{"@type":"WebPage","@id":"https:\/\/develop.olympic.ca\/olympique\/temple-de-la-renommee-olympique-du-canada\/dave-steen\/","url":"https:\/\/develop.olympic.ca\/olympique\/temple-de-la-renommee-olympique-du-canada\/dave-steen\/","name":"Dave Steen - \u00c9quipe Canada | Site officiel de l&#039;\u00e9quipe olympique","isPartOf":{"@id":"https:\/\/develop.olympic.ca\/olympique\/#website"},"primaryImageOfPage":{"@id":"https:\/\/develop.olympic.ca\/olympique\/temple-de-la-renommee-olympique-du-canada\/dave-steen\/#primaryimage"},"image":{"@id":"https:\/\/develop.olympic.ca\/olympique\/temple-de-la-renommee-olympique-du-canada\/dave-steen\/#primaryimage"},"thumbnailUrl":"https:\/\/develop.olympic.ca\/olympique\/wp-content\/uploads\/sites\/2\/2020\/10\/dave-steen.png","datePublished":"2020-10-22T15:19:42+00:00","breadcrumb":{"@id":"https:\/\/develop.olympic.ca\/olympique\/temple-de-la-renommee-olympique-du-canada\/dave-steen\/#breadcrumb"},"inLanguage":"fr-FR","potentialAction":[{"@type":"ReadAction","target":["https:\/\/develop.olympic.ca\/olympique\/temple-de-la-renommee-olympique-du-canada\/dave-steen\/"]}]},{"@type":"ImageObject","inLanguage":"fr-FR","@id":"https:\/\/develop.olympic.ca\/olympique\/temple-de-la-renommee-olympique-du-canada\/dave-steen\/#primaryimage","url":"https:\/\/develop.olympic.ca\/olympique\/wp-content\/uploads\/sites\/2\/2020\/10\/dave-steen.png","contentUrl":"https:\/\/develop.olympic.ca\/olympique\/wp-content\/uploads\/sites\/2\/2020\/10\/dave-steen.png","width":1010,"height":568},{"@type":"BreadcrumbList","@id":"https:\/\/develop.olympic.ca\/olympique\/temple-de-la-renommee-olympique-du-canada\/dave-steen\/#breadcrumb","itemListElement":[{"@type":"ListItem","position":1,"name":"Temple de la renomm\u00e9e olympique du Canada","item":"https:\/\/develop.olympic.ca\/olympique\/temple-de-la-renommee-olympique-du-canada\/"},{"@type":"ListItem","position":2,"name":"Dave Steen"}]},{"@type":"WebSite","@id":"https:\/\/develop.olympic.ca\/olympique\/#website","url":"https:\/\/develop.olympic.ca\/olympique\/","name":"\u00c9quipe Canada | Site officiel de l&#039;\u00e9quipe olympique","description":"Votre source pour l\u2019\u00c9quipe olympique canadienne. Retrouvez les r\u00e9cits, vid\u00e9os et photos des athl\u00e8tes canadiens, sports olympiques, Jeux olympiques de 2020 et bien plus!","potentialAction":[{"@type":"SearchAction","target":{"@type":"EntryPoint","urlTemplate":"https:\/\/develop.olympic.ca\/olympique\/?s={search_term_string}"},"query-input":{"@type":"PropertyValueSpecification","valueRequired":true,"valueName":"search_term_string"}}],"inLanguage":"fr-FR"}]}},"jetpack_sharing_enabled":true,"jetpack-related-posts":[],"jetpack_shortlink":"https:\/\/wp.me\/PbmyEP-GAB","_links":{"self":[{"href":"https:\/\/develop.olympic.ca\/olympique\/wp-json\/wp\/v2\/pages\/163717","targetHints":{"allow":["GET"]}}],"collection":[{"href":"https:\/\/develop.olympic.ca\/olympique\/wp-json\/wp\/v2\/pages"}],"about":[{"href":"https:\/\/develop.olympic.ca\/olympique\/wp-json\/wp\/v2\/types\/page"}],"author":[{"embeddable":true,"href":"https:\/\/develop.olympic.ca\/olympique\/wp-json\/wp\/v2\/users\/132655687"}],"replies":[{"embeddable":true,"href":"https:\/\/develop.olympic.ca\/olympique\/wp-json\/wp\/v2\/comments?post=163717"}],"version-history":[{"count":1,"href":"https:\/\/develop.olympic.ca\/olympique\/wp-json\/wp\/v2\/pages\/163717\/revisions"}],"predecessor-version":[{"id":163719,"href":"https:\/\/develop.olympic.ca\/olympique\/wp-json\/wp\/v2\/pages\/163717\/revisions\/163719"}],"up":[{"embeddable":true,"href":"https:\/\/develop.olympic.ca\/olympique\/wp-json\/wp\/v2\/pages\/28614"}],"wp:featuredmedia":[{"embeddable":true,"href":"https:\/\/develop.olympic.ca\/olympique\/wp-json\/wp\/v2\/media\/163718"}],"wp:attachment":[{"href":"https:\/\/develop.olympic.ca\/olympique\/wp-json\/wp\/v2\/media?parent=163717"}],"wp:term":[{"taxonomy":"author","embeddable":true,"href":"https:\/\/develop.olympic.ca\/olympique\/wp-json\/wp\/v2\/coauthors?post=163717"}],"curies":[{"name":"wp","href":"https:\/\/api.w.org\/{rel}","templated":true}]}}