{"id":34243,"date":"2012-06-06T14:21:56","date_gmt":"2012-06-22T15:40:08","guid":{"rendered":"http:\/\/develop.olympic.ca\/?page_id=34243"},"modified":"2013-08-01T01:05:51","modified_gmt":"2013-08-01T01:05:51","slug":"alexandra-orlando","status":"publish","type":"page","link":"https:\/\/develop.olympic.ca\/olympique\/comite-olympique-canadien\/gouvernance\/commission-des-athletes\/alexandra-orlando\/","title":{"rendered":"Alexandra Orlando"},"content":{"rendered":"<p><strong>Membre &amp; Repr\u00e9sentatif <strong>PASO<\/strong> <a href=\"http:\/\/develop.olympic.ca\/wp-content\/uploads\/sites\/2\/2012\/06\/alexandra-orlando_headshot-1-e1339005588131.jpg\"><img loading=\"lazy\" decoding=\"async\" class=\"alignright\" src=\"http:\/\/develop.olympic.ca\/wp-content\/uploads\/sites\/2\/2011\/08\/alexandra-orlando_headshot-1-e1339005588131-150x150.jpg\" alt=\"\" width=\"146\" height=\"135\" \/><\/a><br \/>\nCommission des athl\u00e8tes<\/strong><\/p>\n<p>Couronn\u00e9e pour ses performances \u00e0 maintes reprises, Alexandra Orlando est une athl\u00e8te de classe mondiale. Au cours de ses 17 ann\u00e9es consacr\u00e9es \u00e0 la gymnastique rythmique, elle a \u00e9t\u00e9 championne novice et junior canadienne en plus de remporter le Championnat canadien senior \u00e0 cinq reprises. Meilleure gymnaste rythmique canadienne pendant cette \u00e9poque, Alexandra s\u2019est \u00e9galement distingu\u00e9e en \u00e9tant l\u2019une des rares non-Europ\u00e9ennes \u00e0 participer aux comp\u00e9titions les plus prestigieuses de son sport.<\/p>\n<p>En 2007, elle a termin\u00e9 au 9<sup>e<\/sup> rang des Championnats du monde de gymnastique rythmique, assurant une participation aux Jeux olympiques de 2008 \u00e0 Beijing pour le Canada. Alexandra devenait ainsi la seule athl\u00e8te des Am\u00e9riques \u00e0 d\u00e9crocher une place pour les Jeux olympiques et la premi\u00e8re Canadienne en 22 ans \u00e0 participer \u00e0 une finale de championnat du monde.<\/p>\n<p>\u00c0 peine quelques mois plus t\u00f4t, elle avait gagn\u00e9 trois m\u00e9dailles d\u2019or aux Jeux panam\u00e9ricains de 2007 au Br\u00e9sil, exploit qui lui a valu d\u2019\u00eatre choisie comme porte-drapeau de la d\u00e9l\u00e9gation canadienne pour la c\u00e9r\u00e9monie de cl\u00f4ture. Alexandra avait \u00e9galement eu le tr\u00e8s grand honneur de porter le drapeau canadien l\u2019ann\u00e9e pr\u00e9c\u00e9dente, \u00e0 l\u2019occasion des c\u00e9r\u00e9monies de cl\u00f4ture des Jeux du Commonwealth en 2006, o\u00f9 elle avait remport\u00e9 six m\u00e9dailles d\u2019or et \u00e9tabli un nouveau record mondial dans sa discipline sportive. En 2006, Alexandra a \u00e9t\u00e9 nomm\u00e9e athl\u00e8te f\u00e9minine de l\u2019ann\u00e9e du Commonwealth lors des Prix sportifs du Commonwealth pr\u00e9sent\u00e9s \u00e0 Londres, en Angleterre.<\/p>\n<p>Partout au Canada, des centaines de jeunes athl\u00e8tes admirent Alexandra, car elle a \u00e9t\u00e9 un excellent mod\u00e8le et une excellente ambassadrice pour le sport. Elle a aid\u00e9 et inspir\u00e9 de nombreux jeunes athl\u00e8tes de plusieurs disciplines sportives, que ce soit \u00e0 titre d\u2019entra\u00eeneuse, de conf\u00e9renci\u00e8re ou encore en animant des s\u00e9ances de d\u00e9veloppement d&rsquo;habilet\u00e9s techniques ou des ateliers pour renforcer l\u2019estime de soi et la motivation.<\/p>\n<p>Son statut d\u2019athl\u00e8te de haut niveau lui ayant procur\u00e9 de l\u2019exp\u00e9rience m\u00e9diatique pendant pr\u00e8s de dix ann\u00e9es, Alexandra a \u00e9t\u00e9 conf\u00e9renci\u00e8re principale et ma\u00eetresse de c\u00e9r\u00e9monie lors de plusieurs \u00e9v\u00e9nements d\u2019importance organis\u00e9s par diverses soci\u00e9t\u00e9s et entreprises. De plus, \u00e0 titre de porte-parole de la candidature de Toronto pour les Jeux panam\u00e9ricains et parapanam\u00e9ricains de 2015, elle a r\u00e9guli\u00e8rement \u00e9chang\u00e9 avec les m\u00e9dias, accumulant ainsi une exp\u00e9rience inestimable devant les cam\u00e9ras. Alexandra a \u00e9t\u00e9 analyste aux Championnats du monde de gymnastique rythmique de 2011 et sera l\u2019analyste du r\u00e9seau CTV cet \u00e9t\u00e9, lors des Jeux olympiques de 2012 \u00e0 Londres.<\/p>\n<p>Ardente d\u00e9fenseure des droits athl\u00e8tes, Alexandra est pr\u00e9sentement membre de la Commission des athl\u00e8tes du Comit\u00e9 olympique canadien, ainsi que \u00a0du Comit\u00e9 femmes et \u00a0sport et du Comit\u00e9 jeunesse et \u00e9ducation. Elle a \u00e9galement \u00e9t\u00e9 mentore de l\u2019\u00c9quipe olympique canadienne de la jeunesse qui a particip\u00e9 aux Jeux olympiques de la jeunesse de 2010 \u00e0 Singapour.<\/p>\n<p>Ambassadrice des organismes Right to Play et Kidsports, Alexandra fait la promotion d\u2019une vie plus saine et active pour tous.<\/p>\n<p>Alexandra est coauteure d\u2019un ouvrage paru en 2006 portant sur sa vie et sa discipline sportive\u00a0: <em>Alexandra Orlando in Pursuit of Victory<\/em>.<em> <\/em>Cette exp\u00e9rience lui a permis de devenir r\u00e9dactrice pigiste pour le r\u00e9seau CBC et pour de nombreux organismes sans but lucratif tels que le groupe Strength Within, qui mobilise et habilite les jeunes femmes afin qu\u2019elles fassent une diff\u00e9rence. Elle a \u00e9galement publi\u00e9 son premier livre de motivation et de d\u00e9veloppement personnel\u00a0: <em>Breaking Through My Limits: An Olympian Uncovered<\/em>, disponible en librairie partout en Am\u00e9rique du Nord.<\/p>\n<p>Alexandra a d\u00e9j\u00e0 si\u00e9g\u00e9 comme vice-pr\u00e9sidente d\u2019Athl\u00e8tesCAN, l\u2019association des athl\u00e8tes des \u00e9quipes nationales canadiennes, et comme repr\u00e9sentante des athl\u00e8tes au conseil d\u2019administration de Gymnastique Canada. Aujourd\u2019hui encore, elle poursuit son engagement dans le sport \u00e0 titre d\u2019entra\u00eeneuse et de juge de niveau international. Alexandra a \u00e9galement si\u00e9g\u00e9 au conseil d\u2019administration du comit\u00e9 de candidature des Jeux panam\u00e9ricains de 2015 \u00e0 Toronto, jouant un r\u00f4le d\u00e9terminant pour assurer la venue des Jeux dans sa ville natale. Enfin, elle a r\u00e9cemment \u00e9t\u00e9 nomm\u00e9e pr\u00e9sidente de la Commission des athl\u00e8tes de l\u2019Organisation sportive panam\u00e9ricaine (OSP).<\/p>\n<p>Apr\u00e8s s\u2019\u00eatre retir\u00e9e de la comp\u00e9tition en 2009, Alexandra est devenue coordonnatrice de programme au Havergal College. Elle a ensuite con\u00e7u et mis en \u0153uvre le programme jeunesse pour la candidature des Jeux panam\u00e9ricains et parapanam\u00e9ricains. Elle fait pr\u00e9sentement partie de l\u2019\u00e9quipe de marketing et revenus du comit\u00e9 organisateur des Jeux de Toronto 2015, o\u00f9 elle continue d\u2019oeuvrer pour la communaut\u00e9 sportive canadienne.<\/p>\n<p>Alexandra a la capacit\u00e9 de montrer par l\u2019exemple, d\u2019inspirer et d\u2019enseigner. Son \u00e9nergie et son enthousiasme sont contagieux et elle apporte une ardeur et un appui in\u00e9branlables aux mouvements associatifs d\u2019athl\u00e8tes partout au Canada et dans le monde. Depuis son plus jeune \u00e2ge, elle a toujours r\u00eav\u00e9 de jouer ce r\u00f4le et elle l\u2019accomplit aujourd\u2019hui \u00e0 merveille.<\/p>\n","protected":false},"excerpt":{"rendered":"<p>Membre &amp; Repr\u00e9sentatif PASO Commission des athl\u00e8tes Couronn\u00e9e pour ses performances \u00e0 maintes reprises, Alexandra Orlando est une athl\u00e8te de&#8230;<\/p>\n","protected":false},"author":47562643,"featured_media":0,"parent":3454,"menu_order":0,"comment_status":"open","ping_status":"open","template":"","meta":{"_edit_last":["52435436"],"s2mail":["yes"],"_wp_page_template":["default"],"_original_post_id":["34243"],"_original_import_author":["mnadolny"],"_original_parent_id":["3454"],"_wpcom_imported":["a:2:{s:8:\"importer\";s:9:\"wordpress\";s:4:\"date\";s:19:\"2013-07-21 18:12:04\";}"],"original_post_id":["34243"],"_wp_old_slug":["34243"],"seo_translation_link":["http:\/\/develop.olympic.ca\/canadian-olympic-committee\/governance\/athletes-commission\/alexandra-orlando\/"],"_elasticsearch_indexed_on":["2012-06-22 15:40:08"],"_is_empty_after_transformation":["yes"]},"coauthors":[186127234],"class_list":["post-34243","page","type-page","status-publish","format-standard","hentry"],"acf":[],"yoast_head":"<!-- This site is optimized with the Yoast SEO plugin v27.3 - https:\/\/yoast.com\/product\/yoast-seo-wordpress\/ -->\n<title>Alexandra Orlando - \u00c9quipe Canada | Site officiel de l&#039;\u00e9quipe olympique<\/title>\n<meta name=\"robots\" content=\"index, follow, max-snippet:-1, max-image-preview:large, max-video-preview:-1\" \/>\n<link rel=\"canonical\" href=\"https:\/\/develop.olympic.ca\/olympique\/comite-olympique-canadien\/gouvernance\/commission-des-athletes\/alexandra-orlando\/\" \/>\n<meta property=\"og:locale\" content=\"fr_FR\" \/>\n<meta property=\"og:type\" content=\"article\" \/>\n<meta property=\"og:title\" content=\"Alexandra Orlando - \u00c9quipe Canada | Site officiel de l&#039;\u00e9quipe olympique\" \/>\n<meta property=\"og:description\" content=\"Membre &amp; Repr\u00e9sentatif PASO Commission des athl\u00e8tes Couronn\u00e9e pour ses performances \u00e0 maintes reprises, Alexandra Orlando est une athl\u00e8te de...\" \/>\n<meta property=\"og:url\" content=\"https:\/\/develop.olympic.ca\/olympique\/comite-olympique-canadien\/gouvernance\/commission-des-athletes\/alexandra-orlando\/\" \/>\n<meta property=\"og:site_name\" content=\"\u00c9quipe Canada | Site officiel de l&#039;\u00e9quipe olympique\" \/>\n<meta property=\"article:modified_time\" content=\"2013-08-01T01:05:51+00:00\" \/>\n<meta property=\"og:image\" content=\"http:\/\/develop.olympic.ca\/wp-content\/uploads\/sites\/2\/2011\/08\/alexandra-orlando_headshot-1-e1339005588131-150x150.jpg\" \/>\n<meta name=\"twitter:card\" content=\"summary_large_image\" \/>\n<meta name=\"twitter:label1\" content=\"Est. reading time\" \/>\n\t<meta name=\"twitter:data1\" content=\"4 minutes\" \/>\n\t<meta name=\"twitter:label2\" content=\"Written by\" \/>\n\t<meta name=\"twitter:data2\" content=\"Comit\u00e9 olympique canadien\" \/>\n<script type=\"application\/ld+json\" class=\"yoast-schema-graph\">{\"@context\":\"https:\\\/\\\/schema.org\",\"@graph\":[{\"@type\":\"WebPage\",\"@id\":\"https:\\\/\\\/develop.olympic.ca\\\/olympique\\\/comite-olympique-canadien\\\/gouvernance\\\/commission-des-athletes\\\/alexandra-orlando\\\/\",\"url\":\"https:\\\/\\\/develop.olympic.ca\\\/olympique\\\/comite-olympique-canadien\\\/gouvernance\\\/commission-des-athletes\\\/alexandra-orlando\\\/\",\"name\":\"Alexandra Orlando - \u00c9quipe Canada | Site officiel de l&#039;\u00e9quipe olympique\",\"isPartOf\":{\"@id\":\"https:\\\/\\\/develop.olympic.ca\\\/olympique\\\/#website\"},\"primaryImageOfPage\":{\"@id\":\"https:\\\/\\\/develop.olympic.ca\\\/olympique\\\/comite-olympique-canadien\\\/gouvernance\\\/commission-des-athletes\\\/alexandra-orlando\\\/#primaryimage\"},\"image\":{\"@id\":\"https:\\\/\\\/develop.olympic.ca\\\/olympique\\\/comite-olympique-canadien\\\/gouvernance\\\/commission-des-athletes\\\/alexandra-orlando\\\/#primaryimage\"},\"thumbnailUrl\":\"http:\\\/\\\/develop.olympic.ca\\\/wp-content\\\/uploads\\\/sites\\\/2\\\/2011\\\/08\\\/alexandra-orlando_headshot-1-e1339005588131-150x150.jpg\",\"datePublished\":\"2012-06-22T15:40:08+00:00\",\"dateModified\":\"2013-08-01T01:05:51+00:00\",\"breadcrumb\":{\"@id\":\"https:\\\/\\\/develop.olympic.ca\\\/olympique\\\/comite-olympique-canadien\\\/gouvernance\\\/commission-des-athletes\\\/alexandra-orlando\\\/#breadcrumb\"},\"inLanguage\":\"fr-FR\",\"potentialAction\":[{\"@type\":\"ReadAction\",\"target\":[\"https:\\\/\\\/develop.olympic.ca\\\/olympique\\\/comite-olympique-canadien\\\/gouvernance\\\/commission-des-athletes\\\/alexandra-orlando\\\/\"]}]},{\"@type\":\"ImageObject\",\"inLanguage\":\"fr-FR\",\"@id\":\"https:\\\/\\\/develop.olympic.ca\\\/olympique\\\/comite-olympique-canadien\\\/gouvernance\\\/commission-des-athletes\\\/alexandra-orlando\\\/#primaryimage\",\"url\":\"http:\\\/\\\/develop.olympic.ca\\\/wp-content\\\/uploads\\\/sites\\\/2\\\/2011\\\/08\\\/alexandra-orlando_headshot-1-e1339005588131-150x150.jpg\",\"contentUrl\":\"http:\\\/\\\/develop.olympic.ca\\\/wp-content\\\/uploads\\\/sites\\\/2\\\/2011\\\/08\\\/alexandra-orlando_headshot-1-e1339005588131-150x150.jpg\"},{\"@type\":\"BreadcrumbList\",\"@id\":\"https:\\\/\\\/develop.olympic.ca\\\/olympique\\\/comite-olympique-canadien\\\/gouvernance\\\/commission-des-athletes\\\/alexandra-orlando\\\/#breadcrumb\",\"itemListElement\":[{\"@type\":\"ListItem\",\"position\":1,\"name\":\"Aper\u00e7u du Comit\u00e9 olympique canadien\",\"item\":\"https:\\\/\\\/develop.olympic.ca\\\/olympique\\\/comite-olympique-canadien\\\/\"},{\"@type\":\"ListItem\",\"position\":2,\"name\":\"Gouvernance\",\"item\":\"https:\\\/\\\/develop.olympic.ca\\\/olympique\\\/comite-olympique-canadien\\\/gouvernance\\\/\"},{\"@type\":\"ListItem\",\"position\":3,\"name\":\"Commission des athl\u00e8tes\",\"item\":\"https:\\\/\\\/develop.olympic.ca\\\/olympique\\\/comite-olympique-canadien\\\/gouvernance\\\/commission-des-athletes\\\/\"},{\"@type\":\"ListItem\",\"position\":4,\"name\":\"Alexandra Orlando\"}]},{\"@type\":\"WebSite\",\"@id\":\"https:\\\/\\\/develop.olympic.ca\\\/olympique\\\/#website\",\"url\":\"https:\\\/\\\/develop.olympic.ca\\\/olympique\\\/\",\"name\":\"\u00c9quipe Canada | Site officiel de l&#039;\u00e9quipe olympique\",\"description\":\"Votre source pour l\u2019\u00c9quipe olympique canadienne. Retrouvez les r\u00e9cits, vid\u00e9os et photos des athl\u00e8tes canadiens, sports olympiques, Jeux olympiques de 2020 et bien plus!\",\"potentialAction\":[{\"@type\":\"SearchAction\",\"target\":{\"@type\":\"EntryPoint\",\"urlTemplate\":\"https:\\\/\\\/develop.olympic.ca\\\/olympique\\\/?s={search_term_string}\"},\"query-input\":{\"@type\":\"PropertyValueSpecification\",\"valueRequired\":true,\"valueName\":\"search_term_string\"}}],\"inLanguage\":\"fr-FR\"}]}<\/script>\n<!-- \/ Yoast SEO plugin. -->","yoast_head_json":{"title":"Alexandra Orlando - \u00c9quipe Canada | Site officiel de l&#039;\u00e9quipe olympique","robots":{"index":"index","follow":"follow","max-snippet":"max-snippet:-1","max-image-preview":"max-image-preview:large","max-video-preview":"max-video-preview:-1"},"canonical":"https:\/\/develop.olympic.ca\/olympique\/comite-olympique-canadien\/gouvernance\/commission-des-athletes\/alexandra-orlando\/","og_locale":"fr_FR","og_type":"article","og_title":"Alexandra Orlando - \u00c9quipe Canada | Site officiel de l&#039;\u00e9quipe olympique","og_description":"Membre &amp; Repr\u00e9sentatif PASO Commission des athl\u00e8tes Couronn\u00e9e pour ses performances \u00e0 maintes reprises, Alexandra Orlando est une athl\u00e8te de...","og_url":"https:\/\/develop.olympic.ca\/olympique\/comite-olympique-canadien\/gouvernance\/commission-des-athletes\/alexandra-orlando\/","og_site_name":"\u00c9quipe Canada | Site officiel de l&#039;\u00e9quipe olympique","article_modified_time":"2013-08-01T01:05:51+00:00","og_image":[{"url":"http:\/\/develop.olympic.ca\/wp-content\/uploads\/sites\/2\/2011\/08\/alexandra-orlando_headshot-1-e1339005588131-150x150.jpg","type":"","width":"","height":""}],"twitter_card":"summary_large_image","twitter_misc":{"Est. reading time":"4 minutes","Written by":"Comit\u00e9 olympique canadien"},"schema":{"@context":"https:\/\/schema.org","@graph":[{"@type":"WebPage","@id":"https:\/\/develop.olympic.ca\/olympique\/comite-olympique-canadien\/gouvernance\/commission-des-athletes\/alexandra-orlando\/","url":"https:\/\/develop.olympic.ca\/olympique\/comite-olympique-canadien\/gouvernance\/commission-des-athletes\/alexandra-orlando\/","name":"Alexandra Orlando - \u00c9quipe Canada | Site officiel de l&#039;\u00e9quipe olympique","isPartOf":{"@id":"https:\/\/develop.olympic.ca\/olympique\/#website"},"primaryImageOfPage":{"@id":"https:\/\/develop.olympic.ca\/olympique\/comite-olympique-canadien\/gouvernance\/commission-des-athletes\/alexandra-orlando\/#primaryimage"},"image":{"@id":"https:\/\/develop.olympic.ca\/olympique\/comite-olympique-canadien\/gouvernance\/commission-des-athletes\/alexandra-orlando\/#primaryimage"},"thumbnailUrl":"http:\/\/develop.olympic.ca\/wp-content\/uploads\/sites\/2\/2011\/08\/alexandra-orlando_headshot-1-e1339005588131-150x150.jpg","datePublished":"2012-06-22T15:40:08+00:00","dateModified":"2013-08-01T01:05:51+00:00","breadcrumb":{"@id":"https:\/\/develop.olympic.ca\/olympique\/comite-olympique-canadien\/gouvernance\/commission-des-athletes\/alexandra-orlando\/#breadcrumb"},"inLanguage":"fr-FR","potentialAction":[{"@type":"ReadAction","target":["https:\/\/develop.olympic.ca\/olympique\/comite-olympique-canadien\/gouvernance\/commission-des-athletes\/alexandra-orlando\/"]}]},{"@type":"ImageObject","inLanguage":"fr-FR","@id":"https:\/\/develop.olympic.ca\/olympique\/comite-olympique-canadien\/gouvernance\/commission-des-athletes\/alexandra-orlando\/#primaryimage","url":"http:\/\/develop.olympic.ca\/wp-content\/uploads\/sites\/2\/2011\/08\/alexandra-orlando_headshot-1-e1339005588131-150x150.jpg","contentUrl":"http:\/\/develop.olympic.ca\/wp-content\/uploads\/sites\/2\/2011\/08\/alexandra-orlando_headshot-1-e1339005588131-150x150.jpg"},{"@type":"BreadcrumbList","@id":"https:\/\/develop.olympic.ca\/olympique\/comite-olympique-canadien\/gouvernance\/commission-des-athletes\/alexandra-orlando\/#breadcrumb","itemListElement":[{"@type":"ListItem","position":1,"name":"Aper\u00e7u du Comit\u00e9 olympique canadien","item":"https:\/\/develop.olympic.ca\/olympique\/comite-olympique-canadien\/"},{"@type":"ListItem","position":2,"name":"Gouvernance","item":"https:\/\/develop.olympic.ca\/olympique\/comite-olympique-canadien\/gouvernance\/"},{"@type":"ListItem","position":3,"name":"Commission des athl\u00e8tes","item":"https:\/\/develop.olympic.ca\/olympique\/comite-olympique-canadien\/gouvernance\/commission-des-athletes\/"},{"@type":"ListItem","position":4,"name":"Alexandra Orlando"}]},{"@type":"WebSite","@id":"https:\/\/develop.olympic.ca\/olympique\/#website","url":"https:\/\/develop.olympic.ca\/olympique\/","name":"\u00c9quipe Canada | Site officiel de l&#039;\u00e9quipe olympique","description":"Votre source pour l\u2019\u00c9quipe olympique canadienne. Retrouvez les r\u00e9cits, vid\u00e9os et photos des athl\u00e8tes canadiens, sports olympiques, Jeux olympiques de 2020 et bien plus!","potentialAction":[{"@type":"SearchAction","target":{"@type":"EntryPoint","urlTemplate":"https:\/\/develop.olympic.ca\/olympique\/?s={search_term_string}"},"query-input":{"@type":"PropertyValueSpecification","valueRequired":true,"valueName":"search_term_string"}}],"inLanguage":"fr-FR"}]}},"jetpack_sharing_enabled":true,"jetpack-related-posts":[],"jetpack_shortlink":"https:\/\/wp.me\/PbmyEP-8Uj","_links":{"self":[{"href":"https:\/\/develop.olympic.ca\/olympique\/wp-json\/wp\/v2\/pages\/34243","targetHints":{"allow":["GET"]}}],"collection":[{"href":"https:\/\/develop.olympic.ca\/olympique\/wp-json\/wp\/v2\/pages"}],"about":[{"href":"https:\/\/develop.olympic.ca\/olympique\/wp-json\/wp\/v2\/types\/page"}],"author":[{"embeddable":true,"href":"https:\/\/develop.olympic.ca\/olympique\/wp-json\/wp\/v2\/users\/47562643"}],"replies":[{"embeddable":true,"href":"https:\/\/develop.olympic.ca\/olympique\/wp-json\/wp\/v2\/comments?post=34243"}],"version-history":[{"count":1,"href":"https:\/\/develop.olympic.ca\/olympique\/wp-json\/wp\/v2\/pages\/34243\/revisions"}],"predecessor-version":[{"id":82607,"href":"https:\/\/develop.olympic.ca\/olympique\/wp-json\/wp\/v2\/pages\/34243\/revisions\/82607"}],"up":[{"embeddable":true,"href":"https:\/\/develop.olympic.ca\/olympique\/wp-json\/wp\/v2\/pages\/3454"}],"wp:attachment":[{"href":"https:\/\/develop.olympic.ca\/olympique\/wp-json\/wp\/v2\/media?parent=34243"}],"wp:term":[{"taxonomy":"author","embeddable":true,"href":"https:\/\/develop.olympic.ca\/olympique\/wp-json\/wp\/v2\/coauthors?post=34243"}],"curies":[{"name":"wp","href":"https:\/\/api.w.org\/{rel}","templated":true}]}}