{"id":3489,"date":"2011-08-30T08:46:49","date_gmt":"2011-08-30T12:46:49","guid":{"rendered":"http:\/\/develop.olympic.ca\/?page_id=3489"},"modified":"2011-08-30T08:46:49","modified_gmt":"2011-08-30T12:46:49","slug":"david-calder","status":"publish","type":"page","link":"https:\/\/develop.olympic.ca\/olympique\/comite-olympique-canadien\/gouvernance\/commission-des-athletes\/david-calder\/","title":{"rendered":"David Calder"},"content":{"rendered":"<p><img loading=\"lazy\" decoding=\"async\" class=\"alignright size-full wp-image-3487\" title=\"David Calder\" src=\"http:\/\/develop.olympic.ca\/wp-content\/uploads\/sites\/2\/2011\/08\/calder_david2.jpg\" alt=\"\" width=\"146\" height=\"135\" \/><strong>Membre<\/strong><br \/>\n<strong>Commission des athl\u00e8tes<\/strong><\/p>\n<p>David Calder a \u00e9t\u00e9 \u00e9lu membre du Commission des athl\u00e8tes du COC apr\u00e8s les Jeux olympiques de 2008 \u00e0 Beijing.<\/p>\n<p>Calder est un triple Olympien en aviron qui a gravi les marches du podium aux Jeux de Beijing. En fait, il a remport\u00e9 la premi\u00e8re m\u00e9daille du Canada \u00e0 ces Jeux, une m\u00e9daille d\u2019argent avec Scott Frandsen \u00e0 l\u2019\u00e9preuve du deux en pointe masculin. C\u2019\u00e9tait \u00e9galement la premi\u00e8re m\u00e9daille olympique de Calder qui avait repr\u00e9sent\u00e9 le Canada aux Jeux olympiques de 2000 et de 2004.<\/p>\n<p>La carri\u00e8re de Calder en aviron inclut un championnat du monde en tant que membre de l\u2019\u00e9quipage du huit masculin en 2003. Il est \u00e9galement un v\u00e9t\u00e9ran de huit autres comp\u00e9titions de la Coupe du monde senior. Calder a gagn\u00e9 sept m\u00e9dailles en Coupe du monde au cours de sa carri\u00e8re dont le point culminant a \u00e9t\u00e9 une m\u00e9daille d\u2019or au deux en pointe \u00e0 une comp\u00e9tition qui s\u2019est tenue en 2008 \u00e0 Lucerne, en Suisse. Il a \u00e9galement remport\u00e9 le Championnat du monde junior en 1996, deux ans apr\u00e8s avoir gagn\u00e9 sa premi\u00e8re m\u00e9daille internationale en carri\u00e8re, une m\u00e9daille de bronze aux Championnats du monde juniors de 1994. Il a \u00e9galement d\u00e9croch\u00e9 plusieurs m\u00e9dailles dans les r\u00e9gates nationales.<\/p>\n<p>Sur le plan professionnel, Calder occupe plusieurs fonctions sur la c\u00f4te Ouest. Il est gestionnaire de projet principal pour l\u2019innovation aupr\u00e8s du ministre de l\u2019\u00c9nergie, des Mines et des Ressources p\u00e9troli\u00e8res de la Colombie-Britannique. Il est le pr\u00e9sident du conseil de Victoria New Professional, un groupe qui repr\u00e9sente les employ\u00e9s qui comptent moins de cinq ann\u00e9es de service dans le secteur public. Ancien pr\u00e9sident du conseil de l\u2019\u00e9cole Island House Montessori School, Calder est actuellement porte-parole national pour Dynamic Opportunities For Youth. C\u2019est un programme national d\u2019aviron qui utilise le sport pour aider les jeunes des collectivit\u00e9s \u00e0 risque d\u2019un bout \u00e0 l\u2019autre du Canada.<\/p>\n<p>Calder est dipl\u00f4m\u00e9 de l\u2019Universit\u00e9 de Washington o\u00f9 il a obtenu un baccalaur\u00e9at \u00e8s arts en litt\u00e9rature anglaise et cr\u00e9ation litt\u00e9raire. Il m\u00e8ne une carri\u00e8re de conf\u00e9rencier de motivation et partage les le\u00e7ons du monde sportif avec les \u00e9coles, les entreprises et les gouvernements.<\/p>\n","protected":false},"excerpt":{"rendered":"<p>Membre Commission des athl\u00e8tes David Calder a \u00e9t\u00e9 \u00e9lu membre du Commission des athl\u00e8tes du COC apr\u00e8s les Jeux olympiques&#8230;<\/p>\n","protected":false},"author":47562643,"featured_media":0,"parent":3454,"menu_order":14,"comment_status":"open","ping_status":"open","template":"","meta":{"_edit_last":["47562643"],"_wp_page_template":["default"],"seo_title":[""],"seo_meta_description":[""],"seo_focus_keyword":[""],"_original_post_id":["3489"],"_original_import_author":["joebarnett"],"_original_parent_id":["3454"],"_wpcom_imported":["a:2:{s:8:\"importer\";s:9:\"wordpress\";s:4:\"date\";s:19:\"2013-07-21 18:11:33\";}"],"original_post_id":["3489"],"_wp_old_slug":["3489"],"seo_translation_link":["http:\/\/develop.olympic.ca\/canadian-olympic-committee\/governance\/athletes-commission\/david-calder\/"],"_elasticsearch_indexed_on":["2011-08-30 12:46:49"],"_is_empty_after_transformation":["yes"]},"coauthors":[186127234],"class_list":["post-3489","page","type-page","status-publish","format-standard","hentry"],"acf":[],"yoast_head":"<!-- This site is optimized with the Yoast SEO plugin v27.3 - https:\/\/yoast.com\/product\/yoast-seo-wordpress\/ -->\n<title>David Calder - \u00c9quipe Canada | Site officiel de l&#039;\u00e9quipe olympique<\/title>\n<meta name=\"robots\" content=\"index, follow, max-snippet:-1, max-image-preview:large, max-video-preview:-1\" \/>\n<link rel=\"canonical\" href=\"https:\/\/develop.olympic.ca\/olympique\/comite-olympique-canadien\/gouvernance\/commission-des-athletes\/david-calder\/\" \/>\n<meta property=\"og:locale\" content=\"fr_FR\" \/>\n<meta property=\"og:type\" content=\"article\" \/>\n<meta property=\"og:title\" content=\"David Calder - \u00c9quipe Canada | Site officiel de l&#039;\u00e9quipe olympique\" \/>\n<meta property=\"og:description\" content=\"Membre Commission des athl\u00e8tes David Calder a \u00e9t\u00e9 \u00e9lu membre du Commission des athl\u00e8tes du COC apr\u00e8s les Jeux olympiques...\" \/>\n<meta property=\"og:url\" content=\"https:\/\/develop.olympic.ca\/olympique\/comite-olympique-canadien\/gouvernance\/commission-des-athletes\/david-calder\/\" \/>\n<meta property=\"og:site_name\" content=\"\u00c9quipe Canada | Site officiel de l&#039;\u00e9quipe olympique\" \/>\n<meta property=\"og:image\" content=\"http:\/\/develop.olympic.ca\/wp-content\/uploads\/sites\/2\/2011\/08\/calder_david2.jpg\" \/>\n<meta name=\"twitter:card\" content=\"summary_large_image\" \/>\n<meta name=\"twitter:label1\" content=\"Est. reading time\" \/>\n\t<meta name=\"twitter:data1\" content=\"2 minutes\" \/>\n\t<meta name=\"twitter:label2\" content=\"Written by\" \/>\n\t<meta name=\"twitter:data2\" content=\"Comit\u00e9 olympique canadien\" \/>\n<script type=\"application\/ld+json\" class=\"yoast-schema-graph\">{\"@context\":\"https:\\\/\\\/schema.org\",\"@graph\":[{\"@type\":\"WebPage\",\"@id\":\"https:\\\/\\\/develop.olympic.ca\\\/olympique\\\/comite-olympique-canadien\\\/gouvernance\\\/commission-des-athletes\\\/david-calder\\\/\",\"url\":\"https:\\\/\\\/develop.olympic.ca\\\/olympique\\\/comite-olympique-canadien\\\/gouvernance\\\/commission-des-athletes\\\/david-calder\\\/\",\"name\":\"David Calder - \u00c9quipe Canada | Site officiel de l&#039;\u00e9quipe olympique\",\"isPartOf\":{\"@id\":\"https:\\\/\\\/develop.olympic.ca\\\/olympique\\\/#website\"},\"primaryImageOfPage\":{\"@id\":\"https:\\\/\\\/develop.olympic.ca\\\/olympique\\\/comite-olympique-canadien\\\/gouvernance\\\/commission-des-athletes\\\/david-calder\\\/#primaryimage\"},\"image\":{\"@id\":\"https:\\\/\\\/develop.olympic.ca\\\/olympique\\\/comite-olympique-canadien\\\/gouvernance\\\/commission-des-athletes\\\/david-calder\\\/#primaryimage\"},\"thumbnailUrl\":\"http:\\\/\\\/develop.olympic.ca\\\/wp-content\\\/uploads\\\/sites\\\/2\\\/2011\\\/08\\\/calder_david2.jpg\",\"datePublished\":\"2011-08-30T12:46:49+00:00\",\"breadcrumb\":{\"@id\":\"https:\\\/\\\/develop.olympic.ca\\\/olympique\\\/comite-olympique-canadien\\\/gouvernance\\\/commission-des-athletes\\\/david-calder\\\/#breadcrumb\"},\"inLanguage\":\"fr-FR\",\"potentialAction\":[{\"@type\":\"ReadAction\",\"target\":[\"https:\\\/\\\/develop.olympic.ca\\\/olympique\\\/comite-olympique-canadien\\\/gouvernance\\\/commission-des-athletes\\\/david-calder\\\/\"]}]},{\"@type\":\"ImageObject\",\"inLanguage\":\"fr-FR\",\"@id\":\"https:\\\/\\\/develop.olympic.ca\\\/olympique\\\/comite-olympique-canadien\\\/gouvernance\\\/commission-des-athletes\\\/david-calder\\\/#primaryimage\",\"url\":\"http:\\\/\\\/develop.olympic.ca\\\/wp-content\\\/uploads\\\/sites\\\/2\\\/2011\\\/08\\\/calder_david2.jpg\",\"contentUrl\":\"http:\\\/\\\/develop.olympic.ca\\\/wp-content\\\/uploads\\\/sites\\\/2\\\/2011\\\/08\\\/calder_david2.jpg\"},{\"@type\":\"BreadcrumbList\",\"@id\":\"https:\\\/\\\/develop.olympic.ca\\\/olympique\\\/comite-olympique-canadien\\\/gouvernance\\\/commission-des-athletes\\\/david-calder\\\/#breadcrumb\",\"itemListElement\":[{\"@type\":\"ListItem\",\"position\":1,\"name\":\"Aper\u00e7u du Comit\u00e9 olympique canadien\",\"item\":\"https:\\\/\\\/develop.olympic.ca\\\/olympique\\\/comite-olympique-canadien\\\/\"},{\"@type\":\"ListItem\",\"position\":2,\"name\":\"Gouvernance\",\"item\":\"https:\\\/\\\/develop.olympic.ca\\\/olympique\\\/comite-olympique-canadien\\\/gouvernance\\\/\"},{\"@type\":\"ListItem\",\"position\":3,\"name\":\"Commission des athl\u00e8tes\",\"item\":\"https:\\\/\\\/develop.olympic.ca\\\/olympique\\\/comite-olympique-canadien\\\/gouvernance\\\/commission-des-athletes\\\/\"},{\"@type\":\"ListItem\",\"position\":4,\"name\":\"David Calder\"}]},{\"@type\":\"WebSite\",\"@id\":\"https:\\\/\\\/develop.olympic.ca\\\/olympique\\\/#website\",\"url\":\"https:\\\/\\\/develop.olympic.ca\\\/olympique\\\/\",\"name\":\"\u00c9quipe Canada | Site officiel de l&#039;\u00e9quipe olympique\",\"description\":\"Votre source pour l\u2019\u00c9quipe olympique canadienne. Retrouvez les r\u00e9cits, vid\u00e9os et photos des athl\u00e8tes canadiens, sports olympiques, Jeux olympiques de 2020 et bien plus!\",\"potentialAction\":[{\"@type\":\"SearchAction\",\"target\":{\"@type\":\"EntryPoint\",\"urlTemplate\":\"https:\\\/\\\/develop.olympic.ca\\\/olympique\\\/?s={search_term_string}\"},\"query-input\":{\"@type\":\"PropertyValueSpecification\",\"valueRequired\":true,\"valueName\":\"search_term_string\"}}],\"inLanguage\":\"fr-FR\"}]}<\/script>\n<!-- \/ Yoast SEO plugin. -->","yoast_head_json":{"title":"David Calder - \u00c9quipe Canada | Site officiel de l&#039;\u00e9quipe olympique","robots":{"index":"index","follow":"follow","max-snippet":"max-snippet:-1","max-image-preview":"max-image-preview:large","max-video-preview":"max-video-preview:-1"},"canonical":"https:\/\/develop.olympic.ca\/olympique\/comite-olympique-canadien\/gouvernance\/commission-des-athletes\/david-calder\/","og_locale":"fr_FR","og_type":"article","og_title":"David Calder - \u00c9quipe Canada | Site officiel de l&#039;\u00e9quipe olympique","og_description":"Membre Commission des athl\u00e8tes David Calder a \u00e9t\u00e9 \u00e9lu membre du Commission des athl\u00e8tes du COC apr\u00e8s les Jeux olympiques...","og_url":"https:\/\/develop.olympic.ca\/olympique\/comite-olympique-canadien\/gouvernance\/commission-des-athletes\/david-calder\/","og_site_name":"\u00c9quipe Canada | Site officiel de l&#039;\u00e9quipe olympique","og_image":[{"url":"http:\/\/develop.olympic.ca\/wp-content\/uploads\/sites\/2\/2011\/08\/calder_david2.jpg","type":"","width":"","height":""}],"twitter_card":"summary_large_image","twitter_misc":{"Est. reading time":"2 minutes","Written by":"Comit\u00e9 olympique canadien"},"schema":{"@context":"https:\/\/schema.org","@graph":[{"@type":"WebPage","@id":"https:\/\/develop.olympic.ca\/olympique\/comite-olympique-canadien\/gouvernance\/commission-des-athletes\/david-calder\/","url":"https:\/\/develop.olympic.ca\/olympique\/comite-olympique-canadien\/gouvernance\/commission-des-athletes\/david-calder\/","name":"David Calder - \u00c9quipe Canada | Site officiel de l&#039;\u00e9quipe olympique","isPartOf":{"@id":"https:\/\/develop.olympic.ca\/olympique\/#website"},"primaryImageOfPage":{"@id":"https:\/\/develop.olympic.ca\/olympique\/comite-olympique-canadien\/gouvernance\/commission-des-athletes\/david-calder\/#primaryimage"},"image":{"@id":"https:\/\/develop.olympic.ca\/olympique\/comite-olympique-canadien\/gouvernance\/commission-des-athletes\/david-calder\/#primaryimage"},"thumbnailUrl":"http:\/\/develop.olympic.ca\/wp-content\/uploads\/sites\/2\/2011\/08\/calder_david2.jpg","datePublished":"2011-08-30T12:46:49+00:00","breadcrumb":{"@id":"https:\/\/develop.olympic.ca\/olympique\/comite-olympique-canadien\/gouvernance\/commission-des-athletes\/david-calder\/#breadcrumb"},"inLanguage":"fr-FR","potentialAction":[{"@type":"ReadAction","target":["https:\/\/develop.olympic.ca\/olympique\/comite-olympique-canadien\/gouvernance\/commission-des-athletes\/david-calder\/"]}]},{"@type":"ImageObject","inLanguage":"fr-FR","@id":"https:\/\/develop.olympic.ca\/olympique\/comite-olympique-canadien\/gouvernance\/commission-des-athletes\/david-calder\/#primaryimage","url":"http:\/\/develop.olympic.ca\/wp-content\/uploads\/sites\/2\/2011\/08\/calder_david2.jpg","contentUrl":"http:\/\/develop.olympic.ca\/wp-content\/uploads\/sites\/2\/2011\/08\/calder_david2.jpg"},{"@type":"BreadcrumbList","@id":"https:\/\/develop.olympic.ca\/olympique\/comite-olympique-canadien\/gouvernance\/commission-des-athletes\/david-calder\/#breadcrumb","itemListElement":[{"@type":"ListItem","position":1,"name":"Aper\u00e7u du Comit\u00e9 olympique canadien","item":"https:\/\/develop.olympic.ca\/olympique\/comite-olympique-canadien\/"},{"@type":"ListItem","position":2,"name":"Gouvernance","item":"https:\/\/develop.olympic.ca\/olympique\/comite-olympique-canadien\/gouvernance\/"},{"@type":"ListItem","position":3,"name":"Commission des athl\u00e8tes","item":"https:\/\/develop.olympic.ca\/olympique\/comite-olympique-canadien\/gouvernance\/commission-des-athletes\/"},{"@type":"ListItem","position":4,"name":"David Calder"}]},{"@type":"WebSite","@id":"https:\/\/develop.olympic.ca\/olympique\/#website","url":"https:\/\/develop.olympic.ca\/olympique\/","name":"\u00c9quipe Canada | Site officiel de l&#039;\u00e9quipe olympique","description":"Votre source pour l\u2019\u00c9quipe olympique canadienne. Retrouvez les r\u00e9cits, vid\u00e9os et photos des athl\u00e8tes canadiens, sports olympiques, Jeux olympiques de 2020 et bien plus!","potentialAction":[{"@type":"SearchAction","target":{"@type":"EntryPoint","urlTemplate":"https:\/\/develop.olympic.ca\/olympique\/?s={search_term_string}"},"query-input":{"@type":"PropertyValueSpecification","valueRequired":true,"valueName":"search_term_string"}}],"inLanguage":"fr-FR"}]}},"jetpack_sharing_enabled":true,"jetpack-related-posts":[],"jetpack_shortlink":"https:\/\/wp.me\/PbmyEP-Uh","_links":{"self":[{"href":"https:\/\/develop.olympic.ca\/olympique\/wp-json\/wp\/v2\/pages\/3489","targetHints":{"allow":["GET"]}}],"collection":[{"href":"https:\/\/develop.olympic.ca\/olympique\/wp-json\/wp\/v2\/pages"}],"about":[{"href":"https:\/\/develop.olympic.ca\/olympique\/wp-json\/wp\/v2\/types\/page"}],"author":[{"embeddable":true,"href":"https:\/\/develop.olympic.ca\/olympique\/wp-json\/wp\/v2\/users\/47562643"}],"replies":[{"embeddable":true,"href":"https:\/\/develop.olympic.ca\/olympique\/wp-json\/wp\/v2\/comments?post=3489"}],"version-history":[{"count":0,"href":"https:\/\/develop.olympic.ca\/olympique\/wp-json\/wp\/v2\/pages\/3489\/revisions"}],"up":[{"embeddable":true,"href":"https:\/\/develop.olympic.ca\/olympique\/wp-json\/wp\/v2\/pages\/3454"}],"wp:attachment":[{"href":"https:\/\/develop.olympic.ca\/olympique\/wp-json\/wp\/v2\/media?parent=3489"}],"wp:term":[{"taxonomy":"author","embeddable":true,"href":"https:\/\/develop.olympic.ca\/olympique\/wp-json\/wp\/v2\/coauthors?post=3489"}],"curies":[{"name":"wp","href":"https:\/\/api.w.org\/{rel}","templated":true}]}}