{"id":119757,"date":"2016-08-01T17:45:22","date_gmt":"2016-08-01T21:45:22","guid":{"rendered":"http:\/\/develop.olympic.ca\/olympique\/?post_type=photos&#038;p=119757"},"modified":"2016-08-01T17:45:50","modified_gmt":"2016-08-01T21:45:50","slug":"entrainement-dequipe-canada-au-velodrome-de-milton","status":"publish","type":"photos","link":"https:\/\/develop.olympic.ca\/olympique\/photos\/entrainement-dequipe-canada-au-velodrome-de-milton\/","title":{"rendered":"Entra\u00eenement d&rsquo;\u00c9quipe Canada au v\u00e9lodrome de Milton"},"content":{"rendered":"<p><em>Photos prises lors de l&rsquo;entra\u00eenement public de l&rsquo;\u00e9quipe canadienne de cyclisme sur piste pour Rio 2016, le 29 juillet \u00e0 Milton.<\/em><\/p>\n<div class=\"tiled-gallery type-rectangular tiled-gallery-unresized\" data-original-width=\"1360\" data-carousel-extra='null' itemscope itemtype=\"http:\/\/schema.org\/ImageGallery\" > <div class=\"gallery-row\" style=\"width: 1360px; height: 590px;\" data-original-width=\"1360\" data-original-height=\"590\" > <div class=\"gallery-group images-1\" style=\"width: 882px; height: 590px;\" data-original-width=\"882\" data-original-height=\"590\" > <div class=\"tiled-gallery-item tiled-gallery-item-large\" itemprop=\"associatedMedia\" itemscope itemtype=\"http:\/\/schema.org\/ImageObject\"> <a href=\"https:\/\/develop.olympic.ca\/olympique\/photos\/entrainement-dequipe-canada-au-velodrome-de-milton\/cycling-6\/#main\" border=\"0\" itemprop=\"url\"> <meta itemprop=\"width\" content=\"878\"> <meta itemprop=\"height\" content=\"586\"> <img decoding=\"async\" data-recalc-dims=\"1\" class=\"\" data-attachment-id=\"119765\" data-orig-file=\"https:\/\/develop.olympic.ca\/olympique\/wp-content\/uploads\/sites\/2\/2016\/08\/cycling-6.jpg?quality=100\" data-orig-size=\"879,586\" data-comments-opened=\"1\" data-image-meta=\"{&quot;aperture&quot;:&quot;8&quot;,&quot;credit&quot;:&quot;&quot;,&quot;camera&quot;:&quot;X-Pro2&quot;,&quot;caption&quot;:&quot;&quot;,&quot;created_timestamp&quot;:&quot;1469802753&quot;,&quot;copyright&quot;:&quot;&quot;,&quot;focal_length&quot;:&quot;16&quot;,&quot;iso&quot;:&quot;1600&quot;,&quot;shutter_speed&quot;:&quot;0.016666666666667&quot;,&quot;title&quot;:&quot;&quot;,&quot;orientation&quot;:&quot;0&quot;}\" data-image-title=\"cycling-6\" data-image-description=\"\" data-medium-file=\"https:\/\/develop.olympic.ca\/olympique\/wp-content\/uploads\/sites\/2\/2016\/08\/cycling-6.jpg?quality=100&#038;w=557\" data-large-file=\"https:\/\/develop.olympic.ca\/olympique\/wp-content\/uploads\/sites\/2\/2016\/08\/cycling-6.jpg?quality=100&#038;w=879\" src=\"https:\/\/develop.olympic.ca\/olympique\/wp-content\/uploads\/sites\/2\/2016\/08\/cycling-6.jpg?quality=100&#038;w=878&#038;h=586&#038;strip&#038;resize=878%2C586\" srcset=\"https:\/\/develop.olympic.ca\/olympique\/wp-content\/uploads\/sites\/2\/2016\/08\/cycling-6.jpg 879w, https:\/\/develop.olympic.ca\/olympique\/wp-content\/uploads\/sites\/2\/2016\/08\/cycling-6.jpg?resize=237,158 237w, https:\/\/develop.olympic.ca\/olympique\/wp-content\/uploads\/sites\/2\/2016\/08\/cycling-6.jpg?resize=557,371 557w, https:\/\/develop.olympic.ca\/olympique\/wp-content\/uploads\/sites\/2\/2016\/08\/cycling-6.jpg?resize=768,512 768w\" width=\"878\" height=\"586\" loading=\"lazy\" data-original-width=\"878\" data-original-height=\"586\" itemprop=\"http:\/\/schema.org\/image\" title=\"cycling-6\" alt=\"Les femmes de la poursuite par \u00e9quipes avant de s&#039;\u00e9lancer sur la piste du v\u00e9lodrome de Milton, le 29 juillet 2016.\" style=\"width: 878px; height: 586px;\" \/> <\/a> <div class=\"tiled-gallery-caption\" itemprop=\"caption description\"> Les femmes de la poursuite par \u00e9quipes avant de s&rsquo;\u00e9lancer sur la piste du v\u00e9lodrome de Milton, le 29 juillet 2016. <\/div> <\/div> <\/div> <!-- close group --> <div class=\"gallery-group images-2\" style=\"width: 478px; height: 590px;\" data-original-width=\"478\" data-original-height=\"590\" > <div class=\"tiled-gallery-item tiled-gallery-item-large\" itemprop=\"associatedMedia\" itemscope itemtype=\"http:\/\/schema.org\/ImageObject\"> <a href=\"https:\/\/develop.olympic.ca\/olympique\/photos\/entrainement-dequipe-canada-au-velodrome-de-milton\/cycling-5\/#main\" border=\"0\" itemprop=\"url\"> <meta itemprop=\"width\" content=\"474\"> <meta itemprop=\"height\" content=\"316\"> <img decoding=\"async\" data-recalc-dims=\"1\" class=\"\" data-attachment-id=\"119764\" data-orig-file=\"https:\/\/develop.olympic.ca\/olympique\/wp-content\/uploads\/sites\/2\/2016\/08\/cycling-5.jpg?quality=100\" data-orig-size=\"1000,666\" data-comments-opened=\"1\" data-image-meta=\"{&quot;aperture&quot;:&quot;5.6&quot;,&quot;credit&quot;:&quot;&quot;,&quot;camera&quot;:&quot;X-Pro2&quot;,&quot;caption&quot;:&quot;&quot;,&quot;created_timestamp&quot;:&quot;1469802940&quot;,&quot;copyright&quot;:&quot;&quot;,&quot;focal_length&quot;:&quot;16&quot;,&quot;iso&quot;:&quot;1600&quot;,&quot;shutter_speed&quot;:&quot;0.008&quot;,&quot;title&quot;:&quot;&quot;,&quot;orientation&quot;:&quot;0&quot;}\" data-image-title=\"cycling-5\" data-image-description=\"\" data-medium-file=\"https:\/\/develop.olympic.ca\/olympique\/wp-content\/uploads\/sites\/2\/2016\/08\/cycling-5.jpg?quality=100&#038;w=557\" data-large-file=\"https:\/\/develop.olympic.ca\/olympique\/wp-content\/uploads\/sites\/2\/2016\/08\/cycling-5.jpg?quality=100&#038;w=1000\" src=\"https:\/\/develop.olympic.ca\/olympique\/wp-content\/uploads\/sites\/2\/2016\/08\/cycling-5.jpg?quality=100&#038;w=474&#038;h=316&#038;strip&#038;resize=474%2C316\" srcset=\"https:\/\/develop.olympic.ca\/olympique\/wp-content\/uploads\/sites\/2\/2016\/08\/cycling-5.jpg 1000w, https:\/\/develop.olympic.ca\/olympique\/wp-content\/uploads\/sites\/2\/2016\/08\/cycling-5.jpg?resize=237,158 237w, https:\/\/develop.olympic.ca\/olympique\/wp-content\/uploads\/sites\/2\/2016\/08\/cycling-5.jpg?resize=557,371 557w, https:\/\/develop.olympic.ca\/olympique\/wp-content\/uploads\/sites\/2\/2016\/08\/cycling-5.jpg?resize=768,511 768w\" width=\"474\" height=\"316\" loading=\"lazy\" data-original-width=\"474\" data-original-height=\"316\" itemprop=\"http:\/\/schema.org\/image\" title=\"cycling-5\" alt=\"Les femmes de la poursuite par \u00e9quipes dans les blocs au v\u00e9lodrome de Milton, le 29 juillet 2016.\" style=\"width: 474px; height: 316px;\" \/> <\/a> <div class=\"tiled-gallery-caption\" itemprop=\"caption description\"> Les femmes de la poursuite par \u00e9quipes dans les blocs au v\u00e9lodrome de Milton, le 29 juillet 2016. <\/div> <\/div> <div class=\"tiled-gallery-item tiled-gallery-item-large\" itemprop=\"associatedMedia\" itemscope itemtype=\"http:\/\/schema.org\/ImageObject\"> <a href=\"https:\/\/develop.olympic.ca\/olympique\/photos\/entrainement-dequipe-canada-au-velodrome-de-milton\/pursuit1\/#main\" border=\"0\" itemprop=\"url\"> <meta itemprop=\"width\" content=\"474\"> <meta itemprop=\"height\" content=\"266\"> <img decoding=\"async\" data-recalc-dims=\"1\" class=\"\" data-attachment-id=\"119763\" data-orig-file=\"https:\/\/develop.olympic.ca\/olympique\/wp-content\/uploads\/sites\/2\/2016\/08\/pursuit1.jpg?quality=100\" data-orig-size=\"1000,562\" data-comments-opened=\"1\" data-image-meta=\"{&quot;aperture&quot;:&quot;0&quot;,&quot;credit&quot;:&quot;&quot;,&quot;camera&quot;:&quot;&quot;,&quot;caption&quot;:&quot;&quot;,&quot;created_timestamp&quot;:&quot;0&quot;,&quot;copyright&quot;:&quot;&quot;,&quot;focal_length&quot;:&quot;0&quot;,&quot;iso&quot;:&quot;0&quot;,&quot;shutter_speed&quot;:&quot;0&quot;,&quot;title&quot;:&quot;&quot;,&quot;orientation&quot;:&quot;0&quot;}\" data-image-title=\"pursuit1\" data-image-description=\"\" data-medium-file=\"https:\/\/develop.olympic.ca\/olympique\/wp-content\/uploads\/sites\/2\/2016\/08\/pursuit1.jpg?quality=100&#038;w=660\" data-large-file=\"https:\/\/develop.olympic.ca\/olympique\/wp-content\/uploads\/sites\/2\/2016\/08\/pursuit1.jpg?quality=100&#038;w=1000\" src=\"https:\/\/develop.olympic.ca\/olympique\/wp-content\/uploads\/sites\/2\/2016\/08\/pursuit1.jpg?quality=100&#038;w=474&#038;h=266&#038;strip&#038;resize=474%2C266\" srcset=\"https:\/\/develop.olympic.ca\/olympique\/wp-content\/uploads\/sites\/2\/2016\/08\/pursuit1.jpg 1000w, https:\/\/develop.olympic.ca\/olympique\/wp-content\/uploads\/sites\/2\/2016\/08\/pursuit1.jpg?resize=280,158 280w, https:\/\/develop.olympic.ca\/olympique\/wp-content\/uploads\/sites\/2\/2016\/08\/pursuit1.jpg?resize=660,371 660w, https:\/\/develop.olympic.ca\/olympique\/wp-content\/uploads\/sites\/2\/2016\/08\/pursuit1.jpg?resize=768,432 768w\" width=\"474\" height=\"266\" loading=\"lazy\" data-original-width=\"474\" data-original-height=\"266\" itemprop=\"http:\/\/schema.org\/image\" title=\"pursuit1\" alt=\"Les femmes de la poursuite par \u00e9quipes \u00e0 l&#039;entra\u00eenement au v\u00e9lodrome de Milton, le 29 juillet 2016.\" style=\"width: 474px; height: 266px;\" \/> <\/a> <div class=\"tiled-gallery-caption\" itemprop=\"caption description\"> Les femmes de la poursuite par \u00e9quipes \u00e0 l&rsquo;entra\u00eenement au v\u00e9lodrome de Milton, le 29 juillet 2016. <\/div> <\/div> <\/div> <!-- close group --> <\/div> <!-- close row --> <div class=\"gallery-row\" style=\"width: 1360px; height: 286px;\" data-original-width=\"1360\" data-original-height=\"286\" > <div class=\"gallery-group images-1\" style=\"width: 427px; height: 286px;\" data-original-width=\"427\" data-original-height=\"286\" > <div class=\"tiled-gallery-item tiled-gallery-item-large\" itemprop=\"associatedMedia\" itemscope itemtype=\"http:\/\/schema.org\/ImageObject\"> <a href=\"https:\/\/develop.olympic.ca\/olympique\/photos\/entrainement-dequipe-canada-au-velodrome-de-milton\/cycling-2-2\/#main\" border=\"0\" itemprop=\"url\"> <meta itemprop=\"width\" content=\"423\"> <meta itemprop=\"height\" content=\"282\"> <img decoding=\"async\" data-recalc-dims=\"1\" class=\"\" data-attachment-id=\"119760\" data-orig-file=\"https:\/\/develop.olympic.ca\/olympique\/wp-content\/uploads\/sites\/2\/2016\/08\/cycling-2.jpg?quality=100\" data-orig-size=\"1000,666\" data-comments-opened=\"1\" data-image-meta=\"{&quot;aperture&quot;:&quot;5.6&quot;,&quot;credit&quot;:&quot;&quot;,&quot;camera&quot;:&quot;X-Pro2&quot;,&quot;caption&quot;:&quot;&quot;,&quot;created_timestamp&quot;:&quot;1469803202&quot;,&quot;copyright&quot;:&quot;&quot;,&quot;focal_length&quot;:&quot;16&quot;,&quot;iso&quot;:&quot;1600&quot;,&quot;shutter_speed&quot;:&quot;0.008&quot;,&quot;title&quot;:&quot;&quot;,&quot;orientation&quot;:&quot;0&quot;}\" data-image-title=\"cycling-2\" data-image-description=\"\" data-medium-file=\"https:\/\/develop.olympic.ca\/olympique\/wp-content\/uploads\/sites\/2\/2016\/08\/cycling-2.jpg?quality=100&#038;w=557\" data-large-file=\"https:\/\/develop.olympic.ca\/olympique\/wp-content\/uploads\/sites\/2\/2016\/08\/cycling-2.jpg?quality=100&#038;w=1000\" src=\"https:\/\/develop.olympic.ca\/olympique\/wp-content\/uploads\/sites\/2\/2016\/08\/cycling-2.jpg?quality=100&#038;w=423&#038;h=282&#038;strip&#038;resize=423%2C282\" srcset=\"https:\/\/develop.olympic.ca\/olympique\/wp-content\/uploads\/sites\/2\/2016\/08\/cycling-2.jpg 1000w, https:\/\/develop.olympic.ca\/olympique\/wp-content\/uploads\/sites\/2\/2016\/08\/cycling-2.jpg?resize=237,158 237w, https:\/\/develop.olympic.ca\/olympique\/wp-content\/uploads\/sites\/2\/2016\/08\/cycling-2.jpg?resize=557,371 557w, https:\/\/develop.olympic.ca\/olympique\/wp-content\/uploads\/sites\/2\/2016\/08\/cycling-2.jpg?resize=768,511 768w\" width=\"423\" height=\"282\" loading=\"lazy\" data-original-width=\"423\" data-original-height=\"282\" itemprop=\"http:\/\/schema.org\/image\" title=\"cycling-2\" alt=\"Les femmes de la poursuite par \u00e9quipes \u00e0 l&#039;entra\u00eenement au v\u00e9lodrome de Milton, le 29 juillet 2016.\" style=\"width: 423px; height: 282px;\" \/> <\/a> <div class=\"tiled-gallery-caption\" itemprop=\"caption description\"> Les femmes de la poursuite par \u00e9quipes \u00e0 l&rsquo;entra\u00eenement au v\u00e9lodrome de Milton, le 29 juillet 2016. <\/div> <\/div> <\/div> <!-- close group --> <div class=\"gallery-group images-1\" style=\"width: 427px; height: 286px;\" data-original-width=\"427\" data-original-height=\"286\" > <div class=\"tiled-gallery-item tiled-gallery-item-large\" itemprop=\"associatedMedia\" itemscope itemtype=\"http:\/\/schema.org\/ImageObject\"> <a href=\"https:\/\/develop.olympic.ca\/olympique\/photos\/entrainement-dequipe-canada-au-velodrome-de-milton\/cycling-9\/#main\" border=\"0\" itemprop=\"url\"> <meta itemprop=\"width\" content=\"423\"> <meta itemprop=\"height\" content=\"282\"> <img decoding=\"async\" data-recalc-dims=\"1\" class=\"\" data-attachment-id=\"119762\" data-orig-file=\"https:\/\/develop.olympic.ca\/olympique\/wp-content\/uploads\/sites\/2\/2016\/08\/cycling-9.jpg?quality=100\" data-orig-size=\"1000,666\" data-comments-opened=\"1\" data-image-meta=\"{&quot;aperture&quot;:&quot;2.8&quot;,&quot;credit&quot;:&quot;&quot;,&quot;camera&quot;:&quot;X-Pro2&quot;,&quot;caption&quot;:&quot;&quot;,&quot;created_timestamp&quot;:&quot;1469801987&quot;,&quot;copyright&quot;:&quot;&quot;,&quot;focal_length&quot;:&quot;50&quot;,&quot;iso&quot;:&quot;3200&quot;,&quot;shutter_speed&quot;:&quot;0.0005&quot;,&quot;title&quot;:&quot;&quot;,&quot;orientation&quot;:&quot;0&quot;}\" data-image-title=\"Georgia Simmerling\" data-image-description=\"\" data-medium-file=\"https:\/\/develop.olympic.ca\/olympique\/wp-content\/uploads\/sites\/2\/2016\/08\/cycling-9.jpg?quality=100&#038;w=557\" data-large-file=\"https:\/\/develop.olympic.ca\/olympique\/wp-content\/uploads\/sites\/2\/2016\/08\/cycling-9.jpg?quality=100&#038;w=1000\" src=\"https:\/\/develop.olympic.ca\/olympique\/wp-content\/uploads\/sites\/2\/2016\/08\/cycling-9.jpg?quality=100&#038;w=423&#038;h=282&#038;strip&#038;resize=423%2C282\" srcset=\"https:\/\/develop.olympic.ca\/olympique\/wp-content\/uploads\/sites\/2\/2016\/08\/cycling-9.jpg 1000w, https:\/\/develop.olympic.ca\/olympique\/wp-content\/uploads\/sites\/2\/2016\/08\/cycling-9.jpg?resize=237,158 237w, https:\/\/develop.olympic.ca\/olympique\/wp-content\/uploads\/sites\/2\/2016\/08\/cycling-9.jpg?resize=557,371 557w, https:\/\/develop.olympic.ca\/olympique\/wp-content\/uploads\/sites\/2\/2016\/08\/cycling-9.jpg?resize=768,511 768w\" width=\"423\" height=\"282\" loading=\"lazy\" data-original-width=\"423\" data-original-height=\"282\" itemprop=\"http:\/\/schema.org\/image\" title=\"Georgia Simmerling\" alt=\"Georgia Simmerling \u00e0 l&#039;entra\u00eenement au v\u00e9lodrome de Milton, le 29 juillet 2016.\" style=\"width: 423px; height: 282px;\" \/> <\/a> <div class=\"tiled-gallery-caption\" itemprop=\"caption description\"> Georgia Simmerling \u00e0 l&rsquo;entra\u00eenement au v\u00e9lodrome de Milton, le 29 juillet 2016. <\/div> <\/div> <\/div> <!-- close group --> <div class=\"gallery-group images-1\" style=\"width: 506px; height: 286px;\" data-original-width=\"506\" data-original-height=\"286\" > <div class=\"tiled-gallery-item tiled-gallery-item-large\" itemprop=\"associatedMedia\" itemscope itemtype=\"http:\/\/schema.org\/ImageObject\"> <a href=\"https:\/\/develop.olympic.ca\/olympique\/photos\/entrainement-dequipe-canada-au-velodrome-de-milton\/barrette\/#main\" border=\"0\" itemprop=\"url\"> <meta itemprop=\"width\" content=\"502\"> <meta itemprop=\"height\" content=\"282\"> <img decoding=\"async\" data-recalc-dims=\"1\" class=\"\" data-attachment-id=\"119761\" data-orig-file=\"https:\/\/develop.olympic.ca\/olympique\/wp-content\/uploads\/sites\/2\/2016\/08\/barrette.jpg?quality=100\" data-orig-size=\"1000,562\" data-comments-opened=\"1\" data-image-meta=\"{&quot;aperture&quot;:&quot;0&quot;,&quot;credit&quot;:&quot;&quot;,&quot;camera&quot;:&quot;&quot;,&quot;caption&quot;:&quot;&quot;,&quot;created_timestamp&quot;:&quot;0&quot;,&quot;copyright&quot;:&quot;&quot;,&quot;focal_length&quot;:&quot;0&quot;,&quot;iso&quot;:&quot;0&quot;,&quot;shutter_speed&quot;:&quot;0&quot;,&quot;title&quot;:&quot;&quot;,&quot;orientation&quot;:&quot;0&quot;}\" data-image-title=\"barrette\" data-image-description=\"\" data-medium-file=\"https:\/\/develop.olympic.ca\/olympique\/wp-content\/uploads\/sites\/2\/2016\/08\/barrette.jpg?quality=100&#038;w=660\" data-large-file=\"https:\/\/develop.olympic.ca\/olympique\/wp-content\/uploads\/sites\/2\/2016\/08\/barrette.jpg?quality=100&#038;w=1000\" src=\"https:\/\/develop.olympic.ca\/olympique\/wp-content\/uploads\/sites\/2\/2016\/08\/barrette.jpg?quality=100&#038;w=502&#038;h=282&#038;strip&#038;resize=502%2C282\" srcset=\"https:\/\/develop.olympic.ca\/olympique\/wp-content\/uploads\/sites\/2\/2016\/08\/barrette.jpg 1000w, https:\/\/develop.olympic.ca\/olympique\/wp-content\/uploads\/sites\/2\/2016\/08\/barrette.jpg?resize=280,158 280w, https:\/\/develop.olympic.ca\/olympique\/wp-content\/uploads\/sites\/2\/2016\/08\/barrette.jpg?resize=660,371 660w, https:\/\/develop.olympic.ca\/olympique\/wp-content\/uploads\/sites\/2\/2016\/08\/barrette.jpg?resize=768,432 768w\" width=\"502\" height=\"282\" loading=\"lazy\" data-original-width=\"502\" data-original-height=\"282\" itemprop=\"http:\/\/schema.org\/image\" title=\"barrette\" alt=\"Hugo Barrette (\u00e0 gauche) au v\u00e9lodrome de Milton, le 29 juillet 2016.\" style=\"width: 502px; height: 282px;\" \/> <\/a> <div class=\"tiled-gallery-caption\" itemprop=\"caption description\"> Hugo Barrette (\u00e0 gauche) au v\u00e9lodrome de Milton, le 29 juillet 2016. <\/div> <\/div> <\/div> <!-- close group --> <\/div> <!-- close row --> <div class=\"gallery-row\" style=\"width: 1360px; height: 416px;\" data-original-width=\"1360\" data-original-height=\"416\" > <div class=\"gallery-group images-1\" style=\"width: 737px; height: 416px;\" data-original-width=\"737\" data-original-height=\"416\" > <div class=\"tiled-gallery-item tiled-gallery-item-large\" itemprop=\"associatedMedia\" itemscope itemtype=\"http:\/\/schema.org\/ImageObject\"> <a href=\"https:\/\/develop.olympic.ca\/olympique\/photos\/entrainement-dequipe-canada-au-velodrome-de-milton\/lay\/#main\" border=\"0\" itemprop=\"url\"> <meta itemprop=\"width\" content=\"733\"> <meta itemprop=\"height\" content=\"412\"> <img decoding=\"async\" data-recalc-dims=\"1\" class=\"\" data-attachment-id=\"119766\" data-orig-file=\"https:\/\/develop.olympic.ca\/olympique\/wp-content\/uploads\/sites\/2\/2016\/08\/lay.jpg?quality=100\" data-orig-size=\"1010,568\" data-comments-opened=\"1\" data-image-meta=\"{&quot;aperture&quot;:&quot;0&quot;,&quot;credit&quot;:&quot;&quot;,&quot;camera&quot;:&quot;&quot;,&quot;caption&quot;:&quot;&quot;,&quot;created_timestamp&quot;:&quot;0&quot;,&quot;copyright&quot;:&quot;&quot;,&quot;focal_length&quot;:&quot;0&quot;,&quot;iso&quot;:&quot;0&quot;,&quot;shutter_speed&quot;:&quot;0&quot;,&quot;title&quot;:&quot;&quot;,&quot;orientation&quot;:&quot;0&quot;}\" data-image-title=\"lay\" data-image-description=\"\" data-medium-file=\"https:\/\/develop.olympic.ca\/olympique\/wp-content\/uploads\/sites\/2\/2016\/08\/lay.jpg?quality=100&#038;w=660\" data-large-file=\"https:\/\/develop.olympic.ca\/olympique\/wp-content\/uploads\/sites\/2\/2016\/08\/lay.jpg?quality=100&#038;w=1010\" src=\"https:\/\/develop.olympic.ca\/olympique\/wp-content\/uploads\/sites\/2\/2016\/08\/lay.jpg?quality=100&#038;w=733&#038;h=412&#038;strip&#038;resize=733%2C412\" srcset=\"https:\/\/develop.olympic.ca\/olympique\/wp-content\/uploads\/sites\/2\/2016\/08\/lay.jpg 1010w, https:\/\/develop.olympic.ca\/olympique\/wp-content\/uploads\/sites\/2\/2016\/08\/lay.jpg?resize=280,158 280w, https:\/\/develop.olympic.ca\/olympique\/wp-content\/uploads\/sites\/2\/2016\/08\/lay.jpg?resize=660,371 660w, https:\/\/develop.olympic.ca\/olympique\/wp-content\/uploads\/sites\/2\/2016\/08\/lay.jpg?resize=768,432 768w\" width=\"733\" height=\"412\" loading=\"lazy\" data-original-width=\"733\" data-original-height=\"412\" itemprop=\"http:\/\/schema.org\/image\" title=\"lay\" alt=\"Kirsti Lay au v\u00e9lodrome de Milton, le 29 juillet 2016.\" style=\"width: 733px; height: 412px;\" \/> <\/a> <div class=\"tiled-gallery-caption\" itemprop=\"caption description\"> Kirsti Lay au v\u00e9lodrome de Milton, le 29 juillet 2016. <\/div> <\/div> <\/div> <!-- close group --> <div class=\"gallery-group images-1\" style=\"width: 623px; height: 416px;\" data-original-width=\"623\" data-original-height=\"416\" > <div class=\"tiled-gallery-item tiled-gallery-item-large\" itemprop=\"associatedMedia\" itemscope itemtype=\"http:\/\/schema.org\/ImageObject\"> <a href=\"https:\/\/develop.olympic.ca\/olympique\/photos\/entrainement-dequipe-canada-au-velodrome-de-milton\/cycling-7\/#main\" border=\"0\" itemprop=\"url\"> <meta itemprop=\"width\" content=\"619\"> <meta itemprop=\"height\" content=\"412\"> <img decoding=\"async\" data-recalc-dims=\"1\" class=\"\" data-attachment-id=\"119758\" data-orig-file=\"https:\/\/develop.olympic.ca\/olympique\/wp-content\/uploads\/sites\/2\/2016\/08\/cycling-7.jpg?quality=100\" data-orig-size=\"1000,666\" data-comments-opened=\"1\" data-image-meta=\"{&quot;aperture&quot;:&quot;5.6&quot;,&quot;credit&quot;:&quot;&quot;,&quot;camera&quot;:&quot;X-Pro2&quot;,&quot;caption&quot;:&quot;&quot;,&quot;created_timestamp&quot;:&quot;1469802529&quot;,&quot;copyright&quot;:&quot;&quot;,&quot;focal_length&quot;:&quot;16&quot;,&quot;iso&quot;:&quot;1600&quot;,&quot;shutter_speed&quot;:&quot;0.016666666666667&quot;,&quot;title&quot;:&quot;&quot;,&quot;orientation&quot;:&quot;0&quot;}\" data-image-title=\"cycling-7\" data-image-description=\"\" data-medium-file=\"https:\/\/develop.olympic.ca\/olympique\/wp-content\/uploads\/sites\/2\/2016\/08\/cycling-7.jpg?quality=100&#038;w=557\" data-large-file=\"https:\/\/develop.olympic.ca\/olympique\/wp-content\/uploads\/sites\/2\/2016\/08\/cycling-7.jpg?quality=100&#038;w=1000\" src=\"https:\/\/develop.olympic.ca\/olympique\/wp-content\/uploads\/sites\/2\/2016\/08\/cycling-7.jpg?quality=100&#038;w=619&#038;h=412&#038;strip&#038;resize=619%2C412\" srcset=\"https:\/\/develop.olympic.ca\/olympique\/wp-content\/uploads\/sites\/2\/2016\/08\/cycling-7.jpg 1000w, https:\/\/develop.olympic.ca\/olympique\/wp-content\/uploads\/sites\/2\/2016\/08\/cycling-7.jpg?resize=237,158 237w, https:\/\/develop.olympic.ca\/olympique\/wp-content\/uploads\/sites\/2\/2016\/08\/cycling-7.jpg?resize=557,371 557w, https:\/\/develop.olympic.ca\/olympique\/wp-content\/uploads\/sites\/2\/2016\/08\/cycling-7.jpg?resize=768,511 768w\" width=\"619\" height=\"412\" loading=\"lazy\" data-original-width=\"619\" data-original-height=\"412\" itemprop=\"http:\/\/schema.org\/image\" title=\"cycling-7\" alt=\"Le v\u00e9lodrome de Milton, quartier g\u00e9n\u00e9ral de l&#039;\u00e9quipe canadienne de cyclisme sur piste, le 29 juillet 2016.\" style=\"width: 619px; height: 412px;\" \/> <\/a> <div class=\"tiled-gallery-caption\" itemprop=\"caption description\"> Le v\u00e9lodrome de Milton, quartier g\u00e9n\u00e9ral de l&rsquo;\u00e9quipe canadienne de cyclisme sur piste, le 29 juillet 2016. <\/div> <\/div> <\/div> <!-- close group --> <\/div> <!-- close row --> <\/div>\n","protected":false},"excerpt":{"rendered":"<p>Photos prises lors de l&rsquo;entra\u00eenement public de l&rsquo;\u00e9quipe canadienne de cyclisme sur piste pour Rio 2016, le 29 juillet \u00e0&#8230;<\/p>\n","protected":false},"featured_media":119766,"parent":0,"template":"","format":"standard","categories":[],"tags":[216926652,16945867,367376310,66756798,97780758,415984225,14337164,713425,415984226],"sport":[45096687],"game":[],"class_list":["post-119757","photos","type-photos","status-publish","format-standard","has-post-thumbnail","hentry","tag-allison-beveridge","tag-georgia-simmerling","tag-hugo-barrette","tag-jasmin-glaesser","tag-kirsti-lay","tag-milton","tag-monique-sullivan","tag-rio-2016","tag-velodrome-de-milton","sport-cyclisme-sur-piste"],"acf":[],"featured_image_url":"https:\/\/develop.olympic.ca\/olympique\/wp-content\/uploads\/sites\/2\/2016\/08\/lay.jpg?quality=100","category_names":[],"tag_names":["Allison Beveridge","Georgia Simmerling","Hugo Barrette","Jasmin Glaesser","Kirsti Lay","Milton","Monique Sullivan","Rio 2016","V\u00e9lodrome de Milton"],"sport_names":[402],"game_names":[],"jetpack_sharing_enabled":true,"_links":{"self":[{"href":"https:\/\/develop.olympic.ca\/olympique\/wp-json\/wp\/v2\/photos\/119757","targetHints":{"allow":["GET"]}}],"collection":[{"href":"https:\/\/develop.olympic.ca\/olympique\/wp-json\/wp\/v2\/photos"}],"about":[{"href":"https:\/\/develop.olympic.ca\/olympique\/wp-json\/wp\/v2\/types\/photos"}],"wp:featuredmedia":[{"embeddable":true,"href":"https:\/\/develop.olympic.ca\/olympique\/wp-json\/wp\/v2\/media\/119766"}],"wp:attachment":[{"href":"https:\/\/develop.olympic.ca\/olympique\/wp-json\/wp\/v2\/media?parent=119757"}],"wp:term":[{"taxonomy":"category","embeddable":true,"href":"https:\/\/develop.olympic.ca\/olympique\/wp-json\/wp\/v2\/categories?post=119757"},{"taxonomy":"post_tag","embeddable":true,"href":"https:\/\/develop.olympic.ca\/olympique\/wp-json\/wp\/v2\/tags?post=119757"},{"taxonomy":"sport","embeddable":true,"href":"https:\/\/develop.olympic.ca\/olympique\/wp-json\/wp\/v2\/sport?post=119757"},{"taxonomy":"game","embeddable":true,"href":"https:\/\/develop.olympic.ca\/olympique\/wp-json\/wp\/v2\/game?post=119757"}],"curies":[{"name":"wp","href":"https:\/\/api.w.org\/{rel}","templated":true}]}}