{"id":122243,"date":"2016-08-12T21:28:14","date_gmt":"2016-08-13T01:28:14","guid":{"rendered":"http:\/\/develop.olympic.ca\/olympique\/?post_type=photos&#038;p=122243"},"modified":"2018-10-09T15:12:56","modified_gmt":"2018-10-09T19:12:56","slug":"rio-2016-hilary-caldwell-en-bronze-au-200m-dos","status":"publish","type":"photos","link":"https:\/\/develop.olympic.ca\/olympique\/photos\/rio-2016-hilary-caldwell-en-bronze-au-200m-dos\/","title":{"rendered":"Rio 2016: Hilary Caldwell remporte le bronze au 200 m dos"},"content":{"rendered":"<div class=\"tiled-gallery type-rectangular tiled-gallery-unresized\" data-original-width=\"1360\" data-carousel-extra='null' itemscope itemtype=\"http:\/\/schema.org\/ImageGallery\" > <div class=\"gallery-row\" style=\"width: 1360px; height: 606px;\" data-original-width=\"1360\" data-original-height=\"606\" > <div class=\"gallery-group images-1\" style=\"width: 907px; height: 606px;\" data-original-width=\"907\" data-original-height=\"606\" > <div class=\"tiled-gallery-item tiled-gallery-item-large\" itemprop=\"associatedMedia\" itemscope itemtype=\"http:\/\/schema.org\/ImageObject\"> <a href=\"https:\/\/develop.olympic.ca\/olympique\/photos\/rio-2016-hilary-caldwell-en-bronze-au-200m-dos\/hilarycaldwell-rio-200mdos6\/#main\" border=\"0\" itemprop=\"url\"> <meta itemprop=\"width\" content=\"903\"> <meta itemprop=\"height\" content=\"602\"> <img decoding=\"async\" data-recalc-dims=\"1\" class=\"\" data-attachment-id=\"122254\" data-orig-file=\"https:\/\/develop.olympic.ca\/olympique\/wp-content\/uploads\/sites\/2\/2016\/08\/hilarycaldwell-rio-200mdos6-e1471051447252.jpg?quality=100\" data-orig-size=\"1340,893\" data-comments-opened=\"1\" data-image-meta=\"{&quot;aperture&quot;:&quot;5.6&quot;,&quot;credit&quot;:&quot;&quot;,&quot;camera&quot;:&quot;Canon EOS 5D Mark III&quot;,&quot;caption&quot;:&quot;&quot;,&quot;created_timestamp&quot;:&quot;1471035774&quot;,&quot;copyright&quot;:&quot;&quot;,&quot;focal_length&quot;:&quot;400&quot;,&quot;iso&quot;:&quot;5000&quot;,&quot;shutter_speed&quot;:&quot;0.001&quot;,&quot;title&quot;:&quot;&quot;,&quot;orientation&quot;:&quot;1&quot;}\" data-image-title=\"Equipe Canada &amp;#8211; natation &amp;#8211; Hilary Caldwell &amp;#8211; Rio 2016\" data-image-description=\"&lt;p&gt;Hilary Caldwell durant la finale du 200 m dos des Jeux de Rio. 12 ao\u00fbt 2016. Photo Steve Boudreau&lt;\/p&gt; \" data-medium-file=\"https:\/\/develop.olympic.ca\/olympique\/wp-content\/uploads\/sites\/2\/2016\/08\/hilarycaldwell-rio-200mdos6-e1471051447252.jpg?quality=100&#038;w=557\" data-large-file=\"https:\/\/develop.olympic.ca\/olympique\/wp-content\/uploads\/sites\/2\/2016\/08\/hilarycaldwell-rio-200mdos6-e1471051447252.jpg?quality=100&#038;w=1131\" src=\"https:\/\/develop.olympic.ca\/olympique\/wp-content\/uploads\/sites\/2\/2016\/08\/hilarycaldwell-rio-200mdos6-e1471051447252.jpg?quality=100&#038;w=903&#038;h=602&#038;strip&#038;resize=903%2C602\" srcset=\"https:\/\/develop.olympic.ca\/olympique\/wp-content\/uploads\/sites\/2\/2016\/08\/hilarycaldwell-rio-200mdos6-e1471051447252.jpg 1340w, https:\/\/develop.olympic.ca\/olympique\/wp-content\/uploads\/sites\/2\/2016\/08\/hilarycaldwell-rio-200mdos6-e1471051447252.jpg?resize=237,158 237w, https:\/\/develop.olympic.ca\/olympique\/wp-content\/uploads\/sites\/2\/2016\/08\/hilarycaldwell-rio-200mdos6-e1471051447252.jpg?resize=557,371 557w, https:\/\/develop.olympic.ca\/olympique\/wp-content\/uploads\/sites\/2\/2016\/08\/hilarycaldwell-rio-200mdos6-e1471051447252.jpg?resize=768,512 768w, https:\/\/develop.olympic.ca\/olympique\/wp-content\/uploads\/sites\/2\/2016\/08\/hilarycaldwell-rio-200mdos6-e1471051447252.jpg?resize=1131,754 1131w\" width=\"903\" height=\"602\" loading=\"lazy\" data-original-width=\"903\" data-original-height=\"602\" itemprop=\"http:\/\/schema.org\/image\" title=\"Equipe Canada - natation - Hilary Caldwell - Rio 2016\" alt=\"Equipe Canada - natation - Hilary Caldwell - Rio 2016\" style=\"width: 903px; height: 602px;\" \/> <\/a> <div class=\"tiled-gallery-caption\" itemprop=\"caption description\"> Hilary Caldwell durant la finale du 200 m dos des Jeux de Rio. 12 ao\u00fbt 2016. Photo Steve Boudreau <\/div> <\/div> <\/div> <!-- close group --> <div class=\"gallery-group images-2\" style=\"width: 453px; height: 606px;\" data-original-width=\"453\" data-original-height=\"606\" > <div class=\"tiled-gallery-item tiled-gallery-item-large\" itemprop=\"associatedMedia\" itemscope itemtype=\"http:\/\/schema.org\/ImageObject\"> <a href=\"https:\/\/develop.olympic.ca\/olympique\/photos\/rio-2016-hilary-caldwell-en-bronze-au-200m-dos\/hilarycaldwell-rio-200mdos5\/#main\" border=\"0\" itemprop=\"url\"> <meta itemprop=\"width\" content=\"449\"> <meta itemprop=\"height\" content=\"299\"> <img decoding=\"async\" data-recalc-dims=\"1\" class=\"\" data-attachment-id=\"122253\" data-orig-file=\"https:\/\/develop.olympic.ca\/olympique\/wp-content\/uploads\/sites\/2\/2016\/08\/hilarycaldwell-rio-200mdos5-e1471051471199.jpg?quality=100\" data-orig-size=\"1340,893\" data-comments-opened=\"1\" data-image-meta=\"{&quot;aperture&quot;:&quot;5.6&quot;,&quot;credit&quot;:&quot;&quot;,&quot;camera&quot;:&quot;Canon EOS 5D Mark III&quot;,&quot;caption&quot;:&quot;&quot;,&quot;created_timestamp&quot;:&quot;1471035773&quot;,&quot;copyright&quot;:&quot;&quot;,&quot;focal_length&quot;:&quot;400&quot;,&quot;iso&quot;:&quot;5000&quot;,&quot;shutter_speed&quot;:&quot;0.001&quot;,&quot;title&quot;:&quot;&quot;,&quot;orientation&quot;:&quot;1&quot;}\" data-image-title=\"Equipe Canada &amp;#8211; natation &amp;#8211; Hilary Caldwell &amp;#8211; Rio 2016\" data-image-description=\"&lt;p&gt;Hilary Caldwell durant la finale du 200 m dos des Jeux de Rio. 12 ao\u00fbt 2016. Photo Steve Boudreau&lt;\/p&gt; \" data-medium-file=\"https:\/\/develop.olympic.ca\/olympique\/wp-content\/uploads\/sites\/2\/2016\/08\/hilarycaldwell-rio-200mdos5-e1471051471199.jpg?quality=100&#038;w=557\" data-large-file=\"https:\/\/develop.olympic.ca\/olympique\/wp-content\/uploads\/sites\/2\/2016\/08\/hilarycaldwell-rio-200mdos5-e1471051471199.jpg?quality=100&#038;w=1131\" src=\"https:\/\/develop.olympic.ca\/olympique\/wp-content\/uploads\/sites\/2\/2016\/08\/hilarycaldwell-rio-200mdos5-e1471051471199.jpg?quality=100&#038;w=449&#038;h=299&#038;strip&#038;resize=449%2C299\" srcset=\"https:\/\/develop.olympic.ca\/olympique\/wp-content\/uploads\/sites\/2\/2016\/08\/hilarycaldwell-rio-200mdos5-e1471051471199.jpg 1340w, https:\/\/develop.olympic.ca\/olympique\/wp-content\/uploads\/sites\/2\/2016\/08\/hilarycaldwell-rio-200mdos5-e1471051471199.jpg?resize=237,158 237w, https:\/\/develop.olympic.ca\/olympique\/wp-content\/uploads\/sites\/2\/2016\/08\/hilarycaldwell-rio-200mdos5-e1471051471199.jpg?resize=557,371 557w, https:\/\/develop.olympic.ca\/olympique\/wp-content\/uploads\/sites\/2\/2016\/08\/hilarycaldwell-rio-200mdos5-e1471051471199.jpg?resize=768,512 768w, https:\/\/develop.olympic.ca\/olympique\/wp-content\/uploads\/sites\/2\/2016\/08\/hilarycaldwell-rio-200mdos5-e1471051471199.jpg?resize=1131,754 1131w\" width=\"449\" height=\"299\" loading=\"lazy\" data-original-width=\"449\" data-original-height=\"299\" itemprop=\"http:\/\/schema.org\/image\" title=\"Equipe Canada - natation - Hilary Caldwell - Rio 2016\" alt=\"Hilary Caldwell durant la finale du 200 m dos des Jeux de Rio. 12 ao\u00fbt 2016. Photo Steve Boudreau\" style=\"width: 449px; height: 299px;\" \/> <\/a> <div class=\"tiled-gallery-caption\" itemprop=\"caption description\"> Hilary Caldwell durant la finale du 200 m dos des Jeux de Rio. 12 ao\u00fbt 2016. Photo Steve Boudreau <\/div> <\/div> <div class=\"tiled-gallery-item tiled-gallery-item-large\" itemprop=\"associatedMedia\" itemscope itemtype=\"http:\/\/schema.org\/ImageObject\"> <a href=\"https:\/\/develop.olympic.ca\/olympique\/photos\/rio-2016-hilary-caldwell-en-bronze-au-200m-dos\/hilarycaldwell-rio-200mdos4\/#main\" border=\"0\" itemprop=\"url\"> <meta itemprop=\"width\" content=\"449\"> <meta itemprop=\"height\" content=\"299\"> <img decoding=\"async\" data-recalc-dims=\"1\" class=\"\" data-attachment-id=\"122252\" data-orig-file=\"https:\/\/develop.olympic.ca\/olympique\/wp-content\/uploads\/sites\/2\/2016\/08\/hilarycaldwell-rio-200mdos4-e1471051507419.jpg?quality=100\" data-orig-size=\"1340,893\" data-comments-opened=\"1\" data-image-meta=\"{&quot;aperture&quot;:&quot;5.6&quot;,&quot;credit&quot;:&quot;&quot;,&quot;camera&quot;:&quot;Canon EOS 5D Mark III&quot;,&quot;caption&quot;:&quot;&quot;,&quot;created_timestamp&quot;:&quot;1471035750&quot;,&quot;copyright&quot;:&quot;&quot;,&quot;focal_length&quot;:&quot;400&quot;,&quot;iso&quot;:&quot;6400&quot;,&quot;shutter_speed&quot;:&quot;0.001&quot;,&quot;title&quot;:&quot;&quot;,&quot;orientation&quot;:&quot;1&quot;}\" data-image-title=\"Equipe Canada &amp;#8211; natation &amp;#8211; Hilary Caldwell &amp;#8211; Rio 2016\" data-image-description=\"&lt;p&gt;Hilary Caldwell au d\u00e9part de la finale du 200 m dos des Jeux de Rio. 12 ao\u00fbt 2016. Photo Steve Boudreau&lt;\/p&gt; \" data-medium-file=\"https:\/\/develop.olympic.ca\/olympique\/wp-content\/uploads\/sites\/2\/2016\/08\/hilarycaldwell-rio-200mdos4-e1471051507419.jpg?quality=100&#038;w=557\" data-large-file=\"https:\/\/develop.olympic.ca\/olympique\/wp-content\/uploads\/sites\/2\/2016\/08\/hilarycaldwell-rio-200mdos4-e1471051507419.jpg?quality=100&#038;w=1131\" src=\"https:\/\/develop.olympic.ca\/olympique\/wp-content\/uploads\/sites\/2\/2016\/08\/hilarycaldwell-rio-200mdos4-e1471051507419.jpg?quality=100&#038;w=449&#038;h=299&#038;strip&#038;resize=449%2C299\" srcset=\"https:\/\/develop.olympic.ca\/olympique\/wp-content\/uploads\/sites\/2\/2016\/08\/hilarycaldwell-rio-200mdos4-e1471051507419.jpg 1340w, https:\/\/develop.olympic.ca\/olympique\/wp-content\/uploads\/sites\/2\/2016\/08\/hilarycaldwell-rio-200mdos4-e1471051507419.jpg?resize=237,158 237w, https:\/\/develop.olympic.ca\/olympique\/wp-content\/uploads\/sites\/2\/2016\/08\/hilarycaldwell-rio-200mdos4-e1471051507419.jpg?resize=557,371 557w, https:\/\/develop.olympic.ca\/olympique\/wp-content\/uploads\/sites\/2\/2016\/08\/hilarycaldwell-rio-200mdos4-e1471051507419.jpg?resize=768,512 768w, https:\/\/develop.olympic.ca\/olympique\/wp-content\/uploads\/sites\/2\/2016\/08\/hilarycaldwell-rio-200mdos4-e1471051507419.jpg?resize=1131,754 1131w\" width=\"449\" height=\"299\" loading=\"lazy\" data-original-width=\"449\" data-original-height=\"299\" itemprop=\"http:\/\/schema.org\/image\" title=\"Equipe Canada - natation - Hilary Caldwell - Rio 2016\" alt=\"Hilary Caldwell au d\u00e9part de la finale du 200 m dos des Jeux de Rio. 12 ao\u00fbt 2016. Photo Steve Boudreau\" style=\"width: 449px; height: 299px;\" \/> <\/a> <div class=\"tiled-gallery-caption\" itemprop=\"caption description\"> Hilary Caldwell au d\u00e9part de la finale du 200 m dos des Jeux de Rio. 12 ao\u00fbt 2016. Photo Steve Boudreau <\/div> <\/div> <\/div> <!-- close group --> <\/div> <!-- close row --> <div class=\"gallery-row\" style=\"width: 1360px; height: 303px;\" data-original-width=\"1360\" data-original-height=\"303\" > <div class=\"gallery-group images-1\" style=\"width: 454px; height: 303px;\" data-original-width=\"454\" data-original-height=\"303\" > <div class=\"tiled-gallery-item tiled-gallery-item-large\" itemprop=\"associatedMedia\" itemscope itemtype=\"http:\/\/schema.org\/ImageObject\"> <a href=\"https:\/\/develop.olympic.ca\/olympique\/photos\/rio-2016-hilary-caldwell-en-bronze-au-200m-dos\/hilarycaldwell-rio-200mdos3\/#main\" border=\"0\" itemprop=\"url\"> <meta itemprop=\"width\" content=\"450\"> <meta itemprop=\"height\" content=\"299\"> <img decoding=\"async\" data-recalc-dims=\"1\" class=\"\" data-attachment-id=\"122251\" data-orig-file=\"https:\/\/develop.olympic.ca\/olympique\/wp-content\/uploads\/sites\/2\/2016\/08\/hilarycaldwell-rio-200mdos3-e1471051517983.jpg?quality=100\" data-orig-size=\"1340,893\" data-comments-opened=\"1\" data-image-meta=\"{&quot;aperture&quot;:&quot;5.6&quot;,&quot;credit&quot;:&quot;&quot;,&quot;camera&quot;:&quot;Canon EOS 5D Mark III&quot;,&quot;caption&quot;:&quot;&quot;,&quot;created_timestamp&quot;:&quot;1471035713&quot;,&quot;copyright&quot;:&quot;&quot;,&quot;focal_length&quot;:&quot;400&quot;,&quot;iso&quot;:&quot;6400&quot;,&quot;shutter_speed&quot;:&quot;0.001&quot;,&quot;title&quot;:&quot;&quot;,&quot;orientation&quot;:&quot;1&quot;}\" data-image-title=\"Equipe Canada &amp;#8211; natation &amp;#8211; Hilary Caldwell &amp;#8211; Rio 2016\" data-image-description=\"&lt;p&gt;Hilary Caldwell avant la finale du 200 m dos des Jeux de Rio. 12 ao\u00fbt 2016. Photo Steve Boudreau&lt;\/p&gt; \" data-medium-file=\"https:\/\/develop.olympic.ca\/olympique\/wp-content\/uploads\/sites\/2\/2016\/08\/hilarycaldwell-rio-200mdos3-e1471051517983.jpg?quality=100&#038;w=557\" data-large-file=\"https:\/\/develop.olympic.ca\/olympique\/wp-content\/uploads\/sites\/2\/2016\/08\/hilarycaldwell-rio-200mdos3-e1471051517983.jpg?quality=100&#038;w=1131\" src=\"https:\/\/develop.olympic.ca\/olympique\/wp-content\/uploads\/sites\/2\/2016\/08\/hilarycaldwell-rio-200mdos3-e1471051517983.jpg?quality=100&#038;w=450&#038;h=299&#038;strip&#038;resize=450%2C299\" srcset=\"https:\/\/develop.olympic.ca\/olympique\/wp-content\/uploads\/sites\/2\/2016\/08\/hilarycaldwell-rio-200mdos3-e1471051517983.jpg 1340w, https:\/\/develop.olympic.ca\/olympique\/wp-content\/uploads\/sites\/2\/2016\/08\/hilarycaldwell-rio-200mdos3-e1471051517983.jpg?resize=237,158 237w, https:\/\/develop.olympic.ca\/olympique\/wp-content\/uploads\/sites\/2\/2016\/08\/hilarycaldwell-rio-200mdos3-e1471051517983.jpg?resize=557,371 557w, https:\/\/develop.olympic.ca\/olympique\/wp-content\/uploads\/sites\/2\/2016\/08\/hilarycaldwell-rio-200mdos3-e1471051517983.jpg?resize=768,512 768w, https:\/\/develop.olympic.ca\/olympique\/wp-content\/uploads\/sites\/2\/2016\/08\/hilarycaldwell-rio-200mdos3-e1471051517983.jpg?resize=1131,754 1131w\" width=\"450\" height=\"299\" loading=\"lazy\" data-original-width=\"450\" data-original-height=\"299\" itemprop=\"http:\/\/schema.org\/image\" title=\"Equipe Canada - natation - Hilary Caldwell - Rio 2016\" alt=\"Hilary Caldwell avant la finale du 200 m dos des Jeux de Rio. 12 ao\u00fbt 2016. Photo Steve Boudreau\" style=\"width: 450px; height: 299px;\" \/> <\/a> <div class=\"tiled-gallery-caption\" itemprop=\"caption description\"> Hilary Caldwell avant la finale du 200 m dos des Jeux de Rio. 12 ao\u00fbt 2016. Photo Steve Boudreau <\/div> <\/div> <\/div> <!-- close group --> <div class=\"gallery-group images-1\" style=\"width: 453px; height: 303px;\" data-original-width=\"453\" data-original-height=\"303\" > <div class=\"tiled-gallery-item tiled-gallery-item-large\" itemprop=\"associatedMedia\" itemscope itemtype=\"http:\/\/schema.org\/ImageObject\"> <a href=\"https:\/\/develop.olympic.ca\/olympique\/photos\/rio-2016-hilary-caldwell-en-bronze-au-200m-dos\/hilarycaldwell-rio-200mdos2\/#main\" border=\"0\" itemprop=\"url\"> <meta itemprop=\"width\" content=\"449\"> <meta itemprop=\"height\" content=\"299\"> <img decoding=\"async\" data-recalc-dims=\"1\" class=\"\" data-attachment-id=\"122250\" data-orig-file=\"https:\/\/develop.olympic.ca\/olympique\/wp-content\/uploads\/sites\/2\/2016\/08\/hilarycaldwell-rio-200mdos2-e1471051529841.jpg?quality=100\" data-orig-size=\"1340,893\" data-comments-opened=\"1\" data-image-meta=\"{&quot;aperture&quot;:&quot;5.6&quot;,&quot;credit&quot;:&quot;&quot;,&quot;camera&quot;:&quot;Canon EOS 5D Mark III&quot;,&quot;caption&quot;:&quot;&quot;,&quot;created_timestamp&quot;:&quot;1471035702&quot;,&quot;copyright&quot;:&quot;&quot;,&quot;focal_length&quot;:&quot;400&quot;,&quot;iso&quot;:&quot;6400&quot;,&quot;shutter_speed&quot;:&quot;0.001&quot;,&quot;title&quot;:&quot;&quot;,&quot;orientation&quot;:&quot;1&quot;}\" data-image-title=\"Equipe Canada &amp;#8211; natation &amp;#8211; Hilary Caldwell &amp;#8211; Rio 2016\" data-image-description=\"&lt;p&gt;Hilary Caldwell avant la finale du 200 m dos des Jeux de Rio. 12 ao\u00fbt 2016. Photo Steve Boudreau&lt;\/p&gt; \" data-medium-file=\"https:\/\/develop.olympic.ca\/olympique\/wp-content\/uploads\/sites\/2\/2016\/08\/hilarycaldwell-rio-200mdos2-e1471051529841.jpg?quality=100&#038;w=557\" data-large-file=\"https:\/\/develop.olympic.ca\/olympique\/wp-content\/uploads\/sites\/2\/2016\/08\/hilarycaldwell-rio-200mdos2-e1471051529841.jpg?quality=100&#038;w=1131\" src=\"https:\/\/develop.olympic.ca\/olympique\/wp-content\/uploads\/sites\/2\/2016\/08\/hilarycaldwell-rio-200mdos2-e1471051529841.jpg?quality=100&#038;w=449&#038;h=299&#038;strip&#038;resize=449%2C299\" srcset=\"https:\/\/develop.olympic.ca\/olympique\/wp-content\/uploads\/sites\/2\/2016\/08\/hilarycaldwell-rio-200mdos2-e1471051529841.jpg 1340w, https:\/\/develop.olympic.ca\/olympique\/wp-content\/uploads\/sites\/2\/2016\/08\/hilarycaldwell-rio-200mdos2-e1471051529841.jpg?resize=237,158 237w, https:\/\/develop.olympic.ca\/olympique\/wp-content\/uploads\/sites\/2\/2016\/08\/hilarycaldwell-rio-200mdos2-e1471051529841.jpg?resize=557,371 557w, https:\/\/develop.olympic.ca\/olympique\/wp-content\/uploads\/sites\/2\/2016\/08\/hilarycaldwell-rio-200mdos2-e1471051529841.jpg?resize=768,512 768w, https:\/\/develop.olympic.ca\/olympique\/wp-content\/uploads\/sites\/2\/2016\/08\/hilarycaldwell-rio-200mdos2-e1471051529841.jpg?resize=1131,754 1131w\" width=\"449\" height=\"299\" loading=\"lazy\" data-original-width=\"449\" data-original-height=\"299\" itemprop=\"http:\/\/schema.org\/image\" title=\"Equipe Canada - natation - Hilary Caldwell - Rio 2016\" alt=\"Hilary Caldwell avant la finale du 200 m dos des Jeux de Rio. 12 ao\u00fbt 2016. Photo Steve Boudreau\" style=\"width: 449px; height: 299px;\" \/> <\/a> <div class=\"tiled-gallery-caption\" itemprop=\"caption description\"> Hilary Caldwell avant la finale du 200 m dos des Jeux de Rio. 12 ao\u00fbt 2016. Photo Steve Boudreau <\/div> <\/div> <\/div> <!-- close group --> <div class=\"gallery-group images-1\" style=\"width: 453px; height: 303px;\" data-original-width=\"453\" data-original-height=\"303\" > <div class=\"tiled-gallery-item tiled-gallery-item-large\" itemprop=\"associatedMedia\" itemscope itemtype=\"http:\/\/schema.org\/ImageObject\"> <a href=\"https:\/\/develop.olympic.ca\/olympique\/photos\/rio-2016-hilary-caldwell-en-bronze-au-200m-dos\/hilarycaldwell-rio-200mdos1\/#main\" border=\"0\" itemprop=\"url\"> <meta itemprop=\"width\" content=\"449\"> <meta itemprop=\"height\" content=\"299\"> <img decoding=\"async\" data-recalc-dims=\"1\" class=\"\" data-attachment-id=\"122248\" data-orig-file=\"https:\/\/develop.olympic.ca\/olympique\/wp-content\/uploads\/sites\/2\/2016\/08\/hilarycaldwell-rio-200mdos1-e1471051542225.jpg?quality=100\" data-orig-size=\"1340,893\" data-comments-opened=\"1\" data-image-meta=\"{&quot;aperture&quot;:&quot;5.6&quot;,&quot;credit&quot;:&quot;&quot;,&quot;camera&quot;:&quot;Canon EOS 5D Mark III&quot;,&quot;caption&quot;:&quot;&quot;,&quot;created_timestamp&quot;:&quot;1471035713&quot;,&quot;copyright&quot;:&quot;&quot;,&quot;focal_length&quot;:&quot;400&quot;,&quot;iso&quot;:&quot;6400&quot;,&quot;shutter_speed&quot;:&quot;0.001&quot;,&quot;title&quot;:&quot;&quot;,&quot;orientation&quot;:&quot;1&quot;}\" data-image-title=\"Equipe Canada &amp;#8211; natation &amp;#8211; Hilary Caldwell &amp;#8211; Rio 2016\" data-image-description=\"&lt;p&gt;Hilary Caldwell avant la finale du 200 m dos des Jeux de Rio. 12 ao\u00fbt 2016. Photo Steve Boudreau&lt;\/p&gt; \" data-medium-file=\"https:\/\/develop.olympic.ca\/olympique\/wp-content\/uploads\/sites\/2\/2016\/08\/hilarycaldwell-rio-200mdos1-e1471051542225.jpg?quality=100&#038;w=557\" data-large-file=\"https:\/\/develop.olympic.ca\/olympique\/wp-content\/uploads\/sites\/2\/2016\/08\/hilarycaldwell-rio-200mdos1-e1471051542225.jpg?quality=100&#038;w=1131\" src=\"https:\/\/develop.olympic.ca\/olympique\/wp-content\/uploads\/sites\/2\/2016\/08\/hilarycaldwell-rio-200mdos1-e1471051542225.jpg?quality=100&#038;w=449&#038;h=299&#038;strip&#038;resize=449%2C299\" srcset=\"https:\/\/develop.olympic.ca\/olympique\/wp-content\/uploads\/sites\/2\/2016\/08\/hilarycaldwell-rio-200mdos1-e1471051542225.jpg 1340w, https:\/\/develop.olympic.ca\/olympique\/wp-content\/uploads\/sites\/2\/2016\/08\/hilarycaldwell-rio-200mdos1-e1471051542225.jpg?resize=237,158 237w, https:\/\/develop.olympic.ca\/olympique\/wp-content\/uploads\/sites\/2\/2016\/08\/hilarycaldwell-rio-200mdos1-e1471051542225.jpg?resize=557,371 557w, https:\/\/develop.olympic.ca\/olympique\/wp-content\/uploads\/sites\/2\/2016\/08\/hilarycaldwell-rio-200mdos1-e1471051542225.jpg?resize=768,512 768w, https:\/\/develop.olympic.ca\/olympique\/wp-content\/uploads\/sites\/2\/2016\/08\/hilarycaldwell-rio-200mdos1-e1471051542225.jpg?resize=1131,754 1131w\" width=\"449\" height=\"299\" loading=\"lazy\" data-original-width=\"449\" data-original-height=\"299\" itemprop=\"http:\/\/schema.org\/image\" title=\"Equipe Canada - natation - Hilary Caldwell - Rio 2016\" alt=\"Hilary Caldwell avant la finale du 200 m dos des Jeux de Rio. 12 ao\u00fbt 2016. Photo Steve Boudreau\" style=\"width: 449px; height: 299px;\" \/> <\/a> <div class=\"tiled-gallery-caption\" itemprop=\"caption description\"> Hilary Caldwell avant la finale du 200 m dos des Jeux de Rio. 12 ao\u00fbt 2016. Photo Steve Boudreau <\/div> <\/div> <\/div> <!-- close group --> <\/div> <!-- close row --> <div class=\"gallery-row\" style=\"width: 1360px; height: 367px;\" data-original-width=\"1360\" data-original-height=\"367\" > <div class=\"gallery-group images-1\" style=\"width: 702px; height: 367px;\" data-original-width=\"702\" data-original-height=\"367\" > <div class=\"tiled-gallery-item tiled-gallery-item-large\" itemprop=\"associatedMedia\" itemscope itemtype=\"http:\/\/schema.org\/ImageObject\"> <a href=\"https:\/\/develop.olympic.ca\/olympique\/photos\/rio-2016-hilary-caldwell-en-bronze-au-200m-dos\/hilarycaldwell_200m_back_bronze_markblinchphoto-88\/#main\" border=\"0\" itemprop=\"url\"> <meta itemprop=\"width\" content=\"698\"> <meta itemprop=\"height\" content=\"363\"> <img decoding=\"async\" data-recalc-dims=\"1\" class=\"\" data-attachment-id=\"122247\" data-orig-file=\"https:\/\/develop.olympic.ca\/olympique\/wp-content\/uploads\/sites\/2\/2016\/08\/hilarycaldwell_200m_back_bronze_markblinchphoto-88-e1471051553523.jpg?quality=100\" data-orig-size=\"1340,697\" data-comments-opened=\"1\" data-image-meta=\"{&quot;aperture&quot;:&quot;5.6&quot;,&quot;credit&quot;:&quot;&quot;,&quot;camera&quot;:&quot;Canon EOS-1D X Mark II&quot;,&quot;caption&quot;:&quot;&quot;,&quot;created_timestamp&quot;:&quot;1471039477&quot;,&quot;copyright&quot;:&quot;Canadian Olympic Committee&quot;,&quot;focal_length&quot;:&quot;840&quot;,&quot;iso&quot;:&quot;6400&quot;,&quot;shutter_speed&quot;:&quot;0.000625&quot;,&quot;title&quot;:&quot;&quot;,&quot;orientation&quot;:&quot;0&quot;}\" data-image-title=\"Equipe Canada &amp;#8211; natation &amp;#8211; Hilary Caldwell &amp;#8211; Rio 2016\" data-image-description=\"&lt;p&gt;Hilary Caldwell en finale du 200 m dos aux Jeux de Rio, \u00e9preuve dans laquelle elle a gagn\u00e9 la m\u00e9daille de bronze. 12 ao\u00fbt 2016. Photo Mark Blinch&lt;\/p&gt; \" data-medium-file=\"https:\/\/develop.olympic.ca\/olympique\/wp-content\/uploads\/sites\/2\/2016\/08\/hilarycaldwell_200m_back_bronze_markblinchphoto-88-e1471051553523.jpg?quality=100&#038;w=660\" data-large-file=\"https:\/\/develop.olympic.ca\/olympique\/wp-content\/uploads\/sites\/2\/2016\/08\/hilarycaldwell_200m_back_bronze_markblinchphoto-88-e1471051553523.jpg?quality=100&#038;w=1340\" src=\"https:\/\/develop.olympic.ca\/olympique\/wp-content\/uploads\/sites\/2\/2016\/08\/hilarycaldwell_200m_back_bronze_markblinchphoto-88-e1471051553523.jpg?quality=100&#038;w=698&#038;h=363&#038;strip&#038;resize=698%2C363\" srcset=\"https:\/\/develop.olympic.ca\/olympique\/wp-content\/uploads\/sites\/2\/2016\/08\/hilarycaldwell_200m_back_bronze_markblinchphoto-88-e1471051553523.jpg 1340w, https:\/\/develop.olympic.ca\/olympique\/wp-content\/uploads\/sites\/2\/2016\/08\/hilarycaldwell_200m_back_bronze_markblinchphoto-88-e1471051553523.jpg?resize=280,146 280w, https:\/\/develop.olympic.ca\/olympique\/wp-content\/uploads\/sites\/2\/2016\/08\/hilarycaldwell_200m_back_bronze_markblinchphoto-88-e1471051553523.jpg?resize=660,343 660w, https:\/\/develop.olympic.ca\/olympique\/wp-content\/uploads\/sites\/2\/2016\/08\/hilarycaldwell_200m_back_bronze_markblinchphoto-88-e1471051553523.jpg?resize=768,399 768w\" width=\"698\" height=\"363\" loading=\"lazy\" data-original-width=\"698\" data-original-height=\"363\" itemprop=\"http:\/\/schema.org\/image\" title=\"Equipe Canada - natation - Hilary Caldwell - Rio 2016\" alt=\"Hilary Caldwell en finale du 200 m dos aux Jeux de Rio, \u00e9preuve dans laquelle elle a gagn\u00e9 la m\u00e9daille de bronze. 12 ao\u00fbt 2016. Photo Mark Blinch\" style=\"width: 698px; height: 363px;\" \/> <\/a> <div class=\"tiled-gallery-caption\" itemprop=\"caption description\"> Hilary Caldwell en finale du 200 m dos aux Jeux de Rio, \u00e9preuve dans laquelle elle a gagn\u00e9 la m\u00e9daille de bronze. 12 ao\u00fbt 2016. Photo Mark Blinch <\/div> <\/div> <\/div> <!-- close group --> <div class=\"gallery-group images-1\" style=\"width: 658px; height: 367px;\" data-original-width=\"658\" data-original-height=\"367\" > <div class=\"tiled-gallery-item tiled-gallery-item-large\" itemprop=\"associatedMedia\" itemscope itemtype=\"http:\/\/schema.org\/ImageObject\"> <a href=\"https:\/\/develop.olympic.ca\/olympique\/photos\/rio-2016-hilary-caldwell-en-bronze-au-200m-dos\/hilarycaldwell_200m_back_bronze_markblinchphoto-77\/#main\" border=\"0\" itemprop=\"url\"> <meta itemprop=\"width\" content=\"654\"> <meta itemprop=\"height\" content=\"363\"> <img decoding=\"async\" data-recalc-dims=\"1\" class=\"\" data-attachment-id=\"122246\" data-orig-file=\"https:\/\/develop.olympic.ca\/olympique\/wp-content\/uploads\/sites\/2\/2016\/08\/hilarycaldwell_200m_back_bronze_markblinchphoto-77-e1471051561189.jpg?quality=100\" data-orig-size=\"1340,743\" data-comments-opened=\"1\" data-image-meta=\"{&quot;aperture&quot;:&quot;5.6&quot;,&quot;credit&quot;:&quot;&quot;,&quot;camera&quot;:&quot;Canon EOS-1D X Mark II&quot;,&quot;caption&quot;:&quot;&quot;,&quot;created_timestamp&quot;:&quot;1471039560&quot;,&quot;copyright&quot;:&quot;Canadian Olympic Committee&quot;,&quot;focal_length&quot;:&quot;840&quot;,&quot;iso&quot;:&quot;6400&quot;,&quot;shutter_speed&quot;:&quot;0.000625&quot;,&quot;title&quot;:&quot;&quot;,&quot;orientation&quot;:&quot;0&quot;}\" data-image-title=\"Equipe Canada &amp;#8211; natation &amp;#8211; Hilary Caldwell &amp;#8211; Rio 2016\" data-image-description=\"&lt;p&gt;Hilary Caldwell \u00e0 la fin de la finale du 200 m dos aux Jeux de Rio, \u00e9preuve dans laquelle elle a gagn\u00e9 la m\u00e9daille de bronze. 12 ao\u00fbt 2016. Photo Mark Blinch&lt;\/p&gt; \" data-medium-file=\"https:\/\/develop.olympic.ca\/olympique\/wp-content\/uploads\/sites\/2\/2016\/08\/hilarycaldwell_200m_back_bronze_markblinchphoto-77-e1471051561189.jpg?quality=100&#038;w=660\" data-large-file=\"https:\/\/develop.olympic.ca\/olympique\/wp-content\/uploads\/sites\/2\/2016\/08\/hilarycaldwell_200m_back_bronze_markblinchphoto-77-e1471051561189.jpg?quality=100&#038;w=1340\" src=\"https:\/\/develop.olympic.ca\/olympique\/wp-content\/uploads\/sites\/2\/2016\/08\/hilarycaldwell_200m_back_bronze_markblinchphoto-77-e1471051561189.jpg?quality=100&#038;w=654&#038;h=363&#038;strip&#038;resize=654%2C363\" srcset=\"https:\/\/develop.olympic.ca\/olympique\/wp-content\/uploads\/sites\/2\/2016\/08\/hilarycaldwell_200m_back_bronze_markblinchphoto-77-e1471051561189.jpg 1340w, https:\/\/develop.olympic.ca\/olympique\/wp-content\/uploads\/sites\/2\/2016\/08\/hilarycaldwell_200m_back_bronze_markblinchphoto-77-e1471051561189.jpg?resize=280,155 280w, https:\/\/develop.olympic.ca\/olympique\/wp-content\/uploads\/sites\/2\/2016\/08\/hilarycaldwell_200m_back_bronze_markblinchphoto-77-e1471051561189.jpg?resize=660,366 660w, https:\/\/develop.olympic.ca\/olympique\/wp-content\/uploads\/sites\/2\/2016\/08\/hilarycaldwell_200m_back_bronze_markblinchphoto-77-e1471051561189.jpg?resize=768,426 768w\" width=\"654\" height=\"363\" loading=\"lazy\" data-original-width=\"654\" data-original-height=\"363\" itemprop=\"http:\/\/schema.org\/image\" title=\"Equipe Canada - natation - Hilary Caldwell - Rio 2016\" alt=\"Hilary Caldwell \u00e0 la fin de la finale du 200 m dos aux Jeux de Rio, \u00e9preuve dans laquelle elle a gagn\u00e9 la m\u00e9daille de bronze. 12 ao\u00fbt 2016. Photo Mark Blinch\" style=\"width: 654px; height: 363px;\" \/> <\/a> <div class=\"tiled-gallery-caption\" itemprop=\"caption description\"> Hilary Caldwell \u00e0 la fin de la finale du 200 m dos aux Jeux de Rio, \u00e9preuve dans laquelle elle a gagn\u00e9 la m\u00e9daille de bronze. 12 ao\u00fbt 2016. Photo Mark Blinch <\/div> <\/div> <\/div> <!-- close group --> <\/div> <!-- close row --> <div class=\"gallery-row\" style=\"width: 1360px; height: 616px;\" data-original-width=\"1360\" data-original-height=\"616\" > <div class=\"gallery-group images-2\" style=\"width: 481px; height: 616px;\" data-original-width=\"481\" data-original-height=\"616\" > <div class=\"tiled-gallery-item tiled-gallery-item-large\" itemprop=\"associatedMedia\" itemscope itemtype=\"http:\/\/schema.org\/ImageObject\"> <a href=\"https:\/\/develop.olympic.ca\/olympique\/photos\/rio-2016-hilary-caldwell-en-bronze-au-200m-dos\/hilarycaldwell_200m_back_bronze_markblinchphoto-77-1\/#main\" border=\"0\" itemprop=\"url\"> <meta itemprop=\"width\" content=\"477\"> <meta itemprop=\"height\" content=\"255\"> <img decoding=\"async\" data-recalc-dims=\"1\" class=\"\" data-attachment-id=\"122245\" data-orig-file=\"https:\/\/develop.olympic.ca\/olympique\/wp-content\/uploads\/sites\/2\/2016\/08\/hilarycaldwell_200m_back_bronze_markblinchphoto-77-1-e1471051573477.jpg?quality=100\" data-orig-size=\"1340,716\" data-comments-opened=\"1\" data-image-meta=\"{&quot;aperture&quot;:&quot;5.6&quot;,&quot;credit&quot;:&quot;&quot;,&quot;camera&quot;:&quot;Canon EOS-1D X Mark II&quot;,&quot;caption&quot;:&quot;&quot;,&quot;created_timestamp&quot;:&quot;1471039536&quot;,&quot;copyright&quot;:&quot;Canadian Olympic Committee&quot;,&quot;focal_length&quot;:&quot;840&quot;,&quot;iso&quot;:&quot;6400&quot;,&quot;shutter_speed&quot;:&quot;0.000625&quot;,&quot;title&quot;:&quot;&quot;,&quot;orientation&quot;:&quot;0&quot;}\" data-image-title=\"Equipe Canada &amp;#8211; natation &amp;#8211; Hilary Caldwell &amp;#8211; Rio 2016\" data-image-description=\"&lt;p&gt;Hilary Caldwell en finale du 200 m dos aux Jeux de Rio, \u00e9preuve dans laquelle elle a gagn\u00e9 la m\u00e9daille de bronze. 12 ao\u00fbt 2016. Photo Mark Blinch&lt;\/p&gt; \" data-medium-file=\"https:\/\/develop.olympic.ca\/olympique\/wp-content\/uploads\/sites\/2\/2016\/08\/hilarycaldwell_200m_back_bronze_markblinchphoto-77-1-e1471051573477.jpg?quality=100&#038;w=660\" data-large-file=\"https:\/\/develop.olympic.ca\/olympique\/wp-content\/uploads\/sites\/2\/2016\/08\/hilarycaldwell_200m_back_bronze_markblinchphoto-77-1-e1471051573477.jpg?quality=100&#038;w=1340\" src=\"https:\/\/develop.olympic.ca\/olympique\/wp-content\/uploads\/sites\/2\/2016\/08\/hilarycaldwell_200m_back_bronze_markblinchphoto-77-1-e1471051573477.jpg?quality=100&#038;w=477&#038;h=255&#038;strip&#038;resize=477%2C255\" srcset=\"https:\/\/develop.olympic.ca\/olympique\/wp-content\/uploads\/sites\/2\/2016\/08\/hilarycaldwell_200m_back_bronze_markblinchphoto-77-1-e1471051573477.jpg 1340w, https:\/\/develop.olympic.ca\/olympique\/wp-content\/uploads\/sites\/2\/2016\/08\/hilarycaldwell_200m_back_bronze_markblinchphoto-77-1-e1471051573477.jpg?resize=280,150 280w, https:\/\/develop.olympic.ca\/olympique\/wp-content\/uploads\/sites\/2\/2016\/08\/hilarycaldwell_200m_back_bronze_markblinchphoto-77-1-e1471051573477.jpg?resize=660,353 660w, https:\/\/develop.olympic.ca\/olympique\/wp-content\/uploads\/sites\/2\/2016\/08\/hilarycaldwell_200m_back_bronze_markblinchphoto-77-1-e1471051573477.jpg?resize=768,410 768w\" width=\"477\" height=\"255\" loading=\"lazy\" data-original-width=\"477\" data-original-height=\"255\" itemprop=\"http:\/\/schema.org\/image\" title=\"Equipe Canada - natation - Hilary Caldwell - Rio 2016\" alt=\"Hilary Caldwell en finale du 200 m dos aux Jeux de Rio, \u00e9preuve dans laquelle elle a gagn\u00e9 la m\u00e9daille de bronze. 12 ao\u00fbt 2016. Photo Mark Blinch\" style=\"width: 477px; height: 255px;\" \/> <\/a> <div class=\"tiled-gallery-caption\" itemprop=\"caption description\"> Hilary Caldwell en finale du 200 m dos aux Jeux de Rio, \u00e9preuve dans laquelle elle a gagn\u00e9 la m\u00e9daille de bronze. 12 ao\u00fbt 2016. Photo Mark Blinch <\/div> <\/div> <div class=\"tiled-gallery-item tiled-gallery-item-large\" itemprop=\"associatedMedia\" itemscope itemtype=\"http:\/\/schema.org\/ImageObject\"> <a href=\"https:\/\/develop.olympic.ca\/olympique\/photos\/rio-2016-hilary-caldwell-en-bronze-au-200m-dos\/hilarycaldwell_200m_back_bronze_markblinchphoto-88-2\/#main\" border=\"0\" itemprop=\"url\"> <meta itemprop=\"width\" content=\"477\"> <meta itemprop=\"height\" content=\"353\"> <img decoding=\"async\" data-recalc-dims=\"1\" class=\"\" data-attachment-id=\"122262\" data-orig-file=\"https:\/\/develop.olympic.ca\/olympique\/wp-content\/uploads\/sites\/2\/2016\/08\/hilarycaldwell_200m_back_bronze_markblinchphoto-88-2-e1471052755257.jpg?quality=100\" data-orig-size=\"1340,993\" data-comments-opened=\"1\" data-image-meta=\"{&quot;aperture&quot;:&quot;5.6&quot;,&quot;credit&quot;:&quot;&quot;,&quot;camera&quot;:&quot;Canon EOS-1D X Mark II&quot;,&quot;caption&quot;:&quot;&quot;,&quot;created_timestamp&quot;:&quot;1471041401&quot;,&quot;copyright&quot;:&quot;Canadian Olympic Committee&quot;,&quot;focal_length&quot;:&quot;560&quot;,&quot;iso&quot;:&quot;3200&quot;,&quot;shutter_speed&quot;:&quot;0.0025&quot;,&quot;title&quot;:&quot;&quot;,&quot;orientation&quot;:&quot;0&quot;}\" data-image-title=\"Equipe Canada &amp;#8211; natation &amp;#8211; Hilary Caldwell &amp;#8211; Rio 2016\" data-image-description=\"&lt;p&gt;Hilary Caldwell, m\u00e9daill\u00e9e de bronze, durant la c\u00e9r\u00e9monie des m\u00e9dailles suite \u00e0 la finale du 200 m dos aux Jeux de Rio. 12 ao\u00fbt 2016. Photo Mark Blinch&lt;\/p&gt; \" data-medium-file=\"https:\/\/develop.olympic.ca\/olympique\/wp-content\/uploads\/sites\/2\/2016\/08\/hilarycaldwell_200m_back_bronze_markblinchphoto-88-2-e1471052755257.jpg?quality=100&#038;w=501\" data-large-file=\"https:\/\/develop.olympic.ca\/olympique\/wp-content\/uploads\/sites\/2\/2016\/08\/hilarycaldwell_200m_back_bronze_markblinchphoto-88-2-e1471052755257.jpg?quality=100&#038;w=1017\" src=\"https:\/\/develop.olympic.ca\/olympique\/wp-content\/uploads\/sites\/2\/2016\/08\/hilarycaldwell_200m_back_bronze_markblinchphoto-88-2-e1471052755257.jpg?quality=100&#038;w=477&#038;h=353&#038;strip&#038;resize=477%2C353\" srcset=\"https:\/\/develop.olympic.ca\/olympique\/wp-content\/uploads\/sites\/2\/2016\/08\/hilarycaldwell_200m_back_bronze_markblinchphoto-88-2-e1471052755257.jpg 1340w, https:\/\/develop.olympic.ca\/olympique\/wp-content\/uploads\/sites\/2\/2016\/08\/hilarycaldwell_200m_back_bronze_markblinchphoto-88-2-e1471052755257.jpg?resize=213,158 213w, https:\/\/develop.olympic.ca\/olympique\/wp-content\/uploads\/sites\/2\/2016\/08\/hilarycaldwell_200m_back_bronze_markblinchphoto-88-2-e1471052755257.jpg?resize=501,371 501w, https:\/\/develop.olympic.ca\/olympique\/wp-content\/uploads\/sites\/2\/2016\/08\/hilarycaldwell_200m_back_bronze_markblinchphoto-88-2-e1471052755257.jpg?resize=768,569 768w, https:\/\/develop.olympic.ca\/olympique\/wp-content\/uploads\/sites\/2\/2016\/08\/hilarycaldwell_200m_back_bronze_markblinchphoto-88-2-e1471052755257.jpg?resize=1017,754 1017w\" width=\"477\" height=\"353\" loading=\"lazy\" data-original-width=\"477\" data-original-height=\"353\" itemprop=\"http:\/\/schema.org\/image\" title=\"Equipe Canada - natation - Hilary Caldwell - Rio 2016\" alt=\"Hilary Caldwell, m\u00e9daill\u00e9e de bronze, durant la c\u00e9r\u00e9monie des m\u00e9dailles suite \u00e0 la finale du 200 m dos aux Jeux de Rio. 12 ao\u00fbt 2016. Photo Mark Blinch\" style=\"width: 477px; height: 353px;\" \/> <\/a> <div class=\"tiled-gallery-caption\" itemprop=\"caption description\"> Hilary Caldwell, m\u00e9daill\u00e9e de bronze, durant la c\u00e9r\u00e9monie des m\u00e9dailles suite \u00e0 la finale du 200 m dos aux Jeux de Rio. 12 ao\u00fbt 2016. Photo Mark Blinch <\/div> <\/div> <\/div> <!-- close group --> <div class=\"gallery-group images-1\" style=\"width: 879px; height: 616px;\" data-original-width=\"879\" data-original-height=\"616\" > <div class=\"tiled-gallery-item tiled-gallery-item-large\" itemprop=\"associatedMedia\" itemscope itemtype=\"http:\/\/schema.org\/ImageObject\"> <a href=\"https:\/\/develop.olympic.ca\/olympique\/photos\/rio-2016-hilary-caldwell-en-bronze-au-200m-dos\/hilarycaldwell_200m_back_bronze_markblinchphoto-88-3\/#main\" border=\"0\" itemprop=\"url\"> <meta itemprop=\"width\" content=\"875\"> <meta itemprop=\"height\" content=\"612\"> <img decoding=\"async\" data-recalc-dims=\"1\" class=\"\" data-attachment-id=\"122263\" data-orig-file=\"https:\/\/develop.olympic.ca\/olympique\/wp-content\/uploads\/sites\/2\/2016\/08\/hilarycaldwell_200m_back_bronze_markblinchphoto-88-3-e1471052859702.jpg?quality=100\" data-orig-size=\"1340,938\" data-comments-opened=\"1\" data-image-meta=\"{&quot;aperture&quot;:&quot;4&quot;,&quot;credit&quot;:&quot;&quot;,&quot;camera&quot;:&quot;Canon EOS-1D X Mark II&quot;,&quot;caption&quot;:&quot;&quot;,&quot;created_timestamp&quot;:&quot;1471041395&quot;,&quot;copyright&quot;:&quot;Canadian Olympic Committee&quot;,&quot;focal_length&quot;:&quot;400&quot;,&quot;iso&quot;:&quot;3200&quot;,&quot;shutter_speed&quot;:&quot;0.0015625&quot;,&quot;title&quot;:&quot;&quot;,&quot;orientation&quot;:&quot;0&quot;}\" data-image-title=\"Equipe Canada &amp;#8211; natation &amp;#8211; Hilary Caldwell &amp;#8211; Rio 2016\" data-image-description=\"&lt;p&gt;Hilary Caldwell, m\u00e9daill\u00e9e de bronze, durant la c\u00e9r\u00e9monie des m\u00e9dailles suite \u00e0 la finale du 200 m dos aux Jeux de Rio. 12 ao\u00fbt 2016. Photo Mark Blinch&lt;\/p&gt; \" data-medium-file=\"https:\/\/develop.olympic.ca\/olympique\/wp-content\/uploads\/sites\/2\/2016\/08\/hilarycaldwell_200m_back_bronze_markblinchphoto-88-3-e1471052859702.jpg?quality=100&#038;w=530\" data-large-file=\"https:\/\/develop.olympic.ca\/olympique\/wp-content\/uploads\/sites\/2\/2016\/08\/hilarycaldwell_200m_back_bronze_markblinchphoto-88-3-e1471052859702.jpg?quality=100&#038;w=1077\" src=\"https:\/\/develop.olympic.ca\/olympique\/wp-content\/uploads\/sites\/2\/2016\/08\/hilarycaldwell_200m_back_bronze_markblinchphoto-88-3-e1471052859702.jpg?quality=100&#038;w=875&#038;h=612&#038;strip&#038;resize=875%2C612\" srcset=\"https:\/\/develop.olympic.ca\/olympique\/wp-content\/uploads\/sites\/2\/2016\/08\/hilarycaldwell_200m_back_bronze_markblinchphoto-88-3-e1471052859702.jpg 1340w, https:\/\/develop.olympic.ca\/olympique\/wp-content\/uploads\/sites\/2\/2016\/08\/hilarycaldwell_200m_back_bronze_markblinchphoto-88-3-e1471052859702.jpg?resize=226,158 226w, https:\/\/develop.olympic.ca\/olympique\/wp-content\/uploads\/sites\/2\/2016\/08\/hilarycaldwell_200m_back_bronze_markblinchphoto-88-3-e1471052859702.jpg?resize=530,371 530w, https:\/\/develop.olympic.ca\/olympique\/wp-content\/uploads\/sites\/2\/2016\/08\/hilarycaldwell_200m_back_bronze_markblinchphoto-88-3-e1471052859702.jpg?resize=768,538 768w, https:\/\/develop.olympic.ca\/olympique\/wp-content\/uploads\/sites\/2\/2016\/08\/hilarycaldwell_200m_back_bronze_markblinchphoto-88-3-e1471052859702.jpg?resize=1077,754 1077w\" width=\"875\" height=\"612\" loading=\"lazy\" data-original-width=\"875\" data-original-height=\"612\" itemprop=\"http:\/\/schema.org\/image\" title=\"Equipe Canada - natation - Hilary Caldwell - Rio 2016\" alt=\"Hilary Caldwell, m\u00e9daill\u00e9e de bronze, durant la c\u00e9r\u00e9monie des m\u00e9dailles suite \u00e0 la finale du 200 m dos aux Jeux de Rio. 12 ao\u00fbt 2016. Photo Mark Blinch\" style=\"width: 875px; height: 612px;\" \/> <\/a> <div class=\"tiled-gallery-caption\" itemprop=\"caption description\"> Hilary Caldwell, m\u00e9daill\u00e9e de bronze, durant la c\u00e9r\u00e9monie des m\u00e9dailles suite \u00e0 la finale du 200 m dos aux Jeux de Rio. 12 ao\u00fbt 2016. Photo Mark Blinch <\/div> <\/div> <\/div> <!-- close group --> <\/div> <!-- close row --> <div class=\"gallery-row\" style=\"width: 1360px; height: 606px;\" data-original-width=\"1360\" data-original-height=\"606\" > <div class=\"gallery-group images-1\" style=\"width: 907px; height: 606px;\" data-original-width=\"907\" data-original-height=\"606\" > <div class=\"tiled-gallery-item tiled-gallery-item-large\" itemprop=\"associatedMedia\" itemscope itemtype=\"http:\/\/schema.org\/ImageObject\"> <a href=\"https:\/\/develop.olympic.ca\/olympique\/photos\/rio-2016-hilary-caldwell-en-bronze-au-200m-dos\/hilarycaldwell-bronze-rio\/#main\" border=\"0\" itemprop=\"url\"> <meta itemprop=\"width\" content=\"903\"> <meta itemprop=\"height\" content=\"602\"> <img decoding=\"async\" data-recalc-dims=\"1\" class=\"\" data-attachment-id=\"122264\" data-orig-file=\"https:\/\/develop.olympic.ca\/olympique\/wp-content\/uploads\/sites\/2\/2016\/08\/hilarycaldwell-bronze-rio-e1471052843797.jpg?quality=100\" data-orig-size=\"1340,893\" data-comments-opened=\"1\" data-image-meta=\"{&quot;aperture&quot;:&quot;5.6&quot;,&quot;credit&quot;:&quot;&quot;,&quot;camera&quot;:&quot;Canon EOS 5D Mark III&quot;,&quot;caption&quot;:&quot;&quot;,&quot;created_timestamp&quot;:&quot;1471037719&quot;,&quot;copyright&quot;:&quot;&quot;,&quot;focal_length&quot;:&quot;400&quot;,&quot;iso&quot;:&quot;8000&quot;,&quot;shutter_speed&quot;:&quot;0.001&quot;,&quot;title&quot;:&quot;&quot;,&quot;orientation&quot;:&quot;1&quot;}\" data-image-title=\"Equipe Canada &amp;#8211; natation &amp;#8211; Hilary Caldwell &amp;#8211; Rio 2016\" data-image-description=\"&lt;p&gt;Hilary Caldwell, m\u00e9daill\u00e9e de bronze, durant la c\u00e9r\u00e9monie des m\u00e9dailles suite \u00e0 la finale du 200 m dos aux Jeux de Rio. 12 ao\u00fbt 2016. Photo Steve Boudreau&lt;\/p&gt; \" data-medium-file=\"https:\/\/develop.olympic.ca\/olympique\/wp-content\/uploads\/sites\/2\/2016\/08\/hilarycaldwell-bronze-rio-e1471052843797.jpg?quality=100&#038;w=557\" data-large-file=\"https:\/\/develop.olympic.ca\/olympique\/wp-content\/uploads\/sites\/2\/2016\/08\/hilarycaldwell-bronze-rio-e1471052843797.jpg?quality=100&#038;w=1131\" src=\"https:\/\/develop.olympic.ca\/olympique\/wp-content\/uploads\/sites\/2\/2016\/08\/hilarycaldwell-bronze-rio-e1471052843797.jpg?quality=100&#038;w=903&#038;h=602&#038;strip&#038;resize=903%2C602\" srcset=\"https:\/\/develop.olympic.ca\/olympique\/wp-content\/uploads\/sites\/2\/2016\/08\/hilarycaldwell-bronze-rio-e1471052843797.jpg 1340w, https:\/\/develop.olympic.ca\/olympique\/wp-content\/uploads\/sites\/2\/2016\/08\/hilarycaldwell-bronze-rio-e1471052843797.jpg?resize=237,158 237w, https:\/\/develop.olympic.ca\/olympique\/wp-content\/uploads\/sites\/2\/2016\/08\/hilarycaldwell-bronze-rio-e1471052843797.jpg?resize=557,371 557w, https:\/\/develop.olympic.ca\/olympique\/wp-content\/uploads\/sites\/2\/2016\/08\/hilarycaldwell-bronze-rio-e1471052843797.jpg?resize=768,512 768w, https:\/\/develop.olympic.ca\/olympique\/wp-content\/uploads\/sites\/2\/2016\/08\/hilarycaldwell-bronze-rio-e1471052843797.jpg?resize=1131,754 1131w\" width=\"903\" height=\"602\" loading=\"lazy\" data-original-width=\"903\" data-original-height=\"602\" itemprop=\"http:\/\/schema.org\/image\" title=\"Equipe Canada - natation - Hilary Caldwell - Rio 2016\" alt=\"Hilary Caldwell, m\u00e9daill\u00e9e de bronze, durant la c\u00e9r\u00e9monie des m\u00e9dailles suite \u00e0 la finale du 200 m dos aux Jeux de Rio. 12 ao\u00fbt 2016. Photo Steve Boudreau\" style=\"width: 903px; height: 602px;\" \/> <\/a> <div class=\"tiled-gallery-caption\" itemprop=\"caption description\"> Hilary Caldwell, m\u00e9daill\u00e9e de bronze, durant la c\u00e9r\u00e9monie des m\u00e9dailles suite \u00e0 la finale du 200 m dos aux Jeux de Rio. 12 ao\u00fbt 2016. Photo Steve Boudreau <\/div> <\/div> <\/div> <!-- close group --> <div class=\"gallery-group images-2\" style=\"width: 453px; height: 606px;\" data-original-width=\"453\" data-original-height=\"606\" > <div class=\"tiled-gallery-item tiled-gallery-item-large\" itemprop=\"associatedMedia\" itemscope itemtype=\"http:\/\/schema.org\/ImageObject\"> <a href=\"https:\/\/develop.olympic.ca\/olympique\/photos\/rio-2016-hilary-caldwell-en-bronze-au-200m-dos\/hilarycaldwell-bronze-rio2\/#main\" border=\"0\" itemprop=\"url\"> <meta itemprop=\"width\" content=\"449\"> <meta itemprop=\"height\" content=\"299\"> <img decoding=\"async\" data-recalc-dims=\"1\" class=\"\" data-attachment-id=\"122266\" data-orig-file=\"https:\/\/develop.olympic.ca\/olympique\/wp-content\/uploads\/sites\/2\/2016\/08\/hilarycaldwell-bronze-rio2-e1471052806472.jpg?quality=100\" data-orig-size=\"1340,893\" data-comments-opened=\"1\" data-image-meta=\"{&quot;aperture&quot;:&quot;5.6&quot;,&quot;credit&quot;:&quot;&quot;,&quot;camera&quot;:&quot;Canon EOS 5D Mark III&quot;,&quot;caption&quot;:&quot;&quot;,&quot;created_timestamp&quot;:&quot;1471037680&quot;,&quot;copyright&quot;:&quot;&quot;,&quot;focal_length&quot;:&quot;400&quot;,&quot;iso&quot;:&quot;8000&quot;,&quot;shutter_speed&quot;:&quot;0.001&quot;,&quot;title&quot;:&quot;&quot;,&quot;orientation&quot;:&quot;1&quot;}\" data-image-title=\"Equipe Canada &amp;#8211; natation &amp;#8211; Hilary Caldwell &amp;#8211; Rio 2016\" data-image-description=\"&lt;p&gt;Hilary Caldwell, m\u00e9daill\u00e9e de bronze, durant la c\u00e9r\u00e9monie des m\u00e9dailles suite \u00e0 la finale du 200 m dos aux Jeux de Rio. 12 ao\u00fbt 2016. Photo Steve Boudreau&lt;\/p&gt; \" data-medium-file=\"https:\/\/develop.olympic.ca\/olympique\/wp-content\/uploads\/sites\/2\/2016\/08\/hilarycaldwell-bronze-rio2-e1471052806472.jpg?quality=100&#038;w=557\" data-large-file=\"https:\/\/develop.olympic.ca\/olympique\/wp-content\/uploads\/sites\/2\/2016\/08\/hilarycaldwell-bronze-rio2-e1471052806472.jpg?quality=100&#038;w=1131\" src=\"https:\/\/develop.olympic.ca\/olympique\/wp-content\/uploads\/sites\/2\/2016\/08\/hilarycaldwell-bronze-rio2-e1471052806472.jpg?quality=100&#038;w=449&#038;h=299&#038;strip&#038;resize=449%2C299\" srcset=\"https:\/\/develop.olympic.ca\/olympique\/wp-content\/uploads\/sites\/2\/2016\/08\/hilarycaldwell-bronze-rio2-e1471052806472.jpg 1340w, https:\/\/develop.olympic.ca\/olympique\/wp-content\/uploads\/sites\/2\/2016\/08\/hilarycaldwell-bronze-rio2-e1471052806472.jpg?resize=237,158 237w, https:\/\/develop.olympic.ca\/olympique\/wp-content\/uploads\/sites\/2\/2016\/08\/hilarycaldwell-bronze-rio2-e1471052806472.jpg?resize=557,371 557w, https:\/\/develop.olympic.ca\/olympique\/wp-content\/uploads\/sites\/2\/2016\/08\/hilarycaldwell-bronze-rio2-e1471052806472.jpg?resize=768,512 768w, https:\/\/develop.olympic.ca\/olympique\/wp-content\/uploads\/sites\/2\/2016\/08\/hilarycaldwell-bronze-rio2-e1471052806472.jpg?resize=1131,754 1131w\" width=\"449\" height=\"299\" loading=\"lazy\" data-original-width=\"449\" data-original-height=\"299\" itemprop=\"http:\/\/schema.org\/image\" title=\"Equipe Canada - natation - Hilary Caldwell - Rio 2016\" alt=\"Hilary Caldwell, m\u00e9daill\u00e9e de bronze, durant la c\u00e9r\u00e9monie des m\u00e9dailles suite \u00e0 la finale du 200 m dos aux Jeux de Rio. 12 ao\u00fbt 2016. Photo Steve Boudreau\" style=\"width: 449px; height: 299px;\" \/> <\/a> <div class=\"tiled-gallery-caption\" itemprop=\"caption description\"> Hilary Caldwell, m\u00e9daill\u00e9e de bronze, durant la c\u00e9r\u00e9monie des m\u00e9dailles suite \u00e0 la finale du 200 m dos aux Jeux de Rio. 12 ao\u00fbt 2016. Photo Steve Boudreau <\/div> <\/div> <div class=\"tiled-gallery-item tiled-gallery-item-large\" itemprop=\"associatedMedia\" itemscope itemtype=\"http:\/\/schema.org\/ImageObject\"> <a href=\"https:\/\/develop.olympic.ca\/olympique\/photos\/rio-2016-hilary-caldwell-en-bronze-au-200m-dos\/hilarycaldwell-bronze-rio3\/#main\" border=\"0\" itemprop=\"url\"> <meta itemprop=\"width\" content=\"449\"> <meta itemprop=\"height\" content=\"299\"> <img decoding=\"async\" data-recalc-dims=\"1\" class=\"\" data-attachment-id=\"122267\" data-orig-file=\"https:\/\/develop.olympic.ca\/olympique\/wp-content\/uploads\/sites\/2\/2016\/08\/hilarycaldwell-bronze-rio3-e1471052788935.jpg?quality=100\" data-orig-size=\"1340,893\" data-comments-opened=\"1\" data-image-meta=\"{&quot;aperture&quot;:&quot;5.6&quot;,&quot;credit&quot;:&quot;&quot;,&quot;camera&quot;:&quot;Canon EOS 5D Mark III&quot;,&quot;caption&quot;:&quot;&quot;,&quot;created_timestamp&quot;:&quot;1471037674&quot;,&quot;copyright&quot;:&quot;&quot;,&quot;focal_length&quot;:&quot;400&quot;,&quot;iso&quot;:&quot;8000&quot;,&quot;shutter_speed&quot;:&quot;0.001&quot;,&quot;title&quot;:&quot;&quot;,&quot;orientation&quot;:&quot;1&quot;}\" data-image-title=\"Equipe Canada &amp;#8211; natation &amp;#8211; Hilary Caldwell &amp;#8211; Rio 2016\" data-image-description=\"&lt;p&gt;Hilary Caldwell, m\u00e9daill\u00e9e de bronze, durant la c\u00e9r\u00e9monie des m\u00e9dailles suite \u00e0 la finale du 200 m dos aux Jeux de Rio. 12 ao\u00fbt 2016. Photo Steve Boudreau&lt;\/p&gt; \" data-medium-file=\"https:\/\/develop.olympic.ca\/olympique\/wp-content\/uploads\/sites\/2\/2016\/08\/hilarycaldwell-bronze-rio3-e1471052788935.jpg?quality=100&#038;w=557\" data-large-file=\"https:\/\/develop.olympic.ca\/olympique\/wp-content\/uploads\/sites\/2\/2016\/08\/hilarycaldwell-bronze-rio3-e1471052788935.jpg?quality=100&#038;w=1131\" src=\"https:\/\/develop.olympic.ca\/olympique\/wp-content\/uploads\/sites\/2\/2016\/08\/hilarycaldwell-bronze-rio3-e1471052788935.jpg?quality=100&#038;w=449&#038;h=299&#038;strip&#038;resize=449%2C299\" srcset=\"https:\/\/develop.olympic.ca\/olympique\/wp-content\/uploads\/sites\/2\/2016\/08\/hilarycaldwell-bronze-rio3-e1471052788935.jpg 1340w, https:\/\/develop.olympic.ca\/olympique\/wp-content\/uploads\/sites\/2\/2016\/08\/hilarycaldwell-bronze-rio3-e1471052788935.jpg?resize=237,158 237w, https:\/\/develop.olympic.ca\/olympique\/wp-content\/uploads\/sites\/2\/2016\/08\/hilarycaldwell-bronze-rio3-e1471052788935.jpg?resize=557,371 557w, https:\/\/develop.olympic.ca\/olympique\/wp-content\/uploads\/sites\/2\/2016\/08\/hilarycaldwell-bronze-rio3-e1471052788935.jpg?resize=768,512 768w, https:\/\/develop.olympic.ca\/olympique\/wp-content\/uploads\/sites\/2\/2016\/08\/hilarycaldwell-bronze-rio3-e1471052788935.jpg?resize=1131,754 1131w\" width=\"449\" height=\"299\" loading=\"lazy\" data-original-width=\"449\" data-original-height=\"299\" itemprop=\"http:\/\/schema.org\/image\" title=\"Equipe Canada - natation - Hilary Caldwell - Rio 2016\" alt=\"Hilary Caldwell, m\u00e9daill\u00e9e de bronze, durant la c\u00e9r\u00e9monie des m\u00e9dailles suite \u00e0 la finale du 200 m dos aux Jeux de Rio. 12 ao\u00fbt 2016. Photo Steve Boudreau\" style=\"width: 449px; height: 299px;\" \/> <\/a> <div class=\"tiled-gallery-caption\" itemprop=\"caption description\"> Hilary Caldwell, m\u00e9daill\u00e9e de bronze, durant la c\u00e9r\u00e9monie des m\u00e9dailles suite \u00e0 la finale du 200 m dos aux Jeux de Rio. 12 ao\u00fbt 2016. Photo Steve Boudreau <\/div> <\/div> <\/div> <!-- close group --> <\/div> <!-- close row --> <div class=\"gallery-row\" style=\"width: 1360px; height: 470px;\" data-original-width=\"1360\" data-original-height=\"470\" > <div class=\"gallery-group images-1\" style=\"width: 703px; height: 470px;\" data-original-width=\"703\" data-original-height=\"470\" > <div class=\"tiled-gallery-item tiled-gallery-item-large\" itemprop=\"associatedMedia\" itemscope itemtype=\"http:\/\/schema.org\/ImageObject\"> <a href=\"https:\/\/develop.olympic.ca\/olympique\/photos\/rio-2016-hilary-caldwell-en-bronze-au-200m-dos\/hilarycaldwell-bronze-rio4\/#main\" border=\"0\" itemprop=\"url\"> <meta itemprop=\"width\" content=\"699\"> <meta itemprop=\"height\" content=\"466\"> <img decoding=\"async\" data-recalc-dims=\"1\" class=\"\" data-attachment-id=\"122268\" data-orig-file=\"https:\/\/develop.olympic.ca\/olympique\/wp-content\/uploads\/sites\/2\/2016\/08\/hilarycaldwell-bronze-rio4-e1471052773236.jpg?quality=100\" data-orig-size=\"1340,893\" data-comments-opened=\"1\" data-image-meta=\"{&quot;aperture&quot;:&quot;5.6&quot;,&quot;credit&quot;:&quot;&quot;,&quot;camera&quot;:&quot;Canon EOS 5D Mark III&quot;,&quot;caption&quot;:&quot;&quot;,&quot;created_timestamp&quot;:&quot;1471037700&quot;,&quot;copyright&quot;:&quot;&quot;,&quot;focal_length&quot;:&quot;400&quot;,&quot;iso&quot;:&quot;8000&quot;,&quot;shutter_speed&quot;:&quot;0.001&quot;,&quot;title&quot;:&quot;&quot;,&quot;orientation&quot;:&quot;1&quot;}\" data-image-title=\"Equipe Canada &amp;#8211; natation &amp;#8211; Hilary Caldwell &amp;#8211; Rio 2016\" data-image-description=\"&lt;p&gt;Hilary Caldwell, m\u00e9daill\u00e9e de bronze, durant la c\u00e9r\u00e9monie des m\u00e9dailles suite \u00e0 la finale du 200 m dos aux Jeux de Rio. 12 ao\u00fbt 2016. Photo Steve Boudreau&lt;\/p&gt; \" data-medium-file=\"https:\/\/develop.olympic.ca\/olympique\/wp-content\/uploads\/sites\/2\/2016\/08\/hilarycaldwell-bronze-rio4-e1471052773236.jpg?quality=100&#038;w=557\" data-large-file=\"https:\/\/develop.olympic.ca\/olympique\/wp-content\/uploads\/sites\/2\/2016\/08\/hilarycaldwell-bronze-rio4-e1471052773236.jpg?quality=100&#038;w=1131\" src=\"https:\/\/develop.olympic.ca\/olympique\/wp-content\/uploads\/sites\/2\/2016\/08\/hilarycaldwell-bronze-rio4-e1471052773236.jpg?quality=100&#038;w=699&#038;h=466&#038;strip&#038;resize=699%2C466\" srcset=\"https:\/\/develop.olympic.ca\/olympique\/wp-content\/uploads\/sites\/2\/2016\/08\/hilarycaldwell-bronze-rio4-e1471052773236.jpg 1340w, https:\/\/develop.olympic.ca\/olympique\/wp-content\/uploads\/sites\/2\/2016\/08\/hilarycaldwell-bronze-rio4-e1471052773236.jpg?resize=237,158 237w, https:\/\/develop.olympic.ca\/olympique\/wp-content\/uploads\/sites\/2\/2016\/08\/hilarycaldwell-bronze-rio4-e1471052773236.jpg?resize=557,371 557w, https:\/\/develop.olympic.ca\/olympique\/wp-content\/uploads\/sites\/2\/2016\/08\/hilarycaldwell-bronze-rio4-e1471052773236.jpg?resize=768,512 768w, https:\/\/develop.olympic.ca\/olympique\/wp-content\/uploads\/sites\/2\/2016\/08\/hilarycaldwell-bronze-rio4-e1471052773236.jpg?resize=1131,754 1131w\" width=\"699\" height=\"466\" loading=\"lazy\" data-original-width=\"699\" data-original-height=\"466\" itemprop=\"http:\/\/schema.org\/image\" title=\"Equipe Canada - natation - Hilary Caldwell - Rio 2016\" alt=\"Hilary Caldwell, m\u00e9daill\u00e9e de bronze, durant la c\u00e9r\u00e9monie des m\u00e9dailles suite \u00e0 la finale du 200 m dos aux Jeux de Rio. 12 ao\u00fbt 2016. Photo Steve Boudreau\" style=\"width: 699px; height: 466px;\" \/> <\/a> <div class=\"tiled-gallery-caption\" itemprop=\"caption description\"> Hilary Caldwell, m\u00e9daill\u00e9e de bronze, durant la c\u00e9r\u00e9monie des m\u00e9dailles suite \u00e0 la finale du 200 m dos aux Jeux de Rio. 12 ao\u00fbt 2016. Photo Steve Boudreau <\/div> <\/div> <\/div> <!-- close group --> <div class=\"gallery-group images-1\" style=\"width: 657px; height: 470px;\" data-original-width=\"657\" data-original-height=\"470\" > <div class=\"tiled-gallery-item tiled-gallery-item-large\" itemprop=\"associatedMedia\" itemscope itemtype=\"http:\/\/schema.org\/ImageObject\"> <a href=\"https:\/\/develop.olympic.ca\/olympique\/photos\/rio-2016-hilary-caldwell-en-bronze-au-200m-dos\/hilarycaldwell_200m_back_bronze_markblinchphoto-88-4\/#main\" border=\"0\" itemprop=\"url\"> <meta itemprop=\"width\" content=\"653\"> <meta itemprop=\"height\" content=\"466\"> <img decoding=\"async\" data-recalc-dims=\"1\" class=\"\" data-attachment-id=\"122269\" data-orig-file=\"https:\/\/develop.olympic.ca\/olympique\/wp-content\/uploads\/sites\/2\/2016\/08\/hilarycaldwell_200m_back_bronze_markblinchphoto-88-4-e1471052916265.jpg?quality=100\" data-orig-size=\"1340,955\" data-comments-opened=\"1\" data-image-meta=\"{&quot;aperture&quot;:&quot;4&quot;,&quot;credit&quot;:&quot;&quot;,&quot;camera&quot;:&quot;Canon EOS-1D X Mark II&quot;,&quot;caption&quot;:&quot;&quot;,&quot;created_timestamp&quot;:&quot;1471041719&quot;,&quot;copyright&quot;:&quot;Canadian Olympic Committee&quot;,&quot;focal_length&quot;:&quot;24&quot;,&quot;iso&quot;:&quot;2000&quot;,&quot;shutter_speed&quot;:&quot;0.0015625&quot;,&quot;title&quot;:&quot;&quot;,&quot;orientation&quot;:&quot;0&quot;}\" data-image-title=\"Equipe Canada &amp;#8211; natation &amp;#8211; Hilary Caldwell &amp;#8211; Rio 2016\" data-image-description=\"&lt;p&gt;Hilary Caldwell avec le drapeau canadien et sa m\u00e9daille de bronze obtenue au 200 m dos aux Jeux de Rio. 12 ao\u00fbt 2016. Photo Mark Blinch&lt;\/p&gt; \" data-medium-file=\"https:\/\/develop.olympic.ca\/olympique\/wp-content\/uploads\/sites\/2\/2016\/08\/hilarycaldwell_200m_back_bronze_markblinchphoto-88-4-e1471052916265.jpg?quality=100&#038;w=521\" data-large-file=\"https:\/\/develop.olympic.ca\/olympique\/wp-content\/uploads\/sites\/2\/2016\/08\/hilarycaldwell_200m_back_bronze_markblinchphoto-88-4-e1471052916265.jpg?quality=100&#038;w=1058\" src=\"https:\/\/develop.olympic.ca\/olympique\/wp-content\/uploads\/sites\/2\/2016\/08\/hilarycaldwell_200m_back_bronze_markblinchphoto-88-4-e1471052916265.jpg?quality=100&#038;w=653&#038;h=466&#038;strip&#038;resize=653%2C466\" srcset=\"https:\/\/develop.olympic.ca\/olympique\/wp-content\/uploads\/sites\/2\/2016\/08\/hilarycaldwell_200m_back_bronze_markblinchphoto-88-4-e1471052916265.jpg 1340w, https:\/\/develop.olympic.ca\/olympique\/wp-content\/uploads\/sites\/2\/2016\/08\/hilarycaldwell_200m_back_bronze_markblinchphoto-88-4-e1471052916265.jpg?resize=222,158 222w, https:\/\/develop.olympic.ca\/olympique\/wp-content\/uploads\/sites\/2\/2016\/08\/hilarycaldwell_200m_back_bronze_markblinchphoto-88-4-e1471052916265.jpg?resize=521,371 521w, https:\/\/develop.olympic.ca\/olympique\/wp-content\/uploads\/sites\/2\/2016\/08\/hilarycaldwell_200m_back_bronze_markblinchphoto-88-4-e1471052916265.jpg?resize=768,547 768w, https:\/\/develop.olympic.ca\/olympique\/wp-content\/uploads\/sites\/2\/2016\/08\/hilarycaldwell_200m_back_bronze_markblinchphoto-88-4-e1471052916265.jpg?resize=1058,754 1058w\" width=\"653\" height=\"466\" loading=\"lazy\" data-original-width=\"653\" data-original-height=\"466\" itemprop=\"http:\/\/schema.org\/image\" title=\"Equipe Canada - natation - Hilary Caldwell - Rio 2016\" alt=\"Hilary Caldwell avec le drapeau canadien et sa m\u00e9daille de bronze obtenue au 200 m dos aux Jeux de Rio. 12 ao\u00fbt 2016. Photo Mark Blinch\" style=\"width: 653px; height: 466px;\" \/> <\/a> <div class=\"tiled-gallery-caption\" itemprop=\"caption description\"> Hilary Caldwell avec le drapeau canadien et sa m\u00e9daille de bronze obtenue au 200 m dos aux Jeux de Rio. 12 ao\u00fbt 2016. Photo Mark Blinch <\/div> <\/div> <\/div> <!-- close group --> <\/div> <!-- close row --> <\/div>\n","protected":false},"excerpt":{"rendered":"","protected":false},"featured_media":122269,"parent":0,"template":"","format":"standard","categories":[],"tags":[9980570,415987059,415987396,415987475,1104411,84757886,415984270,415930299,713425,415984277],"sport":[763074],"game":[415984561],"class_list":["post-122243","photos","type-photos","status-publish","format-standard","has-post-thumbnail","hentry","tag-200-m","tag-200-m-dos","tag-200m","tag-200m-dos","tag-equipe-canada","tag-hilary-caldwell","tag-jeux-de-rio","tag-natation","tag-rio-2016","tag-rio-2016-natation","sport-sports-aquatiques-natation","game-2016-rio"],"acf":[],"yoast_head":"<!-- This site is optimized with the Yoast SEO plugin v27.3 - https:\/\/yoast.com\/product\/yoast-seo-wordpress\/ -->\n<title>Rio 2016: Hilary Caldwell remporte le bronze au 200 m dos - \u00c9quipe Canada | Site officiel de l&#039;\u00e9quipe olympique<\/title>\n<meta name=\"robots\" content=\"index, follow, max-snippet:-1, max-image-preview:large, max-video-preview:-1\" \/>\n<link rel=\"canonical\" href=\"https:\/\/develop.olympic.ca\/olympique\/photos\/rio-2016-hilary-caldwell-en-bronze-au-200m-dos\/\" \/>\n<meta property=\"og:locale\" content=\"fr_FR\" \/>\n<meta property=\"og:type\" content=\"article\" \/>\n<meta property=\"og:title\" content=\"Rio 2016: Hilary Caldwell remporte le bronze au 200 m dos - \u00c9quipe Canada | Site officiel de l&#039;\u00e9quipe olympique\" \/>\n<meta property=\"og:url\" content=\"https:\/\/develop.olympic.ca\/olympique\/photos\/rio-2016-hilary-caldwell-en-bronze-au-200m-dos\/\" \/>\n<meta property=\"og:site_name\" content=\"\u00c9quipe Canada | Site officiel de l&#039;\u00e9quipe olympique\" \/>\n<meta property=\"article:modified_time\" content=\"2018-10-09T19:12:56+00:00\" \/>\n<meta property=\"og:image\" content=\"https:\/\/develop.olympic.ca\/olympique\/wp-content\/uploads\/sites\/2\/2016\/08\/hilarycaldwell_200m_back_bronze_markblinchphoto-88-4-e1471052916265.jpg?quality=100\" \/>\n\t<meta property=\"og:image:width\" content=\"1340\" \/>\n\t<meta property=\"og:image:height\" content=\"955\" \/>\n\t<meta property=\"og:image:type\" content=\"image\/jpeg\" \/>\n<meta name=\"twitter:card\" content=\"summary_large_image\" \/>\n<meta name=\"twitter:label1\" content=\"Written by\" \/>\n\t<meta name=\"twitter:data1\" content=\"Samuel Dancause\" \/>\n<script type=\"application\/ld+json\" class=\"yoast-schema-graph\">{\"@context\":\"https:\\\/\\\/schema.org\",\"@graph\":[{\"@type\":\"WebPage\",\"@id\":\"https:\\\/\\\/develop.olympic.ca\\\/olympique\\\/photos\\\/rio-2016-hilary-caldwell-en-bronze-au-200m-dos\\\/\",\"url\":\"https:\\\/\\\/develop.olympic.ca\\\/olympique\\\/photos\\\/rio-2016-hilary-caldwell-en-bronze-au-200m-dos\\\/\",\"name\":\"Rio 2016: Hilary Caldwell remporte le bronze au 200 m dos - \u00c9quipe Canada | Site officiel de l&#039;\u00e9quipe olympique\",\"isPartOf\":{\"@id\":\"https:\\\/\\\/develop.olympic.ca\\\/olympique\\\/#website\"},\"primaryImageOfPage\":{\"@id\":\"https:\\\/\\\/develop.olympic.ca\\\/olympique\\\/photos\\\/rio-2016-hilary-caldwell-en-bronze-au-200m-dos\\\/#primaryimage\"},\"image\":{\"@id\":\"https:\\\/\\\/develop.olympic.ca\\\/olympique\\\/photos\\\/rio-2016-hilary-caldwell-en-bronze-au-200m-dos\\\/#primaryimage\"},\"thumbnailUrl\":\"https:\\\/\\\/develop.olympic.ca\\\/olympique\\\/wp-content\\\/uploads\\\/sites\\\/2\\\/2016\\\/08\\\/hilarycaldwell_200m_back_bronze_markblinchphoto-88-4-e1471052916265.jpg?quality=100\",\"datePublished\":\"2016-08-13T01:28:14+00:00\",\"dateModified\":\"2018-10-09T19:12:56+00:00\",\"breadcrumb\":{\"@id\":\"https:\\\/\\\/develop.olympic.ca\\\/olympique\\\/photos\\\/rio-2016-hilary-caldwell-en-bronze-au-200m-dos\\\/#breadcrumb\"},\"inLanguage\":\"fr-FR\",\"potentialAction\":[{\"@type\":\"ReadAction\",\"target\":[\"https:\\\/\\\/develop.olympic.ca\\\/olympique\\\/photos\\\/rio-2016-hilary-caldwell-en-bronze-au-200m-dos\\\/\"]}]},{\"@type\":\"ImageObject\",\"inLanguage\":\"fr-FR\",\"@id\":\"https:\\\/\\\/develop.olympic.ca\\\/olympique\\\/photos\\\/rio-2016-hilary-caldwell-en-bronze-au-200m-dos\\\/#primaryimage\",\"url\":\"https:\\\/\\\/develop.olympic.ca\\\/olympique\\\/wp-content\\\/uploads\\\/sites\\\/2\\\/2016\\\/08\\\/hilarycaldwell_200m_back_bronze_markblinchphoto-88-4-e1471052916265.jpg?quality=100\",\"contentUrl\":\"https:\\\/\\\/develop.olympic.ca\\\/olympique\\\/wp-content\\\/uploads\\\/sites\\\/2\\\/2016\\\/08\\\/hilarycaldwell_200m_back_bronze_markblinchphoto-88-4-e1471052916265.jpg?quality=100\",\"width\":1340,\"height\":955,\"caption\":\"Hilary Caldwell avec le drapeau canadien et sa m\u00e9daille de bronze obtenue au 200 m dos aux Jeux de Rio. 12 ao\u00fbt 2016. Photo Mark Blinch\"},{\"@type\":\"BreadcrumbList\",\"@id\":\"https:\\\/\\\/develop.olympic.ca\\\/olympique\\\/photos\\\/rio-2016-hilary-caldwell-en-bronze-au-200m-dos\\\/#breadcrumb\",\"itemListElement\":[{\"@type\":\"ListItem\",\"position\":1,\"name\":\"Album photo\",\"item\":\"https:\\\/\\\/develop.olympic.ca\\\/olympique\\\/photos\\\/\"},{\"@type\":\"ListItem\",\"position\":2,\"name\":\"Rio 2016: Hilary Caldwell remporte le bronze au 200 m dos\"}]},{\"@type\":\"WebSite\",\"@id\":\"https:\\\/\\\/develop.olympic.ca\\\/olympique\\\/#website\",\"url\":\"https:\\\/\\\/develop.olympic.ca\\\/olympique\\\/\",\"name\":\"\u00c9quipe Canada | Site officiel de l&#039;\u00e9quipe olympique\",\"description\":\"Votre source pour l\u2019\u00c9quipe olympique canadienne. Retrouvez les r\u00e9cits, vid\u00e9os et photos des athl\u00e8tes canadiens, sports olympiques, Jeux olympiques de 2020 et bien plus!\",\"potentialAction\":[{\"@type\":\"SearchAction\",\"target\":{\"@type\":\"EntryPoint\",\"urlTemplate\":\"https:\\\/\\\/develop.olympic.ca\\\/olympique\\\/?s={search_term_string}\"},\"query-input\":{\"@type\":\"PropertyValueSpecification\",\"valueRequired\":true,\"valueName\":\"search_term_string\"}}],\"inLanguage\":\"fr-FR\"}]}<\/script>\n<!-- \/ Yoast SEO plugin. -->","yoast_head_json":{"title":"Rio 2016: Hilary Caldwell remporte le bronze au 200 m dos - \u00c9quipe Canada | Site officiel de l&#039;\u00e9quipe olympique","robots":{"index":"index","follow":"follow","max-snippet":"max-snippet:-1","max-image-preview":"max-image-preview:large","max-video-preview":"max-video-preview:-1"},"canonical":"https:\/\/develop.olympic.ca\/olympique\/photos\/rio-2016-hilary-caldwell-en-bronze-au-200m-dos\/","og_locale":"fr_FR","og_type":"article","og_title":"Rio 2016: Hilary Caldwell remporte le bronze au 200 m dos - \u00c9quipe Canada | Site officiel de l&#039;\u00e9quipe olympique","og_url":"https:\/\/develop.olympic.ca\/olympique\/photos\/rio-2016-hilary-caldwell-en-bronze-au-200m-dos\/","og_site_name":"\u00c9quipe Canada | Site officiel de l&#039;\u00e9quipe olympique","article_modified_time":"2018-10-09T19:12:56+00:00","og_image":[{"width":1340,"height":955,"url":"https:\/\/develop.olympic.ca\/olympique\/wp-content\/uploads\/sites\/2\/2016\/08\/hilarycaldwell_200m_back_bronze_markblinchphoto-88-4-e1471052916265.jpg?quality=100","type":"image\/jpeg"}],"twitter_card":"summary_large_image","twitter_misc":{"Written by":"Samuel Dancause"},"schema":{"@context":"https:\/\/schema.org","@graph":[{"@type":"WebPage","@id":"https:\/\/develop.olympic.ca\/olympique\/photos\/rio-2016-hilary-caldwell-en-bronze-au-200m-dos\/","url":"https:\/\/develop.olympic.ca\/olympique\/photos\/rio-2016-hilary-caldwell-en-bronze-au-200m-dos\/","name":"Rio 2016: Hilary Caldwell remporte le bronze au 200 m dos - \u00c9quipe Canada | Site officiel de l&#039;\u00e9quipe olympique","isPartOf":{"@id":"https:\/\/develop.olympic.ca\/olympique\/#website"},"primaryImageOfPage":{"@id":"https:\/\/develop.olympic.ca\/olympique\/photos\/rio-2016-hilary-caldwell-en-bronze-au-200m-dos\/#primaryimage"},"image":{"@id":"https:\/\/develop.olympic.ca\/olympique\/photos\/rio-2016-hilary-caldwell-en-bronze-au-200m-dos\/#primaryimage"},"thumbnailUrl":"https:\/\/develop.olympic.ca\/olympique\/wp-content\/uploads\/sites\/2\/2016\/08\/hilarycaldwell_200m_back_bronze_markblinchphoto-88-4-e1471052916265.jpg?quality=100","datePublished":"2016-08-13T01:28:14+00:00","dateModified":"2018-10-09T19:12:56+00:00","breadcrumb":{"@id":"https:\/\/develop.olympic.ca\/olympique\/photos\/rio-2016-hilary-caldwell-en-bronze-au-200m-dos\/#breadcrumb"},"inLanguage":"fr-FR","potentialAction":[{"@type":"ReadAction","target":["https:\/\/develop.olympic.ca\/olympique\/photos\/rio-2016-hilary-caldwell-en-bronze-au-200m-dos\/"]}]},{"@type":"ImageObject","inLanguage":"fr-FR","@id":"https:\/\/develop.olympic.ca\/olympique\/photos\/rio-2016-hilary-caldwell-en-bronze-au-200m-dos\/#primaryimage","url":"https:\/\/develop.olympic.ca\/olympique\/wp-content\/uploads\/sites\/2\/2016\/08\/hilarycaldwell_200m_back_bronze_markblinchphoto-88-4-e1471052916265.jpg?quality=100","contentUrl":"https:\/\/develop.olympic.ca\/olympique\/wp-content\/uploads\/sites\/2\/2016\/08\/hilarycaldwell_200m_back_bronze_markblinchphoto-88-4-e1471052916265.jpg?quality=100","width":1340,"height":955,"caption":"Hilary Caldwell avec le drapeau canadien et sa m\u00e9daille de bronze obtenue au 200 m dos aux Jeux de Rio. 12 ao\u00fbt 2016. Photo Mark Blinch"},{"@type":"BreadcrumbList","@id":"https:\/\/develop.olympic.ca\/olympique\/photos\/rio-2016-hilary-caldwell-en-bronze-au-200m-dos\/#breadcrumb","itemListElement":[{"@type":"ListItem","position":1,"name":"Album photo","item":"https:\/\/develop.olympic.ca\/olympique\/photos\/"},{"@type":"ListItem","position":2,"name":"Rio 2016: Hilary Caldwell remporte le bronze au 200 m dos"}]},{"@type":"WebSite","@id":"https:\/\/develop.olympic.ca\/olympique\/#website","url":"https:\/\/develop.olympic.ca\/olympique\/","name":"\u00c9quipe Canada | Site officiel de l&#039;\u00e9quipe olympique","description":"Votre source pour l\u2019\u00c9quipe olympique canadienne. Retrouvez les r\u00e9cits, vid\u00e9os et photos des athl\u00e8tes canadiens, sports olympiques, Jeux olympiques de 2020 et bien plus!","potentialAction":[{"@type":"SearchAction","target":{"@type":"EntryPoint","urlTemplate":"https:\/\/develop.olympic.ca\/olympique\/?s={search_term_string}"},"query-input":{"@type":"PropertyValueSpecification","valueRequired":true,"valueName":"search_term_string"}}],"inLanguage":"fr-FR"}]}},"featured_image_url":"https:\/\/develop.olympic.ca\/olympique\/wp-content\/uploads\/sites\/2\/2016\/08\/hilarycaldwell_200m_back_bronze_markblinchphoto-88-4-e1471052916265.jpg?quality=100","category_names":[],"tag_names":["200 m","200 m dos","200m","200m dos","\u00c9quipe canada","Hilary Caldwell","Jeux de Rio","Natation","Rio 2016","Rio 2016 Natation"],"sport_names":[],"game_names":["Rio 2016"],"jetpack_sharing_enabled":true,"_links":{"self":[{"href":"https:\/\/develop.olympic.ca\/olympique\/wp-json\/wp\/v2\/photos\/122243","targetHints":{"allow":["GET"]}}],"collection":[{"href":"https:\/\/develop.olympic.ca\/olympique\/wp-json\/wp\/v2\/photos"}],"about":[{"href":"https:\/\/develop.olympic.ca\/olympique\/wp-json\/wp\/v2\/types\/photos"}],"wp:featuredmedia":[{"embeddable":true,"href":"https:\/\/develop.olympic.ca\/olympique\/wp-json\/wp\/v2\/media\/122269"}],"wp:attachment":[{"href":"https:\/\/develop.olympic.ca\/olympique\/wp-json\/wp\/v2\/media?parent=122243"}],"wp:term":[{"taxonomy":"category","embeddable":true,"href":"https:\/\/develop.olympic.ca\/olympique\/wp-json\/wp\/v2\/categories?post=122243"},{"taxonomy":"post_tag","embeddable":true,"href":"https:\/\/develop.olympic.ca\/olympique\/wp-json\/wp\/v2\/tags?post=122243"},{"taxonomy":"sport","embeddable":true,"href":"https:\/\/develop.olympic.ca\/olympique\/wp-json\/wp\/v2\/sport?post=122243"},{"taxonomy":"game","embeddable":true,"href":"https:\/\/develop.olympic.ca\/olympique\/wp-json\/wp\/v2\/game?post=122243"}],"curies":[{"name":"wp","href":"https:\/\/api.w.org\/{rel}","templated":true}]}}