{"id":123362,"date":"2016-08-18T10:52:38","date_gmt":"2016-08-18T14:52:38","guid":{"rendered":"http:\/\/develop.olympic.ca\/olympique\/?post_type=photos&#038;p=123362"},"modified":"2018-10-09T15:09:48","modified_gmt":"2018-10-09T19:09:48","slug":"rio-2016-andre-de-grasse-et-usain-bolt-en-demi-finale-du-200m","status":"publish","type":"photos","link":"https:\/\/develop.olympic.ca\/olympique\/photos\/rio-2016-andre-de-grasse-et-usain-bolt-en-demi-finale-du-200m\/","title":{"rendered":"Rio 2016: Andre De Grasse et Usain Bolt en demi-finale du 200m"},"content":{"rendered":"<div class=\"tiled-gallery type-rectangular tiled-gallery-unresized\" data-original-width=\"1360\" data-carousel-extra='null' itemscope itemtype=\"http:\/\/schema.org\/ImageGallery\" > <div class=\"gallery-row\" style=\"width: 1360px; height: 317px;\" data-original-width=\"1360\" data-original-height=\"317\" > <div class=\"gallery-group images-1\" style=\"width: 506px; height: 317px;\" data-original-width=\"506\" data-original-height=\"317\" > <div class=\"tiled-gallery-item tiled-gallery-item-large\" itemprop=\"associatedMedia\" itemscope itemtype=\"http:\/\/schema.org\/ImageObject\"> <a href=\"https:\/\/develop.olympic.ca\/olympique\/photos\/rio-2016-andre-de-grasse-et-usain-bolt-en-demi-finale-du-200m\/capture-decran-2016-08-18-a-10-27-31\/#main\" border=\"0\" itemprop=\"url\"> <meta itemprop=\"width\" content=\"502\"> <meta itemprop=\"height\" content=\"313\"> <img decoding=\"async\" data-recalc-dims=\"1\" class=\"\" data-attachment-id=\"123366\" data-orig-file=\"https:\/\/develop.olympic.ca\/olympique\/wp-content\/uploads\/sites\/2\/2016\/08\/capture-d_c3a9cran-2016-08-18-c3a0-10-27-31-e1471533246631.png\" data-orig-size=\"1340,836\" data-comments-opened=\"1\" data-image-meta=\"{&quot;aperture&quot;:&quot;0&quot;,&quot;credit&quot;:&quot;&quot;,&quot;camera&quot;:&quot;&quot;,&quot;caption&quot;:&quot;&quot;,&quot;created_timestamp&quot;:&quot;0&quot;,&quot;copyright&quot;:&quot;&quot;,&quot;focal_length&quot;:&quot;0&quot;,&quot;iso&quot;:&quot;0&quot;,&quot;shutter_speed&quot;:&quot;0&quot;,&quot;title&quot;:&quot;&quot;,&quot;orientation&quot;:&quot;0&quot;}\" data-image-title=\"Equipe Canada &amp;#8211; athletisme &amp;#8211; Andre de Grasse &amp;#8211; Rio 2016\" data-image-description=\"\" data-medium-file=\"https:\/\/develop.olympic.ca\/olympique\/wp-content\/uploads\/sites\/2\/2016\/08\/capture-d_c3a9cran-2016-08-18-c3a0-10-27-31-e1471533246631.png?w=595\" data-large-file=\"https:\/\/develop.olympic.ca\/olympique\/wp-content\/uploads\/sites\/2\/2016\/08\/capture-d_c3a9cran-2016-08-18-c3a0-10-27-31-e1471533246631.png?w=1209\" src=\"https:\/\/develop.olympic.ca\/olympique\/wp-content\/uploads\/sites\/2\/2016\/08\/capture-d_c3a9cran-2016-08-18-c3a0-10-27-31-e1471533246631.png?w=502&#038;h=313&#038;quality=100&#038;strip&#038;resize=502%2C313\" srcset=\"https:\/\/develop.olympic.ca\/olympique\/wp-content\/uploads\/sites\/2\/2016\/08\/capture-d_c3a9cran-2016-08-18-c3a0-10-27-31-e1471533246631.png 1340w, https:\/\/develop.olympic.ca\/olympique\/wp-content\/uploads\/sites\/2\/2016\/08\/capture-d_c3a9cran-2016-08-18-c3a0-10-27-31-e1471533246631.png?resize=253,158 253w, https:\/\/develop.olympic.ca\/olympique\/wp-content\/uploads\/sites\/2\/2016\/08\/capture-d_c3a9cran-2016-08-18-c3a0-10-27-31-e1471533246631.png?resize=595,371 595w, https:\/\/develop.olympic.ca\/olympique\/wp-content\/uploads\/sites\/2\/2016\/08\/capture-d_c3a9cran-2016-08-18-c3a0-10-27-31-e1471533246631.png?resize=768,479 768w, https:\/\/develop.olympic.ca\/olympique\/wp-content\/uploads\/sites\/2\/2016\/08\/capture-d_c3a9cran-2016-08-18-c3a0-10-27-31-e1471533246631.png?resize=1209,754 1209w\" width=\"502\" height=\"313\" loading=\"lazy\" data-original-width=\"502\" data-original-height=\"313\" itemprop=\"http:\/\/schema.org\/image\" title=\"Equipe Canada - athletisme - Andre de Grasse - Rio 2016\" alt=\"Equipe Canada - athletisme - Andre de Grasse - Rio 2016\" style=\"width: 502px; height: 313px;\" \/> <\/a> <div class=\"tiled-gallery-caption\" itemprop=\"caption description\"> Andre De Grasse et Usain Bolt pendant la demi-finale du 200 m aux Jeux olympiques de Rio, le 17 ao\u00fbt 2016. <\/div> <\/div> <\/div> <!-- close group --> <div class=\"gallery-group images-1\" style=\"width: 445px; height: 317px;\" data-original-width=\"445\" data-original-height=\"317\" > <div class=\"tiled-gallery-item tiled-gallery-item-large\" itemprop=\"associatedMedia\" itemscope itemtype=\"http:\/\/schema.org\/ImageObject\"> <a href=\"https:\/\/develop.olympic.ca\/olympique\/photos\/rio-2016-andre-de-grasse-et-usain-bolt-en-demi-finale-du-200m\/capture-decran-2016-08-18-a-10-27-24\/#main\" border=\"0\" itemprop=\"url\"> <meta itemprop=\"width\" content=\"441\"> <meta itemprop=\"height\" content=\"313\"> <img decoding=\"async\" data-recalc-dims=\"1\" class=\"\" data-attachment-id=\"123367\" data-orig-file=\"https:\/\/develop.olympic.ca\/olympique\/wp-content\/uploads\/sites\/2\/2016\/08\/capture-d_c3a9cran-2016-08-18-c3a0-10-27-24.png\" data-orig-size=\"1840,1308\" data-comments-opened=\"1\" data-image-meta=\"{&quot;aperture&quot;:&quot;0&quot;,&quot;credit&quot;:&quot;&quot;,&quot;camera&quot;:&quot;&quot;,&quot;caption&quot;:&quot;&quot;,&quot;created_timestamp&quot;:&quot;0&quot;,&quot;copyright&quot;:&quot;&quot;,&quot;focal_length&quot;:&quot;0&quot;,&quot;iso&quot;:&quot;0&quot;,&quot;shutter_speed&quot;:&quot;0&quot;,&quot;title&quot;:&quot;&quot;,&quot;orientation&quot;:&quot;0&quot;}\" data-image-title=\"Equipe Canada &amp;#8211; athletisme &amp;#8211; Andre de Grasse &amp;#8211; Rio 2016\" data-image-description=\"\" data-medium-file=\"https:\/\/develop.olympic.ca\/olympique\/wp-content\/uploads\/sites\/2\/2016\/08\/capture-d_c3a9cran-2016-08-18-c3a0-10-27-24.png?w=522\" data-large-file=\"https:\/\/develop.olympic.ca\/olympique\/wp-content\/uploads\/sites\/2\/2016\/08\/capture-d_c3a9cran-2016-08-18-c3a0-10-27-24.png?w=1061\" src=\"https:\/\/develop.olympic.ca\/olympique\/wp-content\/uploads\/sites\/2\/2016\/08\/capture-d_c3a9cran-2016-08-18-c3a0-10-27-24.png?w=441&#038;h=313&#038;quality=100&#038;strip&#038;resize=441%2C313\" srcset=\"https:\/\/develop.olympic.ca\/olympique\/wp-content\/uploads\/sites\/2\/2016\/08\/capture-d_c3a9cran-2016-08-18-c3a0-10-27-24.png 1840w, https:\/\/develop.olympic.ca\/olympique\/wp-content\/uploads\/sites\/2\/2016\/08\/capture-d_c3a9cran-2016-08-18-c3a0-10-27-24.png?resize=222,158 222w, https:\/\/develop.olympic.ca\/olympique\/wp-content\/uploads\/sites\/2\/2016\/08\/capture-d_c3a9cran-2016-08-18-c3a0-10-27-24.png?resize=522,371 522w, https:\/\/develop.olympic.ca\/olympique\/wp-content\/uploads\/sites\/2\/2016\/08\/capture-d_c3a9cran-2016-08-18-c3a0-10-27-24.png?resize=768,546 768w, https:\/\/develop.olympic.ca\/olympique\/wp-content\/uploads\/sites\/2\/2016\/08\/capture-d_c3a9cran-2016-08-18-c3a0-10-27-24.png?resize=1061,754 1061w, https:\/\/develop.olympic.ca\/olympique\/wp-content\/uploads\/sites\/2\/2016\/08\/capture-d_c3a9cran-2016-08-18-c3a0-10-27-24.png?resize=1536,1092 1536w\" width=\"441\" height=\"313\" loading=\"lazy\" data-original-width=\"441\" data-original-height=\"313\" itemprop=\"http:\/\/schema.org\/image\" title=\"Equipe Canada - athletisme - Andre de Grasse - Rio 2016\" alt=\"Andre De Grasse et Usain Bolt rigolent en courant\" style=\"width: 441px; height: 313px;\" \/> <\/a> <div class=\"tiled-gallery-caption\" itemprop=\"caption description\"> Andre De Grasse et Usain Bolt pendant la demi-finale du 200 m aux Jeux olympiques de Rio, le 17 ao\u00fbt 2016. <\/div> <\/div> <\/div> <!-- close group --> <div class=\"gallery-group images-1\" style=\"width: 409px; height: 317px;\" data-original-width=\"409\" data-original-height=\"317\" > <div class=\"tiled-gallery-item tiled-gallery-item-large\" itemprop=\"associatedMedia\" itemscope itemtype=\"http:\/\/schema.org\/ImageObject\"> <a href=\"https:\/\/develop.olympic.ca\/olympique\/photos\/rio-2016-andre-de-grasse-et-usain-bolt-en-demi-finale-du-200m\/capture-decran-2016-08-18-a-10-28-11\/#main\" border=\"0\" itemprop=\"url\"> <meta itemprop=\"width\" content=\"405\"> <meta itemprop=\"height\" content=\"313\"> <img decoding=\"async\" data-recalc-dims=\"1\" class=\"\" data-attachment-id=\"123368\" data-orig-file=\"https:\/\/develop.olympic.ca\/olympique\/wp-content\/uploads\/sites\/2\/2016\/08\/capture-d_c3a9cran-2016-08-18-c3a0-10-28-11.png\" data-orig-size=\"1688,1306\" data-comments-opened=\"1\" data-image-meta=\"{&quot;aperture&quot;:&quot;0&quot;,&quot;credit&quot;:&quot;&quot;,&quot;camera&quot;:&quot;&quot;,&quot;caption&quot;:&quot;&quot;,&quot;created_timestamp&quot;:&quot;0&quot;,&quot;copyright&quot;:&quot;&quot;,&quot;focal_length&quot;:&quot;0&quot;,&quot;iso&quot;:&quot;0&quot;,&quot;shutter_speed&quot;:&quot;0&quot;,&quot;title&quot;:&quot;&quot;,&quot;orientation&quot;:&quot;0&quot;}\" data-image-title=\"Equipe Canada &amp;#8211; athletisme &amp;#8211; Andre de Grasse &amp;#8211; Rio 2016\" data-image-description=\"\" data-medium-file=\"https:\/\/develop.olympic.ca\/olympique\/wp-content\/uploads\/sites\/2\/2016\/08\/capture-d_c3a9cran-2016-08-18-c3a0-10-28-11.png?w=480\" data-large-file=\"https:\/\/develop.olympic.ca\/olympique\/wp-content\/uploads\/sites\/2\/2016\/08\/capture-d_c3a9cran-2016-08-18-c3a0-10-28-11.png?w=975\" src=\"https:\/\/develop.olympic.ca\/olympique\/wp-content\/uploads\/sites\/2\/2016\/08\/capture-d_c3a9cran-2016-08-18-c3a0-10-28-11.png?w=405&#038;h=313&#038;quality=100&#038;strip&#038;resize=405%2C313\" srcset=\"https:\/\/develop.olympic.ca\/olympique\/wp-content\/uploads\/sites\/2\/2016\/08\/capture-d_c3a9cran-2016-08-18-c3a0-10-28-11.png 1688w, https:\/\/develop.olympic.ca\/olympique\/wp-content\/uploads\/sites\/2\/2016\/08\/capture-d_c3a9cran-2016-08-18-c3a0-10-28-11.png?resize=204,158 204w, https:\/\/develop.olympic.ca\/olympique\/wp-content\/uploads\/sites\/2\/2016\/08\/capture-d_c3a9cran-2016-08-18-c3a0-10-28-11.png?resize=480,371 480w, https:\/\/develop.olympic.ca\/olympique\/wp-content\/uploads\/sites\/2\/2016\/08\/capture-d_c3a9cran-2016-08-18-c3a0-10-28-11.png?resize=768,594 768w, https:\/\/develop.olympic.ca\/olympique\/wp-content\/uploads\/sites\/2\/2016\/08\/capture-d_c3a9cran-2016-08-18-c3a0-10-28-11.png?resize=975,754 975w, https:\/\/develop.olympic.ca\/olympique\/wp-content\/uploads\/sites\/2\/2016\/08\/capture-d_c3a9cran-2016-08-18-c3a0-10-28-11.png?resize=1536,1188 1536w\" width=\"405\" height=\"313\" loading=\"lazy\" data-original-width=\"405\" data-original-height=\"313\" itemprop=\"http:\/\/schema.org\/image\" title=\"Equipe Canada - athletisme - Andre de Grasse - Rio 2016\" alt=\"Equipe Canada - athletisme - Andre de Grasse - Rio 2016\" style=\"width: 405px; height: 313px;\" \/> <\/a> <div class=\"tiled-gallery-caption\" itemprop=\"caption description\"> Usain Bolt et Andr\u00e9 De Grasse comp\u00e9titionnent au 200m lors des Jeux de Rio 2016, le 17 aout 2016. <\/div> <\/div> <\/div> <!-- close group --> <\/div> <!-- close row --> <div class=\"gallery-row\" style=\"width: 1360px; height: 570px;\" data-original-width=\"1360\" data-original-height=\"570\" > <div class=\"gallery-group images-1\" style=\"width: 902px; height: 570px;\" data-original-width=\"902\" data-original-height=\"570\" > <div class=\"tiled-gallery-item tiled-gallery-item-large\" itemprop=\"associatedMedia\" itemscope itemtype=\"http:\/\/schema.org\/ImageObject\"> <a href=\"https:\/\/develop.olympic.ca\/olympique\/photos\/rio-2016-andre-de-grasse-et-usain-bolt-en-demi-finale-du-200m\/capture-decran-2016-08-18-a-10-28-01\/#main\" border=\"0\" itemprop=\"url\"> <meta itemprop=\"width\" content=\"898\"> <meta itemprop=\"height\" content=\"566\"> <img decoding=\"async\" data-recalc-dims=\"1\" class=\"\" data-attachment-id=\"123369\" data-orig-file=\"https:\/\/develop.olympic.ca\/olympique\/wp-content\/uploads\/sites\/2\/2016\/08\/capture-d_c3a9cran-2016-08-18-c3a0-10-28-01.png\" data-orig-size=\"2062,1300\" data-comments-opened=\"1\" data-image-meta=\"{&quot;aperture&quot;:&quot;0&quot;,&quot;credit&quot;:&quot;&quot;,&quot;camera&quot;:&quot;&quot;,&quot;caption&quot;:&quot;&quot;,&quot;created_timestamp&quot;:&quot;0&quot;,&quot;copyright&quot;:&quot;&quot;,&quot;focal_length&quot;:&quot;0&quot;,&quot;iso&quot;:&quot;0&quot;,&quot;shutter_speed&quot;:&quot;0&quot;,&quot;title&quot;:&quot;&quot;,&quot;orientation&quot;:&quot;0&quot;}\" data-image-title=\"Equipe Canada &amp;#8211; athletisme &amp;#8211; Andre de Grasse &amp;#8211; Rio 2016\" data-image-description=\"\" data-medium-file=\"https:\/\/develop.olympic.ca\/olympique\/wp-content\/uploads\/sites\/2\/2016\/08\/capture-d_c3a9cran-2016-08-18-c3a0-10-28-01.png?w=588\" data-large-file=\"https:\/\/develop.olympic.ca\/olympique\/wp-content\/uploads\/sites\/2\/2016\/08\/capture-d_c3a9cran-2016-08-18-c3a0-10-28-01.png?w=1196\" src=\"https:\/\/develop.olympic.ca\/olympique\/wp-content\/uploads\/sites\/2\/2016\/08\/capture-d_c3a9cran-2016-08-18-c3a0-10-28-01.png?w=898&#038;h=566&#038;quality=100&#038;strip&#038;resize=898%2C566\" srcset=\"https:\/\/develop.olympic.ca\/olympique\/wp-content\/uploads\/sites\/2\/2016\/08\/capture-d_c3a9cran-2016-08-18-c3a0-10-28-01.png 2062w, https:\/\/develop.olympic.ca\/olympique\/wp-content\/uploads\/sites\/2\/2016\/08\/capture-d_c3a9cran-2016-08-18-c3a0-10-28-01.png?resize=251,158 251w, https:\/\/develop.olympic.ca\/olympique\/wp-content\/uploads\/sites\/2\/2016\/08\/capture-d_c3a9cran-2016-08-18-c3a0-10-28-01.png?resize=588,371 588w, https:\/\/develop.olympic.ca\/olympique\/wp-content\/uploads\/sites\/2\/2016\/08\/capture-d_c3a9cran-2016-08-18-c3a0-10-28-01.png?resize=768,484 768w, https:\/\/develop.olympic.ca\/olympique\/wp-content\/uploads\/sites\/2\/2016\/08\/capture-d_c3a9cran-2016-08-18-c3a0-10-28-01.png?resize=1196,754 1196w, https:\/\/develop.olympic.ca\/olympique\/wp-content\/uploads\/sites\/2\/2016\/08\/capture-d_c3a9cran-2016-08-18-c3a0-10-28-01.png?resize=1536,968 1536w, https:\/\/develop.olympic.ca\/olympique\/wp-content\/uploads\/sites\/2\/2016\/08\/capture-d_c3a9cran-2016-08-18-c3a0-10-28-01.png?resize=2048,1291 2048w\" width=\"898\" height=\"566\" loading=\"lazy\" data-original-width=\"898\" data-original-height=\"566\" itemprop=\"http:\/\/schema.org\/image\" title=\"Equipe Canada - athletisme - Andre de Grasse - Rio 2016\" alt=\"Equipe Canada - athletisme - Andre de Grasse - Rio 2016\" style=\"width: 898px; height: 566px;\" \/> <\/a> <div class=\"tiled-gallery-caption\" itemprop=\"caption description\"> Usain Bolt et Andr\u00e9 De Grasse comp\u00e9titionnent au 200m lors des Jeux de Rio 2016, le 17 aout 2016. <\/div> <\/div> <\/div> <!-- close group --> <div class=\"gallery-group images-2\" style=\"width: 458px; height: 570px;\" data-original-width=\"458\" data-original-height=\"570\" > <div class=\"tiled-gallery-item tiled-gallery-item-large\" itemprop=\"associatedMedia\" itemscope itemtype=\"http:\/\/schema.org\/ImageObject\"> <a href=\"https:\/\/develop.olympic.ca\/olympique\/photos\/rio-2016-andre-de-grasse-et-usain-bolt-en-demi-finale-du-200m\/capture-decran-2016-08-18-a-10-26-44\/#main\" border=\"0\" itemprop=\"url\"> <meta itemprop=\"width\" content=\"454\"> <meta itemprop=\"height\" content=\"263\"> <img decoding=\"async\" data-recalc-dims=\"1\" class=\"\" data-attachment-id=\"123371\" data-orig-file=\"https:\/\/develop.olympic.ca\/olympique\/wp-content\/uploads\/sites\/2\/2016\/08\/capture-d_c3a9cran-2016-08-18-c3a0-10-26-44.png\" data-orig-size=\"2242,1302\" data-comments-opened=\"1\" data-image-meta=\"{&quot;aperture&quot;:&quot;0&quot;,&quot;credit&quot;:&quot;&quot;,&quot;camera&quot;:&quot;&quot;,&quot;caption&quot;:&quot;&quot;,&quot;created_timestamp&quot;:&quot;0&quot;,&quot;copyright&quot;:&quot;&quot;,&quot;focal_length&quot;:&quot;0&quot;,&quot;iso&quot;:&quot;0&quot;,&quot;shutter_speed&quot;:&quot;0&quot;,&quot;title&quot;:&quot;&quot;,&quot;orientation&quot;:&quot;0&quot;}\" data-image-title=\"Equipe Canada &amp;#8211; athletisme &amp;#8211; Andre de Grasse &amp;#8211; Rio 2016\" data-image-description=\"\" data-medium-file=\"https:\/\/develop.olympic.ca\/olympique\/wp-content\/uploads\/sites\/2\/2016\/08\/capture-d_c3a9cran-2016-08-18-c3a0-10-26-44.png?w=639\" data-large-file=\"https:\/\/develop.olympic.ca\/olympique\/wp-content\/uploads\/sites\/2\/2016\/08\/capture-d_c3a9cran-2016-08-18-c3a0-10-26-44.png?w=1298\" src=\"https:\/\/develop.olympic.ca\/olympique\/wp-content\/uploads\/sites\/2\/2016\/08\/capture-d_c3a9cran-2016-08-18-c3a0-10-26-44.png?w=454&#038;h=263&#038;quality=100&#038;strip&#038;resize=454%2C263\" srcset=\"https:\/\/develop.olympic.ca\/olympique\/wp-content\/uploads\/sites\/2\/2016\/08\/capture-d_c3a9cran-2016-08-18-c3a0-10-26-44.png 2242w, https:\/\/develop.olympic.ca\/olympique\/wp-content\/uploads\/sites\/2\/2016\/08\/capture-d_c3a9cran-2016-08-18-c3a0-10-26-44.png?resize=272,158 272w, https:\/\/develop.olympic.ca\/olympique\/wp-content\/uploads\/sites\/2\/2016\/08\/capture-d_c3a9cran-2016-08-18-c3a0-10-26-44.png?resize=639,371 639w, https:\/\/develop.olympic.ca\/olympique\/wp-content\/uploads\/sites\/2\/2016\/08\/capture-d_c3a9cran-2016-08-18-c3a0-10-26-44.png?resize=768,446 768w, https:\/\/develop.olympic.ca\/olympique\/wp-content\/uploads\/sites\/2\/2016\/08\/capture-d_c3a9cran-2016-08-18-c3a0-10-26-44.png?resize=1298,754 1298w, https:\/\/develop.olympic.ca\/olympique\/wp-content\/uploads\/sites\/2\/2016\/08\/capture-d_c3a9cran-2016-08-18-c3a0-10-26-44.png?resize=1536,892 1536w, https:\/\/develop.olympic.ca\/olympique\/wp-content\/uploads\/sites\/2\/2016\/08\/capture-d_c3a9cran-2016-08-18-c3a0-10-26-44.png?resize=2048,1189 2048w\" width=\"454\" height=\"263\" loading=\"lazy\" data-original-width=\"454\" data-original-height=\"263\" itemprop=\"http:\/\/schema.org\/image\" title=\"Equipe Canada - athletisme - Andre de Grasse - Rio 2016\" alt=\"Equipe Canada - athletisme - Andre de Grasse - Rio 2016\" style=\"width: 454px; height: 263px;\" \/> <\/a> <div class=\"tiled-gallery-caption\" itemprop=\"caption description\"> Usain Bolt et Andr\u00e9 De Grasse comp\u00e9titionnent au 200m lors des Jeux de Rio 2016, le 17 aout 2016. <\/div> <\/div> <div class=\"tiled-gallery-item tiled-gallery-item-large\" itemprop=\"associatedMedia\" itemscope itemtype=\"http:\/\/schema.org\/ImageObject\"> <a href=\"https:\/\/develop.olympic.ca\/olympique\/photos\/rio-2016-andre-de-grasse-et-usain-bolt-en-demi-finale-du-200m\/capture-decran-2016-08-18-a-10-27-51\/#main\" border=\"0\" itemprop=\"url\"> <meta itemprop=\"width\" content=\"454\"> <meta itemprop=\"height\" content=\"299\"> <img decoding=\"async\" data-recalc-dims=\"1\" class=\"\" data-attachment-id=\"123372\" data-orig-file=\"https:\/\/develop.olympic.ca\/olympique\/wp-content\/uploads\/sites\/2\/2016\/08\/capture-d_c3a9cran-2016-08-18-c3a0-10-27-51.png\" data-orig-size=\"1978,1304\" data-comments-opened=\"1\" data-image-meta=\"{&quot;aperture&quot;:&quot;0&quot;,&quot;credit&quot;:&quot;&quot;,&quot;camera&quot;:&quot;&quot;,&quot;caption&quot;:&quot;&quot;,&quot;created_timestamp&quot;:&quot;0&quot;,&quot;copyright&quot;:&quot;&quot;,&quot;focal_length&quot;:&quot;0&quot;,&quot;iso&quot;:&quot;0&quot;,&quot;shutter_speed&quot;:&quot;0&quot;,&quot;title&quot;:&quot;&quot;,&quot;orientation&quot;:&quot;0&quot;}\" data-image-title=\"Equipe Canada &amp;#8211; athletisme &amp;#8211; Andre de Grasse &amp;#8211; Rio 2016\" data-image-description=\"\" data-medium-file=\"https:\/\/develop.olympic.ca\/olympique\/wp-content\/uploads\/sites\/2\/2016\/08\/capture-d_c3a9cran-2016-08-18-c3a0-10-27-51.png?w=563\" data-large-file=\"https:\/\/develop.olympic.ca\/olympique\/wp-content\/uploads\/sites\/2\/2016\/08\/capture-d_c3a9cran-2016-08-18-c3a0-10-27-51.png?w=1144\" src=\"https:\/\/develop.olympic.ca\/olympique\/wp-content\/uploads\/sites\/2\/2016\/08\/capture-d_c3a9cran-2016-08-18-c3a0-10-27-51.png?w=454&#038;h=299&#038;quality=100&#038;strip&#038;resize=454%2C299\" srcset=\"https:\/\/develop.olympic.ca\/olympique\/wp-content\/uploads\/sites\/2\/2016\/08\/capture-d_c3a9cran-2016-08-18-c3a0-10-27-51.png 1978w, https:\/\/develop.olympic.ca\/olympique\/wp-content\/uploads\/sites\/2\/2016\/08\/capture-d_c3a9cran-2016-08-18-c3a0-10-27-51.png?resize=240,158 240w, https:\/\/develop.olympic.ca\/olympique\/wp-content\/uploads\/sites\/2\/2016\/08\/capture-d_c3a9cran-2016-08-18-c3a0-10-27-51.png?resize=563,371 563w, https:\/\/develop.olympic.ca\/olympique\/wp-content\/uploads\/sites\/2\/2016\/08\/capture-d_c3a9cran-2016-08-18-c3a0-10-27-51.png?resize=768,506 768w, https:\/\/develop.olympic.ca\/olympique\/wp-content\/uploads\/sites\/2\/2016\/08\/capture-d_c3a9cran-2016-08-18-c3a0-10-27-51.png?resize=1144,754 1144w, https:\/\/develop.olympic.ca\/olympique\/wp-content\/uploads\/sites\/2\/2016\/08\/capture-d_c3a9cran-2016-08-18-c3a0-10-27-51.png?resize=1536,1013 1536w\" width=\"454\" height=\"299\" loading=\"lazy\" data-original-width=\"454\" data-original-height=\"299\" itemprop=\"http:\/\/schema.org\/image\" title=\"Equipe Canada - athletisme - Andre de Grasse - Rio 2016\" alt=\"Equipe Canada - athletisme - Andre de Grasse - Rio 2016\" style=\"width: 454px; height: 299px;\" \/> <\/a> <div class=\"tiled-gallery-caption\" itemprop=\"caption description\"> Usain Bolt et Andr\u00e9 De Grasse comp\u00e9titionnent au 200m lors des Jeux de Rio 2016, le 17 aout 2016. <\/div> <\/div> <\/div> <!-- close group --> <\/div> <!-- close row --> <div class=\"gallery-row\" style=\"width: 1360px; height: 272px;\" data-original-width=\"1360\" data-original-height=\"272\" > <div class=\"gallery-group images-1\" style=\"width: 429px; height: 272px;\" data-original-width=\"429\" data-original-height=\"272\" > <div class=\"tiled-gallery-item tiled-gallery-item-large\" itemprop=\"associatedMedia\" itemscope itemtype=\"http:\/\/schema.org\/ImageObject\"> <a href=\"https:\/\/develop.olympic.ca\/olympique\/photos\/rio-2016-andre-de-grasse-et-usain-bolt-en-demi-finale-du-200m\/capture-decran-2016-08-18-a-10-26-19\/#main\" border=\"0\" itemprop=\"url\"> <meta itemprop=\"width\" content=\"425\"> <meta itemprop=\"height\" content=\"268\"> <img decoding=\"async\" data-recalc-dims=\"1\" class=\"\" data-attachment-id=\"123374\" data-orig-file=\"https:\/\/develop.olympic.ca\/olympique\/wp-content\/uploads\/sites\/2\/2016\/08\/capture-d_c3a9cran-2016-08-18-c3a0-10-26-19.png\" data-orig-size=\"2064,1300\" data-comments-opened=\"1\" data-image-meta=\"{&quot;aperture&quot;:&quot;0&quot;,&quot;credit&quot;:&quot;&quot;,&quot;camera&quot;:&quot;&quot;,&quot;caption&quot;:&quot;&quot;,&quot;created_timestamp&quot;:&quot;0&quot;,&quot;copyright&quot;:&quot;&quot;,&quot;focal_length&quot;:&quot;0&quot;,&quot;iso&quot;:&quot;0&quot;,&quot;shutter_speed&quot;:&quot;0&quot;,&quot;title&quot;:&quot;&quot;,&quot;orientation&quot;:&quot;0&quot;}\" data-image-title=\"Equipe Canada &amp;#8211; athletisme &amp;#8211; Andre de Grasse &amp;#8211; Rio 2016\" data-image-description=\"\" data-medium-file=\"https:\/\/develop.olympic.ca\/olympique\/wp-content\/uploads\/sites\/2\/2016\/08\/capture-d_c3a9cran-2016-08-18-c3a0-10-26-19.png?w=589\" data-large-file=\"https:\/\/develop.olympic.ca\/olympique\/wp-content\/uploads\/sites\/2\/2016\/08\/capture-d_c3a9cran-2016-08-18-c3a0-10-26-19.png?w=1197\" src=\"https:\/\/develop.olympic.ca\/olympique\/wp-content\/uploads\/sites\/2\/2016\/08\/capture-d_c3a9cran-2016-08-18-c3a0-10-26-19.png?w=425&#038;h=268&#038;quality=100&#038;strip&#038;resize=425%2C268\" srcset=\"https:\/\/develop.olympic.ca\/olympique\/wp-content\/uploads\/sites\/2\/2016\/08\/capture-d_c3a9cran-2016-08-18-c3a0-10-26-19.png 2064w, https:\/\/develop.olympic.ca\/olympique\/wp-content\/uploads\/sites\/2\/2016\/08\/capture-d_c3a9cran-2016-08-18-c3a0-10-26-19.png?resize=251,158 251w, https:\/\/develop.olympic.ca\/olympique\/wp-content\/uploads\/sites\/2\/2016\/08\/capture-d_c3a9cran-2016-08-18-c3a0-10-26-19.png?resize=589,371 589w, https:\/\/develop.olympic.ca\/olympique\/wp-content\/uploads\/sites\/2\/2016\/08\/capture-d_c3a9cran-2016-08-18-c3a0-10-26-19.png?resize=768,484 768w, https:\/\/develop.olympic.ca\/olympique\/wp-content\/uploads\/sites\/2\/2016\/08\/capture-d_c3a9cran-2016-08-18-c3a0-10-26-19.png?resize=1197,754 1197w, https:\/\/develop.olympic.ca\/olympique\/wp-content\/uploads\/sites\/2\/2016\/08\/capture-d_c3a9cran-2016-08-18-c3a0-10-26-19.png?resize=1536,967 1536w, https:\/\/develop.olympic.ca\/olympique\/wp-content\/uploads\/sites\/2\/2016\/08\/capture-d_c3a9cran-2016-08-18-c3a0-10-26-19.png?resize=2048,1290 2048w\" width=\"425\" height=\"268\" loading=\"lazy\" data-original-width=\"425\" data-original-height=\"268\" itemprop=\"http:\/\/schema.org\/image\" title=\"Equipe Canada - athletisme - Andre de Grasse - Rio 2016\" alt=\"Equipe Canada - athletisme - Andre de Grasse - Rio 2016\" style=\"width: 425px; height: 268px;\" \/> <\/a> <div class=\"tiled-gallery-caption\" itemprop=\"caption description\"> Usain Bolt et Andr\u00e9 De Grasse comp\u00e9titionnent au 200m lors des Jeux de Rio 2016, le 17 aout 2016. <\/div> <\/div> <\/div> <!-- close group --> <div class=\"gallery-group images-1\" style=\"width: 312px; height: 272px;\" data-original-width=\"312\" data-original-height=\"272\" > <div class=\"tiled-gallery-item tiled-gallery-item-large\" itemprop=\"associatedMedia\" itemscope itemtype=\"http:\/\/schema.org\/ImageObject\"> <a href=\"https:\/\/develop.olympic.ca\/olympique\/photos\/rio-2016-andre-de-grasse-et-usain-bolt-en-demi-finale-du-200m\/capture-decran-2016-08-18-a-10-31-34\/#main\" border=\"0\" itemprop=\"url\"> <meta itemprop=\"width\" content=\"308\"> <meta itemprop=\"height\" content=\"268\"> <img decoding=\"async\" data-recalc-dims=\"1\" class=\"\" data-attachment-id=\"123375\" data-orig-file=\"https:\/\/develop.olympic.ca\/olympique\/wp-content\/uploads\/sites\/2\/2016\/08\/capture-d_c3a9cran-2016-08-18-c3a0-10-31-34.png\" data-orig-size=\"1492,1298\" data-comments-opened=\"1\" data-image-meta=\"{&quot;aperture&quot;:&quot;0&quot;,&quot;credit&quot;:&quot;&quot;,&quot;camera&quot;:&quot;&quot;,&quot;caption&quot;:&quot;&quot;,&quot;created_timestamp&quot;:&quot;0&quot;,&quot;copyright&quot;:&quot;&quot;,&quot;focal_length&quot;:&quot;0&quot;,&quot;iso&quot;:&quot;0&quot;,&quot;shutter_speed&quot;:&quot;0&quot;,&quot;title&quot;:&quot;&quot;,&quot;orientation&quot;:&quot;0&quot;}\" data-image-title=\"Equipe Canada &amp;#8211; athletisme &amp;#8211; Andre de Grasse &amp;#8211; Rio 2016\" data-image-description=\"\" data-medium-file=\"https:\/\/develop.olympic.ca\/olympique\/wp-content\/uploads\/sites\/2\/2016\/08\/capture-d_c3a9cran-2016-08-18-c3a0-10-31-34.png?w=426\" data-large-file=\"https:\/\/develop.olympic.ca\/olympique\/wp-content\/uploads\/sites\/2\/2016\/08\/capture-d_c3a9cran-2016-08-18-c3a0-10-31-34.png?w=867\" src=\"https:\/\/develop.olympic.ca\/olympique\/wp-content\/uploads\/sites\/2\/2016\/08\/capture-d_c3a9cran-2016-08-18-c3a0-10-31-34.png?w=308&#038;h=268&#038;quality=100&#038;strip&#038;resize=308%2C268\" srcset=\"https:\/\/develop.olympic.ca\/olympique\/wp-content\/uploads\/sites\/2\/2016\/08\/capture-d_c3a9cran-2016-08-18-c3a0-10-31-34.png 1492w, https:\/\/develop.olympic.ca\/olympique\/wp-content\/uploads\/sites\/2\/2016\/08\/capture-d_c3a9cran-2016-08-18-c3a0-10-31-34.png?resize=182,158 182w, https:\/\/develop.olympic.ca\/olympique\/wp-content\/uploads\/sites\/2\/2016\/08\/capture-d_c3a9cran-2016-08-18-c3a0-10-31-34.png?resize=426,371 426w, https:\/\/develop.olympic.ca\/olympique\/wp-content\/uploads\/sites\/2\/2016\/08\/capture-d_c3a9cran-2016-08-18-c3a0-10-31-34.png?resize=768,668 768w, https:\/\/develop.olympic.ca\/olympique\/wp-content\/uploads\/sites\/2\/2016\/08\/capture-d_c3a9cran-2016-08-18-c3a0-10-31-34.png?resize=867,754 867w\" width=\"308\" height=\"268\" loading=\"lazy\" data-original-width=\"308\" data-original-height=\"268\" itemprop=\"http:\/\/schema.org\/image\" title=\"Equipe Canada - athletisme - Andre de Grasse - Rio 2016\" alt=\"Equipe Canada - athletisme - Andre de Grasse - Rio 2016\" style=\"width: 308px; height: 268px;\" \/> <\/a> <div class=\"tiled-gallery-caption\" itemprop=\"caption description\"> Usain Bolt et Andr\u00e9 De Grasse comp\u00e9titionnent au 200m lors des Jeux de Rio 2016, le 17 aout 2016. <\/div> <\/div> <\/div> <!-- close group --> <div class=\"gallery-group images-1\" style=\"width: 206px; height: 272px;\" data-original-width=\"206\" data-original-height=\"272\" > <div class=\"tiled-gallery-item tiled-gallery-item-small\" itemprop=\"associatedMedia\" itemscope itemtype=\"http:\/\/schema.org\/ImageObject\"> <a href=\"https:\/\/develop.olympic.ca\/olympique\/photos\/rio-2016-andre-de-grasse-et-usain-bolt-en-demi-finale-du-200m\/capture-decran-2016-08-18-a-10-28-45\/#main\" border=\"0\" itemprop=\"url\"> <meta itemprop=\"width\" content=\"202\"> <meta itemprop=\"height\" content=\"268\"> <img decoding=\"async\" data-recalc-dims=\"1\" class=\"\" data-attachment-id=\"123376\" data-orig-file=\"https:\/\/develop.olympic.ca\/olympique\/wp-content\/uploads\/sites\/2\/2016\/08\/capture-d_c3a9cran-2016-08-18-c3a0-10-28-45.png\" data-orig-size=\"994,1320\" data-comments-opened=\"1\" data-image-meta=\"{&quot;aperture&quot;:&quot;0&quot;,&quot;credit&quot;:&quot;&quot;,&quot;camera&quot;:&quot;&quot;,&quot;caption&quot;:&quot;&quot;,&quot;created_timestamp&quot;:&quot;0&quot;,&quot;copyright&quot;:&quot;&quot;,&quot;focal_length&quot;:&quot;0&quot;,&quot;iso&quot;:&quot;0&quot;,&quot;shutter_speed&quot;:&quot;0&quot;,&quot;title&quot;:&quot;&quot;,&quot;orientation&quot;:&quot;0&quot;}\" data-image-title=\"Equipe Canada &amp;#8211; athletisme &amp;#8211; Andre de Grasse &amp;#8211; Rio 2016\" data-image-description=\"\" data-medium-file=\"https:\/\/develop.olympic.ca\/olympique\/wp-content\/uploads\/sites\/2\/2016\/08\/capture-d_c3a9cran-2016-08-18-c3a0-10-28-45.png?w=279\" data-large-file=\"https:\/\/develop.olympic.ca\/olympique\/wp-content\/uploads\/sites\/2\/2016\/08\/capture-d_c3a9cran-2016-08-18-c3a0-10-28-45.png?w=568\" src=\"https:\/\/develop.olympic.ca\/olympique\/wp-content\/uploads\/sites\/2\/2016\/08\/capture-d_c3a9cran-2016-08-18-c3a0-10-28-45.png?w=202&#038;h=268&#038;quality=100&#038;strip&#038;resize=202%2C268\" srcset=\"https:\/\/develop.olympic.ca\/olympique\/wp-content\/uploads\/sites\/2\/2016\/08\/capture-d_c3a9cran-2016-08-18-c3a0-10-28-45.png 994w, https:\/\/develop.olympic.ca\/olympique\/wp-content\/uploads\/sites\/2\/2016\/08\/capture-d_c3a9cran-2016-08-18-c3a0-10-28-45.png?resize=119,158 119w, https:\/\/develop.olympic.ca\/olympique\/wp-content\/uploads\/sites\/2\/2016\/08\/capture-d_c3a9cran-2016-08-18-c3a0-10-28-45.png?resize=279,371 279w, https:\/\/develop.olympic.ca\/olympique\/wp-content\/uploads\/sites\/2\/2016\/08\/capture-d_c3a9cran-2016-08-18-c3a0-10-28-45.png?resize=768,1020 768w, https:\/\/develop.olympic.ca\/olympique\/wp-content\/uploads\/sites\/2\/2016\/08\/capture-d_c3a9cran-2016-08-18-c3a0-10-28-45.png?resize=568,754 568w\" width=\"202\" height=\"268\" loading=\"lazy\" data-original-width=\"202\" data-original-height=\"268\" itemprop=\"http:\/\/schema.org\/image\" title=\"Equipe Canada - athletisme - Andre de Grasse - Rio 2016\" alt=\"Equipe Canada - athletisme - Andre de Grasse - Rio 2016\" style=\"width: 202px; height: 268px;\" \/> <\/a> <div class=\"tiled-gallery-caption\" itemprop=\"caption description\"> Usain Bolt et Andr\u00e9 De Grasse comp\u00e9titionnent au 200m lors des Jeux de Rio 2016, le 17 aout 2016. <\/div> <\/div> <\/div> <!-- close group --> <div class=\"gallery-group images-1\" style=\"width: 413px; height: 272px;\" data-original-width=\"413\" data-original-height=\"272\" > <div class=\"tiled-gallery-item tiled-gallery-item-large\" itemprop=\"associatedMedia\" itemscope itemtype=\"http:\/\/schema.org\/ImageObject\"> <a href=\"https:\/\/develop.olympic.ca\/olympique\/photos\/rio-2016-andre-de-grasse-et-usain-bolt-en-demi-finale-du-200m\/capture-decran-2016-08-18-a-10-28-25\/#main\" border=\"0\" itemprop=\"url\"> <meta itemprop=\"width\" content=\"409\"> <meta itemprop=\"height\" content=\"268\"> <img decoding=\"async\" data-recalc-dims=\"1\" class=\"\" data-attachment-id=\"123377\" data-orig-file=\"https:\/\/develop.olympic.ca\/olympique\/wp-content\/uploads\/sites\/2\/2016\/08\/capture-d_c3a9cran-2016-08-18-c3a0-10-28-25-e1471644678230.png\" data-orig-size=\"1340,879\" data-comments-opened=\"1\" data-image-meta=\"{&quot;aperture&quot;:&quot;0&quot;,&quot;credit&quot;:&quot;&quot;,&quot;camera&quot;:&quot;&quot;,&quot;caption&quot;:&quot;&quot;,&quot;created_timestamp&quot;:&quot;0&quot;,&quot;copyright&quot;:&quot;&quot;,&quot;focal_length&quot;:&quot;0&quot;,&quot;iso&quot;:&quot;0&quot;,&quot;shutter_speed&quot;:&quot;0&quot;,&quot;title&quot;:&quot;&quot;,&quot;orientation&quot;:&quot;0&quot;}\" data-image-title=\"Equipe Canada &amp;#8211; athletisme &amp;#8211; Andre de Grasse &amp;#8211; Rio 2016\" data-image-description=\"\" data-medium-file=\"https:\/\/develop.olympic.ca\/olympique\/wp-content\/uploads\/sites\/2\/2016\/08\/capture-d_c3a9cran-2016-08-18-c3a0-10-28-25-e1471644678230.png?w=566\" data-large-file=\"https:\/\/develop.olympic.ca\/olympique\/wp-content\/uploads\/sites\/2\/2016\/08\/capture-d_c3a9cran-2016-08-18-c3a0-10-28-25-e1471644678230.png?w=1149\" src=\"https:\/\/develop.olympic.ca\/olympique\/wp-content\/uploads\/sites\/2\/2016\/08\/capture-d_c3a9cran-2016-08-18-c3a0-10-28-25-e1471644678230.png?w=409&#038;h=268&#038;quality=100&#038;strip&#038;resize=409%2C268\" srcset=\"https:\/\/develop.olympic.ca\/olympique\/wp-content\/uploads\/sites\/2\/2016\/08\/capture-d_c3a9cran-2016-08-18-c3a0-10-28-25-e1471644678230.png 1340w, https:\/\/develop.olympic.ca\/olympique\/wp-content\/uploads\/sites\/2\/2016\/08\/capture-d_c3a9cran-2016-08-18-c3a0-10-28-25-e1471644678230.png?resize=241,158 241w, https:\/\/develop.olympic.ca\/olympique\/wp-content\/uploads\/sites\/2\/2016\/08\/capture-d_c3a9cran-2016-08-18-c3a0-10-28-25-e1471644678230.png?resize=566,371 566w, https:\/\/develop.olympic.ca\/olympique\/wp-content\/uploads\/sites\/2\/2016\/08\/capture-d_c3a9cran-2016-08-18-c3a0-10-28-25-e1471644678230.png?resize=768,504 768w, https:\/\/develop.olympic.ca\/olympique\/wp-content\/uploads\/sites\/2\/2016\/08\/capture-d_c3a9cran-2016-08-18-c3a0-10-28-25-e1471644678230.png?resize=1149,754 1149w\" width=\"409\" height=\"268\" loading=\"lazy\" data-original-width=\"409\" data-original-height=\"268\" itemprop=\"http:\/\/schema.org\/image\" title=\"Equipe Canada - athletisme - Andre de Grasse - Rio 2016\" alt=\"Usain Bolt regarde Andre De Grasse en riant apr\u00e8s le 200 m \u00e0 Rio 2016\" style=\"width: 409px; height: 268px;\" \/> <\/a> <div class=\"tiled-gallery-caption\" itemprop=\"caption description\"> Usain Bolt et Andre De Grasse comp\u00e9titionnent au 200 m lors des Jeux olympiques de Rio, le 17 aout 2016. <\/div> <\/div> <\/div> <!-- close group --> <\/div> <!-- close row --> <\/div>\n","protected":false},"excerpt":{"rendered":"","protected":false},"featured_media":123366,"parent":0,"template":"","format":"standard","categories":[],"tags":[9980570,182457884,415984548,1104411,713425,6699587],"sport":[48770],"game":[415984561],"class_list":["post-123362","photos","type-photos","status-publish","format-standard","has-post-thumbnail","hentry","tag-200-m","tag-andre-de-grasse","tag-athletisme","tag-equipe-canada","tag-rio-2016","tag-usain-bolt","sport-athletisme","game-2016-rio"],"acf":[],"yoast_head":"<!-- This site is optimized with the Yoast SEO plugin v27.3 - https:\/\/yoast.com\/product\/yoast-seo-wordpress\/ -->\n<title>Rio 2016: Andre De Grasse et Usain Bolt en demi-finale du 200m - \u00c9quipe Canada | Site officiel de l&#039;\u00e9quipe olympique<\/title>\n<meta name=\"robots\" content=\"index, follow, max-snippet:-1, max-image-preview:large, max-video-preview:-1\" \/>\n<link rel=\"canonical\" href=\"https:\/\/develop.olympic.ca\/olympique\/photos\/rio-2016-andre-de-grasse-et-usain-bolt-en-demi-finale-du-200m\/\" \/>\n<meta property=\"og:locale\" content=\"fr_FR\" \/>\n<meta property=\"og:type\" content=\"article\" \/>\n<meta property=\"og:title\" content=\"Rio 2016: Andre De Grasse et Usain Bolt en demi-finale du 200m - \u00c9quipe Canada | Site officiel de l&#039;\u00e9quipe olympique\" \/>\n<meta property=\"og:url\" content=\"https:\/\/develop.olympic.ca\/olympique\/photos\/rio-2016-andre-de-grasse-et-usain-bolt-en-demi-finale-du-200m\/\" \/>\n<meta property=\"og:site_name\" content=\"\u00c9quipe Canada | Site officiel de l&#039;\u00e9quipe olympique\" \/>\n<meta property=\"article:modified_time\" content=\"2018-10-09T19:09:48+00:00\" \/>\n<meta property=\"og:image\" content=\"https:\/\/develop.olympic.ca\/olympique\/wp-content\/uploads\/sites\/2\/2016\/08\/capture-d_c3a9cran-2016-08-18-c3a0-10-27-31-e1471533246631.png\" \/>\n\t<meta property=\"og:image:width\" content=\"1340\" \/>\n\t<meta property=\"og:image:height\" content=\"836\" \/>\n\t<meta property=\"og:image:type\" content=\"image\/png\" \/>\n<meta name=\"twitter:card\" content=\"summary_large_image\" \/>\n<meta name=\"twitter:label1\" content=\"Written by\" \/>\n\t<meta name=\"twitter:data1\" content=\"Benjamin Dubois\" \/>\n<script type=\"application\/ld+json\" class=\"yoast-schema-graph\">{\"@context\":\"https:\\\/\\\/schema.org\",\"@graph\":[{\"@type\":\"WebPage\",\"@id\":\"https:\\\/\\\/develop.olympic.ca\\\/olympique\\\/photos\\\/rio-2016-andre-de-grasse-et-usain-bolt-en-demi-finale-du-200m\\\/\",\"url\":\"https:\\\/\\\/develop.olympic.ca\\\/olympique\\\/photos\\\/rio-2016-andre-de-grasse-et-usain-bolt-en-demi-finale-du-200m\\\/\",\"name\":\"Rio 2016: Andre De Grasse et Usain Bolt en demi-finale du 200m - \u00c9quipe Canada | Site officiel de l&#039;\u00e9quipe olympique\",\"isPartOf\":{\"@id\":\"https:\\\/\\\/develop.olympic.ca\\\/olympique\\\/#website\"},\"primaryImageOfPage\":{\"@id\":\"https:\\\/\\\/develop.olympic.ca\\\/olympique\\\/photos\\\/rio-2016-andre-de-grasse-et-usain-bolt-en-demi-finale-du-200m\\\/#primaryimage\"},\"image\":{\"@id\":\"https:\\\/\\\/develop.olympic.ca\\\/olympique\\\/photos\\\/rio-2016-andre-de-grasse-et-usain-bolt-en-demi-finale-du-200m\\\/#primaryimage\"},\"thumbnailUrl\":\"https:\\\/\\\/develop.olympic.ca\\\/olympique\\\/wp-content\\\/uploads\\\/sites\\\/2\\\/2016\\\/08\\\/capture-d_c3a9cran-2016-08-18-c3a0-10-27-31-e1471533246631.png\",\"datePublished\":\"2016-08-18T14:52:38+00:00\",\"dateModified\":\"2018-10-09T19:09:48+00:00\",\"breadcrumb\":{\"@id\":\"https:\\\/\\\/develop.olympic.ca\\\/olympique\\\/photos\\\/rio-2016-andre-de-grasse-et-usain-bolt-en-demi-finale-du-200m\\\/#breadcrumb\"},\"inLanguage\":\"fr-FR\",\"potentialAction\":[{\"@type\":\"ReadAction\",\"target\":[\"https:\\\/\\\/develop.olympic.ca\\\/olympique\\\/photos\\\/rio-2016-andre-de-grasse-et-usain-bolt-en-demi-finale-du-200m\\\/\"]}]},{\"@type\":\"ImageObject\",\"inLanguage\":\"fr-FR\",\"@id\":\"https:\\\/\\\/develop.olympic.ca\\\/olympique\\\/photos\\\/rio-2016-andre-de-grasse-et-usain-bolt-en-demi-finale-du-200m\\\/#primaryimage\",\"url\":\"https:\\\/\\\/develop.olympic.ca\\\/olympique\\\/wp-content\\\/uploads\\\/sites\\\/2\\\/2016\\\/08\\\/capture-d_c3a9cran-2016-08-18-c3a0-10-27-31-e1471533246631.png\",\"contentUrl\":\"https:\\\/\\\/develop.olympic.ca\\\/olympique\\\/wp-content\\\/uploads\\\/sites\\\/2\\\/2016\\\/08\\\/capture-d_c3a9cran-2016-08-18-c3a0-10-27-31-e1471533246631.png\",\"width\":1340,\"height\":836,\"caption\":\"Andre De Grasse et Usain Bolt pendant la demi-finale du 200 m aux Jeux olympiques de Rio, le 17 ao\u00fbt 2016.\"},{\"@type\":\"BreadcrumbList\",\"@id\":\"https:\\\/\\\/develop.olympic.ca\\\/olympique\\\/photos\\\/rio-2016-andre-de-grasse-et-usain-bolt-en-demi-finale-du-200m\\\/#breadcrumb\",\"itemListElement\":[{\"@type\":\"ListItem\",\"position\":1,\"name\":\"Album photo\",\"item\":\"https:\\\/\\\/develop.olympic.ca\\\/olympique\\\/photos\\\/\"},{\"@type\":\"ListItem\",\"position\":2,\"name\":\"Rio 2016: Andre De Grasse et Usain Bolt en demi-finale du 200m\"}]},{\"@type\":\"WebSite\",\"@id\":\"https:\\\/\\\/develop.olympic.ca\\\/olympique\\\/#website\",\"url\":\"https:\\\/\\\/develop.olympic.ca\\\/olympique\\\/\",\"name\":\"\u00c9quipe Canada | Site officiel de l&#039;\u00e9quipe olympique\",\"description\":\"Votre source pour l\u2019\u00c9quipe olympique canadienne. Retrouvez les r\u00e9cits, vid\u00e9os et photos des athl\u00e8tes canadiens, sports olympiques, Jeux olympiques de 2020 et bien plus!\",\"potentialAction\":[{\"@type\":\"SearchAction\",\"target\":{\"@type\":\"EntryPoint\",\"urlTemplate\":\"https:\\\/\\\/develop.olympic.ca\\\/olympique\\\/?s={search_term_string}\"},\"query-input\":{\"@type\":\"PropertyValueSpecification\",\"valueRequired\":true,\"valueName\":\"search_term_string\"}}],\"inLanguage\":\"fr-FR\"}]}<\/script>\n<!-- \/ Yoast SEO plugin. -->","yoast_head_json":{"title":"Rio 2016: Andre De Grasse et Usain Bolt en demi-finale du 200m - \u00c9quipe Canada | Site officiel de l&#039;\u00e9quipe olympique","robots":{"index":"index","follow":"follow","max-snippet":"max-snippet:-1","max-image-preview":"max-image-preview:large","max-video-preview":"max-video-preview:-1"},"canonical":"https:\/\/develop.olympic.ca\/olympique\/photos\/rio-2016-andre-de-grasse-et-usain-bolt-en-demi-finale-du-200m\/","og_locale":"fr_FR","og_type":"article","og_title":"Rio 2016: Andre De Grasse et Usain Bolt en demi-finale du 200m - \u00c9quipe Canada | Site officiel de l&#039;\u00e9quipe olympique","og_url":"https:\/\/develop.olympic.ca\/olympique\/photos\/rio-2016-andre-de-grasse-et-usain-bolt-en-demi-finale-du-200m\/","og_site_name":"\u00c9quipe Canada | Site officiel de l&#039;\u00e9quipe olympique","article_modified_time":"2018-10-09T19:09:48+00:00","og_image":[{"width":1340,"height":836,"url":"https:\/\/develop.olympic.ca\/olympique\/wp-content\/uploads\/sites\/2\/2016\/08\/capture-d_c3a9cran-2016-08-18-c3a0-10-27-31-e1471533246631.png","type":"image\/png"}],"twitter_card":"summary_large_image","twitter_misc":{"Written by":"Benjamin Dubois"},"schema":{"@context":"https:\/\/schema.org","@graph":[{"@type":"WebPage","@id":"https:\/\/develop.olympic.ca\/olympique\/photos\/rio-2016-andre-de-grasse-et-usain-bolt-en-demi-finale-du-200m\/","url":"https:\/\/develop.olympic.ca\/olympique\/photos\/rio-2016-andre-de-grasse-et-usain-bolt-en-demi-finale-du-200m\/","name":"Rio 2016: Andre De Grasse et Usain Bolt en demi-finale du 200m - \u00c9quipe Canada | Site officiel de l&#039;\u00e9quipe olympique","isPartOf":{"@id":"https:\/\/develop.olympic.ca\/olympique\/#website"},"primaryImageOfPage":{"@id":"https:\/\/develop.olympic.ca\/olympique\/photos\/rio-2016-andre-de-grasse-et-usain-bolt-en-demi-finale-du-200m\/#primaryimage"},"image":{"@id":"https:\/\/develop.olympic.ca\/olympique\/photos\/rio-2016-andre-de-grasse-et-usain-bolt-en-demi-finale-du-200m\/#primaryimage"},"thumbnailUrl":"https:\/\/develop.olympic.ca\/olympique\/wp-content\/uploads\/sites\/2\/2016\/08\/capture-d_c3a9cran-2016-08-18-c3a0-10-27-31-e1471533246631.png","datePublished":"2016-08-18T14:52:38+00:00","dateModified":"2018-10-09T19:09:48+00:00","breadcrumb":{"@id":"https:\/\/develop.olympic.ca\/olympique\/photos\/rio-2016-andre-de-grasse-et-usain-bolt-en-demi-finale-du-200m\/#breadcrumb"},"inLanguage":"fr-FR","potentialAction":[{"@type":"ReadAction","target":["https:\/\/develop.olympic.ca\/olympique\/photos\/rio-2016-andre-de-grasse-et-usain-bolt-en-demi-finale-du-200m\/"]}]},{"@type":"ImageObject","inLanguage":"fr-FR","@id":"https:\/\/develop.olympic.ca\/olympique\/photos\/rio-2016-andre-de-grasse-et-usain-bolt-en-demi-finale-du-200m\/#primaryimage","url":"https:\/\/develop.olympic.ca\/olympique\/wp-content\/uploads\/sites\/2\/2016\/08\/capture-d_c3a9cran-2016-08-18-c3a0-10-27-31-e1471533246631.png","contentUrl":"https:\/\/develop.olympic.ca\/olympique\/wp-content\/uploads\/sites\/2\/2016\/08\/capture-d_c3a9cran-2016-08-18-c3a0-10-27-31-e1471533246631.png","width":1340,"height":836,"caption":"Andre De Grasse et Usain Bolt pendant la demi-finale du 200 m aux Jeux olympiques de Rio, le 17 ao\u00fbt 2016."},{"@type":"BreadcrumbList","@id":"https:\/\/develop.olympic.ca\/olympique\/photos\/rio-2016-andre-de-grasse-et-usain-bolt-en-demi-finale-du-200m\/#breadcrumb","itemListElement":[{"@type":"ListItem","position":1,"name":"Album photo","item":"https:\/\/develop.olympic.ca\/olympique\/photos\/"},{"@type":"ListItem","position":2,"name":"Rio 2016: Andre De Grasse et Usain Bolt en demi-finale du 200m"}]},{"@type":"WebSite","@id":"https:\/\/develop.olympic.ca\/olympique\/#website","url":"https:\/\/develop.olympic.ca\/olympique\/","name":"\u00c9quipe Canada | Site officiel de l&#039;\u00e9quipe olympique","description":"Votre source pour l\u2019\u00c9quipe olympique canadienne. Retrouvez les r\u00e9cits, vid\u00e9os et photos des athl\u00e8tes canadiens, sports olympiques, Jeux olympiques de 2020 et bien plus!","potentialAction":[{"@type":"SearchAction","target":{"@type":"EntryPoint","urlTemplate":"https:\/\/develop.olympic.ca\/olympique\/?s={search_term_string}"},"query-input":{"@type":"PropertyValueSpecification","valueRequired":true,"valueName":"search_term_string"}}],"inLanguage":"fr-FR"}]}},"featured_image_url":"https:\/\/develop.olympic.ca\/olympique\/wp-content\/uploads\/sites\/2\/2016\/08\/capture-d_c3a9cran-2016-08-18-c3a0-10-27-31-e1471533246631.png","category_names":[],"tag_names":["200 m","Andre De Grasse","Athl\u00e9tisme","\u00c9quipe canada","Rio 2016","Usain Bolt"],"sport_names":[342],"game_names":["Rio 2016"],"jetpack_sharing_enabled":true,"_links":{"self":[{"href":"https:\/\/develop.olympic.ca\/olympique\/wp-json\/wp\/v2\/photos\/123362","targetHints":{"allow":["GET"]}}],"collection":[{"href":"https:\/\/develop.olympic.ca\/olympique\/wp-json\/wp\/v2\/photos"}],"about":[{"href":"https:\/\/develop.olympic.ca\/olympique\/wp-json\/wp\/v2\/types\/photos"}],"wp:featuredmedia":[{"embeddable":true,"href":"https:\/\/develop.olympic.ca\/olympique\/wp-json\/wp\/v2\/media\/123366"}],"wp:attachment":[{"href":"https:\/\/develop.olympic.ca\/olympique\/wp-json\/wp\/v2\/media?parent=123362"}],"wp:term":[{"taxonomy":"category","embeddable":true,"href":"https:\/\/develop.olympic.ca\/olympique\/wp-json\/wp\/v2\/categories?post=123362"},{"taxonomy":"post_tag","embeddable":true,"href":"https:\/\/develop.olympic.ca\/olympique\/wp-json\/wp\/v2\/tags?post=123362"},{"taxonomy":"sport","embeddable":true,"href":"https:\/\/develop.olympic.ca\/olympique\/wp-json\/wp\/v2\/sport?post=123362"},{"taxonomy":"game","embeddable":true,"href":"https:\/\/develop.olympic.ca\/olympique\/wp-json\/wp\/v2\/game?post=123362"}],"curies":[{"name":"wp","href":"https:\/\/api.w.org\/{rel}","templated":true}]}}