{"id":123597,"date":"2016-08-18T21:18:10","date_gmt":"2016-08-19T01:18:10","guid":{"rendered":"http:\/\/develop.olympic.ca\/olympique\/?post_type=photos&#038;p=123597"},"modified":"2018-10-09T15:03:22","modified_gmt":"2018-10-09T19:03:22","slug":"rio-2016-warner-gagne-le-bronze-au-decathlon","status":"publish","type":"photos","link":"https:\/\/develop.olympic.ca\/olympique\/photos\/rio-2016-warner-gagne-le-bronze-au-decathlon\/","title":{"rendered":"Rio 2016 : Warner gagne le bronze au d\u00e9cathlon"},"content":{"rendered":"<div class=\"tiled-gallery type-rectangular tiled-gallery-unresized\" data-original-width=\"1360\" data-carousel-extra='null' itemscope itemtype=\"http:\/\/schema.org\/ImageGallery\" > <div class=\"gallery-row\" style=\"width: 1360px; height: 663px;\" data-original-width=\"1360\" data-original-height=\"663\" > <div class=\"gallery-group images-1\" style=\"width: 901px; height: 663px;\" data-original-width=\"901\" data-original-height=\"663\" > <div class=\"tiled-gallery-item tiled-gallery-item-large\" itemprop=\"associatedMedia\" itemscope itemtype=\"http:\/\/schema.org\/ImageObject\"> <a href=\"https:\/\/develop.olympic.ca\/olympique\/photos\/rio-2016-warner-gagne-le-bronze-au-decathlon\/oly-20160818-8\/#main\" border=\"0\" itemprop=\"url\"> <meta itemprop=\"width\" content=\"897\"> <meta itemprop=\"height\" content=\"659\"> <img decoding=\"async\" data-recalc-dims=\"1\" class=\"\" data-attachment-id=\"123610\" data-orig-file=\"https:\/\/develop.olympic.ca\/olympique\/wp-content\/uploads\/sites\/2\/2016\/08\/damienwarner_dec_markblinchphoto-9-e1471568998398.jpg?quality=100\" data-orig-size=\"1340,985\" data-comments-opened=\"1\" data-image-meta=\"{&quot;aperture&quot;:&quot;5.6&quot;,&quot;credit&quot;:&quot;Canadian Olympic Committee&quot;,&quot;camera&quot;:&quot;Canon EOS-1D X Mark II&quot;,&quot;caption&quot;:&quot;Canada\\u0027s Damian Warner competes in the pole vault in the men\\u0027s decathlon at the Olympic games in Rio de Janeiro, Brazil, Thursday August 18, 2016. COC Photo\\\/Mark Blinch&quot;,&quot;created_timestamp&quot;:&quot;1471539117&quot;,&quot;copyright&quot;:&quot;Canadian Olympic Committee&quot;,&quot;focal_length&quot;:&quot;560&quot;,&quot;iso&quot;:&quot;320&quot;,&quot;shutter_speed&quot;:&quot;0.002&quot;,&quot;title&quot;:&quot;OLY 20160818&quot;,&quot;orientation&quot;:&quot;0&quot;}\" data-image-title=\"Equipe Canada &amp;#8211; decathlon &amp;#8211; Damian Warner &amp;#8211; Rio 2016\" data-image-description=\"&lt;p&gt;Damian Warner en finale du d\u00e9cathlon des Jeux olympiques de Rio, le 18 ao\u00fbt 2016. COC Photo\/Mark Blinch&lt;\/p&gt; \" data-medium-file=\"https:\/\/develop.olympic.ca\/olympique\/wp-content\/uploads\/sites\/2\/2016\/08\/damienwarner_dec_markblinchphoto-9-e1471568998398.jpg?quality=100&#038;w=505\" data-large-file=\"https:\/\/develop.olympic.ca\/olympique\/wp-content\/uploads\/sites\/2\/2016\/08\/damienwarner_dec_markblinchphoto-9-e1471568998398.jpg?quality=100&#038;w=1026\" src=\"https:\/\/develop.olympic.ca\/olympique\/wp-content\/uploads\/sites\/2\/2016\/08\/damienwarner_dec_markblinchphoto-9-e1471568998398.jpg?quality=100&#038;w=897&#038;h=659&#038;strip&#038;resize=897%2C659\" srcset=\"https:\/\/develop.olympic.ca\/olympique\/wp-content\/uploads\/sites\/2\/2016\/08\/damienwarner_dec_markblinchphoto-9-e1471568998398.jpg 1340w, https:\/\/develop.olympic.ca\/olympique\/wp-content\/uploads\/sites\/2\/2016\/08\/damienwarner_dec_markblinchphoto-9-e1471568998398.jpg?resize=215,158 215w, https:\/\/develop.olympic.ca\/olympique\/wp-content\/uploads\/sites\/2\/2016\/08\/damienwarner_dec_markblinchphoto-9-e1471568998398.jpg?resize=505,371 505w, https:\/\/develop.olympic.ca\/olympique\/wp-content\/uploads\/sites\/2\/2016\/08\/damienwarner_dec_markblinchphoto-9-e1471568998398.jpg?resize=768,565 768w, https:\/\/develop.olympic.ca\/olympique\/wp-content\/uploads\/sites\/2\/2016\/08\/damienwarner_dec_markblinchphoto-9-e1471568998398.jpg?resize=1026,754 1026w\" width=\"897\" height=\"659\" loading=\"lazy\" data-original-width=\"897\" data-original-height=\"659\" itemprop=\"http:\/\/schema.org\/image\" title=\"Equipe Canada - decathlon - Damian Warner - Rio 2016\" alt=\"Equipe Canada - decathlon - Damian Warner - Rio 2016\" style=\"width: 897px; height: 659px;\" \/> <\/a> <div class=\"tiled-gallery-caption\" itemprop=\"caption description\"> Damian Warner en finale du d\u00e9cathlon des Jeux olympiques de Rio, le 18 ao\u00fbt 2016. COC Photo\/Mark Blinch <\/div> <\/div> <\/div> <!-- close group --> <div class=\"gallery-group images-2\" style=\"width: 459px; height: 663px;\" data-original-width=\"459\" data-original-height=\"663\" > <div class=\"tiled-gallery-item tiled-gallery-item-large\" itemprop=\"associatedMedia\" itemscope itemtype=\"http:\/\/schema.org\/ImageObject\"> <a href=\"https:\/\/develop.olympic.ca\/olympique\/photos\/rio-2016-warner-gagne-le-bronze-au-decathlon\/damianwarner_bronze_markblinchphoto-9-2\/#main\" border=\"0\" itemprop=\"url\"> <meta itemprop=\"width\" content=\"455\"> <meta itemprop=\"height\" content=\"315\"> <img decoding=\"async\" data-recalc-dims=\"1\" class=\"\" data-attachment-id=\"123617\" data-orig-file=\"https:\/\/develop.olympic.ca\/olympique\/wp-content\/uploads\/sites\/2\/2016\/08\/damianwarner_bronze_markblinchphoto-9-2-e1471569625389.jpg?quality=100\" data-orig-size=\"1340,929\" data-comments-opened=\"1\" data-image-meta=\"{&quot;aperture&quot;:&quot;4&quot;,&quot;credit&quot;:&quot;&quot;,&quot;camera&quot;:&quot;Canon EOS-1D X Mark II&quot;,&quot;caption&quot;:&quot;&quot;,&quot;created_timestamp&quot;:&quot;1471558086&quot;,&quot;copyright&quot;:&quot;Canadian Olympic Committee&quot;,&quot;focal_length&quot;:&quot;294&quot;,&quot;iso&quot;:&quot;4000&quot;,&quot;shutter_speed&quot;:&quot;0.000625&quot;,&quot;title&quot;:&quot;&quot;,&quot;orientation&quot;:&quot;0&quot;}\" data-image-title=\"Equipe Canada &amp;#8211; decathlon &amp;#8211; Damian Warner &amp;#8211; Rio 2016\" data-image-description=\"&lt;p&gt;Damian Warner en finale du d\u00e9cathlon des Jeux olympiques de Rio, le 18 ao\u00fbt 2016. COC Mark Blinch&lt;\/p&gt; \" data-medium-file=\"https:\/\/develop.olympic.ca\/olympique\/wp-content\/uploads\/sites\/2\/2016\/08\/damianwarner_bronze_markblinchphoto-9-2-e1471569625389.jpg?quality=100&#038;w=535\" data-large-file=\"https:\/\/develop.olympic.ca\/olympique\/wp-content\/uploads\/sites\/2\/2016\/08\/damianwarner_bronze_markblinchphoto-9-2-e1471569625389.jpg?quality=100&#038;w=1088\" src=\"https:\/\/develop.olympic.ca\/olympique\/wp-content\/uploads\/sites\/2\/2016\/08\/damianwarner_bronze_markblinchphoto-9-2-e1471569625389.jpg?quality=100&#038;w=455&#038;h=315&#038;strip&#038;resize=455%2C315\" srcset=\"https:\/\/develop.olympic.ca\/olympique\/wp-content\/uploads\/sites\/2\/2016\/08\/damianwarner_bronze_markblinchphoto-9-2-e1471569625389.jpg 1340w, https:\/\/develop.olympic.ca\/olympique\/wp-content\/uploads\/sites\/2\/2016\/08\/damianwarner_bronze_markblinchphoto-9-2-e1471569625389.jpg?resize=228,158 228w, https:\/\/develop.olympic.ca\/olympique\/wp-content\/uploads\/sites\/2\/2016\/08\/damianwarner_bronze_markblinchphoto-9-2-e1471569625389.jpg?resize=535,371 535w, https:\/\/develop.olympic.ca\/olympique\/wp-content\/uploads\/sites\/2\/2016\/08\/damianwarner_bronze_markblinchphoto-9-2-e1471569625389.jpg?resize=768,532 768w, https:\/\/develop.olympic.ca\/olympique\/wp-content\/uploads\/sites\/2\/2016\/08\/damianwarner_bronze_markblinchphoto-9-2-e1471569625389.jpg?resize=1088,754 1088w\" width=\"455\" height=\"315\" loading=\"lazy\" data-original-width=\"455\" data-original-height=\"315\" itemprop=\"http:\/\/schema.org\/image\" title=\"Equipe Canada - decathlon - Damian Warner - Rio 2016\" alt=\"Equipe Canada - decathlon - Damian Warner - Rio 2016\" style=\"width: 455px; height: 315px;\" \/> <\/a> <div class=\"tiled-gallery-caption\" itemprop=\"caption description\"> Damian Warner c\u00e9l\u00e8bre sa m\u00e9daille de bronze avec l&rsquo;Am\u00e9ricain Ashton Eaton, au d\u00e9cathlon lors des Jeux olympiques de Rio, le 18 ao\u00fbt 2016. COC Mark Blinch <\/div> <\/div> <div class=\"tiled-gallery-item tiled-gallery-item-large\" itemprop=\"associatedMedia\" itemscope itemtype=\"http:\/\/schema.org\/ImageObject\"> <a href=\"https:\/\/develop.olympic.ca\/olympique\/photos\/rio-2016-warner-gagne-le-bronze-au-decathlon\/damianwarner_dec_markblinchphoto-9\/#main\" border=\"0\" itemprop=\"url\"> <meta itemprop=\"width\" content=\"455\"> <meta itemprop=\"height\" content=\"340\"> <img decoding=\"async\" data-recalc-dims=\"1\" class=\"\" data-attachment-id=\"123608\" data-orig-file=\"https:\/\/develop.olympic.ca\/olympique\/wp-content\/uploads\/sites\/2\/2016\/08\/damianwarner_dec_markblinchphoto-9-e1471568977628.jpg?quality=100\" data-orig-size=\"1340,1000\" data-comments-opened=\"1\" data-image-meta=\"{&quot;aperture&quot;:&quot;4&quot;,&quot;credit&quot;:&quot;&quot;,&quot;camera&quot;:&quot;Canon EOS-1D X Mark II&quot;,&quot;caption&quot;:&quot;&quot;,&quot;created_timestamp&quot;:&quot;1471557596&quot;,&quot;copyright&quot;:&quot;Canadian Olympic Committee&quot;,&quot;focal_length&quot;:&quot;232&quot;,&quot;iso&quot;:&quot;4000&quot;,&quot;shutter_speed&quot;:&quot;0.000625&quot;,&quot;title&quot;:&quot;&quot;,&quot;orientation&quot;:&quot;0&quot;}\" data-image-title=\"Equipe Canada &amp;#8211; decathlon &amp;#8211; Damian Warner &amp;#8211; Rio 2016\" data-image-description=\"&lt;p&gt;Damian Warner en finale du d\u00e9cathlon des Jeux olympiques de Rio, le 18 ao\u00fbt 2016. &lt;\/p&gt; \" data-medium-file=\"https:\/\/develop.olympic.ca\/olympique\/wp-content\/uploads\/sites\/2\/2016\/08\/damianwarner_dec_markblinchphoto-9-e1471568977628.jpg?quality=100&#038;w=497\" data-large-file=\"https:\/\/develop.olympic.ca\/olympique\/wp-content\/uploads\/sites\/2\/2016\/08\/damianwarner_dec_markblinchphoto-9-e1471568977628.jpg?quality=100&#038;w=1010\" src=\"https:\/\/develop.olympic.ca\/olympique\/wp-content\/uploads\/sites\/2\/2016\/08\/damianwarner_dec_markblinchphoto-9-e1471568977628.jpg?quality=100&#038;w=455&#038;h=340&#038;strip&#038;resize=455%2C340\" srcset=\"https:\/\/develop.olympic.ca\/olympique\/wp-content\/uploads\/sites\/2\/2016\/08\/damianwarner_dec_markblinchphoto-9-e1471568977628.jpg 1340w, https:\/\/develop.olympic.ca\/olympique\/wp-content\/uploads\/sites\/2\/2016\/08\/damianwarner_dec_markblinchphoto-9-e1471568977628.jpg?resize=212,158 212w, https:\/\/develop.olympic.ca\/olympique\/wp-content\/uploads\/sites\/2\/2016\/08\/damianwarner_dec_markblinchphoto-9-e1471568977628.jpg?resize=497,371 497w, https:\/\/develop.olympic.ca\/olympique\/wp-content\/uploads\/sites\/2\/2016\/08\/damianwarner_dec_markblinchphoto-9-e1471568977628.jpg?resize=768,573 768w, https:\/\/develop.olympic.ca\/olympique\/wp-content\/uploads\/sites\/2\/2016\/08\/damianwarner_dec_markblinchphoto-9-e1471568977628.jpg?resize=1010,754 1010w\" width=\"455\" height=\"340\" loading=\"lazy\" data-original-width=\"455\" data-original-height=\"340\" itemprop=\"http:\/\/schema.org\/image\" title=\"Equipe Canada - decathlon - Damian Warner - Rio 2016\" alt=\"Equipe Canada - decathlon - Damian Warner - Rio 2016\" style=\"width: 455px; height: 340px;\" \/> <\/a> <div class=\"tiled-gallery-caption\" itemprop=\"caption description\"> Damian Warner en finale du d\u00e9cathlon des Jeux olympiques de Rio, le 18 ao\u00fbt 2016. <\/div> <\/div> <\/div> <!-- close group --> <\/div> <!-- close row --> <div class=\"gallery-row\" style=\"width: 1360px; height: 366px;\" data-original-width=\"1360\" data-original-height=\"366\" > <div class=\"gallery-group images-1\" style=\"width: 533px; height: 366px;\" data-original-width=\"533\" data-original-height=\"366\" > <div class=\"tiled-gallery-item tiled-gallery-item-large\" itemprop=\"associatedMedia\" itemscope itemtype=\"http:\/\/schema.org\/ImageObject\"> <a href=\"https:\/\/develop.olympic.ca\/olympique\/photos\/rio-2016-warner-gagne-le-bronze-au-decathlon\/rio-olympics-athletics-31\/#main\" border=\"0\" itemprop=\"url\"> <meta itemprop=\"width\" content=\"529\"> <meta itemprop=\"height\" content=\"362\"> <img decoding=\"async\" data-recalc-dims=\"1\" class=\"\" data-attachment-id=\"123602\" data-orig-file=\"https:\/\/develop.olympic.ca\/olympique\/wp-content\/uploads\/sites\/2\/2016\/08\/12600114-e1471568907349.jpg?quality=100\" data-orig-size=\"1340,918\" data-comments-opened=\"1\" data-image-meta=\"{&quot;aperture&quot;:&quot;5&quot;,&quot;credit&quot;:&quot;The Associated Press&quot;,&quot;camera&quot;:&quot;Canon EOS-1D X Mark II&quot;,&quot;caption&quot;:&quot;Canada\\u0027s Damian Warner competes in men\\u0027s decathlon pole vault during the athletics competitions of the 2016 Summer Olympics at the Olympic stadium in Rio de Janeiro, Brazil, Thursday, Aug. 18, 2016.(AP Photo\\\/Lee Jin-man)&quot;,&quot;created_timestamp&quot;:&quot;1471541457&quot;,&quot;copyright&quot;:&quot;Copyright 2016 The Associated Press. All rights reserved. This material may not be published, broadcast, rewritten or redistribu&quot;,&quot;focal_length&quot;:&quot;400&quot;,&quot;iso&quot;:&quot;1600&quot;,&quot;shutter_speed&quot;:&quot;0.00015625&quot;,&quot;title&quot;:&quot;Rio Olympics Athletics&quot;,&quot;orientation&quot;:&quot;1&quot;}\" data-image-title=\"Equipe Canada &amp;#8211; decathlon &amp;#8211; Damian Warner &amp;#8211; Rio 2016\" data-image-description=\"\" data-medium-file=\"https:\/\/develop.olympic.ca\/olympique\/wp-content\/uploads\/sites\/2\/2016\/08\/12600114-e1471568907349.jpg?quality=100&#038;w=542\" data-large-file=\"https:\/\/develop.olympic.ca\/olympique\/wp-content\/uploads\/sites\/2\/2016\/08\/12600114-e1471568907349.jpg?quality=100&#038;w=1101\" src=\"https:\/\/develop.olympic.ca\/olympique\/wp-content\/uploads\/sites\/2\/2016\/08\/12600114-e1471568907349.jpg?quality=100&#038;w=529&#038;h=362&#038;strip&#038;resize=529%2C362\" srcset=\"https:\/\/develop.olympic.ca\/olympique\/wp-content\/uploads\/sites\/2\/2016\/08\/12600114-e1471568907349.jpg 1340w, https:\/\/develop.olympic.ca\/olympique\/wp-content\/uploads\/sites\/2\/2016\/08\/12600114-e1471568907349.jpg?resize=231,158 231w, https:\/\/develop.olympic.ca\/olympique\/wp-content\/uploads\/sites\/2\/2016\/08\/12600114-e1471568907349.jpg?resize=542,371 542w, https:\/\/develop.olympic.ca\/olympique\/wp-content\/uploads\/sites\/2\/2016\/08\/12600114-e1471568907349.jpg?resize=768,526 768w, https:\/\/develop.olympic.ca\/olympique\/wp-content\/uploads\/sites\/2\/2016\/08\/12600114-e1471568907349.jpg?resize=1101,754 1101w\" width=\"529\" height=\"362\" loading=\"lazy\" data-original-width=\"529\" data-original-height=\"362\" itemprop=\"http:\/\/schema.org\/image\" title=\"Equipe Canada - decathlon - Damian Warner - Rio 2016\" alt=\"Equipe Canada - decathlon - Damian Warner - Rio 2016\" style=\"width: 529px; height: 362px;\" \/> <\/a> <div class=\"tiled-gallery-caption\" itemprop=\"caption description\"> Damian Warner en finale du d\u00e9cathlon, \u00e0 l&rsquo;\u00e9preuve du saut \u00e0 la perche des Jeux olympiques de Rio, le 18 ao\u00fbt 2016. (AP Photo\/Lee Jin-man) <\/div> <\/div> <\/div> <!-- close group --> <div class=\"gallery-group images-1\" style=\"width: 550px; height: 366px;\" data-original-width=\"550\" data-original-height=\"366\" > <div class=\"tiled-gallery-item tiled-gallery-item-large\" itemprop=\"associatedMedia\" itemscope itemtype=\"http:\/\/schema.org\/ImageObject\"> <a href=\"https:\/\/develop.olympic.ca\/olympique\/photos\/rio-2016-warner-gagne-le-bronze-au-decathlon\/rio-olympics-athletics-30\/#main\" border=\"0\" itemprop=\"url\"> <meta itemprop=\"width\" content=\"546\"> <meta itemprop=\"height\" content=\"362\"> <img decoding=\"async\" data-recalc-dims=\"1\" class=\"\" data-attachment-id=\"123601\" data-orig-file=\"https:\/\/develop.olympic.ca\/olympique\/wp-content\/uploads\/sites\/2\/2016\/08\/125988041-e1471568897321.jpg?quality=100\" data-orig-size=\"1340,890\" data-comments-opened=\"1\" data-image-meta=\"{&quot;aperture&quot;:&quot;4&quot;,&quot;credit&quot;:&quot;The Associated Press&quot;,&quot;camera&quot;:&quot;Canon EOS-1D X Mark II&quot;,&quot;caption&quot;:&quot;Canada\\u0027s Damian Warner makes an attempt in the decathlon discus throw, during the athletics competitions of the 2016 Summer Olympics at the Olympic stadium in Rio de Janeiro, Brazil, Thursday, Aug. 18, 2016. (AP Photo\\\/Matt Dunham)&quot;,&quot;created_timestamp&quot;:&quot;1471528948&quot;,&quot;copyright&quot;:&quot;Copyright 2016 The Associated Press. All rights reserved. This material may not be published, broadcast, rewritten or redistribu&quot;,&quot;focal_length&quot;:&quot;376&quot;,&quot;iso&quot;:&quot;800&quot;,&quot;shutter_speed&quot;:&quot;0.000125&quot;,&quot;title&quot;:&quot;Rio Olympics Athletics&quot;,&quot;orientation&quot;:&quot;1&quot;}\" data-image-title=\"Equipe Canada &amp;#8211; decathlon &amp;#8211; Damian Warner &amp;#8211; Rio 2016\" data-image-description=\"\" data-medium-file=\"https:\/\/develop.olympic.ca\/olympique\/wp-content\/uploads\/sites\/2\/2016\/08\/125988041-e1471568897321.jpg?quality=100&#038;w=559\" data-large-file=\"https:\/\/develop.olympic.ca\/olympique\/wp-content\/uploads\/sites\/2\/2016\/08\/125988041-e1471568897321.jpg?quality=100&#038;w=1135\" src=\"https:\/\/develop.olympic.ca\/olympique\/wp-content\/uploads\/sites\/2\/2016\/08\/125988041-e1471568897321.jpg?quality=100&#038;w=546&#038;h=362&#038;strip&#038;resize=546%2C362\" srcset=\"https:\/\/develop.olympic.ca\/olympique\/wp-content\/uploads\/sites\/2\/2016\/08\/125988041-e1471568897321.jpg 1340w, https:\/\/develop.olympic.ca\/olympique\/wp-content\/uploads\/sites\/2\/2016\/08\/125988041-e1471568897321.jpg?resize=238,158 238w, https:\/\/develop.olympic.ca\/olympique\/wp-content\/uploads\/sites\/2\/2016\/08\/125988041-e1471568897321.jpg?resize=559,371 559w, https:\/\/develop.olympic.ca\/olympique\/wp-content\/uploads\/sites\/2\/2016\/08\/125988041-e1471568897321.jpg?resize=768,510 768w, https:\/\/develop.olympic.ca\/olympique\/wp-content\/uploads\/sites\/2\/2016\/08\/125988041-e1471568897321.jpg?resize=1135,754 1135w\" width=\"546\" height=\"362\" loading=\"lazy\" data-original-width=\"546\" data-original-height=\"362\" itemprop=\"http:\/\/schema.org\/image\" title=\"Equipe Canada - decathlon - Damian Warner - Rio 2016\" alt=\"Equipe Canada - decathlon - Damian Warner - Rio 2016\" style=\"width: 546px; height: 362px;\" \/> <\/a> <div class=\"tiled-gallery-caption\" itemprop=\"caption description\"> Damian Warner en finale du d\u00e9cathlon, \u00e0 l&rsquo;\u00e9preuve du lancer du disque des Jeux olympiques de Rio, le 18 ao\u00fbt 2016. (AP Photo\/Matt Dunham) <\/div> <\/div> <\/div> <!-- close group --> <div class=\"gallery-group images-1\" style=\"width: 277px; height: 366px;\" data-original-width=\"277\" data-original-height=\"366\" > <div class=\"tiled-gallery-item tiled-gallery-item-large\" itemprop=\"associatedMedia\" itemscope itemtype=\"http:\/\/schema.org\/ImageObject\"> <a href=\"https:\/\/develop.olympic.ca\/olympique\/photos\/rio-2016-warner-gagne-le-bronze-au-decathlon\/rio-olympics-athletics-32\/#main\" border=\"0\" itemprop=\"url\"> <meta itemprop=\"width\" content=\"273\"> <meta itemprop=\"height\" content=\"362\"> <img decoding=\"async\" data-recalc-dims=\"1\" class=\"\" data-attachment-id=\"123604\" data-orig-file=\"https:\/\/develop.olympic.ca\/olympique\/wp-content\/uploads\/sites\/2\/2016\/08\/12603073-e1471568932300.jpg?quality=100\" data-orig-size=\"1340,1775\" data-comments-opened=\"1\" data-image-meta=\"{&quot;aperture&quot;:&quot;4&quot;,&quot;credit&quot;:&quot;The Associated Press&quot;,&quot;camera&quot;:&quot;Canon EOS-1D X Mark II&quot;,&quot;caption&quot;:&quot;Canada\\u0027s Damian Warner prepares to throw the javelin in the decathlon during the athletics competitions of the 2016 Summer Olympics at the Olympic stadium in Rio de Janeiro, Brazil, Thursday, Aug. 18, 2016. (AP Photo\\\/Lee Jin-man)&quot;,&quot;created_timestamp&quot;:&quot;1471561499&quot;,&quot;copyright&quot;:&quot;Copyright 2016 The Associated Press. All rights reserved. This material may not be published, broadcast, rewritten or redistribu&quot;,&quot;focal_length&quot;:&quot;400&quot;,&quot;iso&quot;:&quot;5000&quot;,&quot;shutter_speed&quot;:&quot;0.0003125&quot;,&quot;title&quot;:&quot;Rio Olympics Athletics&quot;,&quot;orientation&quot;:&quot;1&quot;}\" data-image-title=\"Equipe Canada &amp;#8211; decathlon &amp;#8211; Damian Warner &amp;#8211; Rio 2016\" data-image-description=\"&lt;p&gt;Damian Warner en finale du d\u00e9cathlon, \u00e0 l&amp;rsquo;\u00e9preuve du lancer du javelot des Jeux olympiques de Rio, le 18 ao\u00fbt 2016. (AP Photo\/Lee Jin-man)&lt;\/p&gt; \" data-medium-file=\"https:\/\/develop.olympic.ca\/olympique\/wp-content\/uploads\/sites\/2\/2016\/08\/12603073-e1471568932300.jpg?quality=100&#038;w=280\" data-large-file=\"https:\/\/develop.olympic.ca\/olympique\/wp-content\/uploads\/sites\/2\/2016\/08\/12603073-e1471568932300.jpg?quality=100&#038;w=569\" src=\"https:\/\/develop.olympic.ca\/olympique\/wp-content\/uploads\/sites\/2\/2016\/08\/12603073-e1471568932300.jpg?quality=100&#038;w=273&#038;h=362&#038;strip&#038;resize=273%2C362\" srcset=\"https:\/\/develop.olympic.ca\/olympique\/wp-content\/uploads\/sites\/2\/2016\/08\/12603073-e1471568932300.jpg 1340w, https:\/\/develop.olympic.ca\/olympique\/wp-content\/uploads\/sites\/2\/2016\/08\/12603073-e1471568932300.jpg?resize=119,158 119w, https:\/\/develop.olympic.ca\/olympique\/wp-content\/uploads\/sites\/2\/2016\/08\/12603073-e1471568932300.jpg?resize=280,371 280w, https:\/\/develop.olympic.ca\/olympique\/wp-content\/uploads\/sites\/2\/2016\/08\/12603073-e1471568932300.jpg?resize=768,1017 768w, https:\/\/develop.olympic.ca\/olympique\/wp-content\/uploads\/sites\/2\/2016\/08\/12603073-e1471568932300.jpg?resize=569,754 569w, https:\/\/develop.olympic.ca\/olympique\/wp-content\/uploads\/sites\/2\/2016\/08\/12603073-e1471568932300.jpg?resize=1160,1536 1160w\" width=\"273\" height=\"362\" loading=\"lazy\" data-original-width=\"273\" data-original-height=\"362\" itemprop=\"http:\/\/schema.org\/image\" title=\"Equipe Canada - decathlon - Damian Warner - Rio 2016\" alt=\"Equipe Canada - decathlon - Damian Warner - Rio 2016\" style=\"width: 273px; height: 362px;\" \/> <\/a> <div class=\"tiled-gallery-caption\" itemprop=\"caption description\"> Damian Warner en finale du d\u00e9cathlon, \u00e0 l&rsquo;\u00e9preuve du lancer du javelot des Jeux olympiques de Rio, le 18 ao\u00fbt 2016. (AP Photo\/Lee Jin-man) <\/div> <\/div> <\/div> <!-- close group --> <\/div> <!-- close row --> <div class=\"gallery-row\" style=\"width: 1360px; height: 887px;\" data-original-width=\"1360\" data-original-height=\"887\" > <div class=\"gallery-group images-2\" style=\"width: 621px; height: 887px;\" data-original-width=\"621\" data-original-height=\"887\" > <div class=\"tiled-gallery-item tiled-gallery-item-large\" itemprop=\"associatedMedia\" itemscope itemtype=\"http:\/\/schema.org\/ImageObject\"> <a href=\"https:\/\/develop.olympic.ca\/olympique\/photos\/rio-2016-warner-gagne-le-bronze-au-decathlon\/damianwarner_bronze_markblinchphoto-9\/#main\" border=\"0\" itemprop=\"url\"> <meta itemprop=\"width\" content=\"617\"> <meta itemprop=\"height\" content=\"400\"> <img decoding=\"async\" data-recalc-dims=\"1\" class=\"\" data-attachment-id=\"123618\" data-orig-file=\"https:\/\/develop.olympic.ca\/olympique\/wp-content\/uploads\/sites\/2\/2016\/08\/damianwarner_bronze_markblinchphoto-9-e1471569635189.jpg?quality=100\" data-orig-size=\"1340,869\" data-comments-opened=\"1\" data-image-meta=\"{&quot;aperture&quot;:&quot;4&quot;,&quot;credit&quot;:&quot;&quot;,&quot;camera&quot;:&quot;Canon EOS-1D X Mark II&quot;,&quot;caption&quot;:&quot;&quot;,&quot;created_timestamp&quot;:&quot;1471557836&quot;,&quot;copyright&quot;:&quot;Canadian Olympic Committee&quot;,&quot;focal_length&quot;:&quot;400&quot;,&quot;iso&quot;:&quot;4000&quot;,&quot;shutter_speed&quot;:&quot;0.000625&quot;,&quot;title&quot;:&quot;&quot;,&quot;orientation&quot;:&quot;0&quot;}\" data-image-title=\"Equipe Canada &amp;#8211; decathlon &amp;#8211; Damian Warner &amp;#8211; Rio 2016\" data-image-description=\"&lt;p&gt;Damian Warner c\u00e9l\u00e8bre sa m\u00e9daille de bronze avec l&amp;rsquo;Am\u00e9ricain Ashton Eaton, au d\u00e9cathlon des Jeux olympiques de Rio, le 18 ao\u00fbt 2016. COC Mark Blinch&lt;\/p&gt; \" data-medium-file=\"https:\/\/develop.olympic.ca\/olympique\/wp-content\/uploads\/sites\/2\/2016\/08\/damianwarner_bronze_markblinchphoto-9-e1471569635189.jpg?quality=100&#038;w=572\" data-large-file=\"https:\/\/develop.olympic.ca\/olympique\/wp-content\/uploads\/sites\/2\/2016\/08\/damianwarner_bronze_markblinchphoto-9-e1471569635189.jpg?quality=100&#038;w=1163\" src=\"https:\/\/develop.olympic.ca\/olympique\/wp-content\/uploads\/sites\/2\/2016\/08\/damianwarner_bronze_markblinchphoto-9-e1471569635189.jpg?quality=100&#038;w=617&#038;h=400&#038;strip&#038;resize=617%2C400\" srcset=\"https:\/\/develop.olympic.ca\/olympique\/wp-content\/uploads\/sites\/2\/2016\/08\/damianwarner_bronze_markblinchphoto-9-e1471569635189.jpg 1340w, https:\/\/develop.olympic.ca\/olympique\/wp-content\/uploads\/sites\/2\/2016\/08\/damianwarner_bronze_markblinchphoto-9-e1471569635189.jpg?resize=244,158 244w, https:\/\/develop.olympic.ca\/olympique\/wp-content\/uploads\/sites\/2\/2016\/08\/damianwarner_bronze_markblinchphoto-9-e1471569635189.jpg?resize=572,371 572w, https:\/\/develop.olympic.ca\/olympique\/wp-content\/uploads\/sites\/2\/2016\/08\/damianwarner_bronze_markblinchphoto-9-e1471569635189.jpg?resize=768,498 768w, https:\/\/develop.olympic.ca\/olympique\/wp-content\/uploads\/sites\/2\/2016\/08\/damianwarner_bronze_markblinchphoto-9-e1471569635189.jpg?resize=1163,754 1163w\" width=\"617\" height=\"400\" loading=\"lazy\" data-original-width=\"617\" data-original-height=\"400\" itemprop=\"http:\/\/schema.org\/image\" title=\"Equipe Canada - decathlon - Damian Warner - Rio 2016\" alt=\"Equipe Canada - decathlon - Damian Warner - Rio 2016\" style=\"width: 617px; height: 400px;\" \/> <\/a> <div class=\"tiled-gallery-caption\" itemprop=\"caption description\"> Damian Warner c\u00e9l\u00e8bre sa m\u00e9daille de bronze avec l&rsquo;Am\u00e9ricain Ashton Eaton, au d\u00e9cathlon des Jeux olympiques de Rio, le 18 ao\u00fbt 2016. COC Mark Blinch <\/div> <\/div> <div class=\"tiled-gallery-item tiled-gallery-item-large\" itemprop=\"associatedMedia\" itemscope itemtype=\"http:\/\/schema.org\/ImageObject\"> <a href=\"https:\/\/develop.olympic.ca\/olympique\/photos\/rio-2016-warner-gagne-le-bronze-au-decathlon\/rio-olympics-athletics-36\/#main\" border=\"0\" itemprop=\"url\"> <meta itemprop=\"width\" content=\"617\"> <meta itemprop=\"height\" content=\"479\"> <img decoding=\"async\" data-recalc-dims=\"1\" class=\"\" data-attachment-id=\"123612\" data-orig-file=\"https:\/\/develop.olympic.ca\/olympique\/wp-content\/uploads\/sites\/2\/2016\/08\/12604090.jpg?quality=100\" data-orig-size=\"4618,3590\" data-comments-opened=\"1\" data-image-meta=\"{&quot;aperture&quot;:&quot;4&quot;,&quot;credit&quot;:&quot;The Associated Press&quot;,&quot;camera&quot;:&quot;Canon EOS-1D X Mark II&quot;,&quot;caption&quot;:&quot;France\\u0027s Kevin Mayer, front, leads United States\\u0027 Ashton Eaton, second right, and Canada\\u0027s Damian Warner in a men\\u0027s decathlon 1500-meter heat during the athletics competitions of the 2016 Summer Olympics at the Olympic stadium in Rio de Janeiro, Brazil, Thursday, Aug. 18, 2016. (AP Photo\\\/David J. Phillip)&quot;,&quot;created_timestamp&quot;:&quot;1471564903&quot;,&quot;copyright&quot;:&quot;Copyright 2016 The Associated Press. All rights reserved. This material may not be published, broadcast, rewritten or redistribu&quot;,&quot;focal_length&quot;:&quot;400&quot;,&quot;iso&quot;:&quot;4000&quot;,&quot;shutter_speed&quot;:&quot;0.0005&quot;,&quot;title&quot;:&quot;Rio Olympics Athletics&quot;,&quot;orientation&quot;:&quot;1&quot;}\" data-image-title=\"Equipe Canada &amp;#8211; decathlon &amp;#8211; Damian Warner &amp;#8211; Rio 2016\" data-image-description=\"&lt;p&gt;Damian Warner en finale du d\u00e9cathlon des Jeux olympiques de Rio, le 18 ao\u00fbt 2016. (AP Photo\/David J. Phillip)&lt;\/p&gt; \" data-medium-file=\"https:\/\/develop.olympic.ca\/olympique\/wp-content\/uploads\/sites\/2\/2016\/08\/12604090.jpg?quality=100&#038;w=477\" data-large-file=\"https:\/\/develop.olympic.ca\/olympique\/wp-content\/uploads\/sites\/2\/2016\/08\/12604090.jpg?quality=100&#038;w=970\" src=\"https:\/\/develop.olympic.ca\/olympique\/wp-content\/uploads\/sites\/2\/2016\/08\/12604090.jpg?quality=100&#038;w=617&#038;h=479&#038;strip&#038;resize=617%2C479\" srcset=\"https:\/\/develop.olympic.ca\/olympique\/wp-content\/uploads\/sites\/2\/2016\/08\/12604090.jpg 4618w, https:\/\/develop.olympic.ca\/olympique\/wp-content\/uploads\/sites\/2\/2016\/08\/12604090.jpg?resize=203,158 203w, https:\/\/develop.olympic.ca\/olympique\/wp-content\/uploads\/sites\/2\/2016\/08\/12604090.jpg?resize=477,371 477w, https:\/\/develop.olympic.ca\/olympique\/wp-content\/uploads\/sites\/2\/2016\/08\/12604090.jpg?resize=768,597 768w, https:\/\/develop.olympic.ca\/olympique\/wp-content\/uploads\/sites\/2\/2016\/08\/12604090.jpg?resize=970,754 970w, https:\/\/develop.olympic.ca\/olympique\/wp-content\/uploads\/sites\/2\/2016\/08\/12604090.jpg?resize=1536,1194 1536w, https:\/\/develop.olympic.ca\/olympique\/wp-content\/uploads\/sites\/2\/2016\/08\/12604090.jpg?resize=2048,1592 2048w\" width=\"617\" height=\"479\" loading=\"lazy\" data-original-width=\"617\" data-original-height=\"479\" itemprop=\"http:\/\/schema.org\/image\" title=\"Equipe Canada - decathlon - Damian Warner - Rio 2016\" alt=\"Equipe Canada - decathlon - Damian Warner - Rio 2016\" style=\"width: 617px; height: 479px;\" \/> <\/a> <div class=\"tiled-gallery-caption\" itemprop=\"caption description\"> Damian Warner (troisi\u00e8me) en finale du d\u00e9cathlon, \u00e0 l&rsquo;\u00e9preuve du 1500 m des Jeux olympiques de Rio, le 18 ao\u00fbt 2016. (AP Photo\/David J. Phillip) <\/div> <\/div> <\/div> <!-- close group --> <div class=\"gallery-group images-1\" style=\"width: 739px; height: 887px;\" data-original-width=\"739\" data-original-height=\"887\" > <div class=\"tiled-gallery-item tiled-gallery-item-large\" itemprop=\"associatedMedia\" itemscope itemtype=\"http:\/\/schema.org\/ImageObject\"> <a href=\"https:\/\/develop.olympic.ca\/olympique\/photos\/rio-2016-warner-gagne-le-bronze-au-decathlon\/rio-olympics-athletics-35\/#main\" border=\"0\" itemprop=\"url\"> <meta itemprop=\"width\" content=\"735\"> <meta itemprop=\"height\" content=\"883\"> <img decoding=\"async\" data-recalc-dims=\"1\" class=\"\" data-attachment-id=\"123611\" data-orig-file=\"https:\/\/develop.olympic.ca\/olympique\/wp-content\/uploads\/sites\/2\/2016\/08\/12604063.jpg?quality=100\" data-orig-size=\"1756,2109\" data-comments-opened=\"1\" data-image-meta=\"{&quot;aperture&quot;:&quot;5.6&quot;,&quot;credit&quot;:&quot;The Associated Press&quot;,&quot;camera&quot;:&quot;NIKON D5&quot;,&quot;caption&quot;:&quot;France\\u0027s Kevin Mayer, front, leads United States\\u0027 Ashton Eaton in a men\\u0027s decathlon 1500-meter heat and Canada\\u0027s Damian Warner during the athletics competitions of the 2016 Summer Olympics at the Olympic stadium in Rio de Janeiro, Brazil, Thursday, Aug. 18, 2016. (AP Photo\\\/Martin Meissner)&quot;,&quot;created_timestamp&quot;:&quot;1471568503&quot;,&quot;copyright&quot;:&quot;Copyright 2016 The Associated Press. All rights reserved. This material may not be published, broadcast, rewritten or redistribu&quot;,&quot;focal_length&quot;:&quot;400&quot;,&quot;iso&quot;:&quot;3200&quot;,&quot;shutter_speed&quot;:&quot;0.001&quot;,&quot;title&quot;:&quot;Rio Olympics Athletics&quot;,&quot;orientation&quot;:&quot;1&quot;}\" data-image-title=\"Equipe Canada &amp;#8211; decathlon &amp;#8211; Damian Warner &amp;#8211; Rio 2016\" data-image-description=\"&lt;p&gt;Damian Warner (troisi\u00e8me) en finale du d\u00e9cathlon, \u00e0 l&amp;rsquo;\u00e9preuve du 1500 m des Jeux olympiques de Rio, le 18 ao\u00fbt 2016. (AP Photo\/Martin Meissner)&lt;\/p&gt; \" data-medium-file=\"https:\/\/develop.olympic.ca\/olympique\/wp-content\/uploads\/sites\/2\/2016\/08\/12604063.jpg?quality=100&#038;w=309\" data-large-file=\"https:\/\/develop.olympic.ca\/olympique\/wp-content\/uploads\/sites\/2\/2016\/08\/12604063.jpg?quality=100&#038;w=628\" src=\"https:\/\/develop.olympic.ca\/olympique\/wp-content\/uploads\/sites\/2\/2016\/08\/12604063.jpg?quality=100&#038;w=735&#038;h=883&#038;strip&#038;resize=735%2C883\" srcset=\"https:\/\/develop.olympic.ca\/olympique\/wp-content\/uploads\/sites\/2\/2016\/08\/12604063.jpg 1756w, https:\/\/develop.olympic.ca\/olympique\/wp-content\/uploads\/sites\/2\/2016\/08\/12604063.jpg?resize=132,158 132w, https:\/\/develop.olympic.ca\/olympique\/wp-content\/uploads\/sites\/2\/2016\/08\/12604063.jpg?resize=309,371 309w, https:\/\/develop.olympic.ca\/olympique\/wp-content\/uploads\/sites\/2\/2016\/08\/12604063.jpg?resize=768,922 768w, https:\/\/develop.olympic.ca\/olympique\/wp-content\/uploads\/sites\/2\/2016\/08\/12604063.jpg?resize=628,754 628w, https:\/\/develop.olympic.ca\/olympique\/wp-content\/uploads\/sites\/2\/2016\/08\/12604063.jpg?resize=1279,1536 1279w, https:\/\/develop.olympic.ca\/olympique\/wp-content\/uploads\/sites\/2\/2016\/08\/12604063.jpg?resize=1705,2048 1705w\" width=\"735\" height=\"883\" loading=\"lazy\" data-original-width=\"735\" data-original-height=\"883\" itemprop=\"http:\/\/schema.org\/image\" title=\"Equipe Canada - decathlon - Damian Warner - Rio 2016\" alt=\"Equipe Canada - decathlon - Damian Warner - Rio 2016\" style=\"width: 735px; height: 883px;\" \/> <\/a> <div class=\"tiled-gallery-caption\" itemprop=\"caption description\"> Damian Warner (troisi\u00e8me) en finale du d\u00e9cathlon, \u00e0 l&rsquo;\u00e9preuve du 1500 m des Jeux olympiques de Rio, le 18 ao\u00fbt 2016. (AP Photo\/Martin Meissner) <\/div> <\/div> <\/div> <!-- close group --> <\/div> <!-- close row --> <div class=\"gallery-row\" style=\"width: 1360px; height: 632px;\" data-original-width=\"1360\" data-original-height=\"632\" > <div class=\"gallery-group images-1\" style=\"width: 923px; height: 632px;\" data-original-width=\"923\" data-original-height=\"632\" > <div class=\"tiled-gallery-item tiled-gallery-item-large\" itemprop=\"associatedMedia\" itemscope itemtype=\"http:\/\/schema.org\/ImageObject\"> <a href=\"https:\/\/develop.olympic.ca\/olympique\/photos\/rio-2016-warner-gagne-le-bronze-au-decathlon\/rio-olympics-athletics-33\/#main\" border=\"0\" itemprop=\"url\"> <meta itemprop=\"width\" content=\"919\"> <meta itemprop=\"height\" content=\"628\"> <img decoding=\"async\" data-recalc-dims=\"1\" class=\"\" data-attachment-id=\"123605\" data-orig-file=\"https:\/\/develop.olympic.ca\/olympique\/wp-content\/uploads\/sites\/2\/2016\/08\/12603105-e1471568942457.jpg?quality=100\" data-orig-size=\"1340,916\" data-comments-opened=\"1\" data-image-meta=\"{&quot;aperture&quot;:&quot;2.8&quot;,&quot;credit&quot;:&quot;The Associated Press&quot;,&quot;camera&quot;:&quot;Canon EOS-1D X Mark II&quot;,&quot;caption&quot;:&quot;Canada\\u0027s Damian Warner makes an attempt in the javelin throw of the decathlon during the athletics competitions of the 2016 Summer Olympics at the Olympic stadium in Rio de Janeiro, Brazil, Thursday, Aug. 18, 2016. (AP Photo\\\/Matt Dunham)&quot;,&quot;created_timestamp&quot;:&quot;1471562254&quot;,&quot;copyright&quot;:&quot;Copyright 2016 The Associated Press. All rights reserved. This material may not be published, broadcast, rewritten or redistribu&quot;,&quot;focal_length&quot;:&quot;105&quot;,&quot;iso&quot;:&quot;3200&quot;,&quot;shutter_speed&quot;:&quot;0.0003125&quot;,&quot;title&quot;:&quot;Rio Olympics Athletics&quot;,&quot;orientation&quot;:&quot;1&quot;}\" data-image-title=\"Equipe Canada &amp;#8211; decathlon &amp;#8211; Damian Warner &amp;#8211; Rio 2016\" data-image-description=\"&lt;p&gt;Damian Warner en finale du d\u00e9cathlon, \u00e0 l&amp;rsquo;\u00e9preuve du lancer du javelot des Jeux olympiques de Rio, le 18 ao\u00fbt 2016. (AP Photo\/Matt Dunham)&lt;\/p&gt; \" data-medium-file=\"https:\/\/develop.olympic.ca\/olympique\/wp-content\/uploads\/sites\/2\/2016\/08\/12603105-e1471568942457.jpg?quality=100&#038;w=543\" data-large-file=\"https:\/\/develop.olympic.ca\/olympique\/wp-content\/uploads\/sites\/2\/2016\/08\/12603105-e1471568942457.jpg?quality=100&#038;w=1103\" src=\"https:\/\/develop.olympic.ca\/olympique\/wp-content\/uploads\/sites\/2\/2016\/08\/12603105-e1471568942457.jpg?quality=100&#038;w=919&#038;h=628&#038;strip&#038;resize=919%2C628\" srcset=\"https:\/\/develop.olympic.ca\/olympique\/wp-content\/uploads\/sites\/2\/2016\/08\/12603105-e1471568942457.jpg 1340w, https:\/\/develop.olympic.ca\/olympique\/wp-content\/uploads\/sites\/2\/2016\/08\/12603105-e1471568942457.jpg?resize=231,158 231w, https:\/\/develop.olympic.ca\/olympique\/wp-content\/uploads\/sites\/2\/2016\/08\/12603105-e1471568942457.jpg?resize=543,371 543w, https:\/\/develop.olympic.ca\/olympique\/wp-content\/uploads\/sites\/2\/2016\/08\/12603105-e1471568942457.jpg?resize=768,525 768w, https:\/\/develop.olympic.ca\/olympique\/wp-content\/uploads\/sites\/2\/2016\/08\/12603105-e1471568942457.jpg?resize=1103,754 1103w\" width=\"919\" height=\"628\" loading=\"lazy\" data-original-width=\"919\" data-original-height=\"628\" itemprop=\"http:\/\/schema.org\/image\" title=\"Equipe Canada - decathlon - Damian Warner - Rio 2016\" alt=\"Equipe Canada - decathlon - Damian Warner - Rio 2016\" style=\"width: 919px; height: 628px;\" \/> <\/a> <div class=\"tiled-gallery-caption\" itemprop=\"caption description\"> Damian Warner en finale du d\u00e9cathlon des Jeux olympiques de Rio, le 18 ao\u00fbt 2016. (AP Photo\/Matt Dunham) <\/div> <\/div> <\/div> <!-- close group --> <div class=\"gallery-group images-1\" style=\"width: 437px; height: 632px;\" data-original-width=\"437\" data-original-height=\"632\" > <div class=\"tiled-gallery-item tiled-gallery-item-large\" itemprop=\"associatedMedia\" itemscope itemtype=\"http:\/\/schema.org\/ImageObject\"> <a href=\"https:\/\/develop.olympic.ca\/olympique\/photos\/rio-2016-warner-gagne-le-bronze-au-decathlon\/rio-olympics-athletics-34\/#main\" border=\"0\" itemprop=\"url\"> <meta itemprop=\"width\" content=\"433\"> <meta itemprop=\"height\" content=\"628\"> <img decoding=\"async\" data-recalc-dims=\"1\" class=\"\" data-attachment-id=\"123606\" data-orig-file=\"https:\/\/develop.olympic.ca\/olympique\/wp-content\/uploads\/sites\/2\/2016\/08\/12603215-e1471568962973.jpg?quality=100\" data-orig-size=\"1340,1943\" data-comments-opened=\"1\" data-image-meta=\"{&quot;aperture&quot;:&quot;5.6&quot;,&quot;credit&quot;:&quot;The Associated Press&quot;,&quot;camera&quot;:&quot;Canon EOS-1D X Mark II&quot;,&quot;caption&quot;:&quot;Canada\\u0027s Damian Warner makes an attempt in the javelin throw of the decathlon during the athletics competitions of the 2016 Summer Olympics at the Olympic stadium in Rio de Janeiro, Brazil, Thursday, Aug. 18, 2016. (AP Photo\\\/Matt Dunham)&quot;,&quot;created_timestamp&quot;:&quot;1471560850&quot;,&quot;copyright&quot;:&quot;Copyright 2016 The Associated Press. All rights reserved. This material may not be published, broadcast, rewritten or redistribu&quot;,&quot;focal_length&quot;:&quot;560&quot;,&quot;iso&quot;:&quot;12800&quot;,&quot;shutter_speed&quot;:&quot;0.0004&quot;,&quot;title&quot;:&quot;Rio Olympics Athletics&quot;,&quot;orientation&quot;:&quot;1&quot;}\" data-image-title=\"Equipe Canada &amp;#8211; decathlon &amp;#8211; Damian Warner &amp;#8211; Rio 2016\" data-image-description=\"&lt;p&gt;Damian Warner en finale du d\u00e9cathlon, \u00e0 l&amp;rsquo;\u00e9preuve du lancer du javelot des Jeux olympiques de Rio, le 18 ao\u00fbt 2016. (AP Photo\/Matt Dunham)&lt;\/p&gt; \" data-medium-file=\"https:\/\/develop.olympic.ca\/olympique\/wp-content\/uploads\/sites\/2\/2016\/08\/12603215-e1471568962973.jpg?quality=100&#038;w=256\" data-large-file=\"https:\/\/develop.olympic.ca\/olympique\/wp-content\/uploads\/sites\/2\/2016\/08\/12603215-e1471568962973.jpg?quality=100&#038;w=520\" src=\"https:\/\/develop.olympic.ca\/olympique\/wp-content\/uploads\/sites\/2\/2016\/08\/12603215-e1471568962973.jpg?quality=100&#038;w=433&#038;h=628&#038;strip&#038;resize=433%2C628\" srcset=\"https:\/\/develop.olympic.ca\/olympique\/wp-content\/uploads\/sites\/2\/2016\/08\/12603215-e1471568962973.jpg 1340w, https:\/\/develop.olympic.ca\/olympique\/wp-content\/uploads\/sites\/2\/2016\/08\/12603215-e1471568962973.jpg?resize=109,158 109w, https:\/\/develop.olympic.ca\/olympique\/wp-content\/uploads\/sites\/2\/2016\/08\/12603215-e1471568962973.jpg?resize=256,371 256w, https:\/\/develop.olympic.ca\/olympique\/wp-content\/uploads\/sites\/2\/2016\/08\/12603215-e1471568962973.jpg?resize=768,1114 768w, https:\/\/develop.olympic.ca\/olympique\/wp-content\/uploads\/sites\/2\/2016\/08\/12603215-e1471568962973.jpg?resize=520,754 520w, https:\/\/develop.olympic.ca\/olympique\/wp-content\/uploads\/sites\/2\/2016\/08\/12603215-e1471568962973.jpg?resize=1059,1536 1059w\" width=\"433\" height=\"628\" loading=\"lazy\" data-original-width=\"433\" data-original-height=\"628\" itemprop=\"http:\/\/schema.org\/image\" title=\"Equipe Canada - decathlon - Damian Warner - Rio 2016\" alt=\"Equipe Canada - decathlon - Damian Warner - Rio 2016\" style=\"width: 433px; height: 628px;\" \/> <\/a> <div class=\"tiled-gallery-caption\" itemprop=\"caption description\"> Damian Warner en finale du d\u00e9cathlon, \u00e0 l&rsquo;\u00e9preuve du lancer du javelot des Jeux olympiques de Rio, le 18 ao\u00fbt 2016. (AP Photo\/Matt Dunham) <\/div> <\/div> <\/div> <!-- close group --> <\/div> <!-- close row --> <div class=\"gallery-row\" style=\"width: 1360px; height: 438px;\" data-original-width=\"1360\" data-original-height=\"438\" > <div class=\"gallery-group images-1\" style=\"width: 742px; height: 438px;\" data-original-width=\"742\" data-original-height=\"438\" > <div class=\"tiled-gallery-item tiled-gallery-item-large\" itemprop=\"associatedMedia\" itemscope itemtype=\"http:\/\/schema.org\/ImageObject\"> <a href=\"https:\/\/develop.olympic.ca\/olympique\/photos\/rio-2016-warner-gagne-le-bronze-au-decathlon\/damianwarner_bronze_dec_markblinchphoto-9\/#main\" border=\"0\" itemprop=\"url\"> <meta itemprop=\"width\" content=\"738\"> <meta itemprop=\"height\" content=\"434\"> <img decoding=\"async\" data-recalc-dims=\"1\" class=\"\" data-attachment-id=\"123616\" data-orig-file=\"https:\/\/develop.olympic.ca\/olympique\/wp-content\/uploads\/sites\/2\/2016\/08\/damianwarner_bronze_dec_markblinchphoto-9-e1471569617898.jpg?quality=100\" data-orig-size=\"1340,787\" data-comments-opened=\"1\" data-image-meta=\"{&quot;aperture&quot;:&quot;3.5&quot;,&quot;credit&quot;:&quot;Mark Blinch&quot;,&quot;camera&quot;:&quot;Canon EOS-1D X Mark II&quot;,&quot;caption&quot;:&quot;&quot;,&quot;created_timestamp&quot;:&quot;1471558093&quot;,&quot;copyright&quot;:&quot;Canadian Olympic Committee&quot;,&quot;focal_length&quot;:&quot;175&quot;,&quot;iso&quot;:&quot;2500&quot;,&quot;shutter_speed&quot;:&quot;0.001&quot;,&quot;title&quot;:&quot;&quot;,&quot;orientation&quot;:&quot;0&quot;}\" data-image-title=\"Equipe Canada &amp;#8211; decathlon &amp;#8211; Damian Warner &amp;#8211; Rio 2016\" data-image-description=\"&lt;p&gt;Damian Warner en finale du d\u00e9cathlon des Jeux olympiques de Rio, le 18 ao\u00fbt 2016. COC Mark Blinch&lt;\/p&gt; \" data-medium-file=\"https:\/\/develop.olympic.ca\/olympique\/wp-content\/uploads\/sites\/2\/2016\/08\/damianwarner_bronze_dec_markblinchphoto-9-e1471569617898.jpg?quality=100&#038;w=632\" data-large-file=\"https:\/\/develop.olympic.ca\/olympique\/wp-content\/uploads\/sites\/2\/2016\/08\/damianwarner_bronze_dec_markblinchphoto-9-e1471569617898.jpg?quality=100&#038;w=1284\" src=\"https:\/\/develop.olympic.ca\/olympique\/wp-content\/uploads\/sites\/2\/2016\/08\/damianwarner_bronze_dec_markblinchphoto-9-e1471569617898.jpg?quality=100&#038;w=738&#038;h=434&#038;strip&#038;resize=738%2C434\" srcset=\"https:\/\/develop.olympic.ca\/olympique\/wp-content\/uploads\/sites\/2\/2016\/08\/damianwarner_bronze_dec_markblinchphoto-9-e1471569617898.jpg 1340w, https:\/\/develop.olympic.ca\/olympique\/wp-content\/uploads\/sites\/2\/2016\/08\/damianwarner_bronze_dec_markblinchphoto-9-e1471569617898.jpg?resize=269,158 269w, https:\/\/develop.olympic.ca\/olympique\/wp-content\/uploads\/sites\/2\/2016\/08\/damianwarner_bronze_dec_markblinchphoto-9-e1471569617898.jpg?resize=632,371 632w, https:\/\/develop.olympic.ca\/olympique\/wp-content\/uploads\/sites\/2\/2016\/08\/damianwarner_bronze_dec_markblinchphoto-9-e1471569617898.jpg?resize=768,451 768w, https:\/\/develop.olympic.ca\/olympique\/wp-content\/uploads\/sites\/2\/2016\/08\/damianwarner_bronze_dec_markblinchphoto-9-e1471569617898.jpg?resize=1284,754 1284w\" width=\"738\" height=\"434\" loading=\"lazy\" data-original-width=\"738\" data-original-height=\"434\" itemprop=\"http:\/\/schema.org\/image\" title=\"Equipe Canada - decathlon - Damian Warner - Rio 2016\" alt=\"Damian Warner tenant le drapeau canadien\" style=\"width: 738px; height: 434px;\" \/> <\/a> <div class=\"tiled-gallery-caption\" itemprop=\"caption description\"> Damian Warner a r\u00e9alis\u00e9 son premier podium olympique, jeudi, \u00e0 Rio (COC Photo Mark Blinch). <\/div> <\/div> <\/div> <!-- close group --> <div class=\"gallery-group images-1\" style=\"width: 618px; height: 438px;\" data-original-width=\"618\" data-original-height=\"438\" > <div class=\"tiled-gallery-item tiled-gallery-item-large\" itemprop=\"associatedMedia\" itemscope itemtype=\"http:\/\/schema.org\/ImageObject\"> <a href=\"https:\/\/develop.olympic.ca\/olympique\/photos\/rio-2016-warner-gagne-le-bronze-au-decathlon\/aptopix-rio-olympics-athletics\/#main\" border=\"0\" itemprop=\"url\"> <meta itemprop=\"width\" content=\"614\"> <meta itemprop=\"height\" content=\"434\"> <img decoding=\"async\" data-recalc-dims=\"1\" class=\"\" data-attachment-id=\"123603\" data-orig-file=\"https:\/\/develop.olympic.ca\/olympique\/wp-content\/uploads\/sites\/2\/2016\/08\/12600740-e1471568920976.jpg?quality=100\" data-orig-size=\"1340,947\" data-comments-opened=\"1\" data-image-meta=\"{&quot;aperture&quot;:&quot;5&quot;,&quot;credit&quot;:&quot;The Associated Press&quot;,&quot;camera&quot;:&quot;Canon EOS-1D X Mark II&quot;,&quot;caption&quot;:&quot;Canada\\u0027s Damian Warner competes in men\\u0027s decathlon pole vault during the athletics competitions of the 2016 Summer Olympics at the Olympic stadium in Rio de Janeiro, Brazil, Thursday, Aug. 18, 2016.(AP Photo\\\/Lee Jin-man)&quot;,&quot;created_timestamp&quot;:&quot;1471541457&quot;,&quot;copyright&quot;:&quot;Copyright 2016 The Associated Press. All rights reserved. This material may not be published, broadcast, rewritten or redistribu&quot;,&quot;focal_length&quot;:&quot;400&quot;,&quot;iso&quot;:&quot;1600&quot;,&quot;shutter_speed&quot;:&quot;0.00015625&quot;,&quot;title&quot;:&quot;APTOPIX Rio Olympics Athletics&quot;,&quot;orientation&quot;:&quot;1&quot;}\" data-image-title=\"Equipe Canada &amp;#8211; decathlon &amp;#8211; Damian Warner &amp;#8211; Rio 2016\" data-image-description=\"&lt;p&gt;Damian Warner en finale du d\u00e9cathlon, \u00e0 l&amp;rsquo;\u00e9preuve du saut \u00e0 la perche des Jeux olympiques de Rio, le 18 ao\u00fbt 2016. (AP Photo\/Lee Jin-man)&lt;\/p&gt; \" data-medium-file=\"https:\/\/develop.olympic.ca\/olympique\/wp-content\/uploads\/sites\/2\/2016\/08\/12600740-e1471568920976.jpg?quality=100&#038;w=525\" data-large-file=\"https:\/\/develop.olympic.ca\/olympique\/wp-content\/uploads\/sites\/2\/2016\/08\/12600740-e1471568920976.jpg?quality=100&#038;w=1067\" src=\"https:\/\/develop.olympic.ca\/olympique\/wp-content\/uploads\/sites\/2\/2016\/08\/12600740-e1471568920976.jpg?quality=100&#038;w=614&#038;h=434&#038;strip&#038;resize=614%2C434\" srcset=\"https:\/\/develop.olympic.ca\/olympique\/wp-content\/uploads\/sites\/2\/2016\/08\/12600740-e1471568920976.jpg 1340w, https:\/\/develop.olympic.ca\/olympique\/wp-content\/uploads\/sites\/2\/2016\/08\/12600740-e1471568920976.jpg?resize=224,158 224w, https:\/\/develop.olympic.ca\/olympique\/wp-content\/uploads\/sites\/2\/2016\/08\/12600740-e1471568920976.jpg?resize=525,371 525w, https:\/\/develop.olympic.ca\/olympique\/wp-content\/uploads\/sites\/2\/2016\/08\/12600740-e1471568920976.jpg?resize=768,543 768w, https:\/\/develop.olympic.ca\/olympique\/wp-content\/uploads\/sites\/2\/2016\/08\/12600740-e1471568920976.jpg?resize=1067,754 1067w\" width=\"614\" height=\"434\" loading=\"lazy\" data-original-width=\"614\" data-original-height=\"434\" itemprop=\"http:\/\/schema.org\/image\" title=\"Equipe Canada - decathlon - Damian Warner - Rio 2016\" alt=\"Equipe Canada - decathlon - Damian Warner - Rio 2016\" style=\"width: 614px; height: 434px;\" \/> <\/a> <div class=\"tiled-gallery-caption\" itemprop=\"caption description\"> Damian Warner en finale du d\u00e9cathlon, \u00e0 l&rsquo;\u00e9preuve du saut \u00e0 la perche des Jeux olympiques de Rio, le 18 ao\u00fbt 2016. (AP Photo\/Lee Jin-man) <\/div> <\/div> <\/div> <!-- close group --> <\/div> <!-- close row --> <div class=\"gallery-row\" style=\"width: 1360px; height: 1011px;\" data-original-width=\"1360\" data-original-height=\"1011\" > <div class=\"gallery-group images-1\" style=\"width: 809px; height: 1011px;\" data-original-width=\"809\" data-original-height=\"1011\" > <div class=\"tiled-gallery-item tiled-gallery-item-large\" itemprop=\"associatedMedia\" itemscope itemtype=\"http:\/\/schema.org\/ImageObject\"> <a href=\"https:\/\/develop.olympic.ca\/olympique\/photos\/rio-2016-warner-gagne-le-bronze-au-decathlon\/rio-olympics-athletics-29\/#main\" border=\"0\" itemprop=\"url\"> <meta itemprop=\"width\" content=\"805\"> <meta itemprop=\"height\" content=\"1007\"> <img decoding=\"async\" data-recalc-dims=\"1\" class=\"\" data-attachment-id=\"123600\" data-orig-file=\"https:\/\/develop.olympic.ca\/olympique\/wp-content\/uploads\/sites\/2\/2016\/08\/12598751-e1471568883139.jpg?quality=100\" data-orig-size=\"1340,1676\" data-comments-opened=\"1\" data-image-meta=\"{&quot;aperture&quot;:&quot;8&quot;,&quot;credit&quot;:&quot;The Associated Press&quot;,&quot;camera&quot;:&quot;Canon EOS-1D X Mark II&quot;,&quot;caption&quot;:&quot;Canada\\u0027s Damian Warner makes an attempt in the decathlon discus throw, during the athletics competitions of the 2016 Summer Olympics at the Olympic stadium in Rio de Janeiro, Brazil, Thursday, Aug. 18, 2016. (AP Photo\\\/Matt Dunham)&quot;,&quot;created_timestamp&quot;:&quot;1471528138&quot;,&quot;copyright&quot;:&quot;Copyright 2016 The Associated Press. All rights reserved. This material may not be published, broadcast, rewritten or redistribu&quot;,&quot;focal_length&quot;:&quot;20&quot;,&quot;iso&quot;:&quot;1600&quot;,&quot;shutter_speed&quot;:&quot;0.0004&quot;,&quot;title&quot;:&quot;Rio Olympics Athletics&quot;,&quot;orientation&quot;:&quot;1&quot;}\" data-image-title=\"Equipe Canada &amp;#8211; decathlon &amp;#8211; Damian Warner &amp;#8211; Rio 2016\" data-image-description=\"\" data-medium-file=\"https:\/\/develop.olympic.ca\/olympique\/wp-content\/uploads\/sites\/2\/2016\/08\/12598751-e1471568883139.jpg?quality=100&#038;w=297\" data-large-file=\"https:\/\/develop.olympic.ca\/olympique\/wp-content\/uploads\/sites\/2\/2016\/08\/12598751-e1471568883139.jpg?quality=100&#038;w=603\" src=\"https:\/\/develop.olympic.ca\/olympique\/wp-content\/uploads\/sites\/2\/2016\/08\/12598751-e1471568883139.jpg?quality=100&#038;w=805&#038;h=1007&#038;strip&#038;resize=805%2C1007\" srcset=\"https:\/\/develop.olympic.ca\/olympique\/wp-content\/uploads\/sites\/2\/2016\/08\/12598751-e1471568883139.jpg 1340w, https:\/\/develop.olympic.ca\/olympique\/wp-content\/uploads\/sites\/2\/2016\/08\/12598751-e1471568883139.jpg?resize=126,158 126w, https:\/\/develop.olympic.ca\/olympique\/wp-content\/uploads\/sites\/2\/2016\/08\/12598751-e1471568883139.jpg?resize=297,371 297w, https:\/\/develop.olympic.ca\/olympique\/wp-content\/uploads\/sites\/2\/2016\/08\/12598751-e1471568883139.jpg?resize=768,961 768w, https:\/\/develop.olympic.ca\/olympique\/wp-content\/uploads\/sites\/2\/2016\/08\/12598751-e1471568883139.jpg?resize=603,754 603w, https:\/\/develop.olympic.ca\/olympique\/wp-content\/uploads\/sites\/2\/2016\/08\/12598751-e1471568883139.jpg?resize=1228,1536 1228w\" width=\"805\" height=\"1007\" loading=\"lazy\" data-original-width=\"805\" data-original-height=\"1007\" itemprop=\"http:\/\/schema.org\/image\" title=\"Equipe Canada - decathlon - Damian Warner - Rio 2016\" alt=\"Equipe Canada - decathlon - Damian Warner - Rio 2016\" style=\"width: 805px; height: 1007px;\" \/> <\/a> <div class=\"tiled-gallery-caption\" itemprop=\"caption description\"> Damian Warner en finale du d\u00e9cathlon, \u00e0 l&rsquo;\u00e9preuve du lancer du disque des Jeux olympiques de Rio, le 18 ao\u00fbt 2016. (AP Photo\/Matt Dunham) <\/div> <\/div> <\/div> <!-- close group --> <div class=\"gallery-group images-3\" style=\"width: 551px; height: 1011px;\" data-original-width=\"551\" data-original-height=\"1011\" > <div class=\"tiled-gallery-item tiled-gallery-item-large\" itemprop=\"associatedMedia\" itemscope itemtype=\"http:\/\/schema.org\/ImageObject\"> <a href=\"https:\/\/develop.olympic.ca\/olympique\/photos\/rio-2016-warner-gagne-le-bronze-au-decathlon\/oly-20160818-7\/#main\" border=\"0\" itemprop=\"url\"> <meta itemprop=\"width\" content=\"547\"> <meta itemprop=\"height\" content=\"389\"> <img decoding=\"async\" data-recalc-dims=\"1\" class=\"\" data-attachment-id=\"123609\" data-orig-file=\"https:\/\/develop.olympic.ca\/olympique\/wp-content\/uploads\/sites\/2\/2016\/08\/damienwarner_dec_markblinchphoto-16-e1471568987722.jpg?quality=100\" data-orig-size=\"1340,953\" data-comments-opened=\"1\" data-image-meta=\"{&quot;aperture&quot;:&quot;4&quot;,&quot;credit&quot;:&quot;Canadian Olympic Committee&quot;,&quot;camera&quot;:&quot;Canon EOS-1D X Mark II&quot;,&quot;caption&quot;:&quot;Canada\\u0027s Damian Warner competes in the pole vault in the men\\u0027s decathlon at the Olympic games in Rio de Janeiro, Brazil, Thursday August 18, 2016. COC Photo\\\/Mark Blinch&quot;,&quot;created_timestamp&quot;:&quot;1471543459&quot;,&quot;copyright&quot;:&quot;Canadian Olympic Committee&quot;,&quot;focal_length&quot;:&quot;400&quot;,&quot;iso&quot;:&quot;500&quot;,&quot;shutter_speed&quot;:&quot;0.00025&quot;,&quot;title&quot;:&quot;OLY 20160818&quot;,&quot;orientation&quot;:&quot;0&quot;}\" data-image-title=\"Equipe Canada &amp;#8211; decathlon &amp;#8211; Damian Warner &amp;#8211; Rio 2016\" data-image-description=\"&lt;p&gt;Damian Warner en finale du d\u00e9cathlon, \u00e0 l&amp;rsquo;\u00e9preuve du saut \u00e0 la perche des Jeux olympiques de Rio, le 18 ao\u00fbt 2016. COC Photo\/Mark Blinch&lt;\/p&gt; \" data-medium-file=\"https:\/\/develop.olympic.ca\/olympique\/wp-content\/uploads\/sites\/2\/2016\/08\/damienwarner_dec_markblinchphoto-16-e1471568987722.jpg?quality=100&#038;w=522\" data-large-file=\"https:\/\/develop.olympic.ca\/olympique\/wp-content\/uploads\/sites\/2\/2016\/08\/damienwarner_dec_markblinchphoto-16-e1471568987722.jpg?quality=100&#038;w=1060\" src=\"https:\/\/develop.olympic.ca\/olympique\/wp-content\/uploads\/sites\/2\/2016\/08\/damienwarner_dec_markblinchphoto-16-e1471568987722.jpg?quality=100&#038;w=547&#038;h=389&#038;strip&#038;resize=547%2C389\" srcset=\"https:\/\/develop.olympic.ca\/olympique\/wp-content\/uploads\/sites\/2\/2016\/08\/damienwarner_dec_markblinchphoto-16-e1471568987722.jpg 1340w, https:\/\/develop.olympic.ca\/olympique\/wp-content\/uploads\/sites\/2\/2016\/08\/damienwarner_dec_markblinchphoto-16-e1471568987722.jpg?resize=222,158 222w, https:\/\/develop.olympic.ca\/olympique\/wp-content\/uploads\/sites\/2\/2016\/08\/damienwarner_dec_markblinchphoto-16-e1471568987722.jpg?resize=522,371 522w, https:\/\/develop.olympic.ca\/olympique\/wp-content\/uploads\/sites\/2\/2016\/08\/damienwarner_dec_markblinchphoto-16-e1471568987722.jpg?resize=768,546 768w, https:\/\/develop.olympic.ca\/olympique\/wp-content\/uploads\/sites\/2\/2016\/08\/damienwarner_dec_markblinchphoto-16-e1471568987722.jpg?resize=1060,754 1060w\" width=\"547\" height=\"389\" loading=\"lazy\" data-original-width=\"547\" data-original-height=\"389\" itemprop=\"http:\/\/schema.org\/image\" title=\"Equipe Canada - decathlon - Damian Warner - Rio 2016\" alt=\"Equipe Canada - decathlon - Damian Warner - Rio 2016\" style=\"width: 547px; height: 389px;\" \/> <\/a> <div class=\"tiled-gallery-caption\" itemprop=\"caption description\"> Damian Warner en finale du d\u00e9cathlon, \u00e0 l&rsquo;\u00e9preuve du saut \u00e0 la perche des Jeux olympiques de Rio, le 18 ao\u00fbt 2016. COC Photo\/Mark Blinch <\/div> <\/div> <div class=\"tiled-gallery-item tiled-gallery-item-large\" itemprop=\"associatedMedia\" itemscope itemtype=\"http:\/\/schema.org\/ImageObject\"> <a href=\"https:\/\/develop.olympic.ca\/olympique\/photos\/rio-2016-warner-gagne-le-bronze-au-decathlon\/rio-olympics-athletics-28\/#main\" border=\"0\" itemprop=\"url\"> <meta itemprop=\"width\" content=\"547\"> <meta itemprop=\"height\" content=\"293\"> <img decoding=\"async\" data-recalc-dims=\"1\" class=\"\" data-attachment-id=\"123599\" data-orig-file=\"https:\/\/develop.olympic.ca\/olympique\/wp-content\/uploads\/sites\/2\/2016\/08\/12597218-e1471568873689.jpg?quality=100\" data-orig-size=\"1340,720\" data-comments-opened=\"1\" data-image-meta=\"{&quot;aperture&quot;:&quot;4&quot;,&quot;credit&quot;:&quot;The Associated Press&quot;,&quot;camera&quot;:&quot;Canon EOS-1D X Mark II&quot;,&quot;caption&quot;:&quot;Canada\\u0027s Damian Warner, left, United States\\u0027 Ashton Eaton and France\\u0027s Kevin Mayer compete in a men\\u0027s decathlon 110-meter hurdles heat during the athletics competitions of the 2016 Summer Olympics at the Olympic stadium in Rio de Janeiro, Brazil, Thursday, Aug. 18, 2016. (AP Photo\\\/David J. Phillip)&quot;,&quot;created_timestamp&quot;:&quot;1471521339&quot;,&quot;copyright&quot;:&quot;Copyright 2016 The Associated Press. All rights reserved. This material may not be published, broadcast, rewritten or redistribu&quot;,&quot;focal_length&quot;:&quot;316&quot;,&quot;iso&quot;:&quot;500&quot;,&quot;shutter_speed&quot;:&quot;0.0004&quot;,&quot;title&quot;:&quot;Rio Olympics Athletics&quot;,&quot;orientation&quot;:&quot;1&quot;}\" data-image-title=\"Equipe Canada &amp;#8211; decathlon &amp;#8211; Damian Warner &amp;#8211; Rio 2016\" data-image-description=\"\" data-medium-file=\"https:\/\/develop.olympic.ca\/olympique\/wp-content\/uploads\/sites\/2\/2016\/08\/12597218-e1471568873689.jpg?quality=100&#038;w=660\" data-large-file=\"https:\/\/develop.olympic.ca\/olympique\/wp-content\/uploads\/sites\/2\/2016\/08\/12597218-e1471568873689.jpg?quality=100&#038;w=1340\" src=\"https:\/\/develop.olympic.ca\/olympique\/wp-content\/uploads\/sites\/2\/2016\/08\/12597218-e1471568873689.jpg?quality=100&#038;w=547&#038;h=293&#038;strip&#038;resize=547%2C293\" srcset=\"https:\/\/develop.olympic.ca\/olympique\/wp-content\/uploads\/sites\/2\/2016\/08\/12597218-e1471568873689.jpg 1340w, https:\/\/develop.olympic.ca\/olympique\/wp-content\/uploads\/sites\/2\/2016\/08\/12597218-e1471568873689.jpg?resize=280,150 280w, https:\/\/develop.olympic.ca\/olympique\/wp-content\/uploads\/sites\/2\/2016\/08\/12597218-e1471568873689.jpg?resize=660,355 660w, https:\/\/develop.olympic.ca\/olympique\/wp-content\/uploads\/sites\/2\/2016\/08\/12597218-e1471568873689.jpg?resize=768,413 768w\" width=\"547\" height=\"293\" loading=\"lazy\" data-original-width=\"547\" data-original-height=\"293\" itemprop=\"http:\/\/schema.org\/image\" title=\"Equipe Canada - decathlon - Damian Warner - Rio 2016\" alt=\"Equipe Canada - decathlon - Damian Warner - Rio 2016\" style=\"width: 547px; height: 293px;\" \/> <\/a> <div class=\"tiled-gallery-caption\" itemprop=\"caption description\"> Damian Warner en finale du d\u00e9cathlon, \u00e0 l&rsquo;\u00e9preuve du 110 m haies des Jeux olympiques de Rio, le 18 ao\u00fbt 2016. (AP Photo\/David J. Phillip) <\/div> <\/div> <div class=\"tiled-gallery-item tiled-gallery-item-large\" itemprop=\"associatedMedia\" itemscope itemtype=\"http:\/\/schema.org\/ImageObject\"> <a href=\"https:\/\/develop.olympic.ca\/olympique\/photos\/rio-2016-warner-gagne-le-bronze-au-decathlon\/rio-olympics-athletics-27\/#main\" border=\"0\" itemprop=\"url\"> <meta itemprop=\"width\" content=\"547\"> <meta itemprop=\"height\" content=\"317\"> <img decoding=\"async\" data-recalc-dims=\"1\" class=\"\" data-attachment-id=\"123598\" data-orig-file=\"https:\/\/develop.olympic.ca\/olympique\/wp-content\/uploads\/sites\/2\/2016\/08\/125970961-e1471568862676.jpg?quality=100\" data-orig-size=\"1340,777\" data-comments-opened=\"1\" data-image-meta=\"{&quot;aperture&quot;:&quot;5.6&quot;,&quot;credit&quot;:&quot;The Associated Press&quot;,&quot;camera&quot;:&quot;NIKON D5&quot;,&quot;caption&quot;:&quot;Canada\\u0027s Damian Warner and United States\\u0027 Ashton Eaton, right, compete in a men\\u0027s decathlon 110-meter hurdles heat during the athletics competitions of the 2016 Summer Olympics at the Olympic stadium in Rio de Janeiro, Brazil, Thursday, Aug. 18, 2016. (AP Photo\\\/Martin Meissner)&quot;,&quot;created_timestamp&quot;:&quot;1471525009&quot;,&quot;copyright&quot;:&quot;Copyright 2016 The Associated Press. All rights reserved. This material may not be published, broadcast, rewritten or redistribu&quot;,&quot;focal_length&quot;:&quot;550&quot;,&quot;iso&quot;:&quot;400&quot;,&quot;shutter_speed&quot;:&quot;0.0005&quot;,&quot;title&quot;:&quot;Rio Olympics Athletics&quot;,&quot;orientation&quot;:&quot;1&quot;}\" data-image-title=\"Equipe Canada &amp;#8211; decathlon &amp;#8211; Damian Warner &amp;#8211; Rio 2016\" data-image-description=\"\" data-medium-file=\"https:\/\/develop.olympic.ca\/olympique\/wp-content\/uploads\/sites\/2\/2016\/08\/125970961-e1471568862676.jpg?quality=100&#038;w=640\" data-large-file=\"https:\/\/develop.olympic.ca\/olympique\/wp-content\/uploads\/sites\/2\/2016\/08\/125970961-e1471568862676.jpg?quality=100&#038;w=1300\" src=\"https:\/\/develop.olympic.ca\/olympique\/wp-content\/uploads\/sites\/2\/2016\/08\/125970961-e1471568862676.jpg?quality=100&#038;w=547&#038;h=317&#038;strip&#038;resize=547%2C317\" srcset=\"https:\/\/develop.olympic.ca\/olympique\/wp-content\/uploads\/sites\/2\/2016\/08\/125970961-e1471568862676.jpg 1340w, https:\/\/develop.olympic.ca\/olympique\/wp-content\/uploads\/sites\/2\/2016\/08\/125970961-e1471568862676.jpg?resize=272,158 272w, https:\/\/develop.olympic.ca\/olympique\/wp-content\/uploads\/sites\/2\/2016\/08\/125970961-e1471568862676.jpg?resize=640,371 640w, https:\/\/develop.olympic.ca\/olympique\/wp-content\/uploads\/sites\/2\/2016\/08\/125970961-e1471568862676.jpg?resize=768,445 768w, https:\/\/develop.olympic.ca\/olympique\/wp-content\/uploads\/sites\/2\/2016\/08\/125970961-e1471568862676.jpg?resize=1300,754 1300w\" width=\"547\" height=\"317\" loading=\"lazy\" data-original-width=\"547\" data-original-height=\"317\" itemprop=\"http:\/\/schema.org\/image\" title=\"Equipe Canada - decathlon - Damian Warner - Rio 2016\" alt=\"Equipe Canada - decathlon - Damian Warner - Rio 2016\" style=\"width: 547px; height: 317px;\" \/> <\/a> <div class=\"tiled-gallery-caption\" itemprop=\"caption description\"> Damian Warner en finale du d\u00e9cathlon, \u00e0 l&rsquo;\u00e9preuve du 110 m haies des Jeux olympiques de Rio, le 18 ao\u00fbt 2016. (AP Photo\/Martin Meissner) <\/div> <\/div> <\/div> <!-- close group --> <\/div> <!-- close row --> <\/div>\n","protected":false},"excerpt":{"rendered":"","protected":false},"featured_media":123616,"parent":0,"template":"","format":"gallery","categories":[],"tags":[58573528,1074864,1104411,415984270,713425],"sport":[48770],"game":[415984561],"class_list":["post-123597","photos","type-photos","status-publish","format-gallery","has-post-thumbnail","hentry","tag-damian-warner","tag-decathlon","tag-equipe-canada","tag-jeux-de-rio","tag-rio-2016","sport-athletisme","game-2016-rio"],"acf":[],"yoast_head":"<!-- This site is optimized with the Yoast SEO plugin v27.3 - https:\/\/yoast.com\/product\/yoast-seo-wordpress\/ -->\n<title>Rio 2016 : Warner gagne le bronze au d\u00e9cathlon - \u00c9quipe Canada | Site officiel de l&#039;\u00e9quipe olympique<\/title>\n<meta name=\"robots\" content=\"index, follow, max-snippet:-1, max-image-preview:large, max-video-preview:-1\" \/>\n<link rel=\"canonical\" href=\"https:\/\/develop.olympic.ca\/olympique\/photos\/rio-2016-warner-gagne-le-bronze-au-decathlon\/\" \/>\n<meta property=\"og:locale\" content=\"fr_FR\" \/>\n<meta property=\"og:type\" content=\"article\" \/>\n<meta property=\"og:title\" content=\"Rio 2016 : Warner gagne le bronze au d\u00e9cathlon - \u00c9quipe Canada | Site officiel de l&#039;\u00e9quipe olympique\" \/>\n<meta property=\"og:url\" content=\"https:\/\/develop.olympic.ca\/olympique\/photos\/rio-2016-warner-gagne-le-bronze-au-decathlon\/\" \/>\n<meta property=\"og:site_name\" content=\"\u00c9quipe Canada | Site officiel de l&#039;\u00e9quipe olympique\" \/>\n<meta property=\"article:modified_time\" content=\"2018-10-09T19:03:22+00:00\" \/>\n<meta property=\"og:image\" content=\"https:\/\/develop.olympic.ca\/olympique\/wp-content\/uploads\/sites\/2\/2016\/08\/damianwarner_bronze_dec_markblinchphoto-9-e1471569617898.jpg?quality=100\" \/>\n\t<meta property=\"og:image:width\" content=\"1340\" \/>\n\t<meta property=\"og:image:height\" content=\"787\" \/>\n\t<meta property=\"og:image:type\" content=\"image\/jpeg\" \/>\n<meta name=\"twitter:card\" content=\"summary_large_image\" \/>\n<meta name=\"twitter:label1\" content=\"Written by\" \/>\n\t<meta name=\"twitter:data1\" content=\"Thomas Litalien\" \/>\n<script type=\"application\/ld+json\" class=\"yoast-schema-graph\">{\"@context\":\"https:\\\/\\\/schema.org\",\"@graph\":[{\"@type\":\"WebPage\",\"@id\":\"https:\\\/\\\/develop.olympic.ca\\\/olympique\\\/photos\\\/rio-2016-warner-gagne-le-bronze-au-decathlon\\\/\",\"url\":\"https:\\\/\\\/develop.olympic.ca\\\/olympique\\\/photos\\\/rio-2016-warner-gagne-le-bronze-au-decathlon\\\/\",\"name\":\"Rio 2016 : Warner gagne le bronze au d\u00e9cathlon - \u00c9quipe Canada | Site officiel de l&#039;\u00e9quipe olympique\",\"isPartOf\":{\"@id\":\"https:\\\/\\\/develop.olympic.ca\\\/olympique\\\/#website\"},\"primaryImageOfPage\":{\"@id\":\"https:\\\/\\\/develop.olympic.ca\\\/olympique\\\/photos\\\/rio-2016-warner-gagne-le-bronze-au-decathlon\\\/#primaryimage\"},\"image\":{\"@id\":\"https:\\\/\\\/develop.olympic.ca\\\/olympique\\\/photos\\\/rio-2016-warner-gagne-le-bronze-au-decathlon\\\/#primaryimage\"},\"thumbnailUrl\":\"https:\\\/\\\/develop.olympic.ca\\\/olympique\\\/wp-content\\\/uploads\\\/sites\\\/2\\\/2016\\\/08\\\/damianwarner_bronze_dec_markblinchphoto-9-e1471569617898.jpg?quality=100\",\"datePublished\":\"2016-08-19T01:18:10+00:00\",\"dateModified\":\"2018-10-09T19:03:22+00:00\",\"breadcrumb\":{\"@id\":\"https:\\\/\\\/develop.olympic.ca\\\/olympique\\\/photos\\\/rio-2016-warner-gagne-le-bronze-au-decathlon\\\/#breadcrumb\"},\"inLanguage\":\"fr-FR\",\"potentialAction\":[{\"@type\":\"ReadAction\",\"target\":[\"https:\\\/\\\/develop.olympic.ca\\\/olympique\\\/photos\\\/rio-2016-warner-gagne-le-bronze-au-decathlon\\\/\"]}]},{\"@type\":\"ImageObject\",\"inLanguage\":\"fr-FR\",\"@id\":\"https:\\\/\\\/develop.olympic.ca\\\/olympique\\\/photos\\\/rio-2016-warner-gagne-le-bronze-au-decathlon\\\/#primaryimage\",\"url\":\"https:\\\/\\\/develop.olympic.ca\\\/olympique\\\/wp-content\\\/uploads\\\/sites\\\/2\\\/2016\\\/08\\\/damianwarner_bronze_dec_markblinchphoto-9-e1471569617898.jpg?quality=100\",\"contentUrl\":\"https:\\\/\\\/develop.olympic.ca\\\/olympique\\\/wp-content\\\/uploads\\\/sites\\\/2\\\/2016\\\/08\\\/damianwarner_bronze_dec_markblinchphoto-9-e1471569617898.jpg?quality=100\",\"width\":1340,\"height\":787,\"caption\":\"Damian Warner a r\u00e9alis\u00e9 son premier podium olympique, jeudi, \u00e0 Rio (COC Photo Mark Blinch).\"},{\"@type\":\"BreadcrumbList\",\"@id\":\"https:\\\/\\\/develop.olympic.ca\\\/olympique\\\/photos\\\/rio-2016-warner-gagne-le-bronze-au-decathlon\\\/#breadcrumb\",\"itemListElement\":[{\"@type\":\"ListItem\",\"position\":1,\"name\":\"Album photo\",\"item\":\"https:\\\/\\\/develop.olympic.ca\\\/olympique\\\/photos\\\/\"},{\"@type\":\"ListItem\",\"position\":2,\"name\":\"Rio 2016 : Warner gagne le bronze au d\u00e9cathlon\"}]},{\"@type\":\"WebSite\",\"@id\":\"https:\\\/\\\/develop.olympic.ca\\\/olympique\\\/#website\",\"url\":\"https:\\\/\\\/develop.olympic.ca\\\/olympique\\\/\",\"name\":\"\u00c9quipe Canada | Site officiel de l&#039;\u00e9quipe olympique\",\"description\":\"Votre source pour l\u2019\u00c9quipe olympique canadienne. Retrouvez les r\u00e9cits, vid\u00e9os et photos des athl\u00e8tes canadiens, sports olympiques, Jeux olympiques de 2020 et bien plus!\",\"potentialAction\":[{\"@type\":\"SearchAction\",\"target\":{\"@type\":\"EntryPoint\",\"urlTemplate\":\"https:\\\/\\\/develop.olympic.ca\\\/olympique\\\/?s={search_term_string}\"},\"query-input\":{\"@type\":\"PropertyValueSpecification\",\"valueRequired\":true,\"valueName\":\"search_term_string\"}}],\"inLanguage\":\"fr-FR\"}]}<\/script>\n<!-- \/ Yoast SEO plugin. -->","yoast_head_json":{"title":"Rio 2016 : Warner gagne le bronze au d\u00e9cathlon - \u00c9quipe Canada | Site officiel de l&#039;\u00e9quipe olympique","robots":{"index":"index","follow":"follow","max-snippet":"max-snippet:-1","max-image-preview":"max-image-preview:large","max-video-preview":"max-video-preview:-1"},"canonical":"https:\/\/develop.olympic.ca\/olympique\/photos\/rio-2016-warner-gagne-le-bronze-au-decathlon\/","og_locale":"fr_FR","og_type":"article","og_title":"Rio 2016 : Warner gagne le bronze au d\u00e9cathlon - \u00c9quipe Canada | Site officiel de l&#039;\u00e9quipe olympique","og_url":"https:\/\/develop.olympic.ca\/olympique\/photos\/rio-2016-warner-gagne-le-bronze-au-decathlon\/","og_site_name":"\u00c9quipe Canada | Site officiel de l&#039;\u00e9quipe olympique","article_modified_time":"2018-10-09T19:03:22+00:00","og_image":[{"width":1340,"height":787,"url":"https:\/\/develop.olympic.ca\/olympique\/wp-content\/uploads\/sites\/2\/2016\/08\/damianwarner_bronze_dec_markblinchphoto-9-e1471569617898.jpg?quality=100","type":"image\/jpeg"}],"twitter_card":"summary_large_image","twitter_misc":{"Written by":"Thomas Litalien"},"schema":{"@context":"https:\/\/schema.org","@graph":[{"@type":"WebPage","@id":"https:\/\/develop.olympic.ca\/olympique\/photos\/rio-2016-warner-gagne-le-bronze-au-decathlon\/","url":"https:\/\/develop.olympic.ca\/olympique\/photos\/rio-2016-warner-gagne-le-bronze-au-decathlon\/","name":"Rio 2016 : Warner gagne le bronze au d\u00e9cathlon - \u00c9quipe Canada | Site officiel de l&#039;\u00e9quipe olympique","isPartOf":{"@id":"https:\/\/develop.olympic.ca\/olympique\/#website"},"primaryImageOfPage":{"@id":"https:\/\/develop.olympic.ca\/olympique\/photos\/rio-2016-warner-gagne-le-bronze-au-decathlon\/#primaryimage"},"image":{"@id":"https:\/\/develop.olympic.ca\/olympique\/photos\/rio-2016-warner-gagne-le-bronze-au-decathlon\/#primaryimage"},"thumbnailUrl":"https:\/\/develop.olympic.ca\/olympique\/wp-content\/uploads\/sites\/2\/2016\/08\/damianwarner_bronze_dec_markblinchphoto-9-e1471569617898.jpg?quality=100","datePublished":"2016-08-19T01:18:10+00:00","dateModified":"2018-10-09T19:03:22+00:00","breadcrumb":{"@id":"https:\/\/develop.olympic.ca\/olympique\/photos\/rio-2016-warner-gagne-le-bronze-au-decathlon\/#breadcrumb"},"inLanguage":"fr-FR","potentialAction":[{"@type":"ReadAction","target":["https:\/\/develop.olympic.ca\/olympique\/photos\/rio-2016-warner-gagne-le-bronze-au-decathlon\/"]}]},{"@type":"ImageObject","inLanguage":"fr-FR","@id":"https:\/\/develop.olympic.ca\/olympique\/photos\/rio-2016-warner-gagne-le-bronze-au-decathlon\/#primaryimage","url":"https:\/\/develop.olympic.ca\/olympique\/wp-content\/uploads\/sites\/2\/2016\/08\/damianwarner_bronze_dec_markblinchphoto-9-e1471569617898.jpg?quality=100","contentUrl":"https:\/\/develop.olympic.ca\/olympique\/wp-content\/uploads\/sites\/2\/2016\/08\/damianwarner_bronze_dec_markblinchphoto-9-e1471569617898.jpg?quality=100","width":1340,"height":787,"caption":"Damian Warner a r\u00e9alis\u00e9 son premier podium olympique, jeudi, \u00e0 Rio (COC Photo Mark Blinch)."},{"@type":"BreadcrumbList","@id":"https:\/\/develop.olympic.ca\/olympique\/photos\/rio-2016-warner-gagne-le-bronze-au-decathlon\/#breadcrumb","itemListElement":[{"@type":"ListItem","position":1,"name":"Album photo","item":"https:\/\/develop.olympic.ca\/olympique\/photos\/"},{"@type":"ListItem","position":2,"name":"Rio 2016 : Warner gagne le bronze au d\u00e9cathlon"}]},{"@type":"WebSite","@id":"https:\/\/develop.olympic.ca\/olympique\/#website","url":"https:\/\/develop.olympic.ca\/olympique\/","name":"\u00c9quipe Canada | Site officiel de l&#039;\u00e9quipe olympique","description":"Votre source pour l\u2019\u00c9quipe olympique canadienne. Retrouvez les r\u00e9cits, vid\u00e9os et photos des athl\u00e8tes canadiens, sports olympiques, Jeux olympiques de 2020 et bien plus!","potentialAction":[{"@type":"SearchAction","target":{"@type":"EntryPoint","urlTemplate":"https:\/\/develop.olympic.ca\/olympique\/?s={search_term_string}"},"query-input":{"@type":"PropertyValueSpecification","valueRequired":true,"valueName":"search_term_string"}}],"inLanguage":"fr-FR"}]}},"featured_image_url":"https:\/\/develop.olympic.ca\/olympique\/wp-content\/uploads\/sites\/2\/2016\/08\/damianwarner_bronze_dec_markblinchphoto-9-e1471569617898.jpg?quality=100","category_names":[],"tag_names":["Damian Warner","D\u00e9cathlon","\u00c9quipe canada","Jeux de Rio","Rio 2016"],"sport_names":[342],"game_names":["Rio 2016"],"jetpack_sharing_enabled":true,"_links":{"self":[{"href":"https:\/\/develop.olympic.ca\/olympique\/wp-json\/wp\/v2\/photos\/123597","targetHints":{"allow":["GET"]}}],"collection":[{"href":"https:\/\/develop.olympic.ca\/olympique\/wp-json\/wp\/v2\/photos"}],"about":[{"href":"https:\/\/develop.olympic.ca\/olympique\/wp-json\/wp\/v2\/types\/photos"}],"wp:featuredmedia":[{"embeddable":true,"href":"https:\/\/develop.olympic.ca\/olympique\/wp-json\/wp\/v2\/media\/123616"}],"wp:attachment":[{"href":"https:\/\/develop.olympic.ca\/olympique\/wp-json\/wp\/v2\/media?parent=123597"}],"wp:term":[{"taxonomy":"category","embeddable":true,"href":"https:\/\/develop.olympic.ca\/olympique\/wp-json\/wp\/v2\/categories?post=123597"},{"taxonomy":"post_tag","embeddable":true,"href":"https:\/\/develop.olympic.ca\/olympique\/wp-json\/wp\/v2\/tags?post=123597"},{"taxonomy":"sport","embeddable":true,"href":"https:\/\/develop.olympic.ca\/olympique\/wp-json\/wp\/v2\/sport?post=123597"},{"taxonomy":"game","embeddable":true,"href":"https:\/\/develop.olympic.ca\/olympique\/wp-json\/wp\/v2\/game?post=123597"}],"curies":[{"name":"wp","href":"https:\/\/api.w.org\/{rel}","templated":true}]}}