{"id":136160,"date":"2018-02-09T09:28:47","date_gmt":"2018-02-09T14:28:47","guid":{"rendered":"http:\/\/develop.olympic.ca\/olympique\/?post_type=photos&#038;p=136160"},"modified":"2018-10-09T13:14:55","modified_gmt":"2018-10-09T17:14:55","slug":"ceremonie-douverture-de-pyeongchang-2018","status":"publish","type":"photos","link":"https:\/\/develop.olympic.ca\/olympique\/photos\/ceremonie-douverture-de-pyeongchang-2018\/","title":{"rendered":"C\u00e9r\u00e9monie d&rsquo;ouverture de PyeongChang 2018"},"content":{"rendered":"<h2 class=\"lead\">Voici les meilleurs moments de la c\u00e9r\u00e9monie d&rsquo;ouverture de PyeongChang 2018:<\/h2>\n<div class=\"tiled-gallery type-rectangular tiled-gallery-unresized\" data-original-width=\"1360\" data-carousel-extra='null' itemscope itemtype=\"http:\/\/schema.org\/ImageGallery\" > <div class=\"gallery-row\" style=\"width: 1360px; height: 276px;\" data-original-width=\"1360\" data-original-height=\"276\" > <div class=\"gallery-group images-1\" style=\"width: 539px; height: 276px;\" data-original-width=\"539\" data-original-height=\"276\" > <div class=\"tiled-gallery-item tiled-gallery-item-large\" itemprop=\"associatedMedia\" itemscope itemtype=\"http:\/\/schema.org\/ImageObject\"> <a href=\"https:\/\/develop.olympic.ca\/olympique\/2018\/02\/09\/la-ceremonie-douverture-en-6-moments-cles\/pyeongchang-olympics-opening-ceremony-2\/#main\" border=\"0\" itemprop=\"url\"> <meta itemprop=\"width\" content=\"535\"> <meta itemprop=\"height\" content=\"272\"> <img decoding=\"async\" data-recalc-dims=\"1\" class=\"\" data-attachment-id=\"136162\" data-orig-file=\"https:\/\/develop.olympic.ca\/olympique\/wp-content\/uploads\/sites\/2\/2018\/02\/pyeongchang-ceremonie-ouverture-e1518318118304.jpg?quality=100\" data-orig-size=\"1340,682\" data-comments-opened=\"\" data-image-meta=\"{&quot;aperture&quot;:&quot;0&quot;,&quot;credit&quot;:&quot;The Associated Press&quot;,&quot;camera&quot;:&quot;&quot;,&quot;caption&quot;:&quot;In this image made from video, fireworks are seen over Pyeongchang Olympic Stadium during the opening ceremony of the 2018 Winter Olympics in Pyeongchang, South Korea, Friday, Feb. 9, 2018. (OBS-IOC via AP)&quot;,&quot;created_timestamp&quot;:&quot;1518174475&quot;,&quot;copyright&quot;:&quot;Copyright 2018 The Associated Press. All rights reserved&quot;,&quot;focal_length&quot;:&quot;0&quot;,&quot;iso&quot;:&quot;0&quot;,&quot;shutter_speed&quot;:&quot;0&quot;,&quot;title&quot;:&quot;Pyeongchang Olympics Opening Ceremony&quot;,&quot;orientation&quot;:&quot;1&quot;}\" data-image-title=\"Pyeongchang Olympics Opening Ceremony\" data-image-description=\"&lt;p&gt;\u00c0 droite, le Stade olympique de PyeongChang 2018, \u00e0 gauche, le resort d&amp;rsquo;Alpensia, qui accueillera la moiti\u00e9 des \u00e9preuves olympiques. (OBS-IOC via AP)&lt;\/p&gt; \" data-medium-file=\"https:\/\/develop.olympic.ca\/olympique\/wp-content\/uploads\/sites\/2\/2018\/02\/pyeongchang-ceremonie-ouverture-e1518318118304.jpg?quality=100&#038;w=660\" data-large-file=\"https:\/\/develop.olympic.ca\/olympique\/wp-content\/uploads\/sites\/2\/2018\/02\/pyeongchang-ceremonie-ouverture-e1518318118304.jpg?quality=100&#038;w=1340\" src=\"https:\/\/develop.olympic.ca\/olympique\/wp-content\/uploads\/sites\/2\/2018\/02\/pyeongchang-ceremonie-ouverture-e1518318118304.jpg?quality=100&#038;w=535&#038;h=272&#038;strip&#038;resize=535%2C272\" srcset=\"https:\/\/develop.olympic.ca\/olympique\/wp-content\/uploads\/sites\/2\/2018\/02\/pyeongchang-ceremonie-ouverture-e1518318118304.jpg 1340w, https:\/\/develop.olympic.ca\/olympique\/wp-content\/uploads\/sites\/2\/2018\/02\/pyeongchang-ceremonie-ouverture-e1518318118304.jpg?resize=280,143 280w, https:\/\/develop.olympic.ca\/olympique\/wp-content\/uploads\/sites\/2\/2018\/02\/pyeongchang-ceremonie-ouverture-e1518318118304.jpg?resize=660,336 660w, https:\/\/develop.olympic.ca\/olympique\/wp-content\/uploads\/sites\/2\/2018\/02\/pyeongchang-ceremonie-ouverture-e1518318118304.jpg?resize=768,391 768w\" width=\"535\" height=\"272\" loading=\"lazy\" data-original-width=\"535\" data-original-height=\"272\" itemprop=\"http:\/\/schema.org\/image\" title=\"Pyeongchang Olympics Opening Ceremony\" alt=\"\u00c0 droite, le Stade olympique de PyeongChang 2018, \u00e0 gauche, le resort d&#039;Alpensia, qui accueillera la moiti\u00e9 des \u00e9preuves olympiques. (OBS-IOC via AP)\" style=\"width: 535px; height: 272px;\" \/> <\/a> <div class=\"tiled-gallery-caption\" itemprop=\"caption description\"> \u00c0 droite, le Stade olympique de PyeongChang 2018, \u00e0 gauche, le resort d&rsquo;Alpensia, qui accueillera la moiti\u00e9 des \u00e9preuves olympiques. (OBS-IOC via AP) <\/div> <\/div> <\/div> <!-- close group --> <div class=\"gallery-group images-1\" style=\"width: 414px; height: 276px;\" data-original-width=\"414\" data-original-height=\"276\" > <div class=\"tiled-gallery-item tiled-gallery-item-large\" itemprop=\"associatedMedia\" itemscope itemtype=\"http:\/\/schema.org\/ImageObject\"> <a href=\"https:\/\/develop.olympic.ca\/olympique\/2018\/02\/09\/la-ceremonie-douverture-en-6-moments-cles\/pyeongchang-olympics-opening-ceremony-3\/#main\" border=\"0\" itemprop=\"url\"> <meta itemprop=\"width\" content=\"410\"> <meta itemprop=\"height\" content=\"272\"> <img decoding=\"async\" data-recalc-dims=\"1\" class=\"\" data-attachment-id=\"136163\" data-orig-file=\"https:\/\/develop.olympic.ca\/olympique\/wp-content\/uploads\/sites\/2\/2018\/02\/tigre-blanc-ceremonie-ouverture-2018-e1518318109595.jpg?quality=100\" data-orig-size=\"1340,888\" data-comments-opened=\"\" data-image-meta=\"{&quot;aperture&quot;:&quot;5.6&quot;,&quot;credit&quot;:&quot;The Associated Press&quot;,&quot;camera&quot;:&quot;NIKON D5&quot;,&quot;caption&quot;:&quot;Dancers perform during the opening ceremony of the 2018 Winter Olympics in Pyeongchang, South Korea, Friday, Feb. 9, 2018. (Franck Fife\\\/Pool Photo via AP)&quot;,&quot;created_timestamp&quot;:&quot;1518174421&quot;,&quot;copyright&quot;:&quot;Copyright 2018 The Associated Press. All rights reserved&quot;,&quot;focal_length&quot;:&quot;230&quot;,&quot;iso&quot;:&quot;4000&quot;,&quot;shutter_speed&quot;:&quot;0.002&quot;,&quot;title&quot;:&quot;Pyeongchang Olympics Opening Ceremony&quot;,&quot;orientation&quot;:&quot;1&quot;}\" data-image-title=\"Pyeongchang Olympics Opening Ceremony\" data-image-description=\"&lt;p&gt;Le Tigre Blanc. (AP Photo\/Michael Sohn)&lt;\/p&gt; \" data-medium-file=\"https:\/\/develop.olympic.ca\/olympique\/wp-content\/uploads\/sites\/2\/2018\/02\/tigre-blanc-ceremonie-ouverture-2018-e1518318109595.jpg?quality=100&#038;w=560\" data-large-file=\"https:\/\/develop.olympic.ca\/olympique\/wp-content\/uploads\/sites\/2\/2018\/02\/tigre-blanc-ceremonie-ouverture-2018-e1518318109595.jpg?quality=100&#038;w=1138\" src=\"https:\/\/develop.olympic.ca\/olympique\/wp-content\/uploads\/sites\/2\/2018\/02\/tigre-blanc-ceremonie-ouverture-2018-e1518318109595.jpg?quality=100&#038;w=410&#038;h=272&#038;strip&#038;resize=410%2C272\" srcset=\"https:\/\/develop.olympic.ca\/olympique\/wp-content\/uploads\/sites\/2\/2018\/02\/tigre-blanc-ceremonie-ouverture-2018-e1518318109595.jpg 1340w, https:\/\/develop.olympic.ca\/olympique\/wp-content\/uploads\/sites\/2\/2018\/02\/tigre-blanc-ceremonie-ouverture-2018-e1518318109595.jpg?resize=238,158 238w, https:\/\/develop.olympic.ca\/olympique\/wp-content\/uploads\/sites\/2\/2018\/02\/tigre-blanc-ceremonie-ouverture-2018-e1518318109595.jpg?resize=560,371 560w, https:\/\/develop.olympic.ca\/olympique\/wp-content\/uploads\/sites\/2\/2018\/02\/tigre-blanc-ceremonie-ouverture-2018-e1518318109595.jpg?resize=768,509 768w, https:\/\/develop.olympic.ca\/olympique\/wp-content\/uploads\/sites\/2\/2018\/02\/tigre-blanc-ceremonie-ouverture-2018-e1518318109595.jpg?resize=1138,754 1138w\" width=\"410\" height=\"272\" loading=\"lazy\" data-original-width=\"410\" data-original-height=\"272\" itemprop=\"http:\/\/schema.org\/image\" title=\"Pyeongchang Olympics Opening Ceremony\" alt=\"Le Tigre Blanc. (AP Photo\/Michael Sohn)\" style=\"width: 410px; height: 272px;\" \/> <\/a> <div class=\"tiled-gallery-caption\" itemprop=\"caption description\"> Le Tigre Blanc. (AP Photo\/Michael Sohn) <\/div> <\/div> <\/div> <!-- close group --> <div class=\"gallery-group images-1\" style=\"width: 407px; height: 276px;\" data-original-width=\"407\" data-original-height=\"276\" > <div class=\"tiled-gallery-item tiled-gallery-item-large\" itemprop=\"associatedMedia\" itemscope itemtype=\"http:\/\/schema.org\/ImageObject\"> <a href=\"https:\/\/develop.olympic.ca\/olympique\/2018\/02\/09\/la-ceremonie-douverture-en-6-moments-cles\/pyeongchang-olympics-opening-ceremony-4\/#main\" border=\"0\" itemprop=\"url\"> <meta itemprop=\"width\" content=\"403\"> <meta itemprop=\"height\" content=\"272\"> <img decoding=\"async\" data-recalc-dims=\"1\" class=\"\" data-attachment-id=\"136164\" data-orig-file=\"https:\/\/develop.olympic.ca\/olympique\/wp-content\/uploads\/sites\/2\/2018\/02\/dragon-bleu-ceremonie-ouverture-pyeongchang-e1518318097667.jpg?quality=100\" data-orig-size=\"1340,905\" data-comments-opened=\"\" data-image-meta=\"{&quot;aperture&quot;:&quot;2.8&quot;,&quot;credit&quot;:&quot;The Associated Press&quot;,&quot;camera&quot;:&quot;Canon EOS-1D X Mark II&quot;,&quot;caption&quot;:&quot;Dancers perform during the opening ceremony of the 2018 Winter Olympics in Pyeongchang, South Korea, Friday, Feb. 9, 2018. (AP Photo\\\/Michael Sohn)&quot;,&quot;created_timestamp&quot;:&quot;1518174752&quot;,&quot;copyright&quot;:&quot;Copyright 2018 The Associated Press. All rights reserved&quot;,&quot;focal_length&quot;:&quot;400&quot;,&quot;iso&quot;:&quot;2000&quot;,&quot;shutter_speed&quot;:&quot;0.003125&quot;,&quot;title&quot;:&quot;Pyeongchang Olympics Opening Ceremony&quot;,&quot;orientation&quot;:&quot;1&quot;}\" data-image-title=\"Pyeongchang Olympics Opening Ceremony\" data-image-description=\"&lt;p&gt;Le Dragon Bleu. (AP Photo\/Michael Sohn)&lt;\/p&gt; \" data-medium-file=\"https:\/\/develop.olympic.ca\/olympique\/wp-content\/uploads\/sites\/2\/2018\/02\/dragon-bleu-ceremonie-ouverture-pyeongchang-e1518318097667.jpg?quality=100&#038;w=549\" data-large-file=\"https:\/\/develop.olympic.ca\/olympique\/wp-content\/uploads\/sites\/2\/2018\/02\/dragon-bleu-ceremonie-ouverture-pyeongchang-e1518318097667.jpg?quality=100&#038;w=1116\" src=\"https:\/\/develop.olympic.ca\/olympique\/wp-content\/uploads\/sites\/2\/2018\/02\/dragon-bleu-ceremonie-ouverture-pyeongchang-e1518318097667.jpg?quality=100&#038;w=403&#038;h=272&#038;strip&#038;resize=403%2C272\" srcset=\"https:\/\/develop.olympic.ca\/olympique\/wp-content\/uploads\/sites\/2\/2018\/02\/dragon-bleu-ceremonie-ouverture-pyeongchang-e1518318097667.jpg 1340w, https:\/\/develop.olympic.ca\/olympique\/wp-content\/uploads\/sites\/2\/2018\/02\/dragon-bleu-ceremonie-ouverture-pyeongchang-e1518318097667.jpg?resize=234,158 234w, https:\/\/develop.olympic.ca\/olympique\/wp-content\/uploads\/sites\/2\/2018\/02\/dragon-bleu-ceremonie-ouverture-pyeongchang-e1518318097667.jpg?resize=549,371 549w, https:\/\/develop.olympic.ca\/olympique\/wp-content\/uploads\/sites\/2\/2018\/02\/dragon-bleu-ceremonie-ouverture-pyeongchang-e1518318097667.jpg?resize=768,519 768w, https:\/\/develop.olympic.ca\/olympique\/wp-content\/uploads\/sites\/2\/2018\/02\/dragon-bleu-ceremonie-ouverture-pyeongchang-e1518318097667.jpg?resize=1116,754 1116w\" width=\"403\" height=\"272\" loading=\"lazy\" data-original-width=\"403\" data-original-height=\"272\" itemprop=\"http:\/\/schema.org\/image\" title=\"Pyeongchang Olympics Opening Ceremony\" alt=\"Le Dragon Bleu. (AP Photo\/Michael Sohn)\" style=\"width: 403px; height: 272px;\" \/> <\/a> <div class=\"tiled-gallery-caption\" itemprop=\"caption description\"> Le Dragon Bleu. (AP Photo\/Michael Sohn) <\/div> <\/div> <\/div> <!-- close group --> <\/div> <!-- close row --> <div class=\"gallery-row\" style=\"width: 1360px; height: 650px;\" data-original-width=\"1360\" data-original-height=\"650\" > <div class=\"gallery-group images-1\" style=\"width: 874px; height: 650px;\" data-original-width=\"874\" data-original-height=\"650\" > <div class=\"tiled-gallery-item tiled-gallery-item-large\" itemprop=\"associatedMedia\" itemscope itemtype=\"http:\/\/schema.org\/ImageObject\"> <a href=\"https:\/\/develop.olympic.ca\/olympique\/2018\/02\/09\/la-ceremonie-douverture-en-6-moments-cles\/pyeongchang-olympics-opening-ceremony-5\/#main\" border=\"0\" itemprop=\"url\"> <meta itemprop=\"width\" content=\"870\"> <meta itemprop=\"height\" content=\"646\"> <img decoding=\"async\" data-recalc-dims=\"1\" class=\"\" data-attachment-id=\"136165\" data-orig-file=\"https:\/\/develop.olympic.ca\/olympique\/wp-content\/uploads\/sites\/2\/2018\/02\/oiseau-vermillon-ceremonie-ouverture-pyeongchang-e1518318086659.jpg?quality=100\" data-orig-size=\"1340,995\" data-comments-opened=\"\" data-image-meta=\"{&quot;aperture&quot;:&quot;2.8&quot;,&quot;credit&quot;:&quot;The Associated Press&quot;,&quot;camera&quot;:&quot;Canon EOS-1D X Mark II&quot;,&quot;caption&quot;:&quot;Dancers perform during the opening ceremony of the 2018 Winter Olympics in Pyeongchang, South Korea, Friday, Feb. 9, 2018. (AP Photo\\\/Michael Sohn)&quot;,&quot;created_timestamp&quot;:&quot;1518174815&quot;,&quot;copyright&quot;:&quot;Copyright 2018 The Associated Press. All rights reserved&quot;,&quot;focal_length&quot;:&quot;400&quot;,&quot;iso&quot;:&quot;2000&quot;,&quot;shutter_speed&quot;:&quot;0.003125&quot;,&quot;title&quot;:&quot;Pyeongchang Olympics Opening Ceremony&quot;,&quot;orientation&quot;:&quot;1&quot;}\" data-image-title=\"Pyeongchang Olympics Opening Ceremony\" data-image-description=\"&lt;p&gt;L&amp;rsquo;Oiseau Vermillon. (AP Photo\/Michael Sohn)&lt;\/p&gt; \" data-medium-file=\"https:\/\/develop.olympic.ca\/olympique\/wp-content\/uploads\/sites\/2\/2018\/02\/oiseau-vermillon-ceremonie-ouverture-pyeongchang-e1518318086659.jpg?quality=100&#038;w=500\" data-large-file=\"https:\/\/develop.olympic.ca\/olympique\/wp-content\/uploads\/sites\/2\/2018\/02\/oiseau-vermillon-ceremonie-ouverture-pyeongchang-e1518318086659.jpg?quality=100&#038;w=1015\" src=\"https:\/\/develop.olympic.ca\/olympique\/wp-content\/uploads\/sites\/2\/2018\/02\/oiseau-vermillon-ceremonie-ouverture-pyeongchang-e1518318086659.jpg?quality=100&#038;w=870&#038;h=646&#038;strip&#038;resize=870%2C646\" srcset=\"https:\/\/develop.olympic.ca\/olympique\/wp-content\/uploads\/sites\/2\/2018\/02\/oiseau-vermillon-ceremonie-ouverture-pyeongchang-e1518318086659.jpg 1340w, https:\/\/develop.olympic.ca\/olympique\/wp-content\/uploads\/sites\/2\/2018\/02\/oiseau-vermillon-ceremonie-ouverture-pyeongchang-e1518318086659.jpg?resize=213,158 213w, https:\/\/develop.olympic.ca\/olympique\/wp-content\/uploads\/sites\/2\/2018\/02\/oiseau-vermillon-ceremonie-ouverture-pyeongchang-e1518318086659.jpg?resize=500,371 500w, https:\/\/develop.olympic.ca\/olympique\/wp-content\/uploads\/sites\/2\/2018\/02\/oiseau-vermillon-ceremonie-ouverture-pyeongchang-e1518318086659.jpg?resize=768,570 768w, https:\/\/develop.olympic.ca\/olympique\/wp-content\/uploads\/sites\/2\/2018\/02\/oiseau-vermillon-ceremonie-ouverture-pyeongchang-e1518318086659.jpg?resize=1015,754 1015w\" width=\"870\" height=\"646\" loading=\"lazy\" data-original-width=\"870\" data-original-height=\"646\" itemprop=\"http:\/\/schema.org\/image\" title=\"Pyeongchang Olympics Opening Ceremony\" alt=\"L&#039;Oiseau Vermillon. (AP Photo\/Michael Sohn)\" style=\"width: 870px; height: 646px;\" \/> <\/a> <div class=\"tiled-gallery-caption\" itemprop=\"caption description\"> L&rsquo;Oiseau Vermillon. (AP Photo\/Michael Sohn) <\/div> <\/div> <\/div> <!-- close group --> <div class=\"gallery-group images-2\" style=\"width: 486px; height: 650px;\" data-original-width=\"486\" data-original-height=\"650\" > <div class=\"tiled-gallery-item tiled-gallery-item-large\" itemprop=\"associatedMedia\" itemscope itemtype=\"http:\/\/schema.org\/ImageObject\"> <a href=\"https:\/\/develop.olympic.ca\/olympique\/2018\/02\/09\/la-ceremonie-douverture-en-6-moments-cles\/pyeongchang-olympics-opening-ceremony-6\/#main\" border=\"0\" itemprop=\"url\"> <meta itemprop=\"width\" content=\"482\"> <meta itemprop=\"height\" content=\"321\"> <img decoding=\"async\" data-recalc-dims=\"1\" class=\"\" data-attachment-id=\"136167\" data-orig-file=\"https:\/\/develop.olympic.ca\/olympique\/wp-content\/uploads\/sites\/2\/2018\/02\/ceremonie-ouverture-pyeongchang-3-jpp-e1518318077853.jpg?quality=100\" data-orig-size=\"1340,893\" data-comments-opened=\"\" data-image-meta=\"{&quot;aperture&quot;:&quot;4&quot;,&quot;credit&quot;:&quot;The Associated Press&quot;,&quot;camera&quot;:&quot;Canon EOS-1D X Mark II&quot;,&quot;caption&quot;:&quot;Drummers perform during the opening ceremony of the 2018 Winter Olympics in Pyeongchang, South Korea, Friday, Feb. 9, 2018. (AP Photo\\\/Charlie Riedel)&quot;,&quot;created_timestamp&quot;:&quot;1518176009&quot;,&quot;copyright&quot;:&quot;Copyright 2018 The Associated Press. All rights reserved&quot;,&quot;focal_length&quot;:&quot;91&quot;,&quot;iso&quot;:&quot;2500&quot;,&quot;shutter_speed&quot;:&quot;0.0125&quot;,&quot;title&quot;:&quot;Pyeongchang Olympics Opening Ceremony&quot;,&quot;orientation&quot;:&quot;1&quot;}\" data-image-title=\"Pyeongchang Olympics Opening Ceremony\" data-image-description=\"&lt;p&gt;Le spectacle a pr\u00e9sent\u00e9 plusieurs artistes lors de la c\u00e9r\u00e9monie d&amp;rsquo;ouverture des Jeux de PyeongChang. (AP Photo\/Charlie Riedel)&lt;\/p&gt; \" data-medium-file=\"https:\/\/develop.olympic.ca\/olympique\/wp-content\/uploads\/sites\/2\/2018\/02\/ceremonie-ouverture-pyeongchang-3-jpp-e1518318077853.jpg?quality=100&#038;w=557\" data-large-file=\"https:\/\/develop.olympic.ca\/olympique\/wp-content\/uploads\/sites\/2\/2018\/02\/ceremonie-ouverture-pyeongchang-3-jpp-e1518318077853.jpg?quality=100&#038;w=1131\" src=\"https:\/\/develop.olympic.ca\/olympique\/wp-content\/uploads\/sites\/2\/2018\/02\/ceremonie-ouverture-pyeongchang-3-jpp-e1518318077853.jpg?quality=100&#038;w=482&#038;h=321&#038;strip&#038;resize=482%2C321\" srcset=\"https:\/\/develop.olympic.ca\/olympique\/wp-content\/uploads\/sites\/2\/2018\/02\/ceremonie-ouverture-pyeongchang-3-jpp-e1518318077853.jpg 1340w, https:\/\/develop.olympic.ca\/olympique\/wp-content\/uploads\/sites\/2\/2018\/02\/ceremonie-ouverture-pyeongchang-3-jpp-e1518318077853.jpg?resize=237,158 237w, https:\/\/develop.olympic.ca\/olympique\/wp-content\/uploads\/sites\/2\/2018\/02\/ceremonie-ouverture-pyeongchang-3-jpp-e1518318077853.jpg?resize=557,371 557w, https:\/\/develop.olympic.ca\/olympique\/wp-content\/uploads\/sites\/2\/2018\/02\/ceremonie-ouverture-pyeongchang-3-jpp-e1518318077853.jpg?resize=768,512 768w, https:\/\/develop.olympic.ca\/olympique\/wp-content\/uploads\/sites\/2\/2018\/02\/ceremonie-ouverture-pyeongchang-3-jpp-e1518318077853.jpg?resize=1131,754 1131w\" width=\"482\" height=\"321\" loading=\"lazy\" data-original-width=\"482\" data-original-height=\"321\" itemprop=\"http:\/\/schema.org\/image\" title=\"Pyeongchang Olympics Opening Ceremony\" alt=\"Le spectacle a pr\u00e9sent\u00e9 plusieurs artistes lors de la c\u00e9r\u00e9monie d&#039;ouverture des Jeux de PyeongChang. (AP Photo\/Charlie Riedel)\" style=\"width: 482px; height: 321px;\" \/> <\/a> <div class=\"tiled-gallery-caption\" itemprop=\"caption description\"> Le spectacle a pr\u00e9sent\u00e9 plusieurs artistes lors de la c\u00e9r\u00e9monie d&rsquo;ouverture des Jeux de PyeongChang. (AP Photo\/Charlie Riedel) <\/div> <\/div> <div class=\"tiled-gallery-item tiled-gallery-item-large\" itemprop=\"associatedMedia\" itemscope itemtype=\"http:\/\/schema.org\/ImageObject\"> <a href=\"https:\/\/develop.olympic.ca\/olympique\/2018\/02\/09\/la-ceremonie-douverture-en-6-moments-cles\/pyeongchang-olympics-opening-ceremony-7\/#main\" border=\"0\" itemprop=\"url\"> <meta itemprop=\"width\" content=\"482\"> <meta itemprop=\"height\" content=\"321\"> <img decoding=\"async\" data-recalc-dims=\"1\" class=\"\" data-attachment-id=\"136168\" data-orig-file=\"https:\/\/develop.olympic.ca\/olympique\/wp-content\/uploads\/sites\/2\/2018\/02\/ceremonie-ouverture-pyeongchang-4-e1518318063368.jpg?quality=100\" data-orig-size=\"1340,893\" data-comments-opened=\"\" data-image-meta=\"{&quot;aperture&quot;:&quot;4&quot;,&quot;credit&quot;:&quot;The Associated Press&quot;,&quot;camera&quot;:&quot;Canon EOS-1D X Mark II&quot;,&quot;caption&quot;:&quot;Drummers perform during the opening ceremony of the 2018 Winter Olympics in Pyeongchang, South Korea, Friday, Feb. 9, 2018. (Sean Haffey\\\/Pool Photo via AP)&quot;,&quot;created_timestamp&quot;:&quot;1518236131&quot;,&quot;copyright&quot;:&quot;Copyright 2018 The Associated Press. All rights reserved&quot;,&quot;focal_length&quot;:&quot;600&quot;,&quot;iso&quot;:&quot;4000&quot;,&quot;shutter_speed&quot;:&quot;0.003125&quot;,&quot;title&quot;:&quot;Pyeongchang Olympics Opening Ceremony&quot;,&quot;orientation&quot;:&quot;1&quot;}\" data-image-title=\"Pyeongchang Olympics Opening Ceremony\" data-image-description=\"&lt;p&gt;La Cor\u00e9e du Sud r\u00e9servait tout un spectacle pour l&amp;rsquo;ouverture des Jeux de PyeongChang.(Sean Haffey\/Pool Photo via AP)&lt;\/p&gt; \" data-medium-file=\"https:\/\/develop.olympic.ca\/olympique\/wp-content\/uploads\/sites\/2\/2018\/02\/ceremonie-ouverture-pyeongchang-4-e1518318063368.jpg?quality=100&#038;w=557\" data-large-file=\"https:\/\/develop.olympic.ca\/olympique\/wp-content\/uploads\/sites\/2\/2018\/02\/ceremonie-ouverture-pyeongchang-4-e1518318063368.jpg?quality=100&#038;w=1131\" src=\"https:\/\/develop.olympic.ca\/olympique\/wp-content\/uploads\/sites\/2\/2018\/02\/ceremonie-ouverture-pyeongchang-4-e1518318063368.jpg?quality=100&#038;w=482&#038;h=321&#038;strip&#038;resize=482%2C321\" srcset=\"https:\/\/develop.olympic.ca\/olympique\/wp-content\/uploads\/sites\/2\/2018\/02\/ceremonie-ouverture-pyeongchang-4-e1518318063368.jpg 1340w, https:\/\/develop.olympic.ca\/olympique\/wp-content\/uploads\/sites\/2\/2018\/02\/ceremonie-ouverture-pyeongchang-4-e1518318063368.jpg?resize=237,158 237w, https:\/\/develop.olympic.ca\/olympique\/wp-content\/uploads\/sites\/2\/2018\/02\/ceremonie-ouverture-pyeongchang-4-e1518318063368.jpg?resize=557,371 557w, https:\/\/develop.olympic.ca\/olympique\/wp-content\/uploads\/sites\/2\/2018\/02\/ceremonie-ouverture-pyeongchang-4-e1518318063368.jpg?resize=768,512 768w, https:\/\/develop.olympic.ca\/olympique\/wp-content\/uploads\/sites\/2\/2018\/02\/ceremonie-ouverture-pyeongchang-4-e1518318063368.jpg?resize=1131,754 1131w\" width=\"482\" height=\"321\" loading=\"lazy\" data-original-width=\"482\" data-original-height=\"321\" itemprop=\"http:\/\/schema.org\/image\" title=\"Pyeongchang Olympics Opening Ceremony\" alt=\"La Cor\u00e9e du Sud r\u00e9servait tout un spectacle pour l&#039;ouverture des Jeux de PyeongChang.(Sean Haffey\/Pool Photo via AP)\" style=\"width: 482px; height: 321px;\" \/> <\/a> <div class=\"tiled-gallery-caption\" itemprop=\"caption description\"> La Cor\u00e9e du Sud r\u00e9servait tout un spectacle pour l&rsquo;ouverture des Jeux de PyeongChang.(Sean Haffey\/Pool Photo via AP) <\/div> <\/div> <\/div> <!-- close group --> <\/div> <!-- close row --> <div class=\"gallery-row\" style=\"width: 1360px; height: 606px;\" data-original-width=\"1360\" data-original-height=\"606\" > <div class=\"gallery-group images-2\" style=\"width: 452px; height: 606px;\" data-original-width=\"452\" data-original-height=\"606\" > <div class=\"tiled-gallery-item tiled-gallery-item-large\" itemprop=\"associatedMedia\" itemscope itemtype=\"http:\/\/schema.org\/ImageObject\"> <a href=\"https:\/\/develop.olympic.ca\/olympique\/photos\/ceremonie-douverture-de-pyeongchang-2018\/_jr_3801\/#main\" border=\"0\" itemprop=\"url\"> <meta itemprop=\"width\" content=\"448\"> <meta itemprop=\"height\" content=\"299\"> <img decoding=\"async\" data-recalc-dims=\"1\" class=\"\" data-attachment-id=\"136174\" data-orig-file=\"https:\/\/develop.olympic.ca\/olympique\/wp-content\/uploads\/sites\/2\/2018\/02\/jr_3801-e1518318016497.jpg?quality=100\" data-orig-size=\"1340,893\" data-comments-opened=\"\" data-image-meta=\"{&quot;aperture&quot;:&quot;4&quot;,&quot;credit&quot;:&quot;Jason Ransom&quot;,&quot;camera&quot;:&quot;Canon EOS-1D X Mark II&quot;,&quot;caption&quot;:&quot;&quot;,&quot;created_timestamp&quot;:&quot;1518294055&quot;,&quot;copyright&quot;:&quot;&quot;,&quot;focal_length&quot;:&quot;222&quot;,&quot;iso&quot;:&quot;2000&quot;,&quot;shutter_speed&quot;:&quot;0.004&quot;,&quot;title&quot;:&quot;&quot;,&quot;orientation&quot;:&quot;1&quot;}\" data-image-title=\"_JR_3801\" data-image-description=\"&lt;p&gt;Pr\u00e9sentation du drapeau sud-cor\u00e9en, lors du spectacle de la c\u00e9r\u00e9monie d&amp;rsquo;ouverture. (Cr\u00e9dit: Comit\u00e9 olympique canadien)&lt;\/p&gt; \" data-medium-file=\"https:\/\/develop.olympic.ca\/olympique\/wp-content\/uploads\/sites\/2\/2018\/02\/jr_3801-e1518318016497.jpg?quality=100&#038;w=557\" data-large-file=\"https:\/\/develop.olympic.ca\/olympique\/wp-content\/uploads\/sites\/2\/2018\/02\/jr_3801-e1518318016497.jpg?quality=100&#038;w=1131\" src=\"https:\/\/develop.olympic.ca\/olympique\/wp-content\/uploads\/sites\/2\/2018\/02\/jr_3801-e1518318016497.jpg?quality=100&#038;w=448&#038;h=299&#038;strip&#038;resize=448%2C299\" srcset=\"https:\/\/develop.olympic.ca\/olympique\/wp-content\/uploads\/sites\/2\/2018\/02\/jr_3801-e1518318016497.jpg 1340w, https:\/\/develop.olympic.ca\/olympique\/wp-content\/uploads\/sites\/2\/2018\/02\/jr_3801-e1518318016497.jpg?resize=237,158 237w, https:\/\/develop.olympic.ca\/olympique\/wp-content\/uploads\/sites\/2\/2018\/02\/jr_3801-e1518318016497.jpg?resize=557,371 557w, https:\/\/develop.olympic.ca\/olympique\/wp-content\/uploads\/sites\/2\/2018\/02\/jr_3801-e1518318016497.jpg?resize=768,512 768w, https:\/\/develop.olympic.ca\/olympique\/wp-content\/uploads\/sites\/2\/2018\/02\/jr_3801-e1518318016497.jpg?resize=1131,754 1131w\" width=\"448\" height=\"299\" loading=\"lazy\" data-original-width=\"448\" data-original-height=\"299\" itemprop=\"http:\/\/schema.org\/image\" title=\"_JR_3801\" alt=\"Pr\u00e9sentation du drapeau sud-cor\u00e9en, lors du spectacle de la c\u00e9r\u00e9monie d&#039;ouverture. (Cr\u00e9dit: Comit\u00e9 olympique canadien)\" style=\"width: 448px; height: 299px;\" \/> <\/a> <div class=\"tiled-gallery-caption\" itemprop=\"caption description\"> Pr\u00e9sentation du drapeau sud-cor\u00e9en, lors du spectacle de la c\u00e9r\u00e9monie d&rsquo;ouverture. (Cr\u00e9dit: Comit\u00e9 olympique canadien) <\/div> <\/div> <div class=\"tiled-gallery-item tiled-gallery-item-large\" itemprop=\"associatedMedia\" itemscope itemtype=\"http:\/\/schema.org\/ImageObject\"> <a href=\"https:\/\/develop.olympic.ca\/olympique\/2018\/02\/09\/la-ceremonie-douverture-en-6-moments-cles\/pyeongchang-olympics-opening-ceremony-8\/#main\" border=\"0\" itemprop=\"url\"> <meta itemprop=\"width\" content=\"448\"> <meta itemprop=\"height\" content=\"299\"> <img decoding=\"async\" data-recalc-dims=\"1\" class=\"\" data-attachment-id=\"136169\" data-orig-file=\"https:\/\/develop.olympic.ca\/olympique\/wp-content\/uploads\/sites\/2\/2018\/02\/ceremonie-ouverture-pyeongchang-5-e1518318053958.jpg?quality=100\" data-orig-size=\"1340,894\" data-comments-opened=\"\" data-image-meta=\"{&quot;aperture&quot;:&quot;2.8&quot;,&quot;credit&quot;:&quot;The Associated Press&quot;,&quot;camera&quot;:&quot;Canon EOS-1D X Mark II&quot;,&quot;caption&quot;:&quot;Performers make the Republic of Korea flag during the opening ceremony of the 2018 Winter Olympics in Pyeongchang, South Korea, Friday, Feb. 9, 2018. (Sean Haffey\\\/Pool Photo via AP)&quot;,&quot;created_timestamp&quot;:&quot;1518232623&quot;,&quot;copyright&quot;:&quot;Copyright 2018 The Associated Press. All rights reserved&quot;,&quot;focal_length&quot;:&quot;115&quot;,&quot;iso&quot;:&quot;4000&quot;,&quot;shutter_speed&quot;:&quot;0.00125&quot;,&quot;title&quot;:&quot;Pyeongchang Olympics Opening Ceremony&quot;,&quot;orientation&quot;:&quot;1&quot;}\" data-image-title=\"Pyeongchang Olympics Opening Ceremony\" data-image-description=\"&lt;p&gt;Formation du drapeau cor\u00e9en, au d\u00e9but de la c\u00e9r\u00e9monie. (Sean Haffey\/Pool Photo via AP)&lt;\/p&gt; \" data-medium-file=\"https:\/\/develop.olympic.ca\/olympique\/wp-content\/uploads\/sites\/2\/2018\/02\/ceremonie-ouverture-pyeongchang-5-e1518318053958.jpg?quality=100&#038;w=556\" data-large-file=\"https:\/\/develop.olympic.ca\/olympique\/wp-content\/uploads\/sites\/2\/2018\/02\/ceremonie-ouverture-pyeongchang-5-e1518318053958.jpg?quality=100&#038;w=1130\" src=\"https:\/\/develop.olympic.ca\/olympique\/wp-content\/uploads\/sites\/2\/2018\/02\/ceremonie-ouverture-pyeongchang-5-e1518318053958.jpg?quality=100&#038;w=448&#038;h=299&#038;strip&#038;resize=448%2C299\" srcset=\"https:\/\/develop.olympic.ca\/olympique\/wp-content\/uploads\/sites\/2\/2018\/02\/ceremonie-ouverture-pyeongchang-5-e1518318053958.jpg 1340w, https:\/\/develop.olympic.ca\/olympique\/wp-content\/uploads\/sites\/2\/2018\/02\/ceremonie-ouverture-pyeongchang-5-e1518318053958.jpg?resize=237,158 237w, https:\/\/develop.olympic.ca\/olympique\/wp-content\/uploads\/sites\/2\/2018\/02\/ceremonie-ouverture-pyeongchang-5-e1518318053958.jpg?resize=556,371 556w, https:\/\/develop.olympic.ca\/olympique\/wp-content\/uploads\/sites\/2\/2018\/02\/ceremonie-ouverture-pyeongchang-5-e1518318053958.jpg?resize=768,512 768w, https:\/\/develop.olympic.ca\/olympique\/wp-content\/uploads\/sites\/2\/2018\/02\/ceremonie-ouverture-pyeongchang-5-e1518318053958.jpg?resize=1130,754 1130w\" width=\"448\" height=\"299\" loading=\"lazy\" data-original-width=\"448\" data-original-height=\"299\" itemprop=\"http:\/\/schema.org\/image\" title=\"Pyeongchang Olympics Opening Ceremony\" alt=\"Formation du drapeau cor\u00e9en, au d\u00e9but de la c\u00e9r\u00e9monie. (Sean Haffey\/Pool Photo via AP)\" style=\"width: 448px; height: 299px;\" \/> <\/a> <div class=\"tiled-gallery-caption\" itemprop=\"caption description\"> Formation du drapeau cor\u00e9en, au d\u00e9but de la c\u00e9r\u00e9monie. (Sean Haffey\/Pool Photo via AP) <\/div> <\/div> <\/div> <!-- close group --> <div class=\"gallery-group images-1\" style=\"width: 908px; height: 606px;\" data-original-width=\"908\" data-original-height=\"606\" > <div class=\"tiled-gallery-item tiled-gallery-item-large\" itemprop=\"associatedMedia\" itemscope itemtype=\"http:\/\/schema.org\/ImageObject\"> <a href=\"https:\/\/develop.olympic.ca\/olympique\/photos\/ceremonie-douverture-de-pyeongchang-2018\/_jr_4660\/#main\" border=\"0\" itemprop=\"url\"> <meta itemprop=\"width\" content=\"904\"> <meta itemprop=\"height\" content=\"602\"> <img decoding=\"async\" data-recalc-dims=\"1\" class=\"\" data-attachment-id=\"136184\" data-orig-file=\"https:\/\/develop.olympic.ca\/olympique\/wp-content\/uploads\/sites\/2\/2018\/02\/jr_4660-e1518317902381.jpg?quality=100\" data-orig-size=\"1340,893\" data-comments-opened=\"\" data-image-meta=\"{&quot;aperture&quot;:&quot;5.6&quot;,&quot;credit&quot;:&quot;Jason Ransom&quot;,&quot;camera&quot;:&quot;Canon EOS-1D X Mark II&quot;,&quot;caption&quot;:&quot;&quot;,&quot;created_timestamp&quot;:&quot;1518300828&quot;,&quot;copyright&quot;:&quot;&quot;,&quot;focal_length&quot;:&quot;282&quot;,&quot;iso&quot;:&quot;3200&quot;,&quot;shutter_speed&quot;:&quot;0.002&quot;,&quot;title&quot;:&quot;&quot;,&quot;orientation&quot;:&quot;1&quot;}\" data-image-title=\"_JR_4660\" data-image-description=\"&lt;p&gt;Les performances \u00e9taient tr\u00e8s vari\u00e9es, mais tout aussi spectaculaires lors de la c\u00e9r\u00e9monie. (Cr\u00e9dit: Comit\u00e9 olympique canadien)&lt;\/p&gt; \" data-medium-file=\"https:\/\/develop.olympic.ca\/olympique\/wp-content\/uploads\/sites\/2\/2018\/02\/jr_4660-e1518317902381.jpg?quality=100&#038;w=557\" data-large-file=\"https:\/\/develop.olympic.ca\/olympique\/wp-content\/uploads\/sites\/2\/2018\/02\/jr_4660-e1518317902381.jpg?quality=100&#038;w=1131\" src=\"https:\/\/develop.olympic.ca\/olympique\/wp-content\/uploads\/sites\/2\/2018\/02\/jr_4660-e1518317902381.jpg?quality=100&#038;w=904&#038;h=602&#038;strip&#038;resize=904%2C602\" srcset=\"https:\/\/develop.olympic.ca\/olympique\/wp-content\/uploads\/sites\/2\/2018\/02\/jr_4660-e1518317902381.jpg 1340w, https:\/\/develop.olympic.ca\/olympique\/wp-content\/uploads\/sites\/2\/2018\/02\/jr_4660-e1518317902381.jpg?resize=237,158 237w, https:\/\/develop.olympic.ca\/olympique\/wp-content\/uploads\/sites\/2\/2018\/02\/jr_4660-e1518317902381.jpg?resize=557,371 557w, https:\/\/develop.olympic.ca\/olympique\/wp-content\/uploads\/sites\/2\/2018\/02\/jr_4660-e1518317902381.jpg?resize=768,512 768w, https:\/\/develop.olympic.ca\/olympique\/wp-content\/uploads\/sites\/2\/2018\/02\/jr_4660-e1518317902381.jpg?resize=1131,754 1131w\" width=\"904\" height=\"602\" loading=\"lazy\" data-original-width=\"904\" data-original-height=\"602\" itemprop=\"http:\/\/schema.org\/image\" title=\"_JR_4660\" alt=\"Les performances \u00e9taient tr\u00e8s vari\u00e9es, mais tout aussi spectaculaires lors de la c\u00e9r\u00e9monie. (Cr\u00e9dit: Comit\u00e9 olympique canadien)\" style=\"width: 904px; height: 602px;\" \/> <\/a> <div class=\"tiled-gallery-caption\" itemprop=\"caption description\"> Les performances \u00e9taient tr\u00e8s vari\u00e9es, mais tout aussi spectaculaires lors de la c\u00e9r\u00e9monie. (Cr\u00e9dit: Comit\u00e9 olympique canadien) <\/div> <\/div> <\/div> <!-- close group --> <\/div> <!-- close row --> <div class=\"gallery-row\" style=\"width: 1360px; height: 465px;\" data-original-width=\"1360\" data-original-height=\"465\" > <div class=\"gallery-group images-1\" style=\"width: 696px; height: 465px;\" data-original-width=\"696\" data-original-height=\"465\" > <div class=\"tiled-gallery-item tiled-gallery-item-large\" itemprop=\"associatedMedia\" itemscope itemtype=\"http:\/\/schema.org\/ImageObject\"> <a href=\"https:\/\/develop.olympic.ca\/olympique\/photos\/ceremonie-douverture-de-pyeongchang-2018\/_jr_4112\/#main\" border=\"0\" itemprop=\"url\"> <meta itemprop=\"width\" content=\"692\"> <meta itemprop=\"height\" content=\"461\"> <img decoding=\"async\" data-recalc-dims=\"1\" class=\"\" data-attachment-id=\"136173\" data-orig-file=\"https:\/\/develop.olympic.ca\/olympique\/wp-content\/uploads\/sites\/2\/2018\/02\/jr_4112-e1518318024591.jpg?quality=100\" data-orig-size=\"1340,893\" data-comments-opened=\"\" data-image-meta=\"{&quot;aperture&quot;:&quot;4&quot;,&quot;credit&quot;:&quot;Jason Ransom&quot;,&quot;camera&quot;:&quot;Canon EOS-1D X Mark II&quot;,&quot;caption&quot;:&quot;&quot;,&quot;created_timestamp&quot;:&quot;1518296903&quot;,&quot;copyright&quot;:&quot;&quot;,&quot;focal_length&quot;:&quot;600&quot;,&quot;iso&quot;:&quot;3200&quot;,&quot;shutter_speed&quot;:&quot;0.003125&quot;,&quot;title&quot;:&quot;&quot;,&quot;orientation&quot;:&quot;1&quot;}\" data-image-title=\"_JR_4112\" data-image-description=\"&lt;p&gt;Pita Taufatofua \u00e9tait de retour en tant que porte-drapeau des Tonga. Il avait fait fureur \u00e0 son entr\u00e9e aux Jeux de Rio, en 2016. (Cr\u00e9dit: Comit\u00e9 olympique canadien)&lt;\/p&gt; \" data-medium-file=\"https:\/\/develop.olympic.ca\/olympique\/wp-content\/uploads\/sites\/2\/2018\/02\/jr_4112-e1518318024591.jpg?quality=100&#038;w=557\" data-large-file=\"https:\/\/develop.olympic.ca\/olympique\/wp-content\/uploads\/sites\/2\/2018\/02\/jr_4112-e1518318024591.jpg?quality=100&#038;w=1131\" src=\"https:\/\/develop.olympic.ca\/olympique\/wp-content\/uploads\/sites\/2\/2018\/02\/jr_4112-e1518318024591.jpg?quality=100&#038;w=692&#038;h=461&#038;strip&#038;resize=692%2C461\" srcset=\"https:\/\/develop.olympic.ca\/olympique\/wp-content\/uploads\/sites\/2\/2018\/02\/jr_4112-e1518318024591.jpg 1340w, https:\/\/develop.olympic.ca\/olympique\/wp-content\/uploads\/sites\/2\/2018\/02\/jr_4112-e1518318024591.jpg?resize=237,158 237w, https:\/\/develop.olympic.ca\/olympique\/wp-content\/uploads\/sites\/2\/2018\/02\/jr_4112-e1518318024591.jpg?resize=557,371 557w, https:\/\/develop.olympic.ca\/olympique\/wp-content\/uploads\/sites\/2\/2018\/02\/jr_4112-e1518318024591.jpg?resize=768,512 768w, https:\/\/develop.olympic.ca\/olympique\/wp-content\/uploads\/sites\/2\/2018\/02\/jr_4112-e1518318024591.jpg?resize=1131,754 1131w\" width=\"692\" height=\"461\" loading=\"lazy\" data-original-width=\"692\" data-original-height=\"461\" itemprop=\"http:\/\/schema.org\/image\" title=\"_JR_4112\" alt=\"Pita Taufatofua \u00e9tait de retour en tant que porte-drapeau des Tonga. Il avait fait fureur \u00e0 son entr\u00e9e aux Jeux de Rio, en 2016. (Cr\u00e9dit: Comit\u00e9 olympique canadien)\" style=\"width: 692px; height: 461px;\" \/> <\/a> <div class=\"tiled-gallery-caption\" itemprop=\"caption description\"> Pita Taufatofua \u00e9tait de retour en tant que porte-drapeau des Tonga. Il avait fait fureur \u00e0 son entr\u00e9e aux Jeux de Rio, en 2016. (Cr\u00e9dit: Comit\u00e9 olympique canadien) <\/div> <\/div> <\/div> <!-- close group --> <div class=\"gallery-group images-1\" style=\"width: 664px; height: 465px;\" data-original-width=\"664\" data-original-height=\"465\" > <div class=\"tiled-gallery-item tiled-gallery-item-large\" itemprop=\"associatedMedia\" itemscope itemtype=\"http:\/\/schema.org\/ImageObject\"> <a href=\"https:\/\/develop.olympic.ca\/olympique\/photos\/ceremonie-douverture-de-pyeongchang-2018\/oly-opening-ceremony-20180209\/#main\" border=\"0\" itemprop=\"url\"> <meta itemprop=\"width\" content=\"660\"> <meta itemprop=\"height\" content=\"461\"> <img decoding=\"async\" data-recalc-dims=\"1\" class=\"\" data-attachment-id=\"136187\" data-orig-file=\"https:\/\/develop.olympic.ca\/olympique\/wp-content\/uploads\/sites\/2\/2018\/02\/18502066-e1518317878394.jpg?quality=100\" data-orig-size=\"1340,936\" data-comments-opened=\"\" data-image-meta=\"{&quot;aperture&quot;:&quot;4&quot;,&quot;credit&quot;:&quot;THE CANADIAN PRESS&quot;,&quot;camera&quot;:&quot;NIKON D4S&quot;,&quot;caption&quot;:&quot;Canadian ice dance team Tessa Virtue and Scott Moir lead team Canada into the Olympic stadium as the flag bearers during the opening ceremonies at the 2018 Winter Olympic Games in Pyeongchang, South Korea, on Friday, February 9, 2018. THE CANADIAN PRESS\\\/Nathan Denette&quot;,&quot;created_timestamp&quot;:&quot;1518228091&quot;,&quot;copyright&quot;:&quot;&quot;,&quot;focal_length&quot;:&quot;58&quot;,&quot;iso&quot;:&quot;3200&quot;,&quot;shutter_speed&quot;:&quot;0.002&quot;,&quot;title&quot;:&quot;OLY Opening Ceremony 20180209&quot;,&quot;orientation&quot;:&quot;1&quot;}\" data-image-title=\"OLY Opening Ceremony 20180209\" data-image-description=\"&lt;p&gt;Les couleurs du Canada ont pris place dans tout le stade pour l&amp;rsquo;entr\u00e9e des athl\u00e8tes canadiens. LA PRESSE CANADIENNE\/Nathan Denette&lt;\/p&gt; \" data-medium-file=\"https:\/\/develop.olympic.ca\/olympique\/wp-content\/uploads\/sites\/2\/2018\/02\/18502066-e1518317878394.jpg?quality=100&#038;w=531\" data-large-file=\"https:\/\/develop.olympic.ca\/olympique\/wp-content\/uploads\/sites\/2\/2018\/02\/18502066-e1518317878394.jpg?quality=100&#038;w=1079\" src=\"https:\/\/develop.olympic.ca\/olympique\/wp-content\/uploads\/sites\/2\/2018\/02\/18502066-e1518317878394.jpg?quality=100&#038;w=660&#038;h=461&#038;strip&#038;resize=660%2C461\" srcset=\"https:\/\/develop.olympic.ca\/olympique\/wp-content\/uploads\/sites\/2\/2018\/02\/18502066-e1518317878394.jpg 1340w, https:\/\/develop.olympic.ca\/olympique\/wp-content\/uploads\/sites\/2\/2018\/02\/18502066-e1518317878394.jpg?resize=226,158 226w, https:\/\/develop.olympic.ca\/olympique\/wp-content\/uploads\/sites\/2\/2018\/02\/18502066-e1518317878394.jpg?resize=531,371 531w, https:\/\/develop.olympic.ca\/olympique\/wp-content\/uploads\/sites\/2\/2018\/02\/18502066-e1518317878394.jpg?resize=768,536 768w, https:\/\/develop.olympic.ca\/olympique\/wp-content\/uploads\/sites\/2\/2018\/02\/18502066-e1518317878394.jpg?resize=1079,754 1079w\" width=\"660\" height=\"461\" loading=\"lazy\" data-original-width=\"660\" data-original-height=\"461\" itemprop=\"http:\/\/schema.org\/image\" title=\"OLY Opening Ceremony 20180209\" alt=\"Les couleurs du Canada ont pris place dans tout le stade pour l&#039;entr\u00e9e des athl\u00e8tes canadiens. LA PRESSE CANADIENNE\/Nathan Denette\" style=\"width: 660px; height: 461px;\" \/> <\/a> <div class=\"tiled-gallery-caption\" itemprop=\"caption description\"> Les couleurs du Canada ont pris place dans tout le stade pour l&rsquo;entr\u00e9e des athl\u00e8tes canadiens. LA PRESSE CANADIENNE\/Nathan Denette <\/div> <\/div> <\/div> <!-- close group --> <\/div> <!-- close row --> <div class=\"gallery-row\" style=\"width: 1360px; height: 287px;\" data-original-width=\"1360\" data-original-height=\"287\" > <div class=\"gallery-group images-1\" style=\"width: 432px; height: 287px;\" data-original-width=\"432\" data-original-height=\"287\" > <div class=\"tiled-gallery-item tiled-gallery-item-large\" itemprop=\"associatedMedia\" itemscope itemtype=\"http:\/\/schema.org\/ImageObject\"> <a href=\"https:\/\/develop.olympic.ca\/olympique\/photos\/ceremonie-douverture-de-pyeongchang-2018\/pyeongchang-olympics-opening-ceremony-14\/#main\" border=\"0\" itemprop=\"url\"> <meta itemprop=\"width\" content=\"428\"> <meta itemprop=\"height\" content=\"283\"> <img decoding=\"async\" data-recalc-dims=\"1\" class=\"\" data-attachment-id=\"136188\" data-orig-file=\"https:\/\/develop.olympic.ca\/olympique\/wp-content\/uploads\/sites\/2\/2018\/02\/18502165-e1518317869483.jpg?quality=100\" data-orig-size=\"1340,888\" data-comments-opened=\"\" data-image-meta=\"{&quot;aperture&quot;:&quot;3.5&quot;,&quot;credit&quot;:&quot;The Associated Press&quot;,&quot;camera&quot;:&quot;Canon EOS-1D X&quot;,&quot;caption&quot;:&quot;The team from Canada arrive on stage during the opening ceremony of the 2018 Winter Olympics in Pyeongchang, South Korea, Friday, Feb. 9, 2018. (AP Photo\\\/Charlie Riedel)&quot;,&quot;created_timestamp&quot;:&quot;1518180924&quot;,&quot;copyright&quot;:&quot;Copyright 2018 The Associated Press. All rights reserved&quot;,&quot;focal_length&quot;:&quot;23&quot;,&quot;iso&quot;:&quot;1250&quot;,&quot;shutter_speed&quot;:&quot;0.008&quot;,&quot;title&quot;:&quot;Pyeongchang Olympics Opening Ceremony&quot;,&quot;orientation&quot;:&quot;1&quot;}\" data-image-title=\"Pyeongchang Olympics Opening Ceremony\" data-image-description=\"&lt;p&gt;Arriv\u00e9e d&amp;rsquo;\u00c9quipe Canada dans le stade, durant la c\u00e9r\u00e9monie d&amp;rsquo;ouverture. (AP Photo\/Charlie Riedel)&lt;\/p&gt; \" data-medium-file=\"https:\/\/develop.olympic.ca\/olympique\/wp-content\/uploads\/sites\/2\/2018\/02\/18502165-e1518317869483.jpg?quality=100&#038;w=560\" data-large-file=\"https:\/\/develop.olympic.ca\/olympique\/wp-content\/uploads\/sites\/2\/2018\/02\/18502165-e1518317869483.jpg?quality=100&#038;w=1138\" src=\"https:\/\/develop.olympic.ca\/olympique\/wp-content\/uploads\/sites\/2\/2018\/02\/18502165-e1518317869483.jpg?quality=100&#038;w=428&#038;h=283&#038;strip&#038;resize=428%2C283\" srcset=\"https:\/\/develop.olympic.ca\/olympique\/wp-content\/uploads\/sites\/2\/2018\/02\/18502165-e1518317869483.jpg 1340w, https:\/\/develop.olympic.ca\/olympique\/wp-content\/uploads\/sites\/2\/2018\/02\/18502165-e1518317869483.jpg?resize=238,158 238w, https:\/\/develop.olympic.ca\/olympique\/wp-content\/uploads\/sites\/2\/2018\/02\/18502165-e1518317869483.jpg?resize=560,371 560w, https:\/\/develop.olympic.ca\/olympique\/wp-content\/uploads\/sites\/2\/2018\/02\/18502165-e1518317869483.jpg?resize=768,509 768w, https:\/\/develop.olympic.ca\/olympique\/wp-content\/uploads\/sites\/2\/2018\/02\/18502165-e1518317869483.jpg?resize=1138,754 1138w\" width=\"428\" height=\"283\" loading=\"lazy\" data-original-width=\"428\" data-original-height=\"283\" itemprop=\"http:\/\/schema.org\/image\" title=\"Pyeongchang Olympics Opening Ceremony\" alt=\"Arriv\u00e9e d&#039;\u00c9quipe Canada dans le stade, durant la c\u00e9r\u00e9monie d&#039;ouverture. (AP Photo\/Charlie Riedel)\" style=\"width: 428px; height: 283px;\" \/> <\/a> <div class=\"tiled-gallery-caption\" itemprop=\"caption description\"> Arriv\u00e9e d&rsquo;\u00c9quipe Canada dans le stade, durant la c\u00e9r\u00e9monie d&rsquo;ouverture. (AP Photo\/Charlie Riedel) <\/div> <\/div> <\/div> <!-- close group --> <div class=\"gallery-group images-1\" style=\"width: 475px; height: 287px;\" data-original-width=\"475\" data-original-height=\"287\" > <div class=\"tiled-gallery-item tiled-gallery-item-large\" itemprop=\"associatedMedia\" itemscope itemtype=\"http:\/\/schema.org\/ImageObject\"> <a href=\"https:\/\/develop.olympic.ca\/olympique\/2018\/02\/09\/la-ceremonie-douverture-en-6-moments-cles\/pyeongchang-olympics-opening-ceremony-9\/#main\" border=\"0\" itemprop=\"url\"> <meta itemprop=\"width\" content=\"471\"> <meta itemprop=\"height\" content=\"283\"> <img decoding=\"async\" data-recalc-dims=\"1\" class=\"\" data-attachment-id=\"136170\" data-orig-file=\"https:\/\/develop.olympic.ca\/olympique\/wp-content\/uploads\/sites\/2\/2018\/02\/ceremonie-ouverture-pyeongchang-2018-canada-equipe-e1518318044852.jpg?quality=100\" data-orig-size=\"1340,807\" data-comments-opened=\"\" data-image-meta=\"{&quot;aperture&quot;:&quot;2.8&quot;,&quot;credit&quot;:&quot;The Associated Press&quot;,&quot;camera&quot;:&quot;Canon EOS-1D X Mark II&quot;,&quot;caption&quot;:&quot;Tessa Virtue and Scott Moir carries the flag of Canada during the opening ceremony of the 2018 Winter Olympics in Pyeongchang, South Korea, Friday, Feb. 9, 2018. (AP Photo\\\/Michael Sohn)&quot;,&quot;created_timestamp&quot;:&quot;1518179187&quot;,&quot;copyright&quot;:&quot;Copyright 2018 The Associated Press. All rights reserved&quot;,&quot;focal_length&quot;:&quot;400&quot;,&quot;iso&quot;:&quot;2000&quot;,&quot;shutter_speed&quot;:&quot;0.002&quot;,&quot;title&quot;:&quot;Pyeongchang Olympics Opening Ceremony&quot;,&quot;orientation&quot;:&quot;1&quot;}\" data-image-title=\"Pyeongchang Olympics Opening Ceremony\" data-image-description=\"&lt;p&gt;Tessa Virtue et Scott Moir, en t\u00eate d&amp;rsquo;\u00c9quipe Canada, lors de la c\u00e9r\u00e9monie d&amp;rsquo;ouverture de PyeongChang 2018.(AP Photo\/Michael Sohn)&lt;\/p&gt; \" data-medium-file=\"https:\/\/develop.olympic.ca\/olympique\/wp-content\/uploads\/sites\/2\/2018\/02\/ceremonie-ouverture-pyeongchang-2018-canada-equipe-e1518318044852.jpg?quality=100&#038;w=616\" data-large-file=\"https:\/\/develop.olympic.ca\/olympique\/wp-content\/uploads\/sites\/2\/2018\/02\/ceremonie-ouverture-pyeongchang-2018-canada-equipe-e1518318044852.jpg?quality=100&#038;w=1252\" src=\"https:\/\/develop.olympic.ca\/olympique\/wp-content\/uploads\/sites\/2\/2018\/02\/ceremonie-ouverture-pyeongchang-2018-canada-equipe-e1518318044852.jpg?quality=100&#038;w=471&#038;h=283&#038;strip&#038;resize=471%2C283\" srcset=\"https:\/\/develop.olympic.ca\/olympique\/wp-content\/uploads\/sites\/2\/2018\/02\/ceremonie-ouverture-pyeongchang-2018-canada-equipe-e1518318044852.jpg 1340w, https:\/\/develop.olympic.ca\/olympique\/wp-content\/uploads\/sites\/2\/2018\/02\/ceremonie-ouverture-pyeongchang-2018-canada-equipe-e1518318044852.jpg?resize=262,158 262w, https:\/\/develop.olympic.ca\/olympique\/wp-content\/uploads\/sites\/2\/2018\/02\/ceremonie-ouverture-pyeongchang-2018-canada-equipe-e1518318044852.jpg?resize=616,371 616w, https:\/\/develop.olympic.ca\/olympique\/wp-content\/uploads\/sites\/2\/2018\/02\/ceremonie-ouverture-pyeongchang-2018-canada-equipe-e1518318044852.jpg?resize=768,463 768w, https:\/\/develop.olympic.ca\/olympique\/wp-content\/uploads\/sites\/2\/2018\/02\/ceremonie-ouverture-pyeongchang-2018-canada-equipe-e1518318044852.jpg?resize=1252,754 1252w\" width=\"471\" height=\"283\" loading=\"lazy\" data-original-width=\"471\" data-original-height=\"283\" itemprop=\"http:\/\/schema.org\/image\" title=\"Pyeongchang Olympics Opening Ceremony\" alt=\"Tessa Virtue et Scott Moir, en t\u00eate d&#039;\u00c9quipe Canada, lors de la c\u00e9r\u00e9monie d&#039;ouverture de PyeongChang 2018.(AP Photo\/Michael Sohn)\" style=\"width: 471px; height: 283px;\" \/> <\/a> <div class=\"tiled-gallery-caption\" itemprop=\"caption description\"> Tessa Virtue et Scott Moir, en t\u00eate d&rsquo;\u00c9quipe Canada, lors de la c\u00e9r\u00e9monie d&rsquo;ouverture de PyeongChang 2018.(AP Photo\/Michael Sohn) <\/div> <\/div> <\/div> <!-- close group --> <div class=\"gallery-group images-1\" style=\"width: 453px; height: 287px;\" data-original-width=\"453\" data-original-height=\"287\" > <div class=\"tiled-gallery-item tiled-gallery-item-large\" itemprop=\"associatedMedia\" itemscope itemtype=\"http:\/\/schema.org\/ImageObject\"> <a href=\"https:\/\/develop.olympic.ca\/olympique\/2018\/02\/09\/la-ceremonie-douverture-en-6-moments-cles\/tessa-virtue-scott-moir-56\/#main\" border=\"0\" itemprop=\"url\"> <meta itemprop=\"width\" content=\"449\"> <meta itemprop=\"height\" content=\"283\"> <img decoding=\"async\" data-recalc-dims=\"1\" class=\"\" data-attachment-id=\"136171\" data-orig-file=\"https:\/\/develop.olympic.ca\/olympique\/wp-content\/uploads\/sites\/2\/2018\/02\/ceremonie-ouverture-pyeongchang-2018-canada-equipe-1-e1518318035802.jpg?quality=100\" data-orig-size=\"1340,845\" data-comments-opened=\"\" data-image-meta=\"{&quot;aperture&quot;:&quot;4&quot;,&quot;credit&quot;:&quot;THE CANADIAN PRESS&quot;,&quot;camera&quot;:&quot;NIKON D5&quot;,&quot;caption&quot;:&quot;Ice dancers Tessa Virtue and Scott Moir lead the Canadian team into the stadium during the opening ceremony at the 2018 Winter Olympic Games in Pyeongchang, South Korea, Friday, Feb. 9, 2018. THE CANADIAN PRESS\\\/Paul Chiasson&quot;,&quot;created_timestamp&quot;:&quot;1518228152&quot;,&quot;copyright&quot;:&quot;THE CANADIAN PRESS&quot;,&quot;focal_length&quot;:&quot;290&quot;,&quot;iso&quot;:&quot;3200&quot;,&quot;shutter_speed&quot;:&quot;0.004&quot;,&quot;title&quot;:&quot;Tessa Virtue Scott Moir&quot;,&quot;orientation&quot;:&quot;1&quot;}\" data-image-title=\"Tessa Virtue Scott Moir\" data-image-description=\"&lt;p&gt;Les patineurs artistiques Tessa Virtue et Scott Moir ont men\u00e9 \u00c9quipe Canada lors de leur entr\u00e9e au stade, \u00e0 la c\u00e9r\u00e9monie d&amp;rsquo;ouverture de PyeongChang 2018. LA PRESSE CANADIENNE\/Paul Chiasson&lt;\/p&gt; \" data-medium-file=\"https:\/\/develop.olympic.ca\/olympique\/wp-content\/uploads\/sites\/2\/2018\/02\/ceremonie-ouverture-pyeongchang-2018-canada-equipe-1-e1518318035802.jpg?quality=100&#038;w=588\" data-large-file=\"https:\/\/develop.olympic.ca\/olympique\/wp-content\/uploads\/sites\/2\/2018\/02\/ceremonie-ouverture-pyeongchang-2018-canada-equipe-1-e1518318035802.jpg?quality=100&#038;w=1196\" src=\"https:\/\/develop.olympic.ca\/olympique\/wp-content\/uploads\/sites\/2\/2018\/02\/ceremonie-ouverture-pyeongchang-2018-canada-equipe-1-e1518318035802.jpg?quality=100&#038;w=449&#038;h=283&#038;strip&#038;resize=449%2C283\" srcset=\"https:\/\/develop.olympic.ca\/olympique\/wp-content\/uploads\/sites\/2\/2018\/02\/ceremonie-ouverture-pyeongchang-2018-canada-equipe-1-e1518318035802.jpg 1340w, https:\/\/develop.olympic.ca\/olympique\/wp-content\/uploads\/sites\/2\/2018\/02\/ceremonie-ouverture-pyeongchang-2018-canada-equipe-1-e1518318035802.jpg?resize=251,158 251w, https:\/\/develop.olympic.ca\/olympique\/wp-content\/uploads\/sites\/2\/2018\/02\/ceremonie-ouverture-pyeongchang-2018-canada-equipe-1-e1518318035802.jpg?resize=588,371 588w, https:\/\/develop.olympic.ca\/olympique\/wp-content\/uploads\/sites\/2\/2018\/02\/ceremonie-ouverture-pyeongchang-2018-canada-equipe-1-e1518318035802.jpg?resize=768,484 768w, https:\/\/develop.olympic.ca\/olympique\/wp-content\/uploads\/sites\/2\/2018\/02\/ceremonie-ouverture-pyeongchang-2018-canada-equipe-1-e1518318035802.jpg?resize=1196,754 1196w\" width=\"449\" height=\"283\" loading=\"lazy\" data-original-width=\"449\" data-original-height=\"283\" itemprop=\"http:\/\/schema.org\/image\" title=\"Tessa Virtue Scott Moir\" alt=\"Tessa et Scott portent le drapeau \u00e0 PyeongChang\" style=\"width: 449px; height: 283px;\" \/> <\/a> <div class=\"tiled-gallery-caption\" itemprop=\"caption description\"> Les patineurs artistiques Tessa Virtue et Scott Moir ont men\u00e9 \u00c9quipe Canada lors de leur entr\u00e9e au stade, \u00e0 la c\u00e9r\u00e9monie d&rsquo;ouverture de PyeongChang 2018. LA PRESSE CANADIENNE\/Paul Chiasson <\/div> <\/div> <\/div> <!-- close group --> <\/div> <!-- close row --> <div class=\"gallery-row\" style=\"width: 1360px; height: 606px;\" data-original-width=\"1360\" data-original-height=\"606\" > <div class=\"gallery-group images-1\" style=\"width: 907px; height: 606px;\" data-original-width=\"907\" data-original-height=\"606\" > <div class=\"tiled-gallery-item tiled-gallery-item-large\" itemprop=\"associatedMedia\" itemscope itemtype=\"http:\/\/schema.org\/ImageObject\"> <a href=\"https:\/\/develop.olympic.ca\/olympique\/photos\/ceremonie-douverture-de-pyeongchang-2018\/_jr_4081\/#main\" border=\"0\" itemprop=\"url\"> <meta itemprop=\"width\" content=\"903\"> <meta itemprop=\"height\" content=\"602\"> <img decoding=\"async\" data-recalc-dims=\"1\" class=\"\" data-attachment-id=\"136175\" data-orig-file=\"https:\/\/develop.olympic.ca\/olympique\/wp-content\/uploads\/sites\/2\/2018\/02\/jr_4081-e1518318004516.jpg?quality=100\" data-orig-size=\"1340,893\" data-comments-opened=\"\" data-image-meta=\"{&quot;aperture&quot;:&quot;4&quot;,&quot;credit&quot;:&quot;Jason Ransom&quot;,&quot;camera&quot;:&quot;Canon EOS-1D X Mark II&quot;,&quot;caption&quot;:&quot;&quot;,&quot;created_timestamp&quot;:&quot;1518296532&quot;,&quot;copyright&quot;:&quot;&quot;,&quot;focal_length&quot;:&quot;600&quot;,&quot;iso&quot;:&quot;3200&quot;,&quot;shutter_speed&quot;:&quot;0.003125&quot;,&quot;title&quot;:&quot;&quot;,&quot;orientation&quot;:&quot;1&quot;}\" data-image-title=\"_JR_4081\" data-image-description=\"&lt;p&gt;Les patineurs artistiques Tessa Virtue et Scott Moir ont men\u00e9 \u00c9quipe Canada lors de leur entr\u00e9e au stade, \u00e0 la c\u00e9r\u00e9monie d&amp;rsquo;ouverture de PyeongChang 2018. LA PRESSE CANADIENNE\/Paul Chiasson&lt;\/p&gt; \" data-medium-file=\"https:\/\/develop.olympic.ca\/olympique\/wp-content\/uploads\/sites\/2\/2018\/02\/jr_4081-e1518318004516.jpg?quality=100&#038;w=557\" data-large-file=\"https:\/\/develop.olympic.ca\/olympique\/wp-content\/uploads\/sites\/2\/2018\/02\/jr_4081-e1518318004516.jpg?quality=100&#038;w=1131\" src=\"https:\/\/develop.olympic.ca\/olympique\/wp-content\/uploads\/sites\/2\/2018\/02\/jr_4081-e1518318004516.jpg?quality=100&#038;w=903&#038;h=602&#038;strip&#038;resize=903%2C602\" srcset=\"https:\/\/develop.olympic.ca\/olympique\/wp-content\/uploads\/sites\/2\/2018\/02\/jr_4081-e1518318004516.jpg 1340w, https:\/\/develop.olympic.ca\/olympique\/wp-content\/uploads\/sites\/2\/2018\/02\/jr_4081-e1518318004516.jpg?resize=237,158 237w, https:\/\/develop.olympic.ca\/olympique\/wp-content\/uploads\/sites\/2\/2018\/02\/jr_4081-e1518318004516.jpg?resize=557,371 557w, https:\/\/develop.olympic.ca\/olympique\/wp-content\/uploads\/sites\/2\/2018\/02\/jr_4081-e1518318004516.jpg?resize=768,512 768w, https:\/\/develop.olympic.ca\/olympique\/wp-content\/uploads\/sites\/2\/2018\/02\/jr_4081-e1518318004516.jpg?resize=1131,754 1131w\" width=\"903\" height=\"602\" loading=\"lazy\" data-original-width=\"903\" data-original-height=\"602\" itemprop=\"http:\/\/schema.org\/image\" title=\"_JR_4081\" alt=\"Les patineurs artistiques Tessa Virtue et Scott Moir ont men\u00e9 \u00c9quipe Canada lors de leur entr\u00e9e au stade, \u00e0 la c\u00e9r\u00e9monie d&#039;ouverture de PyeongChang 2018. LA PRESSE CANADIENNE\/Paul Chiasson\" style=\"width: 903px; height: 602px;\" \/> <\/a> <div class=\"tiled-gallery-caption\" itemprop=\"caption description\"> Les patineurs artistiques Tessa Virtue et Scott Moir ont men\u00e9 \u00c9quipe Canada lors de leur entr\u00e9e au stade, \u00e0 la c\u00e9r\u00e9monie d&rsquo;ouverture de PyeongChang 2018. LA PRESSE CANADIENNE\/Paul Chiasson <\/div> <\/div> <\/div> <!-- close group --> <div class=\"gallery-group images-2\" style=\"width: 453px; height: 606px;\" data-original-width=\"453\" data-original-height=\"606\" > <div class=\"tiled-gallery-item tiled-gallery-item-large\" itemprop=\"associatedMedia\" itemscope itemtype=\"http:\/\/schema.org\/ImageObject\"> <a href=\"https:\/\/develop.olympic.ca\/olympique\/photos\/ceremonie-douverture-de-pyeongchang-2018\/_jr_0649\/#main\" border=\"0\" itemprop=\"url\"> <meta itemprop=\"width\" content=\"449\"> <meta itemprop=\"height\" content=\"299\"> <img decoding=\"async\" data-recalc-dims=\"1\" class=\"\" data-attachment-id=\"136176\" data-orig-file=\"https:\/\/develop.olympic.ca\/olympique\/wp-content\/uploads\/sites\/2\/2018\/02\/jr_0649-e1518317992429.jpg?quality=100\" data-orig-size=\"1340,893\" data-comments-opened=\"\" data-image-meta=\"{&quot;aperture&quot;:&quot;4&quot;,&quot;credit&quot;:&quot;Jason Ransom&quot;,&quot;camera&quot;:&quot;Canon EOS-1D X Mark II&quot;,&quot;caption&quot;:&quot;&quot;,&quot;created_timestamp&quot;:&quot;1518296591&quot;,&quot;copyright&quot;:&quot;&quot;,&quot;focal_length&quot;:&quot;200&quot;,&quot;iso&quot;:&quot;3200&quot;,&quot;shutter_speed&quot;:&quot;0.003125&quot;,&quot;title&quot;:&quot;&quot;,&quot;orientation&quot;:&quot;1&quot;}\" data-image-title=\"_JR_0649\" data-image-description=\"&lt;p&gt;C&amp;rsquo;est Tessa Virtue qui a port\u00e9 le drapeau du Canada, accompagn\u00e9 par Scott Moir. (Cr\u00e9dit: Comit\u00e9 olympique canadien)&lt;\/p&gt; \" data-medium-file=\"https:\/\/develop.olympic.ca\/olympique\/wp-content\/uploads\/sites\/2\/2018\/02\/jr_0649-e1518317992429.jpg?quality=100&#038;w=557\" data-large-file=\"https:\/\/develop.olympic.ca\/olympique\/wp-content\/uploads\/sites\/2\/2018\/02\/jr_0649-e1518317992429.jpg?quality=100&#038;w=1131\" src=\"https:\/\/develop.olympic.ca\/olympique\/wp-content\/uploads\/sites\/2\/2018\/02\/jr_0649-e1518317992429.jpg?quality=100&#038;w=449&#038;h=299&#038;strip&#038;resize=449%2C299\" srcset=\"https:\/\/develop.olympic.ca\/olympique\/wp-content\/uploads\/sites\/2\/2018\/02\/jr_0649-e1518317992429.jpg 1340w, https:\/\/develop.olympic.ca\/olympique\/wp-content\/uploads\/sites\/2\/2018\/02\/jr_0649-e1518317992429.jpg?resize=237,158 237w, https:\/\/develop.olympic.ca\/olympique\/wp-content\/uploads\/sites\/2\/2018\/02\/jr_0649-e1518317992429.jpg?resize=557,371 557w, https:\/\/develop.olympic.ca\/olympique\/wp-content\/uploads\/sites\/2\/2018\/02\/jr_0649-e1518317992429.jpg?resize=768,512 768w, https:\/\/develop.olympic.ca\/olympique\/wp-content\/uploads\/sites\/2\/2018\/02\/jr_0649-e1518317992429.jpg?resize=1131,754 1131w\" width=\"449\" height=\"299\" loading=\"lazy\" data-original-width=\"449\" data-original-height=\"299\" itemprop=\"http:\/\/schema.org\/image\" title=\"_JR_0649\" alt=\"C&#039;est Tessa Virtue qui a port\u00e9 le drapeau du Canada, accompagn\u00e9 par Scott Moir. (Cr\u00e9dit: Comit\u00e9 olympique canadien)\" style=\"width: 449px; height: 299px;\" \/> <\/a> <div class=\"tiled-gallery-caption\" itemprop=\"caption description\"> C&rsquo;est Tessa Virtue qui a port\u00e9 le drapeau du Canada, accompagn\u00e9 par Scott Moir. (Cr\u00e9dit: Comit\u00e9 olympique canadien) <\/div> <\/div> <div class=\"tiled-gallery-item tiled-gallery-item-large\" itemprop=\"associatedMedia\" itemscope itemtype=\"http:\/\/schema.org\/ImageObject\"> <a href=\"https:\/\/develop.olympic.ca\/olympique\/photos\/ceremonie-douverture-de-pyeongchang-2018\/_jr_0718\/#main\" border=\"0\" itemprop=\"url\"> <meta itemprop=\"width\" content=\"449\"> <meta itemprop=\"height\" content=\"299\"> <img decoding=\"async\" data-recalc-dims=\"1\" class=\"\" data-attachment-id=\"136177\" data-orig-file=\"https:\/\/develop.olympic.ca\/olympique\/wp-content\/uploads\/sites\/2\/2018\/02\/jr_0718-e1518317982137.jpg?quality=100\" data-orig-size=\"1340,893\" data-comments-opened=\"\" data-image-meta=\"{&quot;aperture&quot;:&quot;4&quot;,&quot;credit&quot;:&quot;Jason Ransom&quot;,&quot;camera&quot;:&quot;Canon EOS-1D X Mark II&quot;,&quot;caption&quot;:&quot;&quot;,&quot;created_timestamp&quot;:&quot;1518296600&quot;,&quot;copyright&quot;:&quot;&quot;,&quot;focal_length&quot;:&quot;200&quot;,&quot;iso&quot;:&quot;3200&quot;,&quot;shutter_speed&quot;:&quot;0.005&quot;,&quot;title&quot;:&quot;&quot;,&quot;orientation&quot;:&quot;1&quot;}\" data-image-title=\"_JR_0718\" data-image-description=\"&lt;p&gt;Tessa Virtue et Scott Moir m\u00e8nent le groupe d&amp;rsquo;\u00c9quipe Canada \u00e0 son entr\u00e9e dans le stade. (Cr\u00e9dit: Comit\u00e9 olympique canadien)&lt;\/p&gt; \" data-medium-file=\"https:\/\/develop.olympic.ca\/olympique\/wp-content\/uploads\/sites\/2\/2018\/02\/jr_0718-e1518317982137.jpg?quality=100&#038;w=557\" data-large-file=\"https:\/\/develop.olympic.ca\/olympique\/wp-content\/uploads\/sites\/2\/2018\/02\/jr_0718-e1518317982137.jpg?quality=100&#038;w=1131\" src=\"https:\/\/develop.olympic.ca\/olympique\/wp-content\/uploads\/sites\/2\/2018\/02\/jr_0718-e1518317982137.jpg?quality=100&#038;w=449&#038;h=299&#038;strip&#038;resize=449%2C299\" srcset=\"https:\/\/develop.olympic.ca\/olympique\/wp-content\/uploads\/sites\/2\/2018\/02\/jr_0718-e1518317982137.jpg 1340w, https:\/\/develop.olympic.ca\/olympique\/wp-content\/uploads\/sites\/2\/2018\/02\/jr_0718-e1518317982137.jpg?resize=237,158 237w, https:\/\/develop.olympic.ca\/olympique\/wp-content\/uploads\/sites\/2\/2018\/02\/jr_0718-e1518317982137.jpg?resize=557,371 557w, https:\/\/develop.olympic.ca\/olympique\/wp-content\/uploads\/sites\/2\/2018\/02\/jr_0718-e1518317982137.jpg?resize=768,512 768w, https:\/\/develop.olympic.ca\/olympique\/wp-content\/uploads\/sites\/2\/2018\/02\/jr_0718-e1518317982137.jpg?resize=1131,754 1131w\" width=\"449\" height=\"299\" loading=\"lazy\" data-original-width=\"449\" data-original-height=\"299\" itemprop=\"http:\/\/schema.org\/image\" title=\"_JR_0718\" alt=\"Tessa Virtue et Scott Moir m\u00e8nent le groupe d&#039;\u00c9quipe Canada \u00e0 son entr\u00e9e dans le stade. (Cr\u00e9dit: Comit\u00e9 olympique canadien)\" style=\"width: 449px; height: 299px;\" \/> <\/a> <div class=\"tiled-gallery-caption\" itemprop=\"caption description\"> Tessa Virtue et Scott Moir m\u00e8nent le groupe d&rsquo;\u00c9quipe Canada \u00e0 son entr\u00e9e dans le stade. (Cr\u00e9dit: Comit\u00e9 olympique canadien) <\/div> <\/div> <\/div> <!-- close group --> <\/div> <!-- close row --> <div class=\"gallery-row\" style=\"width: 1360px; height: 599px;\" data-original-width=\"1360\" data-original-height=\"599\" > <div class=\"gallery-group images-2\" style=\"width: 463px; height: 599px;\" data-original-width=\"463\" data-original-height=\"599\" > <div class=\"tiled-gallery-item tiled-gallery-item-large\" itemprop=\"associatedMedia\" itemscope itemtype=\"http:\/\/schema.org\/ImageObject\"> <a href=\"https:\/\/develop.olympic.ca\/olympique\/2018\/02\/09\/la-ceremonie-douverture-en-6-moments-cles\/pyeongchang-olympics-opening-ceremony-10\/#main\" border=\"0\" itemprop=\"url\"> <meta itemprop=\"width\" content=\"459\"> <meta itemprop=\"height\" content=\"285\"> <img decoding=\"async\" data-recalc-dims=\"1\" class=\"\" data-attachment-id=\"136178\" data-orig-file=\"https:\/\/develop.olympic.ca\/olympique\/wp-content\/uploads\/sites\/2\/2018\/02\/ceremonie-ouverture-pyeongchang-8-e1518317970370.jpg?quality=100\" data-orig-size=\"1340,832\" data-comments-opened=\"\" data-image-meta=\"{&quot;aperture&quot;:&quot;4&quot;,&quot;credit&quot;:&quot;The Associated Press&quot;,&quot;camera&quot;:&quot;Canon EOS-1D X&quot;,&quot;caption&quot;:&quot;Performers participate during the opening ceremony of the 2018 Winter Olympics in Pyeongchang, South Korea, Friday, Feb. 9, 2018. (AP Photo\\\/Natacha Pisarenko)&quot;,&quot;created_timestamp&quot;:&quot;1518181148&quot;,&quot;copyright&quot;:&quot;Copyright 2018 The Associated Press. All rights reserved&quot;,&quot;focal_length&quot;:&quot;35&quot;,&quot;iso&quot;:&quot;2000&quot;,&quot;shutter_speed&quot;:&quot;0.033333333333333&quot;,&quot;title&quot;:&quot;Pyeongchang Olympics Opening Ceremony&quot;,&quot;orientation&quot;:&quot;1&quot;}\" data-image-title=\"Pyeongchang Olympics Opening Ceremony\" data-image-description=\"&lt;p&gt;Tout au long de la c\u00e9r\u00e9monie, la Cor\u00e9e du Sud a pr\u00e9sent\u00e9 bon nombre d&amp;rsquo;effets lumineux. (AP Photo\/Natacha Pisarenko)&lt;\/p&gt; \" data-medium-file=\"https:\/\/develop.olympic.ca\/olympique\/wp-content\/uploads\/sites\/2\/2018\/02\/ceremonie-ouverture-pyeongchang-8-e1518317970370.jpg?quality=100&#038;w=598\" data-large-file=\"https:\/\/develop.olympic.ca\/olympique\/wp-content\/uploads\/sites\/2\/2018\/02\/ceremonie-ouverture-pyeongchang-8-e1518317970370.jpg?quality=100&#038;w=1214\" src=\"https:\/\/develop.olympic.ca\/olympique\/wp-content\/uploads\/sites\/2\/2018\/02\/ceremonie-ouverture-pyeongchang-8-e1518317970370.jpg?quality=100&#038;w=459&#038;h=285&#038;strip&#038;resize=459%2C285\" srcset=\"https:\/\/develop.olympic.ca\/olympique\/wp-content\/uploads\/sites\/2\/2018\/02\/ceremonie-ouverture-pyeongchang-8-e1518317970370.jpg 1340w, https:\/\/develop.olympic.ca\/olympique\/wp-content\/uploads\/sites\/2\/2018\/02\/ceremonie-ouverture-pyeongchang-8-e1518317970370.jpg?resize=254,158 254w, https:\/\/develop.olympic.ca\/olympique\/wp-content\/uploads\/sites\/2\/2018\/02\/ceremonie-ouverture-pyeongchang-8-e1518317970370.jpg?resize=598,371 598w, https:\/\/develop.olympic.ca\/olympique\/wp-content\/uploads\/sites\/2\/2018\/02\/ceremonie-ouverture-pyeongchang-8-e1518317970370.jpg?resize=768,477 768w, https:\/\/develop.olympic.ca\/olympique\/wp-content\/uploads\/sites\/2\/2018\/02\/ceremonie-ouverture-pyeongchang-8-e1518317970370.jpg?resize=1214,754 1214w\" width=\"459\" height=\"285\" loading=\"lazy\" data-original-width=\"459\" data-original-height=\"285\" itemprop=\"http:\/\/schema.org\/image\" title=\"Pyeongchang Olympics Opening Ceremony\" alt=\"Tout au long de la c\u00e9r\u00e9monie, la Cor\u00e9e du Sud a pr\u00e9sent\u00e9 bon nombre d&#039;effets lumineux. (AP Photo\/Natacha Pisarenko)\" style=\"width: 459px; height: 285px;\" \/> <\/a> <div class=\"tiled-gallery-caption\" itemprop=\"caption description\"> Tout au long de la c\u00e9r\u00e9monie, la Cor\u00e9e du Sud a pr\u00e9sent\u00e9 bon nombre d&rsquo;effets lumineux. (AP Photo\/Natacha Pisarenko) <\/div> <\/div> <div class=\"tiled-gallery-item tiled-gallery-item-large\" itemprop=\"associatedMedia\" itemscope itemtype=\"http:\/\/schema.org\/ImageObject\"> <a href=\"https:\/\/develop.olympic.ca\/olympique\/2018\/02\/09\/la-ceremonie-douverture-en-6-moments-cles\/pyeongchang-olympics-opening-ceremony-11\/#main\" border=\"0\" itemprop=\"url\"> <meta itemprop=\"width\" content=\"459\"> <meta itemprop=\"height\" content=\"306\"> <img decoding=\"async\" data-recalc-dims=\"1\" class=\"\" data-attachment-id=\"136179\" data-orig-file=\"https:\/\/develop.olympic.ca\/olympique\/wp-content\/uploads\/sites\/2\/2018\/02\/ceremonie-ouverture-pyeongchang-7-e1518317954243.jpg?quality=100\" data-orig-size=\"1340,893\" data-comments-opened=\"\" data-image-meta=\"{&quot;aperture&quot;:&quot;4.5&quot;,&quot;credit&quot;:&quot;The Associated Press&quot;,&quot;camera&quot;:&quot;NIKON D5&quot;,&quot;caption&quot;:&quot;Performers participate during the opening ceremony of the 2018 Winter Olympics in Pyeongchang, South Korea, Friday, Feb. 9, 2018. (Christof Stache\\\/Pool Photo via AP)&quot;,&quot;created_timestamp&quot;:&quot;1518135983&quot;,&quot;copyright&quot;:&quot;Copyright 2018 The Associated Press. All rights reserved&quot;,&quot;focal_length&quot;:&quot;42&quot;,&quot;iso&quot;:&quot;2000&quot;,&quot;shutter_speed&quot;:&quot;0.00625&quot;,&quot;title&quot;:&quot;Pyeongchang Olympics Opening Ceremony&quot;,&quot;orientation&quot;:&quot;1&quot;}\" data-image-title=\"Pyeongchang Olympics Opening Ceremony\" data-image-description=\"&lt;p&gt;Un spectacle haut en couleur a \u00e9t\u00e9 offert \u00e0 l&amp;rsquo;occasion de la c\u00e9r\u00e9monie d&amp;rsquo;ouverture de PyeongChang 2018.(Christof Stache\/Pool Photo via AP)&lt;\/p&gt; \" data-medium-file=\"https:\/\/develop.olympic.ca\/olympique\/wp-content\/uploads\/sites\/2\/2018\/02\/ceremonie-ouverture-pyeongchang-7-e1518317954243.jpg?quality=100&#038;w=557\" data-large-file=\"https:\/\/develop.olympic.ca\/olympique\/wp-content\/uploads\/sites\/2\/2018\/02\/ceremonie-ouverture-pyeongchang-7-e1518317954243.jpg?quality=100&#038;w=1131\" src=\"https:\/\/develop.olympic.ca\/olympique\/wp-content\/uploads\/sites\/2\/2018\/02\/ceremonie-ouverture-pyeongchang-7-e1518317954243.jpg?quality=100&#038;w=459&#038;h=306&#038;strip&#038;resize=459%2C306\" srcset=\"https:\/\/develop.olympic.ca\/olympique\/wp-content\/uploads\/sites\/2\/2018\/02\/ceremonie-ouverture-pyeongchang-7-e1518317954243.jpg 1340w, https:\/\/develop.olympic.ca\/olympique\/wp-content\/uploads\/sites\/2\/2018\/02\/ceremonie-ouverture-pyeongchang-7-e1518317954243.jpg?resize=237,158 237w, https:\/\/develop.olympic.ca\/olympique\/wp-content\/uploads\/sites\/2\/2018\/02\/ceremonie-ouverture-pyeongchang-7-e1518317954243.jpg?resize=557,371 557w, https:\/\/develop.olympic.ca\/olympique\/wp-content\/uploads\/sites\/2\/2018\/02\/ceremonie-ouverture-pyeongchang-7-e1518317954243.jpg?resize=768,512 768w, https:\/\/develop.olympic.ca\/olympique\/wp-content\/uploads\/sites\/2\/2018\/02\/ceremonie-ouverture-pyeongchang-7-e1518317954243.jpg?resize=1131,754 1131w\" width=\"459\" height=\"306\" loading=\"lazy\" data-original-width=\"459\" data-original-height=\"306\" itemprop=\"http:\/\/schema.org\/image\" title=\"Pyeongchang Olympics Opening Ceremony\" alt=\"Un spectacle haut en couleur a \u00e9t\u00e9 offert \u00e0 l&#039;occasion de la c\u00e9r\u00e9monie d&#039;ouverture de PyeongChang 2018.(Christof Stache\/Pool Photo via AP)\" style=\"width: 459px; height: 306px;\" \/> <\/a> <div class=\"tiled-gallery-caption\" itemprop=\"caption description\"> Un spectacle haut en couleur a \u00e9t\u00e9 offert \u00e0 l&rsquo;occasion de la c\u00e9r\u00e9monie d&rsquo;ouverture de PyeongChang 2018.(Christof Stache\/Pool Photo via AP) <\/div> <\/div> <\/div> <!-- close group --> <div class=\"gallery-group images-1\" style=\"width: 897px; height: 599px;\" data-original-width=\"897\" data-original-height=\"599\" > <div class=\"tiled-gallery-item tiled-gallery-item-large\" itemprop=\"associatedMedia\" itemscope itemtype=\"http:\/\/schema.org\/ImageObject\"> <a href=\"https:\/\/develop.olympic.ca\/olympique\/photos\/ceremonie-douverture-de-pyeongchang-2018\/_jr_4701\/#main\" border=\"0\" itemprop=\"url\"> <meta itemprop=\"width\" content=\"893\"> <meta itemprop=\"height\" content=\"595\"> <img decoding=\"async\" data-recalc-dims=\"1\" class=\"\" data-attachment-id=\"136185\" data-orig-file=\"https:\/\/develop.olympic.ca\/olympique\/wp-content\/uploads\/sites\/2\/2018\/02\/jr_4701-e1518317889661.jpg?quality=100\" data-orig-size=\"1340,893\" data-comments-opened=\"\" data-image-meta=\"{&quot;aperture&quot;:&quot;13&quot;,&quot;credit&quot;:&quot;Jason Ransom&quot;,&quot;camera&quot;:&quot;Canon EOS-1D X Mark II&quot;,&quot;caption&quot;:&quot;&quot;,&quot;created_timestamp&quot;:&quot;1518300923&quot;,&quot;copyright&quot;:&quot;&quot;,&quot;focal_length&quot;:&quot;400&quot;,&quot;iso&quot;:&quot;3200&quot;,&quot;shutter_speed&quot;:&quot;0.004&quot;,&quot;title&quot;:&quot;&quot;,&quot;orientation&quot;:&quot;1&quot;}\" data-image-title=\"_JR_4701\" data-image-description=\"&lt;p&gt;Les performances \u00e9taient tr\u00e8s vari\u00e9es, mais tout aussi spectaculaires lors de la c\u00e9r\u00e9monie. (Cr\u00e9dit: Comit\u00e9 olympique canadien)&lt;\/p&gt; \" data-medium-file=\"https:\/\/develop.olympic.ca\/olympique\/wp-content\/uploads\/sites\/2\/2018\/02\/jr_4701-e1518317889661.jpg?quality=100&#038;w=557\" data-large-file=\"https:\/\/develop.olympic.ca\/olympique\/wp-content\/uploads\/sites\/2\/2018\/02\/jr_4701-e1518317889661.jpg?quality=100&#038;w=1131\" src=\"https:\/\/develop.olympic.ca\/olympique\/wp-content\/uploads\/sites\/2\/2018\/02\/jr_4701-e1518317889661.jpg?quality=100&#038;w=893&#038;h=595&#038;strip&#038;resize=893%2C595\" srcset=\"https:\/\/develop.olympic.ca\/olympique\/wp-content\/uploads\/sites\/2\/2018\/02\/jr_4701-e1518317889661.jpg 1340w, https:\/\/develop.olympic.ca\/olympique\/wp-content\/uploads\/sites\/2\/2018\/02\/jr_4701-e1518317889661.jpg?resize=237,158 237w, https:\/\/develop.olympic.ca\/olympique\/wp-content\/uploads\/sites\/2\/2018\/02\/jr_4701-e1518317889661.jpg?resize=557,371 557w, https:\/\/develop.olympic.ca\/olympique\/wp-content\/uploads\/sites\/2\/2018\/02\/jr_4701-e1518317889661.jpg?resize=768,512 768w, https:\/\/develop.olympic.ca\/olympique\/wp-content\/uploads\/sites\/2\/2018\/02\/jr_4701-e1518317889661.jpg?resize=1131,754 1131w\" width=\"893\" height=\"595\" loading=\"lazy\" data-original-width=\"893\" data-original-height=\"595\" itemprop=\"http:\/\/schema.org\/image\" title=\"_JR_4701\" alt=\"Les performances \u00e9taient tr\u00e8s vari\u00e9es, mais tout aussi spectaculaires lors de la c\u00e9r\u00e9monie. (Cr\u00e9dit: Comit\u00e9 olympique canadien)\" style=\"width: 893px; height: 595px;\" \/> <\/a> <div class=\"tiled-gallery-caption\" itemprop=\"caption description\"> Les performances \u00e9taient tr\u00e8s vari\u00e9es, mais tout aussi spectaculaires lors de la c\u00e9r\u00e9monie. (Cr\u00e9dit: Comit\u00e9 olympique canadien) <\/div> <\/div> <\/div> <!-- close group --> <\/div> <!-- close row --> <div class=\"gallery-row\" style=\"width: 1360px; height: 446px;\" data-original-width=\"1360\" data-original-height=\"446\" > <div class=\"gallery-group images-1\" style=\"width: 724px; height: 446px;\" data-original-width=\"724\" data-original-height=\"446\" > <div class=\"tiled-gallery-item tiled-gallery-item-large\" itemprop=\"associatedMedia\" itemscope itemtype=\"http:\/\/schema.org\/ImageObject\"> <a href=\"https:\/\/develop.olympic.ca\/olympique\/2018\/02\/09\/la-ceremonie-douverture-en-6-moments-cles\/pyeongchang-olympics-opening-ceremony-12\/#main\" border=\"0\" itemprop=\"url\"> <meta itemprop=\"width\" content=\"720\"> <meta itemprop=\"height\" content=\"442\"> <img decoding=\"async\" data-recalc-dims=\"1\" class=\"\" data-attachment-id=\"136180\" data-orig-file=\"https:\/\/develop.olympic.ca\/olympique\/wp-content\/uploads\/sites\/2\/2018\/02\/ceremonie-ouverture-pyeongchang-6-e1518317943508.jpg?quality=100\" data-orig-size=\"1340,823\" data-comments-opened=\"\" data-image-meta=\"{&quot;aperture&quot;:&quot;3.2&quot;,&quot;credit&quot;:&quot;The Associated Press&quot;,&quot;camera&quot;:&quot;Canon EOS-1D X Mark II&quot;,&quot;caption&quot;:&quot;Performers participate during the opening ceremony of the 2018 Winter Olympics in Pyeongchang, South Korea, Friday, Feb. 9, 2018. (AP Photo\\\/Petr David Josek)&quot;,&quot;created_timestamp&quot;:&quot;1518181077&quot;,&quot;copyright&quot;:&quot;Copyright 2018 The Associated Press. All rights reserved&quot;,&quot;focal_length&quot;:&quot;88&quot;,&quot;iso&quot;:&quot;3200&quot;,&quot;shutter_speed&quot;:&quot;0.005&quot;,&quot;title&quot;:&quot;Pyeongchang Olympics Opening Ceremony&quot;,&quot;orientation&quot;:&quot;1&quot;}\" data-image-title=\"Pyeongchang Olympics Opening Ceremony\" data-image-description=\"&lt;p&gt;Plusieurs artistes sont mont\u00e9s sur sc\u00e8ne, vendredi, lors de la c\u00e9r\u00e9monie d&amp;rsquo;ouverture des Jeux de PyeongChang. (AP Photo\/Petr David Josek)&lt;\/p&gt; \" data-medium-file=\"https:\/\/develop.olympic.ca\/olympique\/wp-content\/uploads\/sites\/2\/2018\/02\/ceremonie-ouverture-pyeongchang-6-e1518317943508.jpg?quality=100&#038;w=604\" data-large-file=\"https:\/\/develop.olympic.ca\/olympique\/wp-content\/uploads\/sites\/2\/2018\/02\/ceremonie-ouverture-pyeongchang-6-e1518317943508.jpg?quality=100&#038;w=1228\" src=\"https:\/\/develop.olympic.ca\/olympique\/wp-content\/uploads\/sites\/2\/2018\/02\/ceremonie-ouverture-pyeongchang-6-e1518317943508.jpg?quality=100&#038;w=720&#038;h=442&#038;strip&#038;resize=720%2C442\" srcset=\"https:\/\/develop.olympic.ca\/olympique\/wp-content\/uploads\/sites\/2\/2018\/02\/ceremonie-ouverture-pyeongchang-6-e1518317943508.jpg 1340w, https:\/\/develop.olympic.ca\/olympique\/wp-content\/uploads\/sites\/2\/2018\/02\/ceremonie-ouverture-pyeongchang-6-e1518317943508.jpg?resize=257,158 257w, https:\/\/develop.olympic.ca\/olympique\/wp-content\/uploads\/sites\/2\/2018\/02\/ceremonie-ouverture-pyeongchang-6-e1518317943508.jpg?resize=604,371 604w, https:\/\/develop.olympic.ca\/olympique\/wp-content\/uploads\/sites\/2\/2018\/02\/ceremonie-ouverture-pyeongchang-6-e1518317943508.jpg?resize=768,472 768w, https:\/\/develop.olympic.ca\/olympique\/wp-content\/uploads\/sites\/2\/2018\/02\/ceremonie-ouverture-pyeongchang-6-e1518317943508.jpg?resize=1228,754 1228w\" width=\"720\" height=\"442\" loading=\"lazy\" data-original-width=\"720\" data-original-height=\"442\" itemprop=\"http:\/\/schema.org\/image\" title=\"Pyeongchang Olympics Opening Ceremony\" alt=\"Plusieurs artistes sont mont\u00e9s sur sc\u00e8ne, vendredi, lors de la c\u00e9r\u00e9monie d&#039;ouverture des Jeux de PyeongChang. (AP Photo\/Petr David Josek)\" style=\"width: 720px; height: 442px;\" \/> <\/a> <div class=\"tiled-gallery-caption\" itemprop=\"caption description\"> Plusieurs artistes sont mont\u00e9s sur sc\u00e8ne, vendredi, lors de la c\u00e9r\u00e9monie d&rsquo;ouverture des Jeux de PyeongChang. (AP Photo\/Petr David Josek) <\/div> <\/div> <\/div> <!-- close group --> <div class=\"gallery-group images-1\" style=\"width: 636px; height: 446px;\" data-original-width=\"636\" data-original-height=\"446\" > <div class=\"tiled-gallery-item tiled-gallery-item-large\" itemprop=\"associatedMedia\" itemscope itemtype=\"http:\/\/schema.org\/ImageObject\"> <a href=\"https:\/\/develop.olympic.ca\/olympique\/photos\/ceremonie-douverture-de-pyeongchang-2018\/oly-opening-ceremony-20180209-2\/#main\" border=\"0\" itemprop=\"url\"> <meta itemprop=\"width\" content=\"632\"> <meta itemprop=\"height\" content=\"442\"> <img decoding=\"async\" data-recalc-dims=\"1\" class=\"\" data-attachment-id=\"136189\" data-orig-file=\"https:\/\/develop.olympic.ca\/olympique\/wp-content\/uploads\/sites\/2\/2018\/02\/18502556-e1518317860636.jpg?quality=100\" data-orig-size=\"1340,938\" data-comments-opened=\"\" data-image-meta=\"{&quot;aperture&quot;:&quot;4&quot;,&quot;credit&quot;:&quot;THE CANADIAN PRESS&quot;,&quot;camera&quot;:&quot;NIKON D4S&quot;,&quot;caption&quot;:&quot;Performers dance at the Olympic stadium during the opening ceremonies at the 2018 Winter Olympic Games in Pyeongchang, South Korea, on Friday, February 9, 2018. THE CANADIAN PRESS\\\/Nathan Denette&quot;,&quot;created_timestamp&quot;:&quot;1518134400&quot;,&quot;copyright&quot;:&quot;&quot;,&quot;focal_length&quot;:&quot;31&quot;,&quot;iso&quot;:&quot;4000&quot;,&quot;shutter_speed&quot;:&quot;0.004&quot;,&quot;title&quot;:&quot;OLY Opening Ceremony 20180209&quot;,&quot;orientation&quot;:&quot;1&quot;}\" data-image-title=\"OLY Opening Ceremony 20180209\" data-image-description=\"&lt;p&gt;De nombreux danseurs ont \u00e9galement \u00e9t\u00e9 du spectacle d&amp;rsquo;ouverture. LA PRESSE CANADIENNE\/Nathan Denette&lt;\/p&gt; \" data-medium-file=\"https:\/\/develop.olympic.ca\/olympique\/wp-content\/uploads\/sites\/2\/2018\/02\/18502556-e1518317860636.jpg?quality=100&#038;w=530\" data-large-file=\"https:\/\/develop.olympic.ca\/olympique\/wp-content\/uploads\/sites\/2\/2018\/02\/18502556-e1518317860636.jpg?quality=100&#038;w=1077\" src=\"https:\/\/develop.olympic.ca\/olympique\/wp-content\/uploads\/sites\/2\/2018\/02\/18502556-e1518317860636.jpg?quality=100&#038;w=632&#038;h=442&#038;strip&#038;resize=632%2C442\" srcset=\"https:\/\/develop.olympic.ca\/olympique\/wp-content\/uploads\/sites\/2\/2018\/02\/18502556-e1518317860636.jpg 1340w, https:\/\/develop.olympic.ca\/olympique\/wp-content\/uploads\/sites\/2\/2018\/02\/18502556-e1518317860636.jpg?resize=226,158 226w, https:\/\/develop.olympic.ca\/olympique\/wp-content\/uploads\/sites\/2\/2018\/02\/18502556-e1518317860636.jpg?resize=530,371 530w, https:\/\/develop.olympic.ca\/olympique\/wp-content\/uploads\/sites\/2\/2018\/02\/18502556-e1518317860636.jpg?resize=768,538 768w, https:\/\/develop.olympic.ca\/olympique\/wp-content\/uploads\/sites\/2\/2018\/02\/18502556-e1518317860636.jpg?resize=1077,754 1077w\" width=\"632\" height=\"442\" loading=\"lazy\" data-original-width=\"632\" data-original-height=\"442\" itemprop=\"http:\/\/schema.org\/image\" title=\"OLY Opening Ceremony 20180209\" alt=\"De nombreux danseurs ont \u00e9galement \u00e9t\u00e9 du spectacle d&#039;ouverture. LA PRESSE CANADIENNE\/Nathan Denette\" style=\"width: 632px; height: 442px;\" \/> <\/a> <div class=\"tiled-gallery-caption\" itemprop=\"caption description\"> De nombreux danseurs ont \u00e9galement \u00e9t\u00e9 du spectacle d&rsquo;ouverture. LA PRESSE CANADIENNE\/Nathan Denette <\/div> <\/div> <\/div> <!-- close group --> <\/div> <!-- close row --> <div class=\"gallery-row\" style=\"width: 1360px; height: 300px;\" data-original-width=\"1360\" data-original-height=\"300\" > <div class=\"gallery-group images-1\" style=\"width: 495px; height: 300px;\" data-original-width=\"495\" data-original-height=\"300\" > <div class=\"tiled-gallery-item tiled-gallery-item-large\" itemprop=\"associatedMedia\" itemscope itemtype=\"http:\/\/schema.org\/ImageObject\"> <a href=\"https:\/\/develop.olympic.ca\/olympique\/photos\/ceremonie-douverture-de-pyeongchang-2018\/pyeongchang-olympics-opening-ceremony-15\/#main\" border=\"0\" itemprop=\"url\"> <meta itemprop=\"width\" content=\"491\"> <meta itemprop=\"height\" content=\"296\"> <img decoding=\"async\" data-recalc-dims=\"1\" class=\"\" data-attachment-id=\"136190\" data-orig-file=\"https:\/\/develop.olympic.ca\/olympique\/wp-content\/uploads\/sites\/2\/2018\/02\/18502577-e1518317849754.jpg?quality=100\" data-orig-size=\"1340,807\" data-comments-opened=\"\" data-image-meta=\"{&quot;aperture&quot;:&quot;2.8&quot;,&quot;credit&quot;:&quot;The Associated Press&quot;,&quot;camera&quot;:&quot;Canon EOS-1D X Mark II&quot;,&quot;caption&quot;:&quot;Singers from left Ha Hyun-woo, Lee Eun-mi, Jeon In-kwon and Ahn Ji-young perform during the opening ceremony of the 2018 Winter Olympics in Pyeongchang, South Korea, Friday, Feb. 9, 2018. (AP Photo\\\/Michael Sohn)&quot;,&quot;created_timestamp&quot;:&quot;1518183540&quot;,&quot;copyright&quot;:&quot;Copyright 2018 The Associated Press. All rights reserved&quot;,&quot;focal_length&quot;:&quot;400&quot;,&quot;iso&quot;:&quot;2000&quot;,&quot;shutter_speed&quot;:&quot;0.008&quot;,&quot;title&quot;:&quot;Pyeongchang Olympics Opening Ceremony&quot;,&quot;orientation&quot;:&quot;1&quot;}\" data-image-title=\"Pyeongchang Olympics Opening Ceremony\" data-image-description=\"&lt;p&gt;Les chanteurs Ha Hyun-woo, Lee Eun-mi, Jeon In-kwon et Ahn Ji-young ont interpr\u00e9t\u00e9 la chanson \u00abImagine\u00bb, lors de la c\u00e9r\u00e9monie d&amp;rsquo;ouverture. (AP Photo\/Michael Sohn)&lt;\/p&gt; \" data-medium-file=\"https:\/\/develop.olympic.ca\/olympique\/wp-content\/uploads\/sites\/2\/2018\/02\/18502577-e1518317849754.jpg?quality=100&#038;w=616\" data-large-file=\"https:\/\/develop.olympic.ca\/olympique\/wp-content\/uploads\/sites\/2\/2018\/02\/18502577-e1518317849754.jpg?quality=100&#038;w=1252\" src=\"https:\/\/develop.olympic.ca\/olympique\/wp-content\/uploads\/sites\/2\/2018\/02\/18502577-e1518317849754.jpg?quality=100&#038;w=491&#038;h=296&#038;strip&#038;resize=491%2C296\" srcset=\"https:\/\/develop.olympic.ca\/olympique\/wp-content\/uploads\/sites\/2\/2018\/02\/18502577-e1518317849754.jpg 1340w, https:\/\/develop.olympic.ca\/olympique\/wp-content\/uploads\/sites\/2\/2018\/02\/18502577-e1518317849754.jpg?resize=262,158 262w, https:\/\/develop.olympic.ca\/olympique\/wp-content\/uploads\/sites\/2\/2018\/02\/18502577-e1518317849754.jpg?resize=616,371 616w, https:\/\/develop.olympic.ca\/olympique\/wp-content\/uploads\/sites\/2\/2018\/02\/18502577-e1518317849754.jpg?resize=768,463 768w, https:\/\/develop.olympic.ca\/olympique\/wp-content\/uploads\/sites\/2\/2018\/02\/18502577-e1518317849754.jpg?resize=1252,754 1252w\" width=\"491\" height=\"296\" loading=\"lazy\" data-original-width=\"491\" data-original-height=\"296\" itemprop=\"http:\/\/schema.org\/image\" title=\"Pyeongchang Olympics Opening Ceremony\" alt=\"Les chanteurs Ha Hyun-woo, Lee Eun-mi, Jeon In-kwon et Ahn Ji-young ont interpr\u00e9t\u00e9 la chanson \u00abImagine\u00bb, lors de la c\u00e9r\u00e9monie d&#039;ouverture. (AP Photo\/Michael Sohn)\" style=\"width: 491px; height: 296px;\" \/> <\/a> <div class=\"tiled-gallery-caption\" itemprop=\"caption description\"> Les chanteurs Ha Hyun-woo, Lee Eun-mi, Jeon In-kwon et Ahn Ji-young ont interpr\u00e9t\u00e9 la chanson \u00abImagine\u00bb, lors de la c\u00e9r\u00e9monie d&rsquo;ouverture. (AP Photo\/Michael Sohn) <\/div> <\/div> <\/div> <!-- close group --> <div class=\"gallery-group images-1\" style=\"width: 418px; height: 300px;\" data-original-width=\"418\" data-original-height=\"300\" > <div class=\"tiled-gallery-item tiled-gallery-item-large\" itemprop=\"associatedMedia\" itemscope itemtype=\"http:\/\/schema.org\/ImageObject\"> <a href=\"https:\/\/develop.olympic.ca\/olympique\/2018\/02\/09\/la-ceremonie-douverture-en-6-moments-cles\/aptopix-pyeongchang-olympics-opening-ceremony\/#main\" border=\"0\" itemprop=\"url\"> <meta itemprop=\"width\" content=\"414\"> <meta itemprop=\"height\" content=\"296\"> <img decoding=\"async\" data-recalc-dims=\"1\" class=\"\" data-attachment-id=\"136182\" data-orig-file=\"https:\/\/develop.olympic.ca\/olympique\/wp-content\/uploads\/sites\/2\/2018\/02\/ceremonie-ouverture-pyeongchang-e1518317913240.jpg?quality=100\" data-orig-size=\"1340,958\" data-comments-opened=\"\" data-image-meta=\"{&quot;aperture&quot;:&quot;2.8&quot;,&quot;credit&quot;:&quot;The Associated Press&quot;,&quot;camera&quot;:&quot;Canon EOS-1D X Mark II&quot;,&quot;caption&quot;:&quot;A torchbearer lights the Olympic flame during the opening ceremony of the 2018 Winter Olympics in Pyeongchang, South Korea, Friday, Feb. 9, 2018. (AP Photo\\\/David J. Phillip,Pool)&quot;,&quot;created_timestamp&quot;:&quot;1518232065&quot;,&quot;copyright&quot;:&quot;Copyright 2018 The Associated Press. All rights reserved&quot;,&quot;focal_length&quot;:&quot;23&quot;,&quot;iso&quot;:&quot;3200&quot;,&quot;shutter_speed&quot;:&quot;0.0015625&quot;,&quot;title&quot;:&quot;APTOPIX Pyeongchang Olympics Opening Ceremony&quot;,&quot;orientation&quot;:&quot;1&quot;}\" data-image-title=\"APTOPIX Pyeongchang Olympics Opening Ceremony\" data-image-description=\"&lt;p&gt;Une spirale de feu s&amp;rsquo;est \u00e9rig\u00e9e pour allumer la flamme olympique. (AP Photo\/David J. Phillip,Pool)&lt;\/p&gt; \" data-medium-file=\"https:\/\/develop.olympic.ca\/olympique\/wp-content\/uploads\/sites\/2\/2018\/02\/ceremonie-ouverture-pyeongchang-e1518317913240.jpg?quality=100&#038;w=519\" data-large-file=\"https:\/\/develop.olympic.ca\/olympique\/wp-content\/uploads\/sites\/2\/2018\/02\/ceremonie-ouverture-pyeongchang-e1518317913240.jpg?quality=100&#038;w=1055\" src=\"https:\/\/develop.olympic.ca\/olympique\/wp-content\/uploads\/sites\/2\/2018\/02\/ceremonie-ouverture-pyeongchang-e1518317913240.jpg?quality=100&#038;w=414&#038;h=296&#038;strip&#038;resize=414%2C296\" srcset=\"https:\/\/develop.olympic.ca\/olympique\/wp-content\/uploads\/sites\/2\/2018\/02\/ceremonie-ouverture-pyeongchang-e1518317913240.jpg 1340w, https:\/\/develop.olympic.ca\/olympique\/wp-content\/uploads\/sites\/2\/2018\/02\/ceremonie-ouverture-pyeongchang-e1518317913240.jpg?resize=221,158 221w, https:\/\/develop.olympic.ca\/olympique\/wp-content\/uploads\/sites\/2\/2018\/02\/ceremonie-ouverture-pyeongchang-e1518317913240.jpg?resize=519,371 519w, https:\/\/develop.olympic.ca\/olympique\/wp-content\/uploads\/sites\/2\/2018\/02\/ceremonie-ouverture-pyeongchang-e1518317913240.jpg?resize=768,549 768w, https:\/\/develop.olympic.ca\/olympique\/wp-content\/uploads\/sites\/2\/2018\/02\/ceremonie-ouverture-pyeongchang-e1518317913240.jpg?resize=1055,754 1055w\" width=\"414\" height=\"296\" loading=\"lazy\" data-original-width=\"414\" data-original-height=\"296\" itemprop=\"http:\/\/schema.org\/image\" title=\"APTOPIX Pyeongchang Olympics Opening Ceremony\" alt=\"Une spirale de feu s&#039;est \u00e9rig\u00e9e pour allumer la flamme olympique. (AP Photo\/David J. Phillip,Pool)\" style=\"width: 414px; height: 296px;\" \/> <\/a> <div class=\"tiled-gallery-caption\" itemprop=\"caption description\"> Une spirale de feu s&rsquo;est \u00e9rig\u00e9e pour allumer la flamme olympique. (AP Photo\/David J. Phillip,Pool) <\/div> <\/div> <\/div> <!-- close group --> <div class=\"gallery-group images-1\" style=\"width: 447px; height: 300px;\" data-original-width=\"447\" data-original-height=\"300\" > <div class=\"tiled-gallery-item tiled-gallery-item-large\" itemprop=\"associatedMedia\" itemscope itemtype=\"http:\/\/schema.org\/ImageObject\"> <a href=\"https:\/\/develop.olympic.ca\/olympique\/2018\/02\/09\/la-ceremonie-douverture-en-6-moments-cles\/pyeongchang-olympics-opening-ceremony-13\/#main\" border=\"0\" itemprop=\"url\"> <meta itemprop=\"width\" content=\"443\"> <meta itemprop=\"height\" content=\"296\"> <img decoding=\"async\" data-recalc-dims=\"1\" class=\"\" data-attachment-id=\"136181\" data-orig-file=\"https:\/\/develop.olympic.ca\/olympique\/wp-content\/uploads\/sites\/2\/2018\/02\/ceremonie-ouverture-pyeongchang-9-e1518317923221.jpg?quality=100\" data-orig-size=\"1340,894\" data-comments-opened=\"\" data-image-meta=\"{&quot;aperture&quot;:&quot;4&quot;,&quot;credit&quot;:&quot;The Associated Press&quot;,&quot;camera&quot;:&quot;Canon EOS-1D X Mark II&quot;,&quot;caption&quot;:&quot;The Olympic flame is lit during the opening ceremony of the 2018 Winter Olympics in Pyeongchang, South Korea, Friday, Feb. 9, 2018. (Sean Haffey\\\/Pool Photo via AP)&quot;,&quot;created_timestamp&quot;:&quot;1518239464&quot;,&quot;copyright&quot;:&quot;Copyright 2018 The Associated Press. All rights reserved&quot;,&quot;focal_length&quot;:&quot;100&quot;,&quot;iso&quot;:&quot;4000&quot;,&quot;shutter_speed&quot;:&quot;0.0015625&quot;,&quot;title&quot;:&quot;Pyeongchang Olympics Opening Ceremony&quot;,&quot;orientation&quot;:&quot;1&quot;}\" data-image-title=\"Pyeongchang Olympics Opening Ceremony\" data-image-description=\"&lt;p&gt;Embl\u00e8me de l&amp;rsquo;\u00e9v\u00e9nement, la flamme olympique br\u00fblera tout au long des Jeux. (Sean Haffey\/Pool Photo via AP)&lt;\/p&gt; \" data-medium-file=\"https:\/\/develop.olympic.ca\/olympique\/wp-content\/uploads\/sites\/2\/2018\/02\/ceremonie-ouverture-pyeongchang-9-e1518317923221.jpg?quality=100&#038;w=556\" data-large-file=\"https:\/\/develop.olympic.ca\/olympique\/wp-content\/uploads\/sites\/2\/2018\/02\/ceremonie-ouverture-pyeongchang-9-e1518317923221.jpg?quality=100&#038;w=1130\" src=\"https:\/\/develop.olympic.ca\/olympique\/wp-content\/uploads\/sites\/2\/2018\/02\/ceremonie-ouverture-pyeongchang-9-e1518317923221.jpg?quality=100&#038;w=443&#038;h=296&#038;strip&#038;resize=443%2C296\" srcset=\"https:\/\/develop.olympic.ca\/olympique\/wp-content\/uploads\/sites\/2\/2018\/02\/ceremonie-ouverture-pyeongchang-9-e1518317923221.jpg 1340w, https:\/\/develop.olympic.ca\/olympique\/wp-content\/uploads\/sites\/2\/2018\/02\/ceremonie-ouverture-pyeongchang-9-e1518317923221.jpg?resize=237,158 237w, https:\/\/develop.olympic.ca\/olympique\/wp-content\/uploads\/sites\/2\/2018\/02\/ceremonie-ouverture-pyeongchang-9-e1518317923221.jpg?resize=556,371 556w, https:\/\/develop.olympic.ca\/olympique\/wp-content\/uploads\/sites\/2\/2018\/02\/ceremonie-ouverture-pyeongchang-9-e1518317923221.jpg?resize=768,512 768w, https:\/\/develop.olympic.ca\/olympique\/wp-content\/uploads\/sites\/2\/2018\/02\/ceremonie-ouverture-pyeongchang-9-e1518317923221.jpg?resize=1130,754 1130w\" width=\"443\" height=\"296\" loading=\"lazy\" data-original-width=\"443\" data-original-height=\"296\" itemprop=\"http:\/\/schema.org\/image\" title=\"Pyeongchang Olympics Opening Ceremony\" alt=\"Embl\u00e8me de l&#039;\u00e9v\u00e9nement, la flamme olympique br\u00fblera tout au long des Jeux. (Sean Haffey\/Pool Photo via AP)\" style=\"width: 443px; height: 296px;\" \/> <\/a> <div class=\"tiled-gallery-caption\" itemprop=\"caption description\"> Embl\u00e8me de l&rsquo;\u00e9v\u00e9nement, la flamme olympique br\u00fblera tout au long des Jeux. (Sean Haffey\/Pool Photo via AP) <\/div> <\/div> <\/div> <!-- close group --> <\/div> <!-- close row --> <\/div>\n","protected":false},"excerpt":{"rendered":"<p>C\u00e9r\u00e9monie d&rsquo;ouverture de PyeongChang 2018<\/p>\n","protected":false},"featured_media":136161,"parent":0,"template":"","format":"gallery","categories":[],"tags":[415986505,8002646,1104411,54771154],"sport":[],"game":[415985119],"class_list":["post-136160","photos","type-photos","status-publish","format-gallery","has-post-thumbnail","hentry","tag-ceremonie","tag-ceremonie-douverture","tag-equipe-canada","tag-pyeongchang-2018","game-2018-pyeongchang"],"acf":[],"yoast_head":"<!-- This site is optimized with the Yoast SEO plugin v27.3 - https:\/\/yoast.com\/product\/yoast-seo-wordpress\/ -->\n<title>C\u00e9r\u00e9monie d&#039;ouverture de PyeongChang 2018 - \u00c9quipe Canada | Site officiel de l&#039;\u00e9quipe olympique<\/title>\n<meta name=\"robots\" content=\"index, follow, max-snippet:-1, max-image-preview:large, max-video-preview:-1\" \/>\n<link rel=\"canonical\" href=\"https:\/\/develop.olympic.ca\/olympique\/photos\/ceremonie-douverture-de-pyeongchang-2018\/\" \/>\n<meta property=\"og:locale\" content=\"fr_FR\" \/>\n<meta property=\"og:type\" content=\"article\" \/>\n<meta property=\"og:title\" content=\"C\u00e9r\u00e9monie d&#039;ouverture de PyeongChang 2018 - \u00c9quipe Canada | Site officiel de l&#039;\u00e9quipe olympique\" \/>\n<meta property=\"og:description\" content=\"C\u00e9r\u00e9monie d&#039;ouverture de PyeongChang 2018\" \/>\n<meta property=\"og:url\" content=\"https:\/\/develop.olympic.ca\/olympique\/photos\/ceremonie-douverture-de-pyeongchang-2018\/\" \/>\n<meta property=\"og:site_name\" content=\"\u00c9quipe Canada | Site officiel de l&#039;\u00e9quipe olympique\" \/>\n<meta property=\"article:modified_time\" content=\"2018-10-09T17:14:55+00:00\" \/>\n<meta property=\"og:image\" content=\"https:\/\/develop.olympic.ca\/olympique\/wp-content\/uploads\/sites\/2\/2018\/02\/pyeongchang-ceremonie-ouverture-1-e1518318131442.jpg?quality=100\" \/>\n\t<meta property=\"og:image:width\" content=\"1340\" \/>\n\t<meta property=\"og:image:height\" content=\"888\" \/>\n\t<meta property=\"og:image:type\" content=\"image\/jpeg\" \/>\n<meta name=\"twitter:card\" content=\"summary_large_image\" \/>\n<meta name=\"twitter:label1\" content=\"Written by\" \/>\n\t<meta name=\"twitter:data1\" content=\"Luc Turgeon\" \/>\n<script type=\"application\/ld+json\" class=\"yoast-schema-graph\">{\"@context\":\"https:\\\/\\\/schema.org\",\"@graph\":[{\"@type\":\"WebPage\",\"@id\":\"https:\\\/\\\/develop.olympic.ca\\\/olympique\\\/photos\\\/ceremonie-douverture-de-pyeongchang-2018\\\/\",\"url\":\"https:\\\/\\\/develop.olympic.ca\\\/olympique\\\/photos\\\/ceremonie-douverture-de-pyeongchang-2018\\\/\",\"name\":\"C\u00e9r\u00e9monie d'ouverture de PyeongChang 2018 - \u00c9quipe Canada | Site officiel de l&#039;\u00e9quipe olympique\",\"isPartOf\":{\"@id\":\"https:\\\/\\\/develop.olympic.ca\\\/olympique\\\/#website\"},\"primaryImageOfPage\":{\"@id\":\"https:\\\/\\\/develop.olympic.ca\\\/olympique\\\/photos\\\/ceremonie-douverture-de-pyeongchang-2018\\\/#primaryimage\"},\"image\":{\"@id\":\"https:\\\/\\\/develop.olympic.ca\\\/olympique\\\/photos\\\/ceremonie-douverture-de-pyeongchang-2018\\\/#primaryimage\"},\"thumbnailUrl\":\"https:\\\/\\\/develop.olympic.ca\\\/olympique\\\/wp-content\\\/uploads\\\/sites\\\/2\\\/2018\\\/02\\\/pyeongchang-ceremonie-ouverture-1-e1518318131442.jpg?quality=100\",\"datePublished\":\"2018-02-09T14:28:47+00:00\",\"dateModified\":\"2018-10-09T17:14:55+00:00\",\"breadcrumb\":{\"@id\":\"https:\\\/\\\/develop.olympic.ca\\\/olympique\\\/photos\\\/ceremonie-douverture-de-pyeongchang-2018\\\/#breadcrumb\"},\"inLanguage\":\"fr-FR\",\"potentialAction\":[{\"@type\":\"ReadAction\",\"target\":[\"https:\\\/\\\/develop.olympic.ca\\\/olympique\\\/photos\\\/ceremonie-douverture-de-pyeongchang-2018\\\/\"]}]},{\"@type\":\"ImageObject\",\"inLanguage\":\"fr-FR\",\"@id\":\"https:\\\/\\\/develop.olympic.ca\\\/olympique\\\/photos\\\/ceremonie-douverture-de-pyeongchang-2018\\\/#primaryimage\",\"url\":\"https:\\\/\\\/develop.olympic.ca\\\/olympique\\\/wp-content\\\/uploads\\\/sites\\\/2\\\/2018\\\/02\\\/pyeongchang-ceremonie-ouverture-1-e1518318131442.jpg?quality=100\",\"contentUrl\":\"https:\\\/\\\/develop.olympic.ca\\\/olympique\\\/wp-content\\\/uploads\\\/sites\\\/2\\\/2018\\\/02\\\/pyeongchang-ceremonie-ouverture-1-e1518318131442.jpg?quality=100\",\"width\":1340,\"height\":888,\"caption\":\"Des feux d'artifice ont lanc\u00e9 officiellement la c\u00e9r\u00e9monie d'ouverture aux Jeux olympiques de PyeongChang 2018, le 9 f\u00e9vrier 2018. (Franck Fife\\\/Pool Photo via AP)\"},{\"@type\":\"BreadcrumbList\",\"@id\":\"https:\\\/\\\/develop.olympic.ca\\\/olympique\\\/photos\\\/ceremonie-douverture-de-pyeongchang-2018\\\/#breadcrumb\",\"itemListElement\":[{\"@type\":\"ListItem\",\"position\":1,\"name\":\"Album photo\",\"item\":\"https:\\\/\\\/develop.olympic.ca\\\/olympique\\\/photos\\\/\"},{\"@type\":\"ListItem\",\"position\":2,\"name\":\"C\u00e9r\u00e9monie d&rsquo;ouverture de PyeongChang 2018\"}]},{\"@type\":\"WebSite\",\"@id\":\"https:\\\/\\\/develop.olympic.ca\\\/olympique\\\/#website\",\"url\":\"https:\\\/\\\/develop.olympic.ca\\\/olympique\\\/\",\"name\":\"\u00c9quipe Canada | Site officiel de l&#039;\u00e9quipe olympique\",\"description\":\"Votre source pour l\u2019\u00c9quipe olympique canadienne. Retrouvez les r\u00e9cits, vid\u00e9os et photos des athl\u00e8tes canadiens, sports olympiques, Jeux olympiques de 2020 et bien plus!\",\"potentialAction\":[{\"@type\":\"SearchAction\",\"target\":{\"@type\":\"EntryPoint\",\"urlTemplate\":\"https:\\\/\\\/develop.olympic.ca\\\/olympique\\\/?s={search_term_string}\"},\"query-input\":{\"@type\":\"PropertyValueSpecification\",\"valueRequired\":true,\"valueName\":\"search_term_string\"}}],\"inLanguage\":\"fr-FR\"}]}<\/script>\n<!-- \/ Yoast SEO plugin. -->","yoast_head_json":{"title":"C\u00e9r\u00e9monie d'ouverture de PyeongChang 2018 - \u00c9quipe Canada | Site officiel de l&#039;\u00e9quipe olympique","robots":{"index":"index","follow":"follow","max-snippet":"max-snippet:-1","max-image-preview":"max-image-preview:large","max-video-preview":"max-video-preview:-1"},"canonical":"https:\/\/develop.olympic.ca\/olympique\/photos\/ceremonie-douverture-de-pyeongchang-2018\/","og_locale":"fr_FR","og_type":"article","og_title":"C\u00e9r\u00e9monie d'ouverture de PyeongChang 2018 - \u00c9quipe Canada | Site officiel de l&#039;\u00e9quipe olympique","og_description":"C\u00e9r\u00e9monie d'ouverture de PyeongChang 2018","og_url":"https:\/\/develop.olympic.ca\/olympique\/photos\/ceremonie-douverture-de-pyeongchang-2018\/","og_site_name":"\u00c9quipe Canada | Site officiel de l&#039;\u00e9quipe olympique","article_modified_time":"2018-10-09T17:14:55+00:00","og_image":[{"width":1340,"height":888,"url":"https:\/\/develop.olympic.ca\/olympique\/wp-content\/uploads\/sites\/2\/2018\/02\/pyeongchang-ceremonie-ouverture-1-e1518318131442.jpg?quality=100","type":"image\/jpeg"}],"twitter_card":"summary_large_image","twitter_misc":{"Written by":"Luc Turgeon"},"schema":{"@context":"https:\/\/schema.org","@graph":[{"@type":"WebPage","@id":"https:\/\/develop.olympic.ca\/olympique\/photos\/ceremonie-douverture-de-pyeongchang-2018\/","url":"https:\/\/develop.olympic.ca\/olympique\/photos\/ceremonie-douverture-de-pyeongchang-2018\/","name":"C\u00e9r\u00e9monie d'ouverture de PyeongChang 2018 - \u00c9quipe Canada | Site officiel de l&#039;\u00e9quipe olympique","isPartOf":{"@id":"https:\/\/develop.olympic.ca\/olympique\/#website"},"primaryImageOfPage":{"@id":"https:\/\/develop.olympic.ca\/olympique\/photos\/ceremonie-douverture-de-pyeongchang-2018\/#primaryimage"},"image":{"@id":"https:\/\/develop.olympic.ca\/olympique\/photos\/ceremonie-douverture-de-pyeongchang-2018\/#primaryimage"},"thumbnailUrl":"https:\/\/develop.olympic.ca\/olympique\/wp-content\/uploads\/sites\/2\/2018\/02\/pyeongchang-ceremonie-ouverture-1-e1518318131442.jpg?quality=100","datePublished":"2018-02-09T14:28:47+00:00","dateModified":"2018-10-09T17:14:55+00:00","breadcrumb":{"@id":"https:\/\/develop.olympic.ca\/olympique\/photos\/ceremonie-douverture-de-pyeongchang-2018\/#breadcrumb"},"inLanguage":"fr-FR","potentialAction":[{"@type":"ReadAction","target":["https:\/\/develop.olympic.ca\/olympique\/photos\/ceremonie-douverture-de-pyeongchang-2018\/"]}]},{"@type":"ImageObject","inLanguage":"fr-FR","@id":"https:\/\/develop.olympic.ca\/olympique\/photos\/ceremonie-douverture-de-pyeongchang-2018\/#primaryimage","url":"https:\/\/develop.olympic.ca\/olympique\/wp-content\/uploads\/sites\/2\/2018\/02\/pyeongchang-ceremonie-ouverture-1-e1518318131442.jpg?quality=100","contentUrl":"https:\/\/develop.olympic.ca\/olympique\/wp-content\/uploads\/sites\/2\/2018\/02\/pyeongchang-ceremonie-ouverture-1-e1518318131442.jpg?quality=100","width":1340,"height":888,"caption":"Des feux d'artifice ont lanc\u00e9 officiellement la c\u00e9r\u00e9monie d'ouverture aux Jeux olympiques de PyeongChang 2018, le 9 f\u00e9vrier 2018. (Franck Fife\/Pool Photo via AP)"},{"@type":"BreadcrumbList","@id":"https:\/\/develop.olympic.ca\/olympique\/photos\/ceremonie-douverture-de-pyeongchang-2018\/#breadcrumb","itemListElement":[{"@type":"ListItem","position":1,"name":"Album photo","item":"https:\/\/develop.olympic.ca\/olympique\/photos\/"},{"@type":"ListItem","position":2,"name":"C\u00e9r\u00e9monie d&rsquo;ouverture de PyeongChang 2018"}]},{"@type":"WebSite","@id":"https:\/\/develop.olympic.ca\/olympique\/#website","url":"https:\/\/develop.olympic.ca\/olympique\/","name":"\u00c9quipe Canada | Site officiel de l&#039;\u00e9quipe olympique","description":"Votre source pour l\u2019\u00c9quipe olympique canadienne. Retrouvez les r\u00e9cits, vid\u00e9os et photos des athl\u00e8tes canadiens, sports olympiques, Jeux olympiques de 2020 et bien plus!","potentialAction":[{"@type":"SearchAction","target":{"@type":"EntryPoint","urlTemplate":"https:\/\/develop.olympic.ca\/olympique\/?s={search_term_string}"},"query-input":{"@type":"PropertyValueSpecification","valueRequired":true,"valueName":"search_term_string"}}],"inLanguage":"fr-FR"}]}},"featured_image_url":"https:\/\/develop.olympic.ca\/olympique\/wp-content\/uploads\/sites\/2\/2018\/02\/pyeongchang-ceremonie-ouverture-1-e1518318131442.jpg?quality=100","category_names":[],"tag_names":["c\u00e9r\u00e9monie","C\u00e9r\u00e9monie d'ouverture","\u00c9quipe canada","pyeongchang 2018"],"sport_names":[],"game_names":["PyeongChang 2018"],"jetpack_sharing_enabled":true,"_links":{"self":[{"href":"https:\/\/develop.olympic.ca\/olympique\/wp-json\/wp\/v2\/photos\/136160","targetHints":{"allow":["GET"]}}],"collection":[{"href":"https:\/\/develop.olympic.ca\/olympique\/wp-json\/wp\/v2\/photos"}],"about":[{"href":"https:\/\/develop.olympic.ca\/olympique\/wp-json\/wp\/v2\/types\/photos"}],"wp:featuredmedia":[{"embeddable":true,"href":"https:\/\/develop.olympic.ca\/olympique\/wp-json\/wp\/v2\/media\/136161"}],"wp:attachment":[{"href":"https:\/\/develop.olympic.ca\/olympique\/wp-json\/wp\/v2\/media?parent=136160"}],"wp:term":[{"taxonomy":"category","embeddable":true,"href":"https:\/\/develop.olympic.ca\/olympique\/wp-json\/wp\/v2\/categories?post=136160"},{"taxonomy":"post_tag","embeddable":true,"href":"https:\/\/develop.olympic.ca\/olympique\/wp-json\/wp\/v2\/tags?post=136160"},{"taxonomy":"sport","embeddable":true,"href":"https:\/\/develop.olympic.ca\/olympique\/wp-json\/wp\/v2\/sport?post=136160"},{"taxonomy":"game","embeddable":true,"href":"https:\/\/develop.olympic.ca\/olympique\/wp-json\/wp\/v2\/game?post=136160"}],"curies":[{"name":"wp","href":"https:\/\/api.w.org\/{rel}","templated":true}]}}