{"id":45644,"date":"2013-02-09T05:51:36","date_gmt":"2013-02-09T10:51:36","guid":{"rendered":"http:\/\/develop.olympic.ca\/?post_type=galleries&#038;p=45644"},"modified":"2013-10-04T11:59:51","modified_gmt":"2013-10-04T15:59:51","slug":"londres-2012","status":"publish","type":"photos","link":"https:\/\/develop.olympic.ca\/olympique\/photos\/londres-2012\/","title":{"rendered":"Londres 2012"},"content":{"rendered":"<div class=\"tiled-gallery type-rectangular tiled-gallery-unresized\" data-original-width=\"1360\" data-carousel-extra='null' itemscope itemtype=\"http:\/\/schema.org\/ImageGallery\" > <div class=\"gallery-row\" style=\"width: 1360px; height: 627px;\" data-original-width=\"1360\" data-original-height=\"627\" > <div class=\"gallery-group images-1\" style=\"width: 921px; height: 627px;\" data-original-width=\"921\" data-original-height=\"627\" > <div class=\"tiled-gallery-item tiled-gallery-item-large\" itemprop=\"associatedMedia\" itemscope itemtype=\"http:\/\/schema.org\/ImageObject\"> <a href=\"https:\/\/develop.olympic.ca\/olympique\/wp-content\/uploads\/sites\/2\/2013\/02\/antoine-valois-fortier-e1469020793729.jpg?quality=100&#038;strip\" border=\"0\" itemprop=\"url\"> <meta itemprop=\"width\" content=\"917\"> <meta itemprop=\"height\" content=\"623\"> <img decoding=\"async\" data-recalc-dims=\"1\" class=\"\" data-attachment-id=\"75622\" data-orig-file=\"https:\/\/develop.olympic.ca\/olympique\/wp-content\/uploads\/sites\/2\/2013\/02\/antoine-valois-fortier-e1469020793729.jpg?quality=100\" data-orig-size=\"1340,910\" data-comments-opened=\"1\" data-image-meta=\"{&quot;aperture&quot;:&quot;2.8&quot;,&quot;credit&quot;:&quot;Jason Ransom&quot;,&quot;camera&quot;:&quot;NIKON D4&quot;,&quot;caption&quot;:&quot;An emotional Antoine Valois-Fortier of Canada, white, celebrates a win over Travis Stevens of the USA for a bronze medal in judo at the 2012 London Olympics, on July 31, 2012. THE CANADIAN PRESS\\\/HO, COC - Jason Ransom&quot;,&quot;created_timestamp&quot;:&quot;1343751477&quot;,&quot;copyright&quot;:&quot;&quot;,&quot;focal_length&quot;:&quot;200&quot;,&quot;iso&quot;:&quot;1600&quot;,&quot;shutter_speed&quot;:&quot;0.0008&quot;,&quot;title&quot;:&quot;OLY COC London 2012&quot;}\" data-image-title=\"Antoine Valois-Fortier\" data-image-description=\"\" data-medium-file=\"https:\/\/develop.olympic.ca\/olympique\/wp-content\/uploads\/sites\/2\/2013\/02\/antoine-valois-fortier-e1469020793729.jpg?quality=100&#038;w=546\" data-large-file=\"https:\/\/develop.olympic.ca\/olympique\/wp-content\/uploads\/sites\/2\/2013\/02\/antoine-valois-fortier-e1469020793729.jpg?quality=100&#038;w=1110\" src=\"https:\/\/develop.olympic.ca\/olympique\/wp-content\/uploads\/sites\/2\/2013\/02\/antoine-valois-fortier-e1469020793729.jpg?quality=100&#038;w=917&#038;h=623&#038;strip&#038;resize=917%2C623\" srcset=\"https:\/\/develop.olympic.ca\/olympique\/wp-content\/uploads\/sites\/2\/2013\/02\/antoine-valois-fortier-e1469020793729.jpg 1340w, https:\/\/develop.olympic.ca\/olympique\/wp-content\/uploads\/sites\/2\/2013\/02\/antoine-valois-fortier-e1469020793729.jpg?resize=233,158 233w, https:\/\/develop.olympic.ca\/olympique\/wp-content\/uploads\/sites\/2\/2013\/02\/antoine-valois-fortier-e1469020793729.jpg?resize=546,371 546w, https:\/\/develop.olympic.ca\/olympique\/wp-content\/uploads\/sites\/2\/2013\/02\/antoine-valois-fortier-e1469020793729.jpg?resize=768,522 768w, https:\/\/develop.olympic.ca\/olympique\/wp-content\/uploads\/sites\/2\/2013\/02\/antoine-valois-fortier-e1469020793729.jpg?resize=1110,754 1110w\" width=\"917\" height=\"623\" loading=\"lazy\" data-original-width=\"917\" data-original-height=\"623\" itemprop=\"http:\/\/schema.org\/image\" title=\"Antoine Valois-Fortier\" alt=\"Antoine Valois-Fortier\" style=\"width: 917px; height: 623px;\" \/> <\/a> <\/div> <\/div> <!-- close group --> <div class=\"gallery-group images-2\" style=\"width: 439px; height: 627px;\" data-original-width=\"439\" data-original-height=\"627\" > <div class=\"tiled-gallery-item tiled-gallery-item-large\" itemprop=\"associatedMedia\" itemscope itemtype=\"http:\/\/schema.org\/ImageObject\"> <a href=\"https:\/\/develop.olympic.ca\/olympique\/wp-content\/uploads\/sites\/2\/2013\/02\/basketball.jpg?quality=100&#038;strip\" border=\"0\" itemprop=\"url\"> <meta itemprop=\"width\" content=\"435\"> <meta itemprop=\"height\" content=\"328\"> <img decoding=\"async\" data-recalc-dims=\"1\" class=\"\" data-attachment-id=\"75623\" data-orig-file=\"https:\/\/develop.olympic.ca\/olympique\/wp-content\/uploads\/sites\/2\/2013\/02\/basketball.jpg?quality=100\" data-orig-size=\"3167,2385\" data-comments-opened=\"1\" data-image-meta=\"{&quot;aperture&quot;:&quot;2.8&quot;,&quot;credit&quot;:&quot;The Canadian Press Images&quot;,&quot;camera&quot;:&quot;NIKON D4&quot;,&quot;caption&quot;:&quot;The Canadian women\\u0027s basketball team celebrates a win against Great Britain during preliminary action at the 2012 London Olympics, on July 30, 2012. Canada beat Great Britain 73-65. THE CANADIAN PRESS\\\/HO, COC - Jason Ransom&quot;,&quot;created_timestamp&quot;:&quot;1343684249&quot;,&quot;copyright&quot;:&quot;&quot;,&quot;focal_length&quot;:&quot;102&quot;,&quot;iso&quot;:&quot;1600&quot;,&quot;shutter_speed&quot;:&quot;0.001&quot;,&quot;title&quot;:&quot;OLY COC London 2012&quot;}\" data-image-title=\"Basketball\" data-image-description=\"\" data-medium-file=\"https:\/\/develop.olympic.ca\/olympique\/wp-content\/uploads\/sites\/2\/2013\/02\/basketball.jpg?quality=100&#038;w=493\" data-large-file=\"https:\/\/develop.olympic.ca\/olympique\/wp-content\/uploads\/sites\/2\/2013\/02\/basketball.jpg?quality=100&#038;w=1001\" src=\"https:\/\/develop.olympic.ca\/olympique\/wp-content\/uploads\/sites\/2\/2013\/02\/basketball.jpg?quality=100&#038;w=435&#038;h=328&#038;strip&#038;resize=435%2C328\" srcset=\"https:\/\/develop.olympic.ca\/olympique\/wp-content\/uploads\/sites\/2\/2013\/02\/basketball.jpg 3167w, https:\/\/develop.olympic.ca\/olympique\/wp-content\/uploads\/sites\/2\/2013\/02\/basketball.jpg?resize=210,158 210w, https:\/\/develop.olympic.ca\/olympique\/wp-content\/uploads\/sites\/2\/2013\/02\/basketball.jpg?resize=493,371 493w, https:\/\/develop.olympic.ca\/olympique\/wp-content\/uploads\/sites\/2\/2013\/02\/basketball.jpg?resize=768,578 768w, https:\/\/develop.olympic.ca\/olympique\/wp-content\/uploads\/sites\/2\/2013\/02\/basketball.jpg?resize=1001,754 1001w, https:\/\/develop.olympic.ca\/olympique\/wp-content\/uploads\/sites\/2\/2013\/02\/basketball.jpg?resize=1536,1157 1536w, https:\/\/develop.olympic.ca\/olympique\/wp-content\/uploads\/sites\/2\/2013\/02\/basketball.jpg?resize=2048,1542 2048w\" width=\"435\" height=\"328\" loading=\"lazy\" data-original-width=\"435\" data-original-height=\"328\" itemprop=\"http:\/\/schema.org\/image\" title=\"Basketball\" alt=\"Basketball\" style=\"width: 435px; height: 328px;\" \/> <\/a> <\/div> <div class=\"tiled-gallery-item tiled-gallery-item-large\" itemprop=\"associatedMedia\" itemscope itemtype=\"http:\/\/schema.org\/ImageObject\"> <a href=\"https:\/\/develop.olympic.ca\/olympique\/wp-content\/uploads\/sites\/2\/2013\/02\/brent-hayden.jpg?quality=100&#038;strip\" border=\"0\" itemprop=\"url\"> <meta itemprop=\"width\" content=\"435\"> <meta itemprop=\"height\" content=\"291\"> <img decoding=\"async\" data-recalc-dims=\"1\" class=\"\" data-attachment-id=\"75624\" data-orig-file=\"https:\/\/develop.olympic.ca\/olympique\/wp-content\/uploads\/sites\/2\/2013\/02\/brent-hayden.jpg?quality=100\" data-orig-size=\"3000,2003\" data-comments-opened=\"1\" data-image-meta=\"{&quot;aperture&quot;:&quot;5.6&quot;,&quot;credit&quot;:&quot;Frank Gunn&quot;,&quot;camera&quot;:&quot;Canon EOS-1D X&quot;,&quot;caption&quot;:&quot;Brent Hayden of Canada celebrates his bronze medal performance in the men\\u0027s 100m freestyle at the Olympic Games in London on Wednesday August 1, 2012. THE CANADIAN PRESS\\\/Frank Gunn&quot;,&quot;created_timestamp&quot;:&quot;1343834730&quot;,&quot;copyright&quot;:&quot;&quot;,&quot;focal_length&quot;:&quot;800&quot;,&quot;iso&quot;:&quot;3200&quot;,&quot;shutter_speed&quot;:&quot;0.0015625&quot;,&quot;title&quot;:&quot;Brent Hayden&quot;}\" data-image-title=\"Brent Hayden\" data-image-description=\"\" data-medium-file=\"https:\/\/develop.olympic.ca\/olympique\/wp-content\/uploads\/sites\/2\/2013\/02\/brent-hayden.jpg?quality=100&#038;w=556\" data-large-file=\"https:\/\/develop.olympic.ca\/olympique\/wp-content\/uploads\/sites\/2\/2013\/02\/brent-hayden.jpg?quality=100&#038;w=1129\" src=\"https:\/\/develop.olympic.ca\/olympique\/wp-content\/uploads\/sites\/2\/2013\/02\/brent-hayden.jpg?quality=100&#038;w=435&#038;h=291&#038;strip&#038;resize=435%2C291\" srcset=\"https:\/\/develop.olympic.ca\/olympique\/wp-content\/uploads\/sites\/2\/2013\/02\/brent-hayden.jpg 3000w, https:\/\/develop.olympic.ca\/olympique\/wp-content\/uploads\/sites\/2\/2013\/02\/brent-hayden.jpg?resize=237,158 237w, https:\/\/develop.olympic.ca\/olympique\/wp-content\/uploads\/sites\/2\/2013\/02\/brent-hayden.jpg?resize=556,371 556w, https:\/\/develop.olympic.ca\/olympique\/wp-content\/uploads\/sites\/2\/2013\/02\/brent-hayden.jpg?resize=768,513 768w, https:\/\/develop.olympic.ca\/olympique\/wp-content\/uploads\/sites\/2\/2013\/02\/brent-hayden.jpg?resize=1129,754 1129w, https:\/\/develop.olympic.ca\/olympique\/wp-content\/uploads\/sites\/2\/2013\/02\/brent-hayden.jpg?resize=1536,1026 1536w, https:\/\/develop.olympic.ca\/olympique\/wp-content\/uploads\/sites\/2\/2013\/02\/brent-hayden.jpg?resize=2048,1367 2048w\" width=\"435\" height=\"291\" loading=\"lazy\" data-original-width=\"435\" data-original-height=\"291\" itemprop=\"http:\/\/schema.org\/image\" title=\"Brent Hayden\" alt=\"Brent Hayden\" style=\"width: 435px; height: 291px;\" \/> <\/a> <\/div> <\/div> <!-- close group --> <\/div> <!-- close row --> <div class=\"gallery-row\" style=\"width: 1360px; height: 413px;\" data-original-width=\"1360\" data-original-height=\"413\" > <div class=\"gallery-group images-1\" style=\"width: 640px; height: 413px;\" data-original-width=\"640\" data-original-height=\"413\" > <div class=\"tiled-gallery-item tiled-gallery-item-large\" itemprop=\"associatedMedia\" itemscope itemtype=\"http:\/\/schema.org\/ImageObject\"> <a href=\"https:\/\/develop.olympic.ca\/olympique\/wp-content\/uploads\/sites\/2\/2013\/02\/brent-mcmahon.jpg?quality=100&#038;strip\" border=\"0\" itemprop=\"url\"> <meta itemprop=\"width\" content=\"636\"> <meta itemprop=\"height\" content=\"409\"> <img decoding=\"async\" data-recalc-dims=\"1\" class=\"\" data-attachment-id=\"75625\" data-orig-file=\"https:\/\/develop.olympic.ca\/olympique\/wp-content\/uploads\/sites\/2\/2013\/02\/brent-mcmahon.jpg?quality=100\" data-orig-size=\"1681,1081\" data-comments-opened=\"1\" data-image-meta=\"{&quot;aperture&quot;:&quot;5.6&quot;,&quot;credit&quot;:&quot;Jason Ransom&quot;,&quot;camera&quot;:&quot;NIKON D4&quot;,&quot;caption&quot;:&quot;Canada\\u0027s Brent McMahon competes in the men\\u0027s triathlon at the 2012 London Olympics, August 7, 2012. McMahon placed 27th. THE CANADIAN PRESS\\\/HO, COC - Jason Ransom&quot;,&quot;created_timestamp&quot;:&quot;1344340139&quot;,&quot;copyright&quot;:&quot;Jason Ransom&quot;,&quot;focal_length&quot;:&quot;200&quot;,&quot;iso&quot;:&quot;400&quot;,&quot;shutter_speed&quot;:&quot;0.001&quot;,&quot;title&quot;:&quot;OLY COC London 2012&quot;}\" data-image-title=\"Brent McMahon\" data-image-description=\"\" data-medium-file=\"https:\/\/develop.olympic.ca\/olympique\/wp-content\/uploads\/sites\/2\/2013\/02\/brent-mcmahon.jpg?quality=100&#038;w=577\" data-large-file=\"https:\/\/develop.olympic.ca\/olympique\/wp-content\/uploads\/sites\/2\/2013\/02\/brent-mcmahon.jpg?quality=100&#038;w=1173\" src=\"https:\/\/develop.olympic.ca\/olympique\/wp-content\/uploads\/sites\/2\/2013\/02\/brent-mcmahon.jpg?quality=100&#038;w=636&#038;h=409&#038;strip&#038;resize=636%2C409\" srcset=\"https:\/\/develop.olympic.ca\/olympique\/wp-content\/uploads\/sites\/2\/2013\/02\/brent-mcmahon.jpg 1681w, https:\/\/develop.olympic.ca\/olympique\/wp-content\/uploads\/sites\/2\/2013\/02\/brent-mcmahon.jpg?resize=246,158 246w, https:\/\/develop.olympic.ca\/olympique\/wp-content\/uploads\/sites\/2\/2013\/02\/brent-mcmahon.jpg?resize=577,371 577w, https:\/\/develop.olympic.ca\/olympique\/wp-content\/uploads\/sites\/2\/2013\/02\/brent-mcmahon.jpg?resize=768,494 768w, https:\/\/develop.olympic.ca\/olympique\/wp-content\/uploads\/sites\/2\/2013\/02\/brent-mcmahon.jpg?resize=1173,754 1173w, https:\/\/develop.olympic.ca\/olympique\/wp-content\/uploads\/sites\/2\/2013\/02\/brent-mcmahon.jpg?resize=1536,988 1536w\" width=\"636\" height=\"409\" loading=\"lazy\" data-original-width=\"636\" data-original-height=\"409\" itemprop=\"http:\/\/schema.org\/image\" title=\"Brent McMahon\" alt=\"Brent McMahon\" style=\"width: 636px; height: 409px;\" \/> <\/a> <\/div> <\/div> <!-- close group --> <div class=\"gallery-group images-1\" style=\"width: 324px; height: 413px;\" data-original-width=\"324\" data-original-height=\"413\" > <div class=\"tiled-gallery-item tiled-gallery-item-large\" itemprop=\"associatedMedia\" itemscope itemtype=\"http:\/\/schema.org\/ImageObject\"> <a href=\"https:\/\/develop.olympic.ca\/olympique\/wp-content\/uploads\/sites\/2\/2013\/02\/carol-huynh.jpg?quality=100&#038;strip\" border=\"0\" itemprop=\"url\"> <meta itemprop=\"width\" content=\"320\"> <meta itemprop=\"height\" content=\"409\"> <img decoding=\"async\" data-recalc-dims=\"1\" class=\"\" data-attachment-id=\"75626\" data-orig-file=\"https:\/\/develop.olympic.ca\/olympique\/wp-content\/uploads\/sites\/2\/2013\/02\/carol-huynh.jpg?quality=100\" data-orig-size=\"2592,3310\" data-comments-opened=\"1\" data-image-meta=\"{&quot;aperture&quot;:&quot;3.5&quot;,&quot;credit&quot;:&quot;Mike Ridewood&quot;,&quot;camera&quot;:&quot;Canon EOS-1D Mark IV&quot;,&quot;caption&quot;:&quot;Carol Huynh of Calgary takes a bronze medal in the women\\u0027s 48 kg. freestyle wrestling at the 2012 London Olympics, Wednesday, Aug. 8, 2012. THE CANADIAN PRESS\\\/HO, COC - Mike Ridewood&quot;,&quot;created_timestamp&quot;:&quot;1344429206&quot;,&quot;copyright&quot;:&quot;&quot;,&quot;focal_length&quot;:&quot;400&quot;,&quot;iso&quot;:&quot;1000&quot;,&quot;shutter_speed&quot;:&quot;0.0025&quot;,&quot;title&quot;:&quot;OLY COC London 2012&quot;}\" data-image-title=\"Carol Huynh\" data-image-description=\"\" data-medium-file=\"https:\/\/develop.olympic.ca\/olympique\/wp-content\/uploads\/sites\/2\/2013\/02\/carol-huynh.jpg?quality=100&#038;w=291\" data-large-file=\"https:\/\/develop.olympic.ca\/olympique\/wp-content\/uploads\/sites\/2\/2013\/02\/carol-huynh.jpg?quality=100&#038;w=590\" src=\"https:\/\/develop.olympic.ca\/olympique\/wp-content\/uploads\/sites\/2\/2013\/02\/carol-huynh.jpg?quality=100&#038;w=320&#038;h=409&#038;strip&#038;resize=320%2C409\" srcset=\"https:\/\/develop.olympic.ca\/olympique\/wp-content\/uploads\/sites\/2\/2013\/02\/carol-huynh.jpg 2592w, https:\/\/develop.olympic.ca\/olympique\/wp-content\/uploads\/sites\/2\/2013\/02\/carol-huynh.jpg?resize=124,158 124w, https:\/\/develop.olympic.ca\/olympique\/wp-content\/uploads\/sites\/2\/2013\/02\/carol-huynh.jpg?resize=291,371 291w, https:\/\/develop.olympic.ca\/olympique\/wp-content\/uploads\/sites\/2\/2013\/02\/carol-huynh.jpg?resize=768,981 768w, https:\/\/develop.olympic.ca\/olympique\/wp-content\/uploads\/sites\/2\/2013\/02\/carol-huynh.jpg?resize=590,754 590w, https:\/\/develop.olympic.ca\/olympique\/wp-content\/uploads\/sites\/2\/2013\/02\/carol-huynh.jpg?resize=1203,1536 1203w, https:\/\/develop.olympic.ca\/olympique\/wp-content\/uploads\/sites\/2\/2013\/02\/carol-huynh.jpg?resize=1604,2048 1604w\" width=\"320\" height=\"409\" loading=\"lazy\" data-original-width=\"320\" data-original-height=\"409\" itemprop=\"http:\/\/schema.org\/image\" title=\"Carol Huynh\" alt=\"Carol Huynh\" style=\"width: 320px; height: 409px;\" \/> <\/a> <\/div> <\/div> <!-- close group --> <div class=\"gallery-group images-1\" style=\"width: 396px; height: 413px;\" data-original-width=\"396\" data-original-height=\"413\" > <div class=\"tiled-gallery-item tiled-gallery-item-large\" itemprop=\"associatedMedia\" itemscope itemtype=\"http:\/\/schema.org\/ImageObject\"> <a href=\"https:\/\/develop.olympic.ca\/olympique\/wp-content\/uploads\/sites\/2\/2013\/02\/christine-girard.jpg?quality=100&#038;strip\" border=\"0\" itemprop=\"url\"> <meta itemprop=\"width\" content=\"392\"> <meta itemprop=\"height\" content=\"409\"> <img decoding=\"async\" data-recalc-dims=\"1\" class=\"\" data-attachment-id=\"75627\" data-orig-file=\"https:\/\/develop.olympic.ca\/olympique\/wp-content\/uploads\/sites\/2\/2013\/02\/christine-girard.jpg?quality=100\" data-orig-size=\"3115,3247\" data-comments-opened=\"1\" data-image-meta=\"{&quot;aperture&quot;:&quot;4&quot;,&quot;credit&quot;:&quot;Jason Ransom&quot;,&quot;camera&quot;:&quot;NIKON D4&quot;,&quot;caption&quot;:&quot;Christine Girard holds her bronze medal for weightlifting in the 63 kilogram event at the 2012 London Olympics, on July 31, 2012. THE CANADIAN PRESS\\\/HO, COC - Jason Ransom&quot;,&quot;created_timestamp&quot;:&quot;1343753185&quot;,&quot;copyright&quot;:&quot;Jason Ransom&quot;,&quot;focal_length&quot;:&quot;30&quot;,&quot;iso&quot;:&quot;640&quot;,&quot;shutter_speed&quot;:&quot;0.008&quot;,&quot;title&quot;:&quot;OLY COC London 2012&quot;}\" data-image-title=\"Christine Girard\" data-image-description=\"\" data-medium-file=\"https:\/\/develop.olympic.ca\/olympique\/wp-content\/uploads\/sites\/2\/2013\/02\/christine-girard.jpg?quality=100&#038;w=356\" data-large-file=\"https:\/\/develop.olympic.ca\/olympique\/wp-content\/uploads\/sites\/2\/2013\/02\/christine-girard.jpg?quality=100&#038;w=723\" src=\"https:\/\/develop.olympic.ca\/olympique\/wp-content\/uploads\/sites\/2\/2013\/02\/christine-girard.jpg?quality=100&#038;w=392&#038;h=409&#038;strip&#038;resize=392%2C409\" srcset=\"https:\/\/develop.olympic.ca\/olympique\/wp-content\/uploads\/sites\/2\/2013\/02\/christine-girard.jpg 3115w, https:\/\/develop.olympic.ca\/olympique\/wp-content\/uploads\/sites\/2\/2013\/02\/christine-girard.jpg?resize=152,158 152w, https:\/\/develop.olympic.ca\/olympique\/wp-content\/uploads\/sites\/2\/2013\/02\/christine-girard.jpg?resize=356,371 356w, https:\/\/develop.olympic.ca\/olympique\/wp-content\/uploads\/sites\/2\/2013\/02\/christine-girard.jpg?resize=768,801 768w, https:\/\/develop.olympic.ca\/olympique\/wp-content\/uploads\/sites\/2\/2013\/02\/christine-girard.jpg?resize=723,754 723w, https:\/\/develop.olympic.ca\/olympique\/wp-content\/uploads\/sites\/2\/2013\/02\/christine-girard.jpg?resize=1474,1536 1474w, https:\/\/develop.olympic.ca\/olympique\/wp-content\/uploads\/sites\/2\/2013\/02\/christine-girard.jpg?resize=1965,2048 1965w\" width=\"392\" height=\"409\" loading=\"lazy\" data-original-width=\"392\" data-original-height=\"409\" itemprop=\"http:\/\/schema.org\/image\" title=\"Christine Girard\" alt=\"Christine Girard\" style=\"width: 392px; height: 409px;\" \/> <\/a> <\/div> <\/div> <!-- close group --> <\/div> <!-- close row --> <div class=\"gallery-row\" style=\"width: 1360px; height: 607px;\" data-original-width=\"1360\" data-original-height=\"607\" > <div class=\"gallery-group images-1\" style=\"width: 950px; height: 607px;\" data-original-width=\"950\" data-original-height=\"607\" > <div class=\"tiled-gallery-item tiled-gallery-item-large\" itemprop=\"associatedMedia\" itemscope itemtype=\"http:\/\/schema.org\/ImageObject\"> <a href=\"https:\/\/develop.olympic.ca\/olympique\/wp-content\/uploads\/sites\/2\/2013\/02\/christine-sinclair.jpg?quality=100&#038;strip\" border=\"0\" itemprop=\"url\"> <meta itemprop=\"width\" content=\"946\"> <meta itemprop=\"height\" content=\"603\"> <img decoding=\"async\" data-recalc-dims=\"1\" class=\"\" data-attachment-id=\"75628\" data-orig-file=\"https:\/\/develop.olympic.ca\/olympique\/wp-content\/uploads\/sites\/2\/2013\/02\/christine-sinclair.jpg?quality=100\" data-orig-size=\"4284,2732\" data-comments-opened=\"1\" data-image-meta=\"{&quot;aperture&quot;:&quot;5.6&quot;,&quot;credit&quot;:&quot;Mike Ridewood&quot;,&quot;camera&quot;:&quot;Canon EOS-1D Mark IV&quot;,&quot;caption&quot;:&quot;The captain of Canada\\u0027s women\\u0027s soccer team Christine Sinclair of Burnaby, B.C. was named the flag bearer for the closing ceremony at the Canadian Olympic Committee closing press conference for the 2012 London Olympics, Sunday, Aug. 12, 2012. THE CANADIAN PRESS\\\/HO, COC - Mike Ridewood&quot;,&quot;created_timestamp&quot;:&quot;1344751619&quot;,&quot;copyright&quot;:&quot;&quot;,&quot;focal_length&quot;:&quot;24&quot;,&quot;iso&quot;:&quot;1600&quot;,&quot;shutter_speed&quot;:&quot;0.003125&quot;,&quot;title&quot;:&quot;OLY COC London 2012&quot;}\" data-image-title=\"Chrsitine Sinclair\" data-image-description=\"\" data-medium-file=\"https:\/\/develop.olympic.ca\/olympique\/wp-content\/uploads\/sites\/2\/2013\/02\/christine-sinclair.jpg?quality=100&#038;w=582\" data-large-file=\"https:\/\/develop.olympic.ca\/olympique\/wp-content\/uploads\/sites\/2\/2013\/02\/christine-sinclair.jpg?quality=100&#038;w=1182\" src=\"https:\/\/develop.olympic.ca\/olympique\/wp-content\/uploads\/sites\/2\/2013\/02\/christine-sinclair.jpg?quality=100&#038;w=946&#038;h=603&#038;strip&#038;resize=946%2C603\" srcset=\"https:\/\/develop.olympic.ca\/olympique\/wp-content\/uploads\/sites\/2\/2013\/02\/christine-sinclair.jpg 4284w, https:\/\/develop.olympic.ca\/olympique\/wp-content\/uploads\/sites\/2\/2013\/02\/christine-sinclair.jpg?resize=248,158 248w, https:\/\/develop.olympic.ca\/olympique\/wp-content\/uploads\/sites\/2\/2013\/02\/christine-sinclair.jpg?resize=582,371 582w, https:\/\/develop.olympic.ca\/olympique\/wp-content\/uploads\/sites\/2\/2013\/02\/christine-sinclair.jpg?resize=768,490 768w, https:\/\/develop.olympic.ca\/olympique\/wp-content\/uploads\/sites\/2\/2013\/02\/christine-sinclair.jpg?resize=1182,754 1182w, https:\/\/develop.olympic.ca\/olympique\/wp-content\/uploads\/sites\/2\/2013\/02\/christine-sinclair.jpg?resize=1536,980 1536w, https:\/\/develop.olympic.ca\/olympique\/wp-content\/uploads\/sites\/2\/2013\/02\/christine-sinclair.jpg?resize=2048,1306 2048w\" width=\"946\" height=\"603\" loading=\"lazy\" data-original-width=\"946\" data-original-height=\"603\" itemprop=\"http:\/\/schema.org\/image\" title=\"Chrsitine Sinclair\" alt=\"Chrsitine Sinclair\" style=\"width: 946px; height: 603px;\" \/> <\/a> <\/div> <\/div> <!-- close group --> <div class=\"gallery-group images-1\" style=\"width: 410px; height: 607px;\" data-original-width=\"410\" data-original-height=\"607\" > <div class=\"tiled-gallery-item tiled-gallery-item-large\" itemprop=\"associatedMedia\" itemscope itemtype=\"http:\/\/schema.org\/ImageObject\"> <a href=\"https:\/\/develop.olympic.ca\/olympique\/wp-content\/uploads\/sites\/2\/2013\/02\/clara-hughes.jpg?quality=100&#038;strip\" border=\"0\" itemprop=\"url\"> <meta itemprop=\"width\" content=\"406\"> <meta itemprop=\"height\" content=\"603\"> <img decoding=\"async\" data-recalc-dims=\"1\" class=\"\" data-attachment-id=\"75629\" data-orig-file=\"https:\/\/develop.olympic.ca\/olympique\/wp-content\/uploads\/sites\/2\/2013\/02\/clara-hughes.jpg?quality=100\" data-orig-size=\"2648,3928\" data-comments-opened=\"1\" data-image-meta=\"{&quot;aperture&quot;:&quot;4&quot;,&quot;credit&quot;:&quot;Frank Gunn&quot;,&quot;camera&quot;:&quot;Canon EOS-1D X&quot;,&quot;caption&quot;:&quot;Clara Hughes of Canada smiles as she crosses the finish line in the Women\\u0027s Olympic Cycling Time Trial in London on Wednesday August 1, 2012. THE CANADIAN PRESS\\\/Frank Gunn&quot;,&quot;created_timestamp&quot;:&quot;1343810186&quot;,&quot;copyright&quot;:&quot;&quot;,&quot;focal_length&quot;:&quot;400&quot;,&quot;iso&quot;:&quot;1600&quot;,&quot;shutter_speed&quot;:&quot;0.001&quot;,&quot;title&quot;:&quot;Clara Hughes&quot;}\" data-image-title=\"Clara Hughes\" data-image-description=\"\" data-medium-file=\"https:\/\/develop.olympic.ca\/olympique\/wp-content\/uploads\/sites\/2\/2013\/02\/clara-hughes.jpg?quality=100&#038;w=250\" data-large-file=\"https:\/\/develop.olympic.ca\/olympique\/wp-content\/uploads\/sites\/2\/2013\/02\/clara-hughes.jpg?quality=100&#038;w=508\" src=\"https:\/\/develop.olympic.ca\/olympique\/wp-content\/uploads\/sites\/2\/2013\/02\/clara-hughes.jpg?quality=100&#038;w=406&#038;h=603&#038;strip&#038;resize=406%2C603\" srcset=\"https:\/\/develop.olympic.ca\/olympique\/wp-content\/uploads\/sites\/2\/2013\/02\/clara-hughes.jpg 2648w, https:\/\/develop.olympic.ca\/olympique\/wp-content\/uploads\/sites\/2\/2013\/02\/clara-hughes.jpg?resize=107,158 107w, https:\/\/develop.olympic.ca\/olympique\/wp-content\/uploads\/sites\/2\/2013\/02\/clara-hughes.jpg?resize=250,371 250w, https:\/\/develop.olympic.ca\/olympique\/wp-content\/uploads\/sites\/2\/2013\/02\/clara-hughes.jpg?resize=768,1139 768w, https:\/\/develop.olympic.ca\/olympique\/wp-content\/uploads\/sites\/2\/2013\/02\/clara-hughes.jpg?resize=508,754 508w, https:\/\/develop.olympic.ca\/olympique\/wp-content\/uploads\/sites\/2\/2013\/02\/clara-hughes.jpg?resize=1035,1536 1035w, https:\/\/develop.olympic.ca\/olympique\/wp-content\/uploads\/sites\/2\/2013\/02\/clara-hughes.jpg?resize=1381,2048 1381w\" width=\"406\" height=\"603\" loading=\"lazy\" data-original-width=\"406\" data-original-height=\"603\" itemprop=\"http:\/\/schema.org\/image\" title=\"Clara Hughes\" alt=\"Clara Hughes\" style=\"width: 406px; height: 603px;\" \/> <\/a> <\/div> <\/div> <!-- close group --> <\/div> <!-- close row --> <div class=\"gallery-row\" style=\"width: 1360px; height: 599px;\" data-original-width=\"1360\" data-original-height=\"599\" > <div class=\"gallery-group images-2\" style=\"width: 453px; height: 599px;\" data-original-width=\"453\" data-original-height=\"599\" > <div class=\"tiled-gallery-item tiled-gallery-item-large\" itemprop=\"associatedMedia\" itemscope itemtype=\"http:\/\/schema.org\/ImageObject\"> <a href=\"https:\/\/develop.olympic.ca\/olympique\/wp-content\/uploads\/sites\/2\/2013\/02\/crispin-duenas.jpg?quality=100&#038;strip\" border=\"0\" itemprop=\"url\"> <meta itemprop=\"width\" content=\"449\"> <meta itemprop=\"height\" content=\"291\"> <img decoding=\"async\" data-recalc-dims=\"1\" class=\"\" data-attachment-id=\"75630\" data-orig-file=\"https:\/\/develop.olympic.ca\/olympique\/wp-content\/uploads\/sites\/2\/2013\/02\/crispin-duenas.jpg?quality=100\" data-orig-size=\"4805,3111\" data-comments-opened=\"1\" data-image-meta=\"{&quot;aperture&quot;:&quot;4&quot;,&quot;credit&quot;:&quot;The Canadian Press Images&quot;,&quot;camera&quot;:&quot;NIKON D4&quot;,&quot;caption&quot;:&quot;Archer Crispin Duenas releases an arrow during head-to-head elimination action against Ahmed El-Nemr of Egypt at the 2012 London Olympics, on July 30, 2012. Duenas lost three sets to one and is out of the competition. THE CANADIAN PRESS\\\/HO, COC - Jason Ransom&quot;,&quot;created_timestamp&quot;:&quot;1343658112&quot;,&quot;copyright&quot;:&quot;Jason Ransom&quot;,&quot;focal_length&quot;:&quot;310&quot;,&quot;iso&quot;:&quot;320&quot;,&quot;shutter_speed&quot;:&quot;0.0008&quot;,&quot;title&quot;:&quot;OLY COC London 2012&quot;}\" data-image-title=\"Crispin Duenas\" data-image-description=\"\" data-medium-file=\"https:\/\/develop.olympic.ca\/olympique\/wp-content\/uploads\/sites\/2\/2013\/02\/crispin-duenas.jpg?quality=100&#038;w=573\" data-large-file=\"https:\/\/develop.olympic.ca\/olympique\/wp-content\/uploads\/sites\/2\/2013\/02\/crispin-duenas.jpg?quality=100&#038;w=1165\" src=\"https:\/\/develop.olympic.ca\/olympique\/wp-content\/uploads\/sites\/2\/2013\/02\/crispin-duenas.jpg?quality=100&#038;w=449&#038;h=291&#038;strip&#038;resize=449%2C291\" srcset=\"https:\/\/develop.olympic.ca\/olympique\/wp-content\/uploads\/sites\/2\/2013\/02\/crispin-duenas.jpg 4805w, https:\/\/develop.olympic.ca\/olympique\/wp-content\/uploads\/sites\/2\/2013\/02\/crispin-duenas.jpg?resize=244,158 244w, https:\/\/develop.olympic.ca\/olympique\/wp-content\/uploads\/sites\/2\/2013\/02\/crispin-duenas.jpg?resize=573,371 573w, https:\/\/develop.olympic.ca\/olympique\/wp-content\/uploads\/sites\/2\/2013\/02\/crispin-duenas.jpg?resize=768,497 768w, https:\/\/develop.olympic.ca\/olympique\/wp-content\/uploads\/sites\/2\/2013\/02\/crispin-duenas.jpg?resize=1165,754 1165w, https:\/\/develop.olympic.ca\/olympique\/wp-content\/uploads\/sites\/2\/2013\/02\/crispin-duenas.jpg?resize=1536,994 1536w, https:\/\/develop.olympic.ca\/olympique\/wp-content\/uploads\/sites\/2\/2013\/02\/crispin-duenas.jpg?resize=2048,1326 2048w\" width=\"449\" height=\"291\" loading=\"lazy\" data-original-width=\"449\" data-original-height=\"291\" itemprop=\"http:\/\/schema.org\/image\" title=\"Crispin Duenas\" alt=\"Crispin Duenas\" style=\"width: 449px; height: 291px;\" \/> <\/a> <\/div> <div class=\"tiled-gallery-item tiled-gallery-item-large\" itemprop=\"associatedMedia\" itemscope itemtype=\"http:\/\/schema.org\/ImageObject\"> <a href=\"https:\/\/develop.olympic.ca\/olympique\/wp-content\/uploads\/sites\/2\/2013\/02\/custio-clayton.jpg?quality=100&#038;strip\" border=\"0\" itemprop=\"url\"> <meta itemprop=\"width\" content=\"449\"> <meta itemprop=\"height\" content=\"300\"> <img decoding=\"async\" data-recalc-dims=\"1\" class=\"\" data-attachment-id=\"75631\" data-orig-file=\"https:\/\/develop.olympic.ca\/olympique\/wp-content\/uploads\/sites\/2\/2013\/02\/custio-clayton.jpg?quality=100\" data-orig-size=\"2452,1640\" data-comments-opened=\"1\" data-image-meta=\"{&quot;aperture&quot;:&quot;4&quot;,&quot;credit&quot;:&quot;Jason Ransom&quot;,&quot;camera&quot;:&quot;NIKON D4&quot;,&quot;caption&quot;:&quot;Canada\\u0027s Clayton Custio takes on Mexico\\u0027s Oscar Molina Casillas during welterweight boxing at the 2012 London Olympics, on July 29, 2012. Custio won and will move on. THE CANADIAN PRESS\\\/HO, COC - Jason Ransom&quot;,&quot;created_timestamp&quot;:&quot;1343574280&quot;,&quot;copyright&quot;:&quot;Jason Ransom&quot;,&quot;focal_length&quot;:&quot;400&quot;,&quot;iso&quot;:&quot;2500&quot;,&quot;shutter_speed&quot;:&quot;0.00125&quot;,&quot;title&quot;:&quot;OLY COC London 2012&quot;}\" data-image-title=\"Custio Clayton\" data-image-description=\"\" data-medium-file=\"https:\/\/develop.olympic.ca\/olympique\/wp-content\/uploads\/sites\/2\/2013\/02\/custio-clayton.jpg?quality=100&#038;w=555\" data-large-file=\"https:\/\/develop.olympic.ca\/olympique\/wp-content\/uploads\/sites\/2\/2013\/02\/custio-clayton.jpg?quality=100&#038;w=1127\" src=\"https:\/\/develop.olympic.ca\/olympique\/wp-content\/uploads\/sites\/2\/2013\/02\/custio-clayton.jpg?quality=100&#038;w=449&#038;h=300&#038;strip&#038;resize=449%2C300\" srcset=\"https:\/\/develop.olympic.ca\/olympique\/wp-content\/uploads\/sites\/2\/2013\/02\/custio-clayton.jpg 2452w, https:\/\/develop.olympic.ca\/olympique\/wp-content\/uploads\/sites\/2\/2013\/02\/custio-clayton.jpg?resize=236,158 236w, https:\/\/develop.olympic.ca\/olympique\/wp-content\/uploads\/sites\/2\/2013\/02\/custio-clayton.jpg?resize=555,371 555w, https:\/\/develop.olympic.ca\/olympique\/wp-content\/uploads\/sites\/2\/2013\/02\/custio-clayton.jpg?resize=768,514 768w, https:\/\/develop.olympic.ca\/olympique\/wp-content\/uploads\/sites\/2\/2013\/02\/custio-clayton.jpg?resize=1127,754 1127w, https:\/\/develop.olympic.ca\/olympique\/wp-content\/uploads\/sites\/2\/2013\/02\/custio-clayton.jpg?resize=1536,1027 1536w, https:\/\/develop.olympic.ca\/olympique\/wp-content\/uploads\/sites\/2\/2013\/02\/custio-clayton.jpg?resize=2048,1370 2048w\" width=\"449\" height=\"300\" loading=\"lazy\" data-original-width=\"449\" data-original-height=\"300\" itemprop=\"http:\/\/schema.org\/image\" title=\"Custio Clayton\" alt=\"Custio Clayton\" style=\"width: 449px; height: 300px;\" \/> <\/a> <\/div> <\/div> <!-- close group --> <div class=\"gallery-group images-1\" style=\"width: 907px; height: 599px;\" data-original-width=\"907\" data-original-height=\"599\" > <div class=\"tiled-gallery-item tiled-gallery-item-large\" itemprop=\"associatedMedia\" itemscope itemtype=\"http:\/\/schema.org\/ImageObject\"> <a href=\"https:\/\/develop.olympic.ca\/olympique\/wp-content\/uploads\/sites\/2\/2013\/02\/derek-drouin.jpg?quality=100&#038;strip\" border=\"0\" itemprop=\"url\"> <meta itemprop=\"width\" content=\"903\"> <meta itemprop=\"height\" content=\"595\"> <img decoding=\"async\" data-recalc-dims=\"1\" class=\"\" data-attachment-id=\"75632\" data-orig-file=\"https:\/\/develop.olympic.ca\/olympique\/wp-content\/uploads\/sites\/2\/2013\/02\/derek-drouin.jpg?quality=100\" data-orig-size=\"3019,1988\" data-comments-opened=\"1\" data-image-meta=\"{&quot;aperture&quot;:&quot;4&quot;,&quot;credit&quot;:&quot;Jason Ransom&quot;,&quot;camera&quot;:&quot;NIKON D4&quot;,&quot;caption&quot;:&quot;Derek Drouin clears 2.29 metres to place 6th in qualifying for the high jump final at the 2012 London Olympics, August 5, 2012. Canada\\u0027s Michael Mason finished 12th and also made the high jump final. THE CANADIAN PRESS\\\/HO, COC - Jason Ransom&quot;,&quot;created_timestamp&quot;:&quot;1344201906&quot;,&quot;copyright&quot;:&quot;&quot;,&quot;focal_length&quot;:&quot;400&quot;,&quot;iso&quot;:&quot;2000&quot;,&quot;shutter_speed&quot;:&quot;0.00125&quot;,&quot;title&quot;:&quot;OLY COC London 2012&quot;}\" data-image-title=\"Derek Drouin\" data-image-description=\"\" data-medium-file=\"https:\/\/develop.olympic.ca\/olympique\/wp-content\/uploads\/sites\/2\/2013\/02\/derek-drouin.jpg?quality=100&#038;w=563\" data-large-file=\"https:\/\/develop.olympic.ca\/olympique\/wp-content\/uploads\/sites\/2\/2013\/02\/derek-drouin.jpg?quality=100&#038;w=1145\" src=\"https:\/\/develop.olympic.ca\/olympique\/wp-content\/uploads\/sites\/2\/2013\/02\/derek-drouin.jpg?quality=100&#038;w=903&#038;h=595&#038;strip&#038;resize=903%2C595\" srcset=\"https:\/\/develop.olympic.ca\/olympique\/wp-content\/uploads\/sites\/2\/2013\/02\/derek-drouin.jpg 3019w, https:\/\/develop.olympic.ca\/olympique\/wp-content\/uploads\/sites\/2\/2013\/02\/derek-drouin.jpg?resize=240,158 240w, https:\/\/develop.olympic.ca\/olympique\/wp-content\/uploads\/sites\/2\/2013\/02\/derek-drouin.jpg?resize=563,371 563w, https:\/\/develop.olympic.ca\/olympique\/wp-content\/uploads\/sites\/2\/2013\/02\/derek-drouin.jpg?resize=768,506 768w, https:\/\/develop.olympic.ca\/olympique\/wp-content\/uploads\/sites\/2\/2013\/02\/derek-drouin.jpg?resize=1145,754 1145w, https:\/\/develop.olympic.ca\/olympique\/wp-content\/uploads\/sites\/2\/2013\/02\/derek-drouin.jpg?resize=1536,1011 1536w, https:\/\/develop.olympic.ca\/olympique\/wp-content\/uploads\/sites\/2\/2013\/02\/derek-drouin.jpg?resize=2048,1349 2048w\" width=\"903\" height=\"595\" loading=\"lazy\" data-original-width=\"903\" data-original-height=\"595\" itemprop=\"http:\/\/schema.org\/image\" title=\"Derek Drouin\" alt=\"Derek Drouin\" style=\"width: 903px; height: 595px;\" \/> <\/a> <\/div> <\/div> <!-- close group --> <\/div> <!-- close row --> <div class=\"gallery-row\" style=\"width: 1360px; height: 654px;\" data-original-width=\"1360\" data-original-height=\"654\" > <div class=\"gallery-group images-1\" style=\"width: 897px; height: 654px;\" data-original-width=\"897\" data-original-height=\"654\" > <div class=\"tiled-gallery-item tiled-gallery-item-large\" itemprop=\"associatedMedia\" itemscope itemtype=\"http:\/\/schema.org\/ImageObject\"> <a href=\"https:\/\/develop.olympic.ca\/olympique\/wp-content\/uploads\/sites\/2\/2013\/02\/emily-batty.jpg?quality=100&#038;strip\" border=\"0\" itemprop=\"url\"> <meta itemprop=\"width\" content=\"893\"> <meta itemprop=\"height\" content=\"650\"> <img decoding=\"async\" data-recalc-dims=\"1\" class=\"\" data-attachment-id=\"75633\" data-orig-file=\"https:\/\/develop.olympic.ca\/olympique\/wp-content\/uploads\/sites\/2\/2013\/02\/emily-batty.jpg?quality=100\" data-orig-size=\"3364,2450\" data-comments-opened=\"1\" data-image-meta=\"{&quot;aperture&quot;:&quot;5.6&quot;,&quot;credit&quot;:&quot;Mike Ridewood&quot;,&quot;camera&quot;:&quot;Canon EOS-1D X&quot;,&quot;caption&quot;:&quot;Emily Batty of Oshawa, Ont. in the women\\u0027s mountain bike competition at the 2012 London Olympics, Saturday, Aug. 11, 2012. THE CANADIAN PRESS\\\/HO, COC - Mike Ridewood&quot;,&quot;created_timestamp&quot;:&quot;1344691359&quot;,&quot;copyright&quot;:&quot;&quot;,&quot;focal_length&quot;:&quot;93&quot;,&quot;iso&quot;:&quot;400&quot;,&quot;shutter_speed&quot;:&quot;0.000625&quot;,&quot;title&quot;:&quot;OLY COC London 2012&quot;}\" data-image-title=\"Emily Batty\" data-image-description=\"\" data-medium-file=\"https:\/\/develop.olympic.ca\/olympique\/wp-content\/uploads\/sites\/2\/2013\/02\/emily-batty.jpg?quality=100&#038;w=509\" data-large-file=\"https:\/\/develop.olympic.ca\/olympique\/wp-content\/uploads\/sites\/2\/2013\/02\/emily-batty.jpg?quality=100&#038;w=1035\" src=\"https:\/\/develop.olympic.ca\/olympique\/wp-content\/uploads\/sites\/2\/2013\/02\/emily-batty.jpg?quality=100&#038;w=893&#038;h=650&#038;strip&#038;resize=893%2C650\" srcset=\"https:\/\/develop.olympic.ca\/olympique\/wp-content\/uploads\/sites\/2\/2013\/02\/emily-batty.jpg 3364w, https:\/\/develop.olympic.ca\/olympique\/wp-content\/uploads\/sites\/2\/2013\/02\/emily-batty.jpg?resize=217,158 217w, https:\/\/develop.olympic.ca\/olympique\/wp-content\/uploads\/sites\/2\/2013\/02\/emily-batty.jpg?resize=509,371 509w, https:\/\/develop.olympic.ca\/olympique\/wp-content\/uploads\/sites\/2\/2013\/02\/emily-batty.jpg?resize=768,559 768w, https:\/\/develop.olympic.ca\/olympique\/wp-content\/uploads\/sites\/2\/2013\/02\/emily-batty.jpg?resize=1035,754 1035w, https:\/\/develop.olympic.ca\/olympique\/wp-content\/uploads\/sites\/2\/2013\/02\/emily-batty.jpg?resize=1536,1119 1536w, https:\/\/develop.olympic.ca\/olympique\/wp-content\/uploads\/sites\/2\/2013\/02\/emily-batty.jpg?resize=2048,1492 2048w\" width=\"893\" height=\"650\" loading=\"lazy\" data-original-width=\"893\" data-original-height=\"650\" itemprop=\"http:\/\/schema.org\/image\" title=\"Emily Batty\" alt=\"Emily Batty\" style=\"width: 893px; height: 650px;\" \/> <\/a> <\/div> <\/div> <!-- close group --> <div class=\"gallery-group images-2\" style=\"width: 463px; height: 654px;\" data-original-width=\"463\" data-original-height=\"654\" > <div class=\"tiled-gallery-item tiled-gallery-item-large\" itemprop=\"associatedMedia\" itemscope itemtype=\"http:\/\/schema.org\/ImageObject\"> <a href=\"https:\/\/develop.olympic.ca\/olympique\/wp-content\/uploads\/sites\/2\/2013\/02\/football-soccer.jpg?quality=100&#038;strip\" border=\"0\" itemprop=\"url\"> <meta itemprop=\"width\" content=\"459\"> <meta itemprop=\"height\" content=\"285\"> <img decoding=\"async\" data-recalc-dims=\"1\" class=\"\" data-attachment-id=\"75634\" data-orig-file=\"https:\/\/develop.olympic.ca\/olympique\/wp-content\/uploads\/sites\/2\/2013\/02\/football-soccer.jpg?quality=100\" data-orig-size=\"3888,2412\" data-comments-opened=\"1\" data-image-meta=\"{&quot;aperture&quot;:&quot;4&quot;,&quot;credit&quot;:&quot;Mike Ridewood&quot;,&quot;camera&quot;:&quot;Canon EOS-1D Mark III&quot;,&quot;caption&quot;:&quot;Canada\\u0027s women\\u0027s football team receive their bronze medals at Wembly Stadium at the 2012 London Olympics, Thursday, Aug. 9, 2012. THE CANADIAN PRESS\\\/HO, COC - Mike Ridewood&quot;,&quot;created_timestamp&quot;:&quot;1344529304&quot;,&quot;copyright&quot;:&quot;&quot;,&quot;focal_length&quot;:&quot;70&quot;,&quot;iso&quot;:&quot;1600&quot;,&quot;shutter_speed&quot;:&quot;0.002&quot;,&quot;title&quot;:&quot;OLY COC London 2012&quot;}\" data-image-title=\"Football (Soccer)\" data-image-description=\"\" data-medium-file=\"https:\/\/develop.olympic.ca\/olympique\/wp-content\/uploads\/sites\/2\/2013\/02\/football-soccer.jpg?quality=100&#038;w=598\" data-large-file=\"https:\/\/develop.olympic.ca\/olympique\/wp-content\/uploads\/sites\/2\/2013\/02\/football-soccer.jpg?quality=100&#038;w=1215\" src=\"https:\/\/develop.olympic.ca\/olympique\/wp-content\/uploads\/sites\/2\/2013\/02\/football-soccer.jpg?quality=100&#038;w=459&#038;h=285&#038;strip&#038;resize=459%2C285\" srcset=\"https:\/\/develop.olympic.ca\/olympique\/wp-content\/uploads\/sites\/2\/2013\/02\/football-soccer.jpg 3888w, https:\/\/develop.olympic.ca\/olympique\/wp-content\/uploads\/sites\/2\/2013\/02\/football-soccer.jpg?resize=255,158 255w, https:\/\/develop.olympic.ca\/olympique\/wp-content\/uploads\/sites\/2\/2013\/02\/football-soccer.jpg?resize=598,371 598w, https:\/\/develop.olympic.ca\/olympique\/wp-content\/uploads\/sites\/2\/2013\/02\/football-soccer.jpg?resize=768,476 768w, https:\/\/develop.olympic.ca\/olympique\/wp-content\/uploads\/sites\/2\/2013\/02\/football-soccer.jpg?resize=1215,754 1215w, https:\/\/develop.olympic.ca\/olympique\/wp-content\/uploads\/sites\/2\/2013\/02\/football-soccer.jpg?resize=1536,953 1536w, https:\/\/develop.olympic.ca\/olympique\/wp-content\/uploads\/sites\/2\/2013\/02\/football-soccer.jpg?resize=2048,1271 2048w\" width=\"459\" height=\"285\" loading=\"lazy\" data-original-width=\"459\" data-original-height=\"285\" itemprop=\"http:\/\/schema.org\/image\" title=\"Football (Soccer)\" alt=\"Football (Soccer)\" style=\"width: 459px; height: 285px;\" \/> <\/a> <\/div> <div class=\"tiled-gallery-item tiled-gallery-item-large\" itemprop=\"associatedMedia\" itemscope itemtype=\"http:\/\/schema.org\/ImageObject\"> <a href=\"https:\/\/develop.olympic.ca\/olympique\/wp-content\/uploads\/sites\/2\/2013\/02\/ian-millar.jpg?quality=100&#038;strip\" border=\"0\" itemprop=\"url\"> <meta itemprop=\"width\" content=\"459\"> <meta itemprop=\"height\" content=\"361\"> <img decoding=\"async\" data-recalc-dims=\"1\" class=\"\" data-attachment-id=\"75635\" data-orig-file=\"https:\/\/develop.olympic.ca\/olympique\/wp-content\/uploads\/sites\/2\/2013\/02\/ian-millar.jpg?quality=100\" data-orig-size=\"3664,2886\" data-comments-opened=\"1\" data-image-meta=\"{&quot;aperture&quot;:&quot;5&quot;,&quot;credit&quot;:&quot;Ryan Remiorz&quot;,&quot;camera&quot;:&quot;NIKON D4&quot;,&quot;caption&quot;:&quot;Canada\\u0027s Ian Millar, from Perth, Ont., rides his horse Star Power over a jump in the first round of the Equestrian Individual Jumping final 2012 Summer Olympics Wednesday, August 8, 2012 in London. THE CANADIAN PRESS\\\/Ryan Remiorz&quot;,&quot;created_timestamp&quot;:&quot;1344431081&quot;,&quot;copyright&quot;:&quot;&quot;,&quot;focal_length&quot;:&quot;400&quot;,&quot;iso&quot;:&quot;400&quot;,&quot;shutter_speed&quot;:&quot;0.000625&quot;,&quot;title&quot;:&quot;Ian Millar&quot;}\" data-image-title=\"Ian Millar\" data-image-description=\"\" data-medium-file=\"https:\/\/develop.olympic.ca\/olympique\/wp-content\/uploads\/sites\/2\/2013\/02\/ian-millar.jpg?quality=100&#038;w=471\" data-large-file=\"https:\/\/develop.olympic.ca\/olympique\/wp-content\/uploads\/sites\/2\/2013\/02\/ian-millar.jpg?quality=100&#038;w=957\" src=\"https:\/\/develop.olympic.ca\/olympique\/wp-content\/uploads\/sites\/2\/2013\/02\/ian-millar.jpg?quality=100&#038;w=459&#038;h=361&#038;strip&#038;resize=459%2C361\" srcset=\"https:\/\/develop.olympic.ca\/olympique\/wp-content\/uploads\/sites\/2\/2013\/02\/ian-millar.jpg 3664w, https:\/\/develop.olympic.ca\/olympique\/wp-content\/uploads\/sites\/2\/2013\/02\/ian-millar.jpg?resize=201,158 201w, https:\/\/develop.olympic.ca\/olympique\/wp-content\/uploads\/sites\/2\/2013\/02\/ian-millar.jpg?resize=471,371 471w, https:\/\/develop.olympic.ca\/olympique\/wp-content\/uploads\/sites\/2\/2013\/02\/ian-millar.jpg?resize=768,605 768w, https:\/\/develop.olympic.ca\/olympique\/wp-content\/uploads\/sites\/2\/2013\/02\/ian-millar.jpg?resize=957,754 957w, https:\/\/develop.olympic.ca\/olympique\/wp-content\/uploads\/sites\/2\/2013\/02\/ian-millar.jpg?resize=1536,1210 1536w, https:\/\/develop.olympic.ca\/olympique\/wp-content\/uploads\/sites\/2\/2013\/02\/ian-millar.jpg?resize=2048,1613 2048w\" width=\"459\" height=\"361\" loading=\"lazy\" data-original-width=\"459\" data-original-height=\"361\" itemprop=\"http:\/\/schema.org\/image\" title=\"Ian Millar\" alt=\"Ian Millar\" style=\"width: 459px; height: 361px;\" \/> <\/a> <\/div> <\/div> <!-- close group --> <\/div> <!-- close row --> <div class=\"gallery-row\" style=\"width: 1360px; height: 725px;\" data-original-width=\"1360\" data-original-height=\"725\" > <div class=\"gallery-group images-3\" style=\"width: 363px; height: 725px;\" data-original-width=\"363\" data-original-height=\"725\" > <div class=\"tiled-gallery-item tiled-gallery-item-large\" itemprop=\"associatedMedia\" itemscope itemtype=\"http:\/\/schema.org\/ImageObject\"> <a href=\"https:\/\/develop.olympic.ca\/olympique\/wp-content\/uploads\/sites\/2\/2013\/02\/jasmin-glaesser-tara-whitten-gillian-carleton-e1469020821854.jpg?quality=100&#038;strip\" border=\"0\" itemprop=\"url\"> <meta itemprop=\"width\" content=\"359\"> <meta itemprop=\"height\" content=\"246\"> <img decoding=\"async\" data-recalc-dims=\"1\" class=\"\" data-attachment-id=\"75636\" data-orig-file=\"https:\/\/develop.olympic.ca\/olympique\/wp-content\/uploads\/sites\/2\/2013\/02\/jasmin-glaesser-tara-whitten-gillian-carleton-e1469020821854.jpg?quality=100\" data-orig-size=\"1340,918\" data-comments-opened=\"1\" data-image-meta=\"{&quot;aperture&quot;:&quot;4&quot;,&quot;credit&quot;:&quot;&quot;,&quot;camera&quot;:&quot;NIKON D4&quot;,&quot;caption&quot;:&quot;&quot;,&quot;created_timestamp&quot;:&quot;1344104954&quot;,&quot;copyright&quot;:&quot;Jason Ransom&quot;,&quot;focal_length&quot;:&quot;25&quot;,&quot;iso&quot;:&quot;320&quot;,&quot;shutter_speed&quot;:&quot;0.008&quot;,&quot;title&quot;:&quot;&quot;}\" data-image-title=\"Jasmin Glaesser, Tara Whitten, Gillian Carleton\" data-image-description=\"\" data-medium-file=\"https:\/\/develop.olympic.ca\/olympique\/wp-content\/uploads\/sites\/2\/2013\/02\/jasmin-glaesser-tara-whitten-gillian-carleton-e1469020821854.jpg?quality=100&#038;w=542\" data-large-file=\"https:\/\/develop.olympic.ca\/olympique\/wp-content\/uploads\/sites\/2\/2013\/02\/jasmin-glaesser-tara-whitten-gillian-carleton-e1469020821854.jpg?quality=100&#038;w=1101\" src=\"https:\/\/develop.olympic.ca\/olympique\/wp-content\/uploads\/sites\/2\/2013\/02\/jasmin-glaesser-tara-whitten-gillian-carleton-e1469020821854.jpg?quality=100&#038;w=359&#038;h=246&#038;strip&#038;resize=359%2C246\" srcset=\"https:\/\/develop.olympic.ca\/olympique\/wp-content\/uploads\/sites\/2\/2013\/02\/jasmin-glaesser-tara-whitten-gillian-carleton-e1469020821854.jpg 1340w, https:\/\/develop.olympic.ca\/olympique\/wp-content\/uploads\/sites\/2\/2013\/02\/jasmin-glaesser-tara-whitten-gillian-carleton-e1469020821854.jpg?resize=231,158 231w, https:\/\/develop.olympic.ca\/olympique\/wp-content\/uploads\/sites\/2\/2013\/02\/jasmin-glaesser-tara-whitten-gillian-carleton-e1469020821854.jpg?resize=542,371 542w, https:\/\/develop.olympic.ca\/olympique\/wp-content\/uploads\/sites\/2\/2013\/02\/jasmin-glaesser-tara-whitten-gillian-carleton-e1469020821854.jpg?resize=768,526 768w, https:\/\/develop.olympic.ca\/olympique\/wp-content\/uploads\/sites\/2\/2013\/02\/jasmin-glaesser-tara-whitten-gillian-carleton-e1469020821854.jpg?resize=1101,754 1101w\" width=\"359\" height=\"246\" loading=\"lazy\" data-original-width=\"359\" data-original-height=\"246\" itemprop=\"http:\/\/schema.org\/image\" title=\"Jasmin Glaesser, Tara Whitten, Gillian Carleton\" alt=\"Jasmin Glaesser, Tara Whitten, Gillian Carleton\" style=\"width: 359px; height: 246px;\" \/> <\/a> <\/div> <div class=\"tiled-gallery-item tiled-gallery-item-large\" itemprop=\"associatedMedia\" itemscope itemtype=\"http:\/\/schema.org\/ImageObject\"> <a href=\"https:\/\/develop.olympic.ca\/olympique\/wp-content\/uploads\/sites\/2\/2013\/02\/jennifer-abel-et-emilie-heymans.jpg?quality=100&#038;strip\" border=\"0\" itemprop=\"url\"> <meta itemprop=\"width\" content=\"359\"> <meta itemprop=\"height\" content=\"239\"> <img decoding=\"async\" data-recalc-dims=\"1\" class=\"\" data-attachment-id=\"75637\" data-orig-file=\"https:\/\/develop.olympic.ca\/olympique\/wp-content\/uploads\/sites\/2\/2013\/02\/jennifer-abel-et-emilie-heymans.jpg?quality=100\" data-orig-size=\"5184,3456\" data-comments-opened=\"1\" data-image-meta=\"{&quot;aperture&quot;:&quot;4.5&quot;,&quot;credit&quot;:&quot;Mike Ridewood&quot;,&quot;camera&quot;:&quot;Canon EOS-1D X&quot;,&quot;caption&quot;:&quot;Emilie Heymans and Jennifer Abel, both of Montreal, take the bronze medal in women\\u0027s Synchronized 3 metree springboard competition at the 2012 London Olympics, on Sunday, July 29, 2012. THE CANADIAN PRESS\\\/HO, COC - Mike Ridewood&quot;,&quot;created_timestamp&quot;:&quot;1343577821&quot;,&quot;copyright&quot;:&quot;&quot;,&quot;focal_length&quot;:&quot;70&quot;,&quot;iso&quot;:&quot;1600&quot;,&quot;shutter_speed&quot;:&quot;0.002&quot;,&quot;title&quot;:&quot;OLY COC London 2012&quot;}\" data-image-title=\"Jennifer Abel et \u00c9milie Heymans\" data-image-description=\"\" data-medium-file=\"https:\/\/develop.olympic.ca\/olympique\/wp-content\/uploads\/sites\/2\/2013\/02\/jennifer-abel-et-emilie-heymans.jpg?quality=100&#038;w=557\" data-large-file=\"https:\/\/develop.olympic.ca\/olympique\/wp-content\/uploads\/sites\/2\/2013\/02\/jennifer-abel-et-emilie-heymans.jpg?quality=100&#038;w=1131\" src=\"https:\/\/develop.olympic.ca\/olympique\/wp-content\/uploads\/sites\/2\/2013\/02\/jennifer-abel-et-emilie-heymans.jpg?quality=100&#038;w=359&#038;h=239&#038;strip&#038;resize=359%2C239\" srcset=\"https:\/\/develop.olympic.ca\/olympique\/wp-content\/uploads\/sites\/2\/2013\/02\/jennifer-abel-et-emilie-heymans.jpg 5184w, https:\/\/develop.olympic.ca\/olympique\/wp-content\/uploads\/sites\/2\/2013\/02\/jennifer-abel-et-emilie-heymans.jpg?resize=237,158 237w, https:\/\/develop.olympic.ca\/olympique\/wp-content\/uploads\/sites\/2\/2013\/02\/jennifer-abel-et-emilie-heymans.jpg?resize=557,371 557w, https:\/\/develop.olympic.ca\/olympique\/wp-content\/uploads\/sites\/2\/2013\/02\/jennifer-abel-et-emilie-heymans.jpg?resize=768,512 768w, https:\/\/develop.olympic.ca\/olympique\/wp-content\/uploads\/sites\/2\/2013\/02\/jennifer-abel-et-emilie-heymans.jpg?resize=1131,754 1131w, https:\/\/develop.olympic.ca\/olympique\/wp-content\/uploads\/sites\/2\/2013\/02\/jennifer-abel-et-emilie-heymans.jpg?resize=1536,1024 1536w, https:\/\/develop.olympic.ca\/olympique\/wp-content\/uploads\/sites\/2\/2013\/02\/jennifer-abel-et-emilie-heymans.jpg?resize=2048,1365 2048w\" width=\"359\" height=\"239\" loading=\"lazy\" data-original-width=\"359\" data-original-height=\"239\" itemprop=\"http:\/\/schema.org\/image\" title=\"Jennifer Abel et \u00c9milie Heymans\" alt=\"Jennifer Abel et \u00c9milie Heymans\" style=\"width: 359px; height: 239px;\" \/> <\/a> <\/div> <div class=\"tiled-gallery-item tiled-gallery-item-large\" itemprop=\"associatedMedia\" itemscope itemtype=\"http:\/\/schema.org\/ImageObject\"> <a href=\"https:\/\/develop.olympic.ca\/olympique\/wp-content\/uploads\/sites\/2\/2013\/02\/karine-sergerie.jpg?quality=100&#038;strip\" border=\"0\" itemprop=\"url\"> <meta itemprop=\"width\" content=\"359\"> <meta itemprop=\"height\" content=\"228\"> <img decoding=\"async\" data-recalc-dims=\"1\" class=\"\" data-attachment-id=\"75638\" data-orig-file=\"https:\/\/develop.olympic.ca\/olympique\/wp-content\/uploads\/sites\/2\/2013\/02\/karine-sergerie.jpg?quality=100\" data-orig-size=\"1977,1252\" data-comments-opened=\"1\" data-image-meta=\"{&quot;aperture&quot;:&quot;2.8&quot;,&quot;credit&quot;:&quot;Jason Ransom&quot;,&quot;camera&quot;:&quot;NIKON D4&quot;,&quot;caption&quot;:&quot;Canada\\u0027s Karine Sergerie, red, takes on Farida Azizova of Azerbaijan in taekwondo at the 2012 London Olympics, August 9, 2012. THE CANADIAN PRESS\\\/HO, COC - Jason Ransom&quot;,&quot;created_timestamp&quot;:&quot;1344598481&quot;,&quot;copyright&quot;:&quot;Jason Ransom&quot;,&quot;focal_length&quot;:&quot;200&quot;,&quot;iso&quot;:&quot;2000&quot;,&quot;shutter_speed&quot;:&quot;0.000625&quot;,&quot;title&quot;:&quot;OLY COC London 2012&quot;}\" data-image-title=\"Karine Sergerie\" data-image-description=\"\" data-medium-file=\"https:\/\/develop.olympic.ca\/olympique\/wp-content\/uploads\/sites\/2\/2013\/02\/karine-sergerie.jpg?quality=100&#038;w=586\" data-large-file=\"https:\/\/develop.olympic.ca\/olympique\/wp-content\/uploads\/sites\/2\/2013\/02\/karine-sergerie.jpg?quality=100&#038;w=1191\" src=\"https:\/\/develop.olympic.ca\/olympique\/wp-content\/uploads\/sites\/2\/2013\/02\/karine-sergerie.jpg?quality=100&#038;w=359&#038;h=228&#038;strip&#038;resize=359%2C228\" srcset=\"https:\/\/develop.olympic.ca\/olympique\/wp-content\/uploads\/sites\/2\/2013\/02\/karine-sergerie.jpg 1977w, https:\/\/develop.olympic.ca\/olympique\/wp-content\/uploads\/sites\/2\/2013\/02\/karine-sergerie.jpg?resize=249,158 249w, https:\/\/develop.olympic.ca\/olympique\/wp-content\/uploads\/sites\/2\/2013\/02\/karine-sergerie.jpg?resize=586,371 586w, https:\/\/develop.olympic.ca\/olympique\/wp-content\/uploads\/sites\/2\/2013\/02\/karine-sergerie.jpg?resize=768,486 768w, https:\/\/develop.olympic.ca\/olympique\/wp-content\/uploads\/sites\/2\/2013\/02\/karine-sergerie.jpg?resize=1191,754 1191w, https:\/\/develop.olympic.ca\/olympique\/wp-content\/uploads\/sites\/2\/2013\/02\/karine-sergerie.jpg?resize=1536,973 1536w\" width=\"359\" height=\"228\" loading=\"lazy\" data-original-width=\"359\" data-original-height=\"228\" itemprop=\"http:\/\/schema.org\/image\" title=\"Karine Sergerie\" alt=\"Karine Sergerie\" style=\"width: 359px; height: 228px;\" \/> <\/a> <\/div> <\/div> <!-- close group --> <div class=\"gallery-group images-1\" style=\"width: 634px; height: 725px;\" data-original-width=\"634\" data-original-height=\"725\" > <div class=\"tiled-gallery-item tiled-gallery-item-large\" itemprop=\"associatedMedia\" itemscope itemtype=\"http:\/\/schema.org\/ImageObject\"> <a href=\"https:\/\/develop.olympic.ca\/olympique\/wp-content\/uploads\/sites\/2\/2013\/02\/mark-de-jonge.jpg?quality=100&#038;strip\" border=\"0\" itemprop=\"url\"> <meta itemprop=\"width\" content=\"630\"> <meta itemprop=\"height\" content=\"721\"> <img decoding=\"async\" data-recalc-dims=\"1\" class=\"\" data-attachment-id=\"75639\" data-orig-file=\"https:\/\/develop.olympic.ca\/olympique\/wp-content\/uploads\/sites\/2\/2013\/02\/mark-de-jonge.jpg?quality=100\" data-orig-size=\"4005,4583\" data-comments-opened=\"1\" data-image-meta=\"{&quot;aperture&quot;:&quot;5&quot;,&quot;credit&quot;:&quot;Jason Ransom&quot;,&quot;camera&quot;:&quot;NIKON D4&quot;,&quot;caption&quot;:&quot;Canada\\u0027s Mark de Jonge holds up his bronze medal during the victory ceremony for the 200m canoe sprint at the 2012 London Olympics, August 11, 2012.THE CANADIAN PRESS\\\/HO, COC - Jason Ransom&quot;,&quot;created_timestamp&quot;:&quot;1344679788&quot;,&quot;copyright&quot;:&quot;&quot;,&quot;focal_length&quot;:&quot;400&quot;,&quot;iso&quot;:&quot;200&quot;,&quot;shutter_speed&quot;:&quot;0.00125&quot;,&quot;title&quot;:&quot;OLY COC London 2012&quot;}\" data-image-title=\"Mark de Jonge\" data-image-description=\"\" data-medium-file=\"https:\/\/develop.olympic.ca\/olympique\/wp-content\/uploads\/sites\/2\/2013\/02\/mark-de-jonge.jpg?quality=100&#038;w=324\" data-large-file=\"https:\/\/develop.olympic.ca\/olympique\/wp-content\/uploads\/sites\/2\/2013\/02\/mark-de-jonge.jpg?quality=100&#038;w=659\" src=\"https:\/\/develop.olympic.ca\/olympique\/wp-content\/uploads\/sites\/2\/2013\/02\/mark-de-jonge.jpg?quality=100&#038;w=630&#038;h=721&#038;strip&#038;resize=630%2C721\" srcset=\"https:\/\/develop.olympic.ca\/olympique\/wp-content\/uploads\/sites\/2\/2013\/02\/mark-de-jonge.jpg 4005w, https:\/\/develop.olympic.ca\/olympique\/wp-content\/uploads\/sites\/2\/2013\/02\/mark-de-jonge.jpg?resize=138,158 138w, https:\/\/develop.olympic.ca\/olympique\/wp-content\/uploads\/sites\/2\/2013\/02\/mark-de-jonge.jpg?resize=324,371 324w, https:\/\/develop.olympic.ca\/olympique\/wp-content\/uploads\/sites\/2\/2013\/02\/mark-de-jonge.jpg?resize=768,879 768w, https:\/\/develop.olympic.ca\/olympique\/wp-content\/uploads\/sites\/2\/2013\/02\/mark-de-jonge.jpg?resize=659,754 659w, https:\/\/develop.olympic.ca\/olympique\/wp-content\/uploads\/sites\/2\/2013\/02\/mark-de-jonge.jpg?resize=1342,1536 1342w, https:\/\/develop.olympic.ca\/olympique\/wp-content\/uploads\/sites\/2\/2013\/02\/mark-de-jonge.jpg?resize=1790,2048 1790w\" width=\"630\" height=\"721\" loading=\"lazy\" data-original-width=\"630\" data-original-height=\"721\" itemprop=\"http:\/\/schema.org\/image\" title=\"Mark de Jonge\" alt=\"Mark de Jonge\" style=\"width: 630px; height: 721px;\" \/> <\/a> <\/div> <\/div> <!-- close group --> <div class=\"gallery-group images-3\" style=\"width: 363px; height: 725px;\" data-original-width=\"363\" data-original-height=\"725\" > <div class=\"tiled-gallery-item tiled-gallery-item-large\" itemprop=\"associatedMedia\" itemscope itemtype=\"http:\/\/schema.org\/ImageObject\"> <a href=\"https:\/\/develop.olympic.ca\/olympique\/wp-content\/uploads\/sites\/2\/2013\/02\/mark-oldershaw.jpg?quality=100&#038;strip\" border=\"0\" itemprop=\"url\"> <meta itemprop=\"width\" content=\"359\"> <meta itemprop=\"height\" content=\"227\"> <img decoding=\"async\" data-recalc-dims=\"1\" class=\"\" data-attachment-id=\"75640\" data-orig-file=\"https:\/\/develop.olympic.ca\/olympique\/wp-content\/uploads\/sites\/2\/2013\/02\/mark-oldershaw.jpg?quality=100\" data-orig-size=\"2862,1812\" data-comments-opened=\"1\" data-image-meta=\"{&quot;aperture&quot;:&quot;5.6&quot;,&quot;credit&quot;:&quot;The Canadian Press Images&quot;,&quot;camera&quot;:&quot;Canon EOS-1D X&quot;,&quot;caption&quot;:&quot;Mark Oldershaw reacts to his bronze medal win in the 1000 metre canoe finals at the 2012 London Olympics, August 8, 2012. THE CANADIAN PRESS\\\/HO, COC - Jason Ransom&quot;,&quot;created_timestamp&quot;:&quot;1344419967&quot;,&quot;copyright&quot;:&quot;&quot;,&quot;focal_length&quot;:&quot;600&quot;,&quot;iso&quot;:&quot;500&quot;,&quot;shutter_speed&quot;:&quot;0.000625&quot;,&quot;title&quot;:&quot;OLY COC London 2012&quot;}\" data-image-title=\"Mark Oldershaw\" data-image-description=\"\" data-medium-file=\"https:\/\/develop.olympic.ca\/olympique\/wp-content\/uploads\/sites\/2\/2013\/02\/mark-oldershaw.jpg?quality=100&#038;w=586\" data-large-file=\"https:\/\/develop.olympic.ca\/olympique\/wp-content\/uploads\/sites\/2\/2013\/02\/mark-oldershaw.jpg?quality=100&#038;w=1191\" src=\"https:\/\/develop.olympic.ca\/olympique\/wp-content\/uploads\/sites\/2\/2013\/02\/mark-oldershaw.jpg?quality=100&#038;w=359&#038;h=227&#038;strip&#038;resize=359%2C227\" srcset=\"https:\/\/develop.olympic.ca\/olympique\/wp-content\/uploads\/sites\/2\/2013\/02\/mark-oldershaw.jpg 2862w, https:\/\/develop.olympic.ca\/olympique\/wp-content\/uploads\/sites\/2\/2013\/02\/mark-oldershaw.jpg?resize=250,158 250w, https:\/\/develop.olympic.ca\/olympique\/wp-content\/uploads\/sites\/2\/2013\/02\/mark-oldershaw.jpg?resize=586,371 586w, https:\/\/develop.olympic.ca\/olympique\/wp-content\/uploads\/sites\/2\/2013\/02\/mark-oldershaw.jpg?resize=768,486 768w, https:\/\/develop.olympic.ca\/olympique\/wp-content\/uploads\/sites\/2\/2013\/02\/mark-oldershaw.jpg?resize=1191,754 1191w, https:\/\/develop.olympic.ca\/olympique\/wp-content\/uploads\/sites\/2\/2013\/02\/mark-oldershaw.jpg?resize=1536,972 1536w, https:\/\/develop.olympic.ca\/olympique\/wp-content\/uploads\/sites\/2\/2013\/02\/mark-oldershaw.jpg?resize=2048,1297 2048w\" width=\"359\" height=\"227\" loading=\"lazy\" data-original-width=\"359\" data-original-height=\"227\" itemprop=\"http:\/\/schema.org\/image\" title=\"Mark Oldershaw\" alt=\"Mark Oldershaw\" style=\"width: 359px; height: 227px;\" \/> <\/a> <\/div> <div class=\"tiled-gallery-item tiled-gallery-item-large\" itemprop=\"associatedMedia\" itemscope itemtype=\"http:\/\/schema.org\/ImageObject\"> <a href=\"https:\/\/develop.olympic.ca\/olympique\/wp-content\/uploads\/sites\/2\/2013\/02\/martin-reader-et-josh-binstock.jpg?quality=100&#038;strip\" border=\"0\" itemprop=\"url\"> <meta itemprop=\"width\" content=\"359\"> <meta itemprop=\"height\" content=\"234\"> <img decoding=\"async\" data-recalc-dims=\"1\" class=\"\" data-attachment-id=\"75641\" data-orig-file=\"https:\/\/develop.olympic.ca\/olympique\/wp-content\/uploads\/sites\/2\/2013\/02\/martin-reader-et-josh-binstock.jpg?quality=100\" data-orig-size=\"4137,2701\" data-comments-opened=\"1\" data-image-meta=\"{&quot;aperture&quot;:&quot;5.6&quot;,&quot;credit&quot;:&quot;The Canadian Press Images&quot;,&quot;camera&quot;:&quot;NIKON D4&quot;,&quot;caption&quot;:&quot;Canada\\u0027s Joshua Binstock and Martin Reader during preliminary beach volleyball action against Tarjei Viken Skarlund and Martin Spinnangr at the 2012 London Olympics, on July 30, 2012. Binstock and Reader lost two sets to none. THE CANADIAN PRESS\\\/HO, COC - Jason Ransom&quot;,&quot;created_timestamp&quot;:&quot;1343643013&quot;,&quot;copyright&quot;:&quot;Jason Ransom&quot;,&quot;focal_length&quot;:&quot;260&quot;,&quot;iso&quot;:&quot;400&quot;,&quot;shutter_speed&quot;:&quot;0.000625&quot;,&quot;title&quot;:&quot;OLY COC London 2012&quot;}\" data-image-title=\"Martin Reader et Josh Binstock\" data-image-description=\"\" data-medium-file=\"https:\/\/develop.olympic.ca\/olympique\/wp-content\/uploads\/sites\/2\/2013\/02\/martin-reader-et-josh-binstock.jpg?quality=100&#038;w=568\" data-large-file=\"https:\/\/develop.olympic.ca\/olympique\/wp-content\/uploads\/sites\/2\/2013\/02\/martin-reader-et-josh-binstock.jpg?quality=100&#038;w=1155\" src=\"https:\/\/develop.olympic.ca\/olympique\/wp-content\/uploads\/sites\/2\/2013\/02\/martin-reader-et-josh-binstock.jpg?quality=100&#038;w=359&#038;h=234&#038;strip&#038;resize=359%2C234\" srcset=\"https:\/\/develop.olympic.ca\/olympique\/wp-content\/uploads\/sites\/2\/2013\/02\/martin-reader-et-josh-binstock.jpg 4137w, https:\/\/develop.olympic.ca\/olympique\/wp-content\/uploads\/sites\/2\/2013\/02\/martin-reader-et-josh-binstock.jpg?resize=242,158 242w, https:\/\/develop.olympic.ca\/olympique\/wp-content\/uploads\/sites\/2\/2013\/02\/martin-reader-et-josh-binstock.jpg?resize=568,371 568w, https:\/\/develop.olympic.ca\/olympique\/wp-content\/uploads\/sites\/2\/2013\/02\/martin-reader-et-josh-binstock.jpg?resize=768,501 768w, https:\/\/develop.olympic.ca\/olympique\/wp-content\/uploads\/sites\/2\/2013\/02\/martin-reader-et-josh-binstock.jpg?resize=1155,754 1155w, https:\/\/develop.olympic.ca\/olympique\/wp-content\/uploads\/sites\/2\/2013\/02\/martin-reader-et-josh-binstock.jpg?resize=1536,1003 1536w, https:\/\/develop.olympic.ca\/olympique\/wp-content\/uploads\/sites\/2\/2013\/02\/martin-reader-et-josh-binstock.jpg?resize=2048,1337 2048w\" width=\"359\" height=\"234\" loading=\"lazy\" data-original-width=\"359\" data-original-height=\"234\" itemprop=\"http:\/\/schema.org\/image\" title=\"Martin Reader et Josh Binstock\" alt=\"Martin Reader et Josh Binstock\" style=\"width: 359px; height: 234px;\" \/> <\/a> <\/div> <div class=\"tiled-gallery-item tiled-gallery-item-large\" itemprop=\"associatedMedia\" itemscope itemtype=\"http:\/\/schema.org\/ImageObject\"> <a href=\"https:\/\/develop.olympic.ca\/olympique\/wp-content\/uploads\/sites\/2\/2013\/02\/meaghan-benfeito-et-roseline-filion.jpg?quality=100&#038;strip\" border=\"0\" itemprop=\"url\"> <meta itemprop=\"width\" content=\"359\"> <meta itemprop=\"height\" content=\"252\"> <img decoding=\"async\" data-recalc-dims=\"1\" class=\"\" data-attachment-id=\"75642\" data-orig-file=\"https:\/\/develop.olympic.ca\/olympique\/wp-content\/uploads\/sites\/2\/2013\/02\/meaghan-benfeito-et-roseline-filion.jpg?quality=100\" data-orig-size=\"3725,2617\" data-comments-opened=\"1\" data-image-meta=\"{&quot;aperture&quot;:&quot;3.5&quot;,&quot;credit&quot;:&quot;Mike Ridewood&quot;,&quot;camera&quot;:&quot;Canon EOS-1D Mark IV&quot;,&quot;caption&quot;:&quot;Roseline Filion (foreground) and Meaghan Benfeito, both of Montreal, were the bronze medalists in women\\u0027s 10-metre platform synchronized diving at the 2012 London Olympics, Tuesday, July 31, 2012. THE CANADIAN PRESS\\\/HO, COC - Mike Ridewood&quot;,&quot;created_timestamp&quot;:&quot;1343722693&quot;,&quot;copyright&quot;:&quot;&quot;,&quot;focal_length&quot;:&quot;400&quot;,&quot;iso&quot;:&quot;1600&quot;,&quot;shutter_speed&quot;:&quot;0.0015625&quot;,&quot;title&quot;:&quot;OLY COC London 2012&quot;}\" data-image-title=\"Meaghan Benfeito et Roseline Filion\" data-image-description=\"\" data-medium-file=\"https:\/\/develop.olympic.ca\/olympique\/wp-content\/uploads\/sites\/2\/2013\/02\/meaghan-benfeito-et-roseline-filion.jpg?quality=100&#038;w=528\" data-large-file=\"https:\/\/develop.olympic.ca\/olympique\/wp-content\/uploads\/sites\/2\/2013\/02\/meaghan-benfeito-et-roseline-filion.jpg?quality=100&#038;w=1073\" src=\"https:\/\/develop.olympic.ca\/olympique\/wp-content\/uploads\/sites\/2\/2013\/02\/meaghan-benfeito-et-roseline-filion.jpg?quality=100&#038;w=359&#038;h=252&#038;strip&#038;resize=359%2C252\" srcset=\"https:\/\/develop.olympic.ca\/olympique\/wp-content\/uploads\/sites\/2\/2013\/02\/meaghan-benfeito-et-roseline-filion.jpg 3725w, https:\/\/develop.olympic.ca\/olympique\/wp-content\/uploads\/sites\/2\/2013\/02\/meaghan-benfeito-et-roseline-filion.jpg?resize=225,158 225w, https:\/\/develop.olympic.ca\/olympique\/wp-content\/uploads\/sites\/2\/2013\/02\/meaghan-benfeito-et-roseline-filion.jpg?resize=528,371 528w, https:\/\/develop.olympic.ca\/olympique\/wp-content\/uploads\/sites\/2\/2013\/02\/meaghan-benfeito-et-roseline-filion.jpg?resize=768,540 768w, https:\/\/develop.olympic.ca\/olympique\/wp-content\/uploads\/sites\/2\/2013\/02\/meaghan-benfeito-et-roseline-filion.jpg?resize=1073,754 1073w, https:\/\/develop.olympic.ca\/olympique\/wp-content\/uploads\/sites\/2\/2013\/02\/meaghan-benfeito-et-roseline-filion.jpg?resize=1536,1079 1536w, https:\/\/develop.olympic.ca\/olympique\/wp-content\/uploads\/sites\/2\/2013\/02\/meaghan-benfeito-et-roseline-filion.jpg?resize=2048,1439 2048w\" width=\"359\" height=\"252\" loading=\"lazy\" data-original-width=\"359\" data-original-height=\"252\" itemprop=\"http:\/\/schema.org\/image\" title=\"Meaghan Benfeito et Roseline Filion\" alt=\"Meaghan Benfeito et Roseline Filion\" style=\"width: 359px; height: 252px;\" \/> <\/a> <\/div> <\/div> <!-- close group --> <\/div> <!-- close row --> <div class=\"gallery-row\" style=\"width: 1360px; height: 317px;\" data-original-width=\"1360\" data-original-height=\"317\" > <div class=\"gallery-group images-1\" style=\"width: 411px; height: 317px;\" data-original-width=\"411\" data-original-height=\"317\" > <div class=\"tiled-gallery-item tiled-gallery-item-large\" itemprop=\"associatedMedia\" itemscope itemtype=\"http:\/\/schema.org\/ImageObject\"> <a href=\"https:\/\/develop.olympic.ca\/olympique\/wp-content\/uploads\/sites\/2\/2013\/02\/milos-raonic.jpg?quality=100&#038;strip\" border=\"0\" itemprop=\"url\"> <meta itemprop=\"width\" content=\"407\"> <meta itemprop=\"height\" content=\"313\"> <img decoding=\"async\" data-recalc-dims=\"1\" class=\"\" data-attachment-id=\"75643\" data-orig-file=\"https:\/\/develop.olympic.ca\/olympique\/wp-content\/uploads\/sites\/2\/2013\/02\/milos-raonic.jpg?quality=100\" data-orig-size=\"2663,2046\" data-comments-opened=\"1\" data-image-meta=\"{&quot;aperture&quot;:&quot;10&quot;,&quot;credit&quot;:&quot;Ryan Remiorz&quot;,&quot;camera&quot;:&quot;NIKON D4&quot;,&quot;caption&quot;:&quot;Canada\\u0027s Milos Raonic prepares to serve during his first round tennis match against Japan\\u0027s Tasuma Ito at the 2012 Summer Olympics Monday, July 30, 2012 in at the All England Club in Wimbledon. THE CANADIAN PRESS\\\/Ryan Remiorz&quot;,&quot;created_timestamp&quot;:&quot;1343651104&quot;,&quot;copyright&quot;:&quot;&quot;,&quot;focal_length&quot;:&quot;400&quot;,&quot;iso&quot;:&quot;400&quot;,&quot;shutter_speed&quot;:&quot;0.001&quot;,&quot;title&quot;:&quot;Milos Raonic&quot;}\" data-image-title=\"Milos Raonic\" data-image-description=\"\" data-medium-file=\"https:\/\/develop.olympic.ca\/olympique\/wp-content\/uploads\/sites\/2\/2013\/02\/milos-raonic.jpg?quality=100&#038;w=483\" data-large-file=\"https:\/\/develop.olympic.ca\/olympique\/wp-content\/uploads\/sites\/2\/2013\/02\/milos-raonic.jpg?quality=100&#038;w=981\" src=\"https:\/\/develop.olympic.ca\/olympique\/wp-content\/uploads\/sites\/2\/2013\/02\/milos-raonic.jpg?quality=100&#038;w=407&#038;h=313&#038;strip&#038;resize=407%2C313\" srcset=\"https:\/\/develop.olympic.ca\/olympique\/wp-content\/uploads\/sites\/2\/2013\/02\/milos-raonic.jpg 2663w, https:\/\/develop.olympic.ca\/olympique\/wp-content\/uploads\/sites\/2\/2013\/02\/milos-raonic.jpg?resize=206,158 206w, https:\/\/develop.olympic.ca\/olympique\/wp-content\/uploads\/sites\/2\/2013\/02\/milos-raonic.jpg?resize=483,371 483w, https:\/\/develop.olympic.ca\/olympique\/wp-content\/uploads\/sites\/2\/2013\/02\/milos-raonic.jpg?resize=768,590 768w, https:\/\/develop.olympic.ca\/olympique\/wp-content\/uploads\/sites\/2\/2013\/02\/milos-raonic.jpg?resize=981,754 981w, https:\/\/develop.olympic.ca\/olympique\/wp-content\/uploads\/sites\/2\/2013\/02\/milos-raonic.jpg?resize=1536,1180 1536w, https:\/\/develop.olympic.ca\/olympique\/wp-content\/uploads\/sites\/2\/2013\/02\/milos-raonic.jpg?resize=2048,1573 2048w\" width=\"407\" height=\"313\" loading=\"lazy\" data-original-width=\"407\" data-original-height=\"313\" itemprop=\"http:\/\/schema.org\/image\" title=\"Milos Raonic\" alt=\"Milos Raonic\" style=\"width: 407px; height: 313px;\" \/> <\/a> <\/div> <\/div> <!-- close group --> <div class=\"gallery-group images-1\" style=\"width: 444px; height: 317px;\" data-original-width=\"444\" data-original-height=\"317\" > <div class=\"tiled-gallery-item tiled-gallery-item-large\" itemprop=\"associatedMedia\" itemscope itemtype=\"http:\/\/schema.org\/ImageObject\"> <a href=\"https:\/\/develop.olympic.ca\/olympique\/wp-content\/uploads\/sites\/2\/2013\/02\/richard-weinberger.jpg?quality=100&#038;strip\" border=\"0\" itemprop=\"url\"> <meta itemprop=\"width\" content=\"440\"> <meta itemprop=\"height\" content=\"313\"> <img decoding=\"async\" data-recalc-dims=\"1\" class=\"\" data-attachment-id=\"75644\" data-orig-file=\"https:\/\/develop.olympic.ca\/olympique\/wp-content\/uploads\/sites\/2\/2013\/02\/richard-weinberger.jpg?quality=100\" data-orig-size=\"3000,2135\" data-comments-opened=\"1\" data-image-meta=\"{&quot;aperture&quot;:&quot;8&quot;,&quot;credit&quot;:&quot;Frank Gunn&quot;,&quot;camera&quot;:&quot;Canon EOS-1D X&quot;,&quot;caption&quot;:&quot;Canada\\u0027s Richard Weinberger shows off his bronze medal for Men\\u0027s Marathon Swimming at the Olympic Games in London on Friday August 10, 2012. THE CANADIAN PRESS\\\/Frank Gunn&quot;,&quot;created_timestamp&quot;:&quot;1344590324&quot;,&quot;copyright&quot;:&quot;&quot;,&quot;focal_length&quot;:&quot;170&quot;,&quot;iso&quot;:&quot;400&quot;,&quot;shutter_speed&quot;:&quot;0.002&quot;,&quot;title&quot;:&quot;Richard Weinberger&quot;}\" data-image-title=\"Richard Weinberger\" data-image-description=\"\" data-medium-file=\"https:\/\/develop.olympic.ca\/olympique\/wp-content\/uploads\/sites\/2\/2013\/02\/richard-weinberger.jpg?quality=100&#038;w=521\" data-large-file=\"https:\/\/develop.olympic.ca\/olympique\/wp-content\/uploads\/sites\/2\/2013\/02\/richard-weinberger.jpg?quality=100&#038;w=1059\" src=\"https:\/\/develop.olympic.ca\/olympique\/wp-content\/uploads\/sites\/2\/2013\/02\/richard-weinberger.jpg?quality=100&#038;w=440&#038;h=313&#038;strip&#038;resize=440%2C313\" srcset=\"https:\/\/develop.olympic.ca\/olympique\/wp-content\/uploads\/sites\/2\/2013\/02\/richard-weinberger.jpg 3000w, https:\/\/develop.olympic.ca\/olympique\/wp-content\/uploads\/sites\/2\/2013\/02\/richard-weinberger.jpg?resize=222,158 222w, https:\/\/develop.olympic.ca\/olympique\/wp-content\/uploads\/sites\/2\/2013\/02\/richard-weinberger.jpg?resize=521,371 521w, https:\/\/develop.olympic.ca\/olympique\/wp-content\/uploads\/sites\/2\/2013\/02\/richard-weinberger.jpg?resize=768,547 768w, https:\/\/develop.olympic.ca\/olympique\/wp-content\/uploads\/sites\/2\/2013\/02\/richard-weinberger.jpg?resize=1059,754 1059w, https:\/\/develop.olympic.ca\/olympique\/wp-content\/uploads\/sites\/2\/2013\/02\/richard-weinberger.jpg?resize=1536,1093 1536w, https:\/\/develop.olympic.ca\/olympique\/wp-content\/uploads\/sites\/2\/2013\/02\/richard-weinberger.jpg?resize=2048,1457 2048w\" width=\"440\" height=\"313\" loading=\"lazy\" data-original-width=\"440\" data-original-height=\"313\" itemprop=\"http:\/\/schema.org\/image\" title=\"Richard Weinberger\" alt=\"Richard Weinberger\" style=\"width: 440px; height: 313px;\" \/> <\/a> <\/div> <\/div> <!-- close group --> <div class=\"gallery-group images-1\" style=\"width: 505px; height: 317px;\" data-original-width=\"505\" data-original-height=\"317\" > <div class=\"tiled-gallery-item tiled-gallery-item-large\" itemprop=\"associatedMedia\" itemscope itemtype=\"http:\/\/schema.org\/ImageObject\"> <a href=\"https:\/\/develop.olympic.ca\/olympique\/wp-content\/uploads\/sites\/2\/2013\/02\/rosia-maclennan.jpg?quality=100&#038;strip\" border=\"0\" itemprop=\"url\"> <meta itemprop=\"width\" content=\"501\"> <meta itemprop=\"height\" content=\"313\"> <img decoding=\"async\" data-recalc-dims=\"1\" class=\"\" data-attachment-id=\"75645\" data-orig-file=\"https:\/\/develop.olympic.ca\/olympique\/wp-content\/uploads\/sites\/2\/2013\/02\/rosia-maclennan.jpg?quality=100\" data-orig-size=\"3734,2329\" data-comments-opened=\"1\" data-image-meta=\"{&quot;aperture&quot;:&quot;2.8&quot;,&quot;credit&quot;:&quot;Mike Ridewood&quot;,&quot;camera&quot;:&quot;Canon EOS-1D Mark IV&quot;,&quot;caption&quot;:&quot;Rosannagh MacLennan of Toronto jumps to the gold medal in the women\\u0027s trampoline at the 2012 London Olympics, Friday, Aug. 3, 2012. THE CANADIAN PRESS\\\/HO, COC - Mike Ridewood&quot;,&quot;created_timestamp&quot;:&quot;1344067925&quot;,&quot;copyright&quot;:&quot;&quot;,&quot;focal_length&quot;:&quot;400&quot;,&quot;iso&quot;:&quot;1600&quot;,&quot;shutter_speed&quot;:&quot;0.001&quot;,&quot;title&quot;:&quot;OLY COC London 2012&quot;}\" data-image-title=\"Rosie MacLennan\" data-image-description=\"\" data-medium-file=\"https:\/\/develop.olympic.ca\/olympique\/wp-content\/uploads\/sites\/2\/2013\/02\/rosia-maclennan.jpg?quality=100&#038;w=595\" data-large-file=\"https:\/\/develop.olympic.ca\/olympique\/wp-content\/uploads\/sites\/2\/2013\/02\/rosia-maclennan.jpg?quality=100&#038;w=1209\" src=\"https:\/\/develop.olympic.ca\/olympique\/wp-content\/uploads\/sites\/2\/2013\/02\/rosia-maclennan.jpg?quality=100&#038;w=501&#038;h=313&#038;strip&#038;resize=501%2C313\" srcset=\"https:\/\/develop.olympic.ca\/olympique\/wp-content\/uploads\/sites\/2\/2013\/02\/rosia-maclennan.jpg 3734w, https:\/\/develop.olympic.ca\/olympique\/wp-content\/uploads\/sites\/2\/2013\/02\/rosia-maclennan.jpg?resize=253,158 253w, https:\/\/develop.olympic.ca\/olympique\/wp-content\/uploads\/sites\/2\/2013\/02\/rosia-maclennan.jpg?resize=595,371 595w, https:\/\/develop.olympic.ca\/olympique\/wp-content\/uploads\/sites\/2\/2013\/02\/rosia-maclennan.jpg?resize=768,479 768w, https:\/\/develop.olympic.ca\/olympique\/wp-content\/uploads\/sites\/2\/2013\/02\/rosia-maclennan.jpg?resize=1209,754 1209w, https:\/\/develop.olympic.ca\/olympique\/wp-content\/uploads\/sites\/2\/2013\/02\/rosia-maclennan.jpg?resize=1536,958 1536w, https:\/\/develop.olympic.ca\/olympique\/wp-content\/uploads\/sites\/2\/2013\/02\/rosia-maclennan.jpg?resize=2048,1277 2048w\" width=\"501\" height=\"313\" loading=\"lazy\" data-original-width=\"501\" data-original-height=\"313\" itemprop=\"http:\/\/schema.org\/image\" title=\"Rosie MacLennan\" alt=\"Rosie MacLennan\" style=\"width: 501px; height: 313px;\" \/> <\/a> <\/div> <\/div> <!-- close group --> <\/div> <!-- close row --> <div class=\"gallery-row\" style=\"width: 1360px; height: 615px;\" data-original-width=\"1360\" data-original-height=\"615\" > <div class=\"gallery-group images-2\" style=\"width: 493px; height: 615px;\" data-original-width=\"493\" data-original-height=\"615\" > <div class=\"tiled-gallery-item tiled-gallery-item-large\" itemprop=\"associatedMedia\" itemscope itemtype=\"http:\/\/schema.org\/ImageObject\"> <a href=\"https:\/\/develop.olympic.ca\/olympique\/wp-content\/uploads\/sites\/2\/2013\/02\/aviron-8-hommes.jpg?quality=100&#038;strip\" border=\"0\" itemprop=\"url\"> <meta itemprop=\"width\" content=\"489\"> <meta itemprop=\"height\" content=\"281\"> <img decoding=\"async\" data-recalc-dims=\"1\" class=\"\" data-attachment-id=\"75646\" data-orig-file=\"https:\/\/develop.olympic.ca\/olympique\/wp-content\/uploads\/sites\/2\/2013\/02\/aviron-8-hommes.jpg?quality=100\" data-orig-size=\"4048,2328\" data-comments-opened=\"1\" data-image-meta=\"{&quot;aperture&quot;:&quot;11&quot;,&quot;credit&quot;:&quot;Sean Kilpatrick&quot;,&quot;camera&quot;:&quot;NIKON D4&quot;,&quot;caption&quot;:&quot;ADDS CREW MEMERS NAMES Canada\\u0027s men\\u0027s eight rowing team members Jeremiah Brown, right to left, Andrew Byrnes, Conlin McCabe, Will Crothers, Rob Gibson, Brian Price, Malcolm Howard, Gabriel Bergen, and Douglas Csima celebrate their silver medal at Eton Dorney during the 2012 Summer Olympics in Dorney, England on Wednesday, August 1, 2012. THE CANADIAN PRESS\\\/Sean Kilpatrick&quot;,&quot;created_timestamp&quot;:&quot;1343827280&quot;,&quot;copyright&quot;:&quot;&quot;,&quot;focal_length&quot;:&quot;400&quot;,&quot;iso&quot;:&quot;1600&quot;,&quot;shutter_speed&quot;:&quot;0.001&quot;,&quot;title&quot;:&quot;Gabriel Bergen, Douglas Csima, Rob Gibson, Conlin McCabe, Malcolm Howard, Andrew Byrnes, Jeremiah Brown, Will Crothers, Brian P&quot;}\" data-image-title=\"Gabriel Bergen, Douglas Csima, Rob Gibson, Conlin McCabe, Malcolm Howard, Andrew Byrnes, Jeremiah Brown, Will Crothers, Brian P\" data-image-description=\"\" data-medium-file=\"https:\/\/develop.olympic.ca\/olympique\/wp-content\/uploads\/sites\/2\/2013\/02\/aviron-8-hommes.jpg?quality=100&#038;w=645\" data-large-file=\"https:\/\/develop.olympic.ca\/olympique\/wp-content\/uploads\/sites\/2\/2013\/02\/aviron-8-hommes.jpg?quality=100&#038;w=1311\" src=\"https:\/\/develop.olympic.ca\/olympique\/wp-content\/uploads\/sites\/2\/2013\/02\/aviron-8-hommes.jpg?quality=100&#038;w=489&#038;h=281&#038;strip&#038;resize=489%2C281\" srcset=\"https:\/\/develop.olympic.ca\/olympique\/wp-content\/uploads\/sites\/2\/2013\/02\/aviron-8-hommes.jpg 4048w, https:\/\/develop.olympic.ca\/olympique\/wp-content\/uploads\/sites\/2\/2013\/02\/aviron-8-hommes.jpg?resize=275,158 275w, https:\/\/develop.olympic.ca\/olympique\/wp-content\/uploads\/sites\/2\/2013\/02\/aviron-8-hommes.jpg?resize=645,371 645w, https:\/\/develop.olympic.ca\/olympique\/wp-content\/uploads\/sites\/2\/2013\/02\/aviron-8-hommes.jpg?resize=768,442 768w, https:\/\/develop.olympic.ca\/olympique\/wp-content\/uploads\/sites\/2\/2013\/02\/aviron-8-hommes.jpg?resize=1311,754 1311w, https:\/\/develop.olympic.ca\/olympique\/wp-content\/uploads\/sites\/2\/2013\/02\/aviron-8-hommes.jpg?resize=1536,883 1536w, https:\/\/develop.olympic.ca\/olympique\/wp-content\/uploads\/sites\/2\/2013\/02\/aviron-8-hommes.jpg?resize=2048,1178 2048w\" width=\"489\" height=\"281\" loading=\"lazy\" data-original-width=\"489\" data-original-height=\"281\" itemprop=\"http:\/\/schema.org\/image\" title=\"Gabriel Bergen, Douglas Csima, Rob Gibson, Conlin McCabe, Malcolm Howard, Andrew Byrnes, Jeremiah Brown, Will Crothers, Brian P\" alt=\"Gabriel Bergen, Douglas Csima, Rob Gibson, Conlin McCabe, Malcolm Howard, Andrew Byrnes, Jeremiah Brown, Will Crothers, Brian P\" style=\"width: 489px; height: 281px;\" \/> <\/a> <\/div> <div class=\"tiled-gallery-item tiled-gallery-item-large\" itemprop=\"associatedMedia\" itemscope itemtype=\"http:\/\/schema.org\/ImageObject\"> <a href=\"https:\/\/develop.olympic.ca\/olympique\/wp-content\/uploads\/sites\/2\/2013\/02\/aviron-8-filles.jpg?quality=100&#038;strip\" border=\"0\" itemprop=\"url\"> <meta itemprop=\"width\" content=\"489\"> <meta itemprop=\"height\" content=\"326\"> <img decoding=\"async\" data-recalc-dims=\"1\" class=\"\" data-attachment-id=\"75647\" data-orig-file=\"https:\/\/develop.olympic.ca\/olympique\/wp-content\/uploads\/sites\/2\/2013\/02\/aviron-8-filles.jpg?quality=100\" data-orig-size=\"4843,3224\" data-comments-opened=\"1\" data-image-meta=\"{&quot;aperture&quot;:&quot;9&quot;,&quot;credit&quot;:&quot;Jason Ransom&quot;,&quot;camera&quot;:&quot;NIKON D4&quot;,&quot;caption&quot;:&quot;&quot;,&quot;created_timestamp&quot;:&quot;1343909620&quot;,&quot;copyright&quot;:&quot;Jason Ransom&quot;,&quot;focal_length&quot;:&quot;160&quot;,&quot;iso&quot;:&quot;250&quot;,&quot;shutter_speed&quot;:&quot;0.001&quot;,&quot;title&quot;:&quot;&quot;}\" data-image-title=\"Aviron &amp;#8211; 8 filles\" data-image-description=\"\" data-medium-file=\"https:\/\/develop.olympic.ca\/olympique\/wp-content\/uploads\/sites\/2\/2013\/02\/aviron-8-filles.jpg?quality=100&#038;w=557\" data-large-file=\"https:\/\/develop.olympic.ca\/olympique\/wp-content\/uploads\/sites\/2\/2013\/02\/aviron-8-filles.jpg?quality=100&#038;w=1133\" src=\"https:\/\/develop.olympic.ca\/olympique\/wp-content\/uploads\/sites\/2\/2013\/02\/aviron-8-filles.jpg?quality=100&#038;w=489&#038;h=326&#038;strip&#038;resize=489%2C326\" srcset=\"https:\/\/develop.olympic.ca\/olympique\/wp-content\/uploads\/sites\/2\/2013\/02\/aviron-8-filles.jpg 4843w, https:\/\/develop.olympic.ca\/olympique\/wp-content\/uploads\/sites\/2\/2013\/02\/aviron-8-filles.jpg?resize=237,158 237w, https:\/\/develop.olympic.ca\/olympique\/wp-content\/uploads\/sites\/2\/2013\/02\/aviron-8-filles.jpg?resize=557,371 557w, https:\/\/develop.olympic.ca\/olympique\/wp-content\/uploads\/sites\/2\/2013\/02\/aviron-8-filles.jpg?resize=768,511 768w, https:\/\/develop.olympic.ca\/olympique\/wp-content\/uploads\/sites\/2\/2013\/02\/aviron-8-filles.jpg?resize=1133,754 1133w, https:\/\/develop.olympic.ca\/olympique\/wp-content\/uploads\/sites\/2\/2013\/02\/aviron-8-filles.jpg?resize=1536,1023 1536w, https:\/\/develop.olympic.ca\/olympique\/wp-content\/uploads\/sites\/2\/2013\/02\/aviron-8-filles.jpg?resize=2048,1363 2048w\" width=\"489\" height=\"326\" loading=\"lazy\" data-original-width=\"489\" data-original-height=\"326\" itemprop=\"http:\/\/schema.org\/image\" title=\"Aviron - 8 filles\" alt=\"Aviron - 8 filles\" style=\"width: 489px; height: 326px;\" \/> <\/a> <\/div> <\/div> <!-- close group --> <div class=\"gallery-group images-1\" style=\"width: 867px; height: 615px;\" data-original-width=\"867\" data-original-height=\"615\" > <div class=\"tiled-gallery-item tiled-gallery-item-large\" itemprop=\"associatedMedia\" itemscope itemtype=\"http:\/\/schema.org\/ImageObject\"> <a href=\"https:\/\/develop.olympic.ca\/olympique\/wp-content\/uploads\/sites\/2\/2013\/02\/ryan-cochrane.jpg?quality=100&#038;strip\" border=\"0\" itemprop=\"url\"> <meta itemprop=\"width\" content=\"863\"> <meta itemprop=\"height\" content=\"611\"> <img decoding=\"async\" data-recalc-dims=\"1\" class=\"\" data-attachment-id=\"75648\" data-orig-file=\"https:\/\/develop.olympic.ca\/olympique\/wp-content\/uploads\/sites\/2\/2013\/02\/ryan-cochrane.jpg?quality=100\" data-orig-size=\"3622,2566\" data-comments-opened=\"1\" data-image-meta=\"{&quot;aperture&quot;:&quot;4.5&quot;,&quot;credit&quot;:&quot;Mike Ridewood&quot;,&quot;camera&quot;:&quot;Canon EOS-1D Mark IV&quot;,&quot;caption&quot;:&quot;Ryan Cochrane of Victoria, B.C. dives into the pool on the way to the silver medal in the men\\u0027s 1500-metre freestyle swim at the 2012 London Olympics, Saturday, Aug. 4, 2012. THE CANADIAN PRESS\\\/HO, COC - Mike Ridewood&quot;,&quot;created_timestamp&quot;:&quot;1344084079&quot;,&quot;copyright&quot;:&quot;&quot;,&quot;focal_length&quot;:&quot;400&quot;,&quot;iso&quot;:&quot;1600&quot;,&quot;shutter_speed&quot;:&quot;0.00125&quot;,&quot;title&quot;:&quot;OLY COC London 2012&quot;}\" data-image-title=\"Ryan Cochrane\" data-image-description=\"\" data-medium-file=\"https:\/\/develop.olympic.ca\/olympique\/wp-content\/uploads\/sites\/2\/2013\/02\/ryan-cochrane.jpg?quality=100&#038;w=524\" data-large-file=\"https:\/\/develop.olympic.ca\/olympique\/wp-content\/uploads\/sites\/2\/2013\/02\/ryan-cochrane.jpg?quality=100&#038;w=1064\" src=\"https:\/\/develop.olympic.ca\/olympique\/wp-content\/uploads\/sites\/2\/2013\/02\/ryan-cochrane.jpg?quality=100&#038;w=863&#038;h=611&#038;strip&#038;resize=863%2C611\" srcset=\"https:\/\/develop.olympic.ca\/olympique\/wp-content\/uploads\/sites\/2\/2013\/02\/ryan-cochrane.jpg 3622w, https:\/\/develop.olympic.ca\/olympique\/wp-content\/uploads\/sites\/2\/2013\/02\/ryan-cochrane.jpg?resize=223,158 223w, https:\/\/develop.olympic.ca\/olympique\/wp-content\/uploads\/sites\/2\/2013\/02\/ryan-cochrane.jpg?resize=524,371 524w, https:\/\/develop.olympic.ca\/olympique\/wp-content\/uploads\/sites\/2\/2013\/02\/ryan-cochrane.jpg?resize=768,544 768w, https:\/\/develop.olympic.ca\/olympique\/wp-content\/uploads\/sites\/2\/2013\/02\/ryan-cochrane.jpg?resize=1064,754 1064w, https:\/\/develop.olympic.ca\/olympique\/wp-content\/uploads\/sites\/2\/2013\/02\/ryan-cochrane.jpg?resize=1536,1088 1536w, https:\/\/develop.olympic.ca\/olympique\/wp-content\/uploads\/sites\/2\/2013\/02\/ryan-cochrane.jpg?resize=2048,1451 2048w\" width=\"863\" height=\"611\" loading=\"lazy\" data-original-width=\"863\" data-original-height=\"611\" itemprop=\"http:\/\/schema.org\/image\" title=\"Ryan Cochrane\" alt=\"Ryan Cochrane\" style=\"width: 863px; height: 611px;\" \/> <\/a> <\/div> <\/div> <!-- close group --> <\/div> <!-- close row --> <div class=\"gallery-row\" style=\"width: 1360px; height: 682px;\" data-original-width=\"1360\" data-original-height=\"682\" > <div class=\"gallery-group images-1\" style=\"width: 821px; height: 682px;\" data-original-width=\"821\" data-original-height=\"682\" > <div class=\"tiled-gallery-item tiled-gallery-item-large\" itemprop=\"associatedMedia\" itemscope itemtype=\"http:\/\/schema.org\/ImageObject\"> <a href=\"https:\/\/develop.olympic.ca\/olympique\/wp-content\/uploads\/sites\/2\/2013\/02\/sherraine-schalm.jpg?quality=100&#038;strip\" border=\"0\" itemprop=\"url\"> <meta itemprop=\"width\" content=\"817\"> <meta itemprop=\"height\" content=\"678\"> <img decoding=\"async\" data-recalc-dims=\"1\" class=\"\" data-attachment-id=\"75649\" data-orig-file=\"https:\/\/develop.olympic.ca\/olympique\/wp-content\/uploads\/sites\/2\/2013\/02\/sherraine-schalm.jpg?quality=100\" data-orig-size=\"2601,2158\" data-comments-opened=\"1\" data-image-meta=\"{&quot;aperture&quot;:&quot;2.8&quot;,&quot;credit&quot;:&quot;Mike Ridewood&quot;,&quot;camera&quot;:&quot;Canon EOS-1D X&quot;,&quot;caption&quot;:&quot;Sherraine Schalm (right) of Toronto talks with coach Ivan Kovacs before the final round of her loss to A Lam Shin of Korea in the first round of women\\u0027s epee fencing action at the 2012 London Olympics, on Monday, July 30, 2012. THE CANADIAN PRESS\\\/HO, COC - Mike Ridewood&quot;,&quot;created_timestamp&quot;:&quot;1343652871&quot;,&quot;copyright&quot;:&quot;&quot;,&quot;focal_length&quot;:&quot;120&quot;,&quot;iso&quot;:&quot;1600&quot;,&quot;shutter_speed&quot;:&quot;0.003125&quot;,&quot;title&quot;:&quot;OLY COC London 2012&quot;}\" data-image-title=\"Sherraine Schalm\" data-image-description=\"\" data-medium-file=\"https:\/\/develop.olympic.ca\/olympique\/wp-content\/uploads\/sites\/2\/2013\/02\/sherraine-schalm.jpg?quality=100&#038;w=447\" data-large-file=\"https:\/\/develop.olympic.ca\/olympique\/wp-content\/uploads\/sites\/2\/2013\/02\/sherraine-schalm.jpg?quality=100&#038;w=909\" src=\"https:\/\/develop.olympic.ca\/olympique\/wp-content\/uploads\/sites\/2\/2013\/02\/sherraine-schalm.jpg?quality=100&#038;w=817&#038;h=678&#038;strip&#038;resize=817%2C678\" srcset=\"https:\/\/develop.olympic.ca\/olympique\/wp-content\/uploads\/sites\/2\/2013\/02\/sherraine-schalm.jpg 2601w, https:\/\/develop.olympic.ca\/olympique\/wp-content\/uploads\/sites\/2\/2013\/02\/sherraine-schalm.jpg?resize=190,158 190w, https:\/\/develop.olympic.ca\/olympique\/wp-content\/uploads\/sites\/2\/2013\/02\/sherraine-schalm.jpg?resize=447,371 447w, https:\/\/develop.olympic.ca\/olympique\/wp-content\/uploads\/sites\/2\/2013\/02\/sherraine-schalm.jpg?resize=768,637 768w, https:\/\/develop.olympic.ca\/olympique\/wp-content\/uploads\/sites\/2\/2013\/02\/sherraine-schalm.jpg?resize=909,754 909w, https:\/\/develop.olympic.ca\/olympique\/wp-content\/uploads\/sites\/2\/2013\/02\/sherraine-schalm.jpg?resize=1536,1274 1536w, https:\/\/develop.olympic.ca\/olympique\/wp-content\/uploads\/sites\/2\/2013\/02\/sherraine-schalm.jpg?resize=2048,1699 2048w\" width=\"817\" height=\"678\" loading=\"lazy\" data-original-width=\"817\" data-original-height=\"678\" itemprop=\"http:\/\/schema.org\/image\" title=\"Sherraine Schalm\" alt=\"Sherraine Schalm\" style=\"width: 817px; height: 678px;\" \/> <\/a> <\/div> <\/div> <!-- close group --> <div class=\"gallery-group images-1\" style=\"width: 539px; height: 682px;\" data-original-width=\"539\" data-original-height=\"682\" > <div class=\"tiled-gallery-item tiled-gallery-item-large\" itemprop=\"associatedMedia\" itemscope itemtype=\"http:\/\/schema.org\/ImageObject\"> <a href=\"https:\/\/develop.olympic.ca\/olympique\/wp-content\/uploads\/sites\/2\/2013\/02\/tonya-verbeek.jpg?quality=100&#038;strip\" border=\"0\" itemprop=\"url\"> <meta itemprop=\"width\" content=\"535\"> <meta itemprop=\"height\" content=\"678\"> <img decoding=\"async\" data-recalc-dims=\"1\" class=\"\" data-attachment-id=\"75650\" data-orig-file=\"https:\/\/develop.olympic.ca\/olympique\/wp-content\/uploads\/sites\/2\/2013\/02\/tonya-verbeek.jpg?quality=100\" data-orig-size=\"1123,1423\" data-comments-opened=\"1\" data-image-meta=\"{&quot;aperture&quot;:&quot;4&quot;,&quot;credit&quot;:&quot;Jason Ransom&quot;,&quot;camera&quot;:&quot;NIKON D4&quot;,&quot;caption&quot;:&quot;Canada\\u0027s Tonya Verbeek wears her silver medal for wrestling in the 55kg freestyle category at the 2012 London Olympics, August 9, 2012. Verbeek lost to Saori Yoshida of Japan. THE CANADIAN PRESS\\\/HO, COC - Jason Ransom&quot;,&quot;created_timestamp&quot;:&quot;1344540714&quot;,&quot;copyright&quot;:&quot;&quot;,&quot;focal_length&quot;:&quot;400&quot;,&quot;iso&quot;:&quot;2000&quot;,&quot;shutter_speed&quot;:&quot;0.002&quot;,&quot;title&quot;:&quot;OLY COC London 2012&quot;}\" data-image-title=\"Tonya Verbeek\" data-image-description=\"\" data-medium-file=\"https:\/\/develop.olympic.ca\/olympique\/wp-content\/uploads\/sites\/2\/2013\/02\/tonya-verbeek.jpg?quality=100&#038;w=293\" data-large-file=\"https:\/\/develop.olympic.ca\/olympique\/wp-content\/uploads\/sites\/2\/2013\/02\/tonya-verbeek.jpg?quality=100&#038;w=595\" src=\"https:\/\/develop.olympic.ca\/olympique\/wp-content\/uploads\/sites\/2\/2013\/02\/tonya-verbeek.jpg?quality=100&#038;w=535&#038;h=678&#038;strip&#038;resize=535%2C678\" srcset=\"https:\/\/develop.olympic.ca\/olympique\/wp-content\/uploads\/sites\/2\/2013\/02\/tonya-verbeek.jpg 1123w, https:\/\/develop.olympic.ca\/olympique\/wp-content\/uploads\/sites\/2\/2013\/02\/tonya-verbeek.jpg?resize=125,158 125w, https:\/\/develop.olympic.ca\/olympique\/wp-content\/uploads\/sites\/2\/2013\/02\/tonya-verbeek.jpg?resize=293,371 293w, https:\/\/develop.olympic.ca\/olympique\/wp-content\/uploads\/sites\/2\/2013\/02\/tonya-verbeek.jpg?resize=768,973 768w, https:\/\/develop.olympic.ca\/olympique\/wp-content\/uploads\/sites\/2\/2013\/02\/tonya-verbeek.jpg?resize=595,754 595w\" width=\"535\" height=\"678\" loading=\"lazy\" data-original-width=\"535\" data-original-height=\"678\" itemprop=\"http:\/\/schema.org\/image\" title=\"Tonya Verbeek\" alt=\"Tonya Verbeek\" style=\"width: 535px; height: 678px;\" \/> <\/a> <\/div> <\/div> <!-- close group --> <\/div> <!-- close row --> <div class=\"gallery-row\" style=\"width: 1360px; height: 888px;\" data-original-width=\"1360\" data-original-height=\"888\" > <div class=\"gallery-group images-1\" style=\"width: 766px; height: 888px;\" data-original-width=\"766\" data-original-height=\"888\" > <div class=\"tiled-gallery-item tiled-gallery-item-large\" itemprop=\"associatedMedia\" itemscope itemtype=\"http:\/\/schema.org\/ImageObject\"> <a href=\"https:\/\/develop.olympic.ca\/olympique\/wp-content\/uploads\/sites\/2\/2013\/02\/tory-nyhaug.jpg?quality=100&#038;strip\" border=\"0\" itemprop=\"url\"> <meta itemprop=\"width\" content=\"762\"> <meta itemprop=\"height\" content=\"884\"> <img decoding=\"async\" data-recalc-dims=\"1\" class=\"\" data-attachment-id=\"75651\" data-orig-file=\"https:\/\/develop.olympic.ca\/olympique\/wp-content\/uploads\/sites\/2\/2013\/02\/tory-nyhaug.jpg?quality=100\" data-orig-size=\"2291,2657\" data-comments-opened=\"1\" data-image-meta=\"{&quot;aperture&quot;:&quot;5.6&quot;,&quot;credit&quot;:&quot;The Canadian Press Images&quot;,&quot;camera&quot;:&quot;NIKON D4&quot;,&quot;caption&quot;:&quot;Canada\\u0027s Tory Nyhaug places 20th overall following his seeding run at the 2012 London Olympics, August 8, 2012. Nyhaug will race tomorrow in heat 2 of the quarterfinals. THE CANADIAN PRESS\\\/HO, COC - Jason Ransom&quot;,&quot;created_timestamp&quot;:&quot;1344438574&quot;,&quot;copyright&quot;:&quot;Jason Ransom&quot;,&quot;focal_length&quot;:&quot;200&quot;,&quot;iso&quot;:&quot;500&quot;,&quot;shutter_speed&quot;:&quot;0.0005&quot;,&quot;title&quot;:&quot;OLY COC London 2012&quot;}\" data-image-title=\"Tory Nyhaug\" data-image-description=\"\" data-medium-file=\"https:\/\/develop.olympic.ca\/olympique\/wp-content\/uploads\/sites\/2\/2013\/02\/tory-nyhaug.jpg?quality=100&#038;w=320\" data-large-file=\"https:\/\/develop.olympic.ca\/olympique\/wp-content\/uploads\/sites\/2\/2013\/02\/tory-nyhaug.jpg?quality=100&#038;w=650\" src=\"https:\/\/develop.olympic.ca\/olympique\/wp-content\/uploads\/sites\/2\/2013\/02\/tory-nyhaug.jpg?quality=100&#038;w=762&#038;h=884&#038;strip&#038;resize=762%2C884\" srcset=\"https:\/\/develop.olympic.ca\/olympique\/wp-content\/uploads\/sites\/2\/2013\/02\/tory-nyhaug.jpg 2291w, https:\/\/develop.olympic.ca\/olympique\/wp-content\/uploads\/sites\/2\/2013\/02\/tory-nyhaug.jpg?resize=136,158 136w, https:\/\/develop.olympic.ca\/olympique\/wp-content\/uploads\/sites\/2\/2013\/02\/tory-nyhaug.jpg?resize=320,371 320w, https:\/\/develop.olympic.ca\/olympique\/wp-content\/uploads\/sites\/2\/2013\/02\/tory-nyhaug.jpg?resize=768,891 768w, https:\/\/develop.olympic.ca\/olympique\/wp-content\/uploads\/sites\/2\/2013\/02\/tory-nyhaug.jpg?resize=650,754 650w, https:\/\/develop.olympic.ca\/olympique\/wp-content\/uploads\/sites\/2\/2013\/02\/tory-nyhaug.jpg?resize=1324,1536 1324w, https:\/\/develop.olympic.ca\/olympique\/wp-content\/uploads\/sites\/2\/2013\/02\/tory-nyhaug.jpg?resize=1766,2048 1766w\" width=\"762\" height=\"884\" loading=\"lazy\" data-original-width=\"762\" data-original-height=\"884\" itemprop=\"http:\/\/schema.org\/image\" title=\"Tory Nyhaug\" alt=\"Tory Nyhaug\" style=\"width: 762px; height: 884px;\" \/> <\/a> <\/div> <\/div> <!-- close group --> <div class=\"gallery-group images-2\" style=\"width: 594px; height: 888px;\" data-original-width=\"594\" data-original-height=\"888\" > <div class=\"tiled-gallery-item tiled-gallery-item-large\" itemprop=\"associatedMedia\" itemscope itemtype=\"http:\/\/schema.org\/ImageObject\"> <a href=\"https:\/\/develop.olympic.ca\/olympique\/wp-content\/uploads\/sites\/2\/2013\/02\/adam-van-koeverden.jpg?quality=100&#038;strip\" border=\"0\" itemprop=\"url\"> <meta itemprop=\"width\" content=\"590\"> <meta itemprop=\"height\" content=\"393\"> <img decoding=\"async\" data-recalc-dims=\"1\" class=\"\" data-attachment-id=\"75652\" data-orig-file=\"https:\/\/develop.olympic.ca\/olympique\/wp-content\/uploads\/sites\/2\/2013\/02\/adam-van-koeverden.jpg?quality=100\" data-orig-size=\"2188,1460\" data-comments-opened=\"1\" data-image-meta=\"{&quot;aperture&quot;:&quot;4&quot;,&quot;credit&quot;:&quot;Jason Ransom&quot;,&quot;camera&quot;:&quot;Canon EOS-1D X&quot;,&quot;caption&quot;:&quot;Canada\\u0027s Adam Van Koeverden competes in the 1000 metre kayak finals at the 2012 London Olympics, August 8, 2012. Van Koeverden won silver. THE CANADIAN PRESS\\\/HO, COC - Jason Ransom&quot;,&quot;created_timestamp&quot;:&quot;1344418852&quot;,&quot;copyright&quot;:&quot;&quot;,&quot;focal_length&quot;:&quot;600&quot;,&quot;iso&quot;:&quot;500&quot;,&quot;shutter_speed&quot;:&quot;0.000625&quot;,&quot;title&quot;:&quot;OLY COC London 2012&quot;}\" data-image-title=\"Adam van Koeverden\" data-image-description=\"\" data-medium-file=\"https:\/\/develop.olympic.ca\/olympique\/wp-content\/uploads\/sites\/2\/2013\/02\/adam-van-koeverden.jpg?quality=100&#038;w=556\" data-large-file=\"https:\/\/develop.olympic.ca\/olympique\/wp-content\/uploads\/sites\/2\/2013\/02\/adam-van-koeverden.jpg?quality=100&#038;w=1130\" src=\"https:\/\/develop.olympic.ca\/olympique\/wp-content\/uploads\/sites\/2\/2013\/02\/adam-van-koeverden.jpg?quality=100&#038;w=590&#038;h=393&#038;strip&#038;resize=590%2C393\" srcset=\"https:\/\/develop.olympic.ca\/olympique\/wp-content\/uploads\/sites\/2\/2013\/02\/adam-van-koeverden.jpg 2188w, https:\/\/develop.olympic.ca\/olympique\/wp-content\/uploads\/sites\/2\/2013\/02\/adam-van-koeverden.jpg?resize=237,158 237w, https:\/\/develop.olympic.ca\/olympique\/wp-content\/uploads\/sites\/2\/2013\/02\/adam-van-koeverden.jpg?resize=556,371 556w, https:\/\/develop.olympic.ca\/olympique\/wp-content\/uploads\/sites\/2\/2013\/02\/adam-van-koeverden.jpg?resize=768,512 768w, https:\/\/develop.olympic.ca\/olympique\/wp-content\/uploads\/sites\/2\/2013\/02\/adam-van-koeverden.jpg?resize=1130,754 1130w, https:\/\/develop.olympic.ca\/olympique\/wp-content\/uploads\/sites\/2\/2013\/02\/adam-van-koeverden.jpg?resize=1536,1025 1536w, https:\/\/develop.olympic.ca\/olympique\/wp-content\/uploads\/sites\/2\/2013\/02\/adam-van-koeverden.jpg?resize=2048,1367 2048w\" width=\"590\" height=\"393\" loading=\"lazy\" data-original-width=\"590\" data-original-height=\"393\" itemprop=\"http:\/\/schema.org\/image\" title=\"Adam van Koeverden\" alt=\"Adam van Koeverden\" style=\"width: 590px; height: 393px;\" \/> <\/a> <\/div> <div class=\"tiled-gallery-item tiled-gallery-item-large\" itemprop=\"associatedMedia\" itemscope itemtype=\"http:\/\/schema.org\/ImageObject\"> <a href=\"https:\/\/develop.olympic.ca\/olympique\/wp-content\/uploads\/sites\/2\/2013\/02\/alexandra-bruce-michelle-li.jpg?quality=100&#038;strip\" border=\"0\" itemprop=\"url\"> <meta itemprop=\"width\" content=\"590\"> <meta itemprop=\"height\" content=\"487\"> <img decoding=\"async\" data-recalc-dims=\"1\" class=\"\" data-attachment-id=\"75653\" data-orig-file=\"https:\/\/develop.olympic.ca\/olympique\/wp-content\/uploads\/sites\/2\/2013\/02\/alexandra-bruce-michelle-li.jpg?quality=100\" data-orig-size=\"2760,2278\" data-comments-opened=\"1\" data-image-meta=\"{&quot;aperture&quot;:&quot;4&quot;,&quot;credit&quot;:&quot;Jason Ransom&quot;,&quot;camera&quot;:&quot;NIKON D4&quot;,&quot;caption&quot;:&quot;Canada\\u0027s Michelle Li Reika Kakiiwa of Japan at the 2012 London Olympics, on August 2, 2012. Bruce and Li lost the match two sets to one. THE CANADIAN PRESS\\\/HO, COC - Jason Ransom\\nbadminton doubles Alex Bruce, left, and react to a lost point during semifinal action against Mizuki Fuji and&quot;,&quot;created_timestamp&quot;:&quot;1343936197&quot;,&quot;copyright&quot;:&quot;&quot;,&quot;focal_length&quot;:&quot;400&quot;,&quot;iso&quot;:&quot;3200&quot;,&quot;shutter_speed&quot;:&quot;0.001&quot;,&quot;title&quot;:&quot;OLY COC London 2012&quot;}\" data-image-title=\"Alexandra Bruce et Michelle Li\" data-image-description=\"\" data-medium-file=\"https:\/\/develop.olympic.ca\/olympique\/wp-content\/uploads\/sites\/2\/2013\/02\/alexandra-bruce-michelle-li.jpg?quality=100&#038;w=449\" data-large-file=\"https:\/\/develop.olympic.ca\/olympique\/wp-content\/uploads\/sites\/2\/2013\/02\/alexandra-bruce-michelle-li.jpg?quality=100&#038;w=914\" src=\"https:\/\/develop.olympic.ca\/olympique\/wp-content\/uploads\/sites\/2\/2013\/02\/alexandra-bruce-michelle-li.jpg?quality=100&#038;w=590&#038;h=487&#038;strip&#038;resize=590%2C487\" srcset=\"https:\/\/develop.olympic.ca\/olympique\/wp-content\/uploads\/sites\/2\/2013\/02\/alexandra-bruce-michelle-li.jpg 2760w, https:\/\/develop.olympic.ca\/olympique\/wp-content\/uploads\/sites\/2\/2013\/02\/alexandra-bruce-michelle-li.jpg?resize=191,158 191w, https:\/\/develop.olympic.ca\/olympique\/wp-content\/uploads\/sites\/2\/2013\/02\/alexandra-bruce-michelle-li.jpg?resize=449,371 449w, https:\/\/develop.olympic.ca\/olympique\/wp-content\/uploads\/sites\/2\/2013\/02\/alexandra-bruce-michelle-li.jpg?resize=768,634 768w, https:\/\/develop.olympic.ca\/olympique\/wp-content\/uploads\/sites\/2\/2013\/02\/alexandra-bruce-michelle-li.jpg?resize=914,754 914w, https:\/\/develop.olympic.ca\/olympique\/wp-content\/uploads\/sites\/2\/2013\/02\/alexandra-bruce-michelle-li.jpg?resize=1536,1268 1536w, https:\/\/develop.olympic.ca\/olympique\/wp-content\/uploads\/sites\/2\/2013\/02\/alexandra-bruce-michelle-li.jpg?resize=2048,1690 2048w\" width=\"590\" height=\"487\" loading=\"lazy\" data-original-width=\"590\" data-original-height=\"487\" itemprop=\"http:\/\/schema.org\/image\" title=\"Alexandra Bruce et Michelle Li\" alt=\"Alexandra Bruce et Michelle Li\" style=\"width: 590px; height: 487px;\" \/> <\/a> <\/div> <\/div> <!-- close group --> <\/div> <!-- close row --> <\/div>\n","protected":false},"excerpt":{"rendered":"","protected":false},"featured_media":75634,"parent":0,"template":"","format":"gallery","categories":[],"tags":[],"sport":[],"game":[],"class_list":["post-45644","photos","type-photos","status-publish","format-gallery","has-post-thumbnail","hentry"],"acf":[],"yoast_head":"<!-- This site is optimized with the Yoast SEO plugin v27.3 - https:\/\/yoast.com\/product\/yoast-seo-wordpress\/ -->\n<title>Londres 2012 - \u00c9quipe Canada | Site officiel de l&#039;\u00e9quipe olympique<\/title>\n<meta name=\"robots\" content=\"index, follow, max-snippet:-1, max-image-preview:large, max-video-preview:-1\" \/>\n<link rel=\"canonical\" href=\"https:\/\/develop.olympic.ca\/olympique\/photos\/londres-2012\/\" \/>\n<meta property=\"og:locale\" content=\"fr_FR\" \/>\n<meta property=\"og:type\" content=\"article\" \/>\n<meta property=\"og:title\" content=\"Londres 2012 - \u00c9quipe Canada | Site officiel de l&#039;\u00e9quipe olympique\" \/>\n<meta property=\"og:url\" content=\"https:\/\/develop.olympic.ca\/olympique\/photos\/londres-2012\/\" \/>\n<meta property=\"og:site_name\" content=\"\u00c9quipe Canada | Site officiel de l&#039;\u00e9quipe olympique\" \/>\n<meta property=\"article:modified_time\" content=\"2013-10-04T15:59:51+00:00\" \/>\n<meta property=\"og:image\" content=\"https:\/\/develop.olympic.ca\/olympique\/wp-content\/uploads\/sites\/2\/2013\/02\/football-soccer.jpg?resize=1215,754\" \/>\n\t<meta property=\"og:image:width\" content=\"1215\" \/>\n\t<meta property=\"og:image:height\" content=\"754\" \/>\n\t<meta property=\"og:image:type\" content=\"image\/jpeg\" \/>\n<meta name=\"twitter:card\" content=\"summary_large_image\" \/>\n<meta name=\"twitter:label1\" content=\"Written by\" \/>\n\t<meta name=\"twitter:data1\" content=\"Mark Nadolny\" \/>\n<script type=\"application\/ld+json\" class=\"yoast-schema-graph\">{\"@context\":\"https:\\\/\\\/schema.org\",\"@graph\":[{\"@type\":\"WebPage\",\"@id\":\"https:\\\/\\\/develop.olympic.ca\\\/olympique\\\/photos\\\/londres-2012\\\/\",\"url\":\"https:\\\/\\\/develop.olympic.ca\\\/olympique\\\/photos\\\/londres-2012\\\/\",\"name\":\"Londres 2012 - \u00c9quipe Canada | Site officiel de l&#039;\u00e9quipe olympique\",\"isPartOf\":{\"@id\":\"https:\\\/\\\/develop.olympic.ca\\\/olympique\\\/#website\"},\"primaryImageOfPage\":{\"@id\":\"https:\\\/\\\/develop.olympic.ca\\\/olympique\\\/photos\\\/londres-2012\\\/#primaryimage\"},\"image\":{\"@id\":\"https:\\\/\\\/develop.olympic.ca\\\/olympique\\\/photos\\\/londres-2012\\\/#primaryimage\"},\"thumbnailUrl\":\"https:\\\/\\\/develop.olympic.ca\\\/olympique\\\/wp-content\\\/uploads\\\/sites\\\/2\\\/2013\\\/02\\\/football-soccer.jpg?quality=100\",\"datePublished\":\"2013-02-09T10:51:36+00:00\",\"dateModified\":\"2013-10-04T15:59:51+00:00\",\"breadcrumb\":{\"@id\":\"https:\\\/\\\/develop.olympic.ca\\\/olympique\\\/photos\\\/londres-2012\\\/#breadcrumb\"},\"inLanguage\":\"fr-FR\",\"potentialAction\":[{\"@type\":\"ReadAction\",\"target\":[\"https:\\\/\\\/develop.olympic.ca\\\/olympique\\\/photos\\\/londres-2012\\\/\"]}]},{\"@type\":\"ImageObject\",\"inLanguage\":\"fr-FR\",\"@id\":\"https:\\\/\\\/develop.olympic.ca\\\/olympique\\\/photos\\\/londres-2012\\\/#primaryimage\",\"url\":\"https:\\\/\\\/develop.olympic.ca\\\/olympique\\\/wp-content\\\/uploads\\\/sites\\\/2\\\/2013\\\/02\\\/football-soccer.jpg?quality=100\",\"contentUrl\":\"https:\\\/\\\/develop.olympic.ca\\\/olympique\\\/wp-content\\\/uploads\\\/sites\\\/2\\\/2013\\\/02\\\/football-soccer.jpg?quality=100\",\"width\":3888,\"height\":2412},{\"@type\":\"BreadcrumbList\",\"@id\":\"https:\\\/\\\/develop.olympic.ca\\\/olympique\\\/photos\\\/londres-2012\\\/#breadcrumb\",\"itemListElement\":[{\"@type\":\"ListItem\",\"position\":1,\"name\":\"Album photo\",\"item\":\"https:\\\/\\\/develop.olympic.ca\\\/olympique\\\/photos\\\/\"},{\"@type\":\"ListItem\",\"position\":2,\"name\":\"Londres 2012\"}]},{\"@type\":\"WebSite\",\"@id\":\"https:\\\/\\\/develop.olympic.ca\\\/olympique\\\/#website\",\"url\":\"https:\\\/\\\/develop.olympic.ca\\\/olympique\\\/\",\"name\":\"\u00c9quipe Canada | Site officiel de l&#039;\u00e9quipe olympique\",\"description\":\"Votre source pour l\u2019\u00c9quipe olympique canadienne. Retrouvez les r\u00e9cits, vid\u00e9os et photos des athl\u00e8tes canadiens, sports olympiques, Jeux olympiques de 2020 et bien plus!\",\"potentialAction\":[{\"@type\":\"SearchAction\",\"target\":{\"@type\":\"EntryPoint\",\"urlTemplate\":\"https:\\\/\\\/develop.olympic.ca\\\/olympique\\\/?s={search_term_string}\"},\"query-input\":{\"@type\":\"PropertyValueSpecification\",\"valueRequired\":true,\"valueName\":\"search_term_string\"}}],\"inLanguage\":\"fr-FR\"}]}<\/script>\n<!-- \/ Yoast SEO plugin. -->","yoast_head_json":{"title":"Londres 2012 - \u00c9quipe Canada | Site officiel de l&#039;\u00e9quipe olympique","robots":{"index":"index","follow":"follow","max-snippet":"max-snippet:-1","max-image-preview":"max-image-preview:large","max-video-preview":"max-video-preview:-1"},"canonical":"https:\/\/develop.olympic.ca\/olympique\/photos\/londres-2012\/","og_locale":"fr_FR","og_type":"article","og_title":"Londres 2012 - \u00c9quipe Canada | Site officiel de l&#039;\u00e9quipe olympique","og_url":"https:\/\/develop.olympic.ca\/olympique\/photos\/londres-2012\/","og_site_name":"\u00c9quipe Canada | Site officiel de l&#039;\u00e9quipe olympique","article_modified_time":"2013-10-04T15:59:51+00:00","og_image":[{"width":1215,"height":754,"url":"https:\/\/develop.olympic.ca\/olympique\/wp-content\/uploads\/sites\/2\/2013\/02\/football-soccer.jpg?resize=1215,754","type":"image\/jpeg"}],"twitter_card":"summary_large_image","twitter_misc":{"Written by":"Mark Nadolny"},"schema":{"@context":"https:\/\/schema.org","@graph":[{"@type":"WebPage","@id":"https:\/\/develop.olympic.ca\/olympique\/photos\/londres-2012\/","url":"https:\/\/develop.olympic.ca\/olympique\/photos\/londres-2012\/","name":"Londres 2012 - \u00c9quipe Canada | Site officiel de l&#039;\u00e9quipe olympique","isPartOf":{"@id":"https:\/\/develop.olympic.ca\/olympique\/#website"},"primaryImageOfPage":{"@id":"https:\/\/develop.olympic.ca\/olympique\/photos\/londres-2012\/#primaryimage"},"image":{"@id":"https:\/\/develop.olympic.ca\/olympique\/photos\/londres-2012\/#primaryimage"},"thumbnailUrl":"https:\/\/develop.olympic.ca\/olympique\/wp-content\/uploads\/sites\/2\/2013\/02\/football-soccer.jpg?quality=100","datePublished":"2013-02-09T10:51:36+00:00","dateModified":"2013-10-04T15:59:51+00:00","breadcrumb":{"@id":"https:\/\/develop.olympic.ca\/olympique\/photos\/londres-2012\/#breadcrumb"},"inLanguage":"fr-FR","potentialAction":[{"@type":"ReadAction","target":["https:\/\/develop.olympic.ca\/olympique\/photos\/londres-2012\/"]}]},{"@type":"ImageObject","inLanguage":"fr-FR","@id":"https:\/\/develop.olympic.ca\/olympique\/photos\/londres-2012\/#primaryimage","url":"https:\/\/develop.olympic.ca\/olympique\/wp-content\/uploads\/sites\/2\/2013\/02\/football-soccer.jpg?quality=100","contentUrl":"https:\/\/develop.olympic.ca\/olympique\/wp-content\/uploads\/sites\/2\/2013\/02\/football-soccer.jpg?quality=100","width":3888,"height":2412},{"@type":"BreadcrumbList","@id":"https:\/\/develop.olympic.ca\/olympique\/photos\/londres-2012\/#breadcrumb","itemListElement":[{"@type":"ListItem","position":1,"name":"Album photo","item":"https:\/\/develop.olympic.ca\/olympique\/photos\/"},{"@type":"ListItem","position":2,"name":"Londres 2012"}]},{"@type":"WebSite","@id":"https:\/\/develop.olympic.ca\/olympique\/#website","url":"https:\/\/develop.olympic.ca\/olympique\/","name":"\u00c9quipe Canada | Site officiel de l&#039;\u00e9quipe olympique","description":"Votre source pour l\u2019\u00c9quipe olympique canadienne. Retrouvez les r\u00e9cits, vid\u00e9os et photos des athl\u00e8tes canadiens, sports olympiques, Jeux olympiques de 2020 et bien plus!","potentialAction":[{"@type":"SearchAction","target":{"@type":"EntryPoint","urlTemplate":"https:\/\/develop.olympic.ca\/olympique\/?s={search_term_string}"},"query-input":{"@type":"PropertyValueSpecification","valueRequired":true,"valueName":"search_term_string"}}],"inLanguage":"fr-FR"}]}},"featured_image_url":"https:\/\/develop.olympic.ca\/olympique\/wp-content\/uploads\/sites\/2\/2013\/02\/football-soccer.jpg?quality=100","category_names":[],"tag_names":[],"sport_names":[],"game_names":[],"jetpack_sharing_enabled":true,"_links":{"self":[{"href":"https:\/\/develop.olympic.ca\/olympique\/wp-json\/wp\/v2\/photos\/45644","targetHints":{"allow":["GET"]}}],"collection":[{"href":"https:\/\/develop.olympic.ca\/olympique\/wp-json\/wp\/v2\/photos"}],"about":[{"href":"https:\/\/develop.olympic.ca\/olympique\/wp-json\/wp\/v2\/types\/photos"}],"wp:featuredmedia":[{"embeddable":true,"href":"https:\/\/develop.olympic.ca\/olympique\/wp-json\/wp\/v2\/media\/75634"}],"wp:attachment":[{"href":"https:\/\/develop.olympic.ca\/olympique\/wp-json\/wp\/v2\/media?parent=45644"}],"wp:term":[{"taxonomy":"category","embeddable":true,"href":"https:\/\/develop.olympic.ca\/olympique\/wp-json\/wp\/v2\/categories?post=45644"},{"taxonomy":"post_tag","embeddable":true,"href":"https:\/\/develop.olympic.ca\/olympique\/wp-json\/wp\/v2\/tags?post=45644"},{"taxonomy":"sport","embeddable":true,"href":"https:\/\/develop.olympic.ca\/olympique\/wp-json\/wp\/v2\/sport?post=45644"},{"taxonomy":"game","embeddable":true,"href":"https:\/\/develop.olympic.ca\/olympique\/wp-json\/wp\/v2\/game?post=45644"}],"curies":[{"name":"wp","href":"https:\/\/api.w.org\/{rel}","templated":true}]}}