{"id":4725,"date":"2013-01-31T18:25:38","date_gmt":"2013-01-31T18:25:38","guid":{"rendered":"http:\/\/develop.olympic.ca\/?post_type=galleries&#038;p=4725"},"modified":"2013-08-01T01:06:07","modified_gmt":"2013-08-01T01:06:07","slug":"barcelona-1992-2","status":"publish","type":"photos","link":"https:\/\/develop.olympic.ca\/olympique\/photos\/barcelona-1992-2\/","title":{"rendered":"Barcelone 1992"},"content":{"rendered":"<div class=\"tiled-gallery type-rectangular tiled-gallery-unresized\" data-original-width=\"1360\" data-carousel-extra='null' itemscope itemtype=\"http:\/\/schema.org\/ImageGallery\" > <div class=\"gallery-row\" style=\"width: 1360px; height: 720px;\" data-original-width=\"1360\" data-original-height=\"720\" > <div class=\"gallery-group images-1\" style=\"width: 887px; height: 720px;\" data-original-width=\"887\" data-original-height=\"720\" > <div class=\"tiled-gallery-item tiled-gallery-item-large\" itemprop=\"associatedMedia\" itemscope itemtype=\"http:\/\/schema.org\/ImageObject\"> <a href=\"https:\/\/develop.olympic.ca\/olympique\/wp-content\/uploads\/sites\/2\/2013\/01\/1414371.jpg?quality=100&#038;strip\" border=\"0\" itemprop=\"url\"> <meta itemprop=\"width\" content=\"883\"> <meta itemprop=\"height\" content=\"716\"> <img decoding=\"async\" data-recalc-dims=\"1\" class=\"\" data-attachment-id=\"75931\" data-orig-file=\"https:\/\/develop.olympic.ca\/olympique\/wp-content\/uploads\/sites\/2\/2013\/01\/1414371.jpg?quality=100\" data-orig-size=\"3000,2434\" data-comments-opened=\"1\" data-image-meta=\"{&quot;aperture&quot;:&quot;0&quot;,&quot;credit&quot;:&quot;Canadian Olympic Committee&quot;,&quot;camera&quot;:&quot;&quot;,&quot;caption&quot;:&quot;Canada\\u0027s Michael Smith (centre) competing in the decathlon event at the 1992 Olympic games in Barcelona. (CP PHOTO\\\/ COC\\\/ Claus Andersen)\\r\\n\\r\\nMichael Smith (centre) du Canada participe au decathlon aux Jeux olympiques de Barcelone de 1992. (PC Photo\\\/AOC)&quot;,&quot;created_timestamp&quot;:&quot;712022400&quot;,&quot;copyright&quot;:&quot;&quot;,&quot;focal_length&quot;:&quot;0&quot;,&quot;iso&quot;:&quot;0&quot;,&quot;shutter_speed&quot;:&quot;0&quot;,&quot;title&quot;:&quot;Smith, Michael&quot;}\" data-image-title=\"Michael Smith\" data-image-description=\"&lt;p&gt;Michael Smith (centre) du Canada participe au decathlon aux Jeux olympiques de Barcelone de 1992. (PC Photo\/AOC)&lt;\/p&gt; \" data-medium-file=\"https:\/\/develop.olympic.ca\/olympique\/wp-content\/uploads\/sites\/2\/2013\/01\/1414371.jpg?quality=100&#038;w=457\" data-large-file=\"https:\/\/develop.olympic.ca\/olympique\/wp-content\/uploads\/sites\/2\/2013\/01\/1414371.jpg?quality=100&#038;w=929\" src=\"https:\/\/develop.olympic.ca\/olympique\/wp-content\/uploads\/sites\/2\/2013\/01\/1414371.jpg?quality=100&#038;w=883&#038;h=716&#038;strip&#038;resize=883%2C716\" srcset=\"https:\/\/develop.olympic.ca\/olympique\/wp-content\/uploads\/sites\/2\/2013\/01\/1414371.jpg 3000w, https:\/\/develop.olympic.ca\/olympique\/wp-content\/uploads\/sites\/2\/2013\/01\/1414371.jpg?resize=195,158 195w, https:\/\/develop.olympic.ca\/olympique\/wp-content\/uploads\/sites\/2\/2013\/01\/1414371.jpg?resize=457,371 457w, https:\/\/develop.olympic.ca\/olympique\/wp-content\/uploads\/sites\/2\/2013\/01\/1414371.jpg?resize=768,623 768w, https:\/\/develop.olympic.ca\/olympique\/wp-content\/uploads\/sites\/2\/2013\/01\/1414371.jpg?resize=929,754 929w, https:\/\/develop.olympic.ca\/olympique\/wp-content\/uploads\/sites\/2\/2013\/01\/1414371.jpg?resize=1536,1246 1536w, https:\/\/develop.olympic.ca\/olympique\/wp-content\/uploads\/sites\/2\/2013\/01\/1414371.jpg?resize=2048,1662 2048w\" width=\"883\" height=\"716\" loading=\"lazy\" data-original-width=\"883\" data-original-height=\"716\" itemprop=\"http:\/\/schema.org\/image\" title=\"Michael Smith\" alt=\"Michael Smith\" style=\"width: 883px; height: 716px;\" \/> <\/a> <\/div> <\/div> <!-- close group --> <div class=\"gallery-group images-2\" style=\"width: 473px; height: 720px;\" data-original-width=\"473\" data-original-height=\"720\" > <div class=\"tiled-gallery-item tiled-gallery-item-large\" itemprop=\"associatedMedia\" itemscope itemtype=\"http:\/\/schema.org\/ImageObject\"> <a href=\"https:\/\/develop.olympic.ca\/olympique\/wp-content\/uploads\/sites\/2\/2013\/01\/1414378-e1651167968171.jpg?quality=100&#038;strip\" border=\"0\" itemprop=\"url\"> <meta itemprop=\"width\" content=\"469\"> <meta itemprop=\"height\" content=\"325\"> <img decoding=\"async\" data-recalc-dims=\"1\" class=\"\" data-attachment-id=\"75932\" data-orig-file=\"https:\/\/develop.olympic.ca\/olympique\/wp-content\/uploads\/sites\/2\/2013\/01\/1414378-e1651167968171.jpg?quality=100\" data-orig-size=\"1927,1335\" data-comments-opened=\"1\" data-image-meta=\"{&quot;aperture&quot;:&quot;0&quot;,&quot;credit&quot;:&quot;Canadian Olympic Committee&quot;,&quot;camera&quot;:&quot;&quot;,&quot;caption&quot;:&quot;Canada\\u0027s Bruny Surin (left) competing in the 400m event at the 1992 Olympic games in Barcelona. (CP PHOTO\\\/ COC\\\/ Claus Andersen)\\r\\n\\r\\nBruny Surin (gauche) du Canada participe au 400 m aux Jeux olympiques de Barcelone de 1992. (PC Photo\\\/AOC)&quot;,&quot;created_timestamp&quot;:&quot;712022400&quot;,&quot;copyright&quot;:&quot;&quot;,&quot;focal_length&quot;:&quot;0&quot;,&quot;iso&quot;:&quot;0&quot;,&quot;shutter_speed&quot;:&quot;0&quot;,&quot;title&quot;:&quot;Surin, Bruny&quot;}\" data-image-title=\"Bruny Surin\" data-image-description=\"&lt;p&gt;Bruny Surin (gauche) du Canada participe au 400 m aux Jeux olympiques de Barcelone de 1992. (PC Photo\/AOC)&lt;\/p&gt; \" data-medium-file=\"https:\/\/develop.olympic.ca\/olympique\/wp-content\/uploads\/sites\/2\/2013\/01\/1414378-e1651167968171.jpg?quality=100&#038;w=536\" data-large-file=\"https:\/\/develop.olympic.ca\/olympique\/wp-content\/uploads\/sites\/2\/2013\/01\/1414378-e1651167968171.jpg?quality=100&#038;w=1088\" src=\"https:\/\/develop.olympic.ca\/olympique\/wp-content\/uploads\/sites\/2\/2013\/01\/1414378-e1651167968171.jpg?quality=100&#038;w=469&#038;h=325&#038;strip&#038;resize=469%2C325\" srcset=\"https:\/\/develop.olympic.ca\/olympique\/wp-content\/uploads\/sites\/2\/2013\/01\/1414378-e1651167968171.jpg 1927w, https:\/\/develop.olympic.ca\/olympique\/wp-content\/uploads\/sites\/2\/2013\/01\/1414378-e1651167968171.jpg?resize=228,158 228w, https:\/\/develop.olympic.ca\/olympique\/wp-content\/uploads\/sites\/2\/2013\/01\/1414378-e1651167968171.jpg?resize=536,371 536w, https:\/\/develop.olympic.ca\/olympique\/wp-content\/uploads\/sites\/2\/2013\/01\/1414378-e1651167968171.jpg?resize=768,532 768w, https:\/\/develop.olympic.ca\/olympique\/wp-content\/uploads\/sites\/2\/2013\/01\/1414378-e1651167968171.jpg?resize=1088,754 1088w, https:\/\/develop.olympic.ca\/olympique\/wp-content\/uploads\/sites\/2\/2013\/01\/1414378-e1651167968171.jpg?resize=1536,1064 1536w\" width=\"469\" height=\"325\" loading=\"lazy\" data-original-width=\"469\" data-original-height=\"325\" itemprop=\"http:\/\/schema.org\/image\" title=\"Bruny Surin\" alt=\"Bruny Surin\" style=\"width: 469px; height: 325px;\" \/> <\/a> <\/div> <div class=\"tiled-gallery-item tiled-gallery-item-large\" itemprop=\"associatedMedia\" itemscope itemtype=\"http:\/\/schema.org\/ImageObject\"> <a href=\"https:\/\/develop.olympic.ca\/olympique\/wp-content\/uploads\/sites\/2\/2013\/01\/1414419.jpg?quality=100&#038;strip\" border=\"0\" itemprop=\"url\"> <meta itemprop=\"width\" content=\"469\"> <meta itemprop=\"height\" content=\"387\"> <img decoding=\"async\" data-recalc-dims=\"1\" class=\"\" data-attachment-id=\"75933\" data-orig-file=\"https:\/\/develop.olympic.ca\/olympique\/wp-content\/uploads\/sites\/2\/2013\/01\/1414419.jpg?quality=100\" data-orig-size=\"3000,2473\" data-comments-opened=\"1\" data-image-meta=\"{&quot;aperture&quot;:&quot;0&quot;,&quot;credit&quot;:&quot;Canadian Olympic Committee&quot;,&quot;camera&quot;:&quot;&quot;,&quot;caption&quot;:&quot;Canada\\u0027s Mark McKoy competing in the 110m hurdles event at the 1992 Olympic games in Barcelona. (CP PHOTO\\\/ COC\\\/ Claus Andersen)\\r\\n\\r\\nMark McKoy du Canada participe au 110 m haies aux Jeux olympiques de Barcelone de 1992. (PC Photo\\\/AOC)&quot;,&quot;created_timestamp&quot;:&quot;712022400&quot;,&quot;copyright&quot;:&quot;&quot;,&quot;focal_length&quot;:&quot;0&quot;,&quot;iso&quot;:&quot;0&quot;,&quot;shutter_speed&quot;:&quot;0&quot;,&quot;title&quot;:&quot;McKoy, Mark&quot;}\" data-image-title=\"Mark McKoy\" data-image-description=\"&lt;p&gt;Mark McKoy du Canada participe au 110 m haies aux Jeux olympiques de Barcelone de 1992. (PC Photo\/AOC)&lt;\/p&gt; \" data-medium-file=\"https:\/\/develop.olympic.ca\/olympique\/wp-content\/uploads\/sites\/2\/2013\/01\/1414419.jpg?quality=100&#038;w=450\" data-large-file=\"https:\/\/develop.olympic.ca\/olympique\/wp-content\/uploads\/sites\/2\/2013\/01\/1414419.jpg?quality=100&#038;w=915\" src=\"https:\/\/develop.olympic.ca\/olympique\/wp-content\/uploads\/sites\/2\/2013\/01\/1414419.jpg?quality=100&#038;w=469&#038;h=387&#038;strip&#038;resize=469%2C387\" srcset=\"https:\/\/develop.olympic.ca\/olympique\/wp-content\/uploads\/sites\/2\/2013\/01\/1414419.jpg 3000w, https:\/\/develop.olympic.ca\/olympique\/wp-content\/uploads\/sites\/2\/2013\/01\/1414419.jpg?resize=192,158 192w, https:\/\/develop.olympic.ca\/olympique\/wp-content\/uploads\/sites\/2\/2013\/01\/1414419.jpg?resize=450,371 450w, https:\/\/develop.olympic.ca\/olympique\/wp-content\/uploads\/sites\/2\/2013\/01\/1414419.jpg?resize=768,633 768w, https:\/\/develop.olympic.ca\/olympique\/wp-content\/uploads\/sites\/2\/2013\/01\/1414419.jpg?resize=915,754 915w, https:\/\/develop.olympic.ca\/olympique\/wp-content\/uploads\/sites\/2\/2013\/01\/1414419.jpg?resize=1536,1266 1536w, https:\/\/develop.olympic.ca\/olympique\/wp-content\/uploads\/sites\/2\/2013\/01\/1414419.jpg?resize=2048,1688 2048w\" width=\"469\" height=\"387\" loading=\"lazy\" data-original-width=\"469\" data-original-height=\"387\" itemprop=\"http:\/\/schema.org\/image\" title=\"Mark McKoy\" alt=\"Mark McKoy\" style=\"width: 469px; height: 387px;\" \/> <\/a> <\/div> <\/div> <!-- close group --> <\/div> <!-- close row --> <div class=\"gallery-row\" style=\"width: 1360px; height: 356px;\" data-original-width=\"1360\" data-original-height=\"356\" > <div class=\"gallery-group images-1\" style=\"width: 460px; height: 356px;\" data-original-width=\"460\" data-original-height=\"356\" > <div class=\"tiled-gallery-item tiled-gallery-item-large\" itemprop=\"associatedMedia\" itemscope itemtype=\"http:\/\/schema.org\/ImageObject\"> <a href=\"https:\/\/develop.olympic.ca\/olympique\/wp-content\/uploads\/sites\/2\/2013\/01\/1414471.jpg?quality=100&#038;strip\" border=\"0\" itemprop=\"url\"> <meta itemprop=\"width\" content=\"456\"> <meta itemprop=\"height\" content=\"352\"> <img decoding=\"async\" data-recalc-dims=\"1\" class=\"\" data-attachment-id=\"75934\" data-orig-file=\"https:\/\/develop.olympic.ca\/olympique\/wp-content\/uploads\/sites\/2\/2013\/01\/1414471.jpg?quality=100\" data-orig-size=\"3000,2317\" data-comments-opened=\"1\" data-image-meta=\"{&quot;aperture&quot;:&quot;0&quot;,&quot;credit&quot;:&quot;Canadian Olympic Committee&quot;,&quot;camera&quot;:&quot;&quot;,&quot;caption&quot;:&quot;Canada\\u0027s men\\u0027s time trials team competing at the 1992 Olympic games in Barcelona. (CP PHOTO\\\/ COC\\\/ Claus Andersen)\\r\\n\\r\\nL\\u0027\\u00e9quipe masculine du Canada participe au contre la montre par equipe aux Jeux olympiques de Barcelone de 1992. (PC Photo\\\/AOC)&quot;,&quot;created_timestamp&quot;:&quot;712022400&quot;,&quot;copyright&quot;:&quot;&quot;,&quot;focal_length&quot;:&quot;0&quot;,&quot;iso&quot;:&quot;0&quot;,&quot;shutter_speed&quot;:&quot;0&quot;,&quot;title&quot;:&quot;1992 BARCELONA OLYMPIC GAMES-CYCLING&quot;}\" data-image-title=\"L&amp;rsquo;\u00e9quipe masculine\" data-image-description=\"&lt;p&gt;L&amp;rsquo;\u00e9quipe masculine du Canada participe au contre la montre par equipe aux Jeux olympiques de Barcelone de 1992. (PC Photo\/AOC)&lt;\/p&gt; \" data-medium-file=\"https:\/\/develop.olympic.ca\/olympique\/wp-content\/uploads\/sites\/2\/2013\/01\/1414471.jpg?quality=100&#038;w=480\" data-large-file=\"https:\/\/develop.olympic.ca\/olympique\/wp-content\/uploads\/sites\/2\/2013\/01\/1414471.jpg?quality=100&#038;w=976\" src=\"https:\/\/develop.olympic.ca\/olympique\/wp-content\/uploads\/sites\/2\/2013\/01\/1414471.jpg?quality=100&#038;w=456&#038;h=352&#038;strip&#038;resize=456%2C352\" srcset=\"https:\/\/develop.olympic.ca\/olympique\/wp-content\/uploads\/sites\/2\/2013\/01\/1414471.jpg 3000w, https:\/\/develop.olympic.ca\/olympique\/wp-content\/uploads\/sites\/2\/2013\/01\/1414471.jpg?resize=205,158 205w, https:\/\/develop.olympic.ca\/olympique\/wp-content\/uploads\/sites\/2\/2013\/01\/1414471.jpg?resize=480,371 480w, https:\/\/develop.olympic.ca\/olympique\/wp-content\/uploads\/sites\/2\/2013\/01\/1414471.jpg?resize=768,593 768w, https:\/\/develop.olympic.ca\/olympique\/wp-content\/uploads\/sites\/2\/2013\/01\/1414471.jpg?resize=976,754 976w, https:\/\/develop.olympic.ca\/olympique\/wp-content\/uploads\/sites\/2\/2013\/01\/1414471.jpg?resize=1536,1186 1536w, https:\/\/develop.olympic.ca\/olympique\/wp-content\/uploads\/sites\/2\/2013\/01\/1414471.jpg?resize=2048,1582 2048w\" width=\"456\" height=\"352\" loading=\"lazy\" data-original-width=\"456\" data-original-height=\"352\" itemprop=\"http:\/\/schema.org\/image\" title=\"L&#039;\u00e9quipe masculine\" alt=\"L&#039;\u00e9quipe masculine\" style=\"width: 456px; height: 352px;\" \/> <\/a> <\/div> <\/div> <!-- close group --> <div class=\"gallery-group images-1\" style=\"width: 435px; height: 356px;\" data-original-width=\"435\" data-original-height=\"356\" > <div class=\"tiled-gallery-item tiled-gallery-item-large\" itemprop=\"associatedMedia\" itemscope itemtype=\"http:\/\/schema.org\/ImageObject\"> <a href=\"https:\/\/develop.olympic.ca\/olympique\/wp-content\/uploads\/sites\/2\/2013\/01\/1414610.jpg?quality=100&#038;strip\" border=\"0\" itemprop=\"url\"> <meta itemprop=\"width\" content=\"431\"> <meta itemprop=\"height\" content=\"352\"> <img decoding=\"async\" data-recalc-dims=\"1\" class=\"\" data-attachment-id=\"75935\" data-orig-file=\"https:\/\/develop.olympic.ca\/olympique\/wp-content\/uploads\/sites\/2\/2013\/01\/1414610.jpg?quality=100\" data-orig-size=\"3000,2455\" data-comments-opened=\"1\" data-image-meta=\"{&quot;aperture&quot;:&quot;0&quot;,&quot;credit&quot;:&quot;Canadian Olympic Committee&quot;,&quot;camera&quot;:&quot;&quot;,&quot;caption&quot;:&quot;Canada\\u0027s Patrice Gagnon competing in the K-1 event at the 1992 Olympic games in Barcelona. (CP PHOTO\\\/ COC\\\/ F.S.Grant)\\r\\n\\r\\nPatrice Gagnon du Canada participe \\u00e0 l\\u0027\\u00e9preuve K-1 aux Jeux olympiques de Barcelone de 1992. (PC Photo\\\/AOC)&quot;,&quot;created_timestamp&quot;:&quot;712022400&quot;,&quot;copyright&quot;:&quot;&quot;,&quot;focal_length&quot;:&quot;0&quot;,&quot;iso&quot;:&quot;0&quot;,&quot;shutter_speed&quot;:&quot;0&quot;,&quot;title&quot;:&quot;Gagnon, Patrice&quot;}\" data-image-title=\"Patrice Gagnon\" data-image-description=\"&lt;p&gt;Patrice Gagnon du Canada participe \u00e0 l&amp;rsquo;\u00e9preuve K-1 aux Jeux olympiques de Barcelone de 1992. (PC Photo\/AOC)&lt;\/p&gt; \" data-medium-file=\"https:\/\/develop.olympic.ca\/olympique\/wp-content\/uploads\/sites\/2\/2013\/01\/1414610.jpg?quality=100&#038;w=453\" data-large-file=\"https:\/\/develop.olympic.ca\/olympique\/wp-content\/uploads\/sites\/2\/2013\/01\/1414610.jpg?quality=100&#038;w=921\" src=\"https:\/\/develop.olympic.ca\/olympique\/wp-content\/uploads\/sites\/2\/2013\/01\/1414610.jpg?quality=100&#038;w=431&#038;h=352&#038;strip&#038;resize=431%2C352\" srcset=\"https:\/\/develop.olympic.ca\/olympique\/wp-content\/uploads\/sites\/2\/2013\/01\/1414610.jpg 3000w, https:\/\/develop.olympic.ca\/olympique\/wp-content\/uploads\/sites\/2\/2013\/01\/1414610.jpg?resize=193,158 193w, https:\/\/develop.olympic.ca\/olympique\/wp-content\/uploads\/sites\/2\/2013\/01\/1414610.jpg?resize=453,371 453w, https:\/\/develop.olympic.ca\/olympique\/wp-content\/uploads\/sites\/2\/2013\/01\/1414610.jpg?resize=768,628 768w, https:\/\/develop.olympic.ca\/olympique\/wp-content\/uploads\/sites\/2\/2013\/01\/1414610.jpg?resize=921,754 921w, https:\/\/develop.olympic.ca\/olympique\/wp-content\/uploads\/sites\/2\/2013\/01\/1414610.jpg?resize=1536,1257 1536w, https:\/\/develop.olympic.ca\/olympique\/wp-content\/uploads\/sites\/2\/2013\/01\/1414610.jpg?resize=2048,1676 2048w\" width=\"431\" height=\"352\" loading=\"lazy\" data-original-width=\"431\" data-original-height=\"352\" itemprop=\"http:\/\/schema.org\/image\" title=\"Patrice Gagnon\" alt=\"Patrice Gagnon\" style=\"width: 431px; height: 352px;\" \/> <\/a> <\/div> <\/div> <!-- close group --> <div class=\"gallery-group images-1\" style=\"width: 465px; height: 356px;\" data-original-width=\"465\" data-original-height=\"356\" > <div class=\"tiled-gallery-item tiled-gallery-item-large\" itemprop=\"associatedMedia\" itemscope itemtype=\"http:\/\/schema.org\/ImageObject\"> <a href=\"https:\/\/develop.olympic.ca\/olympique\/wp-content\/uploads\/sites\/2\/2013\/01\/1414611.jpg?quality=100&#038;strip\" border=\"0\" itemprop=\"url\"> <meta itemprop=\"width\" content=\"461\"> <meta itemprop=\"height\" content=\"352\"> <img decoding=\"async\" data-recalc-dims=\"1\" class=\"\" data-attachment-id=\"75937\" data-orig-file=\"https:\/\/develop.olympic.ca\/olympique\/wp-content\/uploads\/sites\/2\/2013\/01\/1414611.jpg?quality=100\" data-orig-size=\"3000,2293\" data-comments-opened=\"1\" data-image-meta=\"{&quot;aperture&quot;:&quot;0&quot;,&quot;credit&quot;:&quot;Canadian Olympic Committee&quot;,&quot;camera&quot;:&quot;&quot;,&quot;caption&quot;:&quot;Canada\\u0027s Steve Giles competing in the canoe event at the 1992 Olympic games in Barcelona. (CP PHOTO\\\/ COC\\\/ F.S.Grant)\\r\\n\\r\\nSteve Giles du Canada participe dans une \\u00e9preuve de cano\\u00eb aux Jeux olympiques de Barcelone de 1992. (PC Photo\\\/AOC)&quot;,&quot;created_timestamp&quot;:&quot;712022400&quot;,&quot;copyright&quot;:&quot;&quot;,&quot;focal_length&quot;:&quot;0&quot;,&quot;iso&quot;:&quot;0&quot;,&quot;shutter_speed&quot;:&quot;0&quot;,&quot;title&quot;:&quot;Giles, Steve&quot;}\" data-image-title=\"Steve Giles\" data-image-description=\"&lt;p&gt;Steve Giles du Canada participe dans une \u00e9preuve de cano\u00eb aux Jeux olympiques de Barcelone de 1992. (PC Photo\/AOC)&lt;\/p&gt; \" data-medium-file=\"https:\/\/develop.olympic.ca\/olympique\/wp-content\/uploads\/sites\/2\/2013\/01\/1414611.jpg?quality=100&#038;w=485\" data-large-file=\"https:\/\/develop.olympic.ca\/olympique\/wp-content\/uploads\/sites\/2\/2013\/01\/1414611.jpg?quality=100&#038;w=986\" src=\"https:\/\/develop.olympic.ca\/olympique\/wp-content\/uploads\/sites\/2\/2013\/01\/1414611.jpg?quality=100&#038;w=461&#038;h=352&#038;strip&#038;resize=461%2C352\" srcset=\"https:\/\/develop.olympic.ca\/olympique\/wp-content\/uploads\/sites\/2\/2013\/01\/1414611.jpg 3000w, https:\/\/develop.olympic.ca\/olympique\/wp-content\/uploads\/sites\/2\/2013\/01\/1414611.jpg?resize=207,158 207w, https:\/\/develop.olympic.ca\/olympique\/wp-content\/uploads\/sites\/2\/2013\/01\/1414611.jpg?resize=485,371 485w, https:\/\/develop.olympic.ca\/olympique\/wp-content\/uploads\/sites\/2\/2013\/01\/1414611.jpg?resize=768,587 768w, https:\/\/develop.olympic.ca\/olympique\/wp-content\/uploads\/sites\/2\/2013\/01\/1414611.jpg?resize=986,754 986w, https:\/\/develop.olympic.ca\/olympique\/wp-content\/uploads\/sites\/2\/2013\/01\/1414611.jpg?resize=1536,1174 1536w, https:\/\/develop.olympic.ca\/olympique\/wp-content\/uploads\/sites\/2\/2013\/01\/1414611.jpg?resize=2048,1565 2048w\" width=\"461\" height=\"352\" loading=\"lazy\" data-original-width=\"461\" data-original-height=\"352\" itemprop=\"http:\/\/schema.org\/image\" title=\"Steve Giles\" alt=\"Steve Giles\" style=\"width: 461px; height: 352px;\" \/> <\/a> <\/div> <\/div> <!-- close group --> <\/div> <!-- close row --> <div class=\"gallery-row\" style=\"width: 1360px; height: 520px;\" data-original-width=\"1360\" data-original-height=\"520\" > <div class=\"gallery-group images-1\" style=\"width: 671px; height: 520px;\" data-original-width=\"671\" data-original-height=\"520\" > <div class=\"tiled-gallery-item tiled-gallery-item-large\" itemprop=\"associatedMedia\" itemscope itemtype=\"http:\/\/schema.org\/ImageObject\"> <a href=\"https:\/\/develop.olympic.ca\/olympique\/wp-content\/uploads\/sites\/2\/2013\/01\/1414649.jpg?quality=100&#038;strip\" border=\"0\" itemprop=\"url\"> <meta itemprop=\"width\" content=\"667\"> <meta itemprop=\"height\" content=\"516\"> <img decoding=\"async\" data-recalc-dims=\"1\" class=\"\" data-attachment-id=\"75938\" data-orig-file=\"https:\/\/develop.olympic.ca\/olympique\/wp-content\/uploads\/sites\/2\/2013\/01\/1414649.jpg?quality=100\" data-orig-size=\"3000,2323\" data-comments-opened=\"1\" data-image-meta=\"{&quot;aperture&quot;:&quot;0&quot;,&quot;credit&quot;:&quot;Canadian Olympic Committee&quot;,&quot;camera&quot;:&quot;&quot;,&quot;caption&quot;:&quot;Canada\\u0027s Mark Rourke competing in the diving event at the 1992 Olympic games in Barcelona. (CP PHOTO\\\/ COC\\\/ F.S.Grant)\\r\\n\\r\\nMark Rourke du Canada participe au plongeon aux Jeux olympiques de Barcelone de 1992. (PC Photo\\\/AOC)&quot;,&quot;created_timestamp&quot;:&quot;712022400&quot;,&quot;copyright&quot;:&quot;&quot;,&quot;focal_length&quot;:&quot;0&quot;,&quot;iso&quot;:&quot;0&quot;,&quot;shutter_speed&quot;:&quot;0&quot;,&quot;title&quot;:&quot;Rourke, Mark&quot;}\" data-image-title=\"Mark Rourke\" data-image-description=\"&lt;p&gt;Mark Rourke du Canada participe au plongeon aux Jeux olympiques de Barcelone de 1992. (PC Photo\/AOC)&lt;\/p&gt; \" data-medium-file=\"https:\/\/develop.olympic.ca\/olympique\/wp-content\/uploads\/sites\/2\/2013\/01\/1414649.jpg?quality=100&#038;w=479\" data-large-file=\"https:\/\/develop.olympic.ca\/olympique\/wp-content\/uploads\/sites\/2\/2013\/01\/1414649.jpg?quality=100&#038;w=974\" src=\"https:\/\/develop.olympic.ca\/olympique\/wp-content\/uploads\/sites\/2\/2013\/01\/1414649.jpg?quality=100&#038;w=667&#038;h=516&#038;strip&#038;resize=667%2C516\" srcset=\"https:\/\/develop.olympic.ca\/olympique\/wp-content\/uploads\/sites\/2\/2013\/01\/1414649.jpg 3000w, https:\/\/develop.olympic.ca\/olympique\/wp-content\/uploads\/sites\/2\/2013\/01\/1414649.jpg?resize=204,158 204w, https:\/\/develop.olympic.ca\/olympique\/wp-content\/uploads\/sites\/2\/2013\/01\/1414649.jpg?resize=479,371 479w, https:\/\/develop.olympic.ca\/olympique\/wp-content\/uploads\/sites\/2\/2013\/01\/1414649.jpg?resize=768,595 768w, https:\/\/develop.olympic.ca\/olympique\/wp-content\/uploads\/sites\/2\/2013\/01\/1414649.jpg?resize=974,754 974w, https:\/\/develop.olympic.ca\/olympique\/wp-content\/uploads\/sites\/2\/2013\/01\/1414649.jpg?resize=1536,1189 1536w, https:\/\/develop.olympic.ca\/olympique\/wp-content\/uploads\/sites\/2\/2013\/01\/1414649.jpg?resize=2048,1586 2048w\" width=\"667\" height=\"516\" loading=\"lazy\" data-original-width=\"667\" data-original-height=\"516\" itemprop=\"http:\/\/schema.org\/image\" title=\"Mark Rourke\" alt=\"Mark Rourke\" style=\"width: 667px; height: 516px;\" \/> <\/a> <\/div> <\/div> <!-- close group --> <div class=\"gallery-group images-1\" style=\"width: 689px; height: 520px;\" data-original-width=\"689\" data-original-height=\"520\" > <div class=\"tiled-gallery-item tiled-gallery-item-large\" itemprop=\"associatedMedia\" itemscope itemtype=\"http:\/\/schema.org\/ImageObject\"> <a href=\"https:\/\/develop.olympic.ca\/olympique\/wp-content\/uploads\/sites\/2\/2013\/01\/1414678.jpg?quality=100&#038;strip\" border=\"0\" itemprop=\"url\"> <meta itemprop=\"width\" content=\"685\"> <meta itemprop=\"height\" content=\"516\"> <img decoding=\"async\" data-recalc-dims=\"1\" class=\"\" data-attachment-id=\"75939\" data-orig-file=\"https:\/\/develop.olympic.ca\/olympique\/wp-content\/uploads\/sites\/2\/2013\/01\/1414678.jpg?quality=100\" data-orig-size=\"3000,2259\" data-comments-opened=\"1\" data-image-meta=\"{&quot;aperture&quot;:&quot;0&quot;,&quot;credit&quot;:&quot;Canadian Olympic Committee&quot;,&quot;camera&quot;:&quot;&quot;,&quot;caption&quot;:&quot;Canada\\u0027s Anne Montminy competing in the diving event at the 1992 Olympic games in Barcelona. (CP PHOTO\\\/ COC\\\/ FS.Grant)\\r\\n\\r\\nAnne Montminy du Canada participe au plongeon aux Jeux olympiques de Barcelone de 1992. (PC Photo\\\/AOC)&quot;,&quot;created_timestamp&quot;:&quot;712022400&quot;,&quot;copyright&quot;:&quot;&quot;,&quot;focal_length&quot;:&quot;0&quot;,&quot;iso&quot;:&quot;0&quot;,&quot;shutter_speed&quot;:&quot;0&quot;,&quot;title&quot;:&quot;Montminy, Anne&quot;}\" data-image-title=\"Anne Montminy\" data-image-description=\"&lt;p&gt;Anne Montminy du Canada participe au plongeon aux Jeux olympiques de Barcelone de 1992. (PC Photo\/AOC)&lt;\/p&gt; \" data-medium-file=\"https:\/\/develop.olympic.ca\/olympique\/wp-content\/uploads\/sites\/2\/2013\/01\/1414678.jpg?quality=100&#038;w=493\" data-large-file=\"https:\/\/develop.olympic.ca\/olympique\/wp-content\/uploads\/sites\/2\/2013\/01\/1414678.jpg?quality=100&#038;w=1001\" src=\"https:\/\/develop.olympic.ca\/olympique\/wp-content\/uploads\/sites\/2\/2013\/01\/1414678.jpg?quality=100&#038;w=685&#038;h=516&#038;strip&#038;resize=685%2C516\" srcset=\"https:\/\/develop.olympic.ca\/olympique\/wp-content\/uploads\/sites\/2\/2013\/01\/1414678.jpg 3000w, https:\/\/develop.olympic.ca\/olympique\/wp-content\/uploads\/sites\/2\/2013\/01\/1414678.jpg?resize=210,158 210w, https:\/\/develop.olympic.ca\/olympique\/wp-content\/uploads\/sites\/2\/2013\/01\/1414678.jpg?resize=493,371 493w, https:\/\/develop.olympic.ca\/olympique\/wp-content\/uploads\/sites\/2\/2013\/01\/1414678.jpg?resize=768,578 768w, https:\/\/develop.olympic.ca\/olympique\/wp-content\/uploads\/sites\/2\/2013\/01\/1414678.jpg?resize=1001,754 1001w, https:\/\/develop.olympic.ca\/olympique\/wp-content\/uploads\/sites\/2\/2013\/01\/1414678.jpg?resize=1536,1157 1536w, https:\/\/develop.olympic.ca\/olympique\/wp-content\/uploads\/sites\/2\/2013\/01\/1414678.jpg?resize=2048,1542 2048w\" width=\"685\" height=\"516\" loading=\"lazy\" data-original-width=\"685\" data-original-height=\"516\" itemprop=\"http:\/\/schema.org\/image\" title=\"Anne Montminy\" alt=\"Anne Montminy\" style=\"width: 685px; height: 516px;\" \/> <\/a> <\/div> <\/div> <!-- close group --> <\/div> <!-- close row --> <div class=\"gallery-row\" style=\"width: 1360px; height: 690px;\" data-original-width=\"1360\" data-original-height=\"690\" > <div class=\"gallery-group images-2\" style=\"width: 504px; height: 690px;\" data-original-width=\"504\" data-original-height=\"690\" > <div class=\"tiled-gallery-item tiled-gallery-item-large\" itemprop=\"associatedMedia\" itemscope itemtype=\"http:\/\/schema.org\/ImageObject\"> <a href=\"https:\/\/develop.olympic.ca\/olympique\/wp-content\/uploads\/sites\/2\/2013\/01\/1414715-e1547569865235.jpg?quality=100&#038;strip\" border=\"0\" itemprop=\"url\"> <meta itemprop=\"width\" content=\"500\"> <meta itemprop=\"height\" content=\"281\"> <img decoding=\"async\" data-recalc-dims=\"1\" class=\"\" data-attachment-id=\"75940\" data-orig-file=\"https:\/\/develop.olympic.ca\/olympique\/wp-content\/uploads\/sites\/2\/2013\/01\/1414715-e1547569865235.jpg?quality=100\" data-orig-size=\"1000,562\" data-comments-opened=\"1\" data-image-meta=\"{&quot;aperture&quot;:&quot;0&quot;,&quot;credit&quot;:&quot;Canadian Olympic Committee&quot;,&quot;camera&quot;:&quot;&quot;,&quot;caption&quot;:&quot;Canada\\u0027s Curtis Myden competing in the swimming event at the 1992 Olympic games in Barcelona. (CP PHOTO\\\/ COC\\\/Ted Grant)\\r\\n\\r\\nCurtis Myden du Canada participe en natation aux Jeux olympiques de Barcelone de 1992. (PC Photo\\\/AOC)&quot;,&quot;created_timestamp&quot;:&quot;712022400&quot;,&quot;copyright&quot;:&quot;&quot;,&quot;focal_length&quot;:&quot;0&quot;,&quot;iso&quot;:&quot;0&quot;,&quot;shutter_speed&quot;:&quot;0&quot;,&quot;title&quot;:&quot;Myden, Curtis&quot;}\" data-image-title=\"Curtis Myden\" data-image-description=\"&lt;p&gt;Curtis Myden du Canada participe en natation aux Jeux olympiques de Barcelone de 1992. (PC Photo\/AOC)&lt;\/p&gt; \" data-medium-file=\"https:\/\/develop.olympic.ca\/olympique\/wp-content\/uploads\/sites\/2\/2013\/01\/1414715-e1547569865235.jpg?quality=100&#038;w=660\" data-large-file=\"https:\/\/develop.olympic.ca\/olympique\/wp-content\/uploads\/sites\/2\/2013\/01\/1414715-e1547569865235.jpg?quality=100&#038;w=1000\" src=\"https:\/\/develop.olympic.ca\/olympique\/wp-content\/uploads\/sites\/2\/2013\/01\/1414715-e1547569865235.jpg?quality=100&#038;w=500&#038;h=281&#038;strip&#038;resize=500%2C281\" srcset=\"https:\/\/develop.olympic.ca\/olympique\/wp-content\/uploads\/sites\/2\/2013\/01\/1414715-e1547569865235.jpg 1000w, https:\/\/develop.olympic.ca\/olympique\/wp-content\/uploads\/sites\/2\/2013\/01\/1414715-e1547569865235.jpg?resize=280,158 280w, https:\/\/develop.olympic.ca\/olympique\/wp-content\/uploads\/sites\/2\/2013\/01\/1414715-e1547569865235.jpg?resize=660,371 660w, https:\/\/develop.olympic.ca\/olympique\/wp-content\/uploads\/sites\/2\/2013\/01\/1414715-e1547569865235.jpg?resize=768,432 768w\" width=\"500\" height=\"281\" loading=\"lazy\" data-original-width=\"500\" data-original-height=\"281\" itemprop=\"http:\/\/schema.org\/image\" title=\"Curtis Myden\" alt=\"Curtis Myden\" style=\"width: 500px; height: 281px;\" \/> <\/a> <\/div> <div class=\"tiled-gallery-item tiled-gallery-item-large\" itemprop=\"associatedMedia\" itemscope itemtype=\"http:\/\/schema.org\/ImageObject\"> <a href=\"https:\/\/develop.olympic.ca\/olympique\/wp-content\/uploads\/sites\/2\/2013\/01\/1415009.jpg?quality=100&#038;strip\" border=\"0\" itemprop=\"url\"> <meta itemprop=\"width\" content=\"500\"> <meta itemprop=\"height\" content=\"401\"> <img decoding=\"async\" data-recalc-dims=\"1\" class=\"\" data-attachment-id=\"75941\" data-orig-file=\"https:\/\/develop.olympic.ca\/olympique\/wp-content\/uploads\/sites\/2\/2013\/01\/1415009.jpg?quality=100\" data-orig-size=\"3000,2410\" data-comments-opened=\"1\" data-image-meta=\"{&quot;aperture&quot;:&quot;0&quot;,&quot;credit&quot;:&quot;Canadian Olympic Committee&quot;,&quot;camera&quot;:&quot;&quot;,&quot;caption&quot;:&quot;Canada\\u0027s Mike Inglis competing in the gymnastics event at the 1992 Olympic games in Barcelona. (CP PHOTO\\\/ COC\\\/F.S.Grant)\\r\\n\\r\\nMike Inglis du Canada participe en gymnastique aux Jeux olympiques de Barcelone de 1992. (PC Photo\\\/AOC)&quot;,&quot;created_timestamp&quot;:&quot;712022400&quot;,&quot;copyright&quot;:&quot;&quot;,&quot;focal_length&quot;:&quot;0&quot;,&quot;iso&quot;:&quot;0&quot;,&quot;shutter_speed&quot;:&quot;0&quot;,&quot;title&quot;:&quot;Inglis, Mike&quot;}\" data-image-title=\"Mike Inglis\" data-image-description=\"&lt;p&gt;Mike Inglis du Canada participe en gymnastique aux Jeux olympiques de Barcelone de 1992. (PC Photo\/AOC)&lt;\/p&gt; \" data-medium-file=\"https:\/\/develop.olympic.ca\/olympique\/wp-content\/uploads\/sites\/2\/2013\/01\/1415009.jpg?quality=100&#038;w=462\" data-large-file=\"https:\/\/develop.olympic.ca\/olympique\/wp-content\/uploads\/sites\/2\/2013\/01\/1415009.jpg?quality=100&#038;w=939\" src=\"https:\/\/develop.olympic.ca\/olympique\/wp-content\/uploads\/sites\/2\/2013\/01\/1415009.jpg?quality=100&#038;w=500&#038;h=401&#038;strip&#038;resize=500%2C401\" srcset=\"https:\/\/develop.olympic.ca\/olympique\/wp-content\/uploads\/sites\/2\/2013\/01\/1415009.jpg 3000w, https:\/\/develop.olympic.ca\/olympique\/wp-content\/uploads\/sites\/2\/2013\/01\/1415009.jpg?resize=197,158 197w, https:\/\/develop.olympic.ca\/olympique\/wp-content\/uploads\/sites\/2\/2013\/01\/1415009.jpg?resize=462,371 462w, https:\/\/develop.olympic.ca\/olympique\/wp-content\/uploads\/sites\/2\/2013\/01\/1415009.jpg?resize=768,617 768w, https:\/\/develop.olympic.ca\/olympique\/wp-content\/uploads\/sites\/2\/2013\/01\/1415009.jpg?resize=939,754 939w, https:\/\/develop.olympic.ca\/olympique\/wp-content\/uploads\/sites\/2\/2013\/01\/1415009.jpg?resize=1536,1234 1536w, https:\/\/develop.olympic.ca\/olympique\/wp-content\/uploads\/sites\/2\/2013\/01\/1415009.jpg?resize=2048,1645 2048w\" width=\"500\" height=\"401\" loading=\"lazy\" data-original-width=\"500\" data-original-height=\"401\" itemprop=\"http:\/\/schema.org\/image\" title=\"Mike Inglis\" alt=\"Mike Inglis\" style=\"width: 500px; height: 401px;\" \/> <\/a> <\/div> <\/div> <!-- close group --> <div class=\"gallery-group images-1\" style=\"width: 856px; height: 690px;\" data-original-width=\"856\" data-original-height=\"690\" > <div class=\"tiled-gallery-item tiled-gallery-item-large\" itemprop=\"associatedMedia\" itemscope itemtype=\"http:\/\/schema.org\/ImageObject\"> <a href=\"https:\/\/develop.olympic.ca\/olympique\/wp-content\/uploads\/sites\/2\/2013\/01\/1415040.jpg?quality=100&#038;strip\" border=\"0\" itemprop=\"url\"> <meta itemprop=\"width\" content=\"852\"> <meta itemprop=\"height\" content=\"686\"> <img decoding=\"async\" data-recalc-dims=\"1\" class=\"\" data-attachment-id=\"75942\" data-orig-file=\"https:\/\/develop.olympic.ca\/olympique\/wp-content\/uploads\/sites\/2\/2013\/01\/1415040.jpg?quality=100\" data-orig-size=\"3000,2416\" data-comments-opened=\"1\" data-image-meta=\"{&quot;aperture&quot;:&quot;0&quot;,&quot;credit&quot;:&quot;Canadian Olympic Committee&quot;,&quot;camera&quot;:&quot;&quot;,&quot;caption&quot;:&quot;Canada\\u0027s 8+ rowing team competing in the men\\u0027s 8+ rowing event at the 1992 Olympic games in Barcelona. (CP PHOTO\\\/ COC\\\/Ted Grant)\\r\\n\\r\\nL\\u0027\\u00e9quipe du huit d\\u0027aviron du Canada participe aux Jeux olympiques de Barcelone de 1992. (PC Photo\\\/AOC)&quot;,&quot;created_timestamp&quot;:&quot;712022400&quot;,&quot;copyright&quot;:&quot;&quot;,&quot;focal_length&quot;:&quot;0&quot;,&quot;iso&quot;:&quot;0&quot;,&quot;shutter_speed&quot;:&quot;0&quot;,&quot;title&quot;:&quot;1992 BARCELONA OLYMPIC GAMES-ROWING&quot;}\" data-image-title=\"L&amp;rsquo;\u00e9quipe du huit d&amp;rsquo;aviron\" data-image-description=\"&lt;p&gt;L&amp;rsquo;\u00e9quipe du huit d&amp;rsquo;aviron du Canada participe aux Jeux olympiques de Barcelone de 1992. (PC Photo\/AOC)&lt;\/p&gt; \" data-medium-file=\"https:\/\/develop.olympic.ca\/olympique\/wp-content\/uploads\/sites\/2\/2013\/01\/1415040.jpg?quality=100&#038;w=461\" data-large-file=\"https:\/\/develop.olympic.ca\/olympique\/wp-content\/uploads\/sites\/2\/2013\/01\/1415040.jpg?quality=100&#038;w=936\" src=\"https:\/\/develop.olympic.ca\/olympique\/wp-content\/uploads\/sites\/2\/2013\/01\/1415040.jpg?quality=100&#038;w=852&#038;h=686&#038;strip&#038;resize=852%2C686\" srcset=\"https:\/\/develop.olympic.ca\/olympique\/wp-content\/uploads\/sites\/2\/2013\/01\/1415040.jpg 3000w, https:\/\/develop.olympic.ca\/olympique\/wp-content\/uploads\/sites\/2\/2013\/01\/1415040.jpg?resize=196,158 196w, https:\/\/develop.olympic.ca\/olympique\/wp-content\/uploads\/sites\/2\/2013\/01\/1415040.jpg?resize=461,371 461w, https:\/\/develop.olympic.ca\/olympique\/wp-content\/uploads\/sites\/2\/2013\/01\/1415040.jpg?resize=768,618 768w, https:\/\/develop.olympic.ca\/olympique\/wp-content\/uploads\/sites\/2\/2013\/01\/1415040.jpg?resize=936,754 936w, https:\/\/develop.olympic.ca\/olympique\/wp-content\/uploads\/sites\/2\/2013\/01\/1415040.jpg?resize=1536,1237 1536w, https:\/\/develop.olympic.ca\/olympique\/wp-content\/uploads\/sites\/2\/2013\/01\/1415040.jpg?resize=2048,1649 2048w\" width=\"852\" height=\"686\" loading=\"lazy\" data-original-width=\"852\" data-original-height=\"686\" itemprop=\"http:\/\/schema.org\/image\" title=\"L&#039;\u00e9quipe du huit d&#039;aviron\" alt=\"L&#039;\u00e9quipe du huit d&#039;aviron\" style=\"width: 852px; height: 686px;\" \/> <\/a> <\/div> <\/div> <!-- close group --> <\/div> <!-- close row --> <div class=\"gallery-row\" style=\"width: 1360px; height: 456px;\" data-original-width=\"1360\" data-original-height=\"456\" > <div class=\"gallery-group images-1\" style=\"width: 809px; height: 456px;\" data-original-width=\"809\" data-original-height=\"456\" > <div class=\"tiled-gallery-item tiled-gallery-item-large\" itemprop=\"associatedMedia\" itemscope itemtype=\"http:\/\/schema.org\/ImageObject\"> <a href=\"https:\/\/develop.olympic.ca\/olympique\/wp-content\/uploads\/sites\/2\/2013\/01\/1415104-e1549055892615.jpg?quality=100&#038;strip\" border=\"0\" itemprop=\"url\"> <meta itemprop=\"width\" content=\"805\"> <meta itemprop=\"height\" content=\"452\"> <img decoding=\"async\" data-recalc-dims=\"1\" class=\"\" data-attachment-id=\"75943\" data-orig-file=\"https:\/\/develop.olympic.ca\/olympique\/wp-content\/uploads\/sites\/2\/2013\/01\/1415104-e1549055892615.jpg?quality=100\" data-orig-size=\"1340,753\" data-comments-opened=\"1\" data-image-meta=\"{&quot;aperture&quot;:&quot;0&quot;,&quot;credit&quot;:&quot;Canadian Olympic Committee&quot;,&quot;camera&quot;:&quot;&quot;,&quot;caption&quot;:&quot;Canada\\u0027s Marnie McBean (left) and Kathleen Heddle competing in the 2- rowing event at the 1992 Olympic games in Barcelona. (CP PHOTO\\\/ COC\\\/F.S.Grant)\\r\\n\\r\\nMarnie McBean (gauche) et Kathleen Heddle du Canada participent au deux d\\u0027aviron f\\u00e9minin aux Jeux olympiques de Barcelone de 1992. (PC Photo\\\/AOC)&quot;,&quot;created_timestamp&quot;:&quot;712022400&quot;,&quot;copyright&quot;:&quot;&quot;,&quot;focal_length&quot;:&quot;0&quot;,&quot;iso&quot;:&quot;0&quot;,&quot;shutter_speed&quot;:&quot;0&quot;,&quot;title&quot;:&quot;McBean, Marnie | Heddle, Kathleen&quot;}\" data-image-title=\"Marnie McBean | Kathleen Heddle\" data-image-description=\"&lt;p&gt;Marnie McBean (gauche) et Kathleen Heddle du Canada participent au deux d&amp;rsquo;aviron f\u00e9minin aux Jeux olympiques de Barcelone de 1992. (PC Photo\/AOC)&lt;\/p&gt; \" data-medium-file=\"https:\/\/develop.olympic.ca\/olympique\/wp-content\/uploads\/sites\/2\/2013\/01\/1415104-e1549055892615.jpg?quality=100&#038;w=660\" data-large-file=\"https:\/\/develop.olympic.ca\/olympique\/wp-content\/uploads\/sites\/2\/2013\/01\/1415104-e1549055892615.jpg?quality=100&#038;w=1340\" src=\"https:\/\/develop.olympic.ca\/olympique\/wp-content\/uploads\/sites\/2\/2013\/01\/1415104-e1549055892615.jpg?quality=100&#038;w=805&#038;h=452&#038;strip&#038;resize=805%2C452\" srcset=\"https:\/\/develop.olympic.ca\/olympique\/wp-content\/uploads\/sites\/2\/2013\/01\/1415104-e1549055892615.jpg 1340w, https:\/\/develop.olympic.ca\/olympique\/wp-content\/uploads\/sites\/2\/2013\/01\/1415104-e1549055892615.jpg?resize=280,158 280w, https:\/\/develop.olympic.ca\/olympique\/wp-content\/uploads\/sites\/2\/2013\/01\/1415104-e1549055892615.jpg?resize=660,371 660w, https:\/\/develop.olympic.ca\/olympique\/wp-content\/uploads\/sites\/2\/2013\/01\/1415104-e1549055892615.jpg?resize=768,432 768w\" width=\"805\" height=\"452\" loading=\"lazy\" data-original-width=\"805\" data-original-height=\"452\" itemprop=\"http:\/\/schema.org\/image\" title=\"Marnie McBean | Kathleen Heddle\" alt=\"\u00c0 Atlanta, McBean (gauche) et Heddle (droite) ont pagay\u00e9 jusqu\u2019\u00e0 la ligne d\u2019arriv\u00e9e et remport\u00e9 leur troisi\u00e8me m\u00e9daille d\u2019or en deux Jeux olympiques d\u2019\u00e9t\u00e9.\" style=\"width: 805px; height: 452px;\" \/> <\/a> <div class=\"tiled-gallery-caption\" itemprop=\"caption description\"> \u00c0 Atlanta, McBean (gauche) et Heddle (droite) ont pagay\u00e9 jusqu\u2019\u00e0 la ligne d\u2019arriv\u00e9e et remport\u00e9 leur troisi\u00e8me m\u00e9daille d\u2019or en deux Jeux olympiques d\u2019\u00e9t\u00e9. <\/div> <\/div> <\/div> <!-- close group --> <div class=\"gallery-group images-1\" style=\"width: 551px; height: 456px;\" data-original-width=\"551\" data-original-height=\"456\" > <div class=\"tiled-gallery-item tiled-gallery-item-large\" itemprop=\"associatedMedia\" itemscope itemtype=\"http:\/\/schema.org\/ImageObject\"> <a href=\"https:\/\/develop.olympic.ca\/olympique\/wp-content\/uploads\/sites\/2\/2013\/01\/1415225.jpg?quality=100&#038;strip\" border=\"0\" itemprop=\"url\"> <meta itemprop=\"width\" content=\"547\"> <meta itemprop=\"height\" content=\"452\"> <img decoding=\"async\" data-recalc-dims=\"1\" class=\"\" data-attachment-id=\"75944\" data-orig-file=\"https:\/\/develop.olympic.ca\/olympique\/wp-content\/uploads\/sites\/2\/2013\/01\/1415225.jpg?quality=100\" data-orig-size=\"3000,2480\" data-comments-opened=\"1\" data-image-meta=\"{&quot;aperture&quot;:&quot;0&quot;,&quot;credit&quot;:&quot;Canadian Olympic Committee&quot;,&quot;camera&quot;:&quot;&quot;,&quot;caption&quot;:&quot;Canada\\u0027s Barbara Chiu competes in the table tennis event at the 1992 Olympic games in Barcelona. (CP PHOTO\\\/ COC\\\/F.S.Grant)\\r\\n\\r\\nBarbara Chiu du Canada participe au tennis de table aux Jeux olympiques de Barcelone de 1992. (PC Photo\\\/AOC)&quot;,&quot;created_timestamp&quot;:&quot;712022400&quot;,&quot;copyright&quot;:&quot;&quot;,&quot;focal_length&quot;:&quot;0&quot;,&quot;iso&quot;:&quot;0&quot;,&quot;shutter_speed&quot;:&quot;0&quot;,&quot;title&quot;:&quot;Chiu, Barbara&quot;}\" data-image-title=\"Barbara Chiu\" data-image-description=\"&lt;p&gt;Barbara Chiu du Canada participe au tennis de table aux Jeux olympiques de Barcelone de 1992. (PC Photo\/AOC)&lt;\/p&gt; \" data-medium-file=\"https:\/\/develop.olympic.ca\/olympique\/wp-content\/uploads\/sites\/2\/2013\/01\/1415225.jpg?quality=100&#038;w=449\" data-large-file=\"https:\/\/develop.olympic.ca\/olympique\/wp-content\/uploads\/sites\/2\/2013\/01\/1415225.jpg?quality=100&#038;w=912\" src=\"https:\/\/develop.olympic.ca\/olympique\/wp-content\/uploads\/sites\/2\/2013\/01\/1415225.jpg?quality=100&#038;w=547&#038;h=452&#038;strip&#038;resize=547%2C452\" srcset=\"https:\/\/develop.olympic.ca\/olympique\/wp-content\/uploads\/sites\/2\/2013\/01\/1415225.jpg 3000w, https:\/\/develop.olympic.ca\/olympique\/wp-content\/uploads\/sites\/2\/2013\/01\/1415225.jpg?resize=191,158 191w, https:\/\/develop.olympic.ca\/olympique\/wp-content\/uploads\/sites\/2\/2013\/01\/1415225.jpg?resize=449,371 449w, https:\/\/develop.olympic.ca\/olympique\/wp-content\/uploads\/sites\/2\/2013\/01\/1415225.jpg?resize=768,635 768w, https:\/\/develop.olympic.ca\/olympique\/wp-content\/uploads\/sites\/2\/2013\/01\/1415225.jpg?resize=912,754 912w, https:\/\/develop.olympic.ca\/olympique\/wp-content\/uploads\/sites\/2\/2013\/01\/1415225.jpg?resize=1536,1270 1536w, https:\/\/develop.olympic.ca\/olympique\/wp-content\/uploads\/sites\/2\/2013\/01\/1415225.jpg?resize=2048,1693 2048w\" width=\"547\" height=\"452\" loading=\"lazy\" data-original-width=\"547\" data-original-height=\"452\" itemprop=\"http:\/\/schema.org\/image\" title=\"Barbara Chiu\" alt=\"Barbara Chiu\" style=\"width: 547px; height: 452px;\" \/> <\/a> <\/div> <\/div> <!-- close group --> <\/div> <!-- close row --> <div class=\"gallery-row\" style=\"width: 1360px; height: 718px;\" data-original-width=\"1360\" data-original-height=\"718\" > <div class=\"gallery-group images-1\" style=\"width: 898px; height: 718px;\" data-original-width=\"898\" data-original-height=\"718\" > <div class=\"tiled-gallery-item tiled-gallery-item-large\" itemprop=\"associatedMedia\" itemscope itemtype=\"http:\/\/schema.org\/ImageObject\"> <a href=\"https:\/\/develop.olympic.ca\/olympique\/wp-content\/uploads\/sites\/2\/2013\/01\/1415240.jpg?quality=100&#038;strip\" border=\"0\" itemprop=\"url\"> <meta itemprop=\"width\" content=\"894\"> <meta itemprop=\"height\" content=\"714\"> <img decoding=\"async\" data-recalc-dims=\"1\" class=\"\" data-attachment-id=\"75945\" data-orig-file=\"https:\/\/develop.olympic.ca\/olympique\/wp-content\/uploads\/sites\/2\/2013\/01\/1415240.jpg?quality=100\" data-orig-size=\"3000,2394\" data-comments-opened=\"1\" data-image-meta=\"{&quot;aperture&quot;:&quot;0&quot;,&quot;credit&quot;:&quot;Canadian Olympic Committee&quot;,&quot;camera&quot;:&quot;&quot;,&quot;caption&quot;:&quot;Canada\\u0027s Joe Ng competes in the table tennis event at the 1992 Olympic games in Barcelona. (CP PHOTO\\\/ COC\\\/F.S.Grant)\\r\\n\\r\\nJoe Ng du Canada participe au tennis de table aux Jeux olympiques de Barcelone de 1992. (PC Photo\\\/AOC)&quot;,&quot;created_timestamp&quot;:&quot;712022400&quot;,&quot;copyright&quot;:&quot;&quot;,&quot;focal_length&quot;:&quot;0&quot;,&quot;iso&quot;:&quot;0&quot;,&quot;shutter_speed&quot;:&quot;0&quot;,&quot;title&quot;:&quot;Ng, Joe&quot;}\" data-image-title=\"Joe Ng\" data-image-description=\"&lt;p&gt;Joe Ng du Canada participe au tennis de table aux Jeux olympiques de Barcelone de 1992. (PC Photo\/AOC)&lt;\/p&gt; \" data-medium-file=\"https:\/\/develop.olympic.ca\/olympique\/wp-content\/uploads\/sites\/2\/2013\/01\/1415240.jpg?quality=100&#038;w=465\" data-large-file=\"https:\/\/develop.olympic.ca\/olympique\/wp-content\/uploads\/sites\/2\/2013\/01\/1415240.jpg?quality=100&#038;w=945\" src=\"https:\/\/develop.olympic.ca\/olympique\/wp-content\/uploads\/sites\/2\/2013\/01\/1415240.jpg?quality=100&#038;w=894&#038;h=714&#038;strip&#038;resize=894%2C714\" srcset=\"https:\/\/develop.olympic.ca\/olympique\/wp-content\/uploads\/sites\/2\/2013\/01\/1415240.jpg 3000w, https:\/\/develop.olympic.ca\/olympique\/wp-content\/uploads\/sites\/2\/2013\/01\/1415240.jpg?resize=198,158 198w, https:\/\/develop.olympic.ca\/olympique\/wp-content\/uploads\/sites\/2\/2013\/01\/1415240.jpg?resize=465,371 465w, https:\/\/develop.olympic.ca\/olympique\/wp-content\/uploads\/sites\/2\/2013\/01\/1415240.jpg?resize=768,613 768w, https:\/\/develop.olympic.ca\/olympique\/wp-content\/uploads\/sites\/2\/2013\/01\/1415240.jpg?resize=945,754 945w, https:\/\/develop.olympic.ca\/olympique\/wp-content\/uploads\/sites\/2\/2013\/01\/1415240.jpg?resize=1536,1226 1536w, https:\/\/develop.olympic.ca\/olympique\/wp-content\/uploads\/sites\/2\/2013\/01\/1415240.jpg?resize=2048,1634 2048w\" width=\"894\" height=\"714\" loading=\"lazy\" data-original-width=\"894\" data-original-height=\"714\" itemprop=\"http:\/\/schema.org\/image\" title=\"Joe Ng\" alt=\"Joe Ng aux Jeux olympiques de Barcelone en 1992.\" style=\"width: 894px; height: 714px;\" \/> <\/a> <div class=\"tiled-gallery-caption\" itemprop=\"caption description\"> Joe Ng aux Jeux olympiques de Barcelone en 1992. <\/div> <\/div> <\/div> <!-- close group --> <div class=\"gallery-group images-2\" style=\"width: 462px; height: 718px;\" data-original-width=\"462\" data-original-height=\"718\" > <div class=\"tiled-gallery-item tiled-gallery-item-large\" itemprop=\"associatedMedia\" itemscope itemtype=\"http:\/\/schema.org\/ImageObject\"> <a href=\"https:\/\/develop.olympic.ca\/olympique\/wp-content\/uploads\/sites\/2\/2013\/01\/1415251.jpg?quality=100&#038;strip\" border=\"0\" itemprop=\"url\"> <meta itemprop=\"width\" content=\"458\"> <meta itemprop=\"height\" content=\"310\"> <img decoding=\"async\" data-recalc-dims=\"1\" class=\"\" data-attachment-id=\"75946\" data-orig-file=\"https:\/\/develop.olympic.ca\/olympique\/wp-content\/uploads\/sites\/2\/2013\/01\/1415251.jpg?quality=100\" data-orig-size=\"3000,2029\" data-comments-opened=\"1\" data-image-meta=\"{&quot;aperture&quot;:&quot;0&quot;,&quot;credit&quot;:&quot;Canadian Olympic Committee&quot;,&quot;camera&quot;:&quot;&quot;,&quot;caption&quot;:&quot;Canada\\u0027s Jean-Marc Chouinard (right) competing in the fencing event at the 1992 Olympic games in Barcelona. (CP PHOTO\\\/ COC\\\/ T.Grant)\\r\\n\\r\\nJean-Marc Chouinard (droite) du Canada participe en escrime aux Jeux olympiques de Barcelone de 1992. (PC Photo\\\/AOC)&quot;,&quot;created_timestamp&quot;:&quot;712022400&quot;,&quot;copyright&quot;:&quot;&quot;,&quot;focal_length&quot;:&quot;0&quot;,&quot;iso&quot;:&quot;0&quot;,&quot;shutter_speed&quot;:&quot;0&quot;,&quot;title&quot;:&quot;Chouinard, Jean-Marc&quot;}\" data-image-title=\"Jean-Marc Chouinard\" data-image-description=\"&lt;p&gt;Jean-Marc Chouinard (droite) du Canada participe en escrime aux Jeux olympiques de Barcelone de 1992. (PC Photo\/AOC)&lt;\/p&gt; \" data-medium-file=\"https:\/\/develop.olympic.ca\/olympique\/wp-content\/uploads\/sites\/2\/2013\/01\/1415251.jpg?quality=100&#038;w=549\" data-large-file=\"https:\/\/develop.olympic.ca\/olympique\/wp-content\/uploads\/sites\/2\/2013\/01\/1415251.jpg?quality=100&#038;w=1115\" src=\"https:\/\/develop.olympic.ca\/olympique\/wp-content\/uploads\/sites\/2\/2013\/01\/1415251.jpg?quality=100&#038;w=458&#038;h=310&#038;strip&#038;resize=458%2C310\" srcset=\"https:\/\/develop.olympic.ca\/olympique\/wp-content\/uploads\/sites\/2\/2013\/01\/1415251.jpg 3000w, https:\/\/develop.olympic.ca\/olympique\/wp-content\/uploads\/sites\/2\/2013\/01\/1415251.jpg?resize=234,158 234w, https:\/\/develop.olympic.ca\/olympique\/wp-content\/uploads\/sites\/2\/2013\/01\/1415251.jpg?resize=549,371 549w, https:\/\/develop.olympic.ca\/olympique\/wp-content\/uploads\/sites\/2\/2013\/01\/1415251.jpg?resize=768,519 768w, https:\/\/develop.olympic.ca\/olympique\/wp-content\/uploads\/sites\/2\/2013\/01\/1415251.jpg?resize=1115,754 1115w, https:\/\/develop.olympic.ca\/olympique\/wp-content\/uploads\/sites\/2\/2013\/01\/1415251.jpg?resize=1536,1039 1536w, https:\/\/develop.olympic.ca\/olympique\/wp-content\/uploads\/sites\/2\/2013\/01\/1415251.jpg?resize=2048,1385 2048w\" width=\"458\" height=\"310\" loading=\"lazy\" data-original-width=\"458\" data-original-height=\"310\" itemprop=\"http:\/\/schema.org\/image\" title=\"Jean-Marc Chouinard\" alt=\"Jean-Marc Chouinard\" style=\"width: 458px; height: 310px;\" \/> <\/a> <\/div> <div class=\"tiled-gallery-item tiled-gallery-item-large\" itemprop=\"associatedMedia\" itemscope itemtype=\"http:\/\/schema.org\/ImageObject\"> <a href=\"https:\/\/develop.olympic.ca\/olympique\/wp-content\/uploads\/sites\/2\/2013\/01\/1415365.jpg?quality=100&#038;strip\" border=\"0\" itemprop=\"url\"> <meta itemprop=\"width\" content=\"458\"> <meta itemprop=\"height\" content=\"400\"> <img decoding=\"async\" data-recalc-dims=\"1\" class=\"\" data-attachment-id=\"75947\" data-orig-file=\"https:\/\/develop.olympic.ca\/olympique\/wp-content\/uploads\/sites\/2\/2013\/01\/1415365.jpg?quality=100\" data-orig-size=\"3000,2620\" data-comments-opened=\"1\" data-image-meta=\"{&quot;aperture&quot;:&quot;0&quot;,&quot;credit&quot;:&quot;Canadian Olympic Committee&quot;,&quot;camera&quot;:&quot;&quot;,&quot;caption&quot;:&quot;Canada\\u0027s men\\u0027s volleyball team competing in the volleyball event at the 1992 Olympic games in Barcelona. (CP PHOTO\\\/ COC\\\/ Claus Andersen)\\r\\n\\r\\nL\\u0027\\u00e9quipe du volleyball masculine du Canada participe aux Jeux olympiques de Barcelone de 1992. (PC Photo\\\/AOC)&quot;,&quot;created_timestamp&quot;:&quot;712022400&quot;,&quot;copyright&quot;:&quot;&quot;,&quot;focal_length&quot;:&quot;0&quot;,&quot;iso&quot;:&quot;0&quot;,&quot;shutter_speed&quot;:&quot;0&quot;,&quot;title&quot;:&quot;Men\\u0027s Volleyball Team&quot;}\" data-image-title=\"L&amp;rsquo;\u00e9quipe du volleyball masculine\" data-image-description=\"&lt;p&gt; participe aux Jeux olympiques de Barcelone de 1992. (PC Photo\/AOC)&lt;\/p&gt; \" data-medium-file=\"https:\/\/develop.olympic.ca\/olympique\/wp-content\/uploads\/sites\/2\/2013\/01\/1415365.jpg?quality=100&#038;w=425\" data-large-file=\"https:\/\/develop.olympic.ca\/olympique\/wp-content\/uploads\/sites\/2\/2013\/01\/1415365.jpg?quality=100&#038;w=863\" src=\"https:\/\/develop.olympic.ca\/olympique\/wp-content\/uploads\/sites\/2\/2013\/01\/1415365.jpg?quality=100&#038;w=458&#038;h=400&#038;strip&#038;resize=458%2C400\" srcset=\"https:\/\/develop.olympic.ca\/olympique\/wp-content\/uploads\/sites\/2\/2013\/01\/1415365.jpg 3000w, https:\/\/develop.olympic.ca\/olympique\/wp-content\/uploads\/sites\/2\/2013\/01\/1415365.jpg?resize=181,158 181w, https:\/\/develop.olympic.ca\/olympique\/wp-content\/uploads\/sites\/2\/2013\/01\/1415365.jpg?resize=425,371 425w, https:\/\/develop.olympic.ca\/olympique\/wp-content\/uploads\/sites\/2\/2013\/01\/1415365.jpg?resize=768,671 768w, https:\/\/develop.olympic.ca\/olympique\/wp-content\/uploads\/sites\/2\/2013\/01\/1415365.jpg?resize=863,754 863w, https:\/\/develop.olympic.ca\/olympique\/wp-content\/uploads\/sites\/2\/2013\/01\/1415365.jpg?resize=1536,1341 1536w, https:\/\/develop.olympic.ca\/olympique\/wp-content\/uploads\/sites\/2\/2013\/01\/1415365.jpg?resize=2048,1789 2048w\" width=\"458\" height=\"400\" loading=\"lazy\" data-original-width=\"458\" data-original-height=\"400\" itemprop=\"http:\/\/schema.org\/image\" title=\"L&#039;\u00e9quipe du volleyball masculine\" alt=\"L&#039;\u00e9quipe du volleyball masculine\" style=\"width: 458px; height: 400px;\" \/> <\/a> <\/div> <\/div> <!-- close group --> <\/div> <!-- close row --> <div class=\"gallery-row\" style=\"width: 1360px; height: 1199px;\" data-original-width=\"1360\" data-original-height=\"1199\" > <div class=\"gallery-group images-3\" style=\"width: 563px; height: 1199px;\" data-original-width=\"563\" data-original-height=\"1199\" > <div class=\"tiled-gallery-item tiled-gallery-item-large\" itemprop=\"associatedMedia\" itemscope itemtype=\"http:\/\/schema.org\/ImageObject\"> <a href=\"https:\/\/develop.olympic.ca\/olympique\/wp-content\/uploads\/sites\/2\/2013\/01\/1415370.jpg?quality=100&#038;strip\" border=\"0\" itemprop=\"url\"> <meta itemprop=\"width\" content=\"559\"> <meta itemprop=\"height\" content=\"376\"> <img decoding=\"async\" data-recalc-dims=\"1\" class=\"\" data-attachment-id=\"75948\" data-orig-file=\"https:\/\/develop.olympic.ca\/olympique\/wp-content\/uploads\/sites\/2\/2013\/01\/1415370.jpg?quality=100\" data-orig-size=\"3000,2017\" data-comments-opened=\"1\" data-image-meta=\"{&quot;aperture&quot;:&quot;0&quot;,&quot;credit&quot;:&quot;Canadian Olympic Committee&quot;,&quot;camera&quot;:&quot;&quot;,&quot;caption&quot;:&quot;Canada\\u0027s athletes celebrate during the opening ceremony at the 1992 Olympic games in Barcelona. (CP PHOTO\\\/ COC\\\/ Claus Andersen)\\r\\n\\r\\nLes athl\\u00e8tes du Canada c\\u00e9l\\u00e8brent durant les c\\u00e9r\\u00e9monies d\\u0027ouverture des Jeux olympiques de Barcelone de 1992 (PC Photo\\\/AOC)&quot;,&quot;created_timestamp&quot;:&quot;712022400&quot;,&quot;copyright&quot;:&quot;&quot;,&quot;focal_length&quot;:&quot;0&quot;,&quot;iso&quot;:&quot;0&quot;,&quot;shutter_speed&quot;:&quot;0&quot;,&quot;title&quot;:&quot;Opening Ceremonies&quot;}\" data-image-title=\"Les c\u00e9r\u00e9monies d&amp;rsquo;ouverture \" data-image-description=\"&lt;p&gt;Les athl\u00e8tes du Canada c\u00e9l\u00e8brent durant les c\u00e9r\u00e9monies d&amp;rsquo;ouverture des Jeux olympiques de Barcelone de 1992 (PC Photo\/AOC)&lt;\/p&gt; \" data-medium-file=\"https:\/\/develop.olympic.ca\/olympique\/wp-content\/uploads\/sites\/2\/2013\/01\/1415370.jpg?quality=100&#038;w=552\" data-large-file=\"https:\/\/develop.olympic.ca\/olympique\/wp-content\/uploads\/sites\/2\/2013\/01\/1415370.jpg?quality=100&#038;w=1121\" src=\"https:\/\/develop.olympic.ca\/olympique\/wp-content\/uploads\/sites\/2\/2013\/01\/1415370.jpg?quality=100&#038;w=559&#038;h=376&#038;strip&#038;resize=559%2C376\" srcset=\"https:\/\/develop.olympic.ca\/olympique\/wp-content\/uploads\/sites\/2\/2013\/01\/1415370.jpg 3000w, https:\/\/develop.olympic.ca\/olympique\/wp-content\/uploads\/sites\/2\/2013\/01\/1415370.jpg?resize=235,158 235w, https:\/\/develop.olympic.ca\/olympique\/wp-content\/uploads\/sites\/2\/2013\/01\/1415370.jpg?resize=552,371 552w, https:\/\/develop.olympic.ca\/olympique\/wp-content\/uploads\/sites\/2\/2013\/01\/1415370.jpg?resize=768,516 768w, https:\/\/develop.olympic.ca\/olympique\/wp-content\/uploads\/sites\/2\/2013\/01\/1415370.jpg?resize=1121,754 1121w, https:\/\/develop.olympic.ca\/olympique\/wp-content\/uploads\/sites\/2\/2013\/01\/1415370.jpg?resize=1536,1033 1536w, https:\/\/develop.olympic.ca\/olympique\/wp-content\/uploads\/sites\/2\/2013\/01\/1415370.jpg?resize=2048,1377 2048w\" width=\"559\" height=\"376\" loading=\"lazy\" data-original-width=\"559\" data-original-height=\"376\" itemprop=\"http:\/\/schema.org\/image\" title=\"Les c\u00e9r\u00e9monies d&#039;ouverture \" alt=\"Les c\u00e9r\u00e9monies d&#039;ouverture\" style=\"width: 559px; height: 376px;\" \/> <\/a> <\/div> <div class=\"tiled-gallery-item tiled-gallery-item-large\" itemprop=\"associatedMedia\" itemscope itemtype=\"http:\/\/schema.org\/ImageObject\"> <a href=\"https:\/\/develop.olympic.ca\/olympique\/wp-content\/uploads\/sites\/2\/2013\/01\/1417297.jpg?quality=100&#038;strip\" border=\"0\" itemprop=\"url\"> <meta itemprop=\"width\" content=\"559\"> <meta itemprop=\"height\" content=\"433\"> <img decoding=\"async\" data-recalc-dims=\"1\" class=\"\" data-attachment-id=\"75949\" data-orig-file=\"https:\/\/develop.olympic.ca\/olympique\/wp-content\/uploads\/sites\/2\/2013\/01\/1417297.jpg?quality=100\" data-orig-size=\"3000,2328\" data-comments-opened=\"1\" data-image-meta=\"{&quot;aperture&quot;:&quot;0&quot;,&quot;credit&quot;:&quot;Canadian Olympic Committee&quot;,&quot;camera&quot;:&quot;&quot;,&quot;caption&quot;:&quot;Canada\\u0027s Olympic athletes participating in the opening ceremonies at the 1992 Olympic Games in Barcelona. (CP PHOTO\\\/COC\\\/Claus Andersen )\\r\\n\\r\\nLes athletes olympique d\\u00e9filent lors des c\\u00e9r\\u00e9monies d\\u0027ouverture des Jeux olympiques de Barcelone de 1992. (PC Photo\\\/AOC\\\/Claus Andersen)&quot;,&quot;created_timestamp&quot;:&quot;712022400&quot;,&quot;copyright&quot;:&quot;&quot;,&quot;focal_length&quot;:&quot;0&quot;,&quot;iso&quot;:&quot;0&quot;,&quot;shutter_speed&quot;:&quot;0&quot;,&quot;title&quot;:&quot;Opening Ceremonies&quot;}\" data-image-title=\"Les c\u00e9r\u00e9monies d&amp;rsquo;ouverture\" data-image-description=\"&lt;p&gt;Les athletes olympique d\u00e9filent lors des c\u00e9r\u00e9monies d&amp;rsquo;ouverture des Jeux olympiques de Barcelone de 1992. (PC Photo\/AOC\/Claus Andersen)&lt;\/p&gt; \" data-medium-file=\"https:\/\/develop.olympic.ca\/olympique\/wp-content\/uploads\/sites\/2\/2013\/01\/1417297.jpg?quality=100&#038;w=478\" data-large-file=\"https:\/\/develop.olympic.ca\/olympique\/wp-content\/uploads\/sites\/2\/2013\/01\/1417297.jpg?quality=100&#038;w=972\" src=\"https:\/\/develop.olympic.ca\/olympique\/wp-content\/uploads\/sites\/2\/2013\/01\/1417297.jpg?quality=100&#038;w=559&#038;h=433&#038;strip&#038;resize=559%2C433\" srcset=\"https:\/\/develop.olympic.ca\/olympique\/wp-content\/uploads\/sites\/2\/2013\/01\/1417297.jpg 3000w, https:\/\/develop.olympic.ca\/olympique\/wp-content\/uploads\/sites\/2\/2013\/01\/1417297.jpg?resize=204,158 204w, https:\/\/develop.olympic.ca\/olympique\/wp-content\/uploads\/sites\/2\/2013\/01\/1417297.jpg?resize=478,371 478w, https:\/\/develop.olympic.ca\/olympique\/wp-content\/uploads\/sites\/2\/2013\/01\/1417297.jpg?resize=768,596 768w, https:\/\/develop.olympic.ca\/olympique\/wp-content\/uploads\/sites\/2\/2013\/01\/1417297.jpg?resize=972,754 972w, https:\/\/develop.olympic.ca\/olympique\/wp-content\/uploads\/sites\/2\/2013\/01\/1417297.jpg?resize=1536,1192 1536w, https:\/\/develop.olympic.ca\/olympique\/wp-content\/uploads\/sites\/2\/2013\/01\/1417297.jpg?resize=2048,1589 2048w\" width=\"559\" height=\"433\" loading=\"lazy\" data-original-width=\"559\" data-original-height=\"433\" itemprop=\"http:\/\/schema.org\/image\" title=\"Les c\u00e9r\u00e9monies d&#039;ouverture\" alt=\"Les c\u00e9r\u00e9monies d&#039;ouverture\" style=\"width: 559px; height: 433px;\" \/> <\/a> <\/div> <div class=\"tiled-gallery-item tiled-gallery-item-large\" itemprop=\"associatedMedia\" itemscope itemtype=\"http:\/\/schema.org\/ImageObject\"> <a href=\"https:\/\/develop.olympic.ca\/olympique\/wp-content\/uploads\/sites\/2\/2013\/01\/7632545.jpg?quality=100&#038;strip\" border=\"0\" itemprop=\"url\"> <meta itemprop=\"width\" content=\"559\"> <meta itemprop=\"height\" content=\"378\"> <img decoding=\"async\" data-recalc-dims=\"1\" class=\"\" data-attachment-id=\"75950\" data-orig-file=\"https:\/\/develop.olympic.ca\/olympique\/wp-content\/uploads\/sites\/2\/2013\/01\/7632545.jpg?quality=100\" data-orig-size=\"4000,2709\" data-comments-opened=\"1\" data-image-meta=\"{&quot;aperture&quot;:&quot;0&quot;,&quot;credit&quot;:&quot;Ron Poling&quot;,&quot;camera&quot;:&quot;Nikon SUPER COOLSCAN 9000 ED&quot;,&quot;caption&quot;:&quot;Darren Barber stands and raises his arms as he reacts to the Canadian men\\u0027s eights rowing team\\u0027s Olympic gold medal win in Banyoles, Spain on Sunday, August 2, 1992. Other team members show their joy and exhaustion as they sit in their boat. (L-R) Michael Forgeron, Robert Marland, Michael Rascher, Andrew Crosby and Derek Porter. Ron Poling\\\/The Canadian Press&quot;,&quot;created_timestamp&quot;:&quot;0&quot;,&quot;copyright&quot;:&quot;Copyright 2009 The Canadian Press&quot;,&quot;focal_length&quot;:&quot;0&quot;,&quot;iso&quot;:&quot;0&quot;,&quot;shutter_speed&quot;:&quot;0&quot;,&quot;title&quot;:&quot;Men\\u0027s Eight Rowing&quot;}\" data-image-title=\"Darren Barber\" data-image-description=\"&lt;p&gt;Barcelone 1992&lt;\/p&gt; \" data-medium-file=\"https:\/\/develop.olympic.ca\/olympique\/wp-content\/uploads\/sites\/2\/2013\/01\/7632545.jpg?quality=100&#038;w=548\" data-large-file=\"https:\/\/develop.olympic.ca\/olympique\/wp-content\/uploads\/sites\/2\/2013\/01\/7632545.jpg?quality=100&#038;w=1113\" src=\"https:\/\/develop.olympic.ca\/olympique\/wp-content\/uploads\/sites\/2\/2013\/01\/7632545.jpg?quality=100&#038;w=559&#038;h=378&#038;strip&#038;resize=559%2C378\" srcset=\"https:\/\/develop.olympic.ca\/olympique\/wp-content\/uploads\/sites\/2\/2013\/01\/7632545.jpg 4000w, https:\/\/develop.olympic.ca\/olympique\/wp-content\/uploads\/sites\/2\/2013\/01\/7632545.jpg?resize=233,158 233w, https:\/\/develop.olympic.ca\/olympique\/wp-content\/uploads\/sites\/2\/2013\/01\/7632545.jpg?resize=548,371 548w, https:\/\/develop.olympic.ca\/olympique\/wp-content\/uploads\/sites\/2\/2013\/01\/7632545.jpg?resize=768,520 768w, https:\/\/develop.olympic.ca\/olympique\/wp-content\/uploads\/sites\/2\/2013\/01\/7632545.jpg?resize=1113,754 1113w, https:\/\/develop.olympic.ca\/olympique\/wp-content\/uploads\/sites\/2\/2013\/01\/7632545.jpg?resize=1536,1040 1536w, https:\/\/develop.olympic.ca\/olympique\/wp-content\/uploads\/sites\/2\/2013\/01\/7632545.jpg?resize=2048,1387 2048w\" width=\"559\" height=\"378\" loading=\"lazy\" data-original-width=\"559\" data-original-height=\"378\" itemprop=\"http:\/\/schema.org\/image\" title=\"Darren Barber\" alt=\"Darren Barber\" style=\"width: 559px; height: 378px;\" \/> <\/a> <\/div> <\/div> <!-- close group --> <div class=\"gallery-group images-1\" style=\"width: 797px; height: 1199px;\" data-original-width=\"797\" data-original-height=\"1199\" > <div class=\"tiled-gallery-item tiled-gallery-item-large\" itemprop=\"associatedMedia\" itemscope itemtype=\"http:\/\/schema.org\/ImageObject\"> <a href=\"https:\/\/develop.olympic.ca\/olympique\/wp-content\/uploads\/sites\/2\/2013\/01\/7632546.jpg?quality=100&#038;strip\" border=\"0\" itemprop=\"url\"> <meta itemprop=\"width\" content=\"793\"> <meta itemprop=\"height\" content=\"1195\"> <img decoding=\"async\" data-recalc-dims=\"1\" class=\"\" data-attachment-id=\"75951\" data-orig-file=\"https:\/\/develop.olympic.ca\/olympique\/wp-content\/uploads\/sites\/2\/2013\/01\/7632546.jpg?quality=100\" data-orig-size=\"2384,3592\" data-comments-opened=\"1\" data-image-meta=\"{&quot;aperture&quot;:&quot;0&quot;,&quot;credit&quot;:&quot;Ron Poling&quot;,&quot;camera&quot;:&quot;Nikon SUPER COOLSCAN 9000 ED&quot;,&quot;caption&quot;:&quot;Canadian diver Anne Montminy, of Pointe Claire, Quebec goes through a pre-Olympic diving practice with the steamy sites of Barcelona, Spain behind on Tuesday July 21, 1992. Ron Poling\\\/The Canadian Press&quot;,&quot;created_timestamp&quot;:&quot;0&quot;,&quot;copyright&quot;:&quot;Copyright 2009 The Canadian Press&quot;,&quot;focal_length&quot;:&quot;0&quot;,&quot;iso&quot;:&quot;0&quot;,&quot;shutter_speed&quot;:&quot;0&quot;,&quot;title&quot;:&quot;Diving&quot;}\" data-image-title=\"Anne Montminy\" data-image-description=\"&lt;p&gt;Ron Poling\/The Canadian Press&lt;\/p&gt; \" data-medium-file=\"https:\/\/develop.olympic.ca\/olympique\/wp-content\/uploads\/sites\/2\/2013\/01\/7632546.jpg?quality=100&#038;w=246\" data-large-file=\"https:\/\/develop.olympic.ca\/olympique\/wp-content\/uploads\/sites\/2\/2013\/01\/7632546.jpg?quality=100&#038;w=500\" src=\"https:\/\/develop.olympic.ca\/olympique\/wp-content\/uploads\/sites\/2\/2013\/01\/7632546.jpg?quality=100&#038;w=793&#038;h=1195&#038;strip&#038;resize=793%2C1195\" srcset=\"https:\/\/develop.olympic.ca\/olympique\/wp-content\/uploads\/sites\/2\/2013\/01\/7632546.jpg 2384w, https:\/\/develop.olympic.ca\/olympique\/wp-content\/uploads\/sites\/2\/2013\/01\/7632546.jpg?resize=105,158 105w, https:\/\/develop.olympic.ca\/olympique\/wp-content\/uploads\/sites\/2\/2013\/01\/7632546.jpg?resize=246,371 246w, https:\/\/develop.olympic.ca\/olympique\/wp-content\/uploads\/sites\/2\/2013\/01\/7632546.jpg?resize=768,1157 768w, https:\/\/develop.olympic.ca\/olympique\/wp-content\/uploads\/sites\/2\/2013\/01\/7632546.jpg?resize=500,754 500w, https:\/\/develop.olympic.ca\/olympique\/wp-content\/uploads\/sites\/2\/2013\/01\/7632546.jpg?resize=1019,1536 1019w, https:\/\/develop.olympic.ca\/olympique\/wp-content\/uploads\/sites\/2\/2013\/01\/7632546.jpg?resize=1359,2048 1359w\" width=\"793\" height=\"1195\" loading=\"lazy\" data-original-width=\"793\" data-original-height=\"1195\" itemprop=\"http:\/\/schema.org\/image\" title=\"Anne Montminy\" alt=\"Anne Montminy\" style=\"width: 793px; height: 1195px;\" \/> <\/a> <\/div> <\/div> <!-- close group --> <\/div> <!-- close row --> <\/div>\n","protected":false},"excerpt":{"rendered":"","protected":false},"featured_media":75939,"parent":0,"template":"","format":"gallery","categories":[],"tags":[],"sport":[],"game":[],"class_list":["post-4725","photos","type-photos","status-publish","format-gallery","has-post-thumbnail","hentry"],"acf":[],"yoast_head":"<!-- This site is optimized with the Yoast SEO plugin v27.5 - https:\/\/yoast.com\/product\/yoast-seo-wordpress\/ -->\n<title>Barcelone 1992 - \u00c9quipe Canada | Site officiel de l&#039;\u00e9quipe olympique<\/title>\n<meta name=\"robots\" content=\"index, follow, max-snippet:-1, max-image-preview:large, max-video-preview:-1\" \/>\n<link rel=\"canonical\" href=\"https:\/\/develop.olympic.ca\/olympique\/photos\/barcelona-1992-2\/\" \/>\n<meta property=\"og:locale\" content=\"fr_FR\" \/>\n<meta property=\"og:type\" content=\"article\" \/>\n<meta property=\"og:title\" content=\"Barcelone 1992 - \u00c9quipe Canada | Site officiel de l&#039;\u00e9quipe olympique\" \/>\n<meta property=\"og:url\" content=\"https:\/\/develop.olympic.ca\/olympique\/photos\/barcelona-1992-2\/\" \/>\n<meta property=\"og:site_name\" content=\"\u00c9quipe Canada | Site officiel de l&#039;\u00e9quipe olympique\" \/>\n<meta property=\"article:modified_time\" content=\"2013-08-01T01:06:07+00:00\" \/>\n<meta property=\"og:image\" content=\"https:\/\/develop.olympic.ca\/olympique\/wp-content\/uploads\/sites\/2\/2013\/01\/1414678.jpg?quality=100\" \/>\n\t<meta property=\"og:image:width\" content=\"3000\" \/>\n\t<meta property=\"og:image:height\" content=\"2259\" \/>\n\t<meta property=\"og:image:type\" content=\"image\/jpeg\" \/>\n<meta name=\"twitter:card\" content=\"summary_large_image\" \/>\n<meta name=\"twitter:label1\" content=\"Written by\" \/>\n\t<meta name=\"twitter:data1\" content=\"cdnolympicteam\" \/>\n<script type=\"application\/ld+json\" class=\"yoast-schema-graph\">{\"@context\":\"https:\\\/\\\/schema.org\",\"@graph\":[{\"@type\":\"WebPage\",\"@id\":\"https:\\\/\\\/develop.olympic.ca\\\/olympique\\\/photos\\\/barcelona-1992-2\\\/\",\"url\":\"https:\\\/\\\/develop.olympic.ca\\\/olympique\\\/photos\\\/barcelona-1992-2\\\/\",\"name\":\"Barcelone 1992 - \u00c9quipe Canada | Site officiel de l&#039;\u00e9quipe olympique\",\"isPartOf\":{\"@id\":\"https:\\\/\\\/develop.olympic.ca\\\/olympique\\\/#website\"},\"primaryImageOfPage\":{\"@id\":\"https:\\\/\\\/develop.olympic.ca\\\/olympique\\\/photos\\\/barcelona-1992-2\\\/#primaryimage\"},\"image\":{\"@id\":\"https:\\\/\\\/develop.olympic.ca\\\/olympique\\\/photos\\\/barcelona-1992-2\\\/#primaryimage\"},\"thumbnailUrl\":\"https:\\\/\\\/develop.olympic.ca\\\/olympique\\\/wp-content\\\/uploads\\\/sites\\\/2\\\/2013\\\/01\\\/1414678.jpg?quality=100\",\"datePublished\":\"2013-01-31T18:25:38+00:00\",\"dateModified\":\"2013-08-01T01:06:07+00:00\",\"breadcrumb\":{\"@id\":\"https:\\\/\\\/develop.olympic.ca\\\/olympique\\\/photos\\\/barcelona-1992-2\\\/#breadcrumb\"},\"inLanguage\":\"fr-FR\",\"potentialAction\":[{\"@type\":\"ReadAction\",\"target\":[\"https:\\\/\\\/develop.olympic.ca\\\/olympique\\\/photos\\\/barcelona-1992-2\\\/\"]}]},{\"@type\":\"ImageObject\",\"inLanguage\":\"fr-FR\",\"@id\":\"https:\\\/\\\/develop.olympic.ca\\\/olympique\\\/photos\\\/barcelona-1992-2\\\/#primaryimage\",\"url\":\"https:\\\/\\\/develop.olympic.ca\\\/olympique\\\/wp-content\\\/uploads\\\/sites\\\/2\\\/2013\\\/01\\\/1414678.jpg?quality=100\",\"contentUrl\":\"https:\\\/\\\/develop.olympic.ca\\\/olympique\\\/wp-content\\\/uploads\\\/sites\\\/2\\\/2013\\\/01\\\/1414678.jpg?quality=100\",\"width\":3000,\"height\":2259},{\"@type\":\"BreadcrumbList\",\"@id\":\"https:\\\/\\\/develop.olympic.ca\\\/olympique\\\/photos\\\/barcelona-1992-2\\\/#breadcrumb\",\"itemListElement\":[{\"@type\":\"ListItem\",\"position\":1,\"name\":\"Album photo\",\"item\":\"https:\\\/\\\/develop.olympic.ca\\\/olympique\\\/photos\\\/\"},{\"@type\":\"ListItem\",\"position\":2,\"name\":\"Barcelone 1992\"}]},{\"@type\":\"WebSite\",\"@id\":\"https:\\\/\\\/develop.olympic.ca\\\/olympique\\\/#website\",\"url\":\"https:\\\/\\\/develop.olympic.ca\\\/olympique\\\/\",\"name\":\"\u00c9quipe Canada | Site officiel de l&#039;\u00e9quipe olympique\",\"description\":\"Votre source pour l\u2019\u00c9quipe olympique canadienne. Retrouvez les r\u00e9cits, vid\u00e9os et photos des athl\u00e8tes canadiens, sports olympiques, Jeux olympiques de 2020 et bien plus!\",\"potentialAction\":[{\"@type\":\"SearchAction\",\"target\":{\"@type\":\"EntryPoint\",\"urlTemplate\":\"https:\\\/\\\/develop.olympic.ca\\\/olympique\\\/?s={search_term_string}\"},\"query-input\":{\"@type\":\"PropertyValueSpecification\",\"valueRequired\":true,\"valueName\":\"search_term_string\"}}],\"inLanguage\":\"fr-FR\"}]}<\/script>\n<!-- \/ Yoast SEO plugin. -->","yoast_head_json":{"title":"Barcelone 1992 - \u00c9quipe Canada | Site officiel de l&#039;\u00e9quipe olympique","robots":{"index":"index","follow":"follow","max-snippet":"max-snippet:-1","max-image-preview":"max-image-preview:large","max-video-preview":"max-video-preview:-1"},"canonical":"https:\/\/develop.olympic.ca\/olympique\/photos\/barcelona-1992-2\/","og_locale":"fr_FR","og_type":"article","og_title":"Barcelone 1992 - \u00c9quipe Canada | Site officiel de l&#039;\u00e9quipe olympique","og_url":"https:\/\/develop.olympic.ca\/olympique\/photos\/barcelona-1992-2\/","og_site_name":"\u00c9quipe Canada | Site officiel de l&#039;\u00e9quipe olympique","article_modified_time":"2013-08-01T01:06:07+00:00","og_image":[{"width":3000,"height":2259,"url":"https:\/\/develop.olympic.ca\/olympique\/wp-content\/uploads\/sites\/2\/2013\/01\/1414678.jpg?quality=100","type":"image\/jpeg"}],"twitter_card":"summary_large_image","twitter_misc":{"Written by":"cdnolympicteam"},"schema":{"@context":"https:\/\/schema.org","@graph":[{"@type":"WebPage","@id":"https:\/\/develop.olympic.ca\/olympique\/photos\/barcelona-1992-2\/","url":"https:\/\/develop.olympic.ca\/olympique\/photos\/barcelona-1992-2\/","name":"Barcelone 1992 - \u00c9quipe Canada | Site officiel de l&#039;\u00e9quipe olympique","isPartOf":{"@id":"https:\/\/develop.olympic.ca\/olympique\/#website"},"primaryImageOfPage":{"@id":"https:\/\/develop.olympic.ca\/olympique\/photos\/barcelona-1992-2\/#primaryimage"},"image":{"@id":"https:\/\/develop.olympic.ca\/olympique\/photos\/barcelona-1992-2\/#primaryimage"},"thumbnailUrl":"https:\/\/develop.olympic.ca\/olympique\/wp-content\/uploads\/sites\/2\/2013\/01\/1414678.jpg?quality=100","datePublished":"2013-01-31T18:25:38+00:00","dateModified":"2013-08-01T01:06:07+00:00","breadcrumb":{"@id":"https:\/\/develop.olympic.ca\/olympique\/photos\/barcelona-1992-2\/#breadcrumb"},"inLanguage":"fr-FR","potentialAction":[{"@type":"ReadAction","target":["https:\/\/develop.olympic.ca\/olympique\/photos\/barcelona-1992-2\/"]}]},{"@type":"ImageObject","inLanguage":"fr-FR","@id":"https:\/\/develop.olympic.ca\/olympique\/photos\/barcelona-1992-2\/#primaryimage","url":"https:\/\/develop.olympic.ca\/olympique\/wp-content\/uploads\/sites\/2\/2013\/01\/1414678.jpg?quality=100","contentUrl":"https:\/\/develop.olympic.ca\/olympique\/wp-content\/uploads\/sites\/2\/2013\/01\/1414678.jpg?quality=100","width":3000,"height":2259},{"@type":"BreadcrumbList","@id":"https:\/\/develop.olympic.ca\/olympique\/photos\/barcelona-1992-2\/#breadcrumb","itemListElement":[{"@type":"ListItem","position":1,"name":"Album photo","item":"https:\/\/develop.olympic.ca\/olympique\/photos\/"},{"@type":"ListItem","position":2,"name":"Barcelone 1992"}]},{"@type":"WebSite","@id":"https:\/\/develop.olympic.ca\/olympique\/#website","url":"https:\/\/develop.olympic.ca\/olympique\/","name":"\u00c9quipe Canada | Site officiel de l&#039;\u00e9quipe olympique","description":"Votre source pour l\u2019\u00c9quipe olympique canadienne. Retrouvez les r\u00e9cits, vid\u00e9os et photos des athl\u00e8tes canadiens, sports olympiques, Jeux olympiques de 2020 et bien plus!","potentialAction":[{"@type":"SearchAction","target":{"@type":"EntryPoint","urlTemplate":"https:\/\/develop.olympic.ca\/olympique\/?s={search_term_string}"},"query-input":{"@type":"PropertyValueSpecification","valueRequired":true,"valueName":"search_term_string"}}],"inLanguage":"fr-FR"}]}},"featured_image_url":"https:\/\/develop.olympic.ca\/olympique\/wp-content\/uploads\/sites\/2\/2013\/01\/1414678.jpg?quality=100","category_names":[],"tag_names":[],"sport_names":[],"game_names":[],"jetpack_sharing_enabled":true,"_links":{"self":[{"href":"https:\/\/develop.olympic.ca\/olympique\/wp-json\/wp\/v2\/photos\/4725","targetHints":{"allow":["GET"]}}],"collection":[{"href":"https:\/\/develop.olympic.ca\/olympique\/wp-json\/wp\/v2\/photos"}],"about":[{"href":"https:\/\/develop.olympic.ca\/olympique\/wp-json\/wp\/v2\/types\/photos"}],"wp:featuredmedia":[{"embeddable":true,"href":"https:\/\/develop.olympic.ca\/olympique\/wp-json\/wp\/v2\/media\/75939"}],"wp:attachment":[{"href":"https:\/\/develop.olympic.ca\/olympique\/wp-json\/wp\/v2\/media?parent=4725"}],"wp:term":[{"taxonomy":"category","embeddable":true,"href":"https:\/\/develop.olympic.ca\/olympique\/wp-json\/wp\/v2\/categories?post=4725"},{"taxonomy":"post_tag","embeddable":true,"href":"https:\/\/develop.olympic.ca\/olympique\/wp-json\/wp\/v2\/tags?post=4725"},{"taxonomy":"sport","embeddable":true,"href":"https:\/\/develop.olympic.ca\/olympique\/wp-json\/wp\/v2\/sport?post=4725"},{"taxonomy":"game","embeddable":true,"href":"https:\/\/develop.olympic.ca\/olympique\/wp-json\/wp\/v2\/game?post=4725"}],"curies":[{"name":"wp","href":"https:\/\/api.w.org\/{rel}","templated":true}]}}