{"id":4748,"date":"2013-02-07T11:53:47","date_gmt":"2013-02-07T11:53:47","guid":{"rendered":"http:\/\/develop.olympic.ca\/?post_type=galleries&#038;p=4748"},"modified":"2013-08-01T01:06:08","modified_gmt":"2013-08-01T01:06:08","slug":"turin-2006-2","status":"publish","type":"photos","link":"https:\/\/develop.olympic.ca\/olympique\/photos\/turin-2006-2\/","title":{"rendered":"Turin 2006"},"content":{"rendered":"<div class=\"tiled-gallery type-rectangular tiled-gallery-unresized\" data-original-width=\"1360\" data-carousel-extra='null' itemscope itemtype=\"http:\/\/schema.org\/ImageGallery\" > <div class=\"gallery-row\" style=\"width: 1360px; height: 693px;\" data-original-width=\"1360\" data-original-height=\"693\" > <div class=\"gallery-group images-1\" style=\"width: 909px; height: 693px;\" data-original-width=\"909\" data-original-height=\"693\" > <div class=\"tiled-gallery-item tiled-gallery-item-large\" itemprop=\"associatedMedia\" itemscope itemtype=\"http:\/\/schema.org\/ImageObject\"> <a href=\"https:\/\/develop.olympic.ca\/olympique\/wp-content\/uploads\/sites\/2\/2013\/02\/opening-ceremony-3.jpg?quality=100&#038;strip\" border=\"0\" itemprop=\"url\"> <meta itemprop=\"width\" content=\"905\"> <meta itemprop=\"height\" content=\"689\"> <img decoding=\"async\" data-recalc-dims=\"1\" class=\"\" data-attachment-id=\"75754\" data-orig-file=\"https:\/\/develop.olympic.ca\/olympique\/wp-content\/uploads\/sites\/2\/2013\/02\/opening-ceremony-3.jpg?quality=100\" data-orig-size=\"2000,1523\" data-comments-opened=\"1\" data-image-meta=\"{&quot;aperture&quot;:&quot;0&quot;,&quot;credit&quot;:&quot;The Canadian Press&quot;,&quot;camera&quot;:&quot;&quot;,&quot;caption&quot;:&quot;Performs form a large bird over the stage during opening ceremonies for the 2006 Winter Olympics in Turin, Italy on Friday, Feb. 10, 2006.(CP PHOTO\\\/Paul Chiasson)&quot;,&quot;created_timestamp&quot;:&quot;0&quot;,&quot;copyright&quot;:&quot;&quot;,&quot;focal_length&quot;:&quot;0&quot;,&quot;iso&quot;:&quot;0&quot;,&quot;shutter_speed&quot;:&quot;0&quot;,&quot;title&quot;:&quot;OLY-0PENING-CEREMONIES&quot;}\" data-image-title=\"Turin 2006\" data-image-description=\"&lt;p&gt;Photo : La Presse Canadienne&lt;\/p&gt; \" data-medium-file=\"https:\/\/develop.olympic.ca\/olympique\/wp-content\/uploads\/sites\/2\/2013\/02\/opening-ceremony-3.jpg?quality=100&#038;w=487\" data-large-file=\"https:\/\/develop.olympic.ca\/olympique\/wp-content\/uploads\/sites\/2\/2013\/02\/opening-ceremony-3.jpg?quality=100&#038;w=990\" src=\"https:\/\/develop.olympic.ca\/olympique\/wp-content\/uploads\/sites\/2\/2013\/02\/opening-ceremony-3.jpg?quality=100&#038;w=905&#038;h=689&#038;strip&#038;resize=905%2C689\" srcset=\"https:\/\/develop.olympic.ca\/olympique\/wp-content\/uploads\/sites\/2\/2013\/02\/opening-ceremony-3.jpg 2000w, https:\/\/develop.olympic.ca\/olympique\/wp-content\/uploads\/sites\/2\/2013\/02\/opening-ceremony-3.jpg?resize=207,158 207w, https:\/\/develop.olympic.ca\/olympique\/wp-content\/uploads\/sites\/2\/2013\/02\/opening-ceremony-3.jpg?resize=487,371 487w, https:\/\/develop.olympic.ca\/olympique\/wp-content\/uploads\/sites\/2\/2013\/02\/opening-ceremony-3.jpg?resize=768,585 768w, https:\/\/develop.olympic.ca\/olympique\/wp-content\/uploads\/sites\/2\/2013\/02\/opening-ceremony-3.jpg?resize=990,754 990w, https:\/\/develop.olympic.ca\/olympique\/wp-content\/uploads\/sites\/2\/2013\/02\/opening-ceremony-3.jpg?resize=1536,1170 1536w\" width=\"905\" height=\"689\" loading=\"lazy\" data-original-width=\"905\" data-original-height=\"689\" itemprop=\"http:\/\/schema.org\/image\" title=\"Turin 2006\" alt=\"Turin 2006\" style=\"width: 905px; height: 689px;\" \/> <\/a> <\/div> <\/div> <!-- close group --> <div class=\"gallery-group images-2\" style=\"width: 451px; height: 693px;\" data-original-width=\"451\" data-original-height=\"693\" > <div class=\"tiled-gallery-item tiled-gallery-item-large\" itemprop=\"associatedMedia\" itemscope itemtype=\"http:\/\/schema.org\/ImageObject\"> <a href=\"https:\/\/develop.olympic.ca\/olympique\/wp-content\/uploads\/sites\/2\/2013\/02\/opening-ceremony-4.jpg?quality=100&#038;strip\" border=\"0\" itemprop=\"url\"> <meta itemprop=\"width\" content=\"447\"> <meta itemprop=\"height\" content=\"329\"> <img decoding=\"async\" data-recalc-dims=\"1\" class=\"\" data-attachment-id=\"75757\" data-orig-file=\"https:\/\/develop.olympic.ca\/olympique\/wp-content\/uploads\/sites\/2\/2013\/02\/opening-ceremony-4.jpg?quality=100\" data-orig-size=\"2964,2180\" data-comments-opened=\"1\" data-image-meta=\"{&quot;aperture&quot;:&quot;0&quot;,&quot;credit&quot;:&quot;Canadian Olympic Committee&quot;,&quot;camera&quot;:&quot;&quot;,&quot;caption&quot;:&quot;Performers climb a giant net during the opening ceremonies at the Olympic games in Turin Italy, Friday, Feb 10, 2006.(CP PHOTO\\\/COC\\\/Jonathan Hayward)&quot;,&quot;created_timestamp&quot;:&quot;0&quot;,&quot;copyright&quot;:&quot;&quot;,&quot;focal_length&quot;:&quot;0&quot;,&quot;iso&quot;:&quot;0&quot;,&quot;shutter_speed&quot;:&quot;0&quot;,&quot;title&quot;:&quot;OLY-OPENING CEREMONIES&quot;}\" data-image-title=\"Turin 2006\" data-image-description=\"&lt;p&gt;Photo : La Presse Canadienne&lt;\/p&gt; \" data-medium-file=\"https:\/\/develop.olympic.ca\/olympique\/wp-content\/uploads\/sites\/2\/2013\/02\/opening-ceremony-4.jpg?quality=100&#038;w=504\" data-large-file=\"https:\/\/develop.olympic.ca\/olympique\/wp-content\/uploads\/sites\/2\/2013\/02\/opening-ceremony-4.jpg?quality=100&#038;w=1025\" src=\"https:\/\/develop.olympic.ca\/olympique\/wp-content\/uploads\/sites\/2\/2013\/02\/opening-ceremony-4.jpg?quality=100&#038;w=447&#038;h=329&#038;strip&#038;resize=447%2C329\" srcset=\"https:\/\/develop.olympic.ca\/olympique\/wp-content\/uploads\/sites\/2\/2013\/02\/opening-ceremony-4.jpg 2964w, https:\/\/develop.olympic.ca\/olympique\/wp-content\/uploads\/sites\/2\/2013\/02\/opening-ceremony-4.jpg?resize=215,158 215w, https:\/\/develop.olympic.ca\/olympique\/wp-content\/uploads\/sites\/2\/2013\/02\/opening-ceremony-4.jpg?resize=504,371 504w, https:\/\/develop.olympic.ca\/olympique\/wp-content\/uploads\/sites\/2\/2013\/02\/opening-ceremony-4.jpg?resize=768,565 768w, https:\/\/develop.olympic.ca\/olympique\/wp-content\/uploads\/sites\/2\/2013\/02\/opening-ceremony-4.jpg?resize=1025,754 1025w, https:\/\/develop.olympic.ca\/olympique\/wp-content\/uploads\/sites\/2\/2013\/02\/opening-ceremony-4.jpg?resize=1536,1130 1536w, https:\/\/develop.olympic.ca\/olympique\/wp-content\/uploads\/sites\/2\/2013\/02\/opening-ceremony-4.jpg?resize=2048,1506 2048w\" width=\"447\" height=\"329\" loading=\"lazy\" data-original-width=\"447\" data-original-height=\"329\" itemprop=\"http:\/\/schema.org\/image\" title=\"Turin 2006\" alt=\"Turin 2006\" style=\"width: 447px; height: 329px;\" \/> <\/a> <\/div> <div class=\"tiled-gallery-item tiled-gallery-item-large\" itemprop=\"associatedMedia\" itemscope itemtype=\"http:\/\/schema.org\/ImageObject\"> <a href=\"https:\/\/develop.olympic.ca\/olympique\/wp-content\/uploads\/sites\/2\/2013\/02\/opening-ceremony.jpg?quality=100&#038;strip\" border=\"0\" itemprop=\"url\"> <meta itemprop=\"width\" content=\"447\"> <meta itemprop=\"height\" content=\"356\"> <img decoding=\"async\" data-recalc-dims=\"1\" class=\"\" data-attachment-id=\"75759\" data-orig-file=\"https:\/\/develop.olympic.ca\/olympique\/wp-content\/uploads\/sites\/2\/2013\/02\/opening-ceremony.jpg?quality=100\" data-orig-size=\"2010,1600\" data-comments-opened=\"1\" data-image-meta=\"{&quot;aperture&quot;:&quot;0&quot;,&quot;credit&quot;:&quot;The Canadian Press&quot;,&quot;camera&quot;:&quot;&quot;,&quot;caption&quot;:&quot;Canadian hockey player Danielle Goyette, from St.-Nazaire, Que., waves the flag as she leads the Canadian team into the stadium during opening ceremonies for the 2006 Winter Olympics in Turin, Italy Friday, Feb. 10, 2006. (CP PHOTO\\\/Paul Chiasson)&quot;,&quot;created_timestamp&quot;:&quot;0&quot;,&quot;copyright&quot;:&quot;&quot;,&quot;focal_length&quot;:&quot;0&quot;,&quot;iso&quot;:&quot;0&quot;,&quot;shutter_speed&quot;:&quot;0&quot;,&quot;title&quot;:&quot;OLY-0PENING-CEREMONIES&quot;}\" data-image-title=\"Turin 2006\" data-image-description=\"&lt;p&gt;Photo : La Presse Canadienne&lt;\/p&gt; \" data-medium-file=\"https:\/\/develop.olympic.ca\/olympique\/wp-content\/uploads\/sites\/2\/2013\/02\/opening-ceremony.jpg?quality=100&#038;w=466\" data-large-file=\"https:\/\/develop.olympic.ca\/olympique\/wp-content\/uploads\/sites\/2\/2013\/02\/opening-ceremony.jpg?quality=100&#038;w=947\" src=\"https:\/\/develop.olympic.ca\/olympique\/wp-content\/uploads\/sites\/2\/2013\/02\/opening-ceremony.jpg?quality=100&#038;w=447&#038;h=356&#038;strip&#038;resize=447%2C356\" srcset=\"https:\/\/develop.olympic.ca\/olympique\/wp-content\/uploads\/sites\/2\/2013\/02\/opening-ceremony.jpg 2010w, https:\/\/develop.olympic.ca\/olympique\/wp-content\/uploads\/sites\/2\/2013\/02\/opening-ceremony.jpg?resize=198,158 198w, https:\/\/develop.olympic.ca\/olympique\/wp-content\/uploads\/sites\/2\/2013\/02\/opening-ceremony.jpg?resize=466,371 466w, https:\/\/develop.olympic.ca\/olympique\/wp-content\/uploads\/sites\/2\/2013\/02\/opening-ceremony.jpg?resize=768,611 768w, https:\/\/develop.olympic.ca\/olympique\/wp-content\/uploads\/sites\/2\/2013\/02\/opening-ceremony.jpg?resize=947,754 947w, https:\/\/develop.olympic.ca\/olympique\/wp-content\/uploads\/sites\/2\/2013\/02\/opening-ceremony.jpg?resize=1536,1223 1536w\" width=\"447\" height=\"356\" loading=\"lazy\" data-original-width=\"447\" data-original-height=\"356\" itemprop=\"http:\/\/schema.org\/image\" title=\"Turin 2006\" alt=\"Turin 2006\" style=\"width: 447px; height: 356px;\" \/> <\/a> <\/div> <\/div> <!-- close group --> <\/div> <!-- close row --> <div class=\"gallery-row\" style=\"width: 1360px; height: 320px;\" data-original-width=\"1360\" data-original-height=\"320\" > <div class=\"gallery-group images-1\" style=\"width: 502px; height: 320px;\" data-original-width=\"502\" data-original-height=\"320\" > <div class=\"tiled-gallery-item tiled-gallery-item-large\" itemprop=\"associatedMedia\" itemscope itemtype=\"http:\/\/schema.org\/ImageObject\"> <a href=\"https:\/\/develop.olympic.ca\/olympique\/wp-content\/uploads\/sites\/2\/2013\/02\/opening-ceremony-2.jpg?quality=100&#038;strip\" border=\"0\" itemprop=\"url\"> <meta itemprop=\"width\" content=\"498\"> <meta itemprop=\"height\" content=\"316\"> <img decoding=\"async\" data-recalc-dims=\"1\" class=\"\" data-attachment-id=\"75751\" data-orig-file=\"https:\/\/develop.olympic.ca\/olympique\/wp-content\/uploads\/sites\/2\/2013\/02\/opening-ceremony-2.jpg?quality=100\" data-orig-size=\"2220,1408\" data-comments-opened=\"1\" data-image-meta=\"{&quot;aperture&quot;:&quot;0&quot;,&quot;credit&quot;:&quot;The Canadian Press&quot;,&quot;camera&quot;:&quot;&quot;,&quot;caption&quot;:&quot;The Canadian Olympic team march into the stadium during opening ceremonies for the 2006 Winter Olympics in Turin, Italy Friday, Feb. 10, 2006.(CP PHOTO\\\/Paul Chiasson)&quot;,&quot;created_timestamp&quot;:&quot;0&quot;,&quot;copyright&quot;:&quot;&quot;,&quot;focal_length&quot;:&quot;0&quot;,&quot;iso&quot;:&quot;0&quot;,&quot;shutter_speed&quot;:&quot;0&quot;,&quot;title&quot;:&quot;OLY-0PENING-CEREMONIES&quot;}\" data-image-title=\"Turin 2006\" data-image-description=\"&lt;p&gt;Photo : La Presse Canadienne&lt;\/p&gt; \" data-medium-file=\"https:\/\/develop.olympic.ca\/olympique\/wp-content\/uploads\/sites\/2\/2013\/02\/opening-ceremony-2.jpg?quality=100&#038;w=585\" data-large-file=\"https:\/\/develop.olympic.ca\/olympique\/wp-content\/uploads\/sites\/2\/2013\/02\/opening-ceremony-2.jpg?quality=100&#038;w=1189\" src=\"https:\/\/develop.olympic.ca\/olympique\/wp-content\/uploads\/sites\/2\/2013\/02\/opening-ceremony-2.jpg?quality=100&#038;w=498&#038;h=316&#038;strip&#038;resize=498%2C316\" srcset=\"https:\/\/develop.olympic.ca\/olympique\/wp-content\/uploads\/sites\/2\/2013\/02\/opening-ceremony-2.jpg 2220w, https:\/\/develop.olympic.ca\/olympique\/wp-content\/uploads\/sites\/2\/2013\/02\/opening-ceremony-2.jpg?resize=249,158 249w, https:\/\/develop.olympic.ca\/olympique\/wp-content\/uploads\/sites\/2\/2013\/02\/opening-ceremony-2.jpg?resize=585,371 585w, https:\/\/develop.olympic.ca\/olympique\/wp-content\/uploads\/sites\/2\/2013\/02\/opening-ceremony-2.jpg?resize=768,487 768w, https:\/\/develop.olympic.ca\/olympique\/wp-content\/uploads\/sites\/2\/2013\/02\/opening-ceremony-2.jpg?resize=1189,754 1189w, https:\/\/develop.olympic.ca\/olympique\/wp-content\/uploads\/sites\/2\/2013\/02\/opening-ceremony-2.jpg?resize=1536,974 1536w, https:\/\/develop.olympic.ca\/olympique\/wp-content\/uploads\/sites\/2\/2013\/02\/opening-ceremony-2.jpg?resize=2048,1299 2048w\" width=\"498\" height=\"316\" loading=\"lazy\" data-original-width=\"498\" data-original-height=\"316\" itemprop=\"http:\/\/schema.org\/image\" title=\"Turin 2006\" alt=\"Turin 2006\" style=\"width: 498px; height: 316px;\" \/> <\/a> <\/div> <\/div> <!-- close group --> <div class=\"gallery-group images-1\" style=\"width: 485px; height: 320px;\" data-original-width=\"485\" data-original-height=\"320\" > <div class=\"tiled-gallery-item tiled-gallery-item-large\" itemprop=\"associatedMedia\" itemscope itemtype=\"http:\/\/schema.org\/ImageObject\"> <a href=\"https:\/\/develop.olympic.ca\/olympique\/wp-content\/uploads\/sites\/2\/2013\/02\/skiing-cross-country.jpg?quality=100&#038;strip\" border=\"0\" itemprop=\"url\"> <meta itemprop=\"width\" content=\"481\"> <meta itemprop=\"height\" content=\"316\"> <img decoding=\"async\" data-recalc-dims=\"1\" class=\"\" data-attachment-id=\"75688\" data-orig-file=\"https:\/\/develop.olympic.ca\/olympique\/wp-content\/uploads\/sites\/2\/2013\/02\/skiing-cross-country.jpg?quality=100\" data-orig-size=\"3372,2212\" data-comments-opened=\"1\" data-image-meta=\"{&quot;aperture&quot;:&quot;0&quot;,&quot;credit&quot;:&quot;The Canadian Press&quot;,&quot;camera&quot;:&quot;&quot;,&quot;caption&quot;:&quot;Chandra Crawford (8) of Canmore, Alberta raises her arms to celebrate as she crosses the finish line to win the gold medal women\\u0027s sprint cross country skiing race at the Olympic Games in Pragelato Plan, Italy on Tuesday, February 22, 2006. Silver medalist Claudia Kuenzel (4) of Germany and bronze medalist Alena Sidko (5) of Russia follow close behind.(CP PHOTO\\\/Frank Gunn)&quot;,&quot;created_timestamp&quot;:&quot;0&quot;,&quot;copyright&quot;:&quot;&quot;,&quot;focal_length&quot;:&quot;0&quot;,&quot;iso&quot;:&quot;0&quot;,&quot;shutter_speed&quot;:&quot;0&quot;,&quot;title&quot;:&quot;BC-OLY-SKI-Cross-Country TOPIX&quot;}\" data-image-title=\"Chandra Crawford\" data-image-description=\"&lt;p&gt;Photo : La Presse Canadienne&lt;\/p&gt; \" data-medium-file=\"https:\/\/develop.olympic.ca\/olympique\/wp-content\/uploads\/sites\/2\/2013\/02\/skiing-cross-country.jpg?quality=100&#038;w=566\" data-large-file=\"https:\/\/develop.olympic.ca\/olympique\/wp-content\/uploads\/sites\/2\/2013\/02\/skiing-cross-country.jpg?quality=100&#038;w=1149\" src=\"https:\/\/develop.olympic.ca\/olympique\/wp-content\/uploads\/sites\/2\/2013\/02\/skiing-cross-country.jpg?quality=100&#038;w=481&#038;h=316&#038;strip&#038;resize=481%2C316\" srcset=\"https:\/\/develop.olympic.ca\/olympique\/wp-content\/uploads\/sites\/2\/2013\/02\/skiing-cross-country.jpg 3372w, https:\/\/develop.olympic.ca\/olympique\/wp-content\/uploads\/sites\/2\/2013\/02\/skiing-cross-country.jpg?resize=241,158 241w, https:\/\/develop.olympic.ca\/olympique\/wp-content\/uploads\/sites\/2\/2013\/02\/skiing-cross-country.jpg?resize=566,371 566w, https:\/\/develop.olympic.ca\/olympique\/wp-content\/uploads\/sites\/2\/2013\/02\/skiing-cross-country.jpg?resize=768,504 768w, https:\/\/develop.olympic.ca\/olympique\/wp-content\/uploads\/sites\/2\/2013\/02\/skiing-cross-country.jpg?resize=1149,754 1149w, https:\/\/develop.olympic.ca\/olympique\/wp-content\/uploads\/sites\/2\/2013\/02\/skiing-cross-country.jpg?resize=1536,1008 1536w, https:\/\/develop.olympic.ca\/olympique\/wp-content\/uploads\/sites\/2\/2013\/02\/skiing-cross-country.jpg?resize=2048,1343 2048w\" width=\"481\" height=\"316\" loading=\"lazy\" data-original-width=\"481\" data-original-height=\"316\" itemprop=\"http:\/\/schema.org\/image\" title=\"Chandra Crawford\" alt=\"Chandra Crawford\" style=\"width: 481px; height: 316px;\" \/> <\/a> <\/div> <\/div> <!-- close group --> <div class=\"gallery-group images-1\" style=\"width: 373px; height: 320px;\" data-original-width=\"373\" data-original-height=\"320\" > <div class=\"tiled-gallery-item tiled-gallery-item-large\" itemprop=\"associatedMedia\" itemscope itemtype=\"http:\/\/schema.org\/ImageObject\"> <a href=\"https:\/\/develop.olympic.ca\/olympique\/wp-content\/uploads\/sites\/2\/2013\/02\/skiing-freestyle-2.jpg?quality=100&#038;strip\" border=\"0\" itemprop=\"url\"> <meta itemprop=\"width\" content=\"369\"> <meta itemprop=\"height\" content=\"316\"> <img decoding=\"async\" data-recalc-dims=\"1\" class=\"\" data-attachment-id=\"75691\" data-orig-file=\"https:\/\/develop.olympic.ca\/olympique\/wp-content\/uploads\/sites\/2\/2013\/02\/skiing-freestyle-2.jpg?quality=100\" data-orig-size=\"2000,1714\" data-comments-opened=\"1\" data-image-meta=\"{&quot;aperture&quot;:&quot;0&quot;,&quot;credit&quot;:&quot;The Canadian Press&quot;,&quot;camera&quot;:&quot;&quot;,&quot;caption&quot;:&quot;Jennifer Heil, of Spruce Grove, Alta., celebrates after winning the gold medal in women\\u0027s freestyle skiing moguls Olympic competition in Sauze D\\u0027Oulx, Italy on Saturday Feb.11, 2006. (CP PHOTO\\\/Frank Gunn)&quot;,&quot;created_timestamp&quot;:&quot;0&quot;,&quot;copyright&quot;:&quot;&quot;,&quot;focal_length&quot;:&quot;0&quot;,&quot;iso&quot;:&quot;0&quot;,&quot;shutter_speed&quot;:&quot;0&quot;,&quot;title&quot;:&quot;OLY-SKI-Freestyle TOPIX&quot;}\" data-image-title=\"Jenn Heil\" data-image-description=\"&lt;p&gt;Photo : La Presse Canadienne&lt;\/p&gt; \" data-medium-file=\"https:\/\/develop.olympic.ca\/olympique\/wp-content\/uploads\/sites\/2\/2013\/02\/skiing-freestyle-2.jpg?quality=100&#038;w=433\" data-large-file=\"https:\/\/develop.olympic.ca\/olympique\/wp-content\/uploads\/sites\/2\/2013\/02\/skiing-freestyle-2.jpg?quality=100&#038;w=880\" src=\"https:\/\/develop.olympic.ca\/olympique\/wp-content\/uploads\/sites\/2\/2013\/02\/skiing-freestyle-2.jpg?quality=100&#038;w=369&#038;h=316&#038;strip&#038;resize=369%2C316\" srcset=\"https:\/\/develop.olympic.ca\/olympique\/wp-content\/uploads\/sites\/2\/2013\/02\/skiing-freestyle-2.jpg 2000w, https:\/\/develop.olympic.ca\/olympique\/wp-content\/uploads\/sites\/2\/2013\/02\/skiing-freestyle-2.jpg?resize=184,158 184w, https:\/\/develop.olympic.ca\/olympique\/wp-content\/uploads\/sites\/2\/2013\/02\/skiing-freestyle-2.jpg?resize=433,371 433w, https:\/\/develop.olympic.ca\/olympique\/wp-content\/uploads\/sites\/2\/2013\/02\/skiing-freestyle-2.jpg?resize=768,658 768w, https:\/\/develop.olympic.ca\/olympique\/wp-content\/uploads\/sites\/2\/2013\/02\/skiing-freestyle-2.jpg?resize=880,754 880w, https:\/\/develop.olympic.ca\/olympique\/wp-content\/uploads\/sites\/2\/2013\/02\/skiing-freestyle-2.jpg?resize=1536,1316 1536w\" width=\"369\" height=\"316\" loading=\"lazy\" data-original-width=\"369\" data-original-height=\"316\" itemprop=\"http:\/\/schema.org\/image\" title=\"Jenn Heil\" alt=\"Jenn Heil\" style=\"width: 369px; height: 316px;\" \/> <\/a> <\/div> <\/div> <!-- close group --> <\/div> <!-- close row --> <div class=\"gallery-row\" style=\"width: 1360px; height: 674px;\" data-original-width=\"1360\" data-original-height=\"674\" > <div class=\"gallery-group images-2\" style=\"width: 478px; height: 674px;\" data-original-width=\"478\" data-original-height=\"674\" > <div class=\"tiled-gallery-item tiled-gallery-item-large\" itemprop=\"associatedMedia\" itemscope itemtype=\"http:\/\/schema.org\/ImageObject\"> <a href=\"https:\/\/develop.olympic.ca\/olympique\/wp-content\/uploads\/sites\/2\/2013\/02\/skiing-freestyle-3.jpg?quality=100&#038;strip\" border=\"0\" itemprop=\"url\"> <meta itemprop=\"width\" content=\"474\"> <meta itemprop=\"height\" content=\"316\"> <img decoding=\"async\" data-recalc-dims=\"1\" class=\"\" data-attachment-id=\"75694\" data-orig-file=\"https:\/\/develop.olympic.ca\/olympique\/wp-content\/uploads\/sites\/2\/2013\/02\/skiing-freestyle-3.jpg?quality=100\" data-orig-size=\"2400,1600\" data-comments-opened=\"1\" data-image-meta=\"{&quot;aperture&quot;:&quot;0&quot;,&quot;credit&quot;:&quot;Canadian Olympic Committee&quot;,&quot;camera&quot;:&quot;&quot;,&quot;caption&quot;:&quot;Alexandre Bilodeau of Rosemere, Que. jumps to 11th place in the qualification round of men\\u0027s freestyle moguls at the Winter Olympics in Sauze d\\u0027Oulx, Italy, Wednesday, Feb. 15, 2006.(CP PHOTO\\\/COC\\\/Mike Ridewood)&quot;,&quot;created_timestamp&quot;:&quot;0&quot;,&quot;copyright&quot;:&quot;&quot;,&quot;focal_length&quot;:&quot;0&quot;,&quot;iso&quot;:&quot;0&quot;,&quot;shutter_speed&quot;:&quot;0&quot;,&quot;title&quot;:&quot;OLY-Mens Freestyle Moguls&quot;}\" data-image-title=\"Alex Bilodeau\" data-image-description=\"&lt;p&gt;Photo : La Presse Canadienne&lt;\/p&gt; \" data-medium-file=\"https:\/\/develop.olympic.ca\/olympique\/wp-content\/uploads\/sites\/2\/2013\/02\/skiing-freestyle-3.jpg?quality=100&#038;w=557\" data-large-file=\"https:\/\/develop.olympic.ca\/olympique\/wp-content\/uploads\/sites\/2\/2013\/02\/skiing-freestyle-3.jpg?quality=100&#038;w=1131\" src=\"https:\/\/develop.olympic.ca\/olympique\/wp-content\/uploads\/sites\/2\/2013\/02\/skiing-freestyle-3.jpg?quality=100&#038;w=474&#038;h=316&#038;strip&#038;resize=474%2C316\" srcset=\"https:\/\/develop.olympic.ca\/olympique\/wp-content\/uploads\/sites\/2\/2013\/02\/skiing-freestyle-3.jpg 2400w, https:\/\/develop.olympic.ca\/olympique\/wp-content\/uploads\/sites\/2\/2013\/02\/skiing-freestyle-3.jpg?resize=237,158 237w, https:\/\/develop.olympic.ca\/olympique\/wp-content\/uploads\/sites\/2\/2013\/02\/skiing-freestyle-3.jpg?resize=557,371 557w, https:\/\/develop.olympic.ca\/olympique\/wp-content\/uploads\/sites\/2\/2013\/02\/skiing-freestyle-3.jpg?resize=768,512 768w, https:\/\/develop.olympic.ca\/olympique\/wp-content\/uploads\/sites\/2\/2013\/02\/skiing-freestyle-3.jpg?resize=1131,754 1131w, https:\/\/develop.olympic.ca\/olympique\/wp-content\/uploads\/sites\/2\/2013\/02\/skiing-freestyle-3.jpg?resize=1536,1024 1536w, https:\/\/develop.olympic.ca\/olympique\/wp-content\/uploads\/sites\/2\/2013\/02\/skiing-freestyle-3.jpg?resize=2048,1365 2048w\" width=\"474\" height=\"316\" loading=\"lazy\" data-original-width=\"474\" data-original-height=\"316\" itemprop=\"http:\/\/schema.org\/image\" title=\"Alex Bilodeau\" alt=\"Alex Bilodeau\" style=\"width: 474px; height: 316px;\" \/> <\/a> <\/div> <div class=\"tiled-gallery-item tiled-gallery-item-large\" itemprop=\"associatedMedia\" itemscope itemtype=\"http:\/\/schema.org\/ImageObject\"> <a href=\"https:\/\/develop.olympic.ca\/olympique\/wp-content\/uploads\/sites\/2\/2013\/02\/skiing-freestyle-4.jpg?quality=100&#038;strip\" border=\"0\" itemprop=\"url\"> <meta itemprop=\"width\" content=\"474\"> <meta itemprop=\"height\" content=\"350\"> <img decoding=\"async\" data-recalc-dims=\"1\" class=\"\" data-attachment-id=\"75696\" data-orig-file=\"https:\/\/develop.olympic.ca\/olympique\/wp-content\/uploads\/sites\/2\/2013\/02\/skiing-freestyle-4.jpg?quality=100\" data-orig-size=\"2000,1479\" data-comments-opened=\"1\" data-image-meta=\"{&quot;aperture&quot;:&quot;0&quot;,&quot;credit&quot;:&quot;Canadian Olympic Committee&quot;,&quot;camera&quot;:&quot;&quot;,&quot;caption&quot;:&quot;Canada\\u0027s Kyle Nissen of Calgary, Alta.lands his second jump in the final of the men\\u0027s aerials at the Winter Olympic Games in Sauze D\\u0027Oulx Italy on Thursday, Feb. 23, 2006. Nissen finished fifth. (CP PHOTO\\\/COC\\\/Jonathan Hayward)&quot;,&quot;created_timestamp&quot;:&quot;0&quot;,&quot;copyright&quot;:&quot;&quot;,&quot;focal_length&quot;:&quot;0&quot;,&quot;iso&quot;:&quot;0&quot;,&quot;shutter_speed&quot;:&quot;0&quot;,&quot;title&quot;:&quot;NISSEN&quot;}\" data-image-title=\"Kyle Nissen\" data-image-description=\"&lt;p&gt;Photo : La Presse Canadienne&lt;\/p&gt; \" data-medium-file=\"https:\/\/develop.olympic.ca\/olympique\/wp-content\/uploads\/sites\/2\/2013\/02\/skiing-freestyle-4.jpg?quality=100&#038;w=502\" data-large-file=\"https:\/\/develop.olympic.ca\/olympique\/wp-content\/uploads\/sites\/2\/2013\/02\/skiing-freestyle-4.jpg?quality=100&#038;w=1020\" src=\"https:\/\/develop.olympic.ca\/olympique\/wp-content\/uploads\/sites\/2\/2013\/02\/skiing-freestyle-4.jpg?quality=100&#038;w=474&#038;h=350&#038;strip&#038;resize=474%2C350\" srcset=\"https:\/\/develop.olympic.ca\/olympique\/wp-content\/uploads\/sites\/2\/2013\/02\/skiing-freestyle-4.jpg 2000w, https:\/\/develop.olympic.ca\/olympique\/wp-content\/uploads\/sites\/2\/2013\/02\/skiing-freestyle-4.jpg?resize=214,158 214w, https:\/\/develop.olympic.ca\/olympique\/wp-content\/uploads\/sites\/2\/2013\/02\/skiing-freestyle-4.jpg?resize=502,371 502w, https:\/\/develop.olympic.ca\/olympique\/wp-content\/uploads\/sites\/2\/2013\/02\/skiing-freestyle-4.jpg?resize=768,568 768w, https:\/\/develop.olympic.ca\/olympique\/wp-content\/uploads\/sites\/2\/2013\/02\/skiing-freestyle-4.jpg?resize=1020,754 1020w, https:\/\/develop.olympic.ca\/olympique\/wp-content\/uploads\/sites\/2\/2013\/02\/skiing-freestyle-4.jpg?resize=1536,1136 1536w\" width=\"474\" height=\"350\" loading=\"lazy\" data-original-width=\"474\" data-original-height=\"350\" itemprop=\"http:\/\/schema.org\/image\" title=\"Kyle Nissen\" alt=\"Kyle Nissen\" style=\"width: 474px; height: 350px;\" \/> <\/a> <\/div> <\/div> <!-- close group --> <div class=\"gallery-group images-1\" style=\"width: 882px; height: 674px;\" data-original-width=\"882\" data-original-height=\"674\" > <div class=\"tiled-gallery-item tiled-gallery-item-large\" itemprop=\"associatedMedia\" itemscope itemtype=\"http:\/\/schema.org\/ImageObject\"> <a href=\"https:\/\/develop.olympic.ca\/olympique\/wp-content\/uploads\/sites\/2\/2013\/02\/skiing-freestyle-5.jpg?quality=100&#038;strip\" border=\"0\" itemprop=\"url\"> <meta itemprop=\"width\" content=\"878\"> <meta itemprop=\"height\" content=\"670\"> <img decoding=\"async\" data-recalc-dims=\"1\" class=\"\" data-attachment-id=\"75699\" data-orig-file=\"https:\/\/develop.olympic.ca\/olympique\/wp-content\/uploads\/sites\/2\/2013\/02\/skiing-freestyle-5.jpg?quality=100\" data-orig-size=\"2740,2092\" data-comments-opened=\"1\" data-image-meta=\"{&quot;aperture&quot;:&quot;0&quot;,&quot;credit&quot;:&quot;Canadian Olympic Committee&quot;,&quot;camera&quot;:&quot;&quot;,&quot;caption&quot;:&quot;Canadian fans wave flags as Warren Shouldice of Calgary, AB. waves to the crowd following his second jump in the final of the men\\u0027s aerials at the Winter Olympic Games in Sauze D\\u0027Oulx Italy on Thursday Feb 23, 2006. Shouldice finished in 6th position.(CP PHOTO\\\/COC\\\/Jonathan Hayward)&quot;,&quot;created_timestamp&quot;:&quot;0&quot;,&quot;copyright&quot;:&quot;&quot;,&quot;focal_length&quot;:&quot;0&quot;,&quot;iso&quot;:&quot;0&quot;,&quot;shutter_speed&quot;:&quot;0&quot;,&quot;title&quot;:&quot;SHOULDICE&quot;}\" data-image-title=\"Warren Shouldice\" data-image-description=\"&lt;p&gt;Photo : La Presse Canadienne&lt;\/p&gt; \" data-medium-file=\"https:\/\/develop.olympic.ca\/olympique\/wp-content\/uploads\/sites\/2\/2013\/02\/skiing-freestyle-5.jpg?quality=100&#038;w=486\" data-large-file=\"https:\/\/develop.olympic.ca\/olympique\/wp-content\/uploads\/sites\/2\/2013\/02\/skiing-freestyle-5.jpg?quality=100&#038;w=988\" src=\"https:\/\/develop.olympic.ca\/olympique\/wp-content\/uploads\/sites\/2\/2013\/02\/skiing-freestyle-5.jpg?quality=100&#038;w=878&#038;h=670&#038;strip&#038;resize=878%2C670\" srcset=\"https:\/\/develop.olympic.ca\/olympique\/wp-content\/uploads\/sites\/2\/2013\/02\/skiing-freestyle-5.jpg 2740w, https:\/\/develop.olympic.ca\/olympique\/wp-content\/uploads\/sites\/2\/2013\/02\/skiing-freestyle-5.jpg?resize=207,158 207w, https:\/\/develop.olympic.ca\/olympique\/wp-content\/uploads\/sites\/2\/2013\/02\/skiing-freestyle-5.jpg?resize=486,371 486w, https:\/\/develop.olympic.ca\/olympique\/wp-content\/uploads\/sites\/2\/2013\/02\/skiing-freestyle-5.jpg?resize=768,586 768w, https:\/\/develop.olympic.ca\/olympique\/wp-content\/uploads\/sites\/2\/2013\/02\/skiing-freestyle-5.jpg?resize=988,754 988w, https:\/\/develop.olympic.ca\/olympique\/wp-content\/uploads\/sites\/2\/2013\/02\/skiing-freestyle-5.jpg?resize=1536,1173 1536w, https:\/\/develop.olympic.ca\/olympique\/wp-content\/uploads\/sites\/2\/2013\/02\/skiing-freestyle-5.jpg?resize=2048,1564 2048w\" width=\"878\" height=\"670\" loading=\"lazy\" data-original-width=\"878\" data-original-height=\"670\" itemprop=\"http:\/\/schema.org\/image\" title=\"Warren Shouldice\" alt=\"Warren Shouldice\" style=\"width: 878px; height: 670px;\" \/> <\/a> <\/div> <\/div> <!-- close group --> <\/div> <!-- close row --> <div class=\"gallery-row\" style=\"width: 1360px; height: 558px;\" data-original-width=\"1360\" data-original-height=\"558\" > <div class=\"gallery-group images-1\" style=\"width: 897px; height: 558px;\" data-original-width=\"897\" data-original-height=\"558\" > <div class=\"tiled-gallery-item tiled-gallery-item-large\" itemprop=\"associatedMedia\" itemscope itemtype=\"http:\/\/schema.org\/ImageObject\"> <a href=\"https:\/\/develop.olympic.ca\/olympique\/wp-content\/uploads\/sites\/2\/2013\/02\/skiing-freestyle.jpg?quality=100&#038;strip\" border=\"0\" itemprop=\"url\"> <meta itemprop=\"width\" content=\"893\"> <meta itemprop=\"height\" content=\"554\"> <img decoding=\"async\" data-recalc-dims=\"1\" class=\"\" data-attachment-id=\"75702\" data-orig-file=\"https:\/\/develop.olympic.ca\/olympique\/wp-content\/uploads\/sites\/2\/2013\/02\/skiing-freestyle.jpg?quality=100\" data-orig-size=\"2400,1489\" data-comments-opened=\"1\" data-image-meta=\"{&quot;aperture&quot;:&quot;0&quot;,&quot;credit&quot;:&quot;Canadian Olympic Committee&quot;,&quot;camera&quot;:&quot;&quot;,&quot;caption&quot;:&quot;Audrey Robichaud of Quebec City turns off the top air on her way to a twelth place in women\\u0027s moguls qualification action at the Winter Olympics in Sauze d\\u0027Oulx, Italy, Saturday, Feb. 11, 2006. (CP PHOTO\\\/ COC\\\/ Mike Ridewood)&quot;,&quot;created_timestamp&quot;:&quot;0&quot;,&quot;copyright&quot;:&quot;&quot;,&quot;focal_length&quot;:&quot;0&quot;,&quot;iso&quot;:&quot;0&quot;,&quot;shutter_speed&quot;:&quot;0&quot;,&quot;title&quot;:&quot;OLY-SKI-Freestyle&quot;}\" data-image-title=\"Audrey Robichaud\" data-image-description=\"&lt;p&gt;Photo : La Presse Canadienne&lt;\/p&gt; \" data-medium-file=\"https:\/\/develop.olympic.ca\/olympique\/wp-content\/uploads\/sites\/2\/2013\/02\/skiing-freestyle.jpg?quality=100&#038;w=598\" data-large-file=\"https:\/\/develop.olympic.ca\/olympique\/wp-content\/uploads\/sites\/2\/2013\/02\/skiing-freestyle.jpg?quality=100&#038;w=1215\" src=\"https:\/\/develop.olympic.ca\/olympique\/wp-content\/uploads\/sites\/2\/2013\/02\/skiing-freestyle.jpg?quality=100&#038;w=893&#038;h=554&#038;strip&#038;resize=893%2C554\" srcset=\"https:\/\/develop.olympic.ca\/olympique\/wp-content\/uploads\/sites\/2\/2013\/02\/skiing-freestyle.jpg 2400w, https:\/\/develop.olympic.ca\/olympique\/wp-content\/uploads\/sites\/2\/2013\/02\/skiing-freestyle.jpg?resize=255,158 255w, https:\/\/develop.olympic.ca\/olympique\/wp-content\/uploads\/sites\/2\/2013\/02\/skiing-freestyle.jpg?resize=598,371 598w, https:\/\/develop.olympic.ca\/olympique\/wp-content\/uploads\/sites\/2\/2013\/02\/skiing-freestyle.jpg?resize=768,476 768w, https:\/\/develop.olympic.ca\/olympique\/wp-content\/uploads\/sites\/2\/2013\/02\/skiing-freestyle.jpg?resize=1215,754 1215w, https:\/\/develop.olympic.ca\/olympique\/wp-content\/uploads\/sites\/2\/2013\/02\/skiing-freestyle.jpg?resize=1536,953 1536w, https:\/\/develop.olympic.ca\/olympique\/wp-content\/uploads\/sites\/2\/2013\/02\/skiing-freestyle.jpg?resize=2048,1271 2048w\" width=\"893\" height=\"554\" loading=\"lazy\" data-original-width=\"893\" data-original-height=\"554\" itemprop=\"http:\/\/schema.org\/image\" title=\"Audrey Robichaud\" alt=\"Audrey Robichaud\" style=\"width: 893px; height: 554px;\" \/> <\/a> <\/div> <\/div> <!-- close group --> <div class=\"gallery-group images-1\" style=\"width: 463px; height: 558px;\" data-original-width=\"463\" data-original-height=\"558\" > <div class=\"tiled-gallery-item tiled-gallery-item-large\" itemprop=\"associatedMedia\" itemscope itemtype=\"http:\/\/schema.org\/ImageObject\"> <a href=\"https:\/\/develop.olympic.ca\/olympique\/wp-content\/uploads\/sites\/2\/2013\/02\/snowboard.jpg?quality=100&#038;strip\" border=\"0\" itemprop=\"url\"> <meta itemprop=\"width\" content=\"459\"> <meta itemprop=\"height\" content=\"554\"> <img decoding=\"async\" data-recalc-dims=\"1\" class=\"\" data-attachment-id=\"75704\" data-orig-file=\"https:\/\/develop.olympic.ca\/olympique\/wp-content\/uploads\/sites\/2\/2013\/02\/snowboard.jpg?quality=100\" data-orig-size=\"1304,1576\" data-comments-opened=\"1\" data-image-meta=\"{&quot;aperture&quot;:&quot;0&quot;,&quot;credit&quot;:&quot;The Canadian Press&quot;,&quot;camera&quot;:&quot;&quot;,&quot;caption&quot;:&quot;Sarah Conrad of Dartmouth, N.S. takes air during the women\\u0027s halfpipe snowboard competition at the Olympic Games in Bardonecchia, Italy on Monday, February 13, 2006.(CP PHOTO\\\/Frank Gunn)&quot;,&quot;created_timestamp&quot;:&quot;0&quot;,&quot;copyright&quot;:&quot;&quot;,&quot;focal_length&quot;:&quot;0&quot;,&quot;iso&quot;:&quot;0&quot;,&quot;shutter_speed&quot;:&quot;0&quot;,&quot;title&quot;:&quot;OLY-Halfpipe-Snowboard TOPIX&quot;}\" data-image-title=\"Sarah Conrad\" data-image-description=\"&lt;p&gt;Photo : La Presse Canadienne&lt;\/p&gt; \" data-medium-file=\"https:\/\/develop.olympic.ca\/olympique\/wp-content\/uploads\/sites\/2\/2013\/02\/snowboard.jpg?quality=100&#038;w=307\" data-large-file=\"https:\/\/develop.olympic.ca\/olympique\/wp-content\/uploads\/sites\/2\/2013\/02\/snowboard.jpg?quality=100&#038;w=624\" src=\"https:\/\/develop.olympic.ca\/olympique\/wp-content\/uploads\/sites\/2\/2013\/02\/snowboard.jpg?quality=100&#038;w=459&#038;h=554&#038;strip&#038;resize=459%2C554\" srcset=\"https:\/\/develop.olympic.ca\/olympique\/wp-content\/uploads\/sites\/2\/2013\/02\/snowboard.jpg 1304w, https:\/\/develop.olympic.ca\/olympique\/wp-content\/uploads\/sites\/2\/2013\/02\/snowboard.jpg?resize=131,158 131w, https:\/\/develop.olympic.ca\/olympique\/wp-content\/uploads\/sites\/2\/2013\/02\/snowboard.jpg?resize=307,371 307w, https:\/\/develop.olympic.ca\/olympique\/wp-content\/uploads\/sites\/2\/2013\/02\/snowboard.jpg?resize=768,928 768w, https:\/\/develop.olympic.ca\/olympique\/wp-content\/uploads\/sites\/2\/2013\/02\/snowboard.jpg?resize=624,754 624w, https:\/\/develop.olympic.ca\/olympique\/wp-content\/uploads\/sites\/2\/2013\/02\/snowboard.jpg?resize=1271,1536 1271w\" width=\"459\" height=\"554\" loading=\"lazy\" data-original-width=\"459\" data-original-height=\"554\" itemprop=\"http:\/\/schema.org\/image\" title=\"Sarah Conrad\" alt=\"Sarah Conrad\" style=\"width: 459px; height: 554px;\" \/> <\/a> <\/div> <\/div> <!-- close group --> <\/div> <!-- close row --> <div class=\"gallery-row\" style=\"width: 1360px; height: 606px;\" data-original-width=\"1360\" data-original-height=\"606\" > <div class=\"gallery-group images-1\" style=\"width: 901px; height: 606px;\" data-original-width=\"901\" data-original-height=\"606\" > <div class=\"tiled-gallery-item tiled-gallery-item-large\" itemprop=\"associatedMedia\" itemscope itemtype=\"http:\/\/schema.org\/ImageObject\"> <a href=\"https:\/\/develop.olympic.ca\/olympique\/wp-content\/uploads\/sites\/2\/2013\/02\/speed-skating-womens-2.jpg?quality=100&#038;strip\" border=\"0\" itemprop=\"url\"> <meta itemprop=\"width\" content=\"897\"> <meta itemprop=\"height\" content=\"602\"> <img decoding=\"async\" data-recalc-dims=\"1\" class=\"\" data-attachment-id=\"75708\" data-orig-file=\"https:\/\/develop.olympic.ca\/olympique\/wp-content\/uploads\/sites\/2\/2013\/02\/speed-skating-womens-2.jpg?quality=100\" data-orig-size=\"2670,1792\" data-comments-opened=\"1\" data-image-meta=\"{&quot;aperture&quot;:&quot;0&quot;,&quot;credit&quot;:&quot;The Canadian Press&quot;,&quot;camera&quot;:&quot;&quot;,&quot;caption&quot;:&quot;Gold medallist Canada\\u0027s Cindy Klassen, left, and silver medalist, teammate Kristina Groves, skate around the oval with the Canadian flag following the womens 1,500 metre speedskating competition at the Turin 2006 Winter Olympic Games Wednesday, Feb. 22, 2006 in Turin. (CP PHOTO\\\/Paul Chiasson)&quot;,&quot;created_timestamp&quot;:&quot;0&quot;,&quot;copyright&quot;:&quot;&quot;,&quot;focal_length&quot;:&quot;0&quot;,&quot;iso&quot;:&quot;0&quot;,&quot;shutter_speed&quot;:&quot;0&quot;,&quot;title&quot;:&quot;Klassen Groves&quot;}\" data-image-title=\"Cindy Klassen, Kristina Groves\" data-image-description=\"&lt;p&gt;Photo : La Presse Canadienne&lt;\/p&gt; \" data-medium-file=\"https:\/\/develop.olympic.ca\/olympique\/wp-content\/uploads\/sites\/2\/2013\/02\/speed-skating-womens-2.jpg?quality=100&#038;w=553\" data-large-file=\"https:\/\/develop.olympic.ca\/olympique\/wp-content\/uploads\/sites\/2\/2013\/02\/speed-skating-womens-2.jpg?quality=100&#038;w=1123\" src=\"https:\/\/develop.olympic.ca\/olympique\/wp-content\/uploads\/sites\/2\/2013\/02\/speed-skating-womens-2.jpg?quality=100&#038;w=897&#038;h=602&#038;strip&#038;resize=897%2C602\" srcset=\"https:\/\/develop.olympic.ca\/olympique\/wp-content\/uploads\/sites\/2\/2013\/02\/speed-skating-womens-2.jpg 2670w, https:\/\/develop.olympic.ca\/olympique\/wp-content\/uploads\/sites\/2\/2013\/02\/speed-skating-womens-2.jpg?resize=235,158 235w, https:\/\/develop.olympic.ca\/olympique\/wp-content\/uploads\/sites\/2\/2013\/02\/speed-skating-womens-2.jpg?resize=553,371 553w, https:\/\/develop.olympic.ca\/olympique\/wp-content\/uploads\/sites\/2\/2013\/02\/speed-skating-womens-2.jpg?resize=768,515 768w, https:\/\/develop.olympic.ca\/olympique\/wp-content\/uploads\/sites\/2\/2013\/02\/speed-skating-womens-2.jpg?resize=1123,754 1123w, https:\/\/develop.olympic.ca\/olympique\/wp-content\/uploads\/sites\/2\/2013\/02\/speed-skating-womens-2.jpg?resize=1536,1031 1536w, https:\/\/develop.olympic.ca\/olympique\/wp-content\/uploads\/sites\/2\/2013\/02\/speed-skating-womens-2.jpg?resize=2048,1375 2048w\" width=\"897\" height=\"602\" loading=\"lazy\" data-original-width=\"897\" data-original-height=\"602\" itemprop=\"http:\/\/schema.org\/image\" title=\"Cindy Klassen, Kristina Groves\" alt=\"Cindy Klassen, Kristina Groves\" style=\"width: 897px; height: 602px;\" \/> <\/a> <\/div> <\/div> <!-- close group --> <div class=\"gallery-group images-2\" style=\"width: 459px; height: 606px;\" data-original-width=\"459\" data-original-height=\"606\" > <div class=\"tiled-gallery-item tiled-gallery-item-large\" itemprop=\"associatedMedia\" itemscope itemtype=\"http:\/\/schema.org\/ImageObject\"> <a href=\"https:\/\/develop.olympic.ca\/olympique\/wp-content\/uploads\/sites\/2\/2013\/02\/speed-skating-womens-3.jpg?quality=100&#038;strip\" border=\"0\" itemprop=\"url\"> <meta itemprop=\"width\" content=\"455\"> <meta itemprop=\"height\" content=\"318\"> <img decoding=\"async\" data-recalc-dims=\"1\" class=\"\" data-attachment-id=\"75711\" data-orig-file=\"https:\/\/develop.olympic.ca\/olympique\/wp-content\/uploads\/sites\/2\/2013\/02\/speed-skating-womens-3.jpg?quality=100\" data-orig-size=\"2000,1399\" data-comments-opened=\"1\" data-image-meta=\"{&quot;aperture&quot;:&quot;0&quot;,&quot;credit&quot;:&quot;The Canadian Press&quot;,&quot;camera&quot;:&quot;&quot;,&quot;caption&quot;:&quot;Canada\\u0027s Cindy Klassen races against Germany\\u0027s Anni Friesinger to win the gold medal in the womens 1,500 metre speedskating competition at the Turin 2006 Winter Olympic Games Wednesday, Feb. 22, 2006 in Turin. Friesinger placed fourth. (CP PHOTO\\\/Paul Chiasson)&quot;,&quot;created_timestamp&quot;:&quot;0&quot;,&quot;copyright&quot;:&quot;&quot;,&quot;focal_length&quot;:&quot;0&quot;,&quot;iso&quot;:&quot;0&quot;,&quot;shutter_speed&quot;:&quot;0&quot;,&quot;title&quot;:&quot;Klassen Friesinger&quot;}\" data-image-title=\"Cindy Klassen (gauche)\" data-image-description=\"&lt;p&gt;Photo : La Presse Canadienne&lt;\/p&gt; \" data-medium-file=\"https:\/\/develop.olympic.ca\/olympique\/wp-content\/uploads\/sites\/2\/2013\/02\/speed-skating-womens-3.jpg?quality=100&#038;w=530\" data-large-file=\"https:\/\/develop.olympic.ca\/olympique\/wp-content\/uploads\/sites\/2\/2013\/02\/speed-skating-womens-3.jpg?quality=100&#038;w=1078\" src=\"https:\/\/develop.olympic.ca\/olympique\/wp-content\/uploads\/sites\/2\/2013\/02\/speed-skating-womens-3.jpg?quality=100&#038;w=455&#038;h=318&#038;strip&#038;resize=455%2C318\" srcset=\"https:\/\/develop.olympic.ca\/olympique\/wp-content\/uploads\/sites\/2\/2013\/02\/speed-skating-womens-3.jpg 2000w, https:\/\/develop.olympic.ca\/olympique\/wp-content\/uploads\/sites\/2\/2013\/02\/speed-skating-womens-3.jpg?resize=226,158 226w, https:\/\/develop.olympic.ca\/olympique\/wp-content\/uploads\/sites\/2\/2013\/02\/speed-skating-womens-3.jpg?resize=530,371 530w, https:\/\/develop.olympic.ca\/olympique\/wp-content\/uploads\/sites\/2\/2013\/02\/speed-skating-womens-3.jpg?resize=768,537 768w, https:\/\/develop.olympic.ca\/olympique\/wp-content\/uploads\/sites\/2\/2013\/02\/speed-skating-womens-3.jpg?resize=1078,754 1078w, https:\/\/develop.olympic.ca\/olympique\/wp-content\/uploads\/sites\/2\/2013\/02\/speed-skating-womens-3.jpg?resize=1536,1074 1536w\" width=\"455\" height=\"318\" loading=\"lazy\" data-original-width=\"455\" data-original-height=\"318\" itemprop=\"http:\/\/schema.org\/image\" title=\"Cindy Klassen (gauche)\" alt=\"Cindy Klassen (gauche)\" style=\"width: 455px; height: 318px;\" \/> <\/a> <\/div> <div class=\"tiled-gallery-item tiled-gallery-item-large\" itemprop=\"associatedMedia\" itemscope itemtype=\"http:\/\/schema.org\/ImageObject\"> <a href=\"https:\/\/develop.olympic.ca\/olympique\/wp-content\/uploads\/sites\/2\/2013\/02\/speed-skating-womens-4.jpg?quality=100&#038;strip\" border=\"0\" itemprop=\"url\"> <meta itemprop=\"width\" content=\"455\"> <meta itemprop=\"height\" content=\"280\"> <img decoding=\"async\" data-recalc-dims=\"1\" class=\"\" data-attachment-id=\"75713\" data-orig-file=\"https:\/\/develop.olympic.ca\/olympique\/wp-content\/uploads\/sites\/2\/2013\/02\/speed-skating-womens-4.jpg?quality=100\" data-orig-size=\"2400,1474\" data-comments-opened=\"1\" data-image-meta=\"{&quot;aperture&quot;:&quot;0&quot;,&quot;credit&quot;:&quot;Canadian Olympic Committee&quot;,&quot;camera&quot;:&quot;&quot;,&quot;caption&quot;:&quot;Cindy Klassen of Winnipeg displays her five medals in the women\\u0027s long track speed skating at the Winter Olympics in Turin, Italy, Friday, Feb. 24, 2006. (CP PHOTO\\\/COC\\\/Mike Ridewood)&quot;,&quot;created_timestamp&quot;:&quot;0&quot;,&quot;copyright&quot;:&quot;&quot;,&quot;focal_length&quot;:&quot;0&quot;,&quot;iso&quot;:&quot;0&quot;,&quot;shutter_speed&quot;:&quot;0&quot;,&quot;title&quot;:&quot;OLY- speed skating&quot;}\" data-image-title=\"Cindy Klassen\" data-image-description=\"&lt;p&gt;Photo : La Presse Canadienne&lt;\/p&gt; \" data-medium-file=\"https:\/\/develop.olympic.ca\/olympique\/wp-content\/uploads\/sites\/2\/2013\/02\/speed-skating-womens-4.jpg?quality=100&#038;w=604\" data-large-file=\"https:\/\/develop.olympic.ca\/olympique\/wp-content\/uploads\/sites\/2\/2013\/02\/speed-skating-womens-4.jpg?quality=100&#038;w=1228\" src=\"https:\/\/develop.olympic.ca\/olympique\/wp-content\/uploads\/sites\/2\/2013\/02\/speed-skating-womens-4.jpg?quality=100&#038;w=455&#038;h=280&#038;strip&#038;resize=455%2C280\" srcset=\"https:\/\/develop.olympic.ca\/olympique\/wp-content\/uploads\/sites\/2\/2013\/02\/speed-skating-womens-4.jpg 2400w, https:\/\/develop.olympic.ca\/olympique\/wp-content\/uploads\/sites\/2\/2013\/02\/speed-skating-womens-4.jpg?resize=257,158 257w, https:\/\/develop.olympic.ca\/olympique\/wp-content\/uploads\/sites\/2\/2013\/02\/speed-skating-womens-4.jpg?resize=604,371 604w, https:\/\/develop.olympic.ca\/olympique\/wp-content\/uploads\/sites\/2\/2013\/02\/speed-skating-womens-4.jpg?resize=768,472 768w, https:\/\/develop.olympic.ca\/olympique\/wp-content\/uploads\/sites\/2\/2013\/02\/speed-skating-womens-4.jpg?resize=1228,754 1228w, https:\/\/develop.olympic.ca\/olympique\/wp-content\/uploads\/sites\/2\/2013\/02\/speed-skating-womens-4.jpg?resize=1536,943 1536w, https:\/\/develop.olympic.ca\/olympique\/wp-content\/uploads\/sites\/2\/2013\/02\/speed-skating-womens-4.jpg?resize=2048,1258 2048w\" width=\"455\" height=\"280\" loading=\"lazy\" data-original-width=\"455\" data-original-height=\"280\" itemprop=\"http:\/\/schema.org\/image\" title=\"Cindy Klassen\" alt=\"Cindy Klassen\" style=\"width: 455px; height: 280px;\" \/> <\/a> <\/div> <\/div> <!-- close group --> <\/div> <!-- close row --> <div class=\"gallery-row\" style=\"width: 1360px; height: 615px;\" data-original-width=\"1360\" data-original-height=\"615\" > <div class=\"gallery-group images-2\" style=\"width: 467px; height: 615px;\" data-original-width=\"467\" data-original-height=\"615\" > <div class=\"tiled-gallery-item tiled-gallery-item-large\" itemprop=\"associatedMedia\" itemscope itemtype=\"http:\/\/schema.org\/ImageObject\"> <a href=\"https:\/\/develop.olympic.ca\/olympique\/wp-content\/uploads\/sites\/2\/2013\/02\/speed-skating-womens.jpg?quality=100&#038;strip\" border=\"0\" itemprop=\"url\"> <meta itemprop=\"width\" content=\"463\"> <meta itemprop=\"height\" content=\"278\"> <img decoding=\"async\" data-recalc-dims=\"1\" class=\"\" data-attachment-id=\"75716\" data-orig-file=\"https:\/\/develop.olympic.ca\/olympique\/wp-content\/uploads\/sites\/2\/2013\/02\/speed-skating-womens.jpg?quality=100\" data-orig-size=\"3162,1894\" data-comments-opened=\"1\" data-image-meta=\"{&quot;aperture&quot;:&quot;0&quot;,&quot;credit&quot;:&quot;Canadian Olympic Committee&quot;,&quot;camera&quot;:&quot;&quot;,&quot;caption&quot;:&quot;Clara Hughes (centre) of Winnipeg, Christine Nesbitt of London, Ont. and Kristina Groves of Ottawa skate to a silver medal in the women\\u0027s long track speed skating team pursuit at the Winter Olympics in Turin, Italy Thursday, Feb. 16, 2006.(CP PHOTO\\\/COC\\\/Mike Ridewood)&quot;,&quot;created_timestamp&quot;:&quot;0&quot;,&quot;copyright&quot;:&quot;&quot;,&quot;focal_length&quot;:&quot;0&quot;,&quot;iso&quot;:&quot;0&quot;,&quot;shutter_speed&quot;:&quot;0&quot;,&quot;title&quot;:&quot;OLY-speed skating pursuit&quot;}\" data-image-title=\"Clara Hughes, Christine Nesbitt, Kristina Groves\" data-image-description=\"&lt;p&gt;Photo : La Presse Canadienne&lt;\/p&gt; \" data-medium-file=\"https:\/\/develop.olympic.ca\/olympique\/wp-content\/uploads\/sites\/2\/2013\/02\/speed-skating-womens.jpg?quality=100&#038;w=619\" data-large-file=\"https:\/\/develop.olympic.ca\/olympique\/wp-content\/uploads\/sites\/2\/2013\/02\/speed-skating-womens.jpg?quality=100&#038;w=1259\" src=\"https:\/\/develop.olympic.ca\/olympique\/wp-content\/uploads\/sites\/2\/2013\/02\/speed-skating-womens.jpg?quality=100&#038;w=463&#038;h=278&#038;strip&#038;resize=463%2C278\" srcset=\"https:\/\/develop.olympic.ca\/olympique\/wp-content\/uploads\/sites\/2\/2013\/02\/speed-skating-womens.jpg 3162w, https:\/\/develop.olympic.ca\/olympique\/wp-content\/uploads\/sites\/2\/2013\/02\/speed-skating-womens.jpg?resize=264,158 264w, https:\/\/develop.olympic.ca\/olympique\/wp-content\/uploads\/sites\/2\/2013\/02\/speed-skating-womens.jpg?resize=619,371 619w, https:\/\/develop.olympic.ca\/olympique\/wp-content\/uploads\/sites\/2\/2013\/02\/speed-skating-womens.jpg?resize=768,460 768w, https:\/\/develop.olympic.ca\/olympique\/wp-content\/uploads\/sites\/2\/2013\/02\/speed-skating-womens.jpg?resize=1259,754 1259w, https:\/\/develop.olympic.ca\/olympique\/wp-content\/uploads\/sites\/2\/2013\/02\/speed-skating-womens.jpg?resize=1536,920 1536w, https:\/\/develop.olympic.ca\/olympique\/wp-content\/uploads\/sites\/2\/2013\/02\/speed-skating-womens.jpg?resize=2048,1227 2048w\" width=\"463\" height=\"278\" loading=\"lazy\" data-original-width=\"463\" data-original-height=\"278\" itemprop=\"http:\/\/schema.org\/image\" title=\"Clara Hughes, Christine Nesbitt, Kristina Groves\" alt=\"Clara Hughes, Christine Nesbitt, Kristina Groves\" style=\"width: 463px; height: 278px;\" \/> <\/a> <\/div> <div class=\"tiled-gallery-item tiled-gallery-item-large\" itemprop=\"associatedMedia\" itemscope itemtype=\"http:\/\/schema.org\/ImageObject\"> <a href=\"https:\/\/develop.olympic.ca\/olympique\/wp-content\/uploads\/sites\/2\/2013\/02\/bobsleigh-mens-2.jpg?quality=100&#038;strip\" border=\"0\" itemprop=\"url\"> <meta itemprop=\"width\" content=\"463\"> <meta itemprop=\"height\" content=\"329\"> <img decoding=\"async\" data-recalc-dims=\"1\" class=\"\" data-attachment-id=\"75719\" data-orig-file=\"https:\/\/develop.olympic.ca\/olympique\/wp-content\/uploads\/sites\/2\/2013\/02\/bobsleigh-mens-2.jpg?quality=100\" data-orig-size=\"2000,1422\" data-comments-opened=\"1\" data-image-meta=\"{&quot;aperture&quot;:&quot;0&quot;,&quot;credit&quot;:&quot;Canadian Olympic Committee&quot;,&quot;camera&quot;:&quot;&quot;,&quot;caption&quot;:&quot;The bobsled track is reflected in the googles of Canadian pilot Pierre Lueders of Edmonton, Alta. as he drives the Canada one in the four-man bobsled at the Winter Olympic Games in Cesana Pariol Italy on Saturday Feb 25, 2006. (CP PHOTO\\\/COC\\\/Jonathan Hayward)&quot;,&quot;created_timestamp&quot;:&quot;0&quot;,&quot;copyright&quot;:&quot;&quot;,&quot;focal_length&quot;:&quot;0&quot;,&quot;iso&quot;:&quot;0&quot;,&quot;shutter_speed&quot;:&quot;0&quot;,&quot;title&quot;:&quot;LUEDERS&quot;}\" data-image-title=\"Pierre Lueders\" data-image-description=\"&lt;p&gt;Photo : La Presse Canadienne&lt;\/p&gt; \" data-medium-file=\"https:\/\/develop.olympic.ca\/olympique\/wp-content\/uploads\/sites\/2\/2013\/02\/bobsleigh-mens-2.jpg?quality=100&#038;w=522\" data-large-file=\"https:\/\/develop.olympic.ca\/olympique\/wp-content\/uploads\/sites\/2\/2013\/02\/bobsleigh-mens-2.jpg?quality=100&#038;w=1060\" src=\"https:\/\/develop.olympic.ca\/olympique\/wp-content\/uploads\/sites\/2\/2013\/02\/bobsleigh-mens-2.jpg?quality=100&#038;w=463&#038;h=329&#038;strip&#038;resize=463%2C329\" srcset=\"https:\/\/develop.olympic.ca\/olympique\/wp-content\/uploads\/sites\/2\/2013\/02\/bobsleigh-mens-2.jpg 2000w, https:\/\/develop.olympic.ca\/olympique\/wp-content\/uploads\/sites\/2\/2013\/02\/bobsleigh-mens-2.jpg?resize=222,158 222w, https:\/\/develop.olympic.ca\/olympique\/wp-content\/uploads\/sites\/2\/2013\/02\/bobsleigh-mens-2.jpg?resize=522,371 522w, https:\/\/develop.olympic.ca\/olympique\/wp-content\/uploads\/sites\/2\/2013\/02\/bobsleigh-mens-2.jpg?resize=768,546 768w, https:\/\/develop.olympic.ca\/olympique\/wp-content\/uploads\/sites\/2\/2013\/02\/bobsleigh-mens-2.jpg?resize=1060,754 1060w, https:\/\/develop.olympic.ca\/olympique\/wp-content\/uploads\/sites\/2\/2013\/02\/bobsleigh-mens-2.jpg?resize=1536,1092 1536w\" width=\"463\" height=\"329\" loading=\"lazy\" data-original-width=\"463\" data-original-height=\"329\" itemprop=\"http:\/\/schema.org\/image\" title=\"Pierre Lueders\" alt=\"Pierre Lueders\" style=\"width: 463px; height: 329px;\" \/> <\/a> <\/div> <\/div> <!-- close group --> <div class=\"gallery-group images-1\" style=\"width: 470px; height: 615px;\" data-original-width=\"470\" data-original-height=\"615\" > <div class=\"tiled-gallery-item tiled-gallery-item-large\" itemprop=\"associatedMedia\" itemscope itemtype=\"http:\/\/schema.org\/ImageObject\"> <a href=\"https:\/\/develop.olympic.ca\/olympique\/wp-content\/uploads\/sites\/2\/2013\/02\/bobsleigh-mens-3.jpg?quality=100&#038;strip\" border=\"0\" itemprop=\"url\"> <meta itemprop=\"width\" content=\"466\"> <meta itemprop=\"height\" content=\"611\"> <img decoding=\"async\" data-recalc-dims=\"1\" class=\"\" data-attachment-id=\"75721\" data-orig-file=\"https:\/\/develop.olympic.ca\/olympique\/wp-content\/uploads\/sites\/2\/2013\/02\/bobsleigh-mens-3.jpg?quality=100\" data-orig-size=\"1524,2000\" data-comments-opened=\"1\" data-image-meta=\"{&quot;aperture&quot;:&quot;0&quot;,&quot;credit&quot;:&quot;Canadian Olympic Committee&quot;,&quot;camera&quot;:&quot;&quot;,&quot;caption&quot;:&quot;Canadian pilot Pierre Lueders of Edmonton, Alta. (front) along with Ken Kotyk Rama, Sask. Morgan Alexander of Regina, Sask. and Lascelles Brown of Calgary, Alta. push Canada one out of the start area in the four-man bobsled at the Winter Olympic Games in Cesana Pariol Italy on Saturday Feb 25, 2006.(CP PHOTO\\\/COC\\\/Jonathan Hayward)&quot;,&quot;created_timestamp&quot;:&quot;0&quot;,&quot;copyright&quot;:&quot;&quot;,&quot;focal_length&quot;:&quot;0&quot;,&quot;iso&quot;:&quot;0&quot;,&quot;shutter_speed&quot;:&quot;0&quot;,&quot;title&quot;:&quot;LUEDERS\\\/KOTYK\\\/ALEXANDER\\\/BROWN&quot;}\" data-image-title=\"Turin 2006\" data-image-description=\"&lt;p&gt;Photo : La Presse Canadienne&lt;\/p&gt; \" data-medium-file=\"https:\/\/develop.olympic.ca\/olympique\/wp-content\/uploads\/sites\/2\/2013\/02\/bobsleigh-mens-3.jpg?quality=100&#038;w=283\" data-large-file=\"https:\/\/develop.olympic.ca\/olympique\/wp-content\/uploads\/sites\/2\/2013\/02\/bobsleigh-mens-3.jpg?quality=100&#038;w=575\" src=\"https:\/\/develop.olympic.ca\/olympique\/wp-content\/uploads\/sites\/2\/2013\/02\/bobsleigh-mens-3.jpg?quality=100&#038;w=466&#038;h=611&#038;strip&#038;resize=466%2C611\" srcset=\"https:\/\/develop.olympic.ca\/olympique\/wp-content\/uploads\/sites\/2\/2013\/02\/bobsleigh-mens-3.jpg 1524w, https:\/\/develop.olympic.ca\/olympique\/wp-content\/uploads\/sites\/2\/2013\/02\/bobsleigh-mens-3.jpg?resize=120,158 120w, https:\/\/develop.olympic.ca\/olympique\/wp-content\/uploads\/sites\/2\/2013\/02\/bobsleigh-mens-3.jpg?resize=283,371 283w, https:\/\/develop.olympic.ca\/olympique\/wp-content\/uploads\/sites\/2\/2013\/02\/bobsleigh-mens-3.jpg?resize=768,1008 768w, https:\/\/develop.olympic.ca\/olympique\/wp-content\/uploads\/sites\/2\/2013\/02\/bobsleigh-mens-3.jpg?resize=575,754 575w, https:\/\/develop.olympic.ca\/olympique\/wp-content\/uploads\/sites\/2\/2013\/02\/bobsleigh-mens-3.jpg?resize=1170,1536 1170w\" width=\"466\" height=\"611\" loading=\"lazy\" data-original-width=\"466\" data-original-height=\"611\" itemprop=\"http:\/\/schema.org\/image\" title=\"Turin 2006\" alt=\"Turin 2006\" style=\"width: 466px; height: 611px;\" \/> <\/a> <\/div> <\/div> <!-- close group --> <div class=\"gallery-group images-2\" style=\"width: 423px; height: 615px;\" data-original-width=\"423\" data-original-height=\"615\" > <div class=\"tiled-gallery-item tiled-gallery-item-large\" itemprop=\"associatedMedia\" itemscope itemtype=\"http:\/\/schema.org\/ImageObject\"> <a href=\"https:\/\/develop.olympic.ca\/olympique\/wp-content\/uploads\/sites\/2\/2013\/02\/bobsleigh-mens.jpg?quality=100&#038;strip\" border=\"0\" itemprop=\"url\"> <meta itemprop=\"width\" content=\"419\"> <meta itemprop=\"height\" content=\"310\"> <img decoding=\"async\" data-recalc-dims=\"1\" class=\"\" data-attachment-id=\"75724\" data-orig-file=\"https:\/\/develop.olympic.ca\/olympique\/wp-content\/uploads\/sites\/2\/2013\/02\/bobsleigh-mens.jpg?quality=100\" data-orig-size=\"2000,1483\" data-comments-opened=\"1\" data-image-meta=\"{&quot;aperture&quot;:&quot;0&quot;,&quot;credit&quot;:&quot;The Canadian Press&quot;,&quot;camera&quot;:&quot;&quot;,&quot;caption&quot;:&quot;Canada-1 lead by Pierre Lueders races down the course as the sun sets over the mountains in the third run of four-men bobsled competition at the Olympic Games in Cesana Pariol, Italy on Saturday February 25, 2006. (CP PHOTO\\\/Frank Gunn)&quot;,&quot;created_timestamp&quot;:&quot;0&quot;,&quot;copyright&quot;:&quot;&quot;,&quot;focal_length&quot;:&quot;0&quot;,&quot;iso&quot;:&quot;0&quot;,&quot;shutter_speed&quot;:&quot;0&quot;,&quot;title&quot;:&quot;OLY-4men-Bob TOPIX&quot;}\" data-image-title=\"Canada 1\" data-image-description=\"&lt;p&gt;Photo : La Presse Canadienne&lt;\/p&gt; \" data-medium-file=\"https:\/\/develop.olympic.ca\/olympique\/wp-content\/uploads\/sites\/2\/2013\/02\/bobsleigh-mens.jpg?quality=100&#038;w=500\" data-large-file=\"https:\/\/develop.olympic.ca\/olympique\/wp-content\/uploads\/sites\/2\/2013\/02\/bobsleigh-mens.jpg?quality=100&#038;w=1017\" src=\"https:\/\/develop.olympic.ca\/olympique\/wp-content\/uploads\/sites\/2\/2013\/02\/bobsleigh-mens.jpg?quality=100&#038;w=419&#038;h=310&#038;strip&#038;resize=419%2C310\" srcset=\"https:\/\/develop.olympic.ca\/olympique\/wp-content\/uploads\/sites\/2\/2013\/02\/bobsleigh-mens.jpg 2000w, https:\/\/develop.olympic.ca\/olympique\/wp-content\/uploads\/sites\/2\/2013\/02\/bobsleigh-mens.jpg?resize=213,158 213w, https:\/\/develop.olympic.ca\/olympique\/wp-content\/uploads\/sites\/2\/2013\/02\/bobsleigh-mens.jpg?resize=500,371 500w, https:\/\/develop.olympic.ca\/olympique\/wp-content\/uploads\/sites\/2\/2013\/02\/bobsleigh-mens.jpg?resize=768,569 768w, https:\/\/develop.olympic.ca\/olympique\/wp-content\/uploads\/sites\/2\/2013\/02\/bobsleigh-mens.jpg?resize=1017,754 1017w, https:\/\/develop.olympic.ca\/olympique\/wp-content\/uploads\/sites\/2\/2013\/02\/bobsleigh-mens.jpg?resize=1536,1139 1536w\" width=\"419\" height=\"310\" loading=\"lazy\" data-original-width=\"419\" data-original-height=\"310\" itemprop=\"http:\/\/schema.org\/image\" title=\"Canada 1\" alt=\"Canada 1\" style=\"width: 419px; height: 310px;\" \/> <\/a> <\/div> <div class=\"tiled-gallery-item tiled-gallery-item-large\" itemprop=\"associatedMedia\" itemscope itemtype=\"http:\/\/schema.org\/ImageObject\"> <a href=\"https:\/\/develop.olympic.ca\/olympique\/wp-content\/uploads\/sites\/2\/2013\/02\/curling-mens1.jpg?quality=100&#038;strip\" border=\"0\" itemprop=\"url\"> <meta itemprop=\"width\" content=\"419\"> <meta itemprop=\"height\" content=\"297\"> <img decoding=\"async\" data-recalc-dims=\"1\" class=\"\" data-attachment-id=\"75737\" data-orig-file=\"https:\/\/develop.olympic.ca\/olympique\/wp-content\/uploads\/sites\/2\/2013\/02\/curling-mens1.jpg?quality=100\" data-orig-size=\"2000,1418\" data-comments-opened=\"1\" data-image-meta=\"{&quot;aperture&quot;:&quot;0&quot;,&quot;credit&quot;:&quot;The Canadian Press&quot;,&quot;camera&quot;:&quot;&quot;,&quot;caption&quot;:&quot;Canada\\u0027s Brad Gushue, left to right, Mark Nichols, Russ Howard, Jamie Korab and Mike Adam celebrate after recieving their gold medals in curling at the 2006 Winter Olympics in Turin, Italy Saturday, Feb. 25, 2006.(CP PHOTO\\\/Ryan Remiorz)&quot;,&quot;created_timestamp&quot;:&quot;0&quot;,&quot;copyright&quot;:&quot;&quot;,&quot;focal_length&quot;:&quot;0&quot;,&quot;iso&quot;:&quot;0&quot;,&quot;shutter_speed&quot;:&quot;0&quot;,&quot;title&quot;:&quot;BRAD GUSHUE; MARK NICHOLS; RUSS HOWARD; JAMIE KORAB; MIKE ADAM&quot;}\" data-image-title=\"(Gauche a droit) Brad Gushue, Mark Nichols, Russ Howard, Jamie Korab et Mike Adam\" data-image-description=\"&lt;p&gt;Photo : La Presse Canadienne&lt;\/p&gt; \" data-medium-file=\"https:\/\/develop.olympic.ca\/olympique\/wp-content\/uploads\/sites\/2\/2013\/02\/curling-mens1.jpg?quality=100&#038;w=523\" data-large-file=\"https:\/\/develop.olympic.ca\/olympique\/wp-content\/uploads\/sites\/2\/2013\/02\/curling-mens1.jpg?quality=100&#038;w=1063\" src=\"https:\/\/develop.olympic.ca\/olympique\/wp-content\/uploads\/sites\/2\/2013\/02\/curling-mens1.jpg?quality=100&#038;w=419&#038;h=297&#038;strip&#038;resize=419%2C297\" srcset=\"https:\/\/develop.olympic.ca\/olympique\/wp-content\/uploads\/sites\/2\/2013\/02\/curling-mens1.jpg 2000w, https:\/\/develop.olympic.ca\/olympique\/wp-content\/uploads\/sites\/2\/2013\/02\/curling-mens1.jpg?resize=223,158 223w, https:\/\/develop.olympic.ca\/olympique\/wp-content\/uploads\/sites\/2\/2013\/02\/curling-mens1.jpg?resize=523,371 523w, https:\/\/develop.olympic.ca\/olympique\/wp-content\/uploads\/sites\/2\/2013\/02\/curling-mens1.jpg?resize=768,545 768w, https:\/\/develop.olympic.ca\/olympique\/wp-content\/uploads\/sites\/2\/2013\/02\/curling-mens1.jpg?resize=1063,754 1063w, https:\/\/develop.olympic.ca\/olympique\/wp-content\/uploads\/sites\/2\/2013\/02\/curling-mens1.jpg?resize=1536,1089 1536w\" width=\"419\" height=\"297\" loading=\"lazy\" data-original-width=\"419\" data-original-height=\"297\" itemprop=\"http:\/\/schema.org\/image\" title=\"(Gauche a droit) Brad Gushue, Mark Nichols, Russ Howard, Jamie Korab et Mike Adam\" alt=\"(Gauche a droit) Brad Gushue, Mark Nichols, Russ Howard, Jamie Korab et Mike Adam\" style=\"width: 419px; height: 297px;\" \/> <\/a> <\/div> <\/div> <!-- close group --> <\/div> <!-- close row --> <div class=\"gallery-row\" style=\"width: 1360px; height: 289px;\" data-original-width=\"1360\" data-original-height=\"289\" > <div class=\"gallery-group images-1\" style=\"width: 520px; height: 289px;\" data-original-width=\"520\" data-original-height=\"289\" > <div class=\"tiled-gallery-item tiled-gallery-item-large\" itemprop=\"associatedMedia\" itemscope itemtype=\"http:\/\/schema.org\/ImageObject\"> <a href=\"https:\/\/develop.olympic.ca\/olympique\/wp-content\/uploads\/sites\/2\/2013\/02\/figure-skating-individual-mens.jpg?quality=100&#038;strip\" border=\"0\" itemprop=\"url\"> <meta itemprop=\"width\" content=\"516\"> <meta itemprop=\"height\" content=\"285\"> <img decoding=\"async\" data-recalc-dims=\"1\" class=\"\" data-attachment-id=\"75740\" data-orig-file=\"https:\/\/develop.olympic.ca\/olympique\/wp-content\/uploads\/sites\/2\/2013\/02\/figure-skating-individual-mens.jpg?quality=100\" data-orig-size=\"3246,1792\" data-comments-opened=\"1\" data-image-meta=\"{&quot;aperture&quot;:&quot;0&quot;,&quot;credit&quot;:&quot;The Canadian Press&quot;,&quot;camera&quot;:&quot;&quot;,&quot;caption&quot;:&quot;Canada\\u0027s Jeffrey Buttle from Sudbury, Ont. performs his routine during a figure skating practice at the Palavela figure skating venue Thursday, Feb. 9, 2006 in Turin. The XX Olympic Winter Games open in Turin on Friday, Feb. 10, 2006. (CP PHOTO\\\/Paul Chiasson)&quot;,&quot;created_timestamp&quot;:&quot;0&quot;,&quot;copyright&quot;:&quot;&quot;,&quot;focal_length&quot;:&quot;0&quot;,&quot;iso&quot;:&quot;0&quot;,&quot;shutter_speed&quot;:&quot;0&quot;,&quot;title&quot;:&quot;Buttle&quot;}\" data-image-title=\"Jeffrey Buttle\" data-image-description=\"&lt;p&gt;Photo : La Presse Canadienne&lt;\/p&gt; \" data-medium-file=\"https:\/\/develop.olympic.ca\/olympique\/wp-content\/uploads\/sites\/2\/2013\/02\/figure-skating-individual-mens.jpg?quality=100&#038;w=660\" data-large-file=\"https:\/\/develop.olympic.ca\/olympique\/wp-content\/uploads\/sites\/2\/2013\/02\/figure-skating-individual-mens.jpg?quality=100&#038;w=1340\" src=\"https:\/\/develop.olympic.ca\/olympique\/wp-content\/uploads\/sites\/2\/2013\/02\/figure-skating-individual-mens.jpg?quality=100&#038;w=516&#038;h=285&#038;strip&#038;resize=516%2C285\" srcset=\"https:\/\/develop.olympic.ca\/olympique\/wp-content\/uploads\/sites\/2\/2013\/02\/figure-skating-individual-mens.jpg 3246w, https:\/\/develop.olympic.ca\/olympique\/wp-content\/uploads\/sites\/2\/2013\/02\/figure-skating-individual-mens.jpg?resize=280,155 280w, https:\/\/develop.olympic.ca\/olympique\/wp-content\/uploads\/sites\/2\/2013\/02\/figure-skating-individual-mens.jpg?resize=660,364 660w, https:\/\/develop.olympic.ca\/olympique\/wp-content\/uploads\/sites\/2\/2013\/02\/figure-skating-individual-mens.jpg?resize=768,424 768w, https:\/\/develop.olympic.ca\/olympique\/wp-content\/uploads\/sites\/2\/2013\/02\/figure-skating-individual-mens.jpg?resize=1340,740 1340w, https:\/\/develop.olympic.ca\/olympique\/wp-content\/uploads\/sites\/2\/2013\/02\/figure-skating-individual-mens.jpg?resize=1536,848 1536w, https:\/\/develop.olympic.ca\/olympique\/wp-content\/uploads\/sites\/2\/2013\/02\/figure-skating-individual-mens.jpg?resize=2048,1131 2048w\" width=\"516\" height=\"285\" loading=\"lazy\" data-original-width=\"516\" data-original-height=\"285\" itemprop=\"http:\/\/schema.org\/image\" title=\"Jeffrey Buttle\" alt=\"Jeffrey Buttle\" style=\"width: 516px; height: 285px;\" \/> <\/a> <\/div> <\/div> <!-- close group --> <div class=\"gallery-group images-1\" style=\"width: 411px; height: 289px;\" data-original-width=\"411\" data-original-height=\"289\" > <div class=\"tiled-gallery-item tiled-gallery-item-large\" itemprop=\"associatedMedia\" itemscope itemtype=\"http:\/\/schema.org\/ImageObject\"> <a href=\"https:\/\/develop.olympic.ca\/olympique\/wp-content\/uploads\/sites\/2\/2013\/02\/figure-skating-individual-womens.jpg?quality=100&#038;strip\" border=\"0\" itemprop=\"url\"> <meta itemprop=\"width\" content=\"407\"> <meta itemprop=\"height\" content=\"285\"> <img decoding=\"async\" data-recalc-dims=\"1\" class=\"\" data-attachment-id=\"75743\" data-orig-file=\"https:\/\/develop.olympic.ca\/olympique\/wp-content\/uploads\/sites\/2\/2013\/02\/figure-skating-individual-womens.jpg?quality=100\" data-orig-size=\"2000,1398\" data-comments-opened=\"1\" data-image-meta=\"{&quot;aperture&quot;:&quot;0&quot;,&quot;credit&quot;:&quot;The Canadian Press&quot;,&quot;camera&quot;:&quot;&quot;,&quot;caption&quot;:&quot;Joannie Rochette, from Ile Dupas, Que., performs during the ladies free program at the Turin 2006 Winter Olympic Games Thursday, Feb. 23, 2006 in Turin. Rochette placed fifth overall. (CP PHOTO\\\/Paul Chiasson)&quot;,&quot;created_timestamp&quot;:&quot;0&quot;,&quot;copyright&quot;:&quot;&quot;,&quot;focal_length&quot;:&quot;0&quot;,&quot;iso&quot;:&quot;0&quot;,&quot;shutter_speed&quot;:&quot;0&quot;,&quot;title&quot;:&quot;Rochette&quot;}\" data-image-title=\"Joannie Rochette\" data-image-description=\"&lt;p&gt;Photo : La Presse Canadienne&lt;\/p&gt; \" data-medium-file=\"https:\/\/develop.olympic.ca\/olympique\/wp-content\/uploads\/sites\/2\/2013\/02\/figure-skating-individual-womens.jpg?quality=100&#038;w=531\" data-large-file=\"https:\/\/develop.olympic.ca\/olympique\/wp-content\/uploads\/sites\/2\/2013\/02\/figure-skating-individual-womens.jpg?quality=100&#038;w=1079\" src=\"https:\/\/develop.olympic.ca\/olympique\/wp-content\/uploads\/sites\/2\/2013\/02\/figure-skating-individual-womens.jpg?quality=100&#038;w=407&#038;h=285&#038;strip&#038;resize=407%2C285\" srcset=\"https:\/\/develop.olympic.ca\/olympique\/wp-content\/uploads\/sites\/2\/2013\/02\/figure-skating-individual-womens.jpg 2000w, https:\/\/develop.olympic.ca\/olympique\/wp-content\/uploads\/sites\/2\/2013\/02\/figure-skating-individual-womens.jpg?resize=226,158 226w, https:\/\/develop.olympic.ca\/olympique\/wp-content\/uploads\/sites\/2\/2013\/02\/figure-skating-individual-womens.jpg?resize=531,371 531w, https:\/\/develop.olympic.ca\/olympique\/wp-content\/uploads\/sites\/2\/2013\/02\/figure-skating-individual-womens.jpg?resize=768,537 768w, https:\/\/develop.olympic.ca\/olympique\/wp-content\/uploads\/sites\/2\/2013\/02\/figure-skating-individual-womens.jpg?resize=1079,754 1079w, https:\/\/develop.olympic.ca\/olympique\/wp-content\/uploads\/sites\/2\/2013\/02\/figure-skating-individual-womens.jpg?resize=1536,1074 1536w\" width=\"407\" height=\"285\" loading=\"lazy\" data-original-width=\"407\" data-original-height=\"285\" itemprop=\"http:\/\/schema.org\/image\" title=\"Joannie Rochette\" alt=\"Joannie Rochette\" style=\"width: 407px; height: 285px;\" \/> <\/a> <\/div> <\/div> <!-- close group --> <div class=\"gallery-group images-1\" style=\"width: 429px; height: 289px;\" data-original-width=\"429\" data-original-height=\"289\" > <div class=\"tiled-gallery-item tiled-gallery-item-large\" itemprop=\"associatedMedia\" itemscope itemtype=\"http:\/\/schema.org\/ImageObject\"> <a href=\"https:\/\/develop.olympic.ca\/olympique\/wp-content\/uploads\/sites\/2\/2013\/02\/ice-hockey-womens.jpg?quality=100&#038;strip\" border=\"0\" itemprop=\"url\"> <meta itemprop=\"width\" content=\"425\"> <meta itemprop=\"height\" content=\"285\"> <img decoding=\"async\" data-recalc-dims=\"1\" class=\"\" data-attachment-id=\"75745\" data-orig-file=\"https:\/\/develop.olympic.ca\/olympique\/wp-content\/uploads\/sites\/2\/2013\/02\/ice-hockey-womens.jpg?quality=100\" data-orig-size=\"3138,2103\" data-comments-opened=\"1\" data-image-meta=\"{&quot;aperture&quot;:&quot;0&quot;,&quot;credit&quot;:&quot;The Canadian Press&quot;,&quot;camera&quot;:&quot;&quot;,&quot;caption&quot;:&quot;Team Canada\\u0027s Katie Weatherston, 2nd left, is congratulated by teammates Colleen Sostorics(5), Sarah Vaillancourt (26), Meghan Augusta and Becky Kellar (40) after scoring the first goal against Sweden during first period women\\u0027s hockey action at the 2006 Winter Olympic Friday, Feb. 17, 2006 in Turin. Canada has won its first two games and plays Switzerland Saturday. (CP PHOTO\\\/Ryan Remiorz)&quot;,&quot;created_timestamp&quot;:&quot;0&quot;,&quot;copyright&quot;:&quot;&quot;,&quot;focal_length&quot;:&quot;0&quot;,&quot;iso&quot;:&quot;0&quot;,&quot;shutter_speed&quot;:&quot;0&quot;,&quot;title&quot;:&quot;Katie Weatherston; Colleen Sostorics; Sarah Vaillancourt; Meghan Augusta; Becky Kellar&quot;}\" data-image-title=\"Katie Weatherston; Colleen Sostorics; Sarah Vaillancourt; Meghan Augusta; Becky Kellar\" data-image-description=\"&lt;p&gt;Photo : La Presse Canadienne&lt;\/p&gt; \" data-medium-file=\"https:\/\/develop.olympic.ca\/olympique\/wp-content\/uploads\/sites\/2\/2013\/02\/ice-hockey-womens.jpg?quality=100&#038;w=554\" data-large-file=\"https:\/\/develop.olympic.ca\/olympique\/wp-content\/uploads\/sites\/2\/2013\/02\/ice-hockey-womens.jpg?quality=100&#038;w=1125\" src=\"https:\/\/develop.olympic.ca\/olympique\/wp-content\/uploads\/sites\/2\/2013\/02\/ice-hockey-womens.jpg?quality=100&#038;w=425&#038;h=285&#038;strip&#038;resize=425%2C285\" srcset=\"https:\/\/develop.olympic.ca\/olympique\/wp-content\/uploads\/sites\/2\/2013\/02\/ice-hockey-womens.jpg 3138w, https:\/\/develop.olympic.ca\/olympique\/wp-content\/uploads\/sites\/2\/2013\/02\/ice-hockey-womens.jpg?resize=236,158 236w, https:\/\/develop.olympic.ca\/olympique\/wp-content\/uploads\/sites\/2\/2013\/02\/ice-hockey-womens.jpg?resize=554,371 554w, https:\/\/develop.olympic.ca\/olympique\/wp-content\/uploads\/sites\/2\/2013\/02\/ice-hockey-womens.jpg?resize=768,515 768w, https:\/\/develop.olympic.ca\/olympique\/wp-content\/uploads\/sites\/2\/2013\/02\/ice-hockey-womens.jpg?resize=1125,754 1125w, https:\/\/develop.olympic.ca\/olympique\/wp-content\/uploads\/sites\/2\/2013\/02\/ice-hockey-womens.jpg?resize=1536,1029 1536w, https:\/\/develop.olympic.ca\/olympique\/wp-content\/uploads\/sites\/2\/2013\/02\/ice-hockey-womens.jpg?resize=2048,1373 2048w\" width=\"425\" height=\"285\" loading=\"lazy\" data-original-width=\"425\" data-original-height=\"285\" itemprop=\"http:\/\/schema.org\/image\" title=\"Katie Weatherston; Colleen Sostorics; Sarah Vaillancourt; Meghan Augusta; Becky Kellar\" alt=\"Katie Weatherston; Colleen Sostorics; Sarah Vaillancourt; Meghan Augusta; Becky Kellar\" style=\"width: 425px; height: 285px;\" \/> <\/a> <\/div> <\/div> <!-- close group --> <\/div> <!-- close row --> <div class=\"gallery-row\" style=\"width: 1360px; height: 1095px;\" data-original-width=\"1360\" data-original-height=\"1095\" > <div class=\"gallery-group images-3\" style=\"width: 502px; height: 1095px;\" data-original-width=\"502\" data-original-height=\"1095\" > <div class=\"tiled-gallery-item tiled-gallery-item-large\" itemprop=\"associatedMedia\" itemscope itemtype=\"http:\/\/schema.org\/ImageObject\"> <a href=\"https:\/\/develop.olympic.ca\/olympique\/wp-content\/uploads\/sites\/2\/2013\/02\/luge3.jpg?quality=100&#038;strip\" border=\"0\" itemprop=\"url\"> <meta itemprop=\"width\" content=\"498\"> <meta itemprop=\"height\" content=\"352\"> <img decoding=\"async\" data-recalc-dims=\"1\" class=\"\" data-attachment-id=\"75749\" data-orig-file=\"https:\/\/develop.olympic.ca\/olympique\/wp-content\/uploads\/sites\/2\/2013\/02\/luge3.jpg?quality=100\" data-orig-size=\"2500,1764\" data-comments-opened=\"1\" data-image-meta=\"{&quot;aperture&quot;:&quot;0&quot;,&quot;credit&quot;:&quot;Canadian Olympic Committee&quot;,&quot;camera&quot;:&quot;&quot;,&quot;caption&quot;:&quot;Canada\\u0027s Paul Boehm of Calgary, Alta., slides during the 1st Heat in the mens skeleton at the Winter Olympic Games in Cesana Pariol, Italy on Friday Feb 17, 2006. Boehm finished in fourth position while team mates Duff Gibson won gold and Jeff Pain won silver. (CP PHOTO\\\/ COC\\\/ Jonathan Hayward)&quot;,&quot;created_timestamp&quot;:&quot;0&quot;,&quot;copyright&quot;:&quot;&quot;,&quot;focal_length&quot;:&quot;0&quot;,&quot;iso&quot;:&quot;0&quot;,&quot;shutter_speed&quot;:&quot;0&quot;,&quot;title&quot;:&quot;BOEHM&quot;}\" data-image-title=\"Paul Boehm\" data-image-description=\"&lt;p&gt;Photo : La Presse Canadienne&lt;\/p&gt; \" data-medium-file=\"https:\/\/develop.olympic.ca\/olympique\/wp-content\/uploads\/sites\/2\/2013\/02\/luge3.jpg?quality=100&#038;w=526\" data-large-file=\"https:\/\/develop.olympic.ca\/olympique\/wp-content\/uploads\/sites\/2\/2013\/02\/luge3.jpg?quality=100&#038;w=1069\" src=\"https:\/\/develop.olympic.ca\/olympique\/wp-content\/uploads\/sites\/2\/2013\/02\/luge3.jpg?quality=100&#038;w=498&#038;h=352&#038;strip&#038;resize=498%2C352\" srcset=\"https:\/\/develop.olympic.ca\/olympique\/wp-content\/uploads\/sites\/2\/2013\/02\/luge3.jpg 2500w, https:\/\/develop.olympic.ca\/olympique\/wp-content\/uploads\/sites\/2\/2013\/02\/luge3.jpg?resize=224,158 224w, https:\/\/develop.olympic.ca\/olympique\/wp-content\/uploads\/sites\/2\/2013\/02\/luge3.jpg?resize=526,371 526w, https:\/\/develop.olympic.ca\/olympique\/wp-content\/uploads\/sites\/2\/2013\/02\/luge3.jpg?resize=768,542 768w, https:\/\/develop.olympic.ca\/olympique\/wp-content\/uploads\/sites\/2\/2013\/02\/luge3.jpg?resize=1069,754 1069w, https:\/\/develop.olympic.ca\/olympique\/wp-content\/uploads\/sites\/2\/2013\/02\/luge3.jpg?resize=1536,1084 1536w, https:\/\/develop.olympic.ca\/olympique\/wp-content\/uploads\/sites\/2\/2013\/02\/luge3.jpg?resize=2048,1445 2048w\" width=\"498\" height=\"352\" loading=\"lazy\" data-original-width=\"498\" data-original-height=\"352\" itemprop=\"http:\/\/schema.org\/image\" title=\"Paul Boehm\" alt=\"Paul Boehm\" style=\"width: 498px; height: 352px;\" \/> <\/a> <\/div> <div class=\"tiled-gallery-item tiled-gallery-item-large\" itemprop=\"associatedMedia\" itemscope itemtype=\"http:\/\/schema.org\/ImageObject\"> <a href=\"https:\/\/develop.olympic.ca\/olympique\/wp-content\/uploads\/sites\/2\/2013\/02\/skiing-alpine-2.jpg?quality=100&#038;strip\" border=\"0\" itemprop=\"url\"> <meta itemprop=\"width\" content=\"498\"> <meta itemprop=\"height\" content=\"374\"> <img decoding=\"async\" data-recalc-dims=\"1\" class=\"\" data-attachment-id=\"75762\" data-orig-file=\"https:\/\/develop.olympic.ca\/olympique\/wp-content\/uploads\/sites\/2\/2013\/02\/skiing-alpine-2.jpg?quality=100\" data-orig-size=\"2279,1709\" data-comments-opened=\"1\" data-image-meta=\"{&quot;aperture&quot;:&quot;0&quot;,&quot;credit&quot;:&quot;The Canadian Press&quot;,&quot;camera&quot;:&quot;&quot;,&quot;caption&quot;:&quot;Genevieve Simard of Val-Morin, Quebec blasts down the course on her way to the sixth fastest time in the first run of women\\u0027s Giant Slalom alpine skiing at the Olympic Games in Sestriere Colle, Italy on Friday, February 24, 2006. (CP PHOTO\\\/Frank Gunn)&quot;,&quot;created_timestamp&quot;:&quot;0&quot;,&quot;copyright&quot;:&quot;&quot;,&quot;focal_length&quot;:&quot;0&quot;,&quot;iso&quot;:&quot;0&quot;,&quot;shutter_speed&quot;:&quot;0&quot;,&quot;title&quot;:&quot;OLY-SKI-WOMEN\\u0027S-GIANT-SLALOM TOPIX&quot;}\" data-image-title=\"Genevieve Simard\" data-image-description=\"&lt;p&gt;Photo : La Presse Canadienne&lt;\/p&gt; \" data-medium-file=\"https:\/\/develop.olympic.ca\/olympique\/wp-content\/uploads\/sites\/2\/2013\/02\/skiing-alpine-2.jpg?quality=100&#038;w=495\" data-large-file=\"https:\/\/develop.olympic.ca\/olympique\/wp-content\/uploads\/sites\/2\/2013\/02\/skiing-alpine-2.jpg?quality=100&#038;w=1005\" src=\"https:\/\/develop.olympic.ca\/olympique\/wp-content\/uploads\/sites\/2\/2013\/02\/skiing-alpine-2.jpg?quality=100&#038;w=498&#038;h=374&#038;strip&#038;resize=498%2C374\" srcset=\"https:\/\/develop.olympic.ca\/olympique\/wp-content\/uploads\/sites\/2\/2013\/02\/skiing-alpine-2.jpg 2279w, https:\/\/develop.olympic.ca\/olympique\/wp-content\/uploads\/sites\/2\/2013\/02\/skiing-alpine-2.jpg?resize=211,158 211w, https:\/\/develop.olympic.ca\/olympique\/wp-content\/uploads\/sites\/2\/2013\/02\/skiing-alpine-2.jpg?resize=495,371 495w, https:\/\/develop.olympic.ca\/olympique\/wp-content\/uploads\/sites\/2\/2013\/02\/skiing-alpine-2.jpg?resize=768,576 768w, https:\/\/develop.olympic.ca\/olympique\/wp-content\/uploads\/sites\/2\/2013\/02\/skiing-alpine-2.jpg?resize=1005,754 1005w, https:\/\/develop.olympic.ca\/olympique\/wp-content\/uploads\/sites\/2\/2013\/02\/skiing-alpine-2.jpg?resize=1536,1152 1536w, https:\/\/develop.olympic.ca\/olympique\/wp-content\/uploads\/sites\/2\/2013\/02\/skiing-alpine-2.jpg?resize=2048,1536 2048w\" width=\"498\" height=\"374\" loading=\"lazy\" data-original-width=\"498\" data-original-height=\"374\" itemprop=\"http:\/\/schema.org\/image\" title=\"Genevieve Simard\" alt=\"Genevieve Simard\" style=\"width: 498px; height: 374px;\" \/> <\/a> <\/div> <div class=\"tiled-gallery-item tiled-gallery-item-large\" itemprop=\"associatedMedia\" itemscope itemtype=\"http:\/\/schema.org\/ImageObject\"> <a href=\"https:\/\/develop.olympic.ca\/olympique\/wp-content\/uploads\/sites\/2\/2013\/02\/skiing-alpine.jpg?quality=100&#038;strip\" border=\"0\" itemprop=\"url\"> <meta itemprop=\"width\" content=\"498\"> <meta itemprop=\"height\" content=\"357\"> <img decoding=\"async\" data-recalc-dims=\"1\" class=\"\" data-attachment-id=\"75764\" data-orig-file=\"https:\/\/develop.olympic.ca\/olympique\/wp-content\/uploads\/sites\/2\/2013\/02\/skiing-alpine.jpg?quality=100\" data-orig-size=\"2232,1600\" data-comments-opened=\"1\" data-image-meta=\"{&quot;aperture&quot;:&quot;0&quot;,&quot;credit&quot;:&quot;Canadian Olympic Committee&quot;,&quot;camera&quot;:&quot;&quot;,&quot;caption&quot;:&quot;Canada\\u0027s Francois Bourque of New Richmond, Que. skis his first run in the men\\u0027s giant slalom at the Winter Olympic Games in Sestriere Colle, Italy on Monday, Feb. 20, 2006.(CP PHOTO\\\/COC\\\/Jonathan Hayward)&quot;,&quot;created_timestamp&quot;:&quot;0&quot;,&quot;copyright&quot;:&quot;&quot;,&quot;focal_length&quot;:&quot;0&quot;,&quot;iso&quot;:&quot;0&quot;,&quot;shutter_speed&quot;:&quot;0&quot;,&quot;title&quot;:&quot;BOURQUE&quot;}\" data-image-title=\"Fran\u00e7ois Bourque\" data-image-description=\"&lt;p&gt;Canada&amp;rsquo;s Francois Bourque of New Richmond, Que. skis his first run in the men&amp;rsquo;s giant slalom at the Winter Olympic Games in Sestriere Colle, Italy on Monday, Feb. 20, 2006.(CP PHOTO\/COC\/Jonathan Hayward)&lt;\/p&gt; \" data-medium-file=\"https:\/\/develop.olympic.ca\/olympique\/wp-content\/uploads\/sites\/2\/2013\/02\/skiing-alpine.jpg?quality=100&#038;w=518\" data-large-file=\"https:\/\/develop.olympic.ca\/olympique\/wp-content\/uploads\/sites\/2\/2013\/02\/skiing-alpine.jpg?quality=100&#038;w=1052\" src=\"https:\/\/develop.olympic.ca\/olympique\/wp-content\/uploads\/sites\/2\/2013\/02\/skiing-alpine.jpg?quality=100&#038;w=498&#038;h=357&#038;strip&#038;resize=498%2C357\" srcset=\"https:\/\/develop.olympic.ca\/olympique\/wp-content\/uploads\/sites\/2\/2013\/02\/skiing-alpine.jpg 2232w, https:\/\/develop.olympic.ca\/olympique\/wp-content\/uploads\/sites\/2\/2013\/02\/skiing-alpine.jpg?resize=220,158 220w, https:\/\/develop.olympic.ca\/olympique\/wp-content\/uploads\/sites\/2\/2013\/02\/skiing-alpine.jpg?resize=518,371 518w, https:\/\/develop.olympic.ca\/olympique\/wp-content\/uploads\/sites\/2\/2013\/02\/skiing-alpine.jpg?resize=768,551 768w, https:\/\/develop.olympic.ca\/olympique\/wp-content\/uploads\/sites\/2\/2013\/02\/skiing-alpine.jpg?resize=1052,754 1052w, https:\/\/develop.olympic.ca\/olympique\/wp-content\/uploads\/sites\/2\/2013\/02\/skiing-alpine.jpg?resize=1536,1101 1536w, https:\/\/develop.olympic.ca\/olympique\/wp-content\/uploads\/sites\/2\/2013\/02\/skiing-alpine.jpg?resize=2048,1468 2048w\" width=\"498\" height=\"357\" loading=\"lazy\" data-original-width=\"498\" data-original-height=\"357\" itemprop=\"http:\/\/schema.org\/image\" title=\"Fran\u00e7ois Bourque\" alt=\"Fran\u00e7ois Bourque\" style=\"width: 498px; height: 357px;\" \/> <\/a> <\/div> <\/div> <!-- close group --> <div class=\"gallery-group images-1\" style=\"width: 858px; height: 1095px;\" data-original-width=\"858\" data-original-height=\"1095\" > <div class=\"tiled-gallery-item tiled-gallery-item-large\" itemprop=\"associatedMedia\" itemscope itemtype=\"http:\/\/schema.org\/ImageObject\"> <a href=\"https:\/\/develop.olympic.ca\/olympique\/wp-content\/uploads\/sites\/2\/2013\/02\/skiing-cross-country-2.jpg?quality=100&#038;strip\" border=\"0\" itemprop=\"url\"> <meta itemprop=\"width\" content=\"854\"> <meta itemprop=\"height\" content=\"1091\"> <img decoding=\"async\" data-recalc-dims=\"1\" class=\"\" data-attachment-id=\"75766\" data-orig-file=\"https:\/\/develop.olympic.ca\/olympique\/wp-content\/uploads\/sites\/2\/2013\/02\/skiing-cross-country-2.jpg?quality=100\" data-orig-size=\"1565,2000\" data-comments-opened=\"1\" data-image-meta=\"{&quot;aperture&quot;:&quot;0&quot;,&quot;credit&quot;:&quot;The Canadian Press&quot;,&quot;camera&quot;:&quot;&quot;,&quot;caption&quot;:&quot;Gold medalist Chandra Crawford (8) of Canmore, Alberta is pursued by silver medalist Claudia Kuenzel (4) of Germany, bronze medalist Alena Sidko (5) of Russia and fourth place Beckie Scott of Vermillion, Alberta in the final of the women\\u0027s sprint cross country skiing race at the Olympic Games in Pragelato Plan, Italy on Tuesday February 22, 2006. (CP PHOTO\\\/Frank Gunn)&quot;,&quot;created_timestamp&quot;:&quot;0&quot;,&quot;copyright&quot;:&quot;&quot;,&quot;focal_length&quot;:&quot;0&quot;,&quot;iso&quot;:&quot;0&quot;,&quot;shutter_speed&quot;:&quot;0&quot;,&quot;title&quot;:&quot;OLY-WOMENS CROSS-COUNTRY SPRINT&quot;}\" data-image-title=\"Chandra Crawford\" data-image-description=\"&lt;p&gt;Photo : La Presse Canadienne&lt;\/p&gt; \" data-medium-file=\"https:\/\/develop.olympic.ca\/olympique\/wp-content\/uploads\/sites\/2\/2013\/02\/skiing-cross-country-2.jpg?quality=100&#038;w=290\" data-large-file=\"https:\/\/develop.olympic.ca\/olympique\/wp-content\/uploads\/sites\/2\/2013\/02\/skiing-cross-country-2.jpg?quality=100&#038;w=590\" src=\"https:\/\/develop.olympic.ca\/olympique\/wp-content\/uploads\/sites\/2\/2013\/02\/skiing-cross-country-2.jpg?quality=100&#038;w=854&#038;h=1091&#038;strip&#038;resize=854%2C1091\" srcset=\"https:\/\/develop.olympic.ca\/olympique\/wp-content\/uploads\/sites\/2\/2013\/02\/skiing-cross-country-2.jpg 1565w, https:\/\/develop.olympic.ca\/olympique\/wp-content\/uploads\/sites\/2\/2013\/02\/skiing-cross-country-2.jpg?resize=124,158 124w, https:\/\/develop.olympic.ca\/olympique\/wp-content\/uploads\/sites\/2\/2013\/02\/skiing-cross-country-2.jpg?resize=290,371 290w, https:\/\/develop.olympic.ca\/olympique\/wp-content\/uploads\/sites\/2\/2013\/02\/skiing-cross-country-2.jpg?resize=768,981 768w, https:\/\/develop.olympic.ca\/olympique\/wp-content\/uploads\/sites\/2\/2013\/02\/skiing-cross-country-2.jpg?resize=590,754 590w, https:\/\/develop.olympic.ca\/olympique\/wp-content\/uploads\/sites\/2\/2013\/02\/skiing-cross-country-2.jpg?resize=1202,1536 1202w\" width=\"854\" height=\"1091\" loading=\"lazy\" data-original-width=\"854\" data-original-height=\"1091\" itemprop=\"http:\/\/schema.org\/image\" title=\"Chandra Crawford\" alt=\"Chandra Crawford\" style=\"width: 854px; height: 1091px;\" \/> <\/a> <\/div> <\/div> <!-- close group --> <\/div> <!-- close row --> <div class=\"gallery-row\" style=\"width: 1360px; height: 629px;\" data-original-width=\"1360\" data-original-height=\"629\" > <div class=\"gallery-group images-1\" style=\"width: 938px; height: 629px;\" data-original-width=\"938\" data-original-height=\"629\" > <div class=\"tiled-gallery-item tiled-gallery-item-large\" itemprop=\"associatedMedia\" itemscope itemtype=\"http:\/\/schema.org\/ImageObject\"> <a href=\"https:\/\/develop.olympic.ca\/olympique\/wp-content\/uploads\/sites\/2\/2013\/02\/closing-ceremony-21.jpg?quality=100&#038;strip\" border=\"0\" itemprop=\"url\"> <meta itemprop=\"width\" content=\"934\"> <meta itemprop=\"height\" content=\"625\"> <img decoding=\"async\" data-recalc-dims=\"1\" class=\"\" data-attachment-id=\"75727\" data-orig-file=\"https:\/\/develop.olympic.ca\/olympique\/wp-content\/uploads\/sites\/2\/2013\/02\/closing-ceremony-21.jpg?quality=100\" data-orig-size=\"2000,1337\" data-comments-opened=\"1\" data-image-meta=\"{&quot;aperture&quot;:&quot;0&quot;,&quot;credit&quot;:&quot;Canadian Olympic Committee&quot;,&quot;camera&quot;:&quot;&quot;,&quot;caption&quot;:&quot;Canadian athletes arrive into the stadium at the closing ceremonies for the 2006 Winter Olympic Games in Turin Italy on Sunday Feb 26, 2006. (CP PHOTO\\\/COC\\\/Jonathan Hayward)&quot;,&quot;created_timestamp&quot;:&quot;0&quot;,&quot;copyright&quot;:&quot;&quot;,&quot;focal_length&quot;:&quot;0&quot;,&quot;iso&quot;:&quot;0&quot;,&quot;shutter_speed&quot;:&quot;0&quot;,&quot;title&quot;:&quot;OLY-CLOSING CEREMONY TOPIX&quot;}\" data-image-title=\"Turin 2006\" data-image-description=\"&lt;p&gt;Photo : La Presse Canadienne&lt;\/p&gt; \" data-medium-file=\"https:\/\/develop.olympic.ca\/olympique\/wp-content\/uploads\/sites\/2\/2013\/02\/closing-ceremony-21.jpg?quality=100&#038;w=555\" data-large-file=\"https:\/\/develop.olympic.ca\/olympique\/wp-content\/uploads\/sites\/2\/2013\/02\/closing-ceremony-21.jpg?quality=100&#038;w=1128\" src=\"https:\/\/develop.olympic.ca\/olympique\/wp-content\/uploads\/sites\/2\/2013\/02\/closing-ceremony-21.jpg?quality=100&#038;w=934&#038;h=625&#038;strip&#038;resize=934%2C625\" srcset=\"https:\/\/develop.olympic.ca\/olympique\/wp-content\/uploads\/sites\/2\/2013\/02\/closing-ceremony-21.jpg 2000w, https:\/\/develop.olympic.ca\/olympique\/wp-content\/uploads\/sites\/2\/2013\/02\/closing-ceremony-21.jpg?resize=236,158 236w, https:\/\/develop.olympic.ca\/olympique\/wp-content\/uploads\/sites\/2\/2013\/02\/closing-ceremony-21.jpg?resize=555,371 555w, https:\/\/develop.olympic.ca\/olympique\/wp-content\/uploads\/sites\/2\/2013\/02\/closing-ceremony-21.jpg?resize=768,513 768w, https:\/\/develop.olympic.ca\/olympique\/wp-content\/uploads\/sites\/2\/2013\/02\/closing-ceremony-21.jpg?resize=1128,754 1128w, https:\/\/develop.olympic.ca\/olympique\/wp-content\/uploads\/sites\/2\/2013\/02\/closing-ceremony-21.jpg?resize=1536,1027 1536w\" width=\"934\" height=\"625\" loading=\"lazy\" data-original-width=\"934\" data-original-height=\"625\" itemprop=\"http:\/\/schema.org\/image\" title=\"Turin 2006\" alt=\"Turin 2006\" style=\"width: 934px; height: 625px;\" \/> <\/a> <\/div> <\/div> <!-- close group --> <div class=\"gallery-group images-2\" style=\"width: 422px; height: 629px;\" data-original-width=\"422\" data-original-height=\"629\" > <div class=\"tiled-gallery-item tiled-gallery-item-large\" itemprop=\"associatedMedia\" itemscope itemtype=\"http:\/\/schema.org\/ImageObject\"> <a href=\"https:\/\/develop.olympic.ca\/olympique\/wp-content\/uploads\/sites\/2\/2013\/02\/closing-ceremony-41.jpg?quality=100&#038;strip\" border=\"0\" itemprop=\"url\"> <meta itemprop=\"width\" content=\"418\"> <meta itemprop=\"height\" content=\"300\"> <img decoding=\"async\" data-recalc-dims=\"1\" class=\"\" data-attachment-id=\"75732\" data-orig-file=\"https:\/\/develop.olympic.ca\/olympique\/wp-content\/uploads\/sites\/2\/2013\/02\/closing-ceremony-41.jpg?quality=100\" data-orig-size=\"2000,1435\" data-comments-opened=\"1\" data-image-meta=\"{&quot;aperture&quot;:&quot;0&quot;,&quot;credit&quot;:&quot;Canadian Olympic Committee&quot;,&quot;camera&quot;:&quot;&quot;,&quot;caption&quot;:&quot;Fireworks explode over the stadium during the closing ceremonies at the Winter Olympic Games in Turin, Italy on Sunday Feb 26, 2006. CP PHOTO\\\/COC\\\/Jonathan Hayward)&quot;,&quot;created_timestamp&quot;:&quot;0&quot;,&quot;copyright&quot;:&quot;&quot;,&quot;focal_length&quot;:&quot;0&quot;,&quot;iso&quot;:&quot;0&quot;,&quot;shutter_speed&quot;:&quot;0&quot;,&quot;title&quot;:&quot;OLY-CLOSING CEREMONY&quot;}\" data-image-title=\"Turin 2006\" data-image-description=\"&lt;p&gt;Photo : La Presse Canadienne&lt;\/p&gt; \" data-medium-file=\"https:\/\/develop.olympic.ca\/olympique\/wp-content\/uploads\/sites\/2\/2013\/02\/closing-ceremony-41.jpg?quality=100&#038;w=517\" data-large-file=\"https:\/\/develop.olympic.ca\/olympique\/wp-content\/uploads\/sites\/2\/2013\/02\/closing-ceremony-41.jpg?quality=100&#038;w=1051\" src=\"https:\/\/develop.olympic.ca\/olympique\/wp-content\/uploads\/sites\/2\/2013\/02\/closing-ceremony-41.jpg?quality=100&#038;w=418&#038;h=300&#038;strip&#038;resize=418%2C300\" srcset=\"https:\/\/develop.olympic.ca\/olympique\/wp-content\/uploads\/sites\/2\/2013\/02\/closing-ceremony-41.jpg 2000w, https:\/\/develop.olympic.ca\/olympique\/wp-content\/uploads\/sites\/2\/2013\/02\/closing-ceremony-41.jpg?resize=220,158 220w, https:\/\/develop.olympic.ca\/olympique\/wp-content\/uploads\/sites\/2\/2013\/02\/closing-ceremony-41.jpg?resize=517,371 517w, https:\/\/develop.olympic.ca\/olympique\/wp-content\/uploads\/sites\/2\/2013\/02\/closing-ceremony-41.jpg?resize=768,551 768w, https:\/\/develop.olympic.ca\/olympique\/wp-content\/uploads\/sites\/2\/2013\/02\/closing-ceremony-41.jpg?resize=1051,754 1051w, https:\/\/develop.olympic.ca\/olympique\/wp-content\/uploads\/sites\/2\/2013\/02\/closing-ceremony-41.jpg?resize=1536,1102 1536w\" width=\"418\" height=\"300\" loading=\"lazy\" data-original-width=\"418\" data-original-height=\"300\" itemprop=\"http:\/\/schema.org\/image\" title=\"Turin 2006\" alt=\"Turin 2006\" style=\"width: 418px; height: 300px;\" \/> <\/a> <\/div> <div class=\"tiled-gallery-item tiled-gallery-item-large\" itemprop=\"associatedMedia\" itemscope itemtype=\"http:\/\/schema.org\/ImageObject\"> <a href=\"https:\/\/develop.olympic.ca\/olympique\/wp-content\/uploads\/sites\/2\/2013\/02\/closing-ceremony-31.jpg?quality=100&#038;strip\" border=\"0\" itemprop=\"url\"> <meta itemprop=\"width\" content=\"418\"> <meta itemprop=\"height\" content=\"321\"> <img decoding=\"async\" data-recalc-dims=\"1\" class=\"\" data-attachment-id=\"75729\" data-orig-file=\"https:\/\/develop.olympic.ca\/olympique\/wp-content\/uploads\/sites\/2\/2013\/02\/closing-ceremony-31.jpg?quality=100\" data-orig-size=\"2000,1536\" data-comments-opened=\"1\" data-image-meta=\"{&quot;aperture&quot;:&quot;0&quot;,&quot;credit&quot;:&quot;Canadian Olympic Committee&quot;,&quot;camera&quot;:&quot;&quot;,&quot;caption&quot;:&quot;Canadian athletes arrive at the stadium at the closing ceremonies at the Winter Olympic Games in Turin Italy on Sunday Feb 26, 2006. (CP PHOTO\\\/COC\\\/Jonathan Hayward)&quot;,&quot;created_timestamp&quot;:&quot;0&quot;,&quot;copyright&quot;:&quot;&quot;,&quot;focal_length&quot;:&quot;0&quot;,&quot;iso&quot;:&quot;0&quot;,&quot;shutter_speed&quot;:&quot;0&quot;,&quot;title&quot;:&quot;OLY-CLOSING CEREMONY TOPIX&quot;}\" data-image-title=\"Turin 2006\" data-image-description=\"&lt;p&gt;Photo : La Presse Canadienne&lt;\/p&gt; \" data-medium-file=\"https:\/\/develop.olympic.ca\/olympique\/wp-content\/uploads\/sites\/2\/2013\/02\/closing-ceremony-31.jpg?quality=100&#038;w=483\" data-large-file=\"https:\/\/develop.olympic.ca\/olympique\/wp-content\/uploads\/sites\/2\/2013\/02\/closing-ceremony-31.jpg?quality=100&#038;w=982\" src=\"https:\/\/develop.olympic.ca\/olympique\/wp-content\/uploads\/sites\/2\/2013\/02\/closing-ceremony-31.jpg?quality=100&#038;w=418&#038;h=321&#038;strip&#038;resize=418%2C321\" srcset=\"https:\/\/develop.olympic.ca\/olympique\/wp-content\/uploads\/sites\/2\/2013\/02\/closing-ceremony-31.jpg 2000w, https:\/\/develop.olympic.ca\/olympique\/wp-content\/uploads\/sites\/2\/2013\/02\/closing-ceremony-31.jpg?resize=206,158 206w, https:\/\/develop.olympic.ca\/olympique\/wp-content\/uploads\/sites\/2\/2013\/02\/closing-ceremony-31.jpg?resize=483,371 483w, https:\/\/develop.olympic.ca\/olympique\/wp-content\/uploads\/sites\/2\/2013\/02\/closing-ceremony-31.jpg?resize=768,590 768w, https:\/\/develop.olympic.ca\/olympique\/wp-content\/uploads\/sites\/2\/2013\/02\/closing-ceremony-31.jpg?resize=982,754 982w, https:\/\/develop.olympic.ca\/olympique\/wp-content\/uploads\/sites\/2\/2013\/02\/closing-ceremony-31.jpg?resize=1536,1180 1536w\" width=\"418\" height=\"321\" loading=\"lazy\" data-original-width=\"418\" data-original-height=\"321\" itemprop=\"http:\/\/schema.org\/image\" title=\"Turin 2006\" alt=\"Turin 2006\" style=\"width: 418px; height: 321px;\" \/> <\/a> <\/div> <\/div> <!-- close group --> <\/div> <!-- close row --> <div class=\"gallery-row\" style=\"width: 1360px; height: 1031px;\" data-original-width=\"1360\" data-original-height=\"1031\" > <div class=\"gallery-group images-1\" style=\"width: 1360px; height: 1031px;\" data-original-width=\"1360\" data-original-height=\"1031\" > <div class=\"tiled-gallery-item tiled-gallery-item-large\" itemprop=\"associatedMedia\" itemscope itemtype=\"http:\/\/schema.org\/ImageObject\"> <a href=\"https:\/\/develop.olympic.ca\/olympique\/wp-content\/uploads\/sites\/2\/2013\/02\/closing-ceremony.jpg?quality=100&#038;strip\" border=\"0\" itemprop=\"url\"> <meta itemprop=\"width\" content=\"1356\"> <meta itemprop=\"height\" content=\"1027\"> <img decoding=\"async\" data-recalc-dims=\"1\" class=\"\" data-attachment-id=\"75734\" data-orig-file=\"https:\/\/develop.olympic.ca\/olympique\/wp-content\/uploads\/sites\/2\/2013\/02\/closing-ceremony.jpg?quality=100\" data-orig-size=\"2778,2103\" data-comments-opened=\"1\" data-image-meta=\"{&quot;aperture&quot;:&quot;0&quot;,&quot;credit&quot;:&quot;The Canadian Press&quot;,&quot;camera&quot;:&quot;&quot;,&quot;caption&quot;:&quot;A performer flies on a snowboard at the closing ceremonies for the 2006 Winter Olympics Sunday, Feb. 26, 2006 in Turin. (CP PHOTO\\\/Paul Chiasson)&quot;,&quot;created_timestamp&quot;:&quot;0&quot;,&quot;copyright&quot;:&quot;&quot;,&quot;focal_length&quot;:&quot;0&quot;,&quot;iso&quot;:&quot;0&quot;,&quot;shutter_speed&quot;:&quot;0&quot;,&quot;title&quot;:&quot;OLY-CLOSING-CEREMONIES TOPIX&quot;}\" data-image-title=\"Turin 2006\" data-image-description=\"&lt;p&gt;Photo : La Presse Canadienne&lt;\/p&gt; \" data-medium-file=\"https:\/\/develop.olympic.ca\/olympique\/wp-content\/uploads\/sites\/2\/2013\/02\/closing-ceremony.jpg?quality=100&#038;w=490\" data-large-file=\"https:\/\/develop.olympic.ca\/olympique\/wp-content\/uploads\/sites\/2\/2013\/02\/closing-ceremony.jpg?quality=100&#038;w=996\" src=\"https:\/\/develop.olympic.ca\/olympique\/wp-content\/uploads\/sites\/2\/2013\/02\/closing-ceremony.jpg?quality=100&#038;w=1356&#038;h=1027&#038;strip&#038;resize=1356%2C1027\" srcset=\"https:\/\/develop.olympic.ca\/olympique\/wp-content\/uploads\/sites\/2\/2013\/02\/closing-ceremony.jpg 2778w, https:\/\/develop.olympic.ca\/olympique\/wp-content\/uploads\/sites\/2\/2013\/02\/closing-ceremony.jpg?resize=209,158 209w, https:\/\/develop.olympic.ca\/olympique\/wp-content\/uploads\/sites\/2\/2013\/02\/closing-ceremony.jpg?resize=490,371 490w, https:\/\/develop.olympic.ca\/olympique\/wp-content\/uploads\/sites\/2\/2013\/02\/closing-ceremony.jpg?resize=768,581 768w, https:\/\/develop.olympic.ca\/olympique\/wp-content\/uploads\/sites\/2\/2013\/02\/closing-ceremony.jpg?resize=996,754 996w, https:\/\/develop.olympic.ca\/olympique\/wp-content\/uploads\/sites\/2\/2013\/02\/closing-ceremony.jpg?resize=1536,1163 1536w, https:\/\/develop.olympic.ca\/olympique\/wp-content\/uploads\/sites\/2\/2013\/02\/closing-ceremony.jpg?resize=2048,1550 2048w\" width=\"1356\" height=\"1027\" loading=\"lazy\" data-original-width=\"1356\" data-original-height=\"1027\" itemprop=\"http:\/\/schema.org\/image\" title=\"Turin 2006\" alt=\"Turin 2006\" style=\"width: 1356px; height: 1027px;\" \/> <\/a> <\/div> <\/div> <!-- close group --> <\/div> <!-- close row --> <\/div>\n","protected":false},"excerpt":{"rendered":"","protected":false},"featured_media":75708,"parent":0,"template":"","format":"gallery","categories":[],"tags":[],"sport":[],"game":[],"class_list":["post-4748","photos","type-photos","status-publish","format-gallery","has-post-thumbnail","hentry"],"acf":[],"yoast_head":"<!-- This site is optimized with the Yoast SEO plugin v27.3 - https:\/\/yoast.com\/product\/yoast-seo-wordpress\/ -->\n<title>Turin 2006 - \u00c9quipe Canada | Site officiel de l&#039;\u00e9quipe olympique<\/title>\n<meta name=\"robots\" content=\"index, follow, max-snippet:-1, max-image-preview:large, max-video-preview:-1\" \/>\n<link rel=\"canonical\" href=\"https:\/\/develop.olympic.ca\/olympique\/photos\/turin-2006-2\/\" \/>\n<meta property=\"og:locale\" content=\"fr_FR\" \/>\n<meta property=\"og:type\" content=\"article\" \/>\n<meta property=\"og:title\" content=\"Turin 2006 - \u00c9quipe Canada | Site officiel de l&#039;\u00e9quipe olympique\" \/>\n<meta property=\"og:url\" content=\"https:\/\/develop.olympic.ca\/olympique\/photos\/turin-2006-2\/\" \/>\n<meta property=\"og:site_name\" content=\"\u00c9quipe Canada | Site officiel de l&#039;\u00e9quipe olympique\" \/>\n<meta property=\"article:modified_time\" content=\"2013-08-01T01:06:08+00:00\" \/>\n<meta property=\"og:image\" content=\"https:\/\/develop.olympic.ca\/olympique\/wp-content\/uploads\/sites\/2\/2013\/02\/speed-skating-womens-2.jpg?quality=100\" \/>\n\t<meta property=\"og:image:width\" content=\"2670\" \/>\n\t<meta property=\"og:image:height\" content=\"1792\" \/>\n\t<meta property=\"og:image:type\" content=\"image\/jpeg\" \/>\n<meta name=\"twitter:card\" content=\"summary_large_image\" \/>\n<meta name=\"twitter:label1\" content=\"Written by\" \/>\n\t<meta name=\"twitter:data1\" content=\"cdnolympicteam\" \/>\n<script type=\"application\/ld+json\" class=\"yoast-schema-graph\">{\"@context\":\"https:\\\/\\\/schema.org\",\"@graph\":[{\"@type\":\"WebPage\",\"@id\":\"https:\\\/\\\/develop.olympic.ca\\\/olympique\\\/photos\\\/turin-2006-2\\\/\",\"url\":\"https:\\\/\\\/develop.olympic.ca\\\/olympique\\\/photos\\\/turin-2006-2\\\/\",\"name\":\"Turin 2006 - \u00c9quipe Canada | Site officiel de l&#039;\u00e9quipe olympique\",\"isPartOf\":{\"@id\":\"https:\\\/\\\/develop.olympic.ca\\\/olympique\\\/#website\"},\"primaryImageOfPage\":{\"@id\":\"https:\\\/\\\/develop.olympic.ca\\\/olympique\\\/photos\\\/turin-2006-2\\\/#primaryimage\"},\"image\":{\"@id\":\"https:\\\/\\\/develop.olympic.ca\\\/olympique\\\/photos\\\/turin-2006-2\\\/#primaryimage\"},\"thumbnailUrl\":\"https:\\\/\\\/develop.olympic.ca\\\/olympique\\\/wp-content\\\/uploads\\\/sites\\\/2\\\/2013\\\/02\\\/speed-skating-womens-2.jpg?quality=100\",\"datePublished\":\"2013-02-07T11:53:47+00:00\",\"dateModified\":\"2013-08-01T01:06:08+00:00\",\"breadcrumb\":{\"@id\":\"https:\\\/\\\/develop.olympic.ca\\\/olympique\\\/photos\\\/turin-2006-2\\\/#breadcrumb\"},\"inLanguage\":\"fr-FR\",\"potentialAction\":[{\"@type\":\"ReadAction\",\"target\":[\"https:\\\/\\\/develop.olympic.ca\\\/olympique\\\/photos\\\/turin-2006-2\\\/\"]}]},{\"@type\":\"ImageObject\",\"inLanguage\":\"fr-FR\",\"@id\":\"https:\\\/\\\/develop.olympic.ca\\\/olympique\\\/photos\\\/turin-2006-2\\\/#primaryimage\",\"url\":\"https:\\\/\\\/develop.olympic.ca\\\/olympique\\\/wp-content\\\/uploads\\\/sites\\\/2\\\/2013\\\/02\\\/speed-skating-womens-2.jpg?quality=100\",\"contentUrl\":\"https:\\\/\\\/develop.olympic.ca\\\/olympique\\\/wp-content\\\/uploads\\\/sites\\\/2\\\/2013\\\/02\\\/speed-skating-womens-2.jpg?quality=100\",\"width\":2670,\"height\":1792},{\"@type\":\"BreadcrumbList\",\"@id\":\"https:\\\/\\\/develop.olympic.ca\\\/olympique\\\/photos\\\/turin-2006-2\\\/#breadcrumb\",\"itemListElement\":[{\"@type\":\"ListItem\",\"position\":1,\"name\":\"Album photo\",\"item\":\"https:\\\/\\\/develop.olympic.ca\\\/olympique\\\/photos\\\/\"},{\"@type\":\"ListItem\",\"position\":2,\"name\":\"Turin 2006\"}]},{\"@type\":\"WebSite\",\"@id\":\"https:\\\/\\\/develop.olympic.ca\\\/olympique\\\/#website\",\"url\":\"https:\\\/\\\/develop.olympic.ca\\\/olympique\\\/\",\"name\":\"\u00c9quipe Canada | Site officiel de l&#039;\u00e9quipe olympique\",\"description\":\"Votre source pour l\u2019\u00c9quipe olympique canadienne. Retrouvez les r\u00e9cits, vid\u00e9os et photos des athl\u00e8tes canadiens, sports olympiques, Jeux olympiques de 2020 et bien plus!\",\"potentialAction\":[{\"@type\":\"SearchAction\",\"target\":{\"@type\":\"EntryPoint\",\"urlTemplate\":\"https:\\\/\\\/develop.olympic.ca\\\/olympique\\\/?s={search_term_string}\"},\"query-input\":{\"@type\":\"PropertyValueSpecification\",\"valueRequired\":true,\"valueName\":\"search_term_string\"}}],\"inLanguage\":\"fr-FR\"}]}<\/script>\n<!-- \/ Yoast SEO plugin. -->","yoast_head_json":{"title":"Turin 2006 - \u00c9quipe Canada | Site officiel de l&#039;\u00e9quipe olympique","robots":{"index":"index","follow":"follow","max-snippet":"max-snippet:-1","max-image-preview":"max-image-preview:large","max-video-preview":"max-video-preview:-1"},"canonical":"https:\/\/develop.olympic.ca\/olympique\/photos\/turin-2006-2\/","og_locale":"fr_FR","og_type":"article","og_title":"Turin 2006 - \u00c9quipe Canada | Site officiel de l&#039;\u00e9quipe olympique","og_url":"https:\/\/develop.olympic.ca\/olympique\/photos\/turin-2006-2\/","og_site_name":"\u00c9quipe Canada | Site officiel de l&#039;\u00e9quipe olympique","article_modified_time":"2013-08-01T01:06:08+00:00","og_image":[{"width":2670,"height":1792,"url":"https:\/\/develop.olympic.ca\/olympique\/wp-content\/uploads\/sites\/2\/2013\/02\/speed-skating-womens-2.jpg?quality=100","type":"image\/jpeg"}],"twitter_card":"summary_large_image","twitter_misc":{"Written by":"cdnolympicteam"},"schema":{"@context":"https:\/\/schema.org","@graph":[{"@type":"WebPage","@id":"https:\/\/develop.olympic.ca\/olympique\/photos\/turin-2006-2\/","url":"https:\/\/develop.olympic.ca\/olympique\/photos\/turin-2006-2\/","name":"Turin 2006 - \u00c9quipe Canada | Site officiel de l&#039;\u00e9quipe olympique","isPartOf":{"@id":"https:\/\/develop.olympic.ca\/olympique\/#website"},"primaryImageOfPage":{"@id":"https:\/\/develop.olympic.ca\/olympique\/photos\/turin-2006-2\/#primaryimage"},"image":{"@id":"https:\/\/develop.olympic.ca\/olympique\/photos\/turin-2006-2\/#primaryimage"},"thumbnailUrl":"https:\/\/develop.olympic.ca\/olympique\/wp-content\/uploads\/sites\/2\/2013\/02\/speed-skating-womens-2.jpg?quality=100","datePublished":"2013-02-07T11:53:47+00:00","dateModified":"2013-08-01T01:06:08+00:00","breadcrumb":{"@id":"https:\/\/develop.olympic.ca\/olympique\/photos\/turin-2006-2\/#breadcrumb"},"inLanguage":"fr-FR","potentialAction":[{"@type":"ReadAction","target":["https:\/\/develop.olympic.ca\/olympique\/photos\/turin-2006-2\/"]}]},{"@type":"ImageObject","inLanguage":"fr-FR","@id":"https:\/\/develop.olympic.ca\/olympique\/photos\/turin-2006-2\/#primaryimage","url":"https:\/\/develop.olympic.ca\/olympique\/wp-content\/uploads\/sites\/2\/2013\/02\/speed-skating-womens-2.jpg?quality=100","contentUrl":"https:\/\/develop.olympic.ca\/olympique\/wp-content\/uploads\/sites\/2\/2013\/02\/speed-skating-womens-2.jpg?quality=100","width":2670,"height":1792},{"@type":"BreadcrumbList","@id":"https:\/\/develop.olympic.ca\/olympique\/photos\/turin-2006-2\/#breadcrumb","itemListElement":[{"@type":"ListItem","position":1,"name":"Album photo","item":"https:\/\/develop.olympic.ca\/olympique\/photos\/"},{"@type":"ListItem","position":2,"name":"Turin 2006"}]},{"@type":"WebSite","@id":"https:\/\/develop.olympic.ca\/olympique\/#website","url":"https:\/\/develop.olympic.ca\/olympique\/","name":"\u00c9quipe Canada | Site officiel de l&#039;\u00e9quipe olympique","description":"Votre source pour l\u2019\u00c9quipe olympique canadienne. Retrouvez les r\u00e9cits, vid\u00e9os et photos des athl\u00e8tes canadiens, sports olympiques, Jeux olympiques de 2020 et bien plus!","potentialAction":[{"@type":"SearchAction","target":{"@type":"EntryPoint","urlTemplate":"https:\/\/develop.olympic.ca\/olympique\/?s={search_term_string}"},"query-input":{"@type":"PropertyValueSpecification","valueRequired":true,"valueName":"search_term_string"}}],"inLanguage":"fr-FR"}]}},"featured_image_url":"https:\/\/develop.olympic.ca\/olympique\/wp-content\/uploads\/sites\/2\/2013\/02\/speed-skating-womens-2.jpg?quality=100","category_names":[],"tag_names":[],"sport_names":[],"game_names":[],"jetpack_sharing_enabled":true,"_links":{"self":[{"href":"https:\/\/develop.olympic.ca\/olympique\/wp-json\/wp\/v2\/photos\/4748","targetHints":{"allow":["GET"]}}],"collection":[{"href":"https:\/\/develop.olympic.ca\/olympique\/wp-json\/wp\/v2\/photos"}],"about":[{"href":"https:\/\/develop.olympic.ca\/olympique\/wp-json\/wp\/v2\/types\/photos"}],"wp:featuredmedia":[{"embeddable":true,"href":"https:\/\/develop.olympic.ca\/olympique\/wp-json\/wp\/v2\/media\/75708"}],"wp:attachment":[{"href":"https:\/\/develop.olympic.ca\/olympique\/wp-json\/wp\/v2\/media?parent=4748"}],"wp:term":[{"taxonomy":"category","embeddable":true,"href":"https:\/\/develop.olympic.ca\/olympique\/wp-json\/wp\/v2\/categories?post=4748"},{"taxonomy":"post_tag","embeddable":true,"href":"https:\/\/develop.olympic.ca\/olympique\/wp-json\/wp\/v2\/tags?post=4748"},{"taxonomy":"sport","embeddable":true,"href":"https:\/\/develop.olympic.ca\/olympique\/wp-json\/wp\/v2\/sport?post=4748"},{"taxonomy":"game","embeddable":true,"href":"https:\/\/develop.olympic.ca\/olympique\/wp-json\/wp\/v2\/game?post=4748"}],"curies":[{"name":"wp","href":"https:\/\/api.w.org\/{rel}","templated":true}]}}