{"id":22600,"date":"2011-09-25T15:55:26","date_gmt":"2011-09-25T19:55:26","guid":{"rendered":"http:\/\/develop.olympic.ca\/?post_type=videos&#038;p=22600"},"modified":"2011-09-25T15:55:26","modified_gmt":"2011-09-25T19:55:26","slug":"tournee-des-heros-2011","status":"publish","type":"videos","link":"https:\/\/develop.olympic.ca\/olympique\/videos\/tournee-des-heros-2011\/","title":{"rendered":"Tourn\u00e9e des h\u00e9ros 2011"},"content":{"rendered":"<p>La tourn\u00e9e mettra en vedette les m\u00e9daill\u00e9s olympiques Denny Morrison (patinage de vitesse), Adam Kreek (aviron), Tania Vicent (patinage de vitesse sur courte piste), Kaillie Humphries (bobsleigh), Heather Moyse (bobsleigh), David Bissett (bobsleigh) et Chris Le Bihan (bobsleigh) ainsi que les m\u00e9daill\u00e9s paralympiques Greg Westlake (hockey sur luge) et David Eng (basketball en fauteuil roulant). Durant quatre jours, ils visitent les provinces de l\u2019Atlantique, propageant l\u2019esprit olympique, inspirant l\u2019excellence personnelle et c\u00e9l\u00e9brant les h\u00e9ros locaux, les h\u00e9ros nationaux ainsi que le h\u00e9ros qui se trouve en chacun de nous.<\/p>\n<p>\u00c0 Halifax, St. John\u2019s, Charlottetown, Summerside et Moncton, la tourn\u00e9e r\u00e9unira les Olympiens et les Paralympiens avec les \u00e9l\u00e8ves, les leaders de la communaut\u00e9, les enfants dans les h\u00f4pitaux, les membres des Forces canadiennes et les partisans de l\u2019\u00c9quipe olympique canadienne et culminera par le d\u00eener de gala et la c\u00e9r\u00e9monie d\u2019intronisation au Temple de la renomm\u00e9e olympique du Canada 2011 pr\u00e9sent\u00e9e par Procter &amp; Gamble le 16 avril, \u00e0 Moncton.<\/p>\n","protected":false},"excerpt":{"rendered":"<p>La tourn\u00e9e mettra en vedette les m\u00e9daill\u00e9s olympiques Denny Morrison (patinage de vitesse), Adam Kreek (aviron), Tania Vicent (patinage de&#8230;<\/p>\n","protected":false},"featured_media":22596,"template":"","format":"video","categories":[],"tags":[],"sport":[],"game":[],"class_list":["post-22600","videos","type-videos","status-publish","format-video","has-post-thumbnail","hentry"],"acf":[],"yoast_head":"<!-- This site is optimized with the Yoast SEO plugin v27.3 - https:\/\/yoast.com\/product\/yoast-seo-wordpress\/ -->\n<title>Tourn\u00e9e des h\u00e9ros 2011 - \u00c9quipe Canada | Site officiel de l&#039;\u00e9quipe olympique<\/title>\n<meta name=\"robots\" content=\"index, follow, max-snippet:-1, max-image-preview:large, max-video-preview:-1\" \/>\n<link rel=\"canonical\" href=\"https:\/\/develop.olympic.ca\/olympique\/videos\/tournee-des-heros-2011\/\" \/>\n<meta property=\"og:locale\" content=\"fr_FR\" \/>\n<meta property=\"og:type\" content=\"article\" \/>\n<meta property=\"og:title\" content=\"Tourn\u00e9e des h\u00e9ros 2011 - \u00c9quipe Canada | Site officiel de l&#039;\u00e9quipe olympique\" \/>\n<meta property=\"og:description\" content=\"La tourn\u00e9e mettra en vedette les m\u00e9daill\u00e9s olympiques Denny Morrison (patinage de vitesse), Adam Kreek (aviron), Tania Vicent (patinage de...\" \/>\n<meta property=\"og:url\" content=\"https:\/\/develop.olympic.ca\/olympique\/videos\/tournee-des-heros-2011\/\" \/>\n<meta property=\"og:site_name\" content=\"\u00c9quipe Canada | Site officiel de l&#039;\u00e9quipe olympique\" \/>\n<meta property=\"og:image\" content=\"https:\/\/develop.olympic.ca\/olympique\/wp-content\/uploads\/sites\/2\/2011\/09\/heroestour7.jpg?quality=100\" \/>\n\t<meta property=\"og:image:width\" content=\"500\" \/>\n\t<meta property=\"og:image:height\" content=\"281\" \/>\n\t<meta property=\"og:image:type\" content=\"image\/jpeg\" \/>\n<meta name=\"twitter:card\" content=\"summary_large_image\" \/>\n<meta name=\"twitter:label1\" content=\"Est. reading time\" \/>\n\t<meta name=\"twitter:data1\" content=\"1 minute\" \/>\n\t<meta name=\"twitter:label2\" content=\"Written by\" \/>\n\t<meta name=\"twitter:data2\" content=\"Mark Nadolny\" \/>\n<script type=\"application\/ld+json\" class=\"yoast-schema-graph\">{\"@context\":\"https:\\\/\\\/schema.org\",\"@graph\":[{\"@type\":\"WebPage\",\"@id\":\"https:\\\/\\\/develop.olympic.ca\\\/olympique\\\/videos\\\/tournee-des-heros-2011\\\/\",\"url\":\"https:\\\/\\\/develop.olympic.ca\\\/olympique\\\/videos\\\/tournee-des-heros-2011\\\/\",\"name\":\"Tourn\u00e9e des h\u00e9ros 2011 - \u00c9quipe Canada | Site officiel de l&#039;\u00e9quipe olympique\",\"isPartOf\":{\"@id\":\"https:\\\/\\\/develop.olympic.ca\\\/olympique\\\/#website\"},\"primaryImageOfPage\":{\"@id\":\"https:\\\/\\\/develop.olympic.ca\\\/olympique\\\/videos\\\/tournee-des-heros-2011\\\/#primaryimage\"},\"image\":{\"@id\":\"https:\\\/\\\/develop.olympic.ca\\\/olympique\\\/videos\\\/tournee-des-heros-2011\\\/#primaryimage\"},\"thumbnailUrl\":\"https:\\\/\\\/develop.olympic.ca\\\/olympique\\\/wp-content\\\/uploads\\\/sites\\\/2\\\/2011\\\/09\\\/heroestour7.jpg?quality=100\",\"datePublished\":\"2011-09-25T19:55:26+00:00\",\"breadcrumb\":{\"@id\":\"https:\\\/\\\/develop.olympic.ca\\\/olympique\\\/videos\\\/tournee-des-heros-2011\\\/#breadcrumb\"},\"inLanguage\":\"fr-FR\",\"potentialAction\":[{\"@type\":\"ReadAction\",\"target\":[\"https:\\\/\\\/develop.olympic.ca\\\/olympique\\\/videos\\\/tournee-des-heros-2011\\\/\"]}]},{\"@type\":\"ImageObject\",\"inLanguage\":\"fr-FR\",\"@id\":\"https:\\\/\\\/develop.olympic.ca\\\/olympique\\\/videos\\\/tournee-des-heros-2011\\\/#primaryimage\",\"url\":\"https:\\\/\\\/develop.olympic.ca\\\/olympique\\\/wp-content\\\/uploads\\\/sites\\\/2\\\/2011\\\/09\\\/heroestour7.jpg?quality=100\",\"contentUrl\":\"https:\\\/\\\/develop.olympic.ca\\\/olympique\\\/wp-content\\\/uploads\\\/sites\\\/2\\\/2011\\\/09\\\/heroestour7.jpg?quality=100\",\"width\":500,\"height\":281},{\"@type\":\"BreadcrumbList\",\"@id\":\"https:\\\/\\\/develop.olympic.ca\\\/olympique\\\/videos\\\/tournee-des-heros-2011\\\/#breadcrumb\",\"itemListElement\":[{\"@type\":\"ListItem\",\"position\":1,\"name\":\"Vid\u00e9o\",\"item\":\"https:\\\/\\\/develop.olympic.ca\\\/olympique\\\/videos\\\/\"},{\"@type\":\"ListItem\",\"position\":2,\"name\":\"Tourn\u00e9e des h\u00e9ros 2011\"}]},{\"@type\":\"WebSite\",\"@id\":\"https:\\\/\\\/develop.olympic.ca\\\/olympique\\\/#website\",\"url\":\"https:\\\/\\\/develop.olympic.ca\\\/olympique\\\/\",\"name\":\"\u00c9quipe Canada | Site officiel de l&#039;\u00e9quipe olympique\",\"description\":\"Votre source pour l\u2019\u00c9quipe olympique canadienne. Retrouvez les r\u00e9cits, vid\u00e9os et photos des athl\u00e8tes canadiens, sports olympiques, Jeux olympiques de 2020 et bien plus!\",\"potentialAction\":[{\"@type\":\"SearchAction\",\"target\":{\"@type\":\"EntryPoint\",\"urlTemplate\":\"https:\\\/\\\/develop.olympic.ca\\\/olympique\\\/?s={search_term_string}\"},\"query-input\":{\"@type\":\"PropertyValueSpecification\",\"valueRequired\":true,\"valueName\":\"search_term_string\"}}],\"inLanguage\":\"fr-FR\"}]}<\/script>\n<!-- \/ Yoast SEO plugin. -->","yoast_head_json":{"title":"Tourn\u00e9e des h\u00e9ros 2011 - \u00c9quipe Canada | Site officiel de l&#039;\u00e9quipe olympique","robots":{"index":"index","follow":"follow","max-snippet":"max-snippet:-1","max-image-preview":"max-image-preview:large","max-video-preview":"max-video-preview:-1"},"canonical":"https:\/\/develop.olympic.ca\/olympique\/videos\/tournee-des-heros-2011\/","og_locale":"fr_FR","og_type":"article","og_title":"Tourn\u00e9e des h\u00e9ros 2011 - \u00c9quipe Canada | Site officiel de l&#039;\u00e9quipe olympique","og_description":"La tourn\u00e9e mettra en vedette les m\u00e9daill\u00e9s olympiques Denny Morrison (patinage de vitesse), Adam Kreek (aviron), Tania Vicent (patinage de...","og_url":"https:\/\/develop.olympic.ca\/olympique\/videos\/tournee-des-heros-2011\/","og_site_name":"\u00c9quipe Canada | Site officiel de l&#039;\u00e9quipe olympique","og_image":[{"width":500,"height":281,"url":"https:\/\/develop.olympic.ca\/olympique\/wp-content\/uploads\/sites\/2\/2011\/09\/heroestour7.jpg?quality=100","type":"image\/jpeg"}],"twitter_card":"summary_large_image","twitter_misc":{"Est. reading time":"1 minute","Written by":"Mark Nadolny"},"schema":{"@context":"https:\/\/schema.org","@graph":[{"@type":"WebPage","@id":"https:\/\/develop.olympic.ca\/olympique\/videos\/tournee-des-heros-2011\/","url":"https:\/\/develop.olympic.ca\/olympique\/videos\/tournee-des-heros-2011\/","name":"Tourn\u00e9e des h\u00e9ros 2011 - \u00c9quipe Canada | Site officiel de l&#039;\u00e9quipe olympique","isPartOf":{"@id":"https:\/\/develop.olympic.ca\/olympique\/#website"},"primaryImageOfPage":{"@id":"https:\/\/develop.olympic.ca\/olympique\/videos\/tournee-des-heros-2011\/#primaryimage"},"image":{"@id":"https:\/\/develop.olympic.ca\/olympique\/videos\/tournee-des-heros-2011\/#primaryimage"},"thumbnailUrl":"https:\/\/develop.olympic.ca\/olympique\/wp-content\/uploads\/sites\/2\/2011\/09\/heroestour7.jpg?quality=100","datePublished":"2011-09-25T19:55:26+00:00","breadcrumb":{"@id":"https:\/\/develop.olympic.ca\/olympique\/videos\/tournee-des-heros-2011\/#breadcrumb"},"inLanguage":"fr-FR","potentialAction":[{"@type":"ReadAction","target":["https:\/\/develop.olympic.ca\/olympique\/videos\/tournee-des-heros-2011\/"]}]},{"@type":"ImageObject","inLanguage":"fr-FR","@id":"https:\/\/develop.olympic.ca\/olympique\/videos\/tournee-des-heros-2011\/#primaryimage","url":"https:\/\/develop.olympic.ca\/olympique\/wp-content\/uploads\/sites\/2\/2011\/09\/heroestour7.jpg?quality=100","contentUrl":"https:\/\/develop.olympic.ca\/olympique\/wp-content\/uploads\/sites\/2\/2011\/09\/heroestour7.jpg?quality=100","width":500,"height":281},{"@type":"BreadcrumbList","@id":"https:\/\/develop.olympic.ca\/olympique\/videos\/tournee-des-heros-2011\/#breadcrumb","itemListElement":[{"@type":"ListItem","position":1,"name":"Vid\u00e9o","item":"https:\/\/develop.olympic.ca\/olympique\/videos\/"},{"@type":"ListItem","position":2,"name":"Tourn\u00e9e des h\u00e9ros 2011"}]},{"@type":"WebSite","@id":"https:\/\/develop.olympic.ca\/olympique\/#website","url":"https:\/\/develop.olympic.ca\/olympique\/","name":"\u00c9quipe Canada | Site officiel de l&#039;\u00e9quipe olympique","description":"Votre source pour l\u2019\u00c9quipe olympique canadienne. Retrouvez les r\u00e9cits, vid\u00e9os et photos des athl\u00e8tes canadiens, sports olympiques, Jeux olympiques de 2020 et bien plus!","potentialAction":[{"@type":"SearchAction","target":{"@type":"EntryPoint","urlTemplate":"https:\/\/develop.olympic.ca\/olympique\/?s={search_term_string}"},"query-input":{"@type":"PropertyValueSpecification","valueRequired":true,"valueName":"search_term_string"}}],"inLanguage":"fr-FR"}]}},"featured_image_url":"https:\/\/develop.olympic.ca\/olympique\/wp-content\/uploads\/sites\/2\/2011\/09\/heroestour7.jpg?quality=100","category_names":[],"tag_names":[],"sport_names":[],"game_names":[],"video_embed_code":"","facebook_video_embed_code":"","jetpack_sharing_enabled":true,"_links":{"self":[{"href":"https:\/\/develop.olympic.ca\/olympique\/wp-json\/wp\/v2\/videos\/22600","targetHints":{"allow":["GET"]}}],"collection":[{"href":"https:\/\/develop.olympic.ca\/olympique\/wp-json\/wp\/v2\/videos"}],"about":[{"href":"https:\/\/develop.olympic.ca\/olympique\/wp-json\/wp\/v2\/types\/videos"}],"wp:featuredmedia":[{"embeddable":true,"href":"https:\/\/develop.olympic.ca\/olympique\/wp-json\/wp\/v2\/media\/22596"}],"wp:attachment":[{"href":"https:\/\/develop.olympic.ca\/olympique\/wp-json\/wp\/v2\/media?parent=22600"}],"wp:term":[{"taxonomy":"category","embeddable":true,"href":"https:\/\/develop.olympic.ca\/olympique\/wp-json\/wp\/v2\/categories?post=22600"},{"taxonomy":"post_tag","embeddable":true,"href":"https:\/\/develop.olympic.ca\/olympique\/wp-json\/wp\/v2\/tags?post=22600"},{"taxonomy":"sport","embeddable":true,"href":"https:\/\/develop.olympic.ca\/olympique\/wp-json\/wp\/v2\/sport?post=22600"},{"taxonomy":"game","embeddable":true,"href":"https:\/\/develop.olympic.ca\/olympique\/wp-json\/wp\/v2\/game?post=22600"}],"curies":[{"name":"wp","href":"https:\/\/api.w.org\/{rel}","templated":true}]}}