{"id":30984,"date":"2012-05-06T16:35:35","date_gmt":"2012-05-06T20:35:35","guid":{"rendered":"http:\/\/develop.olympic.ca\/?post_type=videos&#038;p=30984"},"modified":"2012-05-06T16:35:35","modified_gmt":"2012-05-06T20:35:35","slug":"regardez-adam-van-koeverden-tout-donner","status":"publish","type":"videos","link":"https:\/\/develop.olympic.ca\/olympique\/videos\/regardez-adam-van-koeverden-tout-donner\/","title":{"rendered":"Regardez AVK tout donner"},"content":{"rendered":"<p>Adam van Koeverden est un des athl\u00e8tes canadiens les plus d\u00e9cor\u00e9s. Il a remport\u00e9 une m\u00e9daille d\u2019or aux Jeux olympiques de 2004 \u00e0 Ath\u00e8nes et une m\u00e9daille d\u2019argent quatre ans plus tard \u00e0 Beijing. Cet \u00e9t\u00e9, il se rendra \u00e0 Londres pour participer \u00e0 ses troisi\u00e8mes Jeux olympiques. Regardez Adam s\u2019entra\u00eener et \u00e9coutez ce que signifie pour lui que d\u2019\u00eatre un des Olympiens les plus reconnaissables du Canada<\/p>\n","protected":false},"excerpt":{"rendered":"<p>Adam van Koeverden est un des athl\u00e8tes canadiens les plus d\u00e9cor\u00e9s. Il a remport\u00e9 une m\u00e9daille d\u2019or aux Jeux olympiques&#8230;<\/p>\n","protected":false},"featured_media":30985,"template":"","format":"video","categories":[],"tags":[],"sport":[],"game":[],"class_list":["post-30984","videos","type-videos","status-publish","format-video","has-post-thumbnail","hentry"],"acf":[],"yoast_head":"<!-- This site is optimized with the Yoast SEO plugin v27.3 - https:\/\/yoast.com\/product\/yoast-seo-wordpress\/ -->\n<title>Regardez AVK tout donner - \u00c9quipe Canada | Site officiel de l&#039;\u00e9quipe olympique<\/title>\n<meta name=\"robots\" content=\"index, follow, max-snippet:-1, max-image-preview:large, max-video-preview:-1\" \/>\n<link rel=\"canonical\" href=\"https:\/\/develop.olympic.ca\/olympique\/videos\/regardez-adam-van-koeverden-tout-donner\/\" \/>\n<meta property=\"og:locale\" content=\"fr_FR\" \/>\n<meta property=\"og:type\" content=\"article\" \/>\n<meta property=\"og:title\" content=\"Regardez AVK tout donner - \u00c9quipe Canada | Site officiel de l&#039;\u00e9quipe olympique\" \/>\n<meta property=\"og:description\" content=\"Adam van Koeverden est un des athl\u00e8tes canadiens les plus d\u00e9cor\u00e9s. Il a remport\u00e9 une m\u00e9daille d\u2019or aux Jeux olympiques...\" \/>\n<meta property=\"og:url\" content=\"https:\/\/develop.olympic.ca\/olympique\/videos\/regardez-adam-van-koeverden-tout-donner\/\" \/>\n<meta property=\"og:site_name\" content=\"\u00c9quipe Canada | Site officiel de l&#039;\u00e9quipe olympique\" \/>\n<meta property=\"og:image\" content=\"https:\/\/develop.olympic.ca\/olympique\/wp-content\/uploads\/sites\/2\/2012\/05\/vankoeverden_adam-moviestill617.jpg?quality=100\" \/>\n\t<meta property=\"og:image:width\" content=\"1080\" \/>\n\t<meta property=\"og:image:height\" content=\"570\" \/>\n\t<meta property=\"og:image:type\" content=\"image\/jpeg\" \/>\n<meta name=\"twitter:card\" content=\"summary_large_image\" \/>\n<meta name=\"twitter:label1\" content=\"Written by\" \/>\n\t<meta name=\"twitter:data1\" content=\"Mark Nadolny\" \/>\n<script type=\"application\/ld+json\" class=\"yoast-schema-graph\">{\"@context\":\"https:\\\/\\\/schema.org\",\"@graph\":[{\"@type\":\"WebPage\",\"@id\":\"https:\\\/\\\/develop.olympic.ca\\\/olympique\\\/videos\\\/regardez-adam-van-koeverden-tout-donner\\\/\",\"url\":\"https:\\\/\\\/develop.olympic.ca\\\/olympique\\\/videos\\\/regardez-adam-van-koeverden-tout-donner\\\/\",\"name\":\"Regardez AVK tout donner - \u00c9quipe Canada | Site officiel de l&#039;\u00e9quipe olympique\",\"isPartOf\":{\"@id\":\"https:\\\/\\\/develop.olympic.ca\\\/olympique\\\/#website\"},\"primaryImageOfPage\":{\"@id\":\"https:\\\/\\\/develop.olympic.ca\\\/olympique\\\/videos\\\/regardez-adam-van-koeverden-tout-donner\\\/#primaryimage\"},\"image\":{\"@id\":\"https:\\\/\\\/develop.olympic.ca\\\/olympique\\\/videos\\\/regardez-adam-van-koeverden-tout-donner\\\/#primaryimage\"},\"thumbnailUrl\":\"https:\\\/\\\/develop.olympic.ca\\\/olympique\\\/wp-content\\\/uploads\\\/sites\\\/2\\\/2012\\\/05\\\/vankoeverden_adam-moviestill617.jpg?quality=100\",\"datePublished\":\"2012-05-06T20:35:35+00:00\",\"breadcrumb\":{\"@id\":\"https:\\\/\\\/develop.olympic.ca\\\/olympique\\\/videos\\\/regardez-adam-van-koeverden-tout-donner\\\/#breadcrumb\"},\"inLanguage\":\"fr-FR\",\"potentialAction\":[{\"@type\":\"ReadAction\",\"target\":[\"https:\\\/\\\/develop.olympic.ca\\\/olympique\\\/videos\\\/regardez-adam-van-koeverden-tout-donner\\\/\"]}]},{\"@type\":\"ImageObject\",\"inLanguage\":\"fr-FR\",\"@id\":\"https:\\\/\\\/develop.olympic.ca\\\/olympique\\\/videos\\\/regardez-adam-van-koeverden-tout-donner\\\/#primaryimage\",\"url\":\"https:\\\/\\\/develop.olympic.ca\\\/olympique\\\/wp-content\\\/uploads\\\/sites\\\/2\\\/2012\\\/05\\\/vankoeverden_adam-moviestill617.jpg?quality=100\",\"contentUrl\":\"https:\\\/\\\/develop.olympic.ca\\\/olympique\\\/wp-content\\\/uploads\\\/sites\\\/2\\\/2012\\\/05\\\/vankoeverden_adam-moviestill617.jpg?quality=100\",\"width\":1080,\"height\":570},{\"@type\":\"BreadcrumbList\",\"@id\":\"https:\\\/\\\/develop.olympic.ca\\\/olympique\\\/videos\\\/regardez-adam-van-koeverden-tout-donner\\\/#breadcrumb\",\"itemListElement\":[{\"@type\":\"ListItem\",\"position\":1,\"name\":\"Vid\u00e9o\",\"item\":\"https:\\\/\\\/develop.olympic.ca\\\/olympique\\\/videos\\\/\"},{\"@type\":\"ListItem\",\"position\":2,\"name\":\"Regardez AVK tout donner\"}]},{\"@type\":\"WebSite\",\"@id\":\"https:\\\/\\\/develop.olympic.ca\\\/olympique\\\/#website\",\"url\":\"https:\\\/\\\/develop.olympic.ca\\\/olympique\\\/\",\"name\":\"\u00c9quipe Canada | Site officiel de l&#039;\u00e9quipe olympique\",\"description\":\"Votre source pour l\u2019\u00c9quipe olympique canadienne. Retrouvez les r\u00e9cits, vid\u00e9os et photos des athl\u00e8tes canadiens, sports olympiques, Jeux olympiques de 2020 et bien plus!\",\"potentialAction\":[{\"@type\":\"SearchAction\",\"target\":{\"@type\":\"EntryPoint\",\"urlTemplate\":\"https:\\\/\\\/develop.olympic.ca\\\/olympique\\\/?s={search_term_string}\"},\"query-input\":{\"@type\":\"PropertyValueSpecification\",\"valueRequired\":true,\"valueName\":\"search_term_string\"}}],\"inLanguage\":\"fr-FR\"}]}<\/script>\n<!-- \/ Yoast SEO plugin. -->","yoast_head_json":{"title":"Regardez AVK tout donner - \u00c9quipe Canada | Site officiel de l&#039;\u00e9quipe olympique","robots":{"index":"index","follow":"follow","max-snippet":"max-snippet:-1","max-image-preview":"max-image-preview:large","max-video-preview":"max-video-preview:-1"},"canonical":"https:\/\/develop.olympic.ca\/olympique\/videos\/regardez-adam-van-koeverden-tout-donner\/","og_locale":"fr_FR","og_type":"article","og_title":"Regardez AVK tout donner - \u00c9quipe Canada | Site officiel de l&#039;\u00e9quipe olympique","og_description":"Adam van Koeverden est un des athl\u00e8tes canadiens les plus d\u00e9cor\u00e9s. Il a remport\u00e9 une m\u00e9daille d\u2019or aux Jeux olympiques...","og_url":"https:\/\/develop.olympic.ca\/olympique\/videos\/regardez-adam-van-koeverden-tout-donner\/","og_site_name":"\u00c9quipe Canada | Site officiel de l&#039;\u00e9quipe olympique","og_image":[{"width":1080,"height":570,"url":"https:\/\/develop.olympic.ca\/olympique\/wp-content\/uploads\/sites\/2\/2012\/05\/vankoeverden_adam-moviestill617.jpg?quality=100","type":"image\/jpeg"}],"twitter_card":"summary_large_image","twitter_misc":{"Written by":"Mark Nadolny"},"schema":{"@context":"https:\/\/schema.org","@graph":[{"@type":"WebPage","@id":"https:\/\/develop.olympic.ca\/olympique\/videos\/regardez-adam-van-koeverden-tout-donner\/","url":"https:\/\/develop.olympic.ca\/olympique\/videos\/regardez-adam-van-koeverden-tout-donner\/","name":"Regardez AVK tout donner - \u00c9quipe Canada | Site officiel de l&#039;\u00e9quipe olympique","isPartOf":{"@id":"https:\/\/develop.olympic.ca\/olympique\/#website"},"primaryImageOfPage":{"@id":"https:\/\/develop.olympic.ca\/olympique\/videos\/regardez-adam-van-koeverden-tout-donner\/#primaryimage"},"image":{"@id":"https:\/\/develop.olympic.ca\/olympique\/videos\/regardez-adam-van-koeverden-tout-donner\/#primaryimage"},"thumbnailUrl":"https:\/\/develop.olympic.ca\/olympique\/wp-content\/uploads\/sites\/2\/2012\/05\/vankoeverden_adam-moviestill617.jpg?quality=100","datePublished":"2012-05-06T20:35:35+00:00","breadcrumb":{"@id":"https:\/\/develop.olympic.ca\/olympique\/videos\/regardez-adam-van-koeverden-tout-donner\/#breadcrumb"},"inLanguage":"fr-FR","potentialAction":[{"@type":"ReadAction","target":["https:\/\/develop.olympic.ca\/olympique\/videos\/regardez-adam-van-koeverden-tout-donner\/"]}]},{"@type":"ImageObject","inLanguage":"fr-FR","@id":"https:\/\/develop.olympic.ca\/olympique\/videos\/regardez-adam-van-koeverden-tout-donner\/#primaryimage","url":"https:\/\/develop.olympic.ca\/olympique\/wp-content\/uploads\/sites\/2\/2012\/05\/vankoeverden_adam-moviestill617.jpg?quality=100","contentUrl":"https:\/\/develop.olympic.ca\/olympique\/wp-content\/uploads\/sites\/2\/2012\/05\/vankoeverden_adam-moviestill617.jpg?quality=100","width":1080,"height":570},{"@type":"BreadcrumbList","@id":"https:\/\/develop.olympic.ca\/olympique\/videos\/regardez-adam-van-koeverden-tout-donner\/#breadcrumb","itemListElement":[{"@type":"ListItem","position":1,"name":"Vid\u00e9o","item":"https:\/\/develop.olympic.ca\/olympique\/videos\/"},{"@type":"ListItem","position":2,"name":"Regardez AVK tout donner"}]},{"@type":"WebSite","@id":"https:\/\/develop.olympic.ca\/olympique\/#website","url":"https:\/\/develop.olympic.ca\/olympique\/","name":"\u00c9quipe Canada | Site officiel de l&#039;\u00e9quipe olympique","description":"Votre source pour l\u2019\u00c9quipe olympique canadienne. Retrouvez les r\u00e9cits, vid\u00e9os et photos des athl\u00e8tes canadiens, sports olympiques, Jeux olympiques de 2020 et bien plus!","potentialAction":[{"@type":"SearchAction","target":{"@type":"EntryPoint","urlTemplate":"https:\/\/develop.olympic.ca\/olympique\/?s={search_term_string}"},"query-input":{"@type":"PropertyValueSpecification","valueRequired":true,"valueName":"search_term_string"}}],"inLanguage":"fr-FR"}]}},"featured_image_url":"https:\/\/develop.olympic.ca\/olympique\/wp-content\/uploads\/sites\/2\/2012\/05\/vankoeverden_adam-moviestill617.jpg?quality=100","category_names":[],"tag_names":[],"sport_names":[],"game_names":[],"video_embed_code":"http:\/\/www.youtube.com\/watch?v=W7WAIndzpMI","facebook_video_embed_code":"","jetpack_sharing_enabled":true,"_links":{"self":[{"href":"https:\/\/develop.olympic.ca\/olympique\/wp-json\/wp\/v2\/videos\/30984","targetHints":{"allow":["GET"]}}],"collection":[{"href":"https:\/\/develop.olympic.ca\/olympique\/wp-json\/wp\/v2\/videos"}],"about":[{"href":"https:\/\/develop.olympic.ca\/olympique\/wp-json\/wp\/v2\/types\/videos"}],"wp:featuredmedia":[{"embeddable":true,"href":"https:\/\/develop.olympic.ca\/olympique\/wp-json\/wp\/v2\/media\/30985"}],"wp:attachment":[{"href":"https:\/\/develop.olympic.ca\/olympique\/wp-json\/wp\/v2\/media?parent=30984"}],"wp:term":[{"taxonomy":"category","embeddable":true,"href":"https:\/\/develop.olympic.ca\/olympique\/wp-json\/wp\/v2\/categories?post=30984"},{"taxonomy":"post_tag","embeddable":true,"href":"https:\/\/develop.olympic.ca\/olympique\/wp-json\/wp\/v2\/tags?post=30984"},{"taxonomy":"sport","embeddable":true,"href":"https:\/\/develop.olympic.ca\/olympique\/wp-json\/wp\/v2\/sport?post=30984"},{"taxonomy":"game","embeddable":true,"href":"https:\/\/develop.olympic.ca\/olympique\/wp-json\/wp\/v2\/game?post=30984"}],"curies":[{"name":"wp","href":"https:\/\/api.w.org\/{rel}","templated":true}]}}